{"id":23072,"date":"2020-04-04T18:53:21","date_gmt":"2021-08-02T19:16:56","guid":{"rendered":"https:\/\/www.versiegelung24.com\/produkt\/zulove-tesneni-v-profesionalni-kvalite"},"modified":"2025-01-03T23:53:13","modified_gmt":"2025-01-03T22:53:13","slug":"zulove-tesneni-v-profesionalni-kvalite","status":"publish","type":"product","link":"https:\/\/www.versiegelung24.com\/cs\/zulove-tesneni-v-profesionalni-kvalite.html","title":{"rendered":"T\u011bsn\u011bn\u00ed \u017euly s dlouhodob\u00fdm a hlubok\u00fdm \u00fa\u010dinkem &#8211; pr\u00e9miov\u00e1 kvalita"},"content":{"rendered":"\n<h2 class=\"wp-block-heading\" id=\"granitversiegelung-premium-qualitat\">\u017dulov\u00e9 t\u011bsn\u011bn\u00ed &#8211; prvot\u0159\u00eddn\u00ed kvalita<\/h2>\n\n<h2 class=\"wp-block-heading\" id=\"pflege-und-reinigung-von-granit\">\u00dadr\u017eba a \u010di\u0161t\u011bn\u00ed \u017euly<\/h2>\n\n<p>I kdy\u017e je \u017eulov\u00fd st\u016fl nebo podlaha \u010di d\u0159ez z tohoto kamene p\u0159irozen\u011b pova\u017eov\u00e1n za robustn\u00ed, i tento p\u0159\u00edrodn\u00ed k\u00e1men pot\u0159ebuje pravidelnou \u00fadr\u017ebu \u2013 v\u017edy\u0165 by m\u011bl vypadat trvale kr\u00e1sn\u011b a leskle. Drah\u00e1 a u\u0161lechtil\u00e1 \u017eula, kter\u00e1 se dlouhodob\u011b opot\u0159ebov\u00e1v\u00e1, a t\u00edm se st\u00e1v\u00e1 matnou a nevzhlednou, \u010dasto vy\u017eaduje nov\u00fd \u0159ez a t\u011bsn\u011bn\u00ed. Pravideln\u00e9 st\u00edr\u00e1n\u00ed speci\u00e1ln\u00edmi \u010distic\u00edmi prost\u0159edky zachov\u00e1 a trvale zlep\u0161\u00ed p\u0159irozenou kr\u00e1su \u017euly. Z d\u016fvodu \u00fadr\u017eby lze podlahu pot\u0159\u00edt \u010dpavkem a pot\u00e9 podlahov\u00fdm voskem. Venku mohou siln\u00e9 alk\u00e1lie (nap\u0159. Pr\u00e1\u0161ek a poutka do my\u010dky) d\u011blat z\u00e1zraky s lehk\u00fdm zne\u010di\u0161t\u011bn\u00edm od prachu a mechu. Vlhk\u00e1 s\u016fl m\u016f\u017ee pomoci s \u010derstv\u00fdmi skvrnami. Mnohem obt\u00ed\u017en\u011bj\u0161\u00ed je odstranit mastn\u00e9 skvrny voskem nebo olejem. V tomto p\u0159\u00edpad\u011b se osv\u011bd\u010dily pr\u00e1\u0161ky absorbuj\u00edc\u00ed vlhkost nebo speci\u00e1ln\u00ed pasty. M\u011bly by jednat podle pokyn\u016f v\u00fdrobce, set\u0159\u00edt je a n\u011bkolikr\u00e1t opakovat. Zde lze pou\u017e\u00edt n\u00e1\u0161 koncentr\u00e1t \u010distic\u00edch prost\u0159edk\u016f <a href=\"https:\/\/www.versiegelung24.com\/biosativa-bio-putzmittel.html\">BIOSATIVA\u00ae<\/a> . To je vhodn\u00e9, proto\u017ee je zcela biologicky odbourateln\u00e9. Nedoch\u00e1z\u00ed ke ztr\u00e1t\u011b \u010distic\u00ed schopnosti.<\/p>\n\n<div class=\"wp-block-columns is-layout-flex wp-container-core-columns-is-layout-9d6595d7 wp-block-columns-is-layout-flex\">\n<div class=\"wp-block-column is-layout-flow wp-block-column-is-layout-flow\">\n<h2 class=\"wp-block-heading\" id=\"definition-und-zusammensetzung\">Definice a slo\u017een\u00ed<\/h2>\n\n\n\n<p>\u017duly jsou vyv\u0159el\u00e9 horniny, kter\u00e9 se tvo\u0159\u00ed z roztaven\u00e9 horniny. Mohutn\u00e1 a pom\u011brn\u011b hrub\u011b krystalick\u00e1 vyv\u0159el\u00e1 hornina je bohat\u00e1 na \u017eivce, k\u0159emen a tmav\u00e9 miner\u00e1ly, jako je sl\u00edda. \u017dula vznik\u00e1 tuhnut\u00edm magmatu (taveniny hornin) v zemsk\u00e9 k\u016f\u0159e, v\u011bt\u0161inou v hloubk\u00e1ch v\u00edce ne\u017e dva kilometry pod zemsk\u00fdm povrchem. Z tohoto d\u016fvodu je \u017eula jedn\u00edm z hlubok\u00fdch kamen\u016f. Po\u017eadovan\u00fd obsah k\u0159emene lehk\u00fdch miner\u00e1l\u016f pro \u017eulu mus\u00ed b\u00fdt nejm\u00e9n\u011b 20 procent a\u017e maxim\u00e1ln\u011b 60 procent. Ve v\u011bt\u0161in\u011b p\u0159\u00edpad\u016f jsou \u017euly sv\u011btl\u00e9 horniny. Krom\u011b b\u00edl\u00e9, na\u010dervenal\u00e9 nebo na\u017eloutl\u00e9 barvy existuj\u00ed i v\u00edcebarevn\u00e9 varianty &#8211; \u017eula v\u0161ak nikdy nen\u00ed \u00fapln\u011b \u010dern\u00e1. To je p\u0159esn\u011b to, kde se \u017eula li\u0161\u00ed od gabra nebo \u010dedi\u010de, zejm\u00e9na proto, \u017ee neobsahuj\u00ed \u017e\u00e1dn\u00fd k\u0159emen. Tento aspekt by m\u011bl b\u00fdt vzat v \u00favahu p\u0159i obchodov\u00e1n\u00ed s p\u0159\u00edrodn\u00edm kamenem, proto\u017ee tyto kameny nemaj\u00ed nic spole\u010dn\u00e9ho se \u017eulou a \u010dasto jsou m\u00e9n\u011b robustn\u00ed.<\/p>\n<\/div>\n\n\n\n<div class=\"wp-block-column is-layout-flow wp-block-column-is-layout-flow\">\n<h2 class=\"wp-block-heading\" id=\"eigenschaften-und-klassifizierung\">Vlastnosti a klasifikace<\/h2>\n\n\n\n<p>Jednou z velk\u00fdch v\u00fdhod \u017euly je jej\u00ed robustnost. Ne nadarmo se ust\u00e1lily v\u00fdrazy jako \u201etvrd\u00fd jako \u017eula\u201c nebo \u201ekousnut\u00ed na \u017eulu\u201c, odkazuj\u00edc\u00ed na odolnost sk\u00e1ly. \u017duly mohou vypadat velmi odli\u0161n\u011b i p\u0159i stejn\u00e9m chemick\u00e9m slo\u017een\u00ed. Barva miner\u00e1l\u016f a jejich velikost zrn jsou zodpov\u011bdn\u00e9 hlavn\u011b za \u010detn\u00e9 r\u016fzn\u00e9 varianty. \u017dula je obecn\u011b st\u0159edn\u011b a\u017e hrubozrnn\u00e1. M\u00e1 relativn\u011b jednotn\u00fd vzhled, kter\u00fd vypl\u00fdv\u00e1 z homogenn\u00ed distribuce nerost\u016f s v\u011bt\u0161inou sm\u011brovou strukturou. Jeho struktura se vyzna\u010duje p\u0159\u00edmou asociac\u00ed zrn, p\u0159i\u010dem\u017e velikost krystal\u016f obvykle kol\u00eds\u00e1 mezi jedn\u00edm a n\u011bkolika centimetry. Krom\u011b granit\u016f stejn\u00e9 velikosti, ve kter\u00fdch jsou t\u00e9m\u011b\u0159 v\u0161echny krystaly stejn\u00e9 velikosti, nen\u00ed neobvykl\u00e9, \u017ee se vyskytuj\u00ed granity nepravideln\u00e9ho zrna nebo porf\u00fdru. V tomto p\u0159\u00edpad\u011b jsou jednotliv\u00e9 krystaly &#8211; v\u011bt\u0161inou takzvan\u00e9 \u017eivce &#8211; n\u011bkolikr\u00e1t v\u011bt\u0161\u00ed ne\u017e ostatn\u00ed miner\u00e1ly.<\/p>\n<\/div>\n<\/div>\n\n<p>Na\u0161e \u017eulov\u00e9 t\u011bsn\u011bn\u00ed d\u00edky sv\u00e9mu hloubkov\u00e9mu \u00fa\u010dinku dosahuje jedine\u010dn\u00e9ho dlouhodob\u00e9ho \u00fa\u010dinku, d\u00edky kter\u00e9mu k\u00e1men vypad\u00e1 dlouhodob\u011b dob\u0159e a \u00fa\u010dinn\u011b a trvale chr\u00e1n\u00ed p\u0159ed v\u0161emi vn\u011bj\u0161\u00edmi vlivy. D\u00edky lotosov\u00e9mu efektu se voda v budoucnu jednodu\u0161e st\u00e1hne z povrchu.<\/p>\n\n<hr\/>\n\n<h2 class=\"wp-block-heading\" id=\"video\">Video k produktu: T\u011bsn\u011bn\u00ed \u017eulov\u00fdch desek uvnit\u0159 i venku<\/h2>\n\n<figure class=\"wp-block-embed aligncenter is-type-video is-provider-youtube wp-block-embed-youtube wp-embed-aspect-16-9 wp-has-aspect-ratio\"><div class=\"wp-block-embed__wrapper\"> \n<div class=\"nv-iframe-embed\"><iframe title=\"Granitversiegelung Innenbereich &amp; Au\u00dfenbereich\" width=\"1200\" height=\"675\" src=\"https:\/\/www.youtube.com\/embed\/UOoe5R-2wXw?feature=oembed\" frameborder=\"0\" allow=\"accelerometer; autoplay; clipboard-write; encrypted-media; gyroscope; picture-in-picture\" allowfullscreen><\/iframe><\/div>\n <\/div><\/figure>\n\n<h4 class=\"wp-block-heading\" id=\"properties\">Vlastnosti produktu<\/h4>\n\n<div class=\"wp-block-columns is-layout-flex wp-container-core-columns-is-layout-9d6595d7 wp-block-columns-is-layout-flex\">\n<div class=\"wp-block-column is-layout-flow wp-block-column-is-layout-flow\">\n<p><strong>Vysoce \u00fa\u010dinn\u00fd profesion\u00e1ln\u00ed \u017eulov\u00fd tmel s hloubkov\u00fdm efektem a vodoodpudiv\u00fdm lotosov\u00fdm efektem<\/strong><\/p>\n\n\n\n<p><br\/>\u010c\u00edslo polo\u017eky: 3005-7620 Nov\u00e1 verze s vylep\u0161en\u00fdm \u00fa\u010dinkem proti tuku a \u010derven\u00e9mu v\u00ednu (d\u0159\u00edve \u010d\u00edslo polo\u017eky 3005-620)<\/p>\n\n\n\n<p>Vysok\u00e1 kvalita Made in Germany<\/p>\n\n\n\n<p><strong>bezpe\u010dnost produktu<\/strong><\/p>\n\n\n\n<p>Informace o klasifikaci produktu v r\u00e1mci Na\u0159\u00edzen\u00ed o nebezpe\u010dn\u00fdch l\u00e1tk\u00e1ch, bezpe\u010dnostn\u00ed \u00fadaje a \u00fadaje o toxikologii a skladov\u00e1n\u00ed naleznete v na\u0161em bezpe\u010dnostn\u00edm listu.<\/p>\n\n\n\n<p><strong>\u00falo\u017en\u00fd prostor<\/strong><\/p>\n\n\n\n<p><strong>V24 \u017eulov\u00e9 t\u011bsn\u011bn\u00ed<\/strong> nesm\u00ed p\u0159ij\u00edt do styku s vlhkost\u00ed. Skladov\u00e1n\u00ed by m\u011blo prob\u00edhat p\u0159i teplot\u00e1ch mezi -10 \u00b0 C a +40 \u00b0 C.<\/p>\n\n\n\n<p><strong>V24 \u017eulov\u00e9 t\u011bsn\u011bn\u00ed<\/strong> m\u00e1 neomezenou trvanlivost v origin\u00e1ln\u00edm uzav\u0159en\u00e9m obalu.<\/p>\n\n\n\n<p><\/p>\n\n\n\n<p><strong>Rozsah dod\u00e1vky:<\/strong><\/p>\n\n\n\n<p><br\/>1 x litrov\u00e1 l\u00e1hev 1 x rozpra\u0161ovac\u00ed hlavice s pumpi\u010dkou<br\/><\/p>\n<\/div>\n\n\n\n<div class=\"wp-block-column is-layout-flow wp-block-column-is-layout-flow\">\n<p>\u2713 \u00da\u010dinn\u00e1 trval\u00e1 ochrana povrchu p\u0159ed vodou, \u0161p\u00ednou a pov\u011btrnostn\u00edmi vlivy<\/p>\n\n\n\n<p>\u2713 zabra\u0148uje r\u016fstu mech\u016f, li\u0161ejn\u00edk\u016f, hub a dal\u0161\u00edch p\u0159\u00edrodn\u00edch vliv\u016f<\/p>\n\n\n\n<p>\u2713 \u017e\u00e1dn\u00e1 zm\u011bna vzhledu a dojmu povrchu (absolutn\u011b neviditeln\u00fd)<\/p>\n\n\n\n<p>\u2713 extr\u00e9mn\u00ed odolnost proti od\u011bru d\u00edky silikonov\u00fdm slou\u010denin\u00e1m s dlouh\u00fdm \u0159et\u011bzcem (SiO\u00b2)<\/p>\n\n\n\n<p>\u2713 Dlouhotrvaj\u00edc\u00ed efekt hloubky d\u00edky vysok\u00e9 hloubce penetrace a\u017e 25 mm (v z\u00e1vislosti na savosti kamene)<\/p>\n\n\n\n<p>\u2713 Povrch z\u016fst\u00e1v\u00e1 prody\u0161n\u00fd (otev\u0159en\u00fd dif\u00fazi), tak\u017ee zde nen\u00ed \u017e\u00e1dn\u00e1 bari\u00e9rov\u00e1 vrstva ani \u017e\u00e1dn\u00e9 prom\u00e1\u010den\u00ed<\/p>\n\n\n\n<p>\u2713 absolutn\u011b mrazuvzdorn\u00fd (led a sn\u00edh nezp\u016fsobuj\u00ed \u017e\u00e1dn\u00e9 \u0161kody)<\/p>\n\n\n\n<p>\u2713 UV stabiln\u00ed<\/p>\n\n\n\n<p>\u2713 Efekt snadn\u00e9ho \u010di\u0161t\u011bn\u00ed: ne\u010distoty nep\u0159ilnou a lze je snadno odstranit<\/p>\n\n\n\n<p>\u2713 Spr\u00e1vn\u011b aplikovan\u00fd tmel vydr\u017e\u00ed mnoho let, proto\u017ee vytv\u00e1\u0159\u00ed kovalentn\u00ed (trvalou) vazbu s povrchem.<\/p>\n\n\n\n<p>\u2713 Doporu\u010den\u00e1 aplika\u010dn\u00ed teplota +5 a\u017e +25\u00b0C<\/p>\n<\/div>\n<\/div>\n\n<hr\/>\n\n<h4 class=\"wp-block-heading\" id=\"application\">Aplikace<\/h4>\n\n<div class=\"wp-block-columns is-layout-flex wp-container-core-columns-is-layout-9d6595d7 wp-block-columns-is-layout-flex\">\n<div class=\"wp-block-column is-layout-flow wp-block-column-is-layout-flow\">\n<ul class=\"wp-block-list\">\n<li><strong>V24 \u017eulov\u00e9 t\u011bsn\u011bn\u00ed<\/strong> dod\u00e1v\u00e1 se p\u0159ipraven\u00fd k pou\u017eit\u00ed a nan\u00e1\u0161\u00ed se ne\u0159ed\u011bn\u00fd na p\u0159edem o\u010di\u0161t\u011bn\u00fd a vysu\u0161en\u00fd povrch.<\/li>\n<\/ul>\n\n\n\n<ul class=\"wp-block-list\">\n<li>V\u0161echny povrchy, kter\u00e9 maj\u00ed b\u00fdt o\u0161et\u0159eny, mus\u00ed b\u00fdt such\u00e9 a dob\u0159e vy\u010di\u0161t\u011bn\u00e9, proto\u017ee jedin\u011b tak lze zajistit hlubok\u00fd pr\u016fnik tmelu, kter\u00fd m\u00e1 optim\u00e1ln\u00ed dlouhodob\u00fd a hlubok\u00fd \u00fa\u010dinek.<\/li>\n<\/ul>\n\n\n\n<ul class=\"wp-block-list\">\n<li>Po aplikaci se<strong> T\u011bsn\u011bn\u00ed z p\u0159\u00edrodn\u00edho kamene V24<\/strong> z\u016fstat v kontaktu s povrchem jako film kapaliny po dobu n\u011bkolika sekund.<\/li>\n<\/ul>\n\n\n\n<ul class=\"wp-block-list\">\n<li>Povlak je zcela zes\u00ed\u0165ov\u00e1n a vytvrzen po 24 hodin\u00e1ch.<\/li>\n<\/ul>\n\n\n\n<p><\/p>\n<\/div>\n\n\n\n<div class=\"wp-block-column is-layout-flow wp-block-column-is-layout-flow\">\n<p>Podrobn\u00fd popis aplikace naleznete v na\u0161em datov\u00e9m listu<\/p>\n\n\n\n<p>Vhodn\u00fd pro v\u0161echny miner\u00e1ln\u00ed, sav\u00e9 povrchy \u017euly s otev\u0159en\u00fdmi p\u00f3ry uvnit\u0159 i venku. Spot\u0159eba p\u0159ibli\u017en\u011b 40-70m\u00b2 \/ litr.<\/p>\n\n\n\n<p>\u2713 \u017dulov\u00e9 dla\u017edice<\/p>\n\n\n\n<p>\u2713 \u017dulov\u00e9 parapety<\/p>\n\n\n\n<p>\u2713 \u017dulov\u00e9 desky<\/p>\n\n\n\n<p>\u2713 \u017dulov\u00fd d\u0159ez<\/p>\n\n\n\n<p>\u2713 \u017dulov\u00e9 stoly<\/p>\n<\/div>\n<\/div>\n\n<hr\/>\n\n<div class=\"wp-block-columns is-layout-flex wp-container-core-columns-is-layout-9d6595d7 wp-block-columns-is-layout-flex\">\n<div class=\"wp-block-column is-layout-flow wp-block-column-is-layout-flow\" style=\"flex-basis:33.33%\">\n<h2 class=\"wp-block-heading\" id=\"advisor\">Barevn\u00fd st\u016fl pro \u017eulu<\/h2>\n\n\n\n<p>Obsah miner\u00e1l\u016f (%) barvivo<\/p>\n\n\n\n<ul class=\"wp-block-list\">\n<li>Kalifeld- nebo Orthoklasspat 40-60 v\u011bt\u0161inou siln\u00e1 \u010derven\u00e1 \/ na\u010dervenal\u00e1 \/ r\u016f\u017eov\u00e1, jen v\u00fdjime\u010dn\u011b zelen\u00e1 \/ namodral\u00e1<\/li>\n\n\n\n<li>Plagioclase \u017eivec 0-30 v\u011bt\u0161inou b\u00edl\u00fd a\u017e b\u00edlo\u0161ed\u00fd, jen vz\u00e1cn\u011b zbarven\u00fd<\/li>\n\n\n\n<li>K\u0159emen 20-40 v\u011bt\u0161inou bezbarv\u00fd \/ pr\u016fhledn\u00fd, jen v\u00fdjime\u010dn\u011b r\u016f\u017eov\u00fd \/ modro\u0161ed\u00fd \/ \u0161ed\u00fd<\/li>\n\n\n\n<li>Sl\u00edda (biotit) 0-15 d\u00e1v\u00e1 \u010detn\u00fdm granit\u016fm tmav\u00fd kontrast<\/li>\n<\/ul>\n\n\n\n<p>V\u0161echny druhy \u017euly maj\u00ed jedno spole\u010dn\u00e9: jsou tvrd\u0161\u00ed ve srovn\u00e1n\u00ed s jin\u00fdmi b\u011b\u017en\u00fdmi druhy p\u0159\u00edrodn\u00edho kamene. Vzhledem k vysok\u00e9mu obsahu k\u0159emene jsou v\u0161echny druhy \u017euly ide\u00e1ln\u011b vhodn\u00e9 pro kuchy\u0148sk\u00e9 desky, vnit\u0159n\u00ed podlahy a jin\u00e9 le\u0161t\u011bn\u00e9 povrchy, kter\u00e9 mus\u00ed odol\u00e1vat siln\u00e9mu opot\u0159eben\u00ed. Podle toho je \u017eula v\u0161estrann\u00fdm stavebn\u00edm materi\u00e1lem, kter\u00fd nesm\u00edrn\u011b vylep\u0161uje budovu nebo vn\u011bj\u0161\u00ed oblast.<\/p>\n<\/div>\n\n\n\n<div class=\"wp-block-column is-layout-flow wp-block-column-is-layout-flow\" style=\"flex-basis:66.66%\">\n<br\/>\n\n\n\n<figure class=\"wp-block-image size-large\"><img fetchpriority=\"high\" decoding=\"async\" width=\"1300\" height=\"866\" src=\"https:\/\/www.versiegelung24.com\/wp-content\/uploads\/2022\/01\/Content_Granit_1-1300x866.jpg\" alt=\"\" class=\"wp-image-45535\" srcset=\"https:\/\/www.versiegelung24.com\/wp-content\/uploads\/2022\/01\/Content_Granit_1-1300x866.jpg 1300w, https:\/\/www.versiegelung24.com\/wp-content\/uploads\/2022\/01\/Content_Granit_1-scaled-600x400.jpg 600w, https:\/\/www.versiegelung24.com\/wp-content\/uploads\/2022\/01\/Content_Granit_1-300x200.jpg 300w, https:\/\/www.versiegelung24.com\/wp-content\/uploads\/2022\/01\/Content_Granit_1-768x512.jpg 768w, https:\/\/www.versiegelung24.com\/wp-content\/uploads\/2022\/01\/Content_Granit_1-1536x1024.jpg 1536w, https:\/\/www.versiegelung24.com\/wp-content\/uploads\/2022\/01\/Content_Granit_1-2048x1365.jpg 2048w, https:\/\/www.versiegelung24.com\/wp-content\/uploads\/2022\/01\/Content_Granit_1-930x620.jpg 930w\" sizes=\"(max-width: 1300px) 100vw, 1300px\" \/><\/figure>\n<\/div>\n<\/div>\n\n<h2 class=\"wp-block-heading\" id=\"granitversiegelung-nutzen-und-vorgehensweise\">\u017dulov\u00e9 t\u011bsn\u011bn\u00ed &#8211; pou\u017eit\u00ed a postup<\/h2>\n\n<p>Jednou z nich je chr\u00e1nit \u017eulu p\u0159ed matnost\u00ed i opot\u0159eben\u00edm a zabr\u00e1nit trval\u00e9mu zne\u010di\u0161t\u011bn\u00ed<strong> \u017dulov\u00fd tmel<\/strong> nebo.<strong> impregnace<\/strong> Doporu\u010deno ve va\u0161ich \u010dty\u0159ech zdech. \u017dulov\u00e9 t\u011bsn\u011bn\u00ed na vnit\u0159n\u00ed stran\u011b by m\u011blo b\u00fdt provedeno pouze po d\u016fkladn\u00e9m d\u016fkladn\u00e9m o\u010di\u0161t\u011bn\u00ed pomoc\u00ed speci\u00e1ln\u00edch \u010distic\u00edch prost\u0159edk\u016f na such\u00e9 podlaze. V z\u00e1vislosti na odr\u016fd\u011b m\u016f\u017ee proces su\u0161en\u00ed trvat a\u017e osm t\u00fddn\u016f, zejm\u00e9na proto, \u017ee \u017eulov\u00e1 podlaha m\u016f\u017ee absorbovat a ukl\u00e1dat hodn\u011b vlhkosti. P\u0159\u00ed\u010dina spo\u010d\u00edv\u00e1 v jedin\u00e9m slab\u00e9m m\u00edst\u011b p\u0159\u00edrodn\u00edho kamene: v jeho otev\u0159en\u00fdch p\u00f3rech.<\/p>\n\n<p>Tak\u00e9 jeden<strong> Venku \u017eulov\u00e9 t\u011bsn\u011bn\u00ed<\/strong> Kv\u016fli sr\u00e1\u017ek\u00e1m je ale tak\u00e9 \u017e\u00e1douc\u00ed \u0161p\u00edna a mech. P\u0159ed ut\u011bsn\u011bn\u00edm \u017euly by m\u011bly b\u00fdt odstran\u011bny v\u0161echny ne\u010distoty, proto\u017ee pod ochrannou vrstvou by mohly b\u00fdt zachov\u00e1ny ne\u010distoty a mech. Je v\u0161ak t\u0159eba vz\u00edt v \u00favahu citlivost p\u0159\u00edrodn\u00edho kamene na kyseliny, a proto nejsou v\u0161echny \u010distic\u00ed prost\u0159edky stejn\u011b vhodn\u00e9. Ut\u011bsn\u011bn\u00e1 vlhkost by byla ide\u00e1ln\u00ed \u017eivnou p\u016fdou pro bakterie a choroboplodn\u00e9 z\u00e1rodky. Tento efekt lze vylou\u010dit zejm\u00e9na ve venkovn\u00edm prostoru, stejn\u011b jako na stoln\u00edch a kuchy\u0148sk\u00fdch pracovn\u00edch desk\u00e1ch. Ve venkovn\u00edm prostoru nab\u00edz\u00ed dostate\u010dnou ochranu po vy\u010di\u0161t\u011bn\u00ed kryc\u00ed f\u00f3lie. Jakmile je \u017eulov\u00e1 podlaha d\u016fkladn\u011b vy\u010di\u0161t\u011bna a zcela vysu\u0161ena, lze pou\u017e\u00edt tmel. Informace v\u00fdrobce poskytuj\u00ed informace o zpracov\u00e1n\u00ed a mno\u017estv\u00ed. Tmel by m\u011bl b\u00fdt z\u00e1sadn\u011b pou\u017e\u00edv\u00e1n st\u0159\u00eddm\u011b a lze jej rovnom\u011brn\u011b rozet\u0159\u00edt \u0161t\u011btcem. V z\u00e1vislosti na po\u010das\u00ed a produktu m\u016f\u017ee potom granitov\u00fd tmel zaschnout mezi 4 a 24 hodinami. Pokud nejsou pou\u017eity trval\u00e9 tmely, m\u011bl by se tento postup opakovat ka\u017ed\u00e9 dva a\u017e t\u0159i roky.<\/p>\n<div class=\"wp-block-image\">\n<figure class=\"aligncenter size-large is-resized\"><img decoding=\"async\" width=\"1300\" height=\"173\" src=\"https:\/\/www.versiegelung24.com\/wp-content\/uploads\/2022\/02\/Content_Granit_Versiegelung-1300x173.jpg\" alt=\"\" class=\"wp-image-80341\" style=\"width:1500px;height:200px\" srcset=\"https:\/\/www.versiegelung24.com\/wp-content\/uploads\/2022\/02\/Content_Granit_Versiegelung-1300x173.jpg 1300w, https:\/\/www.versiegelung24.com\/wp-content\/uploads\/2022\/02\/Content_Granit_Versiegelung-300x40.jpg 300w, https:\/\/www.versiegelung24.com\/wp-content\/uploads\/2022\/02\/Content_Granit_Versiegelung-768x102.jpg 768w, https:\/\/www.versiegelung24.com\/wp-content\/uploads\/2022\/02\/Content_Granit_Versiegelung-600x80.jpg 600w, https:\/\/www.versiegelung24.com\/wp-content\/uploads\/2022\/02\/Content_Granit_Versiegelung.jpg 1500w\" sizes=\"(max-width: 1300px) 100vw, 1300px\" \/><\/figure>\n<\/div>\n<p><strong>\u017dula v dom\u011b a na zahrad\u011b<\/strong><\/p>\n\n<p>\u017dulu lze pou\u017e\u00edt jak v dom\u011b, tak na zahrad\u011b. Zde je n\u011bkolik podrobn\u00fdch informac\u00ed o \u017eul\u00e1ch.<\/p>\n\n<div class=\"wp-block-columns is-layout-flex wp-container-core-columns-is-layout-9d6595d7 wp-block-columns-is-layout-flex\">\n<div class=\"wp-block-column is-layout-flow wp-block-column-is-layout-flow\">\n<h2 class=\"wp-block-heading\" id=\"granit-waschbecken-asthetisch-und-elegant\">\u017dulov\u00e9 d\u0159ezy &#8211; estetick\u00e9 a elegantn\u00ed<\/h2>\n\n\n\n<p>Elegantn\u00ed, p\u0159\u00edrodn\u00ed, stylov\u00e9, nad\u010dasov\u00e9 &#8211; \u017eulov\u00e9 umyvadlo d\u00e1v\u00e1 koupeln\u011b n\u011bco jist\u00e9ho. Umyvadla jsou jednotliv\u011b vyr\u00e1b\u011bna z bloku \u017euly a povrch je v procesu dokon\u010dov\u00e1n\u00ed le\u0161t\u011bn do vysok\u00e9ho lesku. Umyvadla jsou \u010dasto k dispozici v r\u016fzn\u00fdch barv\u00e1ch kamene, tak\u017ee lze umyvadlo velmi harmonicky integrovat do designu interi\u00e9ru. V z\u00e1vislosti na barv\u011b m\u016f\u017ee r\u016fznorod\u00fd povrch dlouho skr\u00fdvat vodn\u00ed skvrny. Voda v \u017e\u00e1dn\u00e9m p\u0159\u00edpad\u011b nem\u016f\u017ee po\u0161kodit vysoce kvalitn\u00ed \u017eulu d\u00edky sv\u00e9 speci\u00e1ln\u00ed povrchov\u00e9 struktu\u0159e. Pro st\u0159edomo\u0159skou atmosf\u00e9ru jsou k dispozici jak hlubok\u00e1 umyvadla, tak m\u011blk\u00e9 \u017elaby.<\/p>\n<\/div>\n\n\n\n<div class=\"wp-block-column is-layout-flow wp-block-column-is-layout-flow\">\n<h2 class=\"wp-block-heading\" id=\"granittisch-und-granitplatten-unempfindlich-und-stabil\">\u017dulov\u00fd st\u016fl a \u017eulov\u00e9 desky &#8211; necitliv\u00e9 a stabiln\u00ed<\/h2>\n\n\n\n<p>\u017dulov\u00fd st\u016fl se vyzna\u010duje odolnost\u00ed a nad\u010dasovou aurou. S \u017eulov\u00fdm stolem si ka\u017ed\u00fd m\u016f\u017ee p\u0159in\u00e9st dom\u00e1c\u00ed n\u00e1bytek v\u00fdrazn\u00e9 robustnosti a estetiky do sv\u00e9ho domova. M\u016f\u017eete si vybrat z r\u016fzn\u00fdch barevn\u00fdch nuanc\u00ed od sv\u011btl\u00e9 po tmavou, zejm\u00e9na proto, \u017ee \u017e\u00e1dn\u00e9 dva \u017eulov\u00e9 stoly nejsou stejn\u00e9. Vzhledem ke sv\u00e9 klasick\u00e9 eleganci a solidnosti \u017eulov\u00fd st\u016fl lad\u00ed s t\u00e9m\u011b\u0159 ka\u017ed\u00fdm stylem bydlen\u00ed. Povrch je voliteln\u011b le\u0161t\u011bn\u00fd, brou\u0161en\u00fd nebo kart\u00e1\u010dovan\u00fd, co\u017e d\u00e1v\u00e1 kameni sv\u016fj vlastn\u00ed v\u00fdraz. Vzhledem k n\u00edzk\u00fdm n\u00e1rok\u016fm na \u00fadr\u017ebu a vysok\u00e9 odolnosti v\u016f\u010di pov\u011btrnostn\u00edm vliv\u016fm je \u017eulov\u00fd st\u016fl vhodn\u00fd tak\u00e9 jako zahradn\u00ed dopln\u011bk a je pova\u017eov\u00e1n za relativn\u011b nekomplikovan\u00fd a nen\u00e1ro\u010dn\u00fd. St\u00e1le obl\u00edben\u011bj\u0161\u00ed jsou tak\u00e9 desky v kuchyni. Na povrchu \u017eulov\u00e9 desky nez\u016fst\u00e1v\u00e1 nic a ani po mnoha letech pou\u017e\u00edv\u00e1n\u00ed nejsou vid\u011bt prom\u00e1\u010dknut\u00ed ani \u0159ezy.<\/p>\n<\/div>\n<\/div>\n\n<h2 class=\"wp-block-heading\" id=\"granit-fensterbank-schlichte-eleganz-und-haltbarkeit\">\u017dulov\u00fd parapet &#8211; jednoduch\u00e1 elegance a odolnost<\/h2>\n\n<p>\u017dulov\u00e9 parapety jsou tak\u00e9 sou\u010d\u00e1st\u00ed reperto\u00e1ru, stejn\u011b jako marnosti a \u017eulov\u00e9 desky. Poskytuj\u00ed atraktivn\u00ed designov\u00e9 akcenty a jsou pova\u017eov\u00e1ny za zvl\u00e1\u0161t\u011b odoln\u00e9 proti n\u00e1razu. \u017dulov\u00fd parapet je tak\u00e9 dobr\u00fdm prezenta\u010dn\u00edm povrchem pro rostliny a p\u0159edm\u011bty a lze jej dob\u0159e sladit s barvou st\u011bny nebo fas\u00e1dou. \u017dulov\u00fd okenn\u00ed parapet je nav\u00edc odoln\u00fd v\u016f\u010di pov\u011btrnostn\u00edm vliv\u016fm, mrazuvzdorn\u00fd, snadno o\u0161et\u0159ovateln\u00fd, za de\u0161t\u011b n\u00edzkohlu\u010dn\u00fd a p\u0159i vystaven\u00ed slune\u010dn\u00edmu z\u00e1\u0159en\u00ed nepodl\u00e9h\u00e1 \u017e\u00e1dn\u00e9 deformaci. Okenn\u00ed parapet je k dispozici tak\u00e9 v r\u016fzn\u00fdch rozm\u011brech a je stejn\u011b vhodn\u00fd pro vnit\u0159n\u00ed i vn\u011bj\u0161\u00ed pou\u017eit\u00ed.<\/p>\n\n<h2 class=\"wp-block-heading\" id=\"granitfliesen-fur-ein-stilvolles-ambiente\">\u017dulov\u00e9 dla\u017edice pro stylov\u00e9 prost\u0159ed\u00ed<\/h2>\n\n<p>\u017dulov\u00e9 dla\u017edice harmonicky zapadaj\u00ed do atmosf\u00e9ry. Jejich dlouhov\u011bkost se za ta l\u00e9ta rychle vyplat\u00ed. \u017dulov\u00e9 dla\u017edice jsou koneckonc\u016f v\u011bt\u0161inou mrazuvzdorn\u00e9 a vhodn\u00e9 do exteri\u00e9ru i interi\u00e9ru. D\u00edky vodot\u011bsn\u00e9mu povrchu a h\u0159ejiv\u00e9mu pocitu jsou \u017eulov\u00e9 dla\u017edice ide\u00e1ln\u00ed tak\u00e9 do chodeb, kuchyn\u00ed a koupelen. Barevn\u00e9 spektrum je obrovsk\u00e9 a pohybuje se od tmav\u011b \u010derven\u00e9 po modrou a b\u00edlo\u0161edou. \u017dulov\u00e9 dla\u017edice dodaj\u00ed ka\u017ed\u00e9 m\u00edstnosti ten spr\u00e1vn\u00fd vzhled a u\u0161lechtil\u00fd lesk.<\/p>\n\n<h4 class=\"wp-block-heading\" id=\"faq\">\u010cASTO KLADEN\u00c9 DOTAZY<\/h4>\n\n<div class=\"wp-block-columns is-layout-flex wp-container-core-columns-is-layout-9d6595d7 wp-block-columns-is-layout-flex\">\n<div class=\"wp-block-column is-layout-flow wp-block-column-is-layout-flow\" style=\"flex-basis:100%\">\n<div class=\"schema-faq wp-block-yoast-faq-block\"><div class=\"schema-faq-section\" id=\"faq-question-1723129133239\"><strong class=\"schema-faq-question\">Pro\u010d nem\u00e1 ut\u011bsn\u011bn\u00ed optim\u00e1ln\u00ed \u00fa\u010dinek \/ Pro\u010d nem\u00e1 \u017e\u00e1dn\u00fd \u00fa\u010dinek?\n\/ Pro\u010d nem\u00e1 dlouhodob\u00fd \u00fa\u010dinek? <\/strong> <p class=\"schema-faq-answer\"><br>1. \u00da\u010dinnost tmelu m\u016f\u017ee b\u00fdt naru\u0161ena, pokud se b\u011bhem f\u00e1ze nan\u00e1\u0161en\u00ed nebo schnut\u00ed (cca 24 hodin) objev\u00ed vlhkost (nap\u0159. d\u00e9\u0161\u0165 nebo vzl\u00ednaj\u00edc\u00ed vlhkost z podlahy). 2. Probl\u00e9my m\u016f\u017ee zp\u016fsobit i p\u0159edb\u011b\u017en\u00e9 \u010di\u0161t\u011bn\u00ed, kter\u00e9 nen\u00ed zcela beze zbytku provedeno.\n<br>Je nezbytn\u00e9, aby byly \u010distic\u00ed prost\u0159edky na k\u00e1men nebo jin\u00e9 p\u0159ed\u010dist\u00edc\u00ed prost\u0159edky zcela odstran\u011bny. 3. Jak\u00e9koli p\u0159ed\u010di\u0161t\u011bn\u00ed m\u016f\u017ee zabr\u00e1nit optim\u00e1ln\u00edmu vst\u0159eb\u00e1n\u00ed a usazen\u00ed tmelu, co\u017e m\u016f\u017ee v\u00e9st ke sn\u00ed\u017een\u00e9mu nebo nedlouhotrvaj\u00edc\u00edmu \u00fa\u010dinku. <\/p> <\/div> <div class=\"schema-faq-section\" id=\"faq-question-1723129206298\"><strong class=\"schema-faq-question\">Mohu kameny \u010distit vysokotlak\u00fdm \u010disti\u010dem?<\/strong> <p class=\"schema-faq-answer\"><br>D<strong>oporu\u010den\u00ed:<\/strong> 1. Obecn\u011b nedoporu\u010dujeme pou\u017e\u00edvat tlakovou my\u010dku na \u010di\u0161t\u011bn\u00ed kamenn\u00fdch a betonov\u00fdch desek.\n<br>Siln\u00fd abrazivn\u00ed \u00fa\u010dinek po\u0161kozuje povrchy a zvy\u0161uje jejich n\u00e1chylnost k op\u011btovn\u00e9mu zne\u010di\u0161t\u011bn\u00ed a r\u016fstu \u0159as. 2. Abrazivn\u00ed \u00fa\u010dinek tlakov\u00e9 my\u010dky m\u016f\u017ee odstranit vrchn\u00ed vrstvu tmelu, i kdy\u017e hydrofobicita v hlub\u0161\u00edch vrstv\u00e1ch z\u016fstane neporu\u0161en\u00e1. <\/p> <\/div> <div class=\"schema-faq-section\" id=\"faq-question-1723188404369\"><strong class=\"schema-faq-question\">Pro\u010d m\u016fj tmel nevydr\u017e\u00ed tak dlouho, jak jsem o\u010dek\u00e1val?<\/strong> <p class=\"schema-faq-answer\">Trvanlivost tmelu m\u016f\u017ee b\u00fdt ovlivn\u011bna r\u016fzn\u00fdmi faktory.\nP\u0159\u00edpadn\u00e9 probl\u00e9my p\u0159i aplikaci, jako je vystaven\u00ed vlhkosti b\u011bhem f\u00e1ze schnut\u00ed nebo nedostate\u010dn\u00e9 p\u0159edb\u011b\u017en\u00e9 \u010di\u0161t\u011bn\u00ed, mohou zhor\u0161it optim\u00e1ln\u00ed \u00fa\u010dinek.\nKrom\u011b toho m\u016f\u017ee intenzivn\u00ed pou\u017e\u00edv\u00e1n\u00ed povrchu zkr\u00e1tit \u017eivotnost tmelu.\nJe v\u0161ak mo\u017en\u00e9, \u017ee hloubkov\u00fd efekt je st\u00e1le p\u0159\u00edtomen v podkladov\u00fdch vrstv\u00e1ch.   <\/p> <\/div> <div class=\"schema-faq-section\" id=\"faq-question-1723188391712\"><strong class=\"schema-faq-question\">Pro\u010d nedoch\u00e1z\u00ed k po\u017eadovan\u00e9mu efektu perli\u010dek?<\/strong> <p class=\"schema-faq-answer\">Nedostate\u010dn\u00fd efekt perli\u010dek m\u016f\u017ee b\u00fdt zp\u016fsoben probl\u00e9my s aplikac\u00ed t\u011bsnic\u00edho materi\u00e1lu.\nVlhkost p\u0159i aplikaci nebo ne\u00fapln\u011b odstran\u011bn\u00e9 p\u0159ed\u010di\u0161t\u011bn\u00ed mohou zhor\u0161it \u00fa\u010dinek a zabr\u00e1nit optim\u00e1ln\u00edmu vst\u0159eb\u00e1n\u00ed a vytvrzen\u00ed tmelu. <\/p> <\/div> <\/div>\n<\/div>\n<\/div>\n","protected":false},"excerpt":{"rendered":"<p><strong>Vysoce \u00fa\u010dinn\u00e9 \u017eulov\u00e9 t\u011bsn\u011bn\u00ed pro vnit\u0159n\u00ed i venkovn\u00ed pou\u017eit\u00ed:<\/strong><\/p>\n<p>\u2713 Vhodn\u00e9 pro v\u0161echny miner\u00e1ln\u00ed sav\u00e9 \u017eulov\u00e9 povrchy<\/p>\n<p>\u2713 Efekt snadn\u00e9ho \u010di\u0161t\u011bn\u00ed: ne\u010distoty nep\u0159ilnou a lze je snadno odstranit<\/p>\n<p>\u2713 Absolutn\u011b neviditeln\u00e9: nezm\u011bn\u011bn\u00fd vzhled a dojem z povrchu<\/p>\n<p>\u2713 Povrch z\u016fst\u00e1v\u00e1 prody\u0161n\u00fd<\/p>\n<p>\u2713 Dlouhotrvaj\u00edc\u00ed hloubkov\u00fd efekt po mnoho let<\/p>\n<p>\u2713 Vodoodpudiv\u00fd efekt lotosov\u00fdch perel<\/p>\n","protected":false},"featured_media":17993,"template":"","meta":{"_acf_changed":false,"neve_meta_sidebar":"","neve_meta_container":"","neve_meta_enable_content_width":"","neve_meta_content_width":0,"neve_meta_title_alignment":"","neve_meta_author_avatar":"","neve_post_elements_order":"","neve_meta_disable_header":"","neve_meta_disable_footer":"","neve_meta_disable_title":"","neve_meta_reading_time":"","_surfaces":[],"_ver_product_tabs":[],"footnotes":""},"product_brand":[],"product_cat":[2313],"product_tag":[],"class_list":{"0":"post-23072","1":"product","2":"type-product","3":"status-publish","4":"has-post-thumbnail","6":"product_cat-tesneni-kamene-a-betonu","7":"pa_gebinde-1000ml-lahev","8":"pa_gebinde-20l-kanystr","9":"pa_gebinde-5l-kanystr","11":"first","12":"instock","13":"taxable","14":"shipping-taxable","15":"purchasable","16":"product-type-variable","17":"has-default-attributes"},"acf":[],"yoast_head":"<!-- This site is optimized with the Yoast SEO Premium plugin v22.8 (Yoast SEO v27.5) - https:\/\/yoast.com\/product\/yoast-seo-premium-wordpress\/ -->\n<title>T\u011bsn\u011bn\u00ed \u017euly s dlouhodob\u00fdm a hlubok\u00fdm \u00fa\u010dinkem - pr\u00e9miov\u00e1 kvalita - versiegelung24.com<\/title>\n<meta name=\"description\" content=\"\u017dulov\u00e9 t\u011bsn\u011bn\u00ed - v pr\u00e9miov\u00e9 kvalit\u011b - Chra\u0148te sv\u00e9 p\u0159edm\u011bty ze \u017eulov\u00e9ho kamene jako profesion\u00e1lov\u00e9! Nyn\u00ed na Versiegelung24.com!\" \/>\n<meta name=\"robots\" content=\"index, follow, max-snippet:-1, max-image-preview:large, max-video-preview:-1\" \/>\n<link rel=\"canonical\" href=\"https:\/\/www.versiegelung24.com\/cs\/zulove-tesneni-v-profesionalni-kvalite.html\" \/>\n<meta property=\"og:locale\" content=\"cs_CZ\" \/>\n<meta property=\"og:type\" content=\"article\" \/>\n<meta property=\"og:title\" content=\"T\u011bsn\u011bn\u00ed \u017euly s dlouhodob\u00fdm a hlubok\u00fdm \u00fa\u010dinkem - pr\u00e9miov\u00e1 kvalita\" \/>\n<meta property=\"og:description\" content=\"\u017dulov\u00e9 t\u011bsn\u011bn\u00ed - v pr\u00e9miov\u00e9 kvalit\u011b - Chra\u0148te sv\u00e9 p\u0159edm\u011bty ze \u017eulov\u00e9ho kamene jako profesion\u00e1lov\u00e9! Nyn\u00ed na Versiegelung24.com!\" \/>\n<meta property=\"og:url\" content=\"https:\/\/www.versiegelung24.com\/cs\/zulove-tesneni-v-profesionalni-kvalite.html\" \/>\n<meta property=\"og:site_name\" content=\"versiegelung24.com\" \/>\n<meta property=\"article:modified_time\" content=\"2025-01-03T22:53:13+00:00\" \/>\n<meta property=\"og:image\" content=\"https:\/\/www.versiegelung24.com\/wp-content\/uploads\/2020\/06\/produkt-3005-620-1000-Granitversiegelung-scaled.jpg\" \/>\n\t<meta property=\"og:image:width\" content=\"2560\" \/>\n\t<meta property=\"og:image:height\" content=\"2560\" \/>\n\t<meta property=\"og:image:type\" content=\"image\/jpeg\" \/>\n<meta name=\"twitter:card\" content=\"summary_large_image\" \/>\n<meta name=\"twitter:label1\" content=\"Dostupnost\" \/>\n\t<meta name=\"twitter:data1\" content=\"Skladem\" \/>\n<script type=\"application\/ld+json\" class=\"yoast-schema-graph\">{\"@context\":\"https:\\\/\\\/schema.org\",\"@graph\":[{\"@type\":[\"WebPage\",\"FAQPage\"],\"@id\":\"https:\\\/\\\/www.versiegelung24.com\\\/cs\\\/zulove-tesneni-v-profesionalni-kvalite.html\",\"url\":\"https:\\\/\\\/www.versiegelung24.com\\\/cs\\\/zulove-tesneni-v-profesionalni-kvalite.html\",\"name\":\"T\u011bsn\u011bn\u00ed \u017euly s dlouhodob\u00fdm a hlubok\u00fdm \u00fa\u010dinkem - pr\u00e9miov\u00e1 kvalita - versiegelung24.com\",\"isPartOf\":{\"@id\":\"https:\\\/\\\/www.versiegelung24.com\\\/cs\\\/#website\"},\"primaryImageOfPage\":{\"@id\":\"https:\\\/\\\/www.versiegelung24.com\\\/cs\\\/zulove-tesneni-v-profesionalni-kvalite.html#primaryimage\"},\"image\":{\"@id\":\"https:\\\/\\\/www.versiegelung24.com\\\/cs\\\/zulove-tesneni-v-profesionalni-kvalite.html#primaryimage\"},\"thumbnailUrl\":\"https:\\\/\\\/www.versiegelung24.com\\\/wp-content\\\/uploads\\\/2020\\\/06\\\/produkt-3005-620-1000-Granitversiegelung-scaled.jpg\",\"datePublished\":\"2021-08-02T19:16:56+00:00\",\"dateModified\":\"2025-01-03T22:53:13+00:00\",\"description\":\"\u017dulov\u00e9 t\u011bsn\u011bn\u00ed - v pr\u00e9miov\u00e9 kvalit\u011b - Chra\u0148te sv\u00e9 p\u0159edm\u011bty ze \u017eulov\u00e9ho kamene jako profesion\u00e1lov\u00e9! Nyn\u00ed na Versiegelung24.com!\",\"breadcrumb\":{\"@id\":\"https:\\\/\\\/www.versiegelung24.com\\\/cs\\\/zulove-tesneni-v-profesionalni-kvalite.html#breadcrumb\"},\"mainEntity\":[{\"@id\":\"https:\\\/\\\/www.versiegelung24.com\\\/cs\\\/zulove-tesneni-v-profesionalni-kvalite.html#faq-question-1723129133239\"},{\"@id\":\"https:\\\/\\\/www.versiegelung24.com\\\/cs\\\/zulove-tesneni-v-profesionalni-kvalite.html#faq-question-1723129206298\"},{\"@id\":\"https:\\\/\\\/www.versiegelung24.com\\\/cs\\\/zulove-tesneni-v-profesionalni-kvalite.html#faq-question-1723188404369\"},{\"@id\":\"https:\\\/\\\/www.versiegelung24.com\\\/cs\\\/zulove-tesneni-v-profesionalni-kvalite.html#faq-question-1723188391712\"}],\"inLanguage\":\"cs\",\"potentialAction\":[{\"@type\":\"ReadAction\",\"target\":[\"https:\\\/\\\/www.versiegelung24.com\\\/cs\\\/zulove-tesneni-v-profesionalni-kvalite.html\"]}]},{\"@type\":\"ImageObject\",\"inLanguage\":\"cs\",\"@id\":\"https:\\\/\\\/www.versiegelung24.com\\\/cs\\\/zulove-tesneni-v-profesionalni-kvalite.html#primaryimage\",\"url\":\"https:\\\/\\\/www.versiegelung24.com\\\/wp-content\\\/uploads\\\/2020\\\/06\\\/produkt-3005-620-1000-Granitversiegelung-scaled.jpg\",\"contentUrl\":\"https:\\\/\\\/www.versiegelung24.com\\\/wp-content\\\/uploads\\\/2020\\\/06\\\/produkt-3005-620-1000-Granitversiegelung-scaled.jpg\",\"width\":2560,\"height\":2560},{\"@type\":\"BreadcrumbList\",\"@id\":\"https:\\\/\\\/www.versiegelung24.com\\\/cs\\\/zulove-tesneni-v-profesionalni-kvalite.html#breadcrumb\",\"itemListElement\":[{\"@type\":\"ListItem\",\"position\":1,\"name\":\"Domovsk\u00e1 str\u00e1nka\",\"item\":\"https:\\\/\\\/www.versiegelung24.com\\\/cs\\\/predni\\\/\"},{\"@type\":\"ListItem\",\"position\":2,\"name\":\"Prodejna\",\"item\":\"https:\\\/\\\/www.versiegelung24.com\\\/cs\\\/prodejna\\\/\"},{\"@type\":\"ListItem\",\"position\":3,\"name\":\"T\u011bsn\u011bn\u00ed \u017euly s dlouhodob\u00fdm a hlubok\u00fdm \u00fa\u010dinkem &#8211; pr\u00e9miov\u00e1 kvalita\"}]},{\"@type\":\"WebSite\",\"@id\":\"https:\\\/\\\/www.versiegelung24.com\\\/cs\\\/#website\",\"url\":\"https:\\\/\\\/www.versiegelung24.com\\\/cs\\\/\",\"name\":\"versiegelung24.com\",\"description\":\"Fl\u00fcssigglas-Versiegelung - Made in Germany\",\"publisher\":{\"@id\":\"https:\\\/\\\/www.versiegelung24.com\\\/cs\\\/#organization\"},\"potentialAction\":[{\"@type\":\"SearchAction\",\"target\":{\"@type\":\"EntryPoint\",\"urlTemplate\":\"https:\\\/\\\/www.versiegelung24.com\\\/cs\\\/?s={search_term_string}\"},\"query-input\":{\"@type\":\"PropertyValueSpecification\",\"valueRequired\":true,\"valueName\":\"search_term_string\"}}],\"inLanguage\":\"cs\"},{\"@type\":\"Organization\",\"@id\":\"https:\\\/\\\/www.versiegelung24.com\\\/cs\\\/#organization\",\"name\":\"versiegelung24\",\"url\":\"https:\\\/\\\/www.versiegelung24.com\\\/cs\\\/\",\"logo\":{\"@type\":\"ImageObject\",\"inLanguage\":\"cs\",\"@id\":\"https:\\\/\\\/www.versiegelung24.com\\\/cs\\\/#\\\/schema\\\/logo\\\/image\\\/\",\"url\":\"https:\\\/\\\/www.versiegelung24.com\\\/wp-content\\\/uploads\\\/2020\\\/04\\\/versiegelung24.png\",\"contentUrl\":\"https:\\\/\\\/www.versiegelung24.com\\\/wp-content\\\/uploads\\\/2020\\\/04\\\/versiegelung24.png\",\"width\":470,\"height\":102,\"caption\":\"versiegelung24\"},\"image\":{\"@id\":\"https:\\\/\\\/www.versiegelung24.com\\\/cs\\\/#\\\/schema\\\/logo\\\/image\\\/\"}},{\"@type\":\"Question\",\"@id\":\"https:\\\/\\\/www.versiegelung24.com\\\/cs\\\/zulove-tesneni-v-profesionalni-kvalite.html#faq-question-1723129133239\",\"position\":1,\"url\":\"https:\\\/\\\/www.versiegelung24.com\\\/cs\\\/zulove-tesneni-v-profesionalni-kvalite.html#faq-question-1723129133239\",\"name\":\"Wieso zeigt Versiegelung nicht die optimale Wirkung \\\/ Warum ist die Wirkung nicht vorhanden? \\\/ Wieso ist der Effekt der Langzeitwirkung nicht gegeben?\",\"answerCount\":1,\"acceptedAnswer\":{\"@type\":\"Answer\",\"text\":\"1. Die Versiegelung kann in ihrer Wirkung beeintr\u00e4chtigt sein, wenn w\u00e4hrend der Applikation oder Trocknungsphase (etwa 24 Stunden) Feuchtigkeit (z.B. Regen oder aufsteigende Feuchtigkeit aus dem Boden) auftritt.<br\\\/>2. Eine nicht vollst\u00e4ndig r\u00fcckstandsfreie Vorreinigung kann ebenfalls zu Problemen f\u00fchren. Es ist essenziell, dass Steinreiniger oder andere Vorreiniger vollst\u00e4ndig entfernt werden.<br\\\/>3. Eventuelle Vorbeschichtungen k\u00f6nnen das optimale Einziehen und Abbinden der Versiegelung verhindern, was zu einer reduzierten oder nicht langanhaltenden Wirkung f\u00fchren kann.\",\"inLanguage\":\"cs\"},\"inLanguage\":\"cs\"},{\"@type\":\"Question\",\"@id\":\"https:\\\/\\\/www.versiegelung24.com\\\/cs\\\/zulove-tesneni-v-profesionalni-kvalite.html#faq-question-1723129206298\",\"position\":2,\"url\":\"https:\\\/\\\/www.versiegelung24.com\\\/cs\\\/zulove-tesneni-v-profesionalni-kvalite.html#faq-question-1723129206298\",\"name\":\"Kann ich die Steine mit einem Hochdruckreiniger (K\u00e4rchern) reinigen?\",\"answerCount\":1,\"acceptedAnswer\":{\"@type\":\"Answer\",\"text\":\"<strong>Empfehlung:<\\\/strong><br\\\/>1. Wir raten generell von der Nutzung eines Hochdruckreinigers f\u00fcr die Reinigung von Stein- und Betonplatten ab. Durch die starke Abrasion werden die Oberfl\u00e4chen besch\u00e4digt und anf\u00e4lliger f\u00fcr erneute Verschmutzung und Algenbewuchs.<br\\\/>2. Die fr\u00e4sende Wirkung des Hochdruckreinigers kann die oberste Schicht einer Versiegelung abtragen, selbst wenn die Hydrophobie in den tieferen Schichten erhalten bleibt.\",\"inLanguage\":\"cs\"},\"inLanguage\":\"cs\"},{\"@type\":\"Question\",\"@id\":\"https:\\\/\\\/www.versiegelung24.com\\\/cs\\\/zulove-tesneni-v-profesionalni-kvalite.html#faq-question-1723188404369\",\"position\":3,\"url\":\"https:\\\/\\\/www.versiegelung24.com\\\/cs\\\/zulove-tesneni-v-profesionalni-kvalite.html#faq-question-1723188404369\",\"name\":\"Warum h\u00e4lt meine Versiegelung nicht so lange wie erwartet?\",\"answerCount\":1,\"acceptedAnswer\":{\"@type\":\"Answer\",\"text\":\"Die Haltbarkeit der Versiegelung kann durch verschiedene Faktoren beeinflusst werden. M\u00f6gliche Probleme w\u00e4hrend der Aufbringung, wie Feuchtigkeitseinwirkung w\u00e4hrend der Trocknungsphase oder eine unzureichende Vorreinigung, k\u00f6nnen die optimale Wirkung beeintr\u00e4chtigen. Zudem kann eine starke Beanspruchung der Oberfl\u00e4che die Lebensdauer der Versiegelung verk\u00fcrzen. Es ist jedoch m\u00f6glich, dass die Tiefenwirkung in den darunter liegenden Schichten weiterhin vorhanden ist.\",\"inLanguage\":\"cs\"},\"inLanguage\":\"cs\"},{\"@type\":\"Question\",\"@id\":\"https:\\\/\\\/www.versiegelung24.com\\\/cs\\\/zulove-tesneni-v-profesionalni-kvalite.html#faq-question-1723188391712\",\"position\":4,\"url\":\"https:\\\/\\\/www.versiegelung24.com\\\/cs\\\/zulove-tesneni-v-profesionalni-kvalite.html#faq-question-1723188391712\",\"name\":\"Warum tritt der gew\u00fcnschte Abperleffekt nicht ein?\",\"answerCount\":1,\"acceptedAnswer\":{\"@type\":\"Answer\",\"text\":\"Der fehlende Abperleffekt k\u00f6nnte auf Probleme bei der Aufbringung der Versiegelung zur\u00fcckzuf\u00fchren sein. Feuchtigkeit w\u00e4hrend der Applikation oder eine nicht vollst\u00e4ndig entfernte Vorreinigung k\u00f6nnen die Wirkung beeintr\u00e4chtigen und verhindern, dass die Versiegelung optimal einzieht und abbinden kann.\",\"inLanguage\":\"cs\"},\"inLanguage\":\"cs\"}]}<\/script>\n<meta property=\"og:availability\" content=\"instock\" \/>\n<meta property=\"product:availability\" content=\"instock\" \/>\n<meta property=\"product:retailer_item_id\" content=\"3005-7620\" \/>\n<meta property=\"product:condition\" content=\"new\" \/>\n<!-- \/ Yoast SEO Premium plugin. -->","yoast_head_json":{"title":"T\u011bsn\u011bn\u00ed \u017euly s dlouhodob\u00fdm a hlubok\u00fdm \u00fa\u010dinkem - pr\u00e9miov\u00e1 kvalita - versiegelung24.com","description":"\u017dulov\u00e9 t\u011bsn\u011bn\u00ed - v pr\u00e9miov\u00e9 kvalit\u011b - Chra\u0148te sv\u00e9 p\u0159edm\u011bty ze \u017eulov\u00e9ho kamene jako profesion\u00e1lov\u00e9! Nyn\u00ed na Versiegelung24.com!","robots":{"index":"index","follow":"follow","max-snippet":"max-snippet:-1","max-image-preview":"max-image-preview:large","max-video-preview":"max-video-preview:-1"},"canonical":"https:\/\/www.versiegelung24.com\/cs\/zulove-tesneni-v-profesionalni-kvalite.html","og_locale":"cs_CZ","og_type":"article","og_title":"T\u011bsn\u011bn\u00ed \u017euly s dlouhodob\u00fdm a hlubok\u00fdm \u00fa\u010dinkem - pr\u00e9miov\u00e1 kvalita","og_description":"\u017dulov\u00e9 t\u011bsn\u011bn\u00ed - v pr\u00e9miov\u00e9 kvalit\u011b - Chra\u0148te sv\u00e9 p\u0159edm\u011bty ze \u017eulov\u00e9ho kamene jako profesion\u00e1lov\u00e9! Nyn\u00ed na Versiegelung24.com!","og_url":"https:\/\/www.versiegelung24.com\/cs\/zulove-tesneni-v-profesionalni-kvalite.html","og_site_name":"versiegelung24.com","article_modified_time":"2025-01-03T22:53:13+00:00","og_image":[{"width":2560,"height":2560,"url":"https:\/\/www.versiegelung24.com\/wp-content\/uploads\/2020\/06\/produkt-3005-620-1000-Granitversiegelung-scaled.jpg","type":"image\/jpeg"}],"twitter_card":"summary_large_image","twitter_misc":{"Dostupnost":"Skladem"},"schema":{"@context":"https:\/\/schema.org","@graph":[{"@type":["WebPage","FAQPage"],"@id":"https:\/\/www.versiegelung24.com\/cs\/zulove-tesneni-v-profesionalni-kvalite.html","url":"https:\/\/www.versiegelung24.com\/cs\/zulove-tesneni-v-profesionalni-kvalite.html","name":"T\u011bsn\u011bn\u00ed \u017euly s dlouhodob\u00fdm a hlubok\u00fdm \u00fa\u010dinkem - pr\u00e9miov\u00e1 kvalita - versiegelung24.com","isPartOf":{"@id":"https:\/\/www.versiegelung24.com\/cs\/#website"},"primaryImageOfPage":{"@id":"https:\/\/www.versiegelung24.com\/cs\/zulove-tesneni-v-profesionalni-kvalite.html#primaryimage"},"image":{"@id":"https:\/\/www.versiegelung24.com\/cs\/zulove-tesneni-v-profesionalni-kvalite.html#primaryimage"},"thumbnailUrl":"https:\/\/www.versiegelung24.com\/wp-content\/uploads\/2020\/06\/produkt-3005-620-1000-Granitversiegelung-scaled.jpg","datePublished":"2021-08-02T19:16:56+00:00","dateModified":"2025-01-03T22:53:13+00:00","description":"\u017dulov\u00e9 t\u011bsn\u011bn\u00ed - v pr\u00e9miov\u00e9 kvalit\u011b - Chra\u0148te sv\u00e9 p\u0159edm\u011bty ze \u017eulov\u00e9ho kamene jako profesion\u00e1lov\u00e9! Nyn\u00ed na Versiegelung24.com!","breadcrumb":{"@id":"https:\/\/www.versiegelung24.com\/cs\/zulove-tesneni-v-profesionalni-kvalite.html#breadcrumb"},"mainEntity":[{"@id":"https:\/\/www.versiegelung24.com\/cs\/zulove-tesneni-v-profesionalni-kvalite.html#faq-question-1723129133239"},{"@id":"https:\/\/www.versiegelung24.com\/cs\/zulove-tesneni-v-profesionalni-kvalite.html#faq-question-1723129206298"},{"@id":"https:\/\/www.versiegelung24.com\/cs\/zulove-tesneni-v-profesionalni-kvalite.html#faq-question-1723188404369"},{"@id":"https:\/\/www.versiegelung24.com\/cs\/zulove-tesneni-v-profesionalni-kvalite.html#faq-question-1723188391712"}],"inLanguage":"cs","potentialAction":[{"@type":"ReadAction","target":["https:\/\/www.versiegelung24.com\/cs\/zulove-tesneni-v-profesionalni-kvalite.html"]}]},{"@type":"ImageObject","inLanguage":"cs","@id":"https:\/\/www.versiegelung24.com\/cs\/zulove-tesneni-v-profesionalni-kvalite.html#primaryimage","url":"https:\/\/www.versiegelung24.com\/wp-content\/uploads\/2020\/06\/produkt-3005-620-1000-Granitversiegelung-scaled.jpg","contentUrl":"https:\/\/www.versiegelung24.com\/wp-content\/uploads\/2020\/06\/produkt-3005-620-1000-Granitversiegelung-scaled.jpg","width":2560,"height":2560},{"@type":"BreadcrumbList","@id":"https:\/\/www.versiegelung24.com\/cs\/zulove-tesneni-v-profesionalni-kvalite.html#breadcrumb","itemListElement":[{"@type":"ListItem","position":1,"name":"Domovsk\u00e1 str\u00e1nka","item":"https:\/\/www.versiegelung24.com\/cs\/predni\/"},{"@type":"ListItem","position":2,"name":"Prodejna","item":"https:\/\/www.versiegelung24.com\/cs\/prodejna\/"},{"@type":"ListItem","position":3,"name":"T\u011bsn\u011bn\u00ed \u017euly s dlouhodob\u00fdm a hlubok\u00fdm \u00fa\u010dinkem &#8211; pr\u00e9miov\u00e1 kvalita"}]},{"@type":"WebSite","@id":"https:\/\/www.versiegelung24.com\/cs\/#website","url":"https:\/\/www.versiegelung24.com\/cs\/","name":"versiegelung24.com","description":"Fl\u00fcssigglas-Versiegelung - Made in Germany","publisher":{"@id":"https:\/\/www.versiegelung24.com\/cs\/#organization"},"potentialAction":[{"@type":"SearchAction","target":{"@type":"EntryPoint","urlTemplate":"https:\/\/www.versiegelung24.com\/cs\/?s={search_term_string}"},"query-input":{"@type":"PropertyValueSpecification","valueRequired":true,"valueName":"search_term_string"}}],"inLanguage":"cs"},{"@type":"Organization","@id":"https:\/\/www.versiegelung24.com\/cs\/#organization","name":"versiegelung24","url":"https:\/\/www.versiegelung24.com\/cs\/","logo":{"@type":"ImageObject","inLanguage":"cs","@id":"https:\/\/www.versiegelung24.com\/cs\/#\/schema\/logo\/image\/","url":"https:\/\/www.versiegelung24.com\/wp-content\/uploads\/2020\/04\/versiegelung24.png","contentUrl":"https:\/\/www.versiegelung24.com\/wp-content\/uploads\/2020\/04\/versiegelung24.png","width":470,"height":102,"caption":"versiegelung24"},"image":{"@id":"https:\/\/www.versiegelung24.com\/cs\/#\/schema\/logo\/image\/"}},{"@type":"Question","@id":"https:\/\/www.versiegelung24.com\/cs\/zulove-tesneni-v-profesionalni-kvalite.html#faq-question-1723129133239","position":1,"url":"https:\/\/www.versiegelung24.com\/cs\/zulove-tesneni-v-profesionalni-kvalite.html#faq-question-1723129133239","name":"Wieso zeigt Versiegelung nicht die optimale Wirkung \/ Warum ist die Wirkung nicht vorhanden? \/ Wieso ist der Effekt der Langzeitwirkung nicht gegeben?","answerCount":1,"acceptedAnswer":{"@type":"Answer","text":"1. Die Versiegelung kann in ihrer Wirkung beeintr\u00e4chtigt sein, wenn w\u00e4hrend der Applikation oder Trocknungsphase (etwa 24 Stunden) Feuchtigkeit (z.B. Regen oder aufsteigende Feuchtigkeit aus dem Boden) auftritt.<br\/>2. Eine nicht vollst\u00e4ndig r\u00fcckstandsfreie Vorreinigung kann ebenfalls zu Problemen f\u00fchren. Es ist essenziell, dass Steinreiniger oder andere Vorreiniger vollst\u00e4ndig entfernt werden.<br\/>3. Eventuelle Vorbeschichtungen k\u00f6nnen das optimale Einziehen und Abbinden der Versiegelung verhindern, was zu einer reduzierten oder nicht langanhaltenden Wirkung f\u00fchren kann.","inLanguage":"cs"},"inLanguage":"cs"},{"@type":"Question","@id":"https:\/\/www.versiegelung24.com\/cs\/zulove-tesneni-v-profesionalni-kvalite.html#faq-question-1723129206298","position":2,"url":"https:\/\/www.versiegelung24.com\/cs\/zulove-tesneni-v-profesionalni-kvalite.html#faq-question-1723129206298","name":"Kann ich die Steine mit einem Hochdruckreiniger (K\u00e4rchern) reinigen?","answerCount":1,"acceptedAnswer":{"@type":"Answer","text":"<strong>Empfehlung:<\/strong><br\/>1. Wir raten generell von der Nutzung eines Hochdruckreinigers f\u00fcr die Reinigung von Stein- und Betonplatten ab. Durch die starke Abrasion werden die Oberfl\u00e4chen besch\u00e4digt und anf\u00e4lliger f\u00fcr erneute Verschmutzung und Algenbewuchs.<br\/>2. Die fr\u00e4sende Wirkung des Hochdruckreinigers kann die oberste Schicht einer Versiegelung abtragen, selbst wenn die Hydrophobie in den tieferen Schichten erhalten bleibt.","inLanguage":"cs"},"inLanguage":"cs"},{"@type":"Question","@id":"https:\/\/www.versiegelung24.com\/cs\/zulove-tesneni-v-profesionalni-kvalite.html#faq-question-1723188404369","position":3,"url":"https:\/\/www.versiegelung24.com\/cs\/zulove-tesneni-v-profesionalni-kvalite.html#faq-question-1723188404369","name":"Warum h\u00e4lt meine Versiegelung nicht so lange wie erwartet?","answerCount":1,"acceptedAnswer":{"@type":"Answer","text":"Die Haltbarkeit der Versiegelung kann durch verschiedene Faktoren beeinflusst werden. M\u00f6gliche Probleme w\u00e4hrend der Aufbringung, wie Feuchtigkeitseinwirkung w\u00e4hrend der Trocknungsphase oder eine unzureichende Vorreinigung, k\u00f6nnen die optimale Wirkung beeintr\u00e4chtigen. Zudem kann eine starke Beanspruchung der Oberfl\u00e4che die Lebensdauer der Versiegelung verk\u00fcrzen. Es ist jedoch m\u00f6glich, dass die Tiefenwirkung in den darunter liegenden Schichten weiterhin vorhanden ist.","inLanguage":"cs"},"inLanguage":"cs"},{"@type":"Question","@id":"https:\/\/www.versiegelung24.com\/cs\/zulove-tesneni-v-profesionalni-kvalite.html#faq-question-1723188391712","position":4,"url":"https:\/\/www.versiegelung24.com\/cs\/zulove-tesneni-v-profesionalni-kvalite.html#faq-question-1723188391712","name":"Warum tritt der gew\u00fcnschte Abperleffekt nicht ein?","answerCount":1,"acceptedAnswer":{"@type":"Answer","text":"Der fehlende Abperleffekt k\u00f6nnte auf Probleme bei der Aufbringung der Versiegelung zur\u00fcckzuf\u00fchren sein. Feuchtigkeit w\u00e4hrend der Applikation oder eine nicht vollst\u00e4ndig entfernte Vorreinigung k\u00f6nnen die Wirkung beeintr\u00e4chtigen und verhindern, dass die Versiegelung optimal einzieht und abbinden kann.","inLanguage":"cs"},"inLanguage":"cs"}]},"og_availability":"instock","product_availability":"instock","product_retailer_item_id":"3005-7620","product_condition":"new"},"_links":{"self":[{"href":"https:\/\/www.versiegelung24.com\/cs\/wp-json\/wp\/v2\/product\/23072","targetHints":{"allow":["GET"]}}],"collection":[{"href":"https:\/\/www.versiegelung24.com\/cs\/wp-json\/wp\/v2\/product"}],"about":[{"href":"https:\/\/www.versiegelung24.com\/cs\/wp-json\/wp\/v2\/types\/product"}],"version-history":[{"count":43,"href":"https:\/\/www.versiegelung24.com\/cs\/wp-json\/wp\/v2\/product\/23072\/revisions"}],"predecessor-version":[{"id":174197,"href":"https:\/\/www.versiegelung24.com\/cs\/wp-json\/wp\/v2\/product\/23072\/revisions\/174197"}],"wp:featuredmedia":[{"embeddable":true,"href":"https:\/\/www.versiegelung24.com\/cs\/wp-json\/wp\/v2\/media\/17993"}],"wp:attachment":[{"href":"https:\/\/www.versiegelung24.com\/cs\/wp-json\/wp\/v2\/media?parent=23072"}],"wp:term":[{"taxonomy":"product_brand","embeddable":true,"href":"https:\/\/www.versiegelung24.com\/cs\/wp-json\/wp\/v2\/product_brand?post=23072"},{"taxonomy":"product_cat","embeddable":true,"href":"https:\/\/www.versiegelung24.com\/cs\/wp-json\/wp\/v2\/product_cat?post=23072"},{"taxonomy":"product_tag","embeddable":true,"href":"https:\/\/www.versiegelung24.com\/cs\/wp-json\/wp\/v2\/product_tag?post=23072"}],"curies":[{"name":"wp","href":"https:\/\/api.w.org\/{rel}","templated":true}]}}