{"id":23145,"date":"2020-04-04T18:53:14","date_gmt":"2021-08-02T19:23:44","guid":{"rendered":"https:\/\/www.versiegelung24.com\/produkt\/tesneni-strechy-v-profesionalni-kvalite"},"modified":"2025-01-03T23:37:27","modified_gmt":"2025-01-03T22:37:27","slug":"tesneni-strechy-v-profesionalni-kvalite","status":"publish","type":"product","link":"https:\/\/www.versiegelung24.com\/cs\/tesneni-strechy-v-profesionalni-kvalite.html","title":{"rendered":"T\u011bsn\u011bn\u00ed st\u0159echy s dlouhodob\u00fdm a hlubok\u00fdm \u00fa\u010dinkem &#8211; pr\u00e9miov\u00e1 kvalita"},"content":{"rendered":"\n<p>Na\u0161e st\u0159e\u0161n\u00ed t\u011bsn\u011bn\u00ed \u00fa\u010dinn\u011b a trvale chr\u00e1n\u00ed st\u0159e\u0161n\u00ed ta\u0161ky, cihly a b\u0159idlici p\u0159ed pov\u011btrnostn\u00edmi vlivy, vodou a ne\u010distotami. Povrch z\u016fst\u00e1v\u00e1 prody\u0161n\u00fd a otev\u0159en\u00fd dif\u00fazi.<\/p>\n\n<hr\/>\n\n<h4 class=\"wp-block-heading\" id=\"h-produkteigenschaften\">Vlastnosti produktu<\/h4>\n\n<div class=\"wp-block-columns is-layout-flex wp-container-core-columns-is-layout-9d6595d7 wp-block-columns-is-layout-flex\">\n<div class=\"wp-block-column is-layout-flow wp-block-column-is-layout-flow\">\n<p><strong>Vysoce \u00fa\u010dinn\u00fd profesion\u00e1ln\u00ed tmel pro st\u0159e\u0161n\u00ed ta\u0161ky, cihly a b\u0159idlici s hloubkov\u00fdm a lotosov\u00fdm efektem (odpuzuje vodu)<\/strong><\/p>\n\n\n\n<p><\/p>\n\n\n\n<p>Vysok\u00e1 kvalita Made in Germany.<\/p>\n\n\n\n<p><strong>bezpe\u010dnost produktu<\/strong><\/p>\n\n\n\n<p>Informace o klasifikaci produktu v r\u00e1mci Na\u0159\u00edzen\u00ed o nebezpe\u010dn\u00fdch l\u00e1tk\u00e1ch, bezpe\u010dnostn\u00ed \u00fadaje a \u00fadaje o toxikologii a skladov\u00e1n\u00ed naleznete v na\u0161em bezpe\u010dnostn\u00edm listu.<\/p>\n\n\n\n<p><strong>\u00falo\u017en\u00fd prostor<\/strong><\/p>\n\n\n\n<p><strong>T\u011bsn\u011bn\u00ed st\u0159e\u0161n\u00ed ta\u0161ky V24<\/strong> nesm\u00ed p\u0159ij\u00edt do styku s vlhkost\u00ed. Skladov\u00e1n\u00ed by m\u011blo prob\u00edhat p\u0159i teplot\u00e1ch mezi -10 \u00b0 C a +40 \u00b0 C.<\/p>\n\n\n\n<p>T\u011bsn\u011bn\u00ed st\u0159e\u0161n\u00edch ta\u0161ek V24 m\u00e1 neomezenou trvanlivost v p\u016fvodn\u00edm uzav\u0159en\u00e9m kontejneru.<\/p>\n\n\n\n<p><br\/><br\/>Rozsah dod\u00e1vky: 1 x litrov\u00e1 l\u00e1hev 1 x rozpra\u0161ovac\u00ed hlavice s pumpi\u010dkou<br\/><\/p>\n<\/div>\n\n\n\n<div class=\"wp-block-column is-layout-flow wp-block-column-is-layout-flow\">\n<p>\u2713 \u00da\u010dinn\u00e1 trval\u00e1 ochrana povrchu p\u0159ed vodou, \u0161p\u00ednou a pov\u011btrnostn\u00edmi vlivy<\/p>\n\n\n\n<p>\u2713 zabra\u0148uje r\u016fstu mech\u016f, li\u0161ejn\u00edk\u016f, hub a dal\u0161\u00edch p\u0159\u00edrodn\u00edch vliv\u016f<\/p>\n\n\n\n<p>\u2713 \u017e\u00e1dn\u00e1 zm\u011bna vzhledu a dojmu povrchu (absolutn\u011b neviditeln\u00fd)<\/p>\n\n\n\n<p>\u2713 extr\u00e9mn\u00ed odolnost proti od\u011bru d\u00edky silikonov\u00fdm slou\u010denin\u00e1m s dlouh\u00fdm \u0159et\u011bzcem (SiO\u00b2)<\/p>\n\n\n\n<p>\u2713 Dlouhotrvaj\u00edc\u00ed efekt hloubky d\u00edky vysok\u00e9 hloubce penetrace a\u017e 25 mm (v z\u00e1vislosti na savosti kamene)<\/p>\n\n\n\n<p>\u2713 Povrch z\u016fst\u00e1v\u00e1 prody\u0161n\u00fd (otev\u0159en\u00fd dif\u00fazi), tak\u017ee zde nen\u00ed \u017e\u00e1dn\u00e1 bari\u00e9rov\u00e1 vrstva ani \u017e\u00e1dn\u00e9 prom\u00e1\u010den\u00ed<\/p>\n\n\n\n<p>\u2713 absolutn\u011b mrazuvzdorn\u00fd (led a sn\u00edh nezp\u016fsobuj\u00ed \u017e\u00e1dn\u00e9 \u0161kody)<\/p>\n\n\n\n<p>\u2713 UV stabiln\u00ed<\/p>\n\n\n\n<p>\u2713 Efekt snadn\u00e9ho \u010di\u0161t\u011bn\u00ed: ne\u010distoty nep\u0159ilnou a lze je snadno odstranit<\/p>\n\n\n\n<p>\u2713 Spr\u00e1vn\u011b aplikovan\u00fd tmel vydr\u017e\u00ed mnoho let, proto\u017ee vytv\u00e1\u0159\u00ed kovalentn\u00ed (trvalou) vazbu s povrchem.<\/p>\n\n\n\n<p>\u2713 Lze aplikovat p\u0159i -10 a\u017e + 70 \u00b0 C<\/p>\n<\/div>\n<\/div>\n\n<hr\/>\n\n<h4 class=\"wp-block-heading\" id=\"h-anwendung\">Aplikace<\/h4>\n\n<div class=\"wp-block-columns is-layout-flex wp-container-core-columns-is-layout-9d6595d7 wp-block-columns-is-layout-flex\">\n<div class=\"wp-block-column is-layout-flow wp-block-column-is-layout-flow\">\n<ul class=\"wp-block-list\">\n<li><strong>T\u011bsn\u011bn\u00ed st\u0159e\u0161n\u00ed ta\u0161ky V24<\/strong> se dod\u00e1v\u00e1 p\u0159ipraven\u00fd k pou\u017eit\u00ed a nan\u00e1\u0161\u00ed se ne\u0159ed\u011bn\u00fd na p\u0159edem o\u010di\u0161t\u011bn\u00fd a vysu\u0161en\u00fd povrch.<\/li>\n<\/ul>\n\n\n\n<ul class=\"wp-block-list\">\n<li>Tmel nesm\u00ed p\u0159ij\u00edt do styku s vodou a za \u017e\u00e1dn\u00fdch okolnost\u00ed by nem\u011bl b\u00fdt nan\u00e1\u0161en za de\u0161t\u011b nebo na vlhk\u00e9 povrchy.<\/li>\n<\/ul>\n\n\n\n<ul class=\"wp-block-list\">\n<li>Aplikace by m\u011bla b\u00fdt prov\u00e1d\u011bna st\u0159\u00edk\u00e1n\u00edm nebo v\u00e1lcov\u00e1n\u00edm. Optim\u00e1ln\u00ed metoda z\u00e1vis\u00ed na velikosti, poloze, struktu\u0159e a savosti o\u0161et\u0159ovan\u00e9 oblasti<\/li>\n<\/ul>\n\n\n\n<ul class=\"wp-block-list\">\n<li>Po aplikaci se<strong> St\u0159e\u0161n\u00ed ta\u0161ky V24<\/strong> z\u016fstat v kontaktu s povrchem jako film kapaliny po dobu n\u011bkolika sekund.<\/li>\n<\/ul>\n<\/div>\n\n\n\n<div class=\"wp-block-column is-layout-flow wp-block-column-is-layout-flow\">\n<ul class=\"wp-block-list\">\n<li>Povlak je zcela zes\u00ed\u0165ov\u00e1n a vytvrzen po 24 hodin\u00e1ch.<\/li>\n<\/ul>\n\n\n\n<p>Podrobn\u00fd popis aplikace naleznete v na\u0161em datov\u00e9m listu<\/p>\n\n\n\n<p>Vhodn\u00fd na st\u0159e\u0161n\u00ed ta\u0161ky, cihly a b\u0159idlici.<\/p>\n\n\n\n<p>\u2713 Cihly a zdivo (p\u0159ibli\u017en\u011b 20-30 m2 \/ litr)<\/p>\n\n\n\n<p>\u2713 St\u0159e\u0161n\u00ed ta\u0161ky (p\u0159ibli\u017en\u011b 15-25m\u00b2 \/ litr)<\/p>\n\n\n\n<p>\u2713 B\u0159idlice (p\u0159ibli\u017en\u011b 15-30m\u00b2 \/ litr), pozor: b\u0159idlice z\u00edsk\u00e1v\u00e1 tmav\u0161\u00ed barvu (prohlouben\u00ed barvy)<\/p>\n<\/div>\n<\/div>\n\n<h4 class=\"wp-block-heading\" id=\"faq\">\u010cASTO KLADEN\u00c9 DOTAZY<\/h4>\n\n<div class=\"wp-block-columns is-layout-flex wp-container-core-columns-is-layout-9d6595d7 wp-block-columns-is-layout-flex\">\n<div class=\"wp-block-column is-layout-flow wp-block-column-is-layout-flow\" style=\"flex-basis:100%\">\n<div class=\"schema-faq wp-block-yoast-faq-block\"><div class=\"schema-faq-section\" id=\"faq-question-1723129133239\"><strong class=\"schema-faq-question\">Pro\u010d nem\u00e1 ut\u011bsn\u011bn\u00ed optim\u00e1ln\u00ed \u00fa\u010dinek \/ Pro\u010d nem\u00e1 \u017e\u00e1dn\u00fd \u00fa\u010dinek?\n\/ Pro\u010d nem\u00e1 dlouhodob\u00fd \u00fa\u010dinek? <\/strong> <p class=\"schema-faq-answer\"><br>1. \u00da\u010dinnost tmelu m\u016f\u017ee b\u00fdt naru\u0161ena, pokud se b\u011bhem f\u00e1ze nan\u00e1\u0161en\u00ed nebo schnut\u00ed (cca 24 hodin) objev\u00ed vlhkost (nap\u0159. d\u00e9\u0161\u0165 nebo vzl\u00ednaj\u00edc\u00ed vlhkost z podlahy). 2. Probl\u00e9my m\u016f\u017ee zp\u016fsobit i p\u0159edb\u011b\u017en\u00e9 \u010di\u0161t\u011bn\u00ed, kter\u00e9 nen\u00ed zcela beze zbytku provedeno.\n<br>Je nezbytn\u00e9, aby byly \u010distic\u00ed prost\u0159edky na k\u00e1men nebo jin\u00e9 p\u0159ed\u010dist\u00edc\u00ed prost\u0159edky zcela odstran\u011bny. 3. Jak\u00e9koli p\u0159ed\u010di\u0161t\u011bn\u00ed m\u016f\u017ee zabr\u00e1nit optim\u00e1ln\u00edmu vst\u0159eb\u00e1n\u00ed a usazen\u00ed tmelu, co\u017e m\u016f\u017ee v\u00e9st ke sn\u00ed\u017een\u00e9mu nebo nedlouhotrvaj\u00edc\u00edmu \u00fa\u010dinku. <\/p> <\/div> <div class=\"schema-faq-section\" id=\"faq-question-1723129206298\"><strong class=\"schema-faq-question\">Mohu kameny \u010distit vysokotlak\u00fdm \u010disti\u010dem?<\/strong> <p class=\"schema-faq-answer\"><br>D<strong>oporu\u010den\u00ed:<\/strong> 1. Obecn\u011b nedoporu\u010dujeme pou\u017e\u00edvat tlakovou my\u010dku na \u010di\u0161t\u011bn\u00ed kamenn\u00fdch a betonov\u00fdch desek.\n<br>Siln\u00fd abrazivn\u00ed \u00fa\u010dinek po\u0161kozuje povrchy a zvy\u0161uje jejich n\u00e1chylnost k op\u011btovn\u00e9mu zne\u010di\u0161t\u011bn\u00ed a r\u016fstu \u0159as. 2. Abrazivn\u00ed \u00fa\u010dinek tlakov\u00e9 my\u010dky m\u016f\u017ee odstranit vrchn\u00ed vrstvu tmelu, i kdy\u017e hydrofobicita v hlub\u0161\u00edch vrstv\u00e1ch z\u016fstane neporu\u0161en\u00e1. <\/p> <\/div> <div class=\"schema-faq-section\" id=\"faq-question-1723188404369\"><strong class=\"schema-faq-question\">Pro\u010d m\u016fj tmel nevydr\u017e\u00ed tak dlouho, jak jsem o\u010dek\u00e1val?<\/strong> <p class=\"schema-faq-answer\">Trvanlivost tmelu m\u016f\u017ee b\u00fdt ovlivn\u011bna r\u016fzn\u00fdmi faktory.\nP\u0159\u00edpadn\u00e9 probl\u00e9my p\u0159i aplikaci, jako je vystaven\u00ed vlhkosti b\u011bhem f\u00e1ze schnut\u00ed nebo nedostate\u010dn\u00e9 p\u0159edb\u011b\u017en\u00e9 \u010di\u0161t\u011bn\u00ed, mohou zhor\u0161it optim\u00e1ln\u00ed \u00fa\u010dinek.\nKrom\u011b toho m\u016f\u017ee intenzivn\u00ed pou\u017e\u00edv\u00e1n\u00ed povrchu zkr\u00e1tit \u017eivotnost tmelu.\nJe v\u0161ak mo\u017en\u00e9, \u017ee hloubkov\u00fd efekt je st\u00e1le p\u0159\u00edtomen v podkladov\u00fdch vrstv\u00e1ch.   <\/p> <\/div> <div class=\"schema-faq-section\" id=\"faq-question-1723188391712\"><strong class=\"schema-faq-question\">Pro\u010d nedoch\u00e1z\u00ed k po\u017eadovan\u00e9mu efektu perli\u010dek?<\/strong> <p class=\"schema-faq-answer\">Nedostate\u010dn\u00fd efekt perli\u010dek m\u016f\u017ee b\u00fdt zp\u016fsoben probl\u00e9my s aplikac\u00ed t\u011bsnic\u00edho materi\u00e1lu.\nVlhkost p\u0159i aplikaci nebo ne\u00fapln\u011b odstran\u011bn\u00e9 p\u0159ed\u010di\u0161t\u011bn\u00ed mohou zhor\u0161it \u00fa\u010dinek a zabr\u00e1nit optim\u00e1ln\u00edmu vst\u0159eb\u00e1n\u00ed a vytvrzen\u00ed tmelu. <\/p> <\/div> <\/div>\n<\/div>\n<\/div>\n","protected":false},"excerpt":{"rendered":"<p><strong>Vysoce \u00fa\u010dinn\u00fd profesion\u00e1ln\u00ed tmel na st\u0159e\u0161n\u00ed ta\u0161ky, cihly a b\u0159idlici<\/strong>  <\/p>\n<p>\u2713 Efekt snadn\u00e9ho \u010di\u0161t\u011bn\u00ed: ne\u010distoty nep\u0159ilnou a lze je snadno odstranit<\/p>\n<p>\u2713 Absolutn\u011b neviditeln\u00e9: nezm\u011bn\u011bn\u00fd vzhled a dojem z povrchu<\/p>\n<p>\u2713 Dlouhotrvaj\u00edc\u00ed hloubkov\u00fd efekt po mnoho let<\/p>\n<p>\u2713 Povrch z\u016fst\u00e1v\u00e1 prody\u0161n\u00fd<\/p>\n<p>\u2713 Vodoodpudiv\u00fd efekt lotosov\u00fdch perel<\/p>\n<p>&nbsp;<\/p>\n","protected":false},"featured_media":17918,"template":"","meta":{"_acf_changed":false,"neve_meta_sidebar":"","neve_meta_container":"","neve_meta_enable_content_width":"","neve_meta_content_width":0,"neve_meta_title_alignment":"","neve_meta_author_avatar":"","neve_post_elements_order":"","neve_meta_disable_header":"","neve_meta_disable_footer":"","neve_meta_disable_title":"","neve_meta_reading_time":"","_surfaces":[],"_ver_product_tabs":[],"footnotes":""},"product_brand":[],"product_cat":[2313],"product_tag":[],"class_list":{"0":"post-23145","1":"product","2":"type-product","3":"status-publish","4":"has-post-thumbnail","6":"product_cat-tesneni-kamene-a-betonu","7":"pa_gebinde-1000ml-lahev","8":"pa_gebinde-20l-kanystr","9":"pa_gebinde-5l-kanystr","11":"first","12":"instock","13":"taxable","14":"shipping-taxable","15":"purchasable","16":"product-type-variable","17":"has-default-attributes"},"acf":[],"yoast_head":"<!-- This site is optimized with the Yoast SEO Premium plugin v22.8 (Yoast SEO v27.5) - https:\/\/yoast.com\/product\/yoast-seo-premium-wordpress\/ -->\n<title>T\u011bsn\u011bn\u00ed st\u0159echy s dlouhodob\u00fdm a hlubok\u00fdm \u00fa\u010dinkem - pr\u00e9miov\u00e1 kvalita - versiegelung24.com<\/title>\n<meta name=\"description\" content=\"St\u0159e\u0161n\u00ed t\u011bsn\u011bn\u00ed v pr\u00e9miov\u00e9 kvalit\u011b vyroben\u00e9 v N\u011bmecku. Zjist\u011bte, jak m\u016f\u017eete ud\u011blat st\u0159echu odolnou v\u016f\u010di pov\u011btrnostn\u00edm vliv\u016fm.\" \/>\n<meta name=\"robots\" content=\"index, follow, max-snippet:-1, max-image-preview:large, max-video-preview:-1\" \/>\n<link rel=\"canonical\" href=\"https:\/\/www.versiegelung24.com\/cs\/tesneni-strechy-v-profesionalni-kvalite.html\" \/>\n<meta property=\"og:locale\" content=\"cs_CZ\" \/>\n<meta property=\"og:type\" content=\"article\" \/>\n<meta property=\"og:title\" content=\"T\u011bsn\u011bn\u00ed st\u0159echy s dlouhodob\u00fdm a hlubok\u00fdm \u00fa\u010dinkem - pr\u00e9miov\u00e1 kvalita\" \/>\n<meta property=\"og:description\" content=\"St\u0159e\u0161n\u00ed t\u011bsn\u011bn\u00ed v pr\u00e9miov\u00e9 kvalit\u011b vyroben\u00e9 v N\u011bmecku. Zjist\u011bte, jak m\u016f\u017eete ud\u011blat st\u0159echu odolnou v\u016f\u010di pov\u011btrnostn\u00edm vliv\u016fm.\" \/>\n<meta property=\"og:url\" content=\"https:\/\/www.versiegelung24.com\/cs\/tesneni-strechy-v-profesionalni-kvalite.html\" \/>\n<meta property=\"og:site_name\" content=\"versiegelung24.com\" \/>\n<meta property=\"article:modified_time\" content=\"2025-01-03T22:37:27+00:00\" \/>\n<meta property=\"og:image\" content=\"https:\/\/www.versiegelung24.com\/wp-content\/uploads\/2020\/06\/produkt-3002-620-1000-Dachversiegelung-scaled.jpg\" \/>\n\t<meta property=\"og:image:width\" content=\"2560\" \/>\n\t<meta property=\"og:image:height\" content=\"2560\" \/>\n\t<meta property=\"og:image:type\" content=\"image\/jpeg\" \/>\n<meta name=\"twitter:card\" content=\"summary_large_image\" \/>\n<meta name=\"twitter:label1\" content=\"Dostupnost\" \/>\n\t<meta name=\"twitter:data1\" content=\"Skladem\" \/>\n<script type=\"application\/ld+json\" class=\"yoast-schema-graph\">{\"@context\":\"https:\\\/\\\/schema.org\",\"@graph\":[{\"@type\":[\"WebPage\",\"FAQPage\"],\"@id\":\"https:\\\/\\\/www.versiegelung24.com\\\/cs\\\/tesneni-strechy-v-profesionalni-kvalite.html\",\"url\":\"https:\\\/\\\/www.versiegelung24.com\\\/cs\\\/tesneni-strechy-v-profesionalni-kvalite.html\",\"name\":\"T\u011bsn\u011bn\u00ed st\u0159echy s dlouhodob\u00fdm a hlubok\u00fdm \u00fa\u010dinkem - pr\u00e9miov\u00e1 kvalita - versiegelung24.com\",\"isPartOf\":{\"@id\":\"https:\\\/\\\/www.versiegelung24.com\\\/cs\\\/#website\"},\"primaryImageOfPage\":{\"@id\":\"https:\\\/\\\/www.versiegelung24.com\\\/cs\\\/tesneni-strechy-v-profesionalni-kvalite.html#primaryimage\"},\"image\":{\"@id\":\"https:\\\/\\\/www.versiegelung24.com\\\/cs\\\/tesneni-strechy-v-profesionalni-kvalite.html#primaryimage\"},\"thumbnailUrl\":\"https:\\\/\\\/www.versiegelung24.com\\\/wp-content\\\/uploads\\\/2020\\\/06\\\/produkt-3002-620-1000-Dachversiegelung-scaled.jpg\",\"datePublished\":\"2021-08-02T19:23:44+00:00\",\"dateModified\":\"2025-01-03T22:37:27+00:00\",\"description\":\"St\u0159e\u0161n\u00ed t\u011bsn\u011bn\u00ed v pr\u00e9miov\u00e9 kvalit\u011b vyroben\u00e9 v N\u011bmecku. Zjist\u011bte, jak m\u016f\u017eete ud\u011blat st\u0159echu odolnou v\u016f\u010di pov\u011btrnostn\u00edm vliv\u016fm.\",\"breadcrumb\":{\"@id\":\"https:\\\/\\\/www.versiegelung24.com\\\/cs\\\/tesneni-strechy-v-profesionalni-kvalite.html#breadcrumb\"},\"mainEntity\":[{\"@id\":\"https:\\\/\\\/www.versiegelung24.com\\\/cs\\\/tesneni-strechy-v-profesionalni-kvalite.html#faq-question-1723129133239\"},{\"@id\":\"https:\\\/\\\/www.versiegelung24.com\\\/cs\\\/tesneni-strechy-v-profesionalni-kvalite.html#faq-question-1723129206298\"},{\"@id\":\"https:\\\/\\\/www.versiegelung24.com\\\/cs\\\/tesneni-strechy-v-profesionalni-kvalite.html#faq-question-1723188404369\"},{\"@id\":\"https:\\\/\\\/www.versiegelung24.com\\\/cs\\\/tesneni-strechy-v-profesionalni-kvalite.html#faq-question-1723188391712\"}],\"inLanguage\":\"cs\",\"potentialAction\":[{\"@type\":\"ReadAction\",\"target\":[\"https:\\\/\\\/www.versiegelung24.com\\\/cs\\\/tesneni-strechy-v-profesionalni-kvalite.html\"]}]},{\"@type\":\"ImageObject\",\"inLanguage\":\"cs\",\"@id\":\"https:\\\/\\\/www.versiegelung24.com\\\/cs\\\/tesneni-strechy-v-profesionalni-kvalite.html#primaryimage\",\"url\":\"https:\\\/\\\/www.versiegelung24.com\\\/wp-content\\\/uploads\\\/2020\\\/06\\\/produkt-3002-620-1000-Dachversiegelung-scaled.jpg\",\"contentUrl\":\"https:\\\/\\\/www.versiegelung24.com\\\/wp-content\\\/uploads\\\/2020\\\/06\\\/produkt-3002-620-1000-Dachversiegelung-scaled.jpg\",\"width\":2560,\"height\":2560},{\"@type\":\"BreadcrumbList\",\"@id\":\"https:\\\/\\\/www.versiegelung24.com\\\/cs\\\/tesneni-strechy-v-profesionalni-kvalite.html#breadcrumb\",\"itemListElement\":[{\"@type\":\"ListItem\",\"position\":1,\"name\":\"Domovsk\u00e1 str\u00e1nka\",\"item\":\"https:\\\/\\\/www.versiegelung24.com\\\/cs\\\/predni\\\/\"},{\"@type\":\"ListItem\",\"position\":2,\"name\":\"Prodejna\",\"item\":\"https:\\\/\\\/www.versiegelung24.com\\\/cs\\\/prodejna\\\/\"},{\"@type\":\"ListItem\",\"position\":3,\"name\":\"T\u011bsn\u011bn\u00ed st\u0159echy s dlouhodob\u00fdm a hlubok\u00fdm \u00fa\u010dinkem &#8211; pr\u00e9miov\u00e1 kvalita\"}]},{\"@type\":\"WebSite\",\"@id\":\"https:\\\/\\\/www.versiegelung24.com\\\/cs\\\/#website\",\"url\":\"https:\\\/\\\/www.versiegelung24.com\\\/cs\\\/\",\"name\":\"versiegelung24.com\",\"description\":\"Fl\u00fcssigglas-Versiegelung - Made in Germany\",\"publisher\":{\"@id\":\"https:\\\/\\\/www.versiegelung24.com\\\/cs\\\/#organization\"},\"potentialAction\":[{\"@type\":\"SearchAction\",\"target\":{\"@type\":\"EntryPoint\",\"urlTemplate\":\"https:\\\/\\\/www.versiegelung24.com\\\/cs\\\/?s={search_term_string}\"},\"query-input\":{\"@type\":\"PropertyValueSpecification\",\"valueRequired\":true,\"valueName\":\"search_term_string\"}}],\"inLanguage\":\"cs\"},{\"@type\":\"Organization\",\"@id\":\"https:\\\/\\\/www.versiegelung24.com\\\/cs\\\/#organization\",\"name\":\"versiegelung24\",\"url\":\"https:\\\/\\\/www.versiegelung24.com\\\/cs\\\/\",\"logo\":{\"@type\":\"ImageObject\",\"inLanguage\":\"cs\",\"@id\":\"https:\\\/\\\/www.versiegelung24.com\\\/cs\\\/#\\\/schema\\\/logo\\\/image\\\/\",\"url\":\"https:\\\/\\\/www.versiegelung24.com\\\/wp-content\\\/uploads\\\/2020\\\/04\\\/versiegelung24.png\",\"contentUrl\":\"https:\\\/\\\/www.versiegelung24.com\\\/wp-content\\\/uploads\\\/2020\\\/04\\\/versiegelung24.png\",\"width\":470,\"height\":102,\"caption\":\"versiegelung24\"},\"image\":{\"@id\":\"https:\\\/\\\/www.versiegelung24.com\\\/cs\\\/#\\\/schema\\\/logo\\\/image\\\/\"}},{\"@type\":\"Question\",\"@id\":\"https:\\\/\\\/www.versiegelung24.com\\\/cs\\\/tesneni-strechy-v-profesionalni-kvalite.html#faq-question-1723129133239\",\"position\":1,\"url\":\"https:\\\/\\\/www.versiegelung24.com\\\/cs\\\/tesneni-strechy-v-profesionalni-kvalite.html#faq-question-1723129133239\",\"name\":\"Wieso zeigt Versiegelung nicht die optimale Wirkung \\\/ Warum ist die Wirkung nicht vorhanden? \\\/ Wieso ist der Effekt der Langzeitwirkung nicht gegeben?\",\"answerCount\":1,\"acceptedAnswer\":{\"@type\":\"Answer\",\"text\":\"1. Die Versiegelung kann in ihrer Wirkung beeintr\u00e4chtigt sein, wenn w\u00e4hrend der Applikation oder Trocknungsphase (etwa 24 Stunden) Feuchtigkeit (z.B. Regen oder aufsteigende Feuchtigkeit aus dem Boden) auftritt.<br\\\/>2. Eine nicht vollst\u00e4ndig r\u00fcckstandsfreie Vorreinigung kann ebenfalls zu Problemen f\u00fchren. Es ist essenziell, dass Steinreiniger oder andere Vorreiniger vollst\u00e4ndig entfernt werden.<br\\\/>3. Eventuelle Vorbeschichtungen k\u00f6nnen das optimale Einziehen und Abbinden der Versiegelung verhindern, was zu einer reduzierten oder nicht langanhaltenden Wirkung f\u00fchren kann.\",\"inLanguage\":\"cs\"},\"inLanguage\":\"cs\"},{\"@type\":\"Question\",\"@id\":\"https:\\\/\\\/www.versiegelung24.com\\\/cs\\\/tesneni-strechy-v-profesionalni-kvalite.html#faq-question-1723129206298\",\"position\":2,\"url\":\"https:\\\/\\\/www.versiegelung24.com\\\/cs\\\/tesneni-strechy-v-profesionalni-kvalite.html#faq-question-1723129206298\",\"name\":\"Kann ich die Steine mit einem Hochdruckreiniger (K\u00e4rchern) reinigen?\",\"answerCount\":1,\"acceptedAnswer\":{\"@type\":\"Answer\",\"text\":\"<strong>Empfehlung:<\\\/strong><br\\\/>1. Wir raten generell von der Nutzung eines Hochdruckreinigers f\u00fcr die Reinigung von Stein- und Betonplatten ab. Durch die starke Abrasion werden die Oberfl\u00e4chen besch\u00e4digt und anf\u00e4lliger f\u00fcr erneute Verschmutzung und Algenbewuchs.<br\\\/>2. Die fr\u00e4sende Wirkung des Hochdruckreinigers kann die oberste Schicht einer Versiegelung abtragen, selbst wenn die Hydrophobie in den tieferen Schichten erhalten bleibt.\",\"inLanguage\":\"cs\"},\"inLanguage\":\"cs\"},{\"@type\":\"Question\",\"@id\":\"https:\\\/\\\/www.versiegelung24.com\\\/cs\\\/tesneni-strechy-v-profesionalni-kvalite.html#faq-question-1723188404369\",\"position\":3,\"url\":\"https:\\\/\\\/www.versiegelung24.com\\\/cs\\\/tesneni-strechy-v-profesionalni-kvalite.html#faq-question-1723188404369\",\"name\":\"Warum h\u00e4lt meine Versiegelung nicht so lange wie erwartet?\",\"answerCount\":1,\"acceptedAnswer\":{\"@type\":\"Answer\",\"text\":\"Die Haltbarkeit der Versiegelung kann durch verschiedene Faktoren beeinflusst werden. M\u00f6gliche Probleme w\u00e4hrend der Aufbringung, wie Feuchtigkeitseinwirkung w\u00e4hrend der Trocknungsphase oder eine unzureichende Vorreinigung, k\u00f6nnen die optimale Wirkung beeintr\u00e4chtigen. Zudem kann eine starke Beanspruchung der Oberfl\u00e4che die Lebensdauer der Versiegelung verk\u00fcrzen. Es ist jedoch m\u00f6glich, dass die Tiefenwirkung in den darunter liegenden Schichten weiterhin vorhanden ist.\",\"inLanguage\":\"cs\"},\"inLanguage\":\"cs\"},{\"@type\":\"Question\",\"@id\":\"https:\\\/\\\/www.versiegelung24.com\\\/cs\\\/tesneni-strechy-v-profesionalni-kvalite.html#faq-question-1723188391712\",\"position\":4,\"url\":\"https:\\\/\\\/www.versiegelung24.com\\\/cs\\\/tesneni-strechy-v-profesionalni-kvalite.html#faq-question-1723188391712\",\"name\":\"Warum tritt der gew\u00fcnschte Abperleffekt nicht ein?\",\"answerCount\":1,\"acceptedAnswer\":{\"@type\":\"Answer\",\"text\":\"Der fehlende Abperleffekt k\u00f6nnte auf Probleme bei der Aufbringung der Versiegelung zur\u00fcckzuf\u00fchren sein. Feuchtigkeit w\u00e4hrend der Applikation oder eine nicht vollst\u00e4ndig entfernte Vorreinigung k\u00f6nnen die Wirkung beeintr\u00e4chtigen und verhindern, dass die Versiegelung optimal einzieht und abbinden kann.\",\"inLanguage\":\"cs\"},\"inLanguage\":\"cs\"}]}<\/script>\n<meta property=\"og:availability\" content=\"instock\" \/>\n<meta property=\"product:availability\" content=\"instock\" \/>\n<meta property=\"product:retailer_item_id\" content=\"3002-7620\" \/>\n<meta property=\"product:condition\" content=\"new\" \/>\n<!-- \/ Yoast SEO Premium plugin. -->","yoast_head_json":{"title":"T\u011bsn\u011bn\u00ed st\u0159echy s dlouhodob\u00fdm a hlubok\u00fdm \u00fa\u010dinkem - pr\u00e9miov\u00e1 kvalita - versiegelung24.com","description":"St\u0159e\u0161n\u00ed t\u011bsn\u011bn\u00ed v pr\u00e9miov\u00e9 kvalit\u011b vyroben\u00e9 v N\u011bmecku. Zjist\u011bte, jak m\u016f\u017eete ud\u011blat st\u0159echu odolnou v\u016f\u010di pov\u011btrnostn\u00edm vliv\u016fm.","robots":{"index":"index","follow":"follow","max-snippet":"max-snippet:-1","max-image-preview":"max-image-preview:large","max-video-preview":"max-video-preview:-1"},"canonical":"https:\/\/www.versiegelung24.com\/cs\/tesneni-strechy-v-profesionalni-kvalite.html","og_locale":"cs_CZ","og_type":"article","og_title":"T\u011bsn\u011bn\u00ed st\u0159echy s dlouhodob\u00fdm a hlubok\u00fdm \u00fa\u010dinkem - pr\u00e9miov\u00e1 kvalita","og_description":"St\u0159e\u0161n\u00ed t\u011bsn\u011bn\u00ed v pr\u00e9miov\u00e9 kvalit\u011b vyroben\u00e9 v N\u011bmecku. Zjist\u011bte, jak m\u016f\u017eete ud\u011blat st\u0159echu odolnou v\u016f\u010di pov\u011btrnostn\u00edm vliv\u016fm.","og_url":"https:\/\/www.versiegelung24.com\/cs\/tesneni-strechy-v-profesionalni-kvalite.html","og_site_name":"versiegelung24.com","article_modified_time":"2025-01-03T22:37:27+00:00","og_image":[{"width":2560,"height":2560,"url":"https:\/\/www.versiegelung24.com\/wp-content\/uploads\/2020\/06\/produkt-3002-620-1000-Dachversiegelung-scaled.jpg","type":"image\/jpeg"}],"twitter_card":"summary_large_image","twitter_misc":{"Dostupnost":"Skladem"},"schema":{"@context":"https:\/\/schema.org","@graph":[{"@type":["WebPage","FAQPage"],"@id":"https:\/\/www.versiegelung24.com\/cs\/tesneni-strechy-v-profesionalni-kvalite.html","url":"https:\/\/www.versiegelung24.com\/cs\/tesneni-strechy-v-profesionalni-kvalite.html","name":"T\u011bsn\u011bn\u00ed st\u0159echy s dlouhodob\u00fdm a hlubok\u00fdm \u00fa\u010dinkem - pr\u00e9miov\u00e1 kvalita - versiegelung24.com","isPartOf":{"@id":"https:\/\/www.versiegelung24.com\/cs\/#website"},"primaryImageOfPage":{"@id":"https:\/\/www.versiegelung24.com\/cs\/tesneni-strechy-v-profesionalni-kvalite.html#primaryimage"},"image":{"@id":"https:\/\/www.versiegelung24.com\/cs\/tesneni-strechy-v-profesionalni-kvalite.html#primaryimage"},"thumbnailUrl":"https:\/\/www.versiegelung24.com\/wp-content\/uploads\/2020\/06\/produkt-3002-620-1000-Dachversiegelung-scaled.jpg","datePublished":"2021-08-02T19:23:44+00:00","dateModified":"2025-01-03T22:37:27+00:00","description":"St\u0159e\u0161n\u00ed t\u011bsn\u011bn\u00ed v pr\u00e9miov\u00e9 kvalit\u011b vyroben\u00e9 v N\u011bmecku. Zjist\u011bte, jak m\u016f\u017eete ud\u011blat st\u0159echu odolnou v\u016f\u010di pov\u011btrnostn\u00edm vliv\u016fm.","breadcrumb":{"@id":"https:\/\/www.versiegelung24.com\/cs\/tesneni-strechy-v-profesionalni-kvalite.html#breadcrumb"},"mainEntity":[{"@id":"https:\/\/www.versiegelung24.com\/cs\/tesneni-strechy-v-profesionalni-kvalite.html#faq-question-1723129133239"},{"@id":"https:\/\/www.versiegelung24.com\/cs\/tesneni-strechy-v-profesionalni-kvalite.html#faq-question-1723129206298"},{"@id":"https:\/\/www.versiegelung24.com\/cs\/tesneni-strechy-v-profesionalni-kvalite.html#faq-question-1723188404369"},{"@id":"https:\/\/www.versiegelung24.com\/cs\/tesneni-strechy-v-profesionalni-kvalite.html#faq-question-1723188391712"}],"inLanguage":"cs","potentialAction":[{"@type":"ReadAction","target":["https:\/\/www.versiegelung24.com\/cs\/tesneni-strechy-v-profesionalni-kvalite.html"]}]},{"@type":"ImageObject","inLanguage":"cs","@id":"https:\/\/www.versiegelung24.com\/cs\/tesneni-strechy-v-profesionalni-kvalite.html#primaryimage","url":"https:\/\/www.versiegelung24.com\/wp-content\/uploads\/2020\/06\/produkt-3002-620-1000-Dachversiegelung-scaled.jpg","contentUrl":"https:\/\/www.versiegelung24.com\/wp-content\/uploads\/2020\/06\/produkt-3002-620-1000-Dachversiegelung-scaled.jpg","width":2560,"height":2560},{"@type":"BreadcrumbList","@id":"https:\/\/www.versiegelung24.com\/cs\/tesneni-strechy-v-profesionalni-kvalite.html#breadcrumb","itemListElement":[{"@type":"ListItem","position":1,"name":"Domovsk\u00e1 str\u00e1nka","item":"https:\/\/www.versiegelung24.com\/cs\/predni\/"},{"@type":"ListItem","position":2,"name":"Prodejna","item":"https:\/\/www.versiegelung24.com\/cs\/prodejna\/"},{"@type":"ListItem","position":3,"name":"T\u011bsn\u011bn\u00ed st\u0159echy s dlouhodob\u00fdm a hlubok\u00fdm \u00fa\u010dinkem &#8211; pr\u00e9miov\u00e1 kvalita"}]},{"@type":"WebSite","@id":"https:\/\/www.versiegelung24.com\/cs\/#website","url":"https:\/\/www.versiegelung24.com\/cs\/","name":"versiegelung24.com","description":"Fl\u00fcssigglas-Versiegelung - Made in Germany","publisher":{"@id":"https:\/\/www.versiegelung24.com\/cs\/#organization"},"potentialAction":[{"@type":"SearchAction","target":{"@type":"EntryPoint","urlTemplate":"https:\/\/www.versiegelung24.com\/cs\/?s={search_term_string}"},"query-input":{"@type":"PropertyValueSpecification","valueRequired":true,"valueName":"search_term_string"}}],"inLanguage":"cs"},{"@type":"Organization","@id":"https:\/\/www.versiegelung24.com\/cs\/#organization","name":"versiegelung24","url":"https:\/\/www.versiegelung24.com\/cs\/","logo":{"@type":"ImageObject","inLanguage":"cs","@id":"https:\/\/www.versiegelung24.com\/cs\/#\/schema\/logo\/image\/","url":"https:\/\/www.versiegelung24.com\/wp-content\/uploads\/2020\/04\/versiegelung24.png","contentUrl":"https:\/\/www.versiegelung24.com\/wp-content\/uploads\/2020\/04\/versiegelung24.png","width":470,"height":102,"caption":"versiegelung24"},"image":{"@id":"https:\/\/www.versiegelung24.com\/cs\/#\/schema\/logo\/image\/"}},{"@type":"Question","@id":"https:\/\/www.versiegelung24.com\/cs\/tesneni-strechy-v-profesionalni-kvalite.html#faq-question-1723129133239","position":1,"url":"https:\/\/www.versiegelung24.com\/cs\/tesneni-strechy-v-profesionalni-kvalite.html#faq-question-1723129133239","name":"Wieso zeigt Versiegelung nicht die optimale Wirkung \/ Warum ist die Wirkung nicht vorhanden? \/ Wieso ist der Effekt der Langzeitwirkung nicht gegeben?","answerCount":1,"acceptedAnswer":{"@type":"Answer","text":"1. Die Versiegelung kann in ihrer Wirkung beeintr\u00e4chtigt sein, wenn w\u00e4hrend der Applikation oder Trocknungsphase (etwa 24 Stunden) Feuchtigkeit (z.B. Regen oder aufsteigende Feuchtigkeit aus dem Boden) auftritt.<br\/>2. Eine nicht vollst\u00e4ndig r\u00fcckstandsfreie Vorreinigung kann ebenfalls zu Problemen f\u00fchren. Es ist essenziell, dass Steinreiniger oder andere Vorreiniger vollst\u00e4ndig entfernt werden.<br\/>3. Eventuelle Vorbeschichtungen k\u00f6nnen das optimale Einziehen und Abbinden der Versiegelung verhindern, was zu einer reduzierten oder nicht langanhaltenden Wirkung f\u00fchren kann.","inLanguage":"cs"},"inLanguage":"cs"},{"@type":"Question","@id":"https:\/\/www.versiegelung24.com\/cs\/tesneni-strechy-v-profesionalni-kvalite.html#faq-question-1723129206298","position":2,"url":"https:\/\/www.versiegelung24.com\/cs\/tesneni-strechy-v-profesionalni-kvalite.html#faq-question-1723129206298","name":"Kann ich die Steine mit einem Hochdruckreiniger (K\u00e4rchern) reinigen?","answerCount":1,"acceptedAnswer":{"@type":"Answer","text":"<strong>Empfehlung:<\/strong><br\/>1. Wir raten generell von der Nutzung eines Hochdruckreinigers f\u00fcr die Reinigung von Stein- und Betonplatten ab. Durch die starke Abrasion werden die Oberfl\u00e4chen besch\u00e4digt und anf\u00e4lliger f\u00fcr erneute Verschmutzung und Algenbewuchs.<br\/>2. Die fr\u00e4sende Wirkung des Hochdruckreinigers kann die oberste Schicht einer Versiegelung abtragen, selbst wenn die Hydrophobie in den tieferen Schichten erhalten bleibt.","inLanguage":"cs"},"inLanguage":"cs"},{"@type":"Question","@id":"https:\/\/www.versiegelung24.com\/cs\/tesneni-strechy-v-profesionalni-kvalite.html#faq-question-1723188404369","position":3,"url":"https:\/\/www.versiegelung24.com\/cs\/tesneni-strechy-v-profesionalni-kvalite.html#faq-question-1723188404369","name":"Warum h\u00e4lt meine Versiegelung nicht so lange wie erwartet?","answerCount":1,"acceptedAnswer":{"@type":"Answer","text":"Die Haltbarkeit der Versiegelung kann durch verschiedene Faktoren beeinflusst werden. M\u00f6gliche Probleme w\u00e4hrend der Aufbringung, wie Feuchtigkeitseinwirkung w\u00e4hrend der Trocknungsphase oder eine unzureichende Vorreinigung, k\u00f6nnen die optimale Wirkung beeintr\u00e4chtigen. Zudem kann eine starke Beanspruchung der Oberfl\u00e4che die Lebensdauer der Versiegelung verk\u00fcrzen. Es ist jedoch m\u00f6glich, dass die Tiefenwirkung in den darunter liegenden Schichten weiterhin vorhanden ist.","inLanguage":"cs"},"inLanguage":"cs"},{"@type":"Question","@id":"https:\/\/www.versiegelung24.com\/cs\/tesneni-strechy-v-profesionalni-kvalite.html#faq-question-1723188391712","position":4,"url":"https:\/\/www.versiegelung24.com\/cs\/tesneni-strechy-v-profesionalni-kvalite.html#faq-question-1723188391712","name":"Warum tritt der gew\u00fcnschte Abperleffekt nicht ein?","answerCount":1,"acceptedAnswer":{"@type":"Answer","text":"Der fehlende Abperleffekt k\u00f6nnte auf Probleme bei der Aufbringung der Versiegelung zur\u00fcckzuf\u00fchren sein. Feuchtigkeit w\u00e4hrend der Applikation oder eine nicht vollst\u00e4ndig entfernte Vorreinigung k\u00f6nnen die Wirkung beeintr\u00e4chtigen und verhindern, dass die Versiegelung optimal einzieht und abbinden kann.","inLanguage":"cs"},"inLanguage":"cs"}]},"og_availability":"instock","product_availability":"instock","product_retailer_item_id":"3002-7620","product_condition":"new"},"_links":{"self":[{"href":"https:\/\/www.versiegelung24.com\/cs\/wp-json\/wp\/v2\/product\/23145","targetHints":{"allow":["GET"]}}],"collection":[{"href":"https:\/\/www.versiegelung24.com\/cs\/wp-json\/wp\/v2\/product"}],"about":[{"href":"https:\/\/www.versiegelung24.com\/cs\/wp-json\/wp\/v2\/types\/product"}],"version-history":[{"count":20,"href":"https:\/\/www.versiegelung24.com\/cs\/wp-json\/wp\/v2\/product\/23145\/revisions"}],"predecessor-version":[{"id":174082,"href":"https:\/\/www.versiegelung24.com\/cs\/wp-json\/wp\/v2\/product\/23145\/revisions\/174082"}],"wp:featuredmedia":[{"embeddable":true,"href":"https:\/\/www.versiegelung24.com\/cs\/wp-json\/wp\/v2\/media\/17918"}],"wp:attachment":[{"href":"https:\/\/www.versiegelung24.com\/cs\/wp-json\/wp\/v2\/media?parent=23145"}],"wp:term":[{"taxonomy":"product_brand","embeddable":true,"href":"https:\/\/www.versiegelung24.com\/cs\/wp-json\/wp\/v2\/product_brand?post=23145"},{"taxonomy":"product_cat","embeddable":true,"href":"https:\/\/www.versiegelung24.com\/cs\/wp-json\/wp\/v2\/product_cat?post=23145"},{"taxonomy":"product_tag","embeddable":true,"href":"https:\/\/www.versiegelung24.com\/cs\/wp-json\/wp\/v2\/product_tag?post=23145"}],"curies":[{"name":"wp","href":"https:\/\/api.w.org\/{rel}","templated":true}]}}