{"id":23346,"date":"2020-04-04T18:53:20","date_gmt":"2021-08-02T19:32:38","guid":{"rendered":"https:\/\/www.versiegelung24.com\/produkt\/tesneni-prirodnim-kamenem-v-profesionalni-kvalite"},"modified":"2025-01-04T00:23:40","modified_gmt":"2025-01-03T23:23:40","slug":"tesneni-z-prirodniho-kamene-v-profesionalni-kvalite","status":"publish","type":"product","link":"https:\/\/www.versiegelung24.com\/cs\/tesneni-z-prirodniho-kamene-v-profesionalni-kvalite.html","title":{"rendered":"Tmel na p\u0159\u00edrodn\u00ed k\u00e1men s dlouhodob\u00fdm a hlubok\u00fdm \u00fa\u010dinkem &#8211; pr\u00e9miov\u00e1 kvalita"},"content":{"rendered":"\n<h2 class=\"wp-block-heading\" id=\"h-natursteinversiegelung-premium-qualitat\">T\u011bsn\u011bn\u00ed z p\u0159\u00edrodn\u00edho kamene &#8211; prvot\u0159\u00eddn\u00ed kvalita<\/h2>\n\n<h2 class=\"wp-block-heading\" id=\"h-versiegelung-von-natursteinen\">T\u011bsn\u011bn\u00ed p\u0159\u00edrodn\u00edch kamen\u016f<\/h2>\n\n<p>T\u011bsn\u011bn\u00ed z p\u0159\u00edrodn\u00edho kamene se pou\u017e\u00edv\u00e1 jak uvnit\u0159, tak venku. Proto\u017ee mnoho druh\u016f p\u0159\u00edrodn\u00edho kamene je siln\u011b ovlivn\u011bno po\u010das\u00edm, a proto m\u016f\u017ee dlouhodob\u011b m\u011bnit barvu, je vhodn\u00e9 a rozumn\u00e9 zajistit, aby byly odoln\u00e9 v\u016f\u010di pov\u011btrnostn\u00edm vliv\u016fm pomoc\u00ed t\u011bsn\u011bn\u00ed. Ale nejen vliv na barvu kamene jde ruku v ruce s po\u010das\u00edm, ale tak\u00e9 v tomto p\u0159\u00edpad\u011b nepopul\u00e1rn\u00ed \u017eiv\u00e1 p\u0159\u00edroda, jako je mech a pl\u00edse\u0148, m\u016f\u017ee na kameny za\u00fato\u010dit. Je proto nezbytn\u00e9 udr\u017eovat p\u0159\u00edrodn\u00ed kameny, co\u017e je \u010dasto spojeno s velk\u00fdm \u00fasil\u00edm. I zde pom\u00e1h\u00e1 t\u011bsn\u011bn\u00ed z p\u0159\u00edrodn\u00edho kamene, proto\u017ee je vodoodpudiv\u00e9 a pl\u00edsn\u011b a mech ji\u017e nemohou pevn\u011b p\u0159ilnout nebo je lze velmi snadno odstranit.<\/p>\n\n<p>Na\u0161e t\u011bsn\u011bn\u00ed z p\u0159\u00edrodn\u00edho kamene \u00fa\u010dinn\u011b a trvale chr\u00e1n\u00ed p\u0159ed jak\u00fdmikoli vn\u011bj\u0161\u00edmi vlivy a d\u00edky sv\u00e9mu hloubkov\u00e9mu \u00fa\u010dinku dosahuje jedine\u010dn\u00e9ho dlouhodob\u00e9ho \u00fa\u010dinku, kter\u00fd chr\u00e1n\u00ed k\u00e1men, d\u011bl\u00e1 ho kr\u00e1sn\u011bj\u0161\u00edm po del\u0161\u00ed dobu a zaru\u010duje v\u00fdrazn\u011b del\u0161\u00ed \u017eivotnost. <\/p>\n\n<h2 class=\"wp-block-heading\" id=\"h-verwendung-von-natursteinen\">Pou\u017eit\u00ed p\u0159\u00edrodn\u00edch kamen\u016f<\/h2>\n\n<p>P\u0159\u00edrodn\u00ed kameny byly t\u011b\u017eeny p\u0159ed 3000 lety a pou\u017e\u00edv\u00e1ny k cel\u00e9 \u0159ad\u011b \u00fa\u010del\u016f. V dne\u0161n\u00ed dob\u011b je m\u016f\u017eete naj\u00edt uvnit\u0159 i vn\u011b sv\u00fdch vlastn\u00edch \u201e\u010dty\u0159 st\u011bn\u201c. Tak\u00e9 v<strong> Na zahrad\u011b se \u010dasto pou\u017e\u00edvaj\u00ed p\u0159\u00edrodn\u00ed kameny<\/strong> a v\u017edy upoutaj\u00ed pozornost.<\/p>\n\n<hr\/>\n\n<div class=\"wp-block-columns is-layout-flex wp-container-core-columns-is-layout-9d6595d7 wp-block-columns-is-layout-flex\">\n<div class=\"wp-block-column is-layout-flow wp-block-column-is-layout-flow\">\n<p id=\"video\"><strong>Video k produktu: T\u011bsn\u011bn\u00ed z p\u0159\u00edrodn\u00edho kamene<\/strong><\/p>\n\n\n\n<figure class=\"wp-block-embed is-type-video is-provider-youtube wp-block-embed-youtube wp-embed-aspect-16-9 wp-has-aspect-ratio\"><div class=\"wp-block-embed__wrapper\"> \n<div class=\"nv-iframe-embed\"><iframe title=\"Natursteinplatten versiegeln - Atmungsaktiv mit Fl\u00fcssigglas\" width=\"1200\" height=\"675\" src=\"https:\/\/www.youtube.com\/embed\/CKQXTlS96wU?feature=oembed\" frameborder=\"0\" allow=\"accelerometer; autoplay; clipboard-write; encrypted-media; gyroscope; picture-in-picture\" allowfullscreen><\/iframe><\/div>\n <\/div><\/figure>\n<\/div>\n\n\n\n<div class=\"wp-block-column is-layout-flow wp-block-column-is-layout-flow\">\n<p><strong>Procvi\u010dte si video: ut\u011bsn\u011bn\u00ed \u010dedi\u010dov\u00fdch schod\u016f<\/strong><\/p>\n\n\n\n<figure class=\"wp-block-embed is-type-video is-provider-youtube wp-block-embed-youtube wp-embed-aspect-16-9 wp-has-aspect-ratio\"><div class=\"wp-block-embed__wrapper\"> \n<div class=\"nv-iframe-embed\"><iframe title=\"Basalt &amp; Naturstein Versiegelung mit Tiefenwirkung\" width=\"1200\" height=\"675\" src=\"https:\/\/www.youtube.com\/embed\/ZX6wFckjWcY?feature=oembed\" frameborder=\"0\" allow=\"accelerometer; autoplay; clipboard-write; encrypted-media; gyroscope; picture-in-picture\" allowfullscreen><\/iframe><\/div>\n <\/div><\/figure>\n<\/div>\n<\/div>\n\n<hr\/>\n\n<h4 class=\"wp-block-heading\" id=\"properties\">vlastnosti produktu<\/h4>\n\n<div class=\"wp-block-columns is-layout-flex wp-container-core-columns-is-layout-9d6595d7 wp-block-columns-is-layout-flex\">\n<div class=\"wp-block-column is-layout-flow wp-block-column-is-layout-flow\">\n<p><strong>Vysoce \u00fa\u010dinn\u00fd profesion\u00e1ln\u00ed tmel na p\u0159\u00edrodn\u00ed k\u00e1men s hloubkov\u00fdm efektem a vodoodpudiv\u00fdm lotosov\u00fdm efektem<\/strong><\/p>\n\n\n\n<p><br\/>\u010c\u00edslo polo\u017eky: 3003-7620 Nov\u00e1 verze s vylep\u0161en\u00fdm \u00fa\u010dinkem proti tuku a \u010derven\u00e9mu v\u00ednu (d\u0159\u00edve \u010d\u00edslo polo\u017eky 3003-620)<\/p>\n\n\n\n<p>Vysok\u00e1 kvalita Made in Germany<\/p>\n\n\n\n<p><strong>bezpe\u010dnost produktu<\/strong><\/p>\n\n\n\n<p>Informace o klasifikaci produktu v r\u00e1mci Na\u0159\u00edzen\u00ed o nebezpe\u010dn\u00fdch l\u00e1tk\u00e1ch, bezpe\u010dnostn\u00ed \u00fadaje a \u00fadaje o toxikologii a skladov\u00e1n\u00ed naleznete v na\u0161em bezpe\u010dnostn\u00edm listu.<\/p>\n\n\n\n<p>P\u0159i pou\u017e\u00edv\u00e1n\u00ed v\u011bnujte pozornost vhodn\u00e9mu ochrann\u00e9mu vybaven\u00ed. P\u0159i objedn\u00e1vce doporu\u010dujeme nosit vhodn\u00e9 respira\u010dn\u00ed masky a gumov\u00e9 rukavice.<\/p>\n\n\n\n<p>V p\u0159\u00edpad\u011b kontaktu s poko\u017ekou d\u016fkladn\u011b omyjte m\u00edsta m\u00fddlem a vodou.<\/p>\n\n\n\n<p><strong>\u00falo\u017en\u00fd prostor<\/strong><\/p>\n\n\n\n<p><strong>T\u011bsn\u011bn\u00ed z p\u0159\u00edrodn\u00edho kamene V24<\/strong> nesm\u00ed p\u0159ij\u00edt do styku s vlhkost\u00ed. Skladov\u00e1n\u00ed by m\u011blo prob\u00edhat p\u0159i teplot\u00e1ch mezi -10 \u00b0 C a +40 \u00b0 C.<\/p>\n\n\n\n<p>T\u011bsnic\u00ed hmota z p\u0159\u00edrodn\u00edho kamene V24 m\u00e1 neomezenou trvanlivost v p\u016fvodn\u00edm uzav\u0159en\u00e9m obalu.<\/p>\n<\/div>\n\n\n\n<div class=\"wp-block-column is-layout-flow wp-block-column-is-layout-flow\">\n<p>\u2713 \u00da\u010dinn\u00e1 trval\u00e1 ochrana povrchu p\u0159ed vodou, \u0161p\u00ednou a pov\u011btrnostn\u00edmi vlivy<\/p>\n\n\n\n<p>\u2713 zabra\u0148uje r\u016fstu mech\u016f, li\u0161ejn\u00edk\u016f, hub a dal\u0161\u00edch p\u0159\u00edrodn\u00edch vliv\u016f<\/p>\n\n\n\n<p>\u2713 \u017d\u00e1dn\u00e1 zm\u011bna vzhledu a dojmu povrchu (absolutn\u011b neviditeln\u00fd)<\/p>\n\n\n\n<p>\u2713 extr\u00e9mn\u00ed odolnost proti od\u011bru d\u00edky silikonov\u00fdm slou\u010denin\u00e1m s dlouh\u00fdm \u0159et\u011bzcem (SiO\u00b2)<\/p>\n\n\n\n<p>\u2713 Dlouhotrvaj\u00edc\u00ed efekt hloubky d\u00edky vysok\u00e9 hloubce penetrace a\u017e 25 mm (v z\u00e1vislosti na savosti kamene)<\/p>\n\n\n\n<p>\u2713 Povrch z\u016fst\u00e1v\u00e1 prody\u0161n\u00fd (otev\u0159en\u00fd dif\u00fazi), tak\u017ee zde nen\u00ed \u017e\u00e1dn\u00e1 bari\u00e9rov\u00e1 vrstva ani \u017e\u00e1dn\u00e9 prom\u00e1\u010den\u00ed<\/p>\n\n\n\n<p>\u2713 absolutn\u011b mrazuvzdorn\u00fd (led a sn\u00edh nezp\u016fsobuj\u00ed \u017e\u00e1dn\u00e9 \u0161kody)<\/p>\n\n\n\n<p>\u2713 UV stabiln\u00ed<\/p>\n\n\n\n<p>\u2713 Efekt snadn\u00e9ho \u010di\u0161t\u011bn\u00ed: ne\u010distoty nep\u0159ilnou a lze je snadno odstranit<\/p>\n\n\n\n<p>\u2713 Spr\u00e1vn\u011b aplikovan\u00fd tmel vydr\u017e\u00ed mnoho let, proto\u017ee vytv\u00e1\u0159\u00ed kovalentn\u00ed (trvalou) vazbu s povrchem.<\/p>\n\n\n\n<p>\u2713 Lze aplikovat p\u0159i -10 a\u017e + 70 \u00b0 C<\/p>\n<\/div>\n<\/div>\n\n<hr\/>\n\n<h4 class=\"wp-block-heading\" id=\"application\">aplikac\u00ed<\/h4>\n\n<div class=\"wp-block-columns is-layout-flex wp-container-core-columns-is-layout-9d6595d7 wp-block-columns-is-layout-flex\">\n<div class=\"wp-block-column is-layout-flow wp-block-column-is-layout-flow\">\n<ul class=\"wp-block-list\">\n<li><strong>T\u011bsn\u011bn\u00ed z p\u0159\u00edrodn\u00edho kamene V24<\/strong> dod\u00e1v\u00e1 se p\u0159ipraven\u00fd k pou\u017eit\u00ed a nan\u00e1\u0161\u00ed se ne\u0159ed\u011bn\u00fd na p\u0159edem o\u010di\u0161t\u011bn\u00fd a vysu\u0161en\u00fd povrch. V z\u00e1vislosti na aplikaci je mo\u017en\u00e9 \u0159ed\u011bn\u00ed alkoholem.<\/li>\n<\/ul>\n\n\n\n<ul class=\"wp-block-list\">\n<li>V\u0161echny povrchy, kter\u00e9 maj\u00ed b\u00fdt o\u0161et\u0159eny, mus\u00ed b\u00fdt such\u00e9 a dob\u0159e vy\u010di\u0161t\u011bn\u00e9, proto\u017ee jedin\u011b tak lze zajistit hlubok\u00fd pr\u016fnik tmelu, kter\u00fd m\u00e1 optim\u00e1ln\u00ed dlouhodob\u00fd a hlubok\u00fd \u00fa\u010dinek.<\/li>\n<\/ul>\n\n\n\n<ul class=\"wp-block-list\">\n<li>Po aplikaci se<strong> T\u011bsn\u011bn\u00ed z p\u0159\u00edrodn\u00edho kamene V24<\/strong> z\u016fstat v kontaktu s povrchem jako film kapaliny po dobu n\u011bkolika sekund.<\/li>\n<\/ul>\n\n\n\n<ul class=\"wp-block-list\">\n<li>Povlak je zcela zes\u00ed\u0165ov\u00e1n a vytvrzen po 24 hodin\u00e1ch.<\/li>\n<\/ul>\n\n\n\n<p>Podrobn\u00fd popis aplikace naleznete v na\u0161em datov\u00e9m listu<\/p>\n<\/div>\n\n\n\n<div class=\"wp-block-column is-layout-flow wp-block-column-is-layout-flow\">\n<p>Vhodn\u00fd pro v\u0161echny miner\u00e1ln\u00ed, sav\u00e9 povrchy z p\u0159\u00edrodn\u00edho kamene s otev\u0159en\u00fdmi p\u00f3ry, uvnit\u0159 i venku. Vydatnost cca 10-30m\u00b2 \/ litr.<\/p>\n\n\n\n<p>\u2713 \u017eula<\/p>\n\n\n\n<p>\u2713 mramor<\/p>\n\n\n\n<p>\u2713 b\u0159idlice<\/p>\n\n\n\n<p>\u2713 \u010dedi\u010d<\/p>\n\n\n\n<p>\u2713 p\u00edskovec<\/p>\n\n\n\n<p>\u2713 K\u0159emen<\/p>\n\n\n\n<p><br\/><br\/><br\/>Rozsah dod\u00e1vky: 1 x litrov\u00e1 l\u00e1hev 1 x rozpra\u0161ovac\u00ed hlavice 1 x popis v\u00fdrobku<\/p>\n<\/div>\n<\/div>\n\n<hr\/>\n\n<h4 class=\"wp-block-heading\" id=\"advisor\">Poradce<\/h4>\n\n<h2 class=\"wp-block-heading\" id=\"geeignet-fur-alle-natursteine\">Vhodn\u00fd pro v\u0161echny p\u0159\u00edrodn\u00ed kameny<\/h2>\n\n<p>T\u011bsn\u011bn\u00ed z p\u0159\u00edrodn\u00edho kamene m\u016f\u017eete bez v\u00e1h\u00e1n\u00ed pou\u017e\u00edt na v\u0161echny p\u0159\u00edrodn\u00ed kameny. Bez ohledu na to, zda je to \u017eula, mramor, b\u0159idlice, \u010dedi\u010d, p\u00edskovec, k\u0159emenec, p\u00edskovec a mnoho dal\u0161\u00edch &#8211; je vhodn\u00fd pro v\u0161echny typy.<\/p>\n\n<div class=\"wp-block-columns is-layout-flex wp-container-core-columns-is-layout-9d6595d7 wp-block-columns-is-layout-flex\">\n<div class=\"wp-block-column is-layout-flow wp-block-column-is-layout-flow\">\n<h3 class=\"wp-block-heading\" id=\"h-die-verwendung-im-haus\">Pou\u017eit\u00ed v dom\u00e1cnosti<\/h3>\n\n\n\n<p>Pou\u017e\u00edv\u00e1 se zde mnoho r\u016fzn\u00fdch druh\u016f p\u0159\u00edrodn\u00edho kamene. Nejzn\u00e1m\u011bj\u0161\u00ed jsou b\u00edl\u00fd mramor a \u017eula. Pou\u017e\u00edvaj\u00ed se jako dla\u017edice na podlahy a st\u011bny, jako desky v kuchyn\u00edch nebo jako umyvadla a vany.<\/p>\n<\/div>\n\n\n\n<div class=\"wp-block-column is-layout-flow wp-block-column-is-layout-flow\">\n<h3 class=\"wp-block-heading\" id=\"h-die-verwendung-am-haus\">Pou\u017eit\u00ed doma<\/h3>\n\n\n\n<p>Mo\u017en\u00e9 vyu\u017eit\u00ed v dom\u011b je stejn\u011b po\u010detn\u00e9 jako v dom\u011b. Obl\u00edben\u00e9 kameny zde najdete jako fas\u00e1dn\u00ed panely nebo sl\u00ednku. Vyr\u00e1b\u011bj\u00ed se z nich tak\u00e9 parapety nebo sloupky na balkony.<\/p>\n<\/div>\n\n\n\n<div class=\"wp-block-column is-layout-flow wp-block-column-is-layout-flow\">\n<h3 class=\"wp-block-heading\" id=\"h-die-verwendung-im-garten\">Pou\u017eit\u00ed na zahrad\u011b<\/h3>\n\n\n\n<p>P\u0159\u00edrodn\u00ed kameny jsou na zahrad\u011b tak\u00e9 velmi obl\u00edben\u00e9 a maj\u00ed mnohostrann\u00e9 vyu\u017eit\u00ed. Pou\u017e\u00edvaj\u00ed se jako podlahy na terasy, jako dla\u017eebn\u00ed desky nebo jako kvalitn\u00ed hranice mezi postel\u00ed a chodn\u00edkem. V zahrad\u00e1ch najdete tak\u00e9 sochy, postavy a okrasn\u00e9 font\u00e1ny z p\u0159\u00edrodn\u00edho kamene.<\/p>\n<\/div>\n<\/div>\n\n<div class=\"wp-block-columns is-layout-flex wp-container-core-columns-is-layout-9d6595d7 wp-block-columns-is-layout-flex\">\n<div class=\"wp-block-column is-layout-flow wp-block-column-is-layout-flow\" style=\"flex-basis:33.33%\">\n<h2 class=\"wp-block-heading\" id=\"h-naturstein-versiegelung-im-aussenbereich\">T\u011bsn\u011bn\u00ed p\u0159\u00edrodn\u00edho kamene ve venkovn\u00edm prostoru<\/h2>\n\n\n\n<p>Jak ji\u017e bylo zm\u00edn\u011bno d\u0159\u00edve, hlavn\u00ed probl\u00e9my, kter\u00e9 je zde t\u0159eba vid\u011bt, jsou mech a zm\u011bny barev. Dal\u0161\u00edm aspektem je mrazuvzdornost. Zde existuje mo\u017enost proniknut\u00ed vody do otev\u0159en\u00e9 struktury kamene, co\u017e m\u016f\u017ee v\u00e9st k odlupov\u00e1n\u00ed, kdy\u017e k\u00e1men zmrzne v d\u016fsledku expanze vody v kameni.<\/p>\n\n\n\n<h3 class=\"wp-block-heading\" id=\"h-die-richtige-terrassenversiegelung\">Spr\u00e1vn\u00e9 t\u011bsn\u011bn\u00ed terasy<\/h3>\n\n\n\n<p>Terasa obvykle p\u0159edstavuje nejv\u011bt\u0161\u00ed plochu z p\u0159\u00edrodn\u00edch kamen\u016f ve venkovn\u00edm prostoru domu. Nav\u00edc se toho \u010dasto pou\u017e\u00edv\u00e1 v tepl\u00fdch dnech k odpo\u010dinku a str\u00e1ven\u00ed dne tam. Proto je nejv\u011bt\u0161\u00edm z\u00e1jmem o venkovn\u00ed are\u00e1l zachov\u00e1n\u00ed kr\u00e1sy tohoto nepo\u0161kozen\u00e9ho po mnoho let a\u017e desetilet\u00ed.<\/p>\n\n\n\n<h2 class=\"wp-block-heading\" id=\"h-fliesen-aus-naturstein-versiegeln\">T\u011bsnic\u00ed obklady z p\u0159\u00edrodn\u00edho kamene<\/h2>\n\n\n\n<p>Zde dos\u00e1hnete pln\u00e9 v\u0161estrann\u00e9 ochrany, abyste maximalizovali trvanlivost dla\u017edic z p\u0159\u00edrodn\u00edho kamene. D\u00edky t\u011bsn\u011bn\u00ed je dla\u017edice odpuzuj\u00edc\u00ed vodu a \u0161p\u00ednu, je tak\u00e9 odoln\u00e1 v\u016f\u010di UV z\u00e1\u0159en\u00ed a mrazu, ale z\u016fst\u00e1v\u00e1 prody\u0161n\u00e1. Proto ji\u017e neposkytuje z\u00e1klad pro pl\u00edsn\u011b a je chr\u00e1n\u011bn p\u0159ed v\u0161emi druhy vliv\u016f.<\/p>\n<\/div>\n\n\n\n<div class=\"wp-block-column is-layout-flow wp-block-column-is-layout-flow\" style=\"flex-basis:66.66%\">\n<figure class=\"wp-block-image size-large\"><img fetchpriority=\"high\" decoding=\"async\" width=\"1300\" height=\"975\" src=\"https:\/\/www.versiegelung24.com\/wp-content\/uploads\/2022\/01\/Content_Naturstein_1-1300x975.jpg\" alt=\"\" class=\"wp-image-45353\" srcset=\"https:\/\/www.versiegelung24.com\/wp-content\/uploads\/2022\/01\/Content_Naturstein_1-1300x975.jpg 1300w, https:\/\/www.versiegelung24.com\/wp-content\/uploads\/2022\/01\/Content_Naturstein_1-scaled-600x450.jpg 600w, https:\/\/www.versiegelung24.com\/wp-content\/uploads\/2022\/01\/Content_Naturstein_1-300x225.jpg 300w, https:\/\/www.versiegelung24.com\/wp-content\/uploads\/2022\/01\/Content_Naturstein_1-768x576.jpg 768w, https:\/\/www.versiegelung24.com\/wp-content\/uploads\/2022\/01\/Content_Naturstein_1-1536x1152.jpg 1536w, https:\/\/www.versiegelung24.com\/wp-content\/uploads\/2022\/01\/Content_Naturstein_1-2048x1536.jpg 2048w\" sizes=\"(max-width: 1300px) 100vw, 1300px\" \/><\/figure>\n<\/div>\n<\/div>\n\n<div class=\"wp-block-columns is-layout-flex wp-container-core-columns-is-layout-9d6595d7 wp-block-columns-is-layout-flex\">\n<div class=\"wp-block-column is-layout-flow wp-block-column-is-layout-flow\">\n<h3 class=\"wp-block-heading\" id=\"h-die-natursteinfliese-auf-der-terrasse\">Dla\u017eba z p\u0159\u00edrodn\u00edho kamene na terase<\/h3>\n\n\n\n<p>Dla\u017eba z p\u0159\u00edrodn\u00edho kamene se t\u011b\u0161\u00ed st\u00e1le v\u011bt\u0161\u00ed oblib\u011b a najdete ji na st\u00e1le v\u00edce teras\u00e1ch. Aby byly odoln\u00e9 v\u016f\u010di teplu, chladu, \u0161p\u00edn\u011b, vod\u011b a vliv\u016fm okoln\u00edho prost\u0159ed\u00ed, je nutn\u00e9 speci\u00e1ln\u00ed o\u0161et\u0159en\u00ed. Dod\u00e1v\u00e1 se ve form\u011b t\u011bsn\u011bn\u00ed z p\u0159\u00edrodn\u00edho kamene, kter\u00e9 v\u00e1m umo\u017en\u00ed d\u00e1t dla\u017edici pr\u00e1v\u011b zm\u00edn\u011bn\u00e9 vlastnosti. Zna\u010dn\u011b to prodlou\u017e\u00ed \u017eivotnost va\u0161\u00ed dla\u017edice a budete si ji moci u\u017e\u00edvat po mnoho let.<\/p>\n<\/div>\n\n\n\n<div class=\"wp-block-column is-layout-flow wp-block-column-is-layout-flow\">\n<h3 class=\"wp-block-heading\" id=\"h-terrassenplattenversiegelung-im-detail\">Detailn\u00ed ut\u011bsn\u011bn\u00ed terasov\u00e9 desky<\/h3>\n\n\n\n<p>T\u011bsn\u011bn\u00ed terasov\u00fdch desek p\u0159\u00edrodn\u00edm kamenem m\u00e1 mnoho v\u00fdhod, nap\u0159. B. \u0161p\u00ednu a jin\u00e9 zbytky lze snadno odstranit. Panely jsou nav\u00edc chr\u00e1n\u011bny proti od\u011bru a po de\u0161ti nejsou \u017e\u00e1dn\u00e9 vodn\u00ed skvrny. P\u0159es ut\u011bsn\u011bn\u00ed z\u016fst\u00e1vaj\u00ed p\u0159\u00edrodn\u00ed kameny prody\u0161n\u00e9, co\u017e br\u00e1n\u00ed tvorb\u011b pl\u00edsn\u00ed na spodn\u00ed stran\u011b.<\/p>\n<\/div>\n<\/div>\n\n<div class=\"wp-block-columns is-layout-flex wp-container-core-columns-is-layout-9d6595d7 wp-block-columns-is-layout-flex\">\n<div class=\"wp-block-column is-layout-flow wp-block-column-is-layout-flow\" style=\"flex-basis:66.66%\">\n<figure class=\"wp-block-image size-large\"><img decoding=\"async\" width=\"1300\" height=\"732\" src=\"https:\/\/www.versiegelung24.com\/wp-content\/uploads\/2022\/01\/image-1300x732.png\" alt=\"\" class=\"wp-image-45431\" srcset=\"https:\/\/www.versiegelung24.com\/wp-content\/uploads\/2022\/01\/image-1300x732.png 1300w, https:\/\/www.versiegelung24.com\/wp-content\/uploads\/2022\/01\/image-600x338.png 600w, https:\/\/www.versiegelung24.com\/wp-content\/uploads\/2022\/01\/image-300x169.png 300w, https:\/\/www.versiegelung24.com\/wp-content\/uploads\/2022\/01\/image-768x432.png 768w, https:\/\/www.versiegelung24.com\/wp-content\/uploads\/2022\/01\/image-1536x864.png 1536w, https:\/\/www.versiegelung24.com\/wp-content\/uploads\/2022\/01\/image.png 1919w\" sizes=\"(max-width: 1300px) 100vw, 1300px\" \/><\/figure>\n<\/div>\n\n\n\n<div class=\"wp-block-column is-layout-flow wp-block-column-is-layout-flow\" style=\"flex-basis:33.33%\">\n<h2 class=\"wp-block-heading\" id=\"h-naturstein-im-innenbereich-versiegeln\">T\u011bsn\u011bn\u00ed p\u0159\u00edrodn\u00edho kamene v interi\u00e9ru<\/h2>\n\n\n\n<p>V p\u0159\u00edpad\u011b p\u0159\u00edrodn\u00edch kamen\u016f v interi\u00e9ru jsou to hlavn\u011b probl\u00e9my s tvorbou pl\u00edsn\u00ed v koupeln\u011b a od\u011brky zp\u016fsoben\u00e9 podlahou. D\u00e1le pot\u0159ebujete speci\u00e1ln\u00ed \u010distic\u00ed prost\u0159edky, abyste kameny nesp\u00e1lili a nepo\u0161kodili tak povrch. T\u011bmto probl\u00e9m\u016fm m\u016f\u017eete zabr\u00e1nit pomoc\u00ed pe\u010detidla a v\u00fdrazn\u011b zlep\u0161it \u017eivotnost.<\/p>\n\n\n\n<h4 class=\"wp-block-heading\" id=\"h-natursteinversiegelung-im-bad\">T\u011bsn\u011bn\u00ed p\u0159\u00edrodn\u00edho kamene v koupeln\u011b<\/h4>\n\n\n\n<p>Ve vlhk\u00fdch m\u00edstnostech, jako je koupelna, existuje n\u011bkolik faktor\u016f, kter\u00e9 mohou negativn\u011b ovlivnit p\u0159\u00edrodn\u00ed kameny. Jak n\u00e1zev napov\u00edd\u00e1, jedn\u00e1 se o vysokou \u00farove\u0148 vlhkosti a pou\u017e\u00edv\u00e1n\u00ed m\u00fddel a sprchov\u00fdch gel\u016f. D\u00e1le se pou\u017e\u00edvaj\u00ed \u010distic\u00ed prost\u0159edky, kter\u00e9 mohou napadnout p\u0159\u00edrodn\u00ed k\u00e1men a po\u0161kodit povrch, tak\u017ee se m\u016f\u017ee zm\u011bnit jak barva, tak textura.<\/p>\n<\/div>\n<\/div>\n\n<div class=\"wp-block-columns is-layout-flex wp-container-core-columns-is-layout-9d6595d7 wp-block-columns-is-layout-flex\">\n<div class=\"wp-block-column is-layout-flow wp-block-column-is-layout-flow\">\n<h4 class=\"wp-block-heading\" id=\"h-natursteinversiegelung-in-der-dusche\"> T\u011bsn\u011bn\u00ed z p\u0159\u00edrodn\u00edho kamene ve spr\u0161e<\/h4>\n\n\n\n<p>V sou\u010dasn\u00e9 dob\u011b je st\u00e1le v\u00edce sprch, kter\u00e9 jsou navr\u017eeny na \u00farovni ter\u00e9nu, a proto jsou vybaveny dla\u017edicemi. Pou\u017e\u00edvaj\u00ed se ale i jin\u00e9 designov\u00e9 objekty, jako jsou p\u0159\u00ed\u010dky nebo dokonce sprchov\u00e9 vani\u010dky z p\u0159\u00edrodn\u00edho kamene. Jejich ut\u011bsn\u011bn\u00ed m\u00e1 tu v\u00fdhodu, \u017ee jsou necitliv\u00e9 na vodu, \u0161p\u00ednu, m\u00fddla a \u010distic\u00ed prost\u0159edky. D\u00edky tomu se sn\u00e1ze \u010dist\u00ed, u\u017e se nemus\u00ed tak \u010dasto \u010distit, ale z\u016fst\u00e1vaj\u00ed prody\u0161n\u00e9, aby se zabr\u00e1nilo tvorb\u011b pl\u00edsn\u00ed.<\/p>\n<\/div>\n\n\n\n<div class=\"wp-block-column is-layout-flow wp-block-column-is-layout-flow\">\n<h4 class=\"wp-block-heading\" id=\"h-naturstein-fliesenversiegelung-im-bad\">T\u011bsn\u011bn\u00ed obklad\u016f z p\u0159\u00edrodn\u00edho kamene v koupeln\u011b<\/h4>\n\n\n\n<p>Pravd\u011bpodobn\u011b jste obezn\u00e1meni s skvrnami od vody na obkladech z p\u0159\u00edrodn\u00edho kamene v koupeln\u011b. Po chv\u00edli je ji\u017e nelze odstranit a dla\u017edice zmatn\u00ed a ztrat\u00ed lesk. T\u011bsn\u011bn\u00edm z p\u0159\u00edrodn\u00edho kamene zabr\u00e1n\u00edte vzniku vodn\u00edch skvrn a tak\u00e9 vzniku pl\u00edsn\u00ed a zachov\u00e1te tak kr\u00e1sn\u00fd vzhled va\u0161ich obklad\u016f po cel\u00e1 l\u00e9ta a\u017e desetilet\u00ed.<\/p>\n<\/div>\n<\/div>\n\n<h3 class=\"wp-block-heading\" id=\"h-natursteinversiegelung-im-kuchenbereich\">T\u011bsn\u011bn\u00ed p\u0159\u00edrodn\u00edho kamene v kuchy\u0148sk\u00e9 \u010d\u00e1sti<\/h3>\n\n<p>Hlavn\u00edmi oblastmi pou\u017eit\u00ed p\u0159\u00edrodn\u00edch kamen\u016f v kuchyn\u00edch jsou pracovn\u00ed povrchy a podlahy. Zvl\u00e1\u0161t\u011b pracovn\u00ed povrchy, na kter\u00e9 m\u016f\u017ee vlhkost z potravin rychle proniknout bez ut\u011bsn\u011bn\u00ed, p\u0159edstavuj\u00ed mo\u017enost, \u017ee se bakterie usad\u00ed v p\u0159\u00edrodn\u00edm kameni &#8211; nebezpe\u010d\u00ed pro ka\u017ed\u00e9ho v dom\u011b. Nyn\u00ed je mo\u017en\u00e9 tyto chr\u00e1nit p\u0159ed ne\u010distotami, zabarven\u00edm a bakteriemi ut\u011bsn\u011bn\u00edm p\u0159\u00edrodn\u00edho kamene, proto\u017ee p\u00f3ry kamen\u016f jsou uzav\u0159en\u00e9 a vytv\u00e1\u0159\u00ed se na nich ochrann\u00fd film, kter\u00fd se snadno sm\u00fdv\u00e1.<\/p>\n\n<p>Mramorov\u00e9 a \u017eulov\u00e9 desky jsou odoln\u00e9 v\u016f\u010di kyselin\u00e1m, jako je kyselina citr\u00f3nov\u00e1, ocet a \u010derven\u00e9 v\u00edno, jen kr\u00e1tkodob\u011b. Abyste tohoto efektu dos\u00e1hli intenzivn\u011bji, doporu\u010dujeme tak\u00e9 aplikovat na\u0161e t\u011bsn\u011bn\u00ed <a href=\"https:\/\/www.versiegelung24.com\/cs\/spickove-tesneni-s-trvalou-ochranou.html\">Permanent Protector<\/a> .<\/p>\n\n<h3 class=\"wp-block-heading\" id=\"h-fensterbanke-aus-naturstein\">Okenn\u00ed parapety z p\u0159\u00edrodn\u00edho kamene<\/h3>\n\n<p>Zvl\u00e1\u0161t\u011b okenn\u00ed parapety z tohoto materi\u00e1lu jsou \u010dasto siln\u011b vystaveny pov\u011btrnostn\u00edm vliv\u016fm. Usazuje se na n\u011bm voda a \u0161p\u00edna a zaji\u0161\u0165uj\u00ed, \u017ee se jeho barva v\u00fdrazn\u011b zm\u011bn\u00ed a objev\u00ed se vodn\u00ed skvrny. T\u011bsn\u011bn\u00edm z p\u0159\u00edrodn\u00edho kamene m\u016f\u017eete t\u011bmto vlastnostem zabr\u00e1nit d\u00edky vlastnostem odpuzuj\u00edc\u00edm vodu a ne\u010distoty a prodlou\u017eit intervaly \u010di\u0161t\u011bn\u00ed.<\/p>\n\n<h4 class=\"wp-block-heading\" id=\"faq\">\u010cASTO KLADEN\u00c9 DOTAZY<\/h4>\n\n<div class=\"wp-block-columns is-layout-flex wp-container-core-columns-is-layout-9d6595d7 wp-block-columns-is-layout-flex\">\n<div class=\"wp-block-column is-layout-flow wp-block-column-is-layout-flow\" style=\"flex-basis:100%\">\n<div class=\"schema-faq wp-block-yoast-faq-block\"><div class=\"schema-faq-section\" id=\"faq-question-1723129133239\"><strong class=\"schema-faq-question\">Pro\u010d nem\u00e1 ut\u011bsn\u011bn\u00ed optim\u00e1ln\u00ed \u00fa\u010dinek \/ Pro\u010d nem\u00e1 \u017e\u00e1dn\u00fd \u00fa\u010dinek?\n\/ Pro\u010d nem\u00e1 dlouhodob\u00fd \u00fa\u010dinek? <\/strong> <p class=\"schema-faq-answer\"><br>1. \u00da\u010dinnost tmelu m\u016f\u017ee b\u00fdt naru\u0161ena, pokud se b\u011bhem f\u00e1ze nan\u00e1\u0161en\u00ed nebo schnut\u00ed (cca 24 hodin) objev\u00ed vlhkost (nap\u0159. d\u00e9\u0161\u0165 nebo vzl\u00ednaj\u00edc\u00ed vlhkost z podlahy). 2. Probl\u00e9my m\u016f\u017ee zp\u016fsobit i p\u0159edb\u011b\u017en\u00e9 \u010di\u0161t\u011bn\u00ed, kter\u00e9 nen\u00ed zcela beze zbytku provedeno.\n<br>Je nezbytn\u00e9, aby byly \u010distic\u00ed prost\u0159edky na k\u00e1men nebo jin\u00e9 p\u0159ed\u010dist\u00edc\u00ed prost\u0159edky zcela odstran\u011bny. 3. Jak\u00e9koli p\u0159ed\u010di\u0161t\u011bn\u00ed m\u016f\u017ee zabr\u00e1nit optim\u00e1ln\u00edmu vst\u0159eb\u00e1n\u00ed a usazen\u00ed tmelu, co\u017e m\u016f\u017ee v\u00e9st ke sn\u00ed\u017een\u00e9mu nebo nedlouhotrvaj\u00edc\u00edmu \u00fa\u010dinku. <\/p> <\/div> <div class=\"schema-faq-section\" id=\"faq-question-1723129206298\"><strong class=\"schema-faq-question\">Mohu kameny \u010distit vysokotlak\u00fdm \u010disti\u010dem?<\/strong> <p class=\"schema-faq-answer\"><br>D<strong>oporu\u010den\u00ed:<\/strong> 1. Obecn\u011b nedoporu\u010dujeme pou\u017e\u00edvat tlakovou my\u010dku na \u010di\u0161t\u011bn\u00ed kamenn\u00fdch a betonov\u00fdch desek.\n<br>Siln\u00fd abrazivn\u00ed \u00fa\u010dinek po\u0161kozuje povrchy a zvy\u0161uje jejich n\u00e1chylnost k op\u011btovn\u00e9mu zne\u010di\u0161t\u011bn\u00ed a r\u016fstu \u0159as. 2. Abrazivn\u00ed \u00fa\u010dinek tlakov\u00e9 my\u010dky m\u016f\u017ee odstranit vrchn\u00ed vrstvu tmelu, i kdy\u017e hydrofobicita v hlub\u0161\u00edch vrstv\u00e1ch z\u016fstane neporu\u0161en\u00e1. <\/p> <\/div> <div class=\"schema-faq-section\" id=\"faq-question-1723188404369\"><strong class=\"schema-faq-question\">Pro\u010d m\u016fj tmel nevydr\u017e\u00ed tak dlouho, jak jsem o\u010dek\u00e1val?<\/strong> <p class=\"schema-faq-answer\">Trvanlivost tmelu m\u016f\u017ee b\u00fdt ovlivn\u011bna r\u016fzn\u00fdmi faktory.\nP\u0159\u00edpadn\u00e9 probl\u00e9my p\u0159i aplikaci, jako je vystaven\u00ed vlhkosti b\u011bhem f\u00e1ze schnut\u00ed nebo nedostate\u010dn\u00e9 p\u0159edb\u011b\u017en\u00e9 \u010di\u0161t\u011bn\u00ed, mohou zhor\u0161it optim\u00e1ln\u00ed \u00fa\u010dinek.\nKrom\u011b toho m\u016f\u017ee intenzivn\u00ed pou\u017e\u00edv\u00e1n\u00ed povrchu zkr\u00e1tit \u017eivotnost tmelu.\nJe v\u0161ak mo\u017en\u00e9, \u017ee hloubkov\u00fd efekt je st\u00e1le p\u0159\u00edtomen v podkladov\u00fdch vrstv\u00e1ch.   <\/p> <\/div> <div class=\"schema-faq-section\" id=\"faq-question-1723188391712\"><strong class=\"schema-faq-question\">Pro\u010d nedoch\u00e1z\u00ed k po\u017eadovan\u00e9mu efektu perli\u010dek?<\/strong> <p class=\"schema-faq-answer\">Nedostate\u010dn\u00fd efekt perli\u010dek m\u016f\u017ee b\u00fdt zp\u016fsoben probl\u00e9my s aplikac\u00ed t\u011bsnic\u00edho materi\u00e1lu.\nVlhkost p\u0159i aplikaci nebo ne\u00fapln\u011b odstran\u011bn\u00e9 p\u0159ed\u010di\u0161t\u011bn\u00ed mohou zhor\u0161it \u00fa\u010dinek a zabr\u00e1nit optim\u00e1ln\u00edmu vst\u0159eb\u00e1n\u00ed a vytvrzen\u00ed tmelu. <\/p> <\/div> <\/div>\n<\/div>\n<\/div>\n","protected":false},"excerpt":{"rendered":"<p><strong>Vysoce \u00fa\u010dinn\u00e9 t\u011bsn\u011bn\u00ed z p\u0159\u00edrodn\u00edho kamene pro vnit\u0159n\u00ed i venkovn\u00ed pou\u017eit\u00ed:<\/strong> <\/p>\n<p>\u2713 Vhodn\u00e9 pro v\u0161echny miner\u00e1ln\u00ed, sav\u00e9 povrchy z p\u0159\u00edrodn\u00edho kamene<\/p>\n<p>\u2713 Efekt snadn\u00e9ho \u010di\u0161t\u011bn\u00ed: ne\u010distoty nep\u0159ilnou a lze je snadno odstranit<\/p>\n<p>\u2713 Absolutn\u011b neviditeln\u00e9: nezm\u011bn\u011bn\u00fd vzhled a dojem z povrchu<\/p>\n<p>\u2713 Dlouhotrvaj\u00edc\u00ed hloubkov\u00fd efekt po mnoho let<\/p>\n<p>\u2713 Vodoodpudiv\u00fd efekt lotosov\u00fdch perel<\/p>\n","protected":false},"featured_media":17948,"template":"","meta":{"_acf_changed":false,"neve_meta_sidebar":"","neve_meta_container":"","neve_meta_enable_content_width":"","neve_meta_content_width":0,"neve_meta_title_alignment":"","neve_meta_author_avatar":"","neve_post_elements_order":"","neve_meta_disable_header":"","neve_meta_disable_footer":"","neve_meta_disable_title":"","neve_meta_reading_time":"","_surfaces":[],"_ver_product_tabs":[],"footnotes":""},"product_brand":[],"product_cat":[2313],"product_tag":[],"class_list":{"0":"post-23346","1":"product","2":"type-product","3":"status-publish","4":"has-post-thumbnail","6":"product_cat-tesneni-kamene-a-betonu","7":"pa_gebinde-1000ml-lahev","8":"pa_gebinde-20l-kanystr","9":"pa_gebinde-5l-kanystr","11":"first","12":"instock","13":"taxable","14":"shipping-taxable","15":"purchasable","16":"product-type-variable","17":"has-default-attributes"},"acf":[],"yoast_head":"<!-- This site is optimized with the Yoast SEO Premium plugin v22.8 (Yoast SEO v27.5) - https:\/\/yoast.com\/product\/yoast-seo-premium-wordpress\/ -->\n<title>Tmel na p\u0159\u00edrodn\u00ed k\u00e1men s dlouhodob\u00fdm a hlubok\u00fdm \u00fa\u010dinkem - pr\u00e9miov\u00e1 kvalita - versiegelung24.com<\/title>\n<meta name=\"description\" content=\"T\u011bsn\u011bn\u00ed z p\u0159\u00edrodn\u00edho kamene - v pr\u00e9miov\u00e9 kvalit\u011b - Chra\u0148te sv\u00e9 p\u0159edm\u011bty z p\u0159\u00edrodn\u00edho kamene jako profesion\u00e1lov\u00e9! Nyn\u00ed na Versiegelung24.com!\" \/>\n<meta name=\"robots\" content=\"index, follow, max-snippet:-1, max-image-preview:large, max-video-preview:-1\" \/>\n<link rel=\"canonical\" href=\"https:\/\/www.versiegelung24.com\/cs\/tesneni-z-prirodniho-kamene-v-profesionalni-kvalite.html\" \/>\n<meta property=\"og:locale\" content=\"cs_CZ\" \/>\n<meta property=\"og:type\" content=\"article\" \/>\n<meta property=\"og:title\" content=\"Tmel na p\u0159\u00edrodn\u00ed k\u00e1men s dlouhodob\u00fdm a hlubok\u00fdm \u00fa\u010dinkem - pr\u00e9miov\u00e1 kvalita\" \/>\n<meta property=\"og:description\" content=\"T\u011bsn\u011bn\u00ed z p\u0159\u00edrodn\u00edho kamene - v pr\u00e9miov\u00e9 kvalit\u011b - Chra\u0148te sv\u00e9 p\u0159edm\u011bty z p\u0159\u00edrodn\u00edho kamene jako profesion\u00e1lov\u00e9! Nyn\u00ed na Versiegelung24.com!\" \/>\n<meta property=\"og:url\" content=\"https:\/\/www.versiegelung24.com\/cs\/tesneni-z-prirodniho-kamene-v-profesionalni-kvalite.html\" \/>\n<meta property=\"og:site_name\" content=\"versiegelung24.com\" \/>\n<meta property=\"article:modified_time\" content=\"2025-01-03T23:23:40+00:00\" \/>\n<meta property=\"og:image\" content=\"https:\/\/www.versiegelung24.com\/wp-content\/uploads\/2020\/06\/produkt-3003-620-1000-Natursteinversiegelung-scaled.jpg\" \/>\n\t<meta property=\"og:image:width\" content=\"2560\" \/>\n\t<meta property=\"og:image:height\" content=\"2560\" \/>\n\t<meta property=\"og:image:type\" content=\"image\/jpeg\" \/>\n<meta name=\"twitter:card\" content=\"summary_large_image\" \/>\n<meta name=\"twitter:label1\" content=\"Dostupnost\" \/>\n\t<meta name=\"twitter:data1\" content=\"Skladem\" \/>\n<script type=\"application\/ld+json\" class=\"yoast-schema-graph\">{\"@context\":\"https:\\\/\\\/schema.org\",\"@graph\":[{\"@type\":[\"WebPage\",\"FAQPage\"],\"@id\":\"https:\\\/\\\/www.versiegelung24.com\\\/cs\\\/tesneni-z-prirodniho-kamene-v-profesionalni-kvalite.html\",\"url\":\"https:\\\/\\\/www.versiegelung24.com\\\/cs\\\/tesneni-z-prirodniho-kamene-v-profesionalni-kvalite.html\",\"name\":\"Tmel na p\u0159\u00edrodn\u00ed k\u00e1men s dlouhodob\u00fdm a hlubok\u00fdm \u00fa\u010dinkem - pr\u00e9miov\u00e1 kvalita - versiegelung24.com\",\"isPartOf\":{\"@id\":\"https:\\\/\\\/www.versiegelung24.com\\\/cs\\\/#website\"},\"primaryImageOfPage\":{\"@id\":\"https:\\\/\\\/www.versiegelung24.com\\\/cs\\\/tesneni-z-prirodniho-kamene-v-profesionalni-kvalite.html#primaryimage\"},\"image\":{\"@id\":\"https:\\\/\\\/www.versiegelung24.com\\\/cs\\\/tesneni-z-prirodniho-kamene-v-profesionalni-kvalite.html#primaryimage\"},\"thumbnailUrl\":\"https:\\\/\\\/www.versiegelung24.com\\\/wp-content\\\/uploads\\\/2020\\\/06\\\/produkt-3003-620-1000-Natursteinversiegelung-scaled.jpg\",\"datePublished\":\"2021-08-02T19:32:38+00:00\",\"dateModified\":\"2025-01-03T23:23:40+00:00\",\"description\":\"T\u011bsn\u011bn\u00ed z p\u0159\u00edrodn\u00edho kamene - v pr\u00e9miov\u00e9 kvalit\u011b - Chra\u0148te sv\u00e9 p\u0159edm\u011bty z p\u0159\u00edrodn\u00edho kamene jako profesion\u00e1lov\u00e9! Nyn\u00ed na Versiegelung24.com!\",\"breadcrumb\":{\"@id\":\"https:\\\/\\\/www.versiegelung24.com\\\/cs\\\/tesneni-z-prirodniho-kamene-v-profesionalni-kvalite.html#breadcrumb\"},\"mainEntity\":[{\"@id\":\"https:\\\/\\\/www.versiegelung24.com\\\/cs\\\/tesneni-z-prirodniho-kamene-v-profesionalni-kvalite.html#faq-question-1723129133239\"},{\"@id\":\"https:\\\/\\\/www.versiegelung24.com\\\/cs\\\/tesneni-z-prirodniho-kamene-v-profesionalni-kvalite.html#faq-question-1723129206298\"},{\"@id\":\"https:\\\/\\\/www.versiegelung24.com\\\/cs\\\/tesneni-z-prirodniho-kamene-v-profesionalni-kvalite.html#faq-question-1723188404369\"},{\"@id\":\"https:\\\/\\\/www.versiegelung24.com\\\/cs\\\/tesneni-z-prirodniho-kamene-v-profesionalni-kvalite.html#faq-question-1723188391712\"}],\"inLanguage\":\"cs\",\"potentialAction\":[{\"@type\":\"ReadAction\",\"target\":[\"https:\\\/\\\/www.versiegelung24.com\\\/cs\\\/tesneni-z-prirodniho-kamene-v-profesionalni-kvalite.html\"]}]},{\"@type\":\"ImageObject\",\"inLanguage\":\"cs\",\"@id\":\"https:\\\/\\\/www.versiegelung24.com\\\/cs\\\/tesneni-z-prirodniho-kamene-v-profesionalni-kvalite.html#primaryimage\",\"url\":\"https:\\\/\\\/www.versiegelung24.com\\\/wp-content\\\/uploads\\\/2020\\\/06\\\/produkt-3003-620-1000-Natursteinversiegelung-scaled.jpg\",\"contentUrl\":\"https:\\\/\\\/www.versiegelung24.com\\\/wp-content\\\/uploads\\\/2020\\\/06\\\/produkt-3003-620-1000-Natursteinversiegelung-scaled.jpg\",\"width\":2560,\"height\":2560},{\"@type\":\"BreadcrumbList\",\"@id\":\"https:\\\/\\\/www.versiegelung24.com\\\/cs\\\/tesneni-z-prirodniho-kamene-v-profesionalni-kvalite.html#breadcrumb\",\"itemListElement\":[{\"@type\":\"ListItem\",\"position\":1,\"name\":\"Domovsk\u00e1 str\u00e1nka\",\"item\":\"https:\\\/\\\/www.versiegelung24.com\\\/cs\\\/predni\\\/\"},{\"@type\":\"ListItem\",\"position\":2,\"name\":\"Prodejna\",\"item\":\"https:\\\/\\\/www.versiegelung24.com\\\/cs\\\/prodejna\\\/\"},{\"@type\":\"ListItem\",\"position\":3,\"name\":\"Tmel na p\u0159\u00edrodn\u00ed k\u00e1men s dlouhodob\u00fdm a hlubok\u00fdm \u00fa\u010dinkem &#8211; pr\u00e9miov\u00e1 kvalita\"}]},{\"@type\":\"WebSite\",\"@id\":\"https:\\\/\\\/www.versiegelung24.com\\\/cs\\\/#website\",\"url\":\"https:\\\/\\\/www.versiegelung24.com\\\/cs\\\/\",\"name\":\"versiegelung24.com\",\"description\":\"Fl\u00fcssigglas-Versiegelung - Made in Germany\",\"publisher\":{\"@id\":\"https:\\\/\\\/www.versiegelung24.com\\\/cs\\\/#organization\"},\"potentialAction\":[{\"@type\":\"SearchAction\",\"target\":{\"@type\":\"EntryPoint\",\"urlTemplate\":\"https:\\\/\\\/www.versiegelung24.com\\\/cs\\\/?s={search_term_string}\"},\"query-input\":{\"@type\":\"PropertyValueSpecification\",\"valueRequired\":true,\"valueName\":\"search_term_string\"}}],\"inLanguage\":\"cs\"},{\"@type\":\"Organization\",\"@id\":\"https:\\\/\\\/www.versiegelung24.com\\\/cs\\\/#organization\",\"name\":\"versiegelung24\",\"url\":\"https:\\\/\\\/www.versiegelung24.com\\\/cs\\\/\",\"logo\":{\"@type\":\"ImageObject\",\"inLanguage\":\"cs\",\"@id\":\"https:\\\/\\\/www.versiegelung24.com\\\/cs\\\/#\\\/schema\\\/logo\\\/image\\\/\",\"url\":\"https:\\\/\\\/www.versiegelung24.com\\\/wp-content\\\/uploads\\\/2020\\\/04\\\/versiegelung24.png\",\"contentUrl\":\"https:\\\/\\\/www.versiegelung24.com\\\/wp-content\\\/uploads\\\/2020\\\/04\\\/versiegelung24.png\",\"width\":470,\"height\":102,\"caption\":\"versiegelung24\"},\"image\":{\"@id\":\"https:\\\/\\\/www.versiegelung24.com\\\/cs\\\/#\\\/schema\\\/logo\\\/image\\\/\"}},{\"@type\":\"Question\",\"@id\":\"https:\\\/\\\/www.versiegelung24.com\\\/cs\\\/tesneni-z-prirodniho-kamene-v-profesionalni-kvalite.html#faq-question-1723129133239\",\"position\":1,\"url\":\"https:\\\/\\\/www.versiegelung24.com\\\/cs\\\/tesneni-z-prirodniho-kamene-v-profesionalni-kvalite.html#faq-question-1723129133239\",\"name\":\"Wieso zeigt Versiegelung nicht die optimale Wirkung \\\/ Warum ist die Wirkung nicht vorhanden? \\\/ Wieso ist der Effekt der Langzeitwirkung nicht gegeben?\",\"answerCount\":1,\"acceptedAnswer\":{\"@type\":\"Answer\",\"text\":\"1. Die Versiegelung kann in ihrer Wirkung beeintr\u00e4chtigt sein, wenn w\u00e4hrend der Applikation oder Trocknungsphase (etwa 24 Stunden) Feuchtigkeit (z.B. Regen oder aufsteigende Feuchtigkeit aus dem Boden) auftritt.<br\\\/>2. Eine nicht vollst\u00e4ndig r\u00fcckstandsfreie Vorreinigung kann ebenfalls zu Problemen f\u00fchren. Es ist essenziell, dass Steinreiniger oder andere Vorreiniger vollst\u00e4ndig entfernt werden.<br\\\/>3. Eventuelle Vorbeschichtungen k\u00f6nnen das optimale Einziehen und Abbinden der Versiegelung verhindern, was zu einer reduzierten oder nicht langanhaltenden Wirkung f\u00fchren kann.\",\"inLanguage\":\"cs\"},\"inLanguage\":\"cs\"},{\"@type\":\"Question\",\"@id\":\"https:\\\/\\\/www.versiegelung24.com\\\/cs\\\/tesneni-z-prirodniho-kamene-v-profesionalni-kvalite.html#faq-question-1723129206298\",\"position\":2,\"url\":\"https:\\\/\\\/www.versiegelung24.com\\\/cs\\\/tesneni-z-prirodniho-kamene-v-profesionalni-kvalite.html#faq-question-1723129206298\",\"name\":\"Kann ich die Steine mit einem Hochdruckreiniger (K\u00e4rchern) reinigen?\",\"answerCount\":1,\"acceptedAnswer\":{\"@type\":\"Answer\",\"text\":\"<strong>Empfehlung:<\\\/strong><br\\\/>1. Wir raten generell von der Nutzung eines Hochdruckreinigers f\u00fcr die Reinigung von Stein- und Betonplatten ab. Durch die starke Abrasion werden die Oberfl\u00e4chen besch\u00e4digt und anf\u00e4lliger f\u00fcr erneute Verschmutzung und Algenbewuchs.<br\\\/>2. Die fr\u00e4sende Wirkung des Hochdruckreinigers kann die oberste Schicht einer Versiegelung abtragen, selbst wenn die Hydrophobie in den tieferen Schichten erhalten bleibt.\",\"inLanguage\":\"cs\"},\"inLanguage\":\"cs\"},{\"@type\":\"Question\",\"@id\":\"https:\\\/\\\/www.versiegelung24.com\\\/cs\\\/tesneni-z-prirodniho-kamene-v-profesionalni-kvalite.html#faq-question-1723188404369\",\"position\":3,\"url\":\"https:\\\/\\\/www.versiegelung24.com\\\/cs\\\/tesneni-z-prirodniho-kamene-v-profesionalni-kvalite.html#faq-question-1723188404369\",\"name\":\"Warum h\u00e4lt meine Versiegelung nicht so lange wie erwartet?\",\"answerCount\":1,\"acceptedAnswer\":{\"@type\":\"Answer\",\"text\":\"Die Haltbarkeit der Versiegelung kann durch verschiedene Faktoren beeinflusst werden. M\u00f6gliche Probleme w\u00e4hrend der Aufbringung, wie Feuchtigkeitseinwirkung w\u00e4hrend der Trocknungsphase oder eine unzureichende Vorreinigung, k\u00f6nnen die optimale Wirkung beeintr\u00e4chtigen. Zudem kann eine starke Beanspruchung der Oberfl\u00e4che die Lebensdauer der Versiegelung verk\u00fcrzen. Es ist jedoch m\u00f6glich, dass die Tiefenwirkung in den darunter liegenden Schichten weiterhin vorhanden ist.\",\"inLanguage\":\"cs\"},\"inLanguage\":\"cs\"},{\"@type\":\"Question\",\"@id\":\"https:\\\/\\\/www.versiegelung24.com\\\/cs\\\/tesneni-z-prirodniho-kamene-v-profesionalni-kvalite.html#faq-question-1723188391712\",\"position\":4,\"url\":\"https:\\\/\\\/www.versiegelung24.com\\\/cs\\\/tesneni-z-prirodniho-kamene-v-profesionalni-kvalite.html#faq-question-1723188391712\",\"name\":\"Warum tritt der gew\u00fcnschte Abperleffekt nicht ein?\",\"answerCount\":1,\"acceptedAnswer\":{\"@type\":\"Answer\",\"text\":\"Der fehlende Abperleffekt k\u00f6nnte auf Probleme bei der Aufbringung der Versiegelung zur\u00fcckzuf\u00fchren sein. Feuchtigkeit w\u00e4hrend der Applikation oder eine nicht vollst\u00e4ndig entfernte Vorreinigung k\u00f6nnen die Wirkung beeintr\u00e4chtigen und verhindern, dass die Versiegelung optimal einzieht und abbinden kann.\",\"inLanguage\":\"cs\"},\"inLanguage\":\"cs\"}]}<\/script>\n<meta property=\"og:availability\" content=\"instock\" \/>\n<meta property=\"product:availability\" content=\"instock\" \/>\n<meta property=\"product:retailer_item_id\" content=\"3003-7620\" \/>\n<meta property=\"product:condition\" content=\"new\" \/>\n<!-- \/ Yoast SEO Premium plugin. -->","yoast_head_json":{"title":"Tmel na p\u0159\u00edrodn\u00ed k\u00e1men s dlouhodob\u00fdm a hlubok\u00fdm \u00fa\u010dinkem - pr\u00e9miov\u00e1 kvalita - versiegelung24.com","description":"T\u011bsn\u011bn\u00ed z p\u0159\u00edrodn\u00edho kamene - v pr\u00e9miov\u00e9 kvalit\u011b - Chra\u0148te sv\u00e9 p\u0159edm\u011bty z p\u0159\u00edrodn\u00edho kamene jako profesion\u00e1lov\u00e9! Nyn\u00ed na Versiegelung24.com!","robots":{"index":"index","follow":"follow","max-snippet":"max-snippet:-1","max-image-preview":"max-image-preview:large","max-video-preview":"max-video-preview:-1"},"canonical":"https:\/\/www.versiegelung24.com\/cs\/tesneni-z-prirodniho-kamene-v-profesionalni-kvalite.html","og_locale":"cs_CZ","og_type":"article","og_title":"Tmel na p\u0159\u00edrodn\u00ed k\u00e1men s dlouhodob\u00fdm a hlubok\u00fdm \u00fa\u010dinkem - pr\u00e9miov\u00e1 kvalita","og_description":"T\u011bsn\u011bn\u00ed z p\u0159\u00edrodn\u00edho kamene - v pr\u00e9miov\u00e9 kvalit\u011b - Chra\u0148te sv\u00e9 p\u0159edm\u011bty z p\u0159\u00edrodn\u00edho kamene jako profesion\u00e1lov\u00e9! Nyn\u00ed na Versiegelung24.com!","og_url":"https:\/\/www.versiegelung24.com\/cs\/tesneni-z-prirodniho-kamene-v-profesionalni-kvalite.html","og_site_name":"versiegelung24.com","article_modified_time":"2025-01-03T23:23:40+00:00","og_image":[{"width":2560,"height":2560,"url":"https:\/\/www.versiegelung24.com\/wp-content\/uploads\/2020\/06\/produkt-3003-620-1000-Natursteinversiegelung-scaled.jpg","type":"image\/jpeg"}],"twitter_card":"summary_large_image","twitter_misc":{"Dostupnost":"Skladem"},"schema":{"@context":"https:\/\/schema.org","@graph":[{"@type":["WebPage","FAQPage"],"@id":"https:\/\/www.versiegelung24.com\/cs\/tesneni-z-prirodniho-kamene-v-profesionalni-kvalite.html","url":"https:\/\/www.versiegelung24.com\/cs\/tesneni-z-prirodniho-kamene-v-profesionalni-kvalite.html","name":"Tmel na p\u0159\u00edrodn\u00ed k\u00e1men s dlouhodob\u00fdm a hlubok\u00fdm \u00fa\u010dinkem - pr\u00e9miov\u00e1 kvalita - versiegelung24.com","isPartOf":{"@id":"https:\/\/www.versiegelung24.com\/cs\/#website"},"primaryImageOfPage":{"@id":"https:\/\/www.versiegelung24.com\/cs\/tesneni-z-prirodniho-kamene-v-profesionalni-kvalite.html#primaryimage"},"image":{"@id":"https:\/\/www.versiegelung24.com\/cs\/tesneni-z-prirodniho-kamene-v-profesionalni-kvalite.html#primaryimage"},"thumbnailUrl":"https:\/\/www.versiegelung24.com\/wp-content\/uploads\/2020\/06\/produkt-3003-620-1000-Natursteinversiegelung-scaled.jpg","datePublished":"2021-08-02T19:32:38+00:00","dateModified":"2025-01-03T23:23:40+00:00","description":"T\u011bsn\u011bn\u00ed z p\u0159\u00edrodn\u00edho kamene - v pr\u00e9miov\u00e9 kvalit\u011b - Chra\u0148te sv\u00e9 p\u0159edm\u011bty z p\u0159\u00edrodn\u00edho kamene jako profesion\u00e1lov\u00e9! Nyn\u00ed na Versiegelung24.com!","breadcrumb":{"@id":"https:\/\/www.versiegelung24.com\/cs\/tesneni-z-prirodniho-kamene-v-profesionalni-kvalite.html#breadcrumb"},"mainEntity":[{"@id":"https:\/\/www.versiegelung24.com\/cs\/tesneni-z-prirodniho-kamene-v-profesionalni-kvalite.html#faq-question-1723129133239"},{"@id":"https:\/\/www.versiegelung24.com\/cs\/tesneni-z-prirodniho-kamene-v-profesionalni-kvalite.html#faq-question-1723129206298"},{"@id":"https:\/\/www.versiegelung24.com\/cs\/tesneni-z-prirodniho-kamene-v-profesionalni-kvalite.html#faq-question-1723188404369"},{"@id":"https:\/\/www.versiegelung24.com\/cs\/tesneni-z-prirodniho-kamene-v-profesionalni-kvalite.html#faq-question-1723188391712"}],"inLanguage":"cs","potentialAction":[{"@type":"ReadAction","target":["https:\/\/www.versiegelung24.com\/cs\/tesneni-z-prirodniho-kamene-v-profesionalni-kvalite.html"]}]},{"@type":"ImageObject","inLanguage":"cs","@id":"https:\/\/www.versiegelung24.com\/cs\/tesneni-z-prirodniho-kamene-v-profesionalni-kvalite.html#primaryimage","url":"https:\/\/www.versiegelung24.com\/wp-content\/uploads\/2020\/06\/produkt-3003-620-1000-Natursteinversiegelung-scaled.jpg","contentUrl":"https:\/\/www.versiegelung24.com\/wp-content\/uploads\/2020\/06\/produkt-3003-620-1000-Natursteinversiegelung-scaled.jpg","width":2560,"height":2560},{"@type":"BreadcrumbList","@id":"https:\/\/www.versiegelung24.com\/cs\/tesneni-z-prirodniho-kamene-v-profesionalni-kvalite.html#breadcrumb","itemListElement":[{"@type":"ListItem","position":1,"name":"Domovsk\u00e1 str\u00e1nka","item":"https:\/\/www.versiegelung24.com\/cs\/predni\/"},{"@type":"ListItem","position":2,"name":"Prodejna","item":"https:\/\/www.versiegelung24.com\/cs\/prodejna\/"},{"@type":"ListItem","position":3,"name":"Tmel na p\u0159\u00edrodn\u00ed k\u00e1men s dlouhodob\u00fdm a hlubok\u00fdm \u00fa\u010dinkem &#8211; pr\u00e9miov\u00e1 kvalita"}]},{"@type":"WebSite","@id":"https:\/\/www.versiegelung24.com\/cs\/#website","url":"https:\/\/www.versiegelung24.com\/cs\/","name":"versiegelung24.com","description":"Fl\u00fcssigglas-Versiegelung - Made in Germany","publisher":{"@id":"https:\/\/www.versiegelung24.com\/cs\/#organization"},"potentialAction":[{"@type":"SearchAction","target":{"@type":"EntryPoint","urlTemplate":"https:\/\/www.versiegelung24.com\/cs\/?s={search_term_string}"},"query-input":{"@type":"PropertyValueSpecification","valueRequired":true,"valueName":"search_term_string"}}],"inLanguage":"cs"},{"@type":"Organization","@id":"https:\/\/www.versiegelung24.com\/cs\/#organization","name":"versiegelung24","url":"https:\/\/www.versiegelung24.com\/cs\/","logo":{"@type":"ImageObject","inLanguage":"cs","@id":"https:\/\/www.versiegelung24.com\/cs\/#\/schema\/logo\/image\/","url":"https:\/\/www.versiegelung24.com\/wp-content\/uploads\/2020\/04\/versiegelung24.png","contentUrl":"https:\/\/www.versiegelung24.com\/wp-content\/uploads\/2020\/04\/versiegelung24.png","width":470,"height":102,"caption":"versiegelung24"},"image":{"@id":"https:\/\/www.versiegelung24.com\/cs\/#\/schema\/logo\/image\/"}},{"@type":"Question","@id":"https:\/\/www.versiegelung24.com\/cs\/tesneni-z-prirodniho-kamene-v-profesionalni-kvalite.html#faq-question-1723129133239","position":1,"url":"https:\/\/www.versiegelung24.com\/cs\/tesneni-z-prirodniho-kamene-v-profesionalni-kvalite.html#faq-question-1723129133239","name":"Wieso zeigt Versiegelung nicht die optimale Wirkung \/ Warum ist die Wirkung nicht vorhanden? \/ Wieso ist der Effekt der Langzeitwirkung nicht gegeben?","answerCount":1,"acceptedAnswer":{"@type":"Answer","text":"1. Die Versiegelung kann in ihrer Wirkung beeintr\u00e4chtigt sein, wenn w\u00e4hrend der Applikation oder Trocknungsphase (etwa 24 Stunden) Feuchtigkeit (z.B. Regen oder aufsteigende Feuchtigkeit aus dem Boden) auftritt.<br\/>2. Eine nicht vollst\u00e4ndig r\u00fcckstandsfreie Vorreinigung kann ebenfalls zu Problemen f\u00fchren. Es ist essenziell, dass Steinreiniger oder andere Vorreiniger vollst\u00e4ndig entfernt werden.<br\/>3. Eventuelle Vorbeschichtungen k\u00f6nnen das optimale Einziehen und Abbinden der Versiegelung verhindern, was zu einer reduzierten oder nicht langanhaltenden Wirkung f\u00fchren kann.","inLanguage":"cs"},"inLanguage":"cs"},{"@type":"Question","@id":"https:\/\/www.versiegelung24.com\/cs\/tesneni-z-prirodniho-kamene-v-profesionalni-kvalite.html#faq-question-1723129206298","position":2,"url":"https:\/\/www.versiegelung24.com\/cs\/tesneni-z-prirodniho-kamene-v-profesionalni-kvalite.html#faq-question-1723129206298","name":"Kann ich die Steine mit einem Hochdruckreiniger (K\u00e4rchern) reinigen?","answerCount":1,"acceptedAnswer":{"@type":"Answer","text":"<strong>Empfehlung:<\/strong><br\/>1. Wir raten generell von der Nutzung eines Hochdruckreinigers f\u00fcr die Reinigung von Stein- und Betonplatten ab. Durch die starke Abrasion werden die Oberfl\u00e4chen besch\u00e4digt und anf\u00e4lliger f\u00fcr erneute Verschmutzung und Algenbewuchs.<br\/>2. Die fr\u00e4sende Wirkung des Hochdruckreinigers kann die oberste Schicht einer Versiegelung abtragen, selbst wenn die Hydrophobie in den tieferen Schichten erhalten bleibt.","inLanguage":"cs"},"inLanguage":"cs"},{"@type":"Question","@id":"https:\/\/www.versiegelung24.com\/cs\/tesneni-z-prirodniho-kamene-v-profesionalni-kvalite.html#faq-question-1723188404369","position":3,"url":"https:\/\/www.versiegelung24.com\/cs\/tesneni-z-prirodniho-kamene-v-profesionalni-kvalite.html#faq-question-1723188404369","name":"Warum h\u00e4lt meine Versiegelung nicht so lange wie erwartet?","answerCount":1,"acceptedAnswer":{"@type":"Answer","text":"Die Haltbarkeit der Versiegelung kann durch verschiedene Faktoren beeinflusst werden. M\u00f6gliche Probleme w\u00e4hrend der Aufbringung, wie Feuchtigkeitseinwirkung w\u00e4hrend der Trocknungsphase oder eine unzureichende Vorreinigung, k\u00f6nnen die optimale Wirkung beeintr\u00e4chtigen. Zudem kann eine starke Beanspruchung der Oberfl\u00e4che die Lebensdauer der Versiegelung verk\u00fcrzen. Es ist jedoch m\u00f6glich, dass die Tiefenwirkung in den darunter liegenden Schichten weiterhin vorhanden ist.","inLanguage":"cs"},"inLanguage":"cs"},{"@type":"Question","@id":"https:\/\/www.versiegelung24.com\/cs\/tesneni-z-prirodniho-kamene-v-profesionalni-kvalite.html#faq-question-1723188391712","position":4,"url":"https:\/\/www.versiegelung24.com\/cs\/tesneni-z-prirodniho-kamene-v-profesionalni-kvalite.html#faq-question-1723188391712","name":"Warum tritt der gew\u00fcnschte Abperleffekt nicht ein?","answerCount":1,"acceptedAnswer":{"@type":"Answer","text":"Der fehlende Abperleffekt k\u00f6nnte auf Probleme bei der Aufbringung der Versiegelung zur\u00fcckzuf\u00fchren sein. Feuchtigkeit w\u00e4hrend der Applikation oder eine nicht vollst\u00e4ndig entfernte Vorreinigung k\u00f6nnen die Wirkung beeintr\u00e4chtigen und verhindern, dass die Versiegelung optimal einzieht und abbinden kann.","inLanguage":"cs"},"inLanguage":"cs"}]},"og_availability":"instock","product_availability":"instock","product_retailer_item_id":"3003-7620","product_condition":"new"},"_links":{"self":[{"href":"https:\/\/www.versiegelung24.com\/cs\/wp-json\/wp\/v2\/product\/23346","targetHints":{"allow":["GET"]}}],"collection":[{"href":"https:\/\/www.versiegelung24.com\/cs\/wp-json\/wp\/v2\/product"}],"about":[{"href":"https:\/\/www.versiegelung24.com\/cs\/wp-json\/wp\/v2\/types\/product"}],"version-history":[{"count":40,"href":"https:\/\/www.versiegelung24.com\/cs\/wp-json\/wp\/v2\/product\/23346\/revisions"}],"predecessor-version":[{"id":174189,"href":"https:\/\/www.versiegelung24.com\/cs\/wp-json\/wp\/v2\/product\/23346\/revisions\/174189"}],"wp:featuredmedia":[{"embeddable":true,"href":"https:\/\/www.versiegelung24.com\/cs\/wp-json\/wp\/v2\/media\/17948"}],"wp:attachment":[{"href":"https:\/\/www.versiegelung24.com\/cs\/wp-json\/wp\/v2\/media?parent=23346"}],"wp:term":[{"taxonomy":"product_brand","embeddable":true,"href":"https:\/\/www.versiegelung24.com\/cs\/wp-json\/wp\/v2\/product_brand?post=23346"},{"taxonomy":"product_cat","embeddable":true,"href":"https:\/\/www.versiegelung24.com\/cs\/wp-json\/wp\/v2\/product_cat?post=23346"},{"taxonomy":"product_tag","embeddable":true,"href":"https:\/\/www.versiegelung24.com\/cs\/wp-json\/wp\/v2\/product_tag?post=23346"}],"curies":[{"name":"wp","href":"https:\/\/api.w.org\/{rel}","templated":true}]}}