{"id":23801,"date":"2020-04-04T18:53:46","date_gmt":"2021-08-02T20:05:52","guid":{"rendered":"https:\/\/www.versiegelung24.com\/produkt\/uterka-z-mikrovlakna-30x30-cm-pro-predcisteni-nebo-lesteni"},"modified":"2025-01-04T00:08:34","modified_gmt":"2025-01-03T23:08:34","slug":"hadrik-z-mikrovlakna-30x30cm-na-predcisteni-nebo-lesteni","status":"publish","type":"product","link":"https:\/\/www.versiegelung24.com\/cs\/hadrik-z-mikrovlakna-30x30cm-na-predcisteni-nebo-lesteni.html","title":{"rendered":"Ut\u011brka z mikrovl\u00e1kna 30&#215;30 cm pro p\u0159edb\u011b\u017en\u00e9 \u010di\u0161t\u011bn\u00ed nebo le\u0161t\u011bn\u00ed"},"content":{"rendered":"\n<p>Had\u0159\u00edk z mikrovl\u00e1kna pro p\u0159edb\u011b\u017en\u00e9 \u010di\u0161t\u011bn\u00ed nebo z\u00e1v\u011bre\u010dn\u00e9 le\u0161t\u011bn\u00ed.<\/p>\n\n<p>Vzhledem k vysok\u00e9 nas\u00e1kavosti doporu\u010dujeme had\u0159\u00edk z <a href=\"https:\/\/www.versiegelung24.com\/applikationstuch-20x20cm.html\">mikrovl\u00e1kna tak\u00e9 pro nan\u00e1\u0161en\u00ed na\u0161ich tekut\u00fdch tmel\u016f na sklo<\/a><\/p>\n\n<p>Pro ka\u017ed\u00fd krok aplikace na\u0161ich povrchov\u00fdch tmel\u016f a impregnac\u00ed doporu\u010dujeme pou\u017e\u00edt samostatnou ut\u011brku z mikrovl\u00e1kna.<\/p>\n\n<p>Materi\u00e1l je opakovan\u011b pou\u017eiteln\u00fd, a proto je velmi \u0161etrn\u00fd k \u017eivotn\u00edmu prost\u0159ed\u00ed. Snadno se pere v pra\u010dce bez prac\u00edho prost\u0159edku.<\/p>\n\n<hr\/>\n\n<h4 class=\"wp-block-heading\" id=\"properties\">Vlastnosti produktu<\/h4>\n\n<div class=\"wp-block-columns is-layout-flex wp-container-core-columns-is-layout-9d6595d7 wp-block-columns-is-layout-flex\">\n<div class=\"wp-block-column is-layout-flow wp-block-column-is-layout-flow\">\n<p><br\/><br\/>Slo\u017een\u00ed: 80% polyester, 20% polyamid Velikost: 30x30cm Barva: modr\u00e1 nebo b\u00edl\u00e1 (vyberte si pros\u00edm)<\/p>\n<\/div>\n\n\n\n<div class=\"wp-block-column is-layout-flow wp-block-column-is-layout-flow\">\n<p>Vysok\u00e1 kvalita s hmotnost\u00ed su\u0161iny 280 g\/m2.<\/p>\n<\/div>\n<\/div>\n\n<hr\/>\n\n<h4 class=\"wp-block-heading\" id=\"application\">Aplikace<\/h4>\n\n<p>Lze je pou\u017e\u00edvat univerz\u00e1ln\u011b v interi\u00e9ru i exteri\u00e9ru. Ide\u00e1ln\u00ed velikost pro \u010di\u0161t\u011bn\u00ed skla, keramiky, lod\u00ed, automobil\u016f a obytn\u00fdch voz\u016f.<\/p>\n\n<p>\u010ci\u0161t\u011bn\u00ed bez \u017emolk\u016f, bez po\u0161kr\u00e1b\u00e1n\u00ed a rychleschnouc\u00ed. Ne\u010distoty a prachov\u00e9 \u010d\u00e1stice jsou absorbov\u00e1ny prakticky beze zbytku.<\/p>\n\n<hr\/>\n\n<h4 class=\"wp-block-heading\" id=\"advisor\">Poradce<\/h4>\n\n<p><strong>Mnoho na\u0161ich z\u00e1kazn\u00edk\u016f d\u00e1v\u00e1 p\u0159ednost na\u0161im b\u00edl\u00fdm ut\u011brk\u00e1m z mikrovl\u00e1kna<\/strong> &#8211; pokud na ut\u011brce po \u010di\u0161t\u011bn\u00ed z\u016fst\u00e1vaj\u00ed ne\u010distoty, povrch je\u0161t\u011b nebyl zcela a optim\u00e1ln\u011b vy\u010di\u0161t\u011bn. Dobr\u00e9ho t\u011bsnic\u00edho \u00fa\u010dinku lze dos\u00e1hnout pouze tehdy, pokud na povrchu nejsou \u017e\u00e1dn\u00e9 dal\u0161\u00ed ne\u010distoty.<\/p>\n","protected":false},"excerpt":{"rendered":"<p><strong>Had\u0159\u00edk z mikrovl\u00e1kna pro p\u0159edb\u011b\u017en\u00e9 \u010di\u0161t\u011bn\u00ed nebo z\u00e1v\u011bre\u010dn\u00e9 le\u0161t\u011bn\u00ed:<\/strong><\/p>\n<p>\u2713 Opakovan\u00e9 pou\u017eit\u00ed<\/p>\n<p>\u2713 \u0160etrn\u00e9 k \u017eivotn\u00edmu prost\u0159ed\u00ed<\/p>\n<p>\u2713 Extr\u00e9mn\u011b absorp\u010dn\u00ed<\/p>\n<p>\u2713 Rychleschnouc\u00ed<\/p>\n<p>\u2713 Bez \u017emolk\u016f<\/p>\n<p>\u2713 Bez \u0161kr\u00e1banc\u016f<\/p>\n<p>\u2713 80% polyester \/ 20% polyamid  <\/p>\n<p>\u2713 Such\u00e1 hmotnost 280 g\/m2<\/p>\n","protected":false},"featured_media":16594,"template":"","meta":{"_acf_changed":false,"neve_meta_sidebar":"","neve_meta_container":"","neve_meta_enable_content_width":"","neve_meta_content_width":0,"neve_meta_title_alignment":"","neve_meta_author_avatar":"","neve_post_elements_order":"","neve_meta_disable_header":"","neve_meta_disable_footer":"","neve_meta_disable_title":"","neve_meta_reading_time":"","_surfaces":[],"_ver_product_tabs":[],"footnotes":""},"product_brand":[],"product_cat":[2309,2316,2476,2731,2223,3066,2236,2237,2238,2257],"product_tag":[],"class_list":{"0":"post-23801","1":"product","2":"type-product","3":"status-publish","4":"has-post-thumbnail","6":"product_cat-kovove-a-plastove-tesneni","7":"product_cat-cistici-prostredky","8":"product_cat-univerzalni-tesneni","9":"product_cat-dezinfekcni-prostredek-na-ruce","10":"product_cat-tesneni-auta","11":"product_cat-zarizeni","12":"product_cat-dezinfekcni-prostredky","13":"product_cat-povrchove-dezinfekcni-prostredky","14":"product_cat-dezinfekcni-koncentraty","15":"product_cat-tesneni-na-sklo-a-keramiku","16":"pa_farbe-modry","17":"pa_farbe-bily","19":"first","20":"instock","21":"taxable","22":"shipping-taxable","23":"purchasable","24":"product-type-variable","25":"has-default-attributes"},"acf":[],"yoast_head":"<!-- This site is optimized with the Yoast SEO Premium plugin v22.8 (Yoast SEO v27.5) - https:\/\/yoast.com\/product\/yoast-seo-premium-wordpress\/ -->\n<title>Ut\u011brka z mikrovl\u00e1kna 30x30 cm pro p\u0159edb\u011b\u017en\u00e9 \u010di\u0161t\u011bn\u00ed nebo le\u0161t\u011bn\u00ed - versiegelung24.com<\/title>\n<meta name=\"robots\" content=\"index, follow, max-snippet:-1, max-image-preview:large, max-video-preview:-1\" \/>\n<link rel=\"canonical\" href=\"https:\/\/www.versiegelung24.com\/cs\/hadrik-z-mikrovlakna-30x30cm-na-predcisteni-nebo-lesteni.html\" \/>\n<meta property=\"og:locale\" content=\"cs_CZ\" \/>\n<meta property=\"og:type\" content=\"article\" \/>\n<meta property=\"og:title\" content=\"Ut\u011brka z mikrovl\u00e1kna 30x30 cm pro p\u0159edb\u011b\u017en\u00e9 \u010di\u0161t\u011bn\u00ed nebo le\u0161t\u011bn\u00ed\" \/>\n<meta property=\"og:description\" content=\"Had\u0159\u00edk z mikrovl\u00e1kna pro p\u0159edb\u011b\u017en\u00e9 \u010di\u0161t\u011bn\u00ed nebo z\u00e1v\u011bre\u010dn\u00e9 le\u0161t\u011bn\u00ed: \u2713 Opakovan\u00e9 pou\u017eit\u00ed \u2713 \u0160etrn\u00e9 k \u017eivotn\u00edmu prost\u0159ed\u00ed \u2713 Extr\u00e9mn\u011b absorp\u010dn\u00ed \u2713 Rychleschnouc\u00ed \u2713 Bez \u017emolk\u016f \u2713 Bez \u0161kr\u00e1banc\u016f \u2713 80% polyester \/ 20% polyamid  \u2713 Such\u00e1 hmotnost 280 g\/m2\" \/>\n<meta property=\"og:url\" content=\"https:\/\/www.versiegelung24.com\/cs\/hadrik-z-mikrovlakna-30x30cm-na-predcisteni-nebo-lesteni.html\" \/>\n<meta property=\"og:site_name\" content=\"versiegelung24.com\" \/>\n<meta property=\"article:modified_time\" content=\"2025-01-03T23:08:34+00:00\" \/>\n<meta property=\"og:image\" content=\"https:\/\/www.versiegelung24.com\/wp-content\/uploads\/2020\/06\/mikrofasertuch-weiss_2.png\" \/>\n\t<meta property=\"og:image:width\" content=\"650\" \/>\n\t<meta property=\"og:image:height\" content=\"650\" \/>\n\t<meta property=\"og:image:type\" content=\"image\/png\" \/>\n<meta name=\"twitter:card\" content=\"summary_large_image\" \/>\n<meta name=\"twitter:label1\" content=\"Dostupnost\" \/>\n\t<meta name=\"twitter:data1\" content=\"Skladem\" \/>\n<script type=\"application\/ld+json\" class=\"yoast-schema-graph\">{\"@context\":\"https:\\\/\\\/schema.org\",\"@graph\":[{\"@type\":\"WebPage\",\"@id\":\"https:\\\/\\\/www.versiegelung24.com\\\/cs\\\/hadrik-z-mikrovlakna-30x30cm-na-predcisteni-nebo-lesteni.html\",\"url\":\"https:\\\/\\\/www.versiegelung24.com\\\/cs\\\/hadrik-z-mikrovlakna-30x30cm-na-predcisteni-nebo-lesteni.html\",\"name\":\"Ut\u011brka z mikrovl\u00e1kna 30x30 cm pro p\u0159edb\u011b\u017en\u00e9 \u010di\u0161t\u011bn\u00ed nebo le\u0161t\u011bn\u00ed - versiegelung24.com\",\"isPartOf\":{\"@id\":\"https:\\\/\\\/www.versiegelung24.com\\\/cs\\\/#website\"},\"primaryImageOfPage\":{\"@id\":\"https:\\\/\\\/www.versiegelung24.com\\\/cs\\\/hadrik-z-mikrovlakna-30x30cm-na-predcisteni-nebo-lesteni.html#primaryimage\"},\"image\":{\"@id\":\"https:\\\/\\\/www.versiegelung24.com\\\/cs\\\/hadrik-z-mikrovlakna-30x30cm-na-predcisteni-nebo-lesteni.html#primaryimage\"},\"thumbnailUrl\":\"https:\\\/\\\/www.versiegelung24.com\\\/wp-content\\\/uploads\\\/2020\\\/06\\\/mikrofasertuch-weiss_2.png\",\"datePublished\":\"2021-08-02T20:05:52+00:00\",\"dateModified\":\"2025-01-03T23:08:34+00:00\",\"breadcrumb\":{\"@id\":\"https:\\\/\\\/www.versiegelung24.com\\\/cs\\\/hadrik-z-mikrovlakna-30x30cm-na-predcisteni-nebo-lesteni.html#breadcrumb\"},\"inLanguage\":\"cs\",\"potentialAction\":[{\"@type\":\"ReadAction\",\"target\":[\"https:\\\/\\\/www.versiegelung24.com\\\/cs\\\/hadrik-z-mikrovlakna-30x30cm-na-predcisteni-nebo-lesteni.html\"]}]},{\"@type\":\"ImageObject\",\"inLanguage\":\"cs\",\"@id\":\"https:\\\/\\\/www.versiegelung24.com\\\/cs\\\/hadrik-z-mikrovlakna-30x30cm-na-predcisteni-nebo-lesteni.html#primaryimage\",\"url\":\"https:\\\/\\\/www.versiegelung24.com\\\/wp-content\\\/uploads\\\/2020\\\/06\\\/mikrofasertuch-weiss_2.png\",\"contentUrl\":\"https:\\\/\\\/www.versiegelung24.com\\\/wp-content\\\/uploads\\\/2020\\\/06\\\/mikrofasertuch-weiss_2.png\",\"width\":650,\"height\":650},{\"@type\":\"BreadcrumbList\",\"@id\":\"https:\\\/\\\/www.versiegelung24.com\\\/cs\\\/hadrik-z-mikrovlakna-30x30cm-na-predcisteni-nebo-lesteni.html#breadcrumb\",\"itemListElement\":[{\"@type\":\"ListItem\",\"position\":1,\"name\":\"Domovsk\u00e1 str\u00e1nka\",\"item\":\"https:\\\/\\\/www.versiegelung24.com\\\/cs\\\/predni\\\/\"},{\"@type\":\"ListItem\",\"position\":2,\"name\":\"Prodejna\",\"item\":\"https:\\\/\\\/www.versiegelung24.com\\\/cs\\\/prodejna\\\/\"},{\"@type\":\"ListItem\",\"position\":3,\"name\":\"Ut\u011brka z mikrovl\u00e1kna 30&#215;30 cm pro p\u0159edb\u011b\u017en\u00e9 \u010di\u0161t\u011bn\u00ed nebo le\u0161t\u011bn\u00ed\"}]},{\"@type\":\"WebSite\",\"@id\":\"https:\\\/\\\/www.versiegelung24.com\\\/cs\\\/#website\",\"url\":\"https:\\\/\\\/www.versiegelung24.com\\\/cs\\\/\",\"name\":\"versiegelung24.com\",\"description\":\"Fl\u00fcssigglas-Versiegelung - Made in Germany\",\"publisher\":{\"@id\":\"https:\\\/\\\/www.versiegelung24.com\\\/cs\\\/#organization\"},\"potentialAction\":[{\"@type\":\"SearchAction\",\"target\":{\"@type\":\"EntryPoint\",\"urlTemplate\":\"https:\\\/\\\/www.versiegelung24.com\\\/cs\\\/?s={search_term_string}\"},\"query-input\":{\"@type\":\"PropertyValueSpecification\",\"valueRequired\":true,\"valueName\":\"search_term_string\"}}],\"inLanguage\":\"cs\"},{\"@type\":\"Organization\",\"@id\":\"https:\\\/\\\/www.versiegelung24.com\\\/cs\\\/#organization\",\"name\":\"versiegelung24\",\"url\":\"https:\\\/\\\/www.versiegelung24.com\\\/cs\\\/\",\"logo\":{\"@type\":\"ImageObject\",\"inLanguage\":\"cs\",\"@id\":\"https:\\\/\\\/www.versiegelung24.com\\\/cs\\\/#\\\/schema\\\/logo\\\/image\\\/\",\"url\":\"https:\\\/\\\/www.versiegelung24.com\\\/wp-content\\\/uploads\\\/2020\\\/04\\\/versiegelung24.png\",\"contentUrl\":\"https:\\\/\\\/www.versiegelung24.com\\\/wp-content\\\/uploads\\\/2020\\\/04\\\/versiegelung24.png\",\"width\":470,\"height\":102,\"caption\":\"versiegelung24\"},\"image\":{\"@id\":\"https:\\\/\\\/www.versiegelung24.com\\\/cs\\\/#\\\/schema\\\/logo\\\/image\\\/\"}}]}<\/script>\n<meta property=\"og:availability\" content=\"instock\" \/>\n<meta property=\"product:availability\" content=\"instock\" \/>\n<meta property=\"product:retailer_item_id\" content=\"9002-1\" \/>\n<meta property=\"product:condition\" content=\"new\" \/>\n<!-- \/ Yoast SEO Premium plugin. -->","yoast_head_json":{"title":"Ut\u011brka z mikrovl\u00e1kna 30x30 cm pro p\u0159edb\u011b\u017en\u00e9 \u010di\u0161t\u011bn\u00ed nebo le\u0161t\u011bn\u00ed - versiegelung24.com","robots":{"index":"index","follow":"follow","max-snippet":"max-snippet:-1","max-image-preview":"max-image-preview:large","max-video-preview":"max-video-preview:-1"},"canonical":"https:\/\/www.versiegelung24.com\/cs\/hadrik-z-mikrovlakna-30x30cm-na-predcisteni-nebo-lesteni.html","og_locale":"cs_CZ","og_type":"article","og_title":"Ut\u011brka z mikrovl\u00e1kna 30x30 cm pro p\u0159edb\u011b\u017en\u00e9 \u010di\u0161t\u011bn\u00ed nebo le\u0161t\u011bn\u00ed","og_description":"Had\u0159\u00edk z mikrovl\u00e1kna pro p\u0159edb\u011b\u017en\u00e9 \u010di\u0161t\u011bn\u00ed nebo z\u00e1v\u011bre\u010dn\u00e9 le\u0161t\u011bn\u00ed: \u2713 Opakovan\u00e9 pou\u017eit\u00ed \u2713 \u0160etrn\u00e9 k \u017eivotn\u00edmu prost\u0159ed\u00ed \u2713 Extr\u00e9mn\u011b absorp\u010dn\u00ed \u2713 Rychleschnouc\u00ed \u2713 Bez \u017emolk\u016f \u2713 Bez \u0161kr\u00e1banc\u016f \u2713 80% polyester \/ 20% polyamid  \u2713 Such\u00e1 hmotnost 280 g\/m2","og_url":"https:\/\/www.versiegelung24.com\/cs\/hadrik-z-mikrovlakna-30x30cm-na-predcisteni-nebo-lesteni.html","og_site_name":"versiegelung24.com","article_modified_time":"2025-01-03T23:08:34+00:00","og_image":[{"width":650,"height":650,"url":"https:\/\/www.versiegelung24.com\/wp-content\/uploads\/2020\/06\/mikrofasertuch-weiss_2.png","type":"image\/png"}],"twitter_card":"summary_large_image","twitter_misc":{"Dostupnost":"Skladem"},"schema":{"@context":"https:\/\/schema.org","@graph":[{"@type":"WebPage","@id":"https:\/\/www.versiegelung24.com\/cs\/hadrik-z-mikrovlakna-30x30cm-na-predcisteni-nebo-lesteni.html","url":"https:\/\/www.versiegelung24.com\/cs\/hadrik-z-mikrovlakna-30x30cm-na-predcisteni-nebo-lesteni.html","name":"Ut\u011brka z mikrovl\u00e1kna 30x30 cm pro p\u0159edb\u011b\u017en\u00e9 \u010di\u0161t\u011bn\u00ed nebo le\u0161t\u011bn\u00ed - versiegelung24.com","isPartOf":{"@id":"https:\/\/www.versiegelung24.com\/cs\/#website"},"primaryImageOfPage":{"@id":"https:\/\/www.versiegelung24.com\/cs\/hadrik-z-mikrovlakna-30x30cm-na-predcisteni-nebo-lesteni.html#primaryimage"},"image":{"@id":"https:\/\/www.versiegelung24.com\/cs\/hadrik-z-mikrovlakna-30x30cm-na-predcisteni-nebo-lesteni.html#primaryimage"},"thumbnailUrl":"https:\/\/www.versiegelung24.com\/wp-content\/uploads\/2020\/06\/mikrofasertuch-weiss_2.png","datePublished":"2021-08-02T20:05:52+00:00","dateModified":"2025-01-03T23:08:34+00:00","breadcrumb":{"@id":"https:\/\/www.versiegelung24.com\/cs\/hadrik-z-mikrovlakna-30x30cm-na-predcisteni-nebo-lesteni.html#breadcrumb"},"inLanguage":"cs","potentialAction":[{"@type":"ReadAction","target":["https:\/\/www.versiegelung24.com\/cs\/hadrik-z-mikrovlakna-30x30cm-na-predcisteni-nebo-lesteni.html"]}]},{"@type":"ImageObject","inLanguage":"cs","@id":"https:\/\/www.versiegelung24.com\/cs\/hadrik-z-mikrovlakna-30x30cm-na-predcisteni-nebo-lesteni.html#primaryimage","url":"https:\/\/www.versiegelung24.com\/wp-content\/uploads\/2020\/06\/mikrofasertuch-weiss_2.png","contentUrl":"https:\/\/www.versiegelung24.com\/wp-content\/uploads\/2020\/06\/mikrofasertuch-weiss_2.png","width":650,"height":650},{"@type":"BreadcrumbList","@id":"https:\/\/www.versiegelung24.com\/cs\/hadrik-z-mikrovlakna-30x30cm-na-predcisteni-nebo-lesteni.html#breadcrumb","itemListElement":[{"@type":"ListItem","position":1,"name":"Domovsk\u00e1 str\u00e1nka","item":"https:\/\/www.versiegelung24.com\/cs\/predni\/"},{"@type":"ListItem","position":2,"name":"Prodejna","item":"https:\/\/www.versiegelung24.com\/cs\/prodejna\/"},{"@type":"ListItem","position":3,"name":"Ut\u011brka z mikrovl\u00e1kna 30&#215;30 cm pro p\u0159edb\u011b\u017en\u00e9 \u010di\u0161t\u011bn\u00ed nebo le\u0161t\u011bn\u00ed"}]},{"@type":"WebSite","@id":"https:\/\/www.versiegelung24.com\/cs\/#website","url":"https:\/\/www.versiegelung24.com\/cs\/","name":"versiegelung24.com","description":"Fl\u00fcssigglas-Versiegelung - Made in Germany","publisher":{"@id":"https:\/\/www.versiegelung24.com\/cs\/#organization"},"potentialAction":[{"@type":"SearchAction","target":{"@type":"EntryPoint","urlTemplate":"https:\/\/www.versiegelung24.com\/cs\/?s={search_term_string}"},"query-input":{"@type":"PropertyValueSpecification","valueRequired":true,"valueName":"search_term_string"}}],"inLanguage":"cs"},{"@type":"Organization","@id":"https:\/\/www.versiegelung24.com\/cs\/#organization","name":"versiegelung24","url":"https:\/\/www.versiegelung24.com\/cs\/","logo":{"@type":"ImageObject","inLanguage":"cs","@id":"https:\/\/www.versiegelung24.com\/cs\/#\/schema\/logo\/image\/","url":"https:\/\/www.versiegelung24.com\/wp-content\/uploads\/2020\/04\/versiegelung24.png","contentUrl":"https:\/\/www.versiegelung24.com\/wp-content\/uploads\/2020\/04\/versiegelung24.png","width":470,"height":102,"caption":"versiegelung24"},"image":{"@id":"https:\/\/www.versiegelung24.com\/cs\/#\/schema\/logo\/image\/"}}]},"og_availability":"instock","product_availability":"instock","product_retailer_item_id":"9002-1","product_condition":"new"},"_links":{"self":[{"href":"https:\/\/www.versiegelung24.com\/cs\/wp-json\/wp\/v2\/product\/23801","targetHints":{"allow":["GET"]}}],"collection":[{"href":"https:\/\/www.versiegelung24.com\/cs\/wp-json\/wp\/v2\/product"}],"about":[{"href":"https:\/\/www.versiegelung24.com\/cs\/wp-json\/wp\/v2\/types\/product"}],"version-history":[{"count":19,"href":"https:\/\/www.versiegelung24.com\/cs\/wp-json\/wp\/v2\/product\/23801\/revisions"}],"predecessor-version":[{"id":177838,"href":"https:\/\/www.versiegelung24.com\/cs\/wp-json\/wp\/v2\/product\/23801\/revisions\/177838"}],"wp:featuredmedia":[{"embeddable":true,"href":"https:\/\/www.versiegelung24.com\/cs\/wp-json\/wp\/v2\/media\/16594"}],"wp:attachment":[{"href":"https:\/\/www.versiegelung24.com\/cs\/wp-json\/wp\/v2\/media?parent=23801"}],"wp:term":[{"taxonomy":"product_brand","embeddable":true,"href":"https:\/\/www.versiegelung24.com\/cs\/wp-json\/wp\/v2\/product_brand?post=23801"},{"taxonomy":"product_cat","embeddable":true,"href":"https:\/\/www.versiegelung24.com\/cs\/wp-json\/wp\/v2\/product_cat?post=23801"},{"taxonomy":"product_tag","embeddable":true,"href":"https:\/\/www.versiegelung24.com\/cs\/wp-json\/wp\/v2\/product_tag?post=23801"}],"curies":[{"name":"wp","href":"https:\/\/api.w.org\/{rel}","templated":true}]}}