{"id":101250,"date":"2023-02-22T14:40:40","date_gmt":"2023-02-22T13:40:40","guid":{"rendered":"https:\/\/www.versiegelung24.com\/oberflaechen\/strecha-karavanu\/"},"modified":"2024-01-12T18:21:09","modified_gmt":"2024-01-12T17:21:09","slug":"strecha-karavanu","status":"publish","type":"ver_surface","link":"https:\/\/www.versiegelung24.com\/cs\/povrchy\/strecha-karavanu\/","title":{"rendered":"St\u0159echa karavanu"},"content":{"rendered":"<p>T\u011bsn\u011bn\u00ed st\u0159echy karavanu<\/p>\n<p>St\u0159echa karavanu je neust\u00e1le vystavena okoln\u00edm podm\u00ednk\u00e1m a podl\u00e9h\u00e1 velk\u00e9mu opot\u0159eben\u00ed. Proto je d\u016fle\u017eit\u00e9 st\u0159echu karavanu pravideln\u011b \u010distit, udr\u017eovat a opravovat, aby se prodlou\u017eila jej\u00ed \u017eivotnost. Povlak na st\u0159echu karavanu nebo hydroizolace m\u016f\u017ee pomoci ochr\u00e1nit st\u0159echu p\u0159ed po\u0161kozen\u00edm zp\u016fsoben\u00fdm slune\u010dn\u00edm z\u00e1\u0159en\u00edm, de\u0161t\u011bm a sn\u011bhem.<\/p>\n<p>P\u0159ed ut\u011bsn\u011bn\u00edm je t\u0159eba st\u0159echu karavanu nejprve d\u016fkladn\u011b vy\u010distit. D\u016fle\u017eit\u00e1 je tak\u00e9 \u00fadr\u017eba st\u0159echy karavanu, aby byla v dobr\u00e9m stavu. Pokud st\u0159echou prot\u00e9k\u00e1 nebo je t\u0159eba ji opravit, je t\u0159eba pou\u017e\u00edt t\u011bsnic\u00ed nebo opravn\u00e9 prost\u0159edky na st\u0159echy karavan\u016f.<\/p>\n<p>P\u0159\u00edpravky pro p\u00e9\u010di o st\u0159echy karavan\u016f a n\u00e1t\u011brov\u00e9 hmoty jsou k dispozici v r\u016fzn\u00fdch verz\u00edch. P\u0159i n\u00e1kupu se ujist\u011bte, \u017ee je v\u00fdrobek vhodn\u00fd pro p\u0159\u00edslu\u0161n\u00fd materi\u00e1l st\u0159echy karavanu.<\/p>\n<p>Pokud st\u0159echa karavanu vy\u017eaduje renovaci, m\u016f\u017ee b\u00fdt n\u00e1kladov\u011b efektivn\u00edm \u0159e\u0161en\u00edm n\u00e1t\u011br st\u0159echy nebo hydroizolace. Je v\u0161ak d\u016fle\u017eit\u00e9, aby pr\u00e1ce provedl profesion\u00e1ln\u00ed odborn\u00edk na st\u0159echy karavan\u016f, kter\u00fd zajist\u00ed, \u017ee st\u0159echa bude \u0159\u00e1dn\u011b opravena a ut\u011bsn\u011bna.<\/p>\n<p>Versiegelung24.com nab\u00edz\u00ed mnoho produkt\u016f pro ut\u011bsn\u011bn\u00ed st\u0159echy karavanu. Pokud m\u00e1te jak\u00e9koli dotazy, servisn\u00ed t\u00fdm v\u00e1m r\u00e1d pom\u016f\u017ee.<\/p>\n","protected":false},"excerpt":{"rendered":"<p>T\u011bsn\u011bn\u00ed st\u0159echy karavanu St\u0159echa karavanu je neust\u00e1le vystavena okoln\u00edm podm\u00ednk\u00e1m a podl\u00e9h\u00e1 velk\u00e9mu opot\u0159eben\u00ed. Proto je d\u016fle\u017eit\u00e9 st\u0159echu karavanu pravideln\u011b \u010distit, udr\u017eovat a opravovat, aby se prodlou\u017eila jej\u00ed \u017eivotnost. Povlak na st\u0159echu karavanu nebo hydroizolace m\u016f\u017ee pomoci ochr\u00e1nit st\u0159echu p\u0159ed po\u0161kozen\u00edm zp\u016fsoben\u00fdm slune\u010dn\u00edm z\u00e1\u0159en\u00edm, de\u0161t\u011bm a sn\u011bhem. P\u0159ed ut\u011bsn\u011bn\u00edm je t\u0159eba st\u0159echu karavanu nejprve d\u016fkladn\u011b&hellip;&nbsp;<a href=\"https:\/\/www.versiegelung24.com\/cs\/povrchy\/strecha-karavanu\/\" rel=\"bookmark\">Read More &raquo;<span class=\"screen-reader-text\">St\u0159echa karavanu<\/span><\/a><\/p>\n","protected":false},"featured_media":0,"template":"","meta":{"_acf_changed":false,"neve_meta_sidebar":"","neve_meta_container":"","neve_meta_enable_content_width":"","neve_meta_content_width":0,"neve_meta_title_alignment":"","neve_meta_author_avatar":"","neve_post_elements_order":"","neve_meta_disable_header":"","neve_meta_disable_footer":"","neve_meta_disable_title":"","neve_meta_reading_time":""},"class_list":["post-101250","ver_surface","type-ver_surface","status-publish","hentry"],"acf":[],"yoast_head":"<!-- This site is optimized with the Yoast SEO Premium plugin v22.8 (Yoast SEO v27.5) - https:\/\/yoast.com\/product\/yoast-seo-premium-wordpress\/ -->\n<title>T\u011bsn\u011bn\u00ed st\u0159echy karavanu<\/title>\n<meta name=\"description\" content=\"Chra\u0148te st\u0159echu sv\u00e9ho karavanu p\u0159ed vlivy prost\u0159ed\u00ed pomoc\u00ed n\u00e1t\u011bru nebo hydroizolace st\u0159echy karavanu. Produkty z Versiegelung24.com\" \/>\n<meta name=\"robots\" content=\"index, follow, max-snippet:-1, max-image-preview:large, max-video-preview:-1\" \/>\n<link rel=\"canonical\" href=\"https:\/\/www.versiegelung24.com\/cs\/povrchy\/strecha-karavanu\/\" \/>\n<meta property=\"og:locale\" content=\"cs_CZ\" \/>\n<meta property=\"og:type\" content=\"article\" \/>\n<meta property=\"og:title\" content=\"St\u0159echa karavanu\" \/>\n<meta property=\"og:description\" content=\"Chra\u0148te st\u0159echu sv\u00e9ho karavanu p\u0159ed vlivy prost\u0159ed\u00ed pomoc\u00ed n\u00e1t\u011bru nebo hydroizolace st\u0159echy karavanu. Produkty z Versiegelung24.com\" \/>\n<meta property=\"og:url\" content=\"https:\/\/www.versiegelung24.com\/cs\/povrchy\/strecha-karavanu\/\" \/>\n<meta property=\"og:site_name\" content=\"versiegelung24.com\" \/>\n<meta property=\"article:modified_time\" content=\"2024-01-12T17:21:09+00:00\" \/>\n<meta name=\"twitter:card\" content=\"summary_large_image\" \/>\n<meta name=\"twitter:label1\" content=\"Odhadovan\u00e1 doba \u010dten\u00ed\" \/>\n\t<meta name=\"twitter:data1\" content=\"1 minuta\" \/>\n<script type=\"application\/ld+json\" class=\"yoast-schema-graph\">{\"@context\":\"https:\\\/\\\/schema.org\",\"@graph\":[{\"@type\":\"WebPage\",\"@id\":\"https:\\\/\\\/www.versiegelung24.com\\\/cs\\\/povrchy\\\/strecha-karavanu\\\/\",\"url\":\"https:\\\/\\\/www.versiegelung24.com\\\/cs\\\/povrchy\\\/strecha-karavanu\\\/\",\"name\":\"T\u011bsn\u011bn\u00ed st\u0159echy karavanu\",\"isPartOf\":{\"@id\":\"https:\\\/\\\/www.versiegelung24.com\\\/cs\\\/#website\"},\"datePublished\":\"2023-02-22T13:40:40+00:00\",\"dateModified\":\"2024-01-12T17:21:09+00:00\",\"description\":\"Chra\u0148te st\u0159echu sv\u00e9ho karavanu p\u0159ed vlivy prost\u0159ed\u00ed pomoc\u00ed n\u00e1t\u011bru nebo hydroizolace st\u0159echy karavanu. Produkty z Versiegelung24.com\",\"breadcrumb\":{\"@id\":\"https:\\\/\\\/www.versiegelung24.com\\\/cs\\\/povrchy\\\/strecha-karavanu\\\/#breadcrumb\"},\"inLanguage\":\"cs\",\"potentialAction\":[{\"@type\":\"ReadAction\",\"target\":[\"https:\\\/\\\/www.versiegelung24.com\\\/cs\\\/povrchy\\\/strecha-karavanu\\\/\"]}]},{\"@type\":\"BreadcrumbList\",\"@id\":\"https:\\\/\\\/www.versiegelung24.com\\\/cs\\\/povrchy\\\/strecha-karavanu\\\/#breadcrumb\",\"itemListElement\":[{\"@type\":\"ListItem\",\"position\":1,\"name\":\"Domovsk\u00e1 str\u00e1nka\",\"item\":\"https:\\\/\\\/www.versiegelung24.com\\\/cs\\\/predni\\\/\"},{\"@type\":\"ListItem\",\"position\":2,\"name\":\"Poradce\",\"item\":\"https:\\\/\\\/www.versiegelung24.com\\\/cs\\\/rady-ohledne-produktu-versiegelung24\\\/\"},{\"@type\":\"ListItem\",\"position\":3,\"name\":\"povrchy\",\"item\":\"https:\\\/\\\/www.versiegelung24.com\\\/cs\\\/vyhledavac-produktu\\\/\"},{\"@type\":\"ListItem\",\"position\":4,\"name\":\"St\u0159echa karavanu\"}]},{\"@type\":\"WebSite\",\"@id\":\"https:\\\/\\\/www.versiegelung24.com\\\/cs\\\/#website\",\"url\":\"https:\\\/\\\/www.versiegelung24.com\\\/cs\\\/\",\"name\":\"versiegelung24.com\",\"description\":\"Fl\u00fcssigglas-Versiegelung - Made in Germany\",\"publisher\":{\"@id\":\"https:\\\/\\\/www.versiegelung24.com\\\/cs\\\/#organization\"},\"potentialAction\":[{\"@type\":\"SearchAction\",\"target\":{\"@type\":\"EntryPoint\",\"urlTemplate\":\"https:\\\/\\\/www.versiegelung24.com\\\/cs\\\/?s={search_term_string}\"},\"query-input\":{\"@type\":\"PropertyValueSpecification\",\"valueRequired\":true,\"valueName\":\"search_term_string\"}}],\"inLanguage\":\"cs\"},{\"@type\":\"Organization\",\"@id\":\"https:\\\/\\\/www.versiegelung24.com\\\/cs\\\/#organization\",\"name\":\"versiegelung24\",\"url\":\"https:\\\/\\\/www.versiegelung24.com\\\/cs\\\/\",\"logo\":{\"@type\":\"ImageObject\",\"inLanguage\":\"cs\",\"@id\":\"https:\\\/\\\/www.versiegelung24.com\\\/cs\\\/#\\\/schema\\\/logo\\\/image\\\/\",\"url\":\"https:\\\/\\\/www.versiegelung24.com\\\/wp-content\\\/uploads\\\/2020\\\/04\\\/versiegelung24.png\",\"contentUrl\":\"https:\\\/\\\/www.versiegelung24.com\\\/wp-content\\\/uploads\\\/2020\\\/04\\\/versiegelung24.png\",\"width\":470,\"height\":102,\"caption\":\"versiegelung24\"},\"image\":{\"@id\":\"https:\\\/\\\/www.versiegelung24.com\\\/cs\\\/#\\\/schema\\\/logo\\\/image\\\/\"}}]}<\/script>\n<!-- \/ Yoast SEO Premium plugin. -->","yoast_head_json":{"title":"T\u011bsn\u011bn\u00ed st\u0159echy karavanu","description":"Chra\u0148te st\u0159echu sv\u00e9ho karavanu p\u0159ed vlivy prost\u0159ed\u00ed pomoc\u00ed n\u00e1t\u011bru nebo hydroizolace st\u0159echy karavanu. Produkty z Versiegelung24.com","robots":{"index":"index","follow":"follow","max-snippet":"max-snippet:-1","max-image-preview":"max-image-preview:large","max-video-preview":"max-video-preview:-1"},"canonical":"https:\/\/www.versiegelung24.com\/cs\/povrchy\/strecha-karavanu\/","og_locale":"cs_CZ","og_type":"article","og_title":"St\u0159echa karavanu","og_description":"Chra\u0148te st\u0159echu sv\u00e9ho karavanu p\u0159ed vlivy prost\u0159ed\u00ed pomoc\u00ed n\u00e1t\u011bru nebo hydroizolace st\u0159echy karavanu. Produkty z Versiegelung24.com","og_url":"https:\/\/www.versiegelung24.com\/cs\/povrchy\/strecha-karavanu\/","og_site_name":"versiegelung24.com","article_modified_time":"2024-01-12T17:21:09+00:00","twitter_card":"summary_large_image","twitter_misc":{"Odhadovan\u00e1 doba \u010dten\u00ed":"1 minuta"},"schema":{"@context":"https:\/\/schema.org","@graph":[{"@type":"WebPage","@id":"https:\/\/www.versiegelung24.com\/cs\/povrchy\/strecha-karavanu\/","url":"https:\/\/www.versiegelung24.com\/cs\/povrchy\/strecha-karavanu\/","name":"T\u011bsn\u011bn\u00ed st\u0159echy karavanu","isPartOf":{"@id":"https:\/\/www.versiegelung24.com\/cs\/#website"},"datePublished":"2023-02-22T13:40:40+00:00","dateModified":"2024-01-12T17:21:09+00:00","description":"Chra\u0148te st\u0159echu sv\u00e9ho karavanu p\u0159ed vlivy prost\u0159ed\u00ed pomoc\u00ed n\u00e1t\u011bru nebo hydroizolace st\u0159echy karavanu. Produkty z Versiegelung24.com","breadcrumb":{"@id":"https:\/\/www.versiegelung24.com\/cs\/povrchy\/strecha-karavanu\/#breadcrumb"},"inLanguage":"cs","potentialAction":[{"@type":"ReadAction","target":["https:\/\/www.versiegelung24.com\/cs\/povrchy\/strecha-karavanu\/"]}]},{"@type":"BreadcrumbList","@id":"https:\/\/www.versiegelung24.com\/cs\/povrchy\/strecha-karavanu\/#breadcrumb","itemListElement":[{"@type":"ListItem","position":1,"name":"Domovsk\u00e1 str\u00e1nka","item":"https:\/\/www.versiegelung24.com\/cs\/predni\/"},{"@type":"ListItem","position":2,"name":"Poradce","item":"https:\/\/www.versiegelung24.com\/cs\/rady-ohledne-produktu-versiegelung24\/"},{"@type":"ListItem","position":3,"name":"povrchy","item":"https:\/\/www.versiegelung24.com\/cs\/vyhledavac-produktu\/"},{"@type":"ListItem","position":4,"name":"St\u0159echa karavanu"}]},{"@type":"WebSite","@id":"https:\/\/www.versiegelung24.com\/cs\/#website","url":"https:\/\/www.versiegelung24.com\/cs\/","name":"versiegelung24.com","description":"Fl\u00fcssigglas-Versiegelung - Made in Germany","publisher":{"@id":"https:\/\/www.versiegelung24.com\/cs\/#organization"},"potentialAction":[{"@type":"SearchAction","target":{"@type":"EntryPoint","urlTemplate":"https:\/\/www.versiegelung24.com\/cs\/?s={search_term_string}"},"query-input":{"@type":"PropertyValueSpecification","valueRequired":true,"valueName":"search_term_string"}}],"inLanguage":"cs"},{"@type":"Organization","@id":"https:\/\/www.versiegelung24.com\/cs\/#organization","name":"versiegelung24","url":"https:\/\/www.versiegelung24.com\/cs\/","logo":{"@type":"ImageObject","inLanguage":"cs","@id":"https:\/\/www.versiegelung24.com\/cs\/#\/schema\/logo\/image\/","url":"https:\/\/www.versiegelung24.com\/wp-content\/uploads\/2020\/04\/versiegelung24.png","contentUrl":"https:\/\/www.versiegelung24.com\/wp-content\/uploads\/2020\/04\/versiegelung24.png","width":470,"height":102,"caption":"versiegelung24"},"image":{"@id":"https:\/\/www.versiegelung24.com\/cs\/#\/schema\/logo\/image\/"}}]}},"_links":{"self":[{"href":"https:\/\/www.versiegelung24.com\/cs\/wp-json\/wp\/v2\/ver_surface\/101250","targetHints":{"allow":["GET"]}}],"collection":[{"href":"https:\/\/www.versiegelung24.com\/cs\/wp-json\/wp\/v2\/ver_surface"}],"about":[{"href":"https:\/\/www.versiegelung24.com\/cs\/wp-json\/wp\/v2\/types\/ver_surface"}],"wp:attachment":[{"href":"https:\/\/www.versiegelung24.com\/cs\/wp-json\/wp\/v2\/media?parent=101250"}],"curies":[{"name":"wp","href":"https:\/\/api.w.org\/{rel}","templated":true}]}}