{"id":82460,"date":"2022-02-23T13:57:07","date_gmt":"2022-02-23T12:57:09","guid":{"rendered":"https:\/\/www.versiegelung24.com\/?post_type=product&#038;p=82460"},"modified":"2025-01-13T17:10:17","modified_gmt":"2025-01-13T16:10:17","slug":"suojalasit-joissa-on-integroidut-sivusuojat-ja-saadettavat-kehykset","status":"publish","type":"product","link":"https:\/\/www.versiegelung24.com\/fi\/suojalasit-joissa-on-integroidut-sivusuojat-ja-saadettavat-kehykset.html","title":{"rendered":"Suojalasit, joissa on integroitu sivusuoja ja s\u00e4\u00e4dett\u00e4v\u00e4t sangat"},"content":{"rendered":"\n<h4 class=\"wp-block-heading\" id=\"h-beschreibung\">Kuvaus<\/h4>\n\n<p>Pehme\u00e4t kaksikomponenttiset lasit, joissa pituuss\u00e4\u00e4dett\u00e4v\u00e4t sangat, yleisk\u00e4ytt\u00f6iset. Lasit t\u00e4ytt\u00e4v\u00e4t EN166 standardin vaatimukset. Hihnojen kiinnitys on mahdollista mukana tulevan rei&#8217;ityksen ansiosta.<\/p>\n\n<p>Se suojaa silmi\u00e4si pienilt\u00e4 sirpaloilta jopa 45 m\/s (F) iskuenergialla ja siin\u00e4 on optimaalinen etu- ja sivusuojaus.<\/p>\n\n<hr \/>\n\n<h4 class=\"wp-block-heading\" id=\"properties\">Tuotteen ominaisuudet<\/h4>\n\n<div class=\"wp-block-columns is-layout-flex wp-container-core-columns-is-layout-9d6595d7 wp-block-columns-is-layout-flex\">\n<div class=\"wp-block-column is-layout-flow wp-block-column-is-layout-flow\">\n<p>\u2713 Optimaalinen suoja iskuja ja sirpaleita vastaan<\/p>\n\n\n\n<p>\u2713 S\u00e4\u00e4dett\u00e4v\u00e4t hihnan koot<\/p>\n\n\n\n<p>\u2713 Etu- ja sivusuojat<\/p>\n\n\n\n<p>\u2713 Tilaa silm\u00e4laseille optisilla linsseill\u00e4<\/p>\n\n\n\n<p>\u2713 Standardi: EN166<\/p>\n\n\n\n<p>\u2713 V\u00e4ri: Musta<\/p>\n<\/div>\n<\/div>\n","protected":false},"excerpt":{"rendered":"<p>\u2713 Optimaalinen suoja iskuja ja sirpaleita vastaan<\/p>\n<p>\u2713 S\u00e4\u00e4dett\u00e4v\u00e4t hihnan koot<\/p>\n<p>\u2713 Etu- ja sivusuojat<\/p>\n<p>\u2713 Standardi: EN166<\/p>\n","protected":false},"featured_media":82526,"template":"","meta":{"_acf_changed":false,"neve_meta_sidebar":"","neve_meta_container":"","neve_meta_enable_content_width":"","neve_meta_content_width":0,"neve_meta_title_alignment":"","neve_meta_author_avatar":"","neve_post_elements_order":"","neve_meta_disable_header":"","neve_meta_disable_footer":"","neve_meta_disable_title":"","neve_meta_reading_time":"","_surfaces":[],"_ver_product_tabs":[],"footnotes":""},"product_brand":[],"product_cat":[3072],"product_tag":[],"class_list":{"0":"post-82460","1":"product","2":"type-product","3":"status-publish","4":"has-post-thumbnail","6":"product_cat-laitteet","8":"first","9":"instock","10":"taxable","11":"shipping-taxable","12":"purchasable","13":"product-type-simple"},"acf":[],"yoast_head":"<!-- This site is optimized with the Yoast SEO Premium plugin v22.8 (Yoast SEO v27.5) - https:\/\/yoast.com\/product\/yoast-seo-premium-wordpress\/ -->\n<title>Suojalasit, joissa on integroitu sivusuoja ja s\u00e4\u00e4dett\u00e4v\u00e4t sangat - versiegelung24.com<\/title>\n<meta name=\"robots\" content=\"index, follow, max-snippet:-1, max-image-preview:large, max-video-preview:-1\" \/>\n<link rel=\"canonical\" href=\"https:\/\/www.versiegelung24.com\/fi\/suojalasit-joissa-on-integroidut-sivusuojat-ja-saadettavat-kehykset.html\" \/>\n<meta property=\"og:locale\" content=\"fi_FI\" \/>\n<meta property=\"og:type\" content=\"article\" \/>\n<meta property=\"og:title\" content=\"Suojalasit, joissa on integroitu sivusuoja ja s\u00e4\u00e4dett\u00e4v\u00e4t sangat\" \/>\n<meta property=\"og:description\" content=\"\u2713 Optimaalinen suoja iskuja ja sirpaleita vastaan \u2713 S\u00e4\u00e4dett\u00e4v\u00e4t hihnan koot \u2713 Etu- ja sivusuojat \u2713 Standardi: EN166\" \/>\n<meta property=\"og:url\" content=\"https:\/\/www.versiegelung24.com\/fi\/suojalasit-joissa-on-integroidut-sivusuojat-ja-saadettavat-kehykset.html\" \/>\n<meta property=\"og:site_name\" content=\"versiegelung24.com\" \/>\n<meta property=\"article:modified_time\" content=\"2025-01-13T16:10:17+00:00\" \/>\n<meta name=\"twitter:card\" content=\"summary_large_image\" \/>\n<meta name=\"twitter:label1\" content=\"Hinta\" \/>\n\t<meta name=\"twitter:data1\" content=\"4,99&euro;\" \/>\n\t<meta name=\"twitter:label2\" content=\"Saatavuus\" \/>\n\t<meta name=\"twitter:data2\" content=\"Varastossa\" \/>\n<script type=\"application\/ld+json\" class=\"yoast-schema-graph\">{\"@context\":\"https:\\\/\\\/schema.org\",\"@graph\":[{\"@type\":\"WebPage\",\"@id\":\"https:\\\/\\\/www.versiegelung24.com\\\/fi\\\/suojalasit-joissa-on-integroidut-sivusuojat-ja-saadettavat-kehykset.html\",\"url\":\"https:\\\/\\\/www.versiegelung24.com\\\/fi\\\/suojalasit-joissa-on-integroidut-sivusuojat-ja-saadettavat-kehykset.html\",\"name\":\"Suojalasit, joissa on integroitu sivusuoja ja s\u00e4\u00e4dett\u00e4v\u00e4t sangat - versiegelung24.com\",\"isPartOf\":{\"@id\":\"https:\\\/\\\/www.versiegelung24.com\\\/fi\\\/#website\"},\"primaryImageOfPage\":{\"@id\":\"https:\\\/\\\/www.versiegelung24.com\\\/fi\\\/suojalasit-joissa-on-integroidut-sivusuojat-ja-saadettavat-kehykset.html#primaryimage\"},\"image\":{\"@id\":\"https:\\\/\\\/www.versiegelung24.com\\\/fi\\\/suojalasit-joissa-on-integroidut-sivusuojat-ja-saadettavat-kehykset.html#primaryimage\"},\"thumbnailUrl\":\"https:\\\/\\\/www.versiegelung24.com\\\/wp-content\\\/uploads\\\/2022\\\/02\\\/produkt-v24-sbvari1-schutzbrille.jpg\",\"datePublished\":\"2022-02-23T12:57:09+00:00\",\"dateModified\":\"2025-01-13T16:10:17+00:00\",\"breadcrumb\":{\"@id\":\"https:\\\/\\\/www.versiegelung24.com\\\/fi\\\/suojalasit-joissa-on-integroidut-sivusuojat-ja-saadettavat-kehykset.html#breadcrumb\"},\"inLanguage\":\"fi\",\"potentialAction\":[{\"@type\":\"ReadAction\",\"target\":[\"https:\\\/\\\/www.versiegelung24.com\\\/fi\\\/suojalasit-joissa-on-integroidut-sivusuojat-ja-saadettavat-kehykset.html\"]}]},{\"@type\":\"ImageObject\",\"inLanguage\":\"fi\",\"@id\":\"https:\\\/\\\/www.versiegelung24.com\\\/fi\\\/suojalasit-joissa-on-integroidut-sivusuojat-ja-saadettavat-kehykset.html#primaryimage\",\"url\":\"https:\\\/\\\/www.versiegelung24.com\\\/wp-content\\\/uploads\\\/2022\\\/02\\\/produkt-v24-sbvari1-schutzbrille.jpg\",\"contentUrl\":\"https:\\\/\\\/www.versiegelung24.com\\\/wp-content\\\/uploads\\\/2022\\\/02\\\/produkt-v24-sbvari1-schutzbrille.jpg\",\"width\":2000,\"height\":2000},{\"@type\":\"BreadcrumbList\",\"@id\":\"https:\\\/\\\/www.versiegelung24.com\\\/fi\\\/suojalasit-joissa-on-integroidut-sivusuojat-ja-saadettavat-kehykset.html#breadcrumb\",\"itemListElement\":[{\"@type\":\"ListItem\",\"position\":1,\"name\":\"Kotisivu\",\"item\":\"https:\\\/\\\/www.versiegelung24.com\\\/fi\\\/etupuolella\\\/\"},{\"@type\":\"ListItem\",\"position\":2,\"name\":\"Myym\u00e4l\u00e4\",\"item\":\"https:\\\/\\\/www.versiegelung24.com\\\/fi\\\/myymala-2\\\/\"},{\"@type\":\"ListItem\",\"position\":3,\"name\":\"Suojalasit, joissa on integroitu sivusuoja ja s\u00e4\u00e4dett\u00e4v\u00e4t sangat\"}]},{\"@type\":\"WebSite\",\"@id\":\"https:\\\/\\\/www.versiegelung24.com\\\/fi\\\/#website\",\"url\":\"https:\\\/\\\/www.versiegelung24.com\\\/fi\\\/\",\"name\":\"versiegelung24.com\",\"description\":\"Fl\u00fcssigglas-Versiegelung - Made in Germany\",\"publisher\":{\"@id\":\"https:\\\/\\\/www.versiegelung24.com\\\/fi\\\/#organization\"},\"potentialAction\":[{\"@type\":\"SearchAction\",\"target\":{\"@type\":\"EntryPoint\",\"urlTemplate\":\"https:\\\/\\\/www.versiegelung24.com\\\/fi\\\/?s={search_term_string}\"},\"query-input\":{\"@type\":\"PropertyValueSpecification\",\"valueRequired\":true,\"valueName\":\"search_term_string\"}}],\"inLanguage\":\"fi\"},{\"@type\":\"Organization\",\"@id\":\"https:\\\/\\\/www.versiegelung24.com\\\/fi\\\/#organization\",\"name\":\"versiegelung24\",\"url\":\"https:\\\/\\\/www.versiegelung24.com\\\/fi\\\/\",\"logo\":{\"@type\":\"ImageObject\",\"inLanguage\":\"fi\",\"@id\":\"https:\\\/\\\/www.versiegelung24.com\\\/fi\\\/#\\\/schema\\\/logo\\\/image\\\/\",\"url\":\"https:\\\/\\\/www.versiegelung24.com\\\/wp-content\\\/uploads\\\/2020\\\/04\\\/versiegelung24.png\",\"contentUrl\":\"https:\\\/\\\/www.versiegelung24.com\\\/wp-content\\\/uploads\\\/2020\\\/04\\\/versiegelung24.png\",\"width\":470,\"height\":102,\"caption\":\"versiegelung24\"},\"image\":{\"@id\":\"https:\\\/\\\/www.versiegelung24.com\\\/fi\\\/#\\\/schema\\\/logo\\\/image\\\/\"}}]}<\/script>\n<meta property=\"product:price:amount\" content=\"4.99\" \/>\n<meta property=\"product:price:currency\" content=\"EUR\" \/>\n<meta property=\"og:availability\" content=\"instock\" \/>\n<meta property=\"product:availability\" content=\"instock\" \/>\n<meta property=\"product:retailer_item_id\" content=\"V24-SBVARI1\" \/>\n<meta property=\"product:condition\" content=\"new\" \/>\n<!-- \/ Yoast SEO Premium plugin. -->","yoast_head_json":{"title":"Suojalasit, joissa on integroitu sivusuoja ja s\u00e4\u00e4dett\u00e4v\u00e4t sangat - versiegelung24.com","robots":{"index":"index","follow":"follow","max-snippet":"max-snippet:-1","max-image-preview":"max-image-preview:large","max-video-preview":"max-video-preview:-1"},"canonical":"https:\/\/www.versiegelung24.com\/fi\/suojalasit-joissa-on-integroidut-sivusuojat-ja-saadettavat-kehykset.html","og_locale":"fi_FI","og_type":"article","og_title":"Suojalasit, joissa on integroitu sivusuoja ja s\u00e4\u00e4dett\u00e4v\u00e4t sangat","og_description":"\u2713 Optimaalinen suoja iskuja ja sirpaleita vastaan \u2713 S\u00e4\u00e4dett\u00e4v\u00e4t hihnan koot \u2713 Etu- ja sivusuojat \u2713 Standardi: EN166","og_url":"https:\/\/www.versiegelung24.com\/fi\/suojalasit-joissa-on-integroidut-sivusuojat-ja-saadettavat-kehykset.html","og_site_name":"versiegelung24.com","article_modified_time":"2025-01-13T16:10:17+00:00","twitter_card":"summary_large_image","twitter_misc":{"Hinta":"4,99&euro;","Saatavuus":"Varastossa"},"schema":{"@context":"https:\/\/schema.org","@graph":[{"@type":"WebPage","@id":"https:\/\/www.versiegelung24.com\/fi\/suojalasit-joissa-on-integroidut-sivusuojat-ja-saadettavat-kehykset.html","url":"https:\/\/www.versiegelung24.com\/fi\/suojalasit-joissa-on-integroidut-sivusuojat-ja-saadettavat-kehykset.html","name":"Suojalasit, joissa on integroitu sivusuoja ja s\u00e4\u00e4dett\u00e4v\u00e4t sangat - versiegelung24.com","isPartOf":{"@id":"https:\/\/www.versiegelung24.com\/fi\/#website"},"primaryImageOfPage":{"@id":"https:\/\/www.versiegelung24.com\/fi\/suojalasit-joissa-on-integroidut-sivusuojat-ja-saadettavat-kehykset.html#primaryimage"},"image":{"@id":"https:\/\/www.versiegelung24.com\/fi\/suojalasit-joissa-on-integroidut-sivusuojat-ja-saadettavat-kehykset.html#primaryimage"},"thumbnailUrl":"https:\/\/www.versiegelung24.com\/wp-content\/uploads\/2022\/02\/produkt-v24-sbvari1-schutzbrille.jpg","datePublished":"2022-02-23T12:57:09+00:00","dateModified":"2025-01-13T16:10:17+00:00","breadcrumb":{"@id":"https:\/\/www.versiegelung24.com\/fi\/suojalasit-joissa-on-integroidut-sivusuojat-ja-saadettavat-kehykset.html#breadcrumb"},"inLanguage":"fi","potentialAction":[{"@type":"ReadAction","target":["https:\/\/www.versiegelung24.com\/fi\/suojalasit-joissa-on-integroidut-sivusuojat-ja-saadettavat-kehykset.html"]}]},{"@type":"ImageObject","inLanguage":"fi","@id":"https:\/\/www.versiegelung24.com\/fi\/suojalasit-joissa-on-integroidut-sivusuojat-ja-saadettavat-kehykset.html#primaryimage","url":"https:\/\/www.versiegelung24.com\/wp-content\/uploads\/2022\/02\/produkt-v24-sbvari1-schutzbrille.jpg","contentUrl":"https:\/\/www.versiegelung24.com\/wp-content\/uploads\/2022\/02\/produkt-v24-sbvari1-schutzbrille.jpg","width":2000,"height":2000},{"@type":"BreadcrumbList","@id":"https:\/\/www.versiegelung24.com\/fi\/suojalasit-joissa-on-integroidut-sivusuojat-ja-saadettavat-kehykset.html#breadcrumb","itemListElement":[{"@type":"ListItem","position":1,"name":"Kotisivu","item":"https:\/\/www.versiegelung24.com\/fi\/etupuolella\/"},{"@type":"ListItem","position":2,"name":"Myym\u00e4l\u00e4","item":"https:\/\/www.versiegelung24.com\/fi\/myymala-2\/"},{"@type":"ListItem","position":3,"name":"Suojalasit, joissa on integroitu sivusuoja ja s\u00e4\u00e4dett\u00e4v\u00e4t sangat"}]},{"@type":"WebSite","@id":"https:\/\/www.versiegelung24.com\/fi\/#website","url":"https:\/\/www.versiegelung24.com\/fi\/","name":"versiegelung24.com","description":"Fl\u00fcssigglas-Versiegelung - Made in Germany","publisher":{"@id":"https:\/\/www.versiegelung24.com\/fi\/#organization"},"potentialAction":[{"@type":"SearchAction","target":{"@type":"EntryPoint","urlTemplate":"https:\/\/www.versiegelung24.com\/fi\/?s={search_term_string}"},"query-input":{"@type":"PropertyValueSpecification","valueRequired":true,"valueName":"search_term_string"}}],"inLanguage":"fi"},{"@type":"Organization","@id":"https:\/\/www.versiegelung24.com\/fi\/#organization","name":"versiegelung24","url":"https:\/\/www.versiegelung24.com\/fi\/","logo":{"@type":"ImageObject","inLanguage":"fi","@id":"https:\/\/www.versiegelung24.com\/fi\/#\/schema\/logo\/image\/","url":"https:\/\/www.versiegelung24.com\/wp-content\/uploads\/2020\/04\/versiegelung24.png","contentUrl":"https:\/\/www.versiegelung24.com\/wp-content\/uploads\/2020\/04\/versiegelung24.png","width":470,"height":102,"caption":"versiegelung24"},"image":{"@id":"https:\/\/www.versiegelung24.com\/fi\/#\/schema\/logo\/image\/"}}]},"product_price_amount":"4.99","product_price_currency":"EUR","og_availability":"instock","product_availability":"instock","product_retailer_item_id":"V24-SBVARI1","product_condition":"new"},"_links":{"self":[{"href":"https:\/\/www.versiegelung24.com\/fi\/wp-json\/wp\/v2\/product\/82460","targetHints":{"allow":["GET"]}}],"collection":[{"href":"https:\/\/www.versiegelung24.com\/fi\/wp-json\/wp\/v2\/product"}],"about":[{"href":"https:\/\/www.versiegelung24.com\/fi\/wp-json\/wp\/v2\/types\/product"}],"version-history":[{"count":7,"href":"https:\/\/www.versiegelung24.com\/fi\/wp-json\/wp\/v2\/product\/82460\/revisions"}],"predecessor-version":[{"id":180776,"href":"https:\/\/www.versiegelung24.com\/fi\/wp-json\/wp\/v2\/product\/82460\/revisions\/180776"}],"wp:featuredmedia":[{"embeddable":true,"href":"https:\/\/www.versiegelung24.com\/fi\/wp-json\/wp\/v2\/media\/82526"}],"wp:attachment":[{"href":"https:\/\/www.versiegelung24.com\/fi\/wp-json\/wp\/v2\/media?parent=82460"}],"wp:term":[{"taxonomy":"product_brand","embeddable":true,"href":"https:\/\/www.versiegelung24.com\/fi\/wp-json\/wp\/v2\/product_brand?post=82460"},{"taxonomy":"product_cat","embeddable":true,"href":"https:\/\/www.versiegelung24.com\/fi\/wp-json\/wp\/v2\/product_cat?post=82460"},{"taxonomy":"product_tag","embeddable":true,"href":"https:\/\/www.versiegelung24.com\/fi\/wp-json\/wp\/v2\/product_tag?post=82460"}],"curies":[{"name":"wp","href":"https:\/\/api.w.org\/{rel}","templated":true}]}}