{"id":171086,"date":"2024-08-07T10:19:31","date_gmt":"2024-08-07T08:19:31","guid":{"rendered":"https:\/\/www.versiegelung24.com\/conseils-sur-les-produits-de-versiegelung24\/savoir-faire\/meuble-de-jardin-couvrir-ou-sceller\/"},"modified":"2024-09-01T18:15:41","modified_gmt":"2024-09-01T16:15:41","slug":"meuble-de-jardin-couvrir-ou-sceller","status":"publish","type":"page","link":"https:\/\/www.versiegelung24.com\/fr\/conseils-sur-les-produits-de-versiegelung24\/savoir-faire\/meuble-de-jardin-couvrir-ou-sceller\/","title":{"rendered":"Couvrir ou sceller les meubles de jardin ?\nProt\u00e9gez correctement vos meubles de jardin !"},"content":{"rendered":"\t\t<div data-elementor-type=\"wp-page\" data-elementor-id=\"171086\" class=\"elementor elementor-171086 elementor-170395\" data-elementor-post-type=\"page\">\n\t\t\t\t\t\t<section class=\"elementor-section elementor-top-section elementor-element elementor-element-1f688b36 elementor-section-height-min-height elementor-section-stretched elementor-section-boxed elementor-section-height-default elementor-section-items-middle\" data-id=\"1f688b36\" data-element_type=\"section\" data-e-type=\"section\" data-settings=\"{&quot;background_background&quot;:&quot;classic&quot;,&quot;stretch_section&quot;:&quot;section-stretched&quot;}\">\n\t\t\t\t\t\t\t<div class=\"elementor-background-overlay\"><\/div>\n\t\t\t\t\t\t\t<div class=\"elementor-container elementor-column-gap-default\">\n\t\t\t\t\t<div class=\"elementor-column elementor-col-50 elementor-top-column elementor-element elementor-element-5e8bb3ea\" data-id=\"5e8bb3ea\" data-element_type=\"column\" data-e-type=\"column\">\n\t\t\t<div class=\"elementor-widget-wrap elementor-element-populated\">\n\t\t\t\t\t\t<div class=\"elementor-element elementor-element-164d071e elementor-widget elementor-widget-heading\" data-id=\"164d071e\" data-element_type=\"widget\" data-e-type=\"widget\" data-widget_type=\"heading.default\">\n\t\t\t\t<div class=\"elementor-widget-container\">\n\t\t\t\t\t<h1 class=\"elementor-heading-title elementor-size-default\">Couvrir ou sceller les meubles de jardin ?\nProt\u00e9gez correctement vos meubles de jardin !<\/h1>\t\t\t\t<\/div>\n\t\t\t\t<\/div>\n\t\t\t\t\t<\/div>\n\t\t<\/div>\n\t\t\t\t<div class=\"elementor-column elementor-col-50 elementor-top-column elementor-element elementor-element-266e0d04 elementor-hidden-mobile\" data-id=\"266e0d04\" data-element_type=\"column\" data-e-type=\"column\">\n\t\t\t<div class=\"elementor-widget-wrap\">\n\t\t\t\t\t\t\t<\/div>\n\t\t<\/div>\n\t\t\t\t\t<\/div>\n\t\t<\/section>\n\t\t\t\t<section class=\"elementor-section elementor-top-section elementor-element elementor-element-48c26f19 elementor-section-boxed elementor-section-height-default elementor-section-height-default\" data-id=\"48c26f19\" data-element_type=\"section\" data-e-type=\"section\">\n\t\t\t\t\t\t<div class=\"elementor-container elementor-column-gap-default\">\n\t\t\t\t\t<div class=\"elementor-column elementor-col-100 elementor-top-column elementor-element elementor-element-335d45af\" data-id=\"335d45af\" data-element_type=\"column\" data-e-type=\"column\">\n\t\t\t<div class=\"elementor-widget-wrap elementor-element-populated\">\n\t\t\t\t\t\t<div class=\"elementor-element elementor-element-7feba967 elementor-widget elementor-widget-breadcrumbs\" data-id=\"7feba967\" data-element_type=\"widget\" data-e-type=\"widget\" data-widget_type=\"breadcrumbs.default\">\n\t\t\t\t<div class=\"elementor-widget-container\">\n\t\t\t\t\t<p id=\"breadcrumbs\"><span><span><a href=\"https:\/\/www.versiegelung24.com\/fr\/front\/\">Page d'accueil<\/a><\/span><\/span><\/p>\t\t\t\t<\/div>\n\t\t\t\t<\/div>\n\t\t\t\t\t<\/div>\n\t\t<\/div>\n\t\t\t\t\t<\/div>\n\t\t<\/section>\n\t\t\t\t<section class=\"elementor-section elementor-top-section elementor-element elementor-element-7f5c6a43 elementor-section-boxed elementor-section-height-default elementor-section-height-default\" data-id=\"7f5c6a43\" data-element_type=\"section\" data-e-type=\"section\">\n\t\t\t\t\t\t<div class=\"elementor-container elementor-column-gap-default\">\n\t\t\t\t\t<div class=\"elementor-column elementor-col-100 elementor-top-column elementor-element elementor-element-744445b4\" data-id=\"744445b4\" data-element_type=\"column\" data-e-type=\"column\">\n\t\t\t<div class=\"elementor-widget-wrap elementor-element-populated\">\n\t\t\t\t\t\t<div class=\"elementor-element elementor-element-7c19e6e elementor-widget elementor-widget-text-editor\" data-id=\"7c19e6e\" data-element_type=\"widget\" data-e-type=\"widget\" data-widget_type=\"text-editor.default\">\n\t\t\t\t<div class=\"elementor-widget-container\">\n\t\t\t\t\t\t\t\t\t<p>La question de savoir s&#8217;il faut <strong>couvrir ou vitrifier<\/strong> les meubles de jardin pr\u00e9occupe de nombreux propri\u00e9taires de jardin.<br \/>\n\u00c9tant donn\u00e9 le grand nombre de meubles de jardin, qu&#8217;<strong>ils soient en bois, en plastique<\/strong> ou <strong>en m\u00e9tal,<\/strong> expos\u00e9s au vent et aux intemp\u00e9ries, une protection ad\u00e9quate est essentielle pour <strong>assurer<\/strong> leur <strong>long\u00e9vit\u00e9.<\/strong> Dans cet article, nous allons passer en revue les diff\u00e9rentes options et mat\u00e9riaux disponibles pour vous aider \u00e0 prot\u00e9ger correctement votre mobilier de jardin. <\/p>\n\t\t\t\t\t\t\t\t<\/div>\n\t\t\t\t<\/div>\n\t\t\t\t<div class=\"elementor-element elementor-element-30de50c9 elementor-toc--minimized-on-tablet elementor-widget elementor-widget-table-of-contents\" data-id=\"30de50c9\" data-element_type=\"widget\" data-e-type=\"widget\" data-settings=\"{&quot;headings_by_tags&quot;:[&quot;h2&quot;,&quot;h3&quot;],&quot;exclude_headings_by_selector&quot;:[],&quot;marker_view&quot;:&quot;numbers&quot;,&quot;no_headings_message&quot;:&quot;Aucun titre n\\u2019a \\u00e9t\\u00e9 trouv\\u00e9 sur cette page.&quot;,&quot;minimize_box&quot;:&quot;yes&quot;,&quot;minimized_on&quot;:&quot;tablet&quot;,&quot;hierarchical_view&quot;:&quot;yes&quot;,&quot;min_height&quot;:{&quot;unit&quot;:&quot;px&quot;,&quot;size&quot;:&quot;&quot;,&quot;sizes&quot;:[]},&quot;min_height_tablet&quot;:{&quot;unit&quot;:&quot;px&quot;,&quot;size&quot;:&quot;&quot;,&quot;sizes&quot;:[]},&quot;min_height_mobile&quot;:{&quot;unit&quot;:&quot;px&quot;,&quot;size&quot;:&quot;&quot;,&quot;sizes&quot;:[]}}\" data-widget_type=\"table-of-contents.default\">\n\t\t\t\t<div class=\"elementor-widget-container\">\n\t\t\t\t\t\t\t\t\t<div class=\"elementor-toc__header\">\n\t\t\t\t\t\t<h2 class=\"elementor-toc__header-title\">\n\t\t\t\tTable des mati\u00e8res\t\t\t<\/h2>\n\t\t\t\t\t\t\t\t\t\t<div class=\"elementor-toc__toggle-button elementor-toc__toggle-button--expand\" role=\"button\" tabindex=\"0\" aria-controls=\"elementor-toc__30de50c9\" aria-expanded=\"true\" aria-label=\"Ouvrir la table des mati\u00e8res\"><i aria-hidden=\"true\" class=\"fas fa-chevron-down\"><\/i><\/div>\n\t\t\t\t<div class=\"elementor-toc__toggle-button elementor-toc__toggle-button--collapse\" role=\"button\" tabindex=\"0\" aria-controls=\"elementor-toc__30de50c9\" aria-expanded=\"true\" aria-label=\"Fermer la table des mati\u00e8res\"><i aria-hidden=\"true\" class=\"fas fa-chevron-up\"><\/i><\/div>\n\t\t\t\t\t<\/div>\n\t\t\t\t<div id=\"elementor-toc__30de50c9\" class=\"elementor-toc__body\">\n\t\t\t<div class=\"elementor-toc__spinner-container\">\n\t\t\t\t<i class=\"elementor-toc__spinner eicon-animation-spin eicon-loading\" aria-hidden=\"true\"><\/i>\t\t\t<\/div>\n\t\t<\/div>\n\t\t\t\t\t\t<\/div>\n\t\t\t\t<\/div>\n\t\t\t\t\t<\/div>\n\t\t<\/div>\n\t\t\t\t\t<\/div>\n\t\t<\/section>\n\t\t\t\t<section class=\"elementor-section elementor-top-section elementor-element elementor-element-71e6119f elementor-section-boxed elementor-section-height-default elementor-section-height-default\" data-id=\"71e6119f\" data-element_type=\"section\" data-e-type=\"section\">\n\t\t\t\t\t\t<div class=\"elementor-container elementor-column-gap-default\">\n\t\t\t\t\t<div class=\"elementor-column elementor-col-100 elementor-top-column elementor-element elementor-element-2f8b4527\" data-id=\"2f8b4527\" data-element_type=\"column\" data-e-type=\"column\">\n\t\t\t<div class=\"elementor-widget-wrap elementor-element-populated\">\n\t\t\t\t\t\t<div class=\"elementor-element elementor-element-6f63d8bb elementor-widget elementor-widget-text-editor\" data-id=\"6f63d8bb\" data-element_type=\"widget\" data-e-type=\"widget\" data-widget_type=\"text-editor.default\">\n\t\t\t\t<div class=\"elementor-widget-container\">\n\t\t\t\t\t\t\t\t\t<h2>Pourquoi est-il important de couvrir les meubles de jardin ?<\/h2>\n<h3>Intemp\u00e9ries sur les meubles de jardin<\/h3>\n<p>Les meubles de jardin sont expos\u00e9s toute l&#8217;ann\u00e9e \u00e0 diverses <strong>intemp\u00e9ries<\/strong>. <strong>Les rayons UV, la pluie, l&#8217;humidit\u00e9<\/strong> et <strong>le gel<\/strong> affectent les mat\u00e9riaux et les d\u00e9t\u00e9riorent au fil du temps.<br \/>\nLes meubles en bois ont tendance \u00e0 <strong>grisailler<\/strong> et \u00e0 <strong>pourrir<\/strong> sous l&#8217;effet de l&#8217;humidit\u00e9 permanente dans des conditions environnementales vari\u00e9es et d&#8217;un mauvais entretien <strong>.<\/strong> Les meubles en plastique perdent leur couleur et deviennent <strong>cassants,<\/strong> tandis que les meubles en m\u00e9tal <strong>rouillent<\/strong> s&#8217;ils sont constamment en contact avec l&#8217;humidit\u00e9.<br \/>\nLes housses de protection offrent une protection efficace contre ces influences et contribuent \u00e0 prolonger la dur\u00e9e de vie des meubles.  <\/p>\n<h3>Risques pour les meubles de jardin sans protection<\/h3>\n<p>Une mauvaise couverture des meubles de jardin peut <strong>r\u00e9duire drastiquement<\/strong> leur <strong>dur\u00e9e de vie.<\/strong> La m\u00e9connaissance des risques tels que les effets des rayons UV, qui entra\u00eenent la fatigue des mat\u00e9riaux, et l&#8217;exposition \u00e0 une forte humidit\u00e9, qui fait gonfler les mat\u00e9riaux, peut provoquer des <strong>dommages irr\u00e9versibles<\/strong>.<br \/>\nLes meubles expos\u00e9s en permanence au vent et aux intemp\u00e9ries peuvent devenir <strong>inesth\u00e9tiques<\/strong> et <strong>inutilisables<\/strong>.<br \/>\nIl est donc important de couvrir ou de sceller correctement les meubles de jardin afin d&#8217;\u00e9viter ces dommages.  <\/p>\n\t\t\t\t\t\t\t\t<\/div>\n\t\t\t\t<\/div>\n\t\t\t\t\t<\/div>\n\t\t<\/div>\n\t\t\t\t\t<\/div>\n\t\t<\/section>\n\t\t\t\t<section class=\"elementor-section elementor-top-section elementor-element elementor-element-cdf11b3 elementor-section-boxed elementor-section-height-default elementor-section-height-default\" data-id=\"cdf11b3\" data-element_type=\"section\" data-e-type=\"section\">\n\t\t\t\t\t\t<div class=\"elementor-container elementor-column-gap-default\">\n\t\t\t\t\t<div class=\"elementor-column elementor-col-100 elementor-top-column elementor-element elementor-element-49aace54\" data-id=\"49aace54\" data-element_type=\"column\" data-e-type=\"column\" data-settings=\"{&quot;background_background&quot;:&quot;classic&quot;}\">\n\t\t\t<div class=\"elementor-widget-wrap elementor-element-populated\">\n\t\t\t\t\t\t<div class=\"elementor-element elementor-element-332de74d elementor-widget elementor-widget-spacer\" data-id=\"332de74d\" data-element_type=\"widget\" data-e-type=\"widget\" data-widget_type=\"spacer.default\">\n\t\t\t\t<div class=\"elementor-widget-container\">\n\t\t\t\t\t\t\t<div class=\"elementor-spacer\">\n\t\t\t<div class=\"elementor-spacer-inner\"><\/div>\n\t\t<\/div>\n\t\t\t\t\t\t<\/div>\n\t\t\t\t<\/div>\n\t\t\t\t\t<\/div>\n\t\t<\/div>\n\t\t\t\t\t<\/div>\n\t\t<\/section>\n\t\t\t\t<section class=\"elementor-section elementor-top-section elementor-element elementor-element-7af0fa12 elementor-section-boxed elementor-section-height-default elementor-section-height-default\" data-id=\"7af0fa12\" data-element_type=\"section\" data-e-type=\"section\">\n\t\t\t\t\t\t<div class=\"elementor-container elementor-column-gap-default\">\n\t\t\t\t\t<div class=\"elementor-column elementor-col-100 elementor-top-column elementor-element elementor-element-76b8f6e4\" data-id=\"76b8f6e4\" data-element_type=\"column\" data-e-type=\"column\">\n\t\t\t<div class=\"elementor-widget-wrap elementor-element-populated\">\n\t\t\t\t\t\t<div class=\"elementor-element elementor-element-542b6543 elementor-widget__width-initial elementor-widget elementor-widget-text-editor\" data-id=\"542b6543\" data-element_type=\"widget\" data-e-type=\"widget\" data-widget_type=\"text-editor.default\">\n\t\t\t\t<div class=\"elementor-widget-container\">\n\t\t\t\t\t\t\t\t\t<h2>Quels sont les mat\u00e9riaux les plus appropri\u00e9s pour les housses de protection ?<\/h2>\n<h3>Des housses de protection adapt\u00e9es \u00e0 diff\u00e9rents types de meubles de jardin<\/h3>\n<p>Le choix du mat\u00e9riau appropri\u00e9 pour les housses de protection d\u00e9pend du <strong>type de mobilier de jardin<\/strong> \u00e0 prot\u00e9ger.\nPour les meubles de jardin en bois, les housses de protection <strong>ind\u00e9chirables<\/strong> et <strong>imperm\u00e9ables<\/strong> sont id\u00e9ales, car elles prot\u00e8gent le bois de l&#8217;humidit\u00e9 et des rayons UV.\nLes meubles en plastique ont \u00e9galement besoin de housses <strong>imperm\u00e9ables<\/strong> et <strong>r\u00e9sistantes aux UV<\/strong> pour conserver leur couleur et leur texture.\nLes meubles en m\u00e9tal, comme ceux en aluminium ou en acier inoxydable, ont besoin de housses qui les prot\u00e8gent de la <strong>corrosion<\/strong>.\nDes mat\u00e9riaux robustes tels que le tissu polyester enduit de PVC offrent une protection optimale.    <\/p>\n<h3>Mat\u00e9riaux respirants pour une couverture optimale<\/h3>\n<p>Les mat\u00e9riaux respirants sont essentiels pour couvrir correctement les meubles de jardin, car ils <strong>emp\u00eachent<\/strong> <strong>l&#8217;accumulation d&#8217;humidit\u00e9<\/strong> et <strong>pr\u00e9viennent<\/strong> ainsi <strong>la formation de moisissures<\/strong> et <strong>de taches de moisissure.<\/strong>&nbsp;Notez \u00e9galement que m\u00eame une housse respirante n&#8217;offre pas une protection \u00e0 100 % contre la formation de moisissures.\nLes tissus en polyester enduits de PVC sont r\u00e9sistants \u00e0 l&#8217;eau tout en permettant une bonne circulation de l&#8217;air.\nC&#8217;est particuli\u00e8rement important pour les <strong>coussins<\/strong> et <strong>les meubles en polycarbonate, qui<\/strong> sont sensibles \u00e0 l&#8217;humidit\u00e9 et \u00e0 la salet\u00e9.\nPour les meubles de jardin en bois, les housses respirantes sont \u00e9galement avantageuses, car elles permettent de <strong>r\u00e9guler l&#8217;humidit\u00e9<\/strong> et emp\u00eachent le bois de grisailler.   <\/p>\t\t\t\t\t\t\t\t<\/div>\n\t\t\t\t<\/div>\n\t\t\t\t\t<\/div>\n\t\t<\/div>\n\t\t\t\t\t<\/div>\n\t\t<\/section>\n\t\t\t\t<section class=\"elementor-section elementor-top-section elementor-element elementor-element-35ff4c24 elementor-section-boxed elementor-section-height-default elementor-section-height-default\" data-id=\"35ff4c24\" data-element_type=\"section\" data-e-type=\"section\">\n\t\t\t\t\t\t<div class=\"elementor-container elementor-column-gap-default\">\n\t\t\t\t\t<div class=\"elementor-column elementor-col-100 elementor-top-column elementor-element elementor-element-7f7cece6\" data-id=\"7f7cece6\" data-element_type=\"column\" data-e-type=\"column\">\n\t\t\t<div class=\"elementor-widget-wrap elementor-element-populated\">\n\t\t\t\t\t\t<div class=\"elementor-element elementor-element-50c76c1e elementor-widget elementor-widget-text-editor\" data-id=\"50c76c1e\" data-element_type=\"widget\" data-e-type=\"widget\" data-widget_type=\"text-editor.default\">\n\t\t\t\t<div class=\"elementor-widget-container\">\n\t\t\t\t\t\t\t\t\t<h2>Couvrir ou sceller : Quelle est la meilleure option ?<\/h2>\n<h3>Avantages et inconv\u00e9nients de la couverture pour meubles de jardin<\/h3>\n<p>Couvrir les meubles de jardin pr\u00e9sente de nombreux avantages, notamment celui de les <strong>prot\u00e9ger<\/strong> <strong>des intemp\u00e9ries<\/strong> et <strong>d&#8217;\u00e9viter l&#8217;accumulation de salet\u00e9s.<\/strong> Le b\u00e2chage permet de garder les meubles <strong>propres<\/strong> et <strong>pr\u00eats \u00e0 \u00eatre utilis\u00e9s \u00e0 tout moment.<\/strong> Toutefois, les inconv\u00e9nients peuvent r\u00e9sider dans le fait que l&#8217;humidit\u00e9 est emprisonn\u00e9e si elle n&#8217;est pas utilis\u00e9e correctement, ce qui entra\u00eene la <strong>formation de moisissures<\/strong>.<br \/>\nDe plus, couvrir et recouvrir constamment les meubles peut \u00eatre <strong>fastidieux<\/strong> et <strong>prendre du temps<\/strong>.<br \/>\nN\u00e9anmoins, les avantages l&#8217;emportent sur les inconv\u00e9nients, surtout si les housses de protection sont <strong>respirantes<\/strong>.  <\/p>\n<h3>L&#8217;efficacit\u00e9 des vitrificateurs pour meubles de jardin<\/h3>\n<p>Les vitrificateurs peuvent \u00e9galement \u00eatre une <strong>m\u00e9thode efficace<\/strong> pour prot\u00e9ger les meubles de jardin.<br \/>\nIls offrent une couche de protection suppl\u00e9mentaire contre <strong>l&#8217;humidit\u00e9<\/strong> et <strong>les rayons UV<\/strong> et sont particuli\u00e8rement b\u00e9n\u00e9fiques pour les meubles en bois.<br \/>\nUn scellant emp\u00eache la p\u00e9n\u00e9tration de l&#8217;eau et la d\u00e9coloration par le soleil.<br \/>\nCependant, un scellant doit \u00eatre <strong>renouvel\u00e9 r\u00e9guli\u00e8rement<\/strong> pour rester efficace.<br \/>\nDe plus, les vitrificateurs <strong>ne prot\u00e8gent pas<\/strong> contre <strong>les dommages physiques<\/strong> tels que les rayures et la rouille, c&#8217;est pourquoi il peut \u00eatre utile de <strong>les<\/strong> <strong>combiner<\/strong> avec des <strong>housses de protection<\/strong>.<br \/>\nNos vitrificateurs prot\u00e8gent les meubles de jardin contre <strong>les rayons UV, la salet\u00e9 et l&#8217;humidit\u00e9<\/strong> et sont faciles \u00e0 nettoyer.      Notez toutefois que l&#8217;efficacit\u00e9 du scellement d\u00e9pend de plusieurs facteurs.<\/p>\n<h3>Dois-je recouvrir ou sceller mes meubles de jardin ?<\/h3>\n<p>Il est conseill\u00e9 de sceller les meubles de jardin et de les stocker sous une housse de protection.<br \/>\nLe scellement permet de prot\u00e9ger le mat\u00e9riau.<br \/>\nUne couverture ad\u00e9quate permet de prot\u00e9ger les meubles des agressions m\u00e9caniques.  <\/p>\n<p>En fonction du mat\u00e9riau, vous devez choisir la vitrification appropri\u00e9e.<br \/>\nVous trouverez les vitrificateurs suivants dans notre boutique en ligne : <\/p>\n<ol>\n<li>Bois : <a href=\"https:\/\/www.versiegelung24.com\/fr\/scellement-bois-de-qualite-professionnelle.html\">vitrification du bois de qualit\u00e9 professionnelle<\/a><\/li>\n<li>M\u00e9tal &amp; plastique : <a href=\"https:\/\/www.versiegelung24.com\/fr\/scellage-plastique-metal-de-qualite-professionnelle.html\">Scellement plastique + m\u00e9tal de qualit\u00e9 professionnelle<\/a><\/li>\n<\/ol>\n\t\t\t\t\t\t\t\t<\/div>\n\t\t\t\t<\/div>\n\t\t\t\t\t<\/div>\n\t\t<\/div>\n\t\t\t\t\t<\/div>\n\t\t<\/section>\n\t\t\t\t<section class=\"elementor-section elementor-top-section elementor-element elementor-element-4099258a elementor-section-boxed elementor-section-height-default elementor-section-height-default\" data-id=\"4099258a\" data-element_type=\"section\" data-e-type=\"section\">\n\t\t\t\t\t\t<div class=\"elementor-container elementor-column-gap-default\">\n\t\t\t\t\t<div class=\"elementor-column elementor-col-100 elementor-top-column elementor-element elementor-element-2ca75ca6\" data-id=\"2ca75ca6\" data-element_type=\"column\" data-e-type=\"column\" data-settings=\"{&quot;background_background&quot;:&quot;classic&quot;}\">\n\t\t\t<div class=\"elementor-widget-wrap elementor-element-populated\">\n\t\t\t\t\t\t<div class=\"elementor-element elementor-element-73e3b3ef elementor-widget elementor-widget-spacer\" data-id=\"73e3b3ef\" data-element_type=\"widget\" data-e-type=\"widget\" data-widget_type=\"spacer.default\">\n\t\t\t\t<div class=\"elementor-widget-container\">\n\t\t\t\t\t\t\t<div class=\"elementor-spacer\">\n\t\t\t<div class=\"elementor-spacer-inner\"><\/div>\n\t\t<\/div>\n\t\t\t\t\t\t<\/div>\n\t\t\t\t<\/div>\n\t\t\t\t\t<\/div>\n\t\t<\/div>\n\t\t\t\t\t<\/div>\n\t\t<\/section>\n\t\t\t\t<section class=\"elementor-section elementor-top-section elementor-element elementor-element-4fe10bfa elementor-section-boxed elementor-section-height-default elementor-section-height-default\" data-id=\"4fe10bfa\" data-element_type=\"section\" data-e-type=\"section\">\n\t\t\t\t\t\t<div class=\"elementor-container elementor-column-gap-default\">\n\t\t\t\t\t<div class=\"elementor-column elementor-col-100 elementor-top-column elementor-element elementor-element-1f98bee6\" data-id=\"1f98bee6\" data-element_type=\"column\" data-e-type=\"column\">\n\t\t\t<div class=\"elementor-widget-wrap elementor-element-populated\">\n\t\t\t\t\t\t<div class=\"elementor-element elementor-element-3cfa2068 elementor-widget elementor-widget-text-editor\" data-id=\"3cfa2068\" data-element_type=\"widget\" data-e-type=\"widget\" data-widget_type=\"text-editor.default\">\n\t\t\t\t<div class=\"elementor-widget-container\">\n\t\t\t\t\t\t\t\t\t<h2>Ce qu&#8217;il faut savoir sur le stockage des meubles de jardin<\/h2>\n<h3>Stockage correct pendant les mois d&#8217;hiver<\/h3>\n<p>Pendant <strong>les mois d&#8217;hiver<\/strong>, il est particuli\u00e8rement important de stocker correctement les meubles de jardin afin d&#8217;\u00e9viter les dommages caus\u00e9s par <strong>le gel<\/strong> et les grandes <strong>variations de temp\u00e9rature<\/strong>.<br \/>\nLes meubles en bois et en polyrattan doivent id\u00e9alement \u00eatre stock\u00e9s dans un <strong>endroit<\/strong> <strong>sec<\/strong> et <strong>bien ventil\u00e9<\/strong>.<br \/>\nLes meubles en m\u00e9tal doivent \u00e9galement \u00eatre prot\u00e9g\u00e9s de l&#8217;humidit\u00e9 afin d&#8217;\u00e9viter <strong>la rouille<\/strong>.<br \/>\nLes meubles en plastique peuvent rester \u00e0 l&#8217;ext\u00e9rieur, mais doivent \u00eatre rang\u00e9s sous une housse <strong>robuste et r\u00e9sistante aux intemp\u00e9ries<\/strong>.<br \/>\nAvant le stockage, il est recommand\u00e9 de <strong>nettoyer soigneusement<\/strong> les meubles <strong>et de les laisser s\u00e9cher<\/strong> afin <strong>de<\/strong> pr\u00e9venir tout dommage.    <\/p>\n\t\t\t\t\t\t\t\t<\/div>\n\t\t\t\t<\/div>\n\t\t\t\t\t<\/div>\n\t\t<\/div>\n\t\t\t\t\t<\/div>\n\t\t<\/section>\n\t\t\t\t<section class=\"elementor-section elementor-top-section elementor-element elementor-element-537d4c7f elementor-section-boxed elementor-section-height-default elementor-section-height-default\" data-id=\"537d4c7f\" data-element_type=\"section\" data-e-type=\"section\">\n\t\t\t\t\t\t<div class=\"elementor-container elementor-column-gap-default\">\n\t\t\t\t\t<div class=\"elementor-column elementor-col-100 elementor-top-column elementor-element elementor-element-3ea360ed\" data-id=\"3ea360ed\" data-element_type=\"column\" data-e-type=\"column\">\n\t\t\t<div class=\"elementor-widget-wrap elementor-element-populated\">\n\t\t\t\t\t\t<div class=\"elementor-element elementor-element-4056ce50 elementor-widget elementor-widget-text-editor\" data-id=\"4056ce50\" data-element_type=\"widget\" data-e-type=\"widget\" data-widget_type=\"text-editor.default\">\n\t\t\t\t<div class=\"elementor-widget-container\">\n\t\t\t\t\t\t\t\t\t<h2>Foire aux questions sur la protection des meubles de jardin<\/h2>\n\t\t\t\t\t\t\t\t<\/div>\n\t\t\t\t<\/div>\n\t\t\t\t<div class=\"elementor-element elementor-element-30df8ff2 elementor-widget elementor-widget-eael-adv-accordion\" data-id=\"30df8ff2\" data-element_type=\"widget\" data-e-type=\"widget\" data-widget_type=\"eael-adv-accordion.default\">\n\t\t\t\t<div class=\"elementor-widget-container\">\n\t\t\t\t\t            <div class=\"eael-adv-accordion\" id=\"eael-adv-accordion-30df8ff2\" data-scroll-on-click=\"no\" data-scroll-speed=\"300\" data-accordion-id=\"30df8ff2\" data-accordion-type=\"accordion\" data-toogle-speed=\"300\">\n            <div class=\"eael-accordion-list\">\n\t\t\t\t\t<div id=\"comment-couvrir-correctement-mon-mobilier-de-jardin-\" class=\"elementor-tab-title eael-accordion-header\" tabindex=\"0\" data-tab=\"1\" aria-controls=\"elementor-tab-content-8191\"><span class=\"eael-advanced-accordion-icon-closed\"><i aria-hidden=\"true\" class=\"fa-accordion-icon fas fa-plus\"><\/i><\/span><span class=\"eael-advanced-accordion-icon-opened\"><i aria-hidden=\"true\" class=\"fa-accordion-icon fas fa-minus\"><\/i><\/span><span class=\"eael-accordion-tab-title\">Comment couvrir correctement mon mobilier de jardin ?<\/span><i aria-hidden=\"true\" class=\"fa-toggle fas fa-angle-right\"><\/i><\/div><div id=\"elementor-tab-content-8191\" class=\"eael-accordion-content clearfix\" data-tab=\"1\" aria-labelledby=\"comment-couvrir-correctement-mon-mobilier-de-jardin-\"><p class=\"p1\">Pour couvrir correctement vos meubles de jardin, nous vous recommandons d&#8217;utiliser des housses de protection sp\u00e9ciales pour vos meubles de jardin.<br \/>\nCes housses sont g\u00e9n\u00e9ralement hydrofuges et prot\u00e8gent contre les polluants atmosph\u00e9riques, ce qui permet de conserver l&#8217;aspect des meubles plus longtemps. <\/p>\n<\/div>\n\t\t\t\t\t<\/div><div class=\"eael-accordion-list\">\n\t\t\t\t\t<div id=\"dois-je-couvrir-mes-meubles-de-jardin-mme-en-t-\" class=\"elementor-tab-title eael-accordion-header\" tabindex=\"0\" data-tab=\"2\" aria-controls=\"elementor-tab-content-8192\"><span class=\"eael-advanced-accordion-icon-closed\"><i aria-hidden=\"true\" class=\"fa-accordion-icon fas fa-plus\"><\/i><\/span><span class=\"eael-advanced-accordion-icon-opened\"><i aria-hidden=\"true\" class=\"fa-accordion-icon fas fa-minus\"><\/i><\/span><span class=\"eael-accordion-tab-title\">Dois-je couvrir mes meubles de jardin m\u00eame en \u00e9t\u00e9 ?<\/span><i aria-hidden=\"true\" class=\"fa-toggle fas fa-angle-right\"><\/i><\/div><div id=\"elementor-tab-content-8192\" class=\"eael-accordion-content clearfix\" data-tab=\"2\" aria-labelledby=\"dois-je-couvrir-mes-meubles-de-jardin-mme-en-t-\"><p class=\"p1\">M\u00eame en \u00e9t\u00e9, il peut \u00eatre utile d&#8217;utiliser des housses de protection pour vos meubles de jardin, en particulier en cas de mauvais temps ou si les meubles restent dehors sans \u00eatre utilis\u00e9s pendant une longue p\u00e9riode.<br \/>\nCela permet de prot\u00e9ger le mobilier d&#8217;une forte humidit\u00e9 et des intemp\u00e9ries. <\/p>\n<\/div>\n\t\t\t\t\t<\/div><div class=\"eael-accordion-list\">\n\t\t\t\t\t<div id=\"quels-sont-les-avantages-de-la-vitrification-des-meubles-de-jardin-\" class=\"elementor-tab-title eael-accordion-header\" tabindex=\"0\" data-tab=\"3\" aria-controls=\"elementor-tab-content-8193\"><span class=\"eael-advanced-accordion-icon-closed\"><i aria-hidden=\"true\" class=\"fa-accordion-icon fas fa-plus\"><\/i><\/span><span class=\"eael-advanced-accordion-icon-opened\"><i aria-hidden=\"true\" class=\"fa-accordion-icon fas fa-minus\"><\/i><\/span><span class=\"eael-accordion-tab-title\">Quels sont les avantages de la vitrification des meubles de jardin ?<\/span><i aria-hidden=\"true\" class=\"fa-toggle fas fa-angle-right\"><\/i><\/div><div id=\"elementor-tab-content-8193\" class=\"eael-accordion-content clearfix\" data-tab=\"3\" aria-labelledby=\"quels-sont-les-avantages-de-la-vitrification-des-meubles-de-jardin-\"><p class=\"p1\">La vitrification de vos meubles de jardin peut prolonger leur dur\u00e9e de vie en les rendant plus r\u00e9sistants \u00e0 l&#8217;eau, \u00e0 une forte humidit\u00e9 et aux polluants atmosph\u00e9riques.<br \/>\nCela est particuli\u00e8rement vrai pour les meubles de jardin en bois et en teck. <\/p>\n<\/div>\n\t\t\t\t\t<\/div><div class=\"eael-accordion-list\">\n\t\t\t\t\t<div id=\"les-meubles-de-jardin-en-plastique-rsistent-ils-aux-intempries-\" class=\"elementor-tab-title eael-accordion-header\" tabindex=\"0\" data-tab=\"4\" aria-controls=\"elementor-tab-content-8194\"><span class=\"eael-advanced-accordion-icon-closed\"><i aria-hidden=\"true\" class=\"fa-accordion-icon fas fa-plus\"><\/i><\/span><span class=\"eael-advanced-accordion-icon-opened\"><i aria-hidden=\"true\" class=\"fa-accordion-icon fas fa-minus\"><\/i><\/span><span class=\"eael-accordion-tab-title\">Les meubles de jardin en plastique r\u00e9sistent-ils aux intemp\u00e9ries ?<\/span><i aria-hidden=\"true\" class=\"fa-toggle fas fa-angle-right\"><\/i><\/div><div id=\"elementor-tab-content-8194\" class=\"eael-accordion-content clearfix\" data-tab=\"4\" aria-labelledby=\"les-meubles-de-jardin-en-plastique-rsistent-ils-aux-intempries-\"><p class=\"p1\">Oui, les meubles de jardin en plastique sont g\u00e9n\u00e9ralement r\u00e9sistants aux intemp\u00e9ries et \u00e0 la plupart des conditions climatiques.<br \/>\nN\u00e9anmoins, un scellement &amp; une housse de protection suppl\u00e9mentaires peuvent prolonger leur dur\u00e9e de vie et \u00e9viter les dommages. <\/p>\n<\/div>\n\t\t\t\t\t<\/div><div class=\"eael-accordion-list\">\n\t\t\t\t\t<div id=\"comment-entretenir-les-meubles-de-jardin-en-mtal-\" class=\"elementor-tab-title eael-accordion-header\" tabindex=\"0\" data-tab=\"5\" aria-controls=\"elementor-tab-content-8195\"><span class=\"eael-advanced-accordion-icon-closed\"><i aria-hidden=\"true\" class=\"fa-accordion-icon fas fa-plus\"><\/i><\/span><span class=\"eael-advanced-accordion-icon-opened\"><i aria-hidden=\"true\" class=\"fa-accordion-icon fas fa-minus\"><\/i><\/span><span class=\"eael-accordion-tab-title\">Comment entretenir les meubles de jardin en m\u00e9tal ?<\/span><i aria-hidden=\"true\" class=\"fa-toggle fas fa-angle-right\"><\/i><\/div><div id=\"elementor-tab-content-8195\" class=\"eael-accordion-content clearfix\" data-tab=\"5\" aria-labelledby=\"comment-entretenir-les-meubles-de-jardin-en-mtal-\"><p class=\"p1\">Les meubles de jardin en m\u00e9tal doivent \u00eatre nettoy\u00e9s r\u00e9guli\u00e8rement et, si n\u00e9cessaire, recouverts d&#8217;un nouveau rev\u00eatement afin d&#8217;\u00e9viter la formation de rouille.<br \/>\nLes housses de protection peuvent \u00e9galement aider \u00e0 prot\u00e9ger les meubles contre les intemp\u00e9ries et les fortes pluies. <\/p>\n<\/div>\n\t\t\t\t\t<\/div><div class=\"eael-accordion-list\">\n\t\t\t\t\t<div id=\"a-quoi-dois-je-faire-attention-lorsque-je-recouvre-des-coussins-\" class=\"elementor-tab-title eael-accordion-header\" tabindex=\"0\" data-tab=\"6\" aria-controls=\"elementor-tab-content-8196\"><span class=\"eael-advanced-accordion-icon-closed\"><i aria-hidden=\"true\" class=\"fa-accordion-icon fas fa-plus\"><\/i><\/span><span class=\"eael-advanced-accordion-icon-opened\"><i aria-hidden=\"true\" class=\"fa-accordion-icon fas fa-minus\"><\/i><\/span><span class=\"eael-accordion-tab-title\">A quoi dois-je faire attention lorsque je recouvre des coussins ?<\/span><i aria-hidden=\"true\" class=\"fa-toggle fas fa-angle-right\"><\/i><\/div><div id=\"elementor-tab-content-8196\" class=\"eael-accordion-content clearfix\" data-tab=\"6\" aria-labelledby=\"a-quoi-dois-je-faire-attention-lorsque-je-recouvre-des-coussins-\"><p class=\"p1\">Les coussins doivent toujours \u00eatre conserv\u00e9s au sec afin d&#8217;\u00e9viter la formation de moisissures.<br \/>\nUne housse r\u00e9sistante aux intemp\u00e9ries peut aider \u00e0 les prot\u00e9ger de l&#8217;humidit\u00e9 et de la salet\u00e9 lorsqu&#8217;ils ne sont pas utilis\u00e9s. <\/p>\n<\/div>\n\t\t\t\t\t<\/div><\/div>\t\t\t\t<\/div>\n\t\t\t\t<\/div>\n\t\t\t\t\t<\/div>\n\t\t<\/div>\n\t\t\t\t\t<\/div>\n\t\t<\/section>\n\t\t\t\t<section class=\"elementor-section elementor-top-section elementor-element elementor-element-6355b863 elementor-section-boxed elementor-section-height-default elementor-section-height-default\" data-id=\"6355b863\" data-element_type=\"section\" data-e-type=\"section\">\n\t\t\t\t\t\t<div class=\"elementor-container elementor-column-gap-default\">\n\t\t\t\t\t<div class=\"elementor-column elementor-col-100 elementor-top-column elementor-element elementor-element-435e198e\" data-id=\"435e198e\" data-element_type=\"column\" data-e-type=\"column\">\n\t\t\t<div class=\"elementor-widget-wrap elementor-element-populated\">\n\t\t\t\t\t\t<div class=\"elementor-element elementor-element-60cb54bb elementor-widget elementor-widget-shortcode\" data-id=\"60cb54bb\" data-element_type=\"widget\" data-e-type=\"widget\" data-widget_type=\"shortcode.default\">\n\t\t\t\t<div class=\"elementor-widget-container\">\n\t\t\t\t\t\t\t<div class=\"elementor-shortcode\"><\/div>\n\t\t\t\t\t\t<\/div>\n\t\t\t\t<\/div>\n\t\t\t\t\t<\/div>\n\t\t<\/div>\n\t\t\t\t\t<\/div>\n\t\t<\/section>\n\t\t\t\t<\/div>\n\t\t","protected":false},"excerpt":{"rendered":"<p>Dans cet article, nous allons passer en revue les diff\u00e9rentes options et mat\u00e9riaux pour vous aider \u00e0 prot\u00e9ger correctement votre mobilier de jardin.<\/p>\n","protected":false},"author":917,"featured_media":170408,"parent":34627,"menu_order":0,"comment_status":"closed","ping_status":"closed","template":"elementor_header_footer","meta":{"_acf_changed":false,"neve_meta_sidebar":"","neve_meta_container":"","neve_meta_enable_content_width":"","neve_meta_content_width":0,"neve_meta_title_alignment":"","neve_meta_author_avatar":"","neve_post_elements_order":"","neve_meta_disable_header":"","neve_meta_disable_footer":"","neve_meta_disable_title":"","neve_meta_reading_time":"","footnotes":""},"categories":[3506,3561],"seiten_kategorie":[],"class_list":["post-171086","page","type-page","status-publish","has-post-thumbnail","hentry","category-magazine-darticles-de-conseils","category-maison-jardin"],"acf":[],"yoast_head":"<!-- This site is optimized with the Yoast SEO Premium plugin v22.8 (Yoast SEO v27.5) - https:\/\/yoast.com\/product\/yoast-seo-premium-wordpress\/ -->\n<title>Couvrir ou sceller les meubles de jardin ? Prot\u00e9gez correctement vos meubles de jardin ! - versiegelung24.com<\/title>\n<meta name=\"description\" content=\"D\u00e9couvrez ici pourquoi il est pr\u00e9f\u00e9rable de vitrifier les meubles de jardin plut\u00f4t que de simplement les recouvrir. Conseils pour l&#039;entretien et la protection contre le vent et les intemp\u00e9ries.\" \/>\n<meta name=\"robots\" content=\"index, follow, max-snippet:-1, max-image-preview:large, max-video-preview:-1\" \/>\n<link rel=\"canonical\" href=\"https:\/\/www.versiegelung24.com\/fr\/conseils-sur-les-produits-de-versiegelung24\/savoir-faire\/meuble-de-jardin-couvrir-ou-sceller\/\" \/>\n<meta property=\"og:locale\" content=\"fr_FR\" \/>\n<meta property=\"og:type\" content=\"article\" \/>\n<meta property=\"og:title\" content=\"Couvrir ou sceller les meubles de jardin ? Prot\u00e9gez correctement vos meubles de jardin !\" \/>\n<meta property=\"og:description\" content=\"D\u00e9couvrez ici pourquoi il est pr\u00e9f\u00e9rable de vitrifier les meubles de jardin plut\u00f4t que de simplement les recouvrir. Conseils pour l&#039;entretien et la protection contre le vent et les intemp\u00e9ries.\" \/>\n<meta property=\"og:url\" content=\"https:\/\/www.versiegelung24.com\/fr\/conseils-sur-les-produits-de-versiegelung24\/savoir-faire\/meuble-de-jardin-couvrir-ou-sceller\/\" \/>\n<meta property=\"og:site_name\" content=\"versiegelung24.com\" \/>\n<meta property=\"article:modified_time\" content=\"2024-09-01T16:15:41+00:00\" \/>\n<meta property=\"og:image\" content=\"https:\/\/www.versiegelung24.com\/wp-content\/uploads\/2024\/07\/wooden-garden-furniture-in-garden.jpg\" \/>\n\t<meta property=\"og:image:width\" content=\"2000\" \/>\n\t<meta property=\"og:image:height\" content=\"1258\" \/>\n\t<meta property=\"og:image:type\" content=\"image\/jpeg\" \/>\n<meta name=\"twitter:card\" content=\"summary_large_image\" \/>\n<meta name=\"twitter:label1\" content=\"Dur\u00e9e de lecture estim\u00e9e\" \/>\n\t<meta name=\"twitter:data1\" content=\"7 minutes\" \/>\n<script type=\"application\/ld+json\" class=\"yoast-schema-graph\">{\"@context\":\"https:\\\/\\\/schema.org\",\"@graph\":[{\"@type\":\"WebPage\",\"@id\":\"https:\\\/\\\/www.versiegelung24.com\\\/fr\\\/conseils-sur-les-produits-de-versiegelung24\\\/savoir-faire\\\/meuble-de-jardin-couvrir-ou-sceller\\\/\",\"url\":\"https:\\\/\\\/www.versiegelung24.com\\\/fr\\\/conseils-sur-les-produits-de-versiegelung24\\\/savoir-faire\\\/meuble-de-jardin-couvrir-ou-sceller\\\/\",\"name\":\"Couvrir ou sceller les meubles de jardin ? Prot\u00e9gez correctement vos meubles de jardin ! - versiegelung24.com\",\"isPartOf\":{\"@id\":\"https:\\\/\\\/www.versiegelung24.com\\\/fr\\\/#website\"},\"primaryImageOfPage\":{\"@id\":\"https:\\\/\\\/www.versiegelung24.com\\\/fr\\\/conseils-sur-les-produits-de-versiegelung24\\\/savoir-faire\\\/meuble-de-jardin-couvrir-ou-sceller\\\/#primaryimage\"},\"image\":{\"@id\":\"https:\\\/\\\/www.versiegelung24.com\\\/fr\\\/conseils-sur-les-produits-de-versiegelung24\\\/savoir-faire\\\/meuble-de-jardin-couvrir-ou-sceller\\\/#primaryimage\"},\"thumbnailUrl\":\"https:\\\/\\\/www.versiegelung24.com\\\/wp-content\\\/uploads\\\/2024\\\/07\\\/wooden-garden-furniture-in-garden.jpg\",\"datePublished\":\"2024-08-07T08:19:31+00:00\",\"dateModified\":\"2024-09-01T16:15:41+00:00\",\"description\":\"D\u00e9couvrez ici pourquoi il est pr\u00e9f\u00e9rable de vitrifier les meubles de jardin plut\u00f4t que de simplement les recouvrir. Conseils pour l'entretien et la protection contre le vent et les intemp\u00e9ries.\",\"breadcrumb\":{\"@id\":\"https:\\\/\\\/www.versiegelung24.com\\\/fr\\\/conseils-sur-les-produits-de-versiegelung24\\\/savoir-faire\\\/meuble-de-jardin-couvrir-ou-sceller\\\/#breadcrumb\"},\"inLanguage\":\"fr-FR\",\"potentialAction\":[{\"@type\":\"ReadAction\",\"target\":[\"https:\\\/\\\/www.versiegelung24.com\\\/fr\\\/conseils-sur-les-produits-de-versiegelung24\\\/savoir-faire\\\/meuble-de-jardin-couvrir-ou-sceller\\\/\"]}]},{\"@type\":\"ImageObject\",\"inLanguage\":\"fr-FR\",\"@id\":\"https:\\\/\\\/www.versiegelung24.com\\\/fr\\\/conseils-sur-les-produits-de-versiegelung24\\\/savoir-faire\\\/meuble-de-jardin-couvrir-ou-sceller\\\/#primaryimage\",\"url\":\"https:\\\/\\\/www.versiegelung24.com\\\/wp-content\\\/uploads\\\/2024\\\/07\\\/wooden-garden-furniture-in-garden.jpg\",\"contentUrl\":\"https:\\\/\\\/www.versiegelung24.com\\\/wp-content\\\/uploads\\\/2024\\\/07\\\/wooden-garden-furniture-in-garden.jpg\",\"width\":2000,\"height\":1258,\"caption\":\"wooden garden furniture in garden\"},{\"@type\":\"BreadcrumbList\",\"@id\":\"https:\\\/\\\/www.versiegelung24.com\\\/fr\\\/conseils-sur-les-produits-de-versiegelung24\\\/savoir-faire\\\/meuble-de-jardin-couvrir-ou-sceller\\\/#breadcrumb\",\"itemListElement\":[{\"@type\":\"ListItem\",\"position\":1,\"name\":\"Page d'accueil\",\"item\":\"https:\\\/\\\/www.versiegelung24.com\\\/fr\\\/front\\\/\"},{\"@type\":\"ListItem\",\"position\":2,\"name\":\"Guide pratique\",\"item\":\"https:\\\/\\\/www.versiegelung24.com\\\/fr\\\/ratgeber\\\/\"},{\"@type\":\"ListItem\",\"position\":3,\"name\":\"magazine\",\"item\":\"https:\\\/\\\/www.versiegelung24.com\\\/fr\\\/ratgeber\\\/magazin\\\/\"},{\"@type\":\"ListItem\",\"position\":4,\"name\":\"Couvrir ou sceller les meubles de jardin ? Prot\u00e9gez correctement vos meubles de jardin !\"}]},{\"@type\":\"WebSite\",\"@id\":\"https:\\\/\\\/www.versiegelung24.com\\\/fr\\\/#website\",\"url\":\"https:\\\/\\\/www.versiegelung24.com\\\/fr\\\/\",\"name\":\"versiegelung24.com\",\"description\":\"Fl\u00fcssigglas-Versiegelung - Made in Germany\",\"publisher\":{\"@id\":\"https:\\\/\\\/www.versiegelung24.com\\\/fr\\\/#organization\"},\"potentialAction\":[{\"@type\":\"SearchAction\",\"target\":{\"@type\":\"EntryPoint\",\"urlTemplate\":\"https:\\\/\\\/www.versiegelung24.com\\\/fr\\\/?s={search_term_string}\"},\"query-input\":{\"@type\":\"PropertyValueSpecification\",\"valueRequired\":true,\"valueName\":\"search_term_string\"}}],\"inLanguage\":\"fr-FR\"},{\"@type\":\"Organization\",\"@id\":\"https:\\\/\\\/www.versiegelung24.com\\\/fr\\\/#organization\",\"name\":\"versiegelung24\",\"url\":\"https:\\\/\\\/www.versiegelung24.com\\\/fr\\\/\",\"logo\":{\"@type\":\"ImageObject\",\"inLanguage\":\"fr-FR\",\"@id\":\"https:\\\/\\\/www.versiegelung24.com\\\/fr\\\/#\\\/schema\\\/logo\\\/image\\\/\",\"url\":\"https:\\\/\\\/www.versiegelung24.com\\\/wp-content\\\/uploads\\\/2020\\\/04\\\/versiegelung24.png\",\"contentUrl\":\"https:\\\/\\\/www.versiegelung24.com\\\/wp-content\\\/uploads\\\/2020\\\/04\\\/versiegelung24.png\",\"width\":470,\"height\":102,\"caption\":\"versiegelung24\"},\"image\":{\"@id\":\"https:\\\/\\\/www.versiegelung24.com\\\/fr\\\/#\\\/schema\\\/logo\\\/image\\\/\"}}]}<\/script>\n<!-- \/ Yoast SEO Premium plugin. -->","yoast_head_json":{"title":"Couvrir ou sceller les meubles de jardin ? Prot\u00e9gez correctement vos meubles de jardin ! - versiegelung24.com","description":"D\u00e9couvrez ici pourquoi il est pr\u00e9f\u00e9rable de vitrifier les meubles de jardin plut\u00f4t que de simplement les recouvrir. Conseils pour l'entretien et la protection contre le vent et les intemp\u00e9ries.","robots":{"index":"index","follow":"follow","max-snippet":"max-snippet:-1","max-image-preview":"max-image-preview:large","max-video-preview":"max-video-preview:-1"},"canonical":"https:\/\/www.versiegelung24.com\/fr\/conseils-sur-les-produits-de-versiegelung24\/savoir-faire\/meuble-de-jardin-couvrir-ou-sceller\/","og_locale":"fr_FR","og_type":"article","og_title":"Couvrir ou sceller les meubles de jardin ? Prot\u00e9gez correctement vos meubles de jardin !","og_description":"D\u00e9couvrez ici pourquoi il est pr\u00e9f\u00e9rable de vitrifier les meubles de jardin plut\u00f4t que de simplement les recouvrir. Conseils pour l'entretien et la protection contre le vent et les intemp\u00e9ries.","og_url":"https:\/\/www.versiegelung24.com\/fr\/conseils-sur-les-produits-de-versiegelung24\/savoir-faire\/meuble-de-jardin-couvrir-ou-sceller\/","og_site_name":"versiegelung24.com","article_modified_time":"2024-09-01T16:15:41+00:00","og_image":[{"width":2000,"height":1258,"url":"https:\/\/www.versiegelung24.com\/wp-content\/uploads\/2024\/07\/wooden-garden-furniture-in-garden.jpg","type":"image\/jpeg"}],"twitter_card":"summary_large_image","twitter_misc":{"Dur\u00e9e de lecture estim\u00e9e":"7 minutes"},"schema":{"@context":"https:\/\/schema.org","@graph":[{"@type":"WebPage","@id":"https:\/\/www.versiegelung24.com\/fr\/conseils-sur-les-produits-de-versiegelung24\/savoir-faire\/meuble-de-jardin-couvrir-ou-sceller\/","url":"https:\/\/www.versiegelung24.com\/fr\/conseils-sur-les-produits-de-versiegelung24\/savoir-faire\/meuble-de-jardin-couvrir-ou-sceller\/","name":"Couvrir ou sceller les meubles de jardin ? Prot\u00e9gez correctement vos meubles de jardin ! - versiegelung24.com","isPartOf":{"@id":"https:\/\/www.versiegelung24.com\/fr\/#website"},"primaryImageOfPage":{"@id":"https:\/\/www.versiegelung24.com\/fr\/conseils-sur-les-produits-de-versiegelung24\/savoir-faire\/meuble-de-jardin-couvrir-ou-sceller\/#primaryimage"},"image":{"@id":"https:\/\/www.versiegelung24.com\/fr\/conseils-sur-les-produits-de-versiegelung24\/savoir-faire\/meuble-de-jardin-couvrir-ou-sceller\/#primaryimage"},"thumbnailUrl":"https:\/\/www.versiegelung24.com\/wp-content\/uploads\/2024\/07\/wooden-garden-furniture-in-garden.jpg","datePublished":"2024-08-07T08:19:31+00:00","dateModified":"2024-09-01T16:15:41+00:00","description":"D\u00e9couvrez ici pourquoi il est pr\u00e9f\u00e9rable de vitrifier les meubles de jardin plut\u00f4t que de simplement les recouvrir. Conseils pour l'entretien et la protection contre le vent et les intemp\u00e9ries.","breadcrumb":{"@id":"https:\/\/www.versiegelung24.com\/fr\/conseils-sur-les-produits-de-versiegelung24\/savoir-faire\/meuble-de-jardin-couvrir-ou-sceller\/#breadcrumb"},"inLanguage":"fr-FR","potentialAction":[{"@type":"ReadAction","target":["https:\/\/www.versiegelung24.com\/fr\/conseils-sur-les-produits-de-versiegelung24\/savoir-faire\/meuble-de-jardin-couvrir-ou-sceller\/"]}]},{"@type":"ImageObject","inLanguage":"fr-FR","@id":"https:\/\/www.versiegelung24.com\/fr\/conseils-sur-les-produits-de-versiegelung24\/savoir-faire\/meuble-de-jardin-couvrir-ou-sceller\/#primaryimage","url":"https:\/\/www.versiegelung24.com\/wp-content\/uploads\/2024\/07\/wooden-garden-furniture-in-garden.jpg","contentUrl":"https:\/\/www.versiegelung24.com\/wp-content\/uploads\/2024\/07\/wooden-garden-furniture-in-garden.jpg","width":2000,"height":1258,"caption":"wooden garden furniture in garden"},{"@type":"BreadcrumbList","@id":"https:\/\/www.versiegelung24.com\/fr\/conseils-sur-les-produits-de-versiegelung24\/savoir-faire\/meuble-de-jardin-couvrir-ou-sceller\/#breadcrumb","itemListElement":[{"@type":"ListItem","position":1,"name":"Page d'accueil","item":"https:\/\/www.versiegelung24.com\/fr\/front\/"},{"@type":"ListItem","position":2,"name":"Guide pratique","item":"https:\/\/www.versiegelung24.com\/fr\/ratgeber\/"},{"@type":"ListItem","position":3,"name":"magazine","item":"https:\/\/www.versiegelung24.com\/fr\/ratgeber\/magazin\/"},{"@type":"ListItem","position":4,"name":"Couvrir ou sceller les meubles de jardin ? Prot\u00e9gez correctement vos meubles de jardin !"}]},{"@type":"WebSite","@id":"https:\/\/www.versiegelung24.com\/fr\/#website","url":"https:\/\/www.versiegelung24.com\/fr\/","name":"versiegelung24.com","description":"Fl\u00fcssigglas-Versiegelung - Made in Germany","publisher":{"@id":"https:\/\/www.versiegelung24.com\/fr\/#organization"},"potentialAction":[{"@type":"SearchAction","target":{"@type":"EntryPoint","urlTemplate":"https:\/\/www.versiegelung24.com\/fr\/?s={search_term_string}"},"query-input":{"@type":"PropertyValueSpecification","valueRequired":true,"valueName":"search_term_string"}}],"inLanguage":"fr-FR"},{"@type":"Organization","@id":"https:\/\/www.versiegelung24.com\/fr\/#organization","name":"versiegelung24","url":"https:\/\/www.versiegelung24.com\/fr\/","logo":{"@type":"ImageObject","inLanguage":"fr-FR","@id":"https:\/\/www.versiegelung24.com\/fr\/#\/schema\/logo\/image\/","url":"https:\/\/www.versiegelung24.com\/wp-content\/uploads\/2020\/04\/versiegelung24.png","contentUrl":"https:\/\/www.versiegelung24.com\/wp-content\/uploads\/2020\/04\/versiegelung24.png","width":470,"height":102,"caption":"versiegelung24"},"image":{"@id":"https:\/\/www.versiegelung24.com\/fr\/#\/schema\/logo\/image\/"}}]}},"_links":{"self":[{"href":"https:\/\/www.versiegelung24.com\/fr\/wp-json\/wp\/v2\/pages\/171086","targetHints":{"allow":["GET"]}}],"collection":[{"href":"https:\/\/www.versiegelung24.com\/fr\/wp-json\/wp\/v2\/pages"}],"about":[{"href":"https:\/\/www.versiegelung24.com\/fr\/wp-json\/wp\/v2\/types\/page"}],"author":[{"embeddable":true,"href":"https:\/\/www.versiegelung24.com\/fr\/wp-json\/wp\/v2\/users\/917"}],"replies":[{"embeddable":true,"href":"https:\/\/www.versiegelung24.com\/fr\/wp-json\/wp\/v2\/comments?post=171086"}],"version-history":[{"count":2,"href":"https:\/\/www.versiegelung24.com\/fr\/wp-json\/wp\/v2\/pages\/171086\/revisions"}],"predecessor-version":[{"id":172606,"href":"https:\/\/www.versiegelung24.com\/fr\/wp-json\/wp\/v2\/pages\/171086\/revisions\/172606"}],"up":[{"embeddable":true,"href":"https:\/\/www.versiegelung24.com\/fr\/wp-json\/wp\/v2\/pages\/34627"}],"wp:featuredmedia":[{"embeddable":true,"href":"https:\/\/www.versiegelung24.com\/fr\/wp-json\/wp\/v2\/media\/170408"}],"wp:attachment":[{"href":"https:\/\/www.versiegelung24.com\/fr\/wp-json\/wp\/v2\/media?parent=171086"}],"wp:term":[{"taxonomy":"category","embeddable":true,"href":"https:\/\/www.versiegelung24.com\/fr\/wp-json\/wp\/v2\/categories?post=171086"},{"taxonomy":"seiten_kategorie","embeddable":true,"href":"https:\/\/www.versiegelung24.com\/fr\/wp-json\/wp\/v2\/seiten_kategorie?post=171086"}],"curies":[{"name":"wp","href":"https:\/\/api.w.org\/{rel}","templated":true}]}}