{"id":22112,"date":"2021-08-02T20:20:57","date_gmt":"2021-08-02T18:20:57","guid":{"rendered":"https:\/\/www.versiegelung24.com\/adat-vedelem"},"modified":"2022-02-16T12:57:43","modified_gmt":"2022-02-16T11:57:43","slug":"adat-vedelem","status":"publish","type":"page","link":"https:\/\/www.versiegelung24.com\/hu\/adat-vedelem\/","title":{"rendered":"Adat v\u00e9delem"},"content":{"rendered":"<p>K\u00f6sz\u00f6nj\u00fck \u00e9rdekl\u0151d\u00e9s\u00e9t c\u00e9g\u00fcnk ir\u00e1nt. Az adatv\u00e9delem k\u00fcl\u00f6n\u00f6sen fontos a versiegelung24.com sz\u00e1m\u00e1ra. \u00c1ltal\u00e1ban lehets\u00e9ges a versiegelung24.com weboldal haszn\u00e1lata szem\u00e9lyes adatok megad\u00e1sa n\u00e9lk\u00fcl. Ha azonban az \u00e9rintett a weboldalunkon kereszt\u00fcl ig\u00e9nybe k\u00edv\u00e1nja venni c\u00e9g\u00fcnk speci\u00e1lis szolg\u00e1ltat\u00e1sait, sz\u00fcks\u00e9gess\u00e9 v\u00e1lhat a szem\u00e9lyes adatok feldolgoz\u00e1sa. Ha a szem\u00e9lyes adatok feldolgoz\u00e1sa sz\u00fcks\u00e9ges \u00e9s nincs jogalapja az ilyen kezel\u00e9snek, \u00e1ltal\u00e1ban megkapjuk az \u00e9rintett hozz\u00e1j\u00e1rul\u00e1s\u00e1t.<\/p>\n<p>A szem\u00e9lyes adatok-p\u00e9ld\u00e1ul az \u00e9rintett szem\u00e9ly neve, c\u00edme, e-mail c\u00edme vagy telefonsz\u00e1ma-feldolgoz\u00e1sa mindig az \u00c1ltal\u00e1nos Adatv\u00e9delmi Rendeletnek \u00e9s az orsz\u00e1gspecifikus adatv\u00e9delmi el\u0151\u00edr\u00e1soknak megfelel\u0151en t\u00f6rt\u00e9nik. versiegelung24.com. C\u00e9g\u00fcnk ezen adatv\u00e9delmi nyilatkozat seg\u00edts\u00e9g\u00e9vel szeretn\u00e9 t\u00e1j\u00e9koztatni a nyilv\u00e1noss\u00e1got az \u00e1ltalunk gy\u0171jt\u00f6tt, felhaszn\u00e1lt \u00e9s feldolgozott szem\u00e9lyes adatok t\u00edpus\u00e1r\u00f3l, hat\u00f3k\u00f6r\u00e9r\u0151l \u00e9s c\u00e9lj\u00e1r\u00f3l. Ezenk\u00edv\u00fcl az \u00e9rintettek ezen adatv\u00e9delmi nyilatkozat seg\u00edts\u00e9g\u00e9vel t\u00e1j\u00e9koztat\u00e1st kapnak jogaikr\u00f3l.<\/p>\n<p>Adatkezel\u0151k\u00e9nt a Versiegelung24.com sz\u00e1mos technikai \u00e9s szervez\u00e9si int\u00e9zked\u00e9st hajtott v\u00e9gre annak \u00e9rdek\u00e9ben, hogy biztos\u00edtsa a webhelyen kereszt\u00fcl feldolgozott szem\u00e9lyes adatok lehet\u0151 legteljesebb v\u00e9delm\u00e9t. Az internetes adat\u00e1tvitel azonban \u00e1ltal\u00e1ban biztons\u00e1gi r\u00e9sekkel j\u00e1rhat, \u00edgy nem garant\u00e1lhat\u00f3 az abszol\u00fat v\u00e9delem. Emiatt minden \u00e9rintett szabadon tov\u00e1bb\u00edthat nek\u00fcnk szem\u00e9lyes adatokat alternat\u00edv m\u00f3don, p\u00e9ld\u00e1ul telefonon.<\/p>\n<h4>1. Fogalommeghat\u00e1roz\u00e1sok<\/h4>\n<p>A versiegelung24.com adatv\u00e9delmi politik\u00e1ja az \u00e1ltal\u00e1nos jogalkot\u00f3 \u00e1ltal az \u00e1ltal\u00e1nos adatv\u00e9delmi rendelet (GDPR) elfogad\u00e1sakor haszn\u00e1lt ir\u00e1nyelvek \u00e9s rendeletek \u00e1ltal haszn\u00e1lt kifejez\u00e9seken alapul. Adatv\u00e9delmi nyilatkozatunknak k\u00f6nnyen olvashat\u00f3nak \u00e9s \u00e9rthet\u0151nek kell lennie a nyilv\u00e1noss\u00e1g, valamint \u00fcgyfeleink \u00e9s \u00fczleti partnereink sz\u00e1m\u00e1ra. Ennek biztos\u00edt\u00e1sa \u00e9rdek\u00e9ben szeretn\u00e9nk el\u0151re elmagyar\u00e1zni a haszn\u00e1lt terminol\u00f3gi\u00e1t.<\/p>\n<p>Ebben az adatv\u00e9delmi nyilatkozatban a k\u00f6vetkez\u0151 kifejez\u00e9seket haszn\u00e1ljuk:<\/p>\n<ul>\n<li>\n<h4>a)&nbsp;&nbsp;&nbsp; szem\u00e9lyes adatok<\/h4>\n<p>A szem\u00e9lyes adatok minden olyan inform\u00e1ci\u00f3, amely azonos\u00edtott vagy azonos\u00edthat\u00f3 term\u00e9szetes szem\u00e9lyre (a tov\u00e1bbiakban: \u00e9rintett) vonatkozik. A term\u00e9szetes szem\u00e9ly azonos\u00edthat\u00f3nak min\u0151s\u00fcl, aki k\u00f6zvetlen\u00fcl vagy k\u00f6zvetve, k\u00fcl\u00f6n\u00f6sen egy azonos\u00edt\u00f3hoz, p\u00e9ld\u00e1ul n\u00e9vhez, azonos\u00edt\u00f3 sz\u00e1mhoz, helyadathoz, online azonos\u00edt\u00f3hoz vagy egy vagy t\u00f6bb olyan k\u00fcl\u00f6nleges tulajdons\u00e1ghoz val\u00f3 hozz\u00e1rendel\u00e9s r\u00e9v\u00e9n, amelyek kifejezik a fizikai, fiziol\u00f3giai, e term\u00e9szetes szem\u00e9ly genetikai, pszichol\u00f3giai, gazdas\u00e1gi, kultur\u00e1lis vagy t\u00e1rsadalmi azonoss\u00e1ga azonos\u00edthat\u00f3.<\/li>\n<li>\n<h4>b)&nbsp;&nbsp;&nbsp; \u00e9rintett szem\u00e9ly<\/h4>\n<p>\u00c9rintett minden olyan azonos\u00edtott vagy azonos\u00edthat\u00f3 term\u00e9szetes szem\u00e9ly, akinek szem\u00e9lyes adatait a feldolgoz\u00e1s\u00e9rt felel\u0151s szem\u00e9ly kezeli.<\/li>\n<li>\n<h4>c)&nbsp;&nbsp;&nbsp; feldolgoz\u00e1s<\/h4>\n<p>A feldolgoz\u00e1s minden olyan folyamat, amelyet automatiz\u00e1lt folyamatok seg\u00edts\u00e9g\u00e9vel vagy an\u00e9lk\u00fcl hajtanak v\u00e9gre, vagy an\u00e9lk\u00fcl, hogy a szem\u00e9lyes adatokhoz kapcsol\u00f3d\u00f3 folyamatok sorozata, p\u00e9ld\u00e1ul gy\u0171jt\u00e9se, r\u00f6gz\u00edt\u00e9se, szervez\u00e9se, megrendel\u00e9se, t\u00e1rol\u00e1sa, adapt\u00e1l\u00e1sa vagy megv\u00e1ltoztat\u00e1sa, olvas\u00e1sa, lek\u00e9rdez\u00e9se, haszn\u00e1lata, k\u00f6zz\u00e9t\u00e9tele tov\u00e1bb\u00edt\u00e1s, terjeszt\u00e9s vagy b\u00e1rmely m\u00e1s form\u00e1ban, \u00f6sszehasonl\u00edt\u00e1s vagy \u00f6sszekapcsol\u00e1s, korl\u00e1toz\u00e1s, t\u00f6rl\u00e9s vagy megsemmis\u00edt\u00e9s.<\/li>\n<li>\n<h4>d)&nbsp;&nbsp;&nbsp; a feldolgoz\u00e1s korl\u00e1toz\u00e1sa<\/h4>\n<p>A feldolgoz\u00e1s korl\u00e1toz\u00e1sa a t\u00e1rolt szem\u00e9lyes adatok megjel\u00f6l\u00e9se a j\u00f6v\u0151beni feldolgoz\u00e1suk korl\u00e1toz\u00e1sa c\u00e9lj\u00e1b\u00f3l.<\/li>\n<li>\n<h4>e)&nbsp;&nbsp;&nbsp; profilalkot\u00e1s<\/h4>\n<p>A profilalkot\u00e1s a szem\u00e9lyes adatok b\u00e1rmilyen automatiz\u00e1lt feldolgoz\u00e1sa, amely abb\u00f3l \u00e1ll, hogy ezeket a szem\u00e9lyes adatokat a term\u00e9szetes szem\u00e9lyre vonatkoz\u00f3 bizonyos szem\u00e9lyes szempontok \u00e9rt\u00e9kel\u00e9s\u00e9re haszn\u00e1lj\u00e1k fel, k\u00fcl\u00f6n\u00f6sen a munkateljes\u00edtm\u00e9nyre, a gazdas\u00e1gi helyzetre, az eg\u00e9szs\u00e9gre, a szem\u00e9lyesre vonatkoz\u00f3 szempontokat A preferenci\u00e1k, \u00e9rdekek elemz\u00e9se vagy el\u0151rejelz\u00e9se , e term\u00e9szetes szem\u00e9ly megb\u00edzhat\u00f3s\u00e1ga, viselked\u00e9se, tart\u00f3zkod\u00e1si helye vagy \u00e1thelyez\u00e9se.<\/li>\n<li>\n<h4>f)&nbsp;&nbsp;&nbsp;&nbsp; \u00e1lneves\u00edt\u00e9s<\/h4>\n<p>Az \u00e1lneves\u00edt\u00e9s a szem\u00e9lyes adatok olyan m\u00f3don t\u00f6rt\u00e9n\u0151 feldolgoz\u00e1sa, hogy a szem\u00e9lyes adatok tov\u00e1bbi inform\u00e1ci\u00f3k felhaszn\u00e1l\u00e1sa n\u00e9lk\u00fcl m\u00e1r nem rendelhet\u0151k hozz\u00e1 egy adott \u00e9rintetthez, felt\u00e9ve, hogy ezeket a kieg\u00e9sz\u00edt\u0151 inform\u00e1ci\u00f3kat k\u00fcl\u00f6n t\u00e1rolj\u00e1k, \u00e9s olyan technikai \u00e9s szervez\u00e9si int\u00e9zked\u00e9sek hat\u00e1lya al\u00e1 tartoznak, amelyek biztos\u00edtj\u00e1k hogy a szem\u00e9lyes adatok nem rendelhet\u0151k hozz\u00e1 azonos\u00edtott vagy azonos\u00edthat\u00f3 term\u00e9szetes szem\u00e9lyhez.<\/li>\n<li>\n<h4>G)&nbsp;&nbsp;&nbsp; Felel\u0151s vagy felel\u0151s a feldolgoz\u00e1s\u00e9rt<\/h4>\n<p>A felel\u0151s szem\u00e9ly vagy a feldolgoz\u00e1s\u00e9rt felel\u0151s szem\u00e9ly az a term\u00e9szetes vagy jogi szem\u00e9ly, hat\u00f3s\u00e1g, int\u00e9zm\u00e9ny vagy m\u00e1s szerv, amely egyed\u00fcl vagy m\u00e1sokkal egy\u00fctt d\u00f6nt a szem\u00e9lyes adatok feldolgoz\u00e1s\u00e1nak c\u00e9ljair\u00f3l \u00e9s eszk\u00f6zeir\u0151l. Ha az adatkezel\u00e9s c\u00e9ljait \u00e9s eszk\u00f6zeit az uni\u00f3s jog vagy a tag\u00e1llamok joga hat\u00e1rozza meg, a felel\u0151s szem\u00e9ly vagy a kinevez\u00e9s\u00e9nek konkr\u00e9t krit\u00e9riumai az uni\u00f3s joggal vagy a tag\u00e1llamok jog\u00e1val \u00f6sszhangban biztos\u00edthat\u00f3k.<\/li>\n<li>\n<h4>H)&nbsp;&nbsp;&nbsp; processzor<\/h4>\n<p>Az adatfeldolgoz\u00f3 olyan term\u00e9szetes vagy jogi szem\u00e9ly, hat\u00f3s\u00e1g, int\u00e9zm\u00e9ny vagy m\u00e1s szerv, amely a felel\u0151s szem\u00e9ly nev\u00e9ben szem\u00e9lyes adatokat dolgoz fel.<\/li>\n<li>\n<h4>\u00e9n)&nbsp;&nbsp;&nbsp;&nbsp;&nbsp; befogad\u00f3<\/h4>\n<p>C\u00edmzett az a term\u00e9szetes vagy jogi szem\u00e9ly, hat\u00f3s\u00e1g, int\u00e9zm\u00e9ny vagy egy\u00e9b szerv, amellyel szem\u00e9lyes adatot k\u00f6z\u00f6lnek, f\u00fcggetlen\u00fcl att\u00f3l, hogy harmadik f\u00e9l-e vagy sem. Mindazon\u00e1ltal azok a hat\u00f3s\u00e1gok, amelyek az uni\u00f3s jog vagy a tag\u00e1llamok jogszab\u00e1lyai szerint k\u00fcl\u00f6nleges vizsg\u00e1lat r\u00e9szek\u00e9nt kaphatnak szem\u00e9lyes adatokat, nem min\u0151s\u00fclnek c\u00edmzettnek.<\/li>\n<li>\n<h4>j)&nbsp;&nbsp;&nbsp;&nbsp;&nbsp; harmadik f\u00e9l<\/h4>\n<p>Harmadik f\u00e9l term\u00e9szetes vagy jogi szem\u00e9ly, k\u00f6zhatalmi szerv, \u00fcgyn\u00f6ks\u00e9g vagy szerv, amely nem az \u00e9rintett, a felel\u0151s szem\u00e9ly, a feldolgoz\u00f3 \u00e9s azok a szem\u00e9lyek, akik jogosultak a szem\u00e9lyes adatok feldolgoz\u00e1s\u00e1ra a felel\u0151s szem\u00e9ly vagy a feldolgoz\u00f3 k\u00f6zvetlen felel\u0151ss\u00e9ge alatt .<\/li>\n<li>\n<h4>k)&nbsp;&nbsp;&nbsp; beleegyez\u00e9s<\/h4>\n<p>A hozz\u00e1j\u00e1rul\u00e1s minden olyan \u00f6nk\u00e9ntes, t\u00e1j\u00e9kozott \u00e9s egy\u00e9rtelm\u0171 sz\u00e1nd\u00e9knyilatkozat, amelyet az \u00e9rintett adott esetben adott nyilatkozat vagy egy\u00e9b egy\u00e9rtelm\u0171 meger\u0151s\u00edt\u0151 int\u00e9zked\u00e9s form\u00e1j\u00e1ban, amellyel az \u00e9rintett jelzi, hogy hozz\u00e1j\u00e1rul szem\u00e9lyes adatainak kezel\u00e9s\u00e9hez.<\/li>\n<\/ul>\n<h4>2. A feldolgoz\u00e1s\u00e9rt felel\u0151s szem\u00e9ly neve \u00e9s c\u00edme<\/h4>\n<p>Az \u00e1ltal\u00e1nos adatv\u00e9delmi rendelet, az Eur\u00f3pai Uni\u00f3 tag\u00e1llamaiban alkalmazand\u00f3 egy\u00e9b adatv\u00e9delmi jogszab\u00e1lyok \u00e9s m\u00e1s adatv\u00e9delmi rendelkez\u00e9sek \u00e9rtelm\u00e9ben felel\u0151s szem\u00e9ly:<\/p>\n<p>Bastian Walger &#8211; Digit\u00e1lis marketing<br \/>\nAgrippina haj\u00f3gy\u00e1r 6<br \/>\n50678 K\u00f6ln<br \/>\nTel. +49 221 292893-90<br \/>\nFax. +49 221 292893-99<br \/>\nA forgalmi ad\u00f3 azonos\u00edt\u00f3 sz\u00e1ma a forgalmi ad\u00f3r\u00f3l sz\u00f3l\u00f3 t\u00f6rv\u00e9ny 27. \u00a7 -a szerint:<br \/>\nDE241077366<\/p>\n<p>E -mail: info@versiegelung24.com<br \/>\nWeboldal: versiegelung24.com<\/p>\n<h4>3. S\u00fctik<\/h4>\n<p>A versiegelung24.com internetes oldalai cookie -kat haszn\u00e1lnak. A cookie -k olyan sz\u00f6veges f\u00e1jlok, amelyeket egy internetes b\u00f6ng\u00e9sz\u0151n kereszt\u00fcl sz\u00e1m\u00edt\u00f3g\u00e9pes rendszerben t\u00e1rolnak \u00e9s t\u00e1rolnak.<\/p>\n<p>Sz\u00e1mos weboldal \u00e9s szerver haszn\u00e1l cookie -kat. Sok cookie tartalmaz egy \u00fagynevezett cookie-azonos\u00edt\u00f3t. A cookie -azonos\u00edt\u00f3 a cookie egyedi azonos\u00edt\u00f3ja. Ez egy karakterl\u00e1ncb\u00f3l \u00e1ll, amelyen kereszt\u00fcl a webhelyeket \u00e9s a szervereket hozz\u00e1 lehet rendelni az adott internetes b\u00f6ng\u00e9sz\u0151h\u00f6z, amelyben a cookie -t t\u00e1rolt\u00e1k. Ez lehet\u0151v\u00e9 teszi, hogy a felkeresett webhelyek \u00e9s szerverek megk\u00fcl\u00f6nb\u00f6ztess\u00e9k az \u00e9rintett egy\u00e9ni b\u00f6ng\u00e9sz\u0151j\u00e9t m\u00e1s, m\u00e1s cookie -kat tartalmaz\u00f3 internetes b\u00f6ng\u00e9sz\u0151kt\u0151l. Egy adott internetes b\u00f6ng\u00e9sz\u0151 felismerhet\u0151 \u00e9s azonos\u00edthat\u00f3 az egyedi cookie -azonos\u00edt\u00f3n kereszt\u00fcl.<\/p>\n<p>A cookie-k haszn\u00e1lat\u00e1val a versiegelung24.com felhaszn\u00e1l\u00f3bar\u00e1tabb szolg\u00e1ltat\u00e1sokat ny\u00fajthat ezen webhely felhaszn\u00e1l\u00f3inak, amelyek a s\u00fcti be\u00e1ll\u00edt\u00e1s n\u00e9lk\u00fcl nem lenn\u00e9nek lehets\u00e9gesek.<\/p>\n<p>A cookie haszn\u00e1lat\u00e1val a weboldalunkon tal\u00e1lhat\u00f3 inform\u00e1ci\u00f3k \u00e9s aj\u00e1nlatok optimaliz\u00e1lhat\u00f3k a felhaszn\u00e1l\u00f3 \u00e9rdek\u00e9ben. Amint m\u00e1r eml\u00edtett\u00fck, a cookie -k lehet\u0151v\u00e9 teszik sz\u00e1munkra, hogy felismerj\u00fck weboldalunk felhaszn\u00e1l\u00f3it. Ennek a felismer\u00e9snek az a c\u00e9lja, hogy megk\u00f6nny\u00edtse a felhaszn\u00e1l\u00f3k sz\u00e1m\u00e1ra weboldalunk haszn\u00e1lat\u00e1t. P\u00e9ld\u00e1ul egy cookie-kat haszn\u00e1l\u00f3 webhely felhaszn\u00e1l\u00f3j\u00e1nak nem kell minden alkalommal \u00fajra megadnia hozz\u00e1f\u00e9r\u00e9si adatait, amikor megl\u00e1togatja a webhelyet, mert ezt a webhely \u00e9s a felhaszn\u00e1l\u00f3 sz\u00e1m\u00edt\u00f3g\u00e9pes rendszer\u00e9ben t\u00e1rolt cookie teszi meg. Egy m\u00e1sik p\u00e9lda az online boltban tal\u00e1lhat\u00f3 bev\u00e1s\u00e1rl\u00f3kocsi cookie -ja. Az online bolt egy cookie -t haszn\u00e1l, hogy eml\u00e9kezzen azokra a t\u00e9telekre, amelyeket az \u00fcgyf\u00e9l a virtu\u00e1lis kos\u00e1rba helyezett.<\/p>\n<p>Az \u00e9rintett b\u00e1rmikor megakad\u00e1lyozhatja, hogy webhely\u00fcnk s\u00fctiket \u00e1ll\u00edtson be a haszn\u00e1lt internetb\u00f6ng\u00e9sz\u0151 megfelel\u0151 be\u00e1ll\u00edt\u00e1s\u00e1val, \u00e9s \u00edgy tart\u00f3san tiltakozik a cookie -k be\u00e1ll\u00edt\u00e1sa ellen. Tov\u00e1bb\u00e1 a m\u00e1r be\u00e1ll\u00edtott cookie -kat b\u00e1rmikor t\u00f6r\u00f6lheti egy internetes b\u00f6ng\u00e9sz\u0151n vagy m\u00e1s szoftverprogramon kereszt\u00fcl. Ez minden \u00e1ltal\u00e1nos internetb\u00f6ng\u00e9sz\u0151ben lehets\u00e9ges. Ha az \u00e9rintett szem\u00e9ly kikapcsolja a cookie -k be\u00e1ll\u00edt\u00e1s\u00e1t a haszn\u00e1lt internetb\u00f6ng\u00e9sz\u0151ben, akkor el\u0151fordulhat, hogy weboldalunk nem minden funkci\u00f3ja haszn\u00e1lhat\u00f3 teljesen.<\/p>\n<h4>4. \u00c1ltal\u00e1nos adatok \u00e9s inform\u00e1ci\u00f3k gy\u0171jt\u00e9se<\/h4>\n<p>A versiegelung24.com webhely \u00e1ltal\u00e1nos adatokat \u00e9s inform\u00e1ci\u00f3kat gy\u0171jt \u00f6ssze minden egyes alkalommal, amikor egy \u00e9rintett vagy egy automatiz\u00e1lt rendszer hozz\u00e1f\u00e9r a webhelyhez. Ezeket az \u00e1ltal\u00e1nos adatokat \u00e9s inform\u00e1ci\u00f3kat a szerver napl\u00f3f\u00e1jljai t\u00e1rolj\u00e1k. Az (1) haszn\u00e1lt b\u00f6ng\u00e9sz\u0151t\u00edpusok \u00e9s -verzi\u00f3k, (2) a hozz\u00e1f\u00e9r\u00e9si rendszer \u00e1ltal haszn\u00e1lt oper\u00e1ci\u00f3s rendszer, (3) az a webhely, amelyr\u0151l a hozz\u00e1f\u00e9r\u0151 rendszer el\u00e9ri a weboldalunkat (\u00fan. Hivatkoz\u00f3), (4) azok az alwebhelyek, amelyek a weboldalunkon el\u00e9rhet\u0151 hozz\u00e1f\u00e9r\u00e9si rendszeren kereszt\u00fcl \u00e9rhet\u0151k el, (5) a weboldalhoz val\u00f3 hozz\u00e1f\u00e9r\u00e9s d\u00e1tuma \u00e9s ideje, (6) internetprotokoll -c\u00edm (IP -c\u00edm), (7) a hozz\u00e1f\u00e9r\u00e9si rendszer internetszolg\u00e1ltat\u00f3ja \u00e9s (8) egy\u00e9b hasonl\u00f3 adatok \u00e9s inform\u00e1ci\u00f3k, amelyek az inform\u00e1ci\u00f3s technol\u00f3giai rendszereink elleni t\u00e1mad\u00e1sok eset\u00e9n elh\u00e1r\u00edtj\u00e1k a vesz\u00e9lyt.<\/p>\n<p>Ezen \u00e1ltal\u00e1nos adatok \u00e9s inform\u00e1ci\u00f3k felhaszn\u00e1l\u00e1sakor a versiegelung24.com nem von le k\u00f6vetkeztet\u00e9seket az \u00e9rintett szem\u00e9lyr\u0151l. Ink\u00e1bb ezekre az inform\u00e1ci\u00f3kra van sz\u00fcks\u00e9g ahhoz, hogy (1) helyesen jelen\u00edts\u00fck meg weboldalunk tartalm\u00e1t, (2) optimaliz\u00e1ljuk weboldalunk tartalm\u00e1t \u00e9s a hirdet\u00e9st, (3) biztos\u00edtsuk inform\u00e1ci\u00f3technol\u00f3giai rendszereink \u00e9s a technol\u00f3gia hossz\u00fa t\u00e1v\u00fa m\u0171k\u00f6d\u00e9s\u00e9t. honlapunkon \u00e9s (4) a b\u0171n\u00fcld\u00f6z\u0151 hat\u00f3s\u00e1gok rendelkez\u00e9s\u00e9re bocs\u00e1tj\u00e1k a b\u0171n\u00fcld\u00f6z\u00e9shez sz\u00fcks\u00e9ges inform\u00e1ci\u00f3kat egy kibert\u00e1mad\u00e1s eset\u00e9n. Ezeket az anonim m\u00f3don gy\u0171jt\u00f6tt adatokat \u00e9s inform\u00e1ci\u00f3kat ez\u00e9rt statisztikailag \u00e9s tov\u00e1bb \u00e9rt\u00e9keli a versiegelung24.com azzal a c\u00e9llal, hogy n\u00f6velje c\u00e9g\u00fcnk adatv\u00e9delm\u00e9t \u00e9s adatbiztons\u00e1g\u00e1t annak \u00e9rdek\u00e9ben, hogy v\u00e9gs\u0151 soron biztos\u00edtsuk az \u00e1ltalunk kezelt szem\u00e9lyes adatok optim\u00e1lis szint\u0171 v\u00e9delm\u00e9t. A szerver napl\u00f3f\u00e1jljaiban tal\u00e1lhat\u00f3 n\u00e9vtelen adatokat az \u00e9rintett \u00e1ltal megadott szem\u00e9lyes adatokt\u00f3l elk\u00fcl\u00f6n\u00edtve t\u00e1roljuk.<\/p>\n<h4>5. Regisztr\u00e1ci\u00f3 weboldalunkon<\/h4>\n<p>Az \u00e9rintettnek lehet\u0151s\u00e9ge van arra, hogy szem\u00e9lyes adatok megad\u00e1s\u00e1val regisztr\u00e1ljon a feldolgoz\u00e1s\u00e9rt felel\u0151s szem\u00e9ly weboldal\u00e1n. Mely szem\u00e9lyes adatokat tov\u00e1bb\u00edtj\u00e1k a feldolgoz\u00e1s\u00e9rt felel\u0151s szem\u00e9lynek a regisztr\u00e1ci\u00f3 sor\u00e1n haszn\u00e1lt megfelel\u0151 maszkb\u00f3l. Az \u00e9rintett \u00e1ltal bevitt szem\u00e9lyes adatokat kiz\u00e1r\u00f3lag a feldolgoz\u00e1s\u00e9rt felel\u0151s szem\u00e9ly gy\u0171jti \u00f6ssze \u00e9s t\u00e1rolja bels\u0151 haszn\u00e1latra. A feldolgoz\u00e1s\u00e9rt felel\u0151s szem\u00e9ly gondoskodhat az adatok tov\u00e1bb\u00edt\u00e1s\u00e1r\u00f3l egy vagy t\u00f6bb feldolgoz\u00f3nak, p\u00e9ld\u00e1ul egy csomagszolg\u00e1ltat\u00f3nak, aki szint\u00e9n kiz\u00e1r\u00f3lag a feldolgoz\u00e1s\u00e9rt felel\u0151s szem\u00e9lynek tulajdon\u00edthat\u00f3 bels\u0151 haszn\u00e1latra haszn\u00e1lja fel a szem\u00e9lyes adatokat.<\/p>\n<p>A feldolgoz\u00e1s\u00e9rt felel\u0151s szem\u00e9ly weboldal\u00e1n t\u00f6rt\u00e9n\u0151 regisztr\u00e1ci\u00f3val az \u00e9rintett internetszolg\u00e1ltat\u00f3ja (ISP) \u00e1ltal kiosztott IP -c\u00edm, a regisztr\u00e1ci\u00f3 d\u00e1tuma \u00e9s id\u0151pontja is elment\u00e9sre ker\u00fcl. Ezeket az adatokat a h\u00e1tt\u00e9rben t\u00e1roljuk, hogy ez az egyetlen m\u00f3dja annak, hogy megakad\u00e1lyozzuk szolg\u00e1ltat\u00e1sainkkal val\u00f3 vissza\u00e9l\u00e9seket, \u00e9s sz\u00fcks\u00e9g eset\u00e9n lehet\u0151v\u00e9 tegy\u00fck a b\u0171ncselekm\u00e9nyek kivizsg\u00e1l\u00e1s\u00e1t. E tekintetben ezen adatok t\u00e1rol\u00e1sa sz\u00fcks\u00e9ges a feldolgoz\u00e1s\u00e9rt felel\u0151s szem\u00e9ly v\u00e9delme \u00e9rdek\u00e9ben. Ezeket az adatokat \u00e1ltal\u00e1ban nem adj\u00e1k tov\u00e1bb harmadik feleknek, kiv\u00e9ve, ha jogszab\u00e1lyi k\u00f6telezetts\u00e9g\u00fck van ezek tov\u00e1bb\u00edt\u00e1s\u00e1ra, vagy ha b\u00fcntet\u0151elj\u00e1r\u00e1sra haszn\u00e1lj\u00e1k fel.<\/p>\n<p>Az \u00e9rintett regisztr\u00e1l\u00e1sa a szem\u00e9lyes adatok \u00f6nk\u00e9ntes megad\u00e1s\u00e1val lehet\u0151v\u00e9 teszi az adatkezel\u0151 sz\u00e1m\u00e1ra, hogy olyan tartalmat vagy szolg\u00e1ltat\u00e1sokat k\u00edn\u00e1ljon az \u00e9rintettnek, amelyeket az \u00fcgy jelleg\u00e9b\u0151l ad\u00f3d\u00f3an csak regisztr\u00e1lt felhaszn\u00e1l\u00f3knak aj\u00e1nlhatnak fel. A regisztr\u00e1lt szem\u00e9lyek b\u00e1rmikor szabadon m\u00f3dos\u00edthatj\u00e1k a regisztr\u00e1ci\u00f3 sor\u00e1n megadott szem\u00e9lyes adatokat, vagy teljesen t\u00f6r\u00f6lhetik azokat a feldolgoz\u00e1s\u00e9rt felel\u0151s szem\u00e9ly adatb\u00e1zis\u00e1b\u00f3l.<\/p>\n<p>A feldolgoz\u00e1s\u00e9rt felel\u0151s szem\u00e9ly k\u00e9r\u00e9sre b\u00e1rmikor t\u00e1j\u00e9koztat\u00e1st ad minden \u00e9rintett szem\u00e9lynek arr\u00f3l, hogy mely szem\u00e9lyes adatokat t\u00e1rolj\u00e1k az \u00e9rintettr\u0151l. Ezenk\u00edv\u00fcl a feldolgoz\u00e1s\u00e9rt felel\u0151s szem\u00e9ly az \u00e9rintett k\u00e9r\u00e9s\u00e9re vagy tan\u00e1cs\u00e1ra kijav\u00edtja vagy t\u00f6rli a szem\u00e9lyes adatokat, felt\u00e9ve, hogy nincsenek ellenkez\u0151 jogszab\u00e1lyi meg\u0151rz\u00e9si k\u00f6vetelm\u00e9nyek. A feldolgoz\u00e1s\u00e9rt felel\u0151s szem\u00e9ly alkalmazottai teljes eg\u00e9sz\u00e9ben az \u00e9rintettek rendelkez\u00e9s\u00e9re \u00e1llnak, mint kapcsolattart\u00f3 szem\u00e9lyek ebben az \u00f6sszef\u00fcgg\u00e9sben.<\/p>\n<h4>6. Kapcsolatfelv\u00e9teli lehet\u0151s\u00e9gek a weboldalon kereszt\u00fcl<\/h4>\n<p>A t\u00f6rv\u00e9nyi el\u0151\u00edr\u00e1sok miatt a versiegelung24.com weboldal olyan inform\u00e1ci\u00f3kat tartalmaz, amelyek lehet\u0151v\u00e9 teszik a c\u00e9g\u00fcnkkel t\u00f6rt\u00e9n\u0151 gyors elektronikus kapcsolattart\u00e1st \u00e9s a k\u00f6zvetlen kommunik\u00e1ci\u00f3t vel\u00fcnk, amely tartalmaz egy \u00e1ltal\u00e1nos c\u00edmet is az \u00fagynevezett elektronikus levelez\u00e9shez (e-mail c\u00edm). Ha az \u00e9rintett e -mailben vagy kapcsolatfelv\u00e9teli \u0171rlapon l\u00e9p kapcsolatba a feldolgoz\u00e1s\u00e9rt felel\u0151s szem\u00e9llyel, az \u00e9rintett \u00e1ltal tov\u00e1bb\u00edtott szem\u00e9lyes adatok automatikusan ment\u00e9sre ker\u00fclnek. Az \u00e9rintett \u00e1ltal a feldolgoz\u00e1s\u00e9rt felel\u0151s szem\u00e9ly \u00e1ltal \u00f6nk\u00e9ntes alapon tov\u00e1bb\u00edtott szem\u00e9lyes adatokat a feldolgoz\u00e1s vagy az \u00e9rintettel val\u00f3 kapcsolatfelv\u00e9tel c\u00e9lj\u00e1b\u00f3l t\u00e1roljuk. Ezeket a szem\u00e9lyes adatokat harmadik f\u00e9lnek nem adjuk \u00e1t.<\/p>\n<h4>7. A szem\u00e9lyes adatok rutinszer\u0171 t\u00f6rl\u00e9se \u00e9s z\u00e1rol\u00e1sa<\/h4>\n<p>A feldolgoz\u00e1s\u00e9rt felel\u0151s szem\u00e9ly az \u00e9rintett szem\u00e9lyes adatait csak a t\u00e1rol\u00e1si c\u00e9l el\u00e9r\u00e9s\u00e9hez sz\u00fcks\u00e9ges ideig t\u00e1rolja \u00e9s t\u00e1rolja, vagy ha ezt az eur\u00f3pai ir\u00e1nyelvek \u00e9s rendeletek vagy m\u00e1s jogalkot\u00f3 t\u00f6rv\u00e9nyek vagy rendeletek hat\u00e1rozz\u00e1k meg. a feldolgoz\u00e1s\u00e9rt felel\u0151s szem\u00e9ly al\u00e1 van rendelve.<\/p>\n<p>Ha a t\u00e1rol\u00e1si c\u00e9l m\u00e1r nem \u00e9rv\u00e9nyes, vagy ha az eur\u00f3pai ir\u00e1nyelvek \u00e9s rendeletek vagy m\u00e1s felel\u0151s jogalkot\u00f3 \u00e1ltal el\u0151\u00edrt t\u00e1rol\u00e1si id\u0151szak lej\u00e1r, akkor a szem\u00e9lyes adatokat a t\u00f6rv\u00e9nyi rendelkez\u00e9seknek megfelel\u0151en rutinszer\u0171en blokkoljuk vagy t\u00f6r\u00f6lj\u00fck.<\/p>\n<h4>8. Az \u00e9rintett jogai<\/h4>\n<ul>\n<li>\n<h4>a)&nbsp;&nbsp;&nbsp; meger\u0151s\u00edt\u00e9shez val\u00f3 jog<\/h4>\n<p>Minden \u00e9rintett szem\u00e9lynek az eur\u00f3pai ir\u00e1nyelv \u00e9s rendeletalkot\u00f3 \u00e1ltal biztos\u00edtott joga jogosult arra, hogy a feldolgoz\u00e1s\u00e9rt felel\u0151s szem\u00e9lyt\u0151l meger\u0151s\u00edt\u00e9st k\u00e9rjen arr\u00f3l, hogy a r\u00e1 vonatkoz\u00f3 szem\u00e9lyes adatokat feldolgozz\u00e1k -e. Ha az \u00e9rintett \u00e9lni k\u00edv\u00e1n a meger\u0151s\u00edt\u00e9shez val\u00f3 jog\u00e1val, b\u00e1rmikor kapcsolatba l\u00e9phet a feldolgoz\u00e1s\u00e9rt felel\u0151s szem\u00e9ly alkalmazottj\u00e1val.<\/li>\n<li>\n<h4>b)&nbsp;&nbsp;&nbsp; inform\u00e1ci\u00f3hoz val\u00f3 jog<\/h4>\n<p>Minden szem\u00e9lynek, akit a szem\u00e9lyes adatok feldolgoz\u00e1sa \u00e9rint, joga van az eur\u00f3pai ir\u00e1nyelv \u00e9s szab\u00e1lyoz\u00e1s megalkot\u00f3ja \u00e1ltal, hogy b\u00e1rmikor ingyenes inform\u00e1ci\u00f3t kapjon a r\u00f3la t\u00e1rolt szem\u00e9lyes adatokr\u00f3l, \u00e9s ezen adatok m\u00e1solat\u00e1t a feldolgoz\u00e1s\u00e9rt felel\u0151s szem\u00e9lyt\u0151l. Ezenk\u00edv\u00fcl az eur\u00f3pai ir\u00e1nyelvek \u00e9s rendeletek az \u00e9rintett sz\u00e1m\u00e1ra hozz\u00e1f\u00e9r\u00e9st biztos\u00edtanak a k\u00f6vetkez\u0151 inform\u00e1ci\u00f3khoz:<\/p>\n<ul>\n<li>a feldolgoz\u00e1si c\u00e9lokat<\/li>\n<li>a kezelt szem\u00e9lyes adatok kateg\u00f3ri\u00e1i<\/li>\n<li>Azok a c\u00edmzettek vagy a c\u00edmzettek kateg\u00f3ri\u00e1i, akiknek a szem\u00e9lyes adatokat nyilv\u00e1noss\u00e1gra hozt\u00e1k vagy m\u00e9g nyilv\u00e1noss\u00e1gra hozz\u00e1k, k\u00fcl\u00f6n\u00f6sen a harmadik orsz\u00e1gbeli c\u00edmzetteknek vagy nemzetk\u00f6zi szervezeteknek<\/li>\n<li>ha lehets\u00e9ges, a szem\u00e9lyes adatok t\u00e1rol\u00e1s\u00e1nak tervezett id\u0151tartama, vagy ha ez nem lehets\u00e9ges, az id\u0151tartam meghat\u00e1roz\u00e1s\u00e1nak krit\u00e9riumai<\/li>\n<li>az \u00d6nre vonatkoz\u00f3 szem\u00e9lyes adatok helyesb\u00edt\u00e9s\u00e9hez vagy t\u00f6rl\u00e9s\u00e9hez vagy a felel\u0151s szem\u00e9ly \u00e1ltali feldolgoz\u00e1s korl\u00e1toz\u00e1s\u00e1hoz val\u00f3 jog, vagy az ilyen kezel\u00e9ssel szembeni kifog\u00e1s<\/li>\n<li>a fel\u00fcgyeleti hat\u00f3s\u00e1ghoz beny\u00fajtott panaszhoz val\u00f3 jog megl\u00e9te<\/li>\n<li>ha a szem\u00e9lyes adatokat nem az \u00e9rintett\u0151l gy\u0171jt\u00f6tt\u00e9k \u00f6ssze: Minden rendelkez\u00e9sre \u00e1ll\u00f3 inform\u00e1ci\u00f3 az adatok eredet\u00e9r\u0151l<\/li>\n<li>az automatiz\u00e1lt d\u00f6nt\u00e9shozatal megl\u00e9te, bele\u00e9rtve a GDPR 22. cikk\u00e9nek (1) \u00e9s (4) bekezd\u00e9s\u00e9vel \u00f6sszhangban t\u00f6rt\u00e9n\u0151 profilalkot\u00e1st, \u00e9s &#8211; legal\u00e1bbis ezekben az esetekben &#8211; \u00e9rdemi inform\u00e1ci\u00f3 az \u00e9rintett logik\u00e1r\u00f3l, valamint az ilyen adatfeldolgoz\u00e1s hat\u00e1ly\u00e1r\u00f3l \u00e9s tervezett hat\u00e1sair\u00f3l az \u00e9rintett sz\u00e1m\u00e1ra<\/li>\n<\/ul>\n<p>Ezenk\u00edv\u00fcl az \u00e9rintettnek joga van ahhoz, hogy inform\u00e1ci\u00f3t kapjon arr\u00f3l, hogy szem\u00e9lyes adatokat tov\u00e1bb\u00edtottak -e harmadik orsz\u00e1gba vagy nemzetk\u00f6zi szervezethez. Ebben az esetben az \u00e9rintettnek joga van t\u00e1j\u00e9koztat\u00e1st kapni a tov\u00e1bb\u00edt\u00e1ssal kapcsolatos megfelel\u0151 garanci\u00e1kr\u00f3l.<\/p>\n<p>Ha az \u00e9rintett \u00e9lni k\u00edv\u00e1n ezzel az inform\u00e1ci\u00f3hoz val\u00f3 jog\u00e1val, b\u00e1rmikor kapcsolatba l\u00e9phet a feldolgoz\u00e1s\u00e9rt felel\u0151s szem\u00e9ly alkalmazottj\u00e1val.<\/li>\n<li>\n<h4>c)&nbsp;&nbsp;&nbsp; Helyesb\u00edt\u00e9s joga<\/h4>\n<p>Minden szem\u00e9lynek, akit a szem\u00e9lyes adatok feldolgoz\u00e1sa \u00e9rint, joga van az eur\u00f3pai ir\u00e1nyelvek \u00e9s rendeletek alapj\u00e1n k\u00e9rni az \u0151t \u00e9rint\u0151 helytelen szem\u00e9lyes adatok azonnali kijav\u00edt\u00e1s\u00e1t. Ezenk\u00edv\u00fcl az \u00e9rintettnek joga van &#8211; figyelembe v\u00e9ve a feldolgoz\u00e1s c\u00e9ljait &#8211; k\u00e9rni a hi\u00e1nyos szem\u00e9lyes adatok kieg\u00e9sz\u00edt\u00e9s\u00e9t &#8211; t\u00f6bbek k\u00f6z\u00f6tt kieg\u00e9sz\u00edt\u0151 nyilatkozat \u00fatj\u00e1n.<\/p>\n<p>Ha az \u00e9rintett \u00e9lni k\u00edv\u00e1n a helyesb\u00edt\u00e9shez val\u00f3 jog\u00e1val, b\u00e1rmikor kapcsolatba l\u00e9phet az adatkezel\u0151 alkalmazottj\u00e1val.<\/li>\n<li>\n<h4>d)&nbsp;&nbsp;&nbsp; A t\u00f6rl\u00e9shez val\u00f3 jog (az elfelejt\u00e9shez val\u00f3 jog)<\/h4>\n<p>A szem\u00e9lyes adatok feldolgoz\u00e1s\u00e1val \u00e9rintett minden szem\u00e9lynek joga van az eur\u00f3pai jogalkot\u00f3 \u00e1ltal az ir\u00e1nyelvek \u00e9s rendeletek \u00e1ltal biztos\u00edtott k\u00f6vetel\u00e9sekhez, hogy a felel\u0151s szem\u00e9ly halad\u00e9ktalanul t\u00f6r\u00f6lje a r\u00e1juk vonatkoz\u00f3 szem\u00e9lyes adatokat, felt\u00e9ve, hogy az al\u00e1bbi okok egyike fenn\u00e1ll, \u00e9s amennyiben a feldolgoz\u00e1s nem sz\u00fcks\u00e9ges:<\/p>\n<ul>\n<li>A szem\u00e9lyes adatokat olyan c\u00e9lokra gy\u0171jt\u00f6tt\u00e9k vagy m\u00e1s m\u00f3don dolgozz\u00e1k fel, amelyekre m\u00e1r nincs sz\u00fcks\u00e9g\u00fck.<\/li>\n<li>Az \u00e9rintett visszavonja a feldolgoz\u00e1s alapj\u00e1ul szolg\u00e1l\u00f3 hozz\u00e1j\u00e1rul\u00e1s\u00e1t a 6. cikk (6) bekezd\u00e9s\u00e9nek megfelel\u0151en. 1 bet\u0171 a GDPR vagy a 9. cikk (1) bekezd\u00e9se 2 bet\u0171vel a GDPR -t, \u00e9s nincs m\u00e1s jogalapja a feldolgoz\u00e1snak.<\/li>\n<li>A 21. cikk (1) bekezd\u00e9se szerint 1 A DS-GVO kifog\u00e1st emel a feldolgoz\u00e1s ellen, \u00e9s nincsenek nyom\u00f3s, jogos indokok a feldolgoz\u00e1sra, vagy az \u00e9rintett szem\u00e9ly tiltakozik a 21. cikk (1) bekezd\u00e9s\u00e9nek megfelel\u0151en. 2 A DS-GVO kifog\u00e1solja a feldolgoz\u00e1st.<\/li>\n<li>A szem\u00e9lyes adatokat jogellenesen kezelt\u00e9k.<\/li>\n<li>A szem\u00e9lyes adatok t\u00f6rl\u00e9se sz\u00fcks\u00e9ges ahhoz, hogy az uni\u00f3s jog vagy a felel\u0151s szem\u00e9ly hat\u00e1lya al\u00e1 tartoz\u00f3 tag\u00e1llamok joga szerinti jogi k\u00f6telezetts\u00e9g teljes\u00fclj\u00f6n.<\/li>\n<li>A szem\u00e9lyes adatokat a 8. cikk (1) bekezd\u00e9s\u00e9nek megfelel\u0151en k\u00edn\u00e1lt inform\u00e1ci\u00f3s t\u00e1rsadalommal \u00f6sszef\u00fcgg\u0151 szolg\u00e1ltat\u00e1sokkal kapcsolatban gy\u0171jt\u00f6tt\u00e9k. 1 GDPR.<\/li>\n<\/ul>\n<p>Ha a fent eml\u00edtett okok valamelyike \u00e9rv\u00e9nyes, \u00e9s az \u00e9rintett szem\u00e9ly t\u00f6r\u00f6lni k\u00edv\u00e1nja a versiegelung24.com webhelyen t\u00e1rolt szem\u00e9lyes adatokat, b\u00e1rmikor kapcsolatba l\u00e9phet a feldolgoz\u00e1s\u00e9rt felel\u0151s szem\u00e9ly alkalmazottj\u00e1val. A versiegelung24.com munkat\u00e1rsa gondoskodik a t\u00f6rl\u00e9si k\u00e9relem azonnali teljes\u00edt\u00e9s\u00e9r\u0151l.<\/p>\n<p>Ha a szem\u00e9lyes adatokat a versiegelung24.com hozta nyilv\u00e1noss\u00e1gra, \u00e9s ha c\u00e9g\u00fcnk felel\u0151s az Art. 17. 1 GDPR a szem\u00e9lyes adatok t\u00f6rl\u00e9se \u00e9rdek\u00e9ben, a versiegelung24.com megteszi a megfelel\u0151 int\u00e9zked\u00e9seket, bele\u00e9rtve a technikai int\u00e9zked\u00e9seket is, figyelembe v\u00e9ve a rendelkez\u00e9sre \u00e1ll\u00f3 technol\u00f3gi\u00e1t \u00e9s a v\u00e9grehajt\u00e1si k\u00f6lts\u00e9geket annak \u00e9rdek\u00e9ben, hogy t\u00e1j\u00e9koztassa az adatkezel\u00e9s\u00e9rt felel\u0151s m\u00e1s szem\u00e9lyeket, akik a k\u00f6zz\u00e9tett szem\u00e9lyes adatokat feldolgozz\u00e1k. az \u00e9rintett k\u00e9rte az ezen szem\u00e9lyes adatokra mutat\u00f3 linkek, illetve ezen szem\u00e9lyes adatok m\u00e1solatainak vagy m\u00e1solatainak t\u00f6rl\u00e9s\u00e9t az adatkezel\u00e9s\u00e9rt felel\u0151s m\u00e1s szem\u00e9lyekt\u0151l, amennyiben az adatkezel\u00e9s nem sz\u00fcks\u00e9ges. A versiegelung24.com munkat\u00e1rsa elint\u00e9zi a sz\u00fcks\u00e9ges eseteket egyedi esetekben.<\/li>\n<li>\n<h4>e)&nbsp;&nbsp;&nbsp; Az adatkezel\u00e9s korl\u00e1toz\u00e1s\u00e1hoz val\u00f3 jog<\/h4>\n<p>A szem\u00e9lyes adatok feldolgoz\u00e1s\u00e1val \u00e9rintett minden szem\u00e9lynek joga van az eur\u00f3pai jogalkot\u00f3 \u00e1ltal az ir\u00e1nyelvekben \u00e9s rendeletekben meghat\u00e1rozott k\u00f6vetel\u00e9sek megk\u00f6vetel\u00e9s\u00e9re, hogy az adatkezel\u0151 korl\u00e1tozza a feldolgoz\u00e1st, ha az al\u00e1bbi felt\u00e9telek valamelyike teljes\u00fcl:<\/p>\n<ul>\n<li>Az \u00e9rintett egy ideig vitatja a szem\u00e9lyes adatok helyess\u00e9g\u00e9t, amely lehet\u0151v\u00e9 teszi a felel\u0151s szem\u00e9ly sz\u00e1m\u00e1ra, hogy ellen\u0151rizze a szem\u00e9lyes adatok helyess\u00e9g\u00e9t.<\/li>\n<li>Az adatkezel\u00e9s jogellenes, az \u00e9rintett megtagadja a szem\u00e9lyes adatok t\u00f6rl\u00e9s\u00e9t, helyette azt k\u00e9ri, hogy korl\u00e1tozz\u00e1k a szem\u00e9lyes adatok felhaszn\u00e1l\u00e1s\u00e1t.<\/li>\n<li>A felel\u0151s szem\u00e9lynek m\u00e1r nincs sz\u00fcks\u00e9ge a szem\u00e9lyes adatokra a feldolgoz\u00e1s c\u00e9lj\u00e1b\u00f3l, de az \u00e9rintettnek sz\u00fcks\u00e9ge van r\u00e1juk jogi ig\u00e9nyek \u00e9rv\u00e9nyes\u00edt\u00e9s\u00e9re, \u00e9rv\u00e9nyes\u00edt\u00e9s\u00e9re vagy v\u00e9delm\u00e9re.<\/li>\n<li>Szerinti adatkezel\u00e9ssel szemben az \u00e9rintett kifog\u00e1st emel. A 21. cikk (1) bekezd\u00e9se 1 GDPR, \u00e9s m\u00e9g nem \u00e1llap\u00edtott\u00e1k meg, hogy a felel\u0151s szem\u00e9ly jogos indokai fel\u00fclm\u00falj\u00e1k -e az \u00e9rintett\u00e9t.<\/li>\n<\/ul>\n<p>Ha a fenti felt\u00e9telek valamelyike teljes\u00fcl, \u00e9s az \u00e9rintett szem\u00e9ly a versiegelung24.com webhelyen t\u00e1rolt szem\u00e9lyes adatok korl\u00e1toz\u00e1s\u00e1t szeretn\u00e9 k\u00e9rni, akkor b\u00e1rmikor kapcsolatba l\u00e9phet a feldolgoz\u00e1s\u00e9rt felel\u0151s szem\u00e9ly alkalmazottj\u00e1val. A versiegelung24.com alkalmazottja gondoskodik a feldolgoz\u00e1s korl\u00e1toz\u00e1s\u00e1r\u00f3l.<\/li>\n<li>\n<h4>f)&nbsp;&nbsp;&nbsp;&nbsp; Adathordozhat\u00f3s\u00e1ghoz val\u00f3 jog<\/h4>\n<p>A szem\u00e9lyes adatok feldolgoz\u00e1s\u00e1val \u00e9rintett minden szem\u00e9lynek joga van az eur\u00f3pai jogalkot\u00f3 \u00e1ltal az ir\u00e1nyelvek \u00e9s rendeletek \u00e1ltal biztos\u00edtott jogaikhoz, hogy struktur\u00e1lt, k\u00f6z\u00f6s \u00e9s g\u00e9pi form\u00e1ban megkapja a r\u00e1juk vonatkoz\u00f3 szem\u00e9lyes adatokat, amelyeket az \u00e9rintett szem\u00e9ly rendelkez\u00e9s\u00e9re bocs\u00e1tott. -olvashat\u00f3 form\u00e1tum. \u00d6n is jogosult arra, hogy ezeket az adatokat a felel\u0151s szem\u00e9ly akad\u00e1lyoztat\u00e1sa n\u00e9lk\u00fcl \u00e1tadja egy m\u00e1sik felel\u0151s szem\u00e9lynek, felt\u00e9ve, hogy a feldolgoz\u00e1s az Art. 1 bet\u0171 a GDPR vagy a 9. cikk (1) bekezd\u00e9se A GDPR 2. bet\u0171je vagy a 6. cikk (6) bekezd\u00e9se szerinti szerz\u0151d\u00e9s alapj\u00e1n. A GDPR 1 b bet\u0171je \u00e9s a feldolgoz\u00e1s automatiz\u00e1lt elj\u00e1r\u00e1sokkal t\u00f6rt\u00e9nik, felt\u00e9ve, hogy a feldolgoz\u00e1s nem sz\u00fcks\u00e9ges egy k\u00f6z\u00e9rdek\u0171 feladat elv\u00e9gz\u00e9s\u00e9hez vagy a szem\u00e9lyre ruh\u00e1zott hat\u00f3s\u00e1gi jogk\u00f6r gyakorl\u00e1sa sor\u00e1n t\u00f6rt\u00e9nik. felel\u0151s.<\/p>\n<p>Tov\u00e1bb\u00e1, amikor az Art. GDPR 1 \u00e9rtelm\u00e9ben \u00d6nnek joga van ahhoz, hogy a szem\u00e9lyes adatokat k\u00f6zvetlen\u00fcl az egyik felel\u0151s szem\u00e9lyt\u0151l a m\u00e1sik felel\u0151s szem\u00e9ly fel\u00e9 tov\u00e1bb\u00edts\u00e1k, amennyiben ez m\u0171szakilag megval\u00f3s\u00edthat\u00f3, \u00e9s felt\u00e9ve, hogy ez nem s\u00e9rti m\u00e1s szem\u00e9lyek jogait \u00e9s szabads\u00e1gait.<\/p>\n<p>Az adatok hordozhat\u00f3s\u00e1g\u00e1hoz val\u00f3 jog \u00e9rv\u00e9nyes\u00edt\u00e9se \u00e9rdek\u00e9ben az \u00e9rintett b\u00e1rmikor kapcsolatba l\u00e9phet a versiegelung24.com egyik alkalmazottj\u00e1val.<\/li>\n<li>\n<h4>G)&nbsp;&nbsp;&nbsp; tiltakoz\u00e1s joga<\/h4>\n<p>A szem\u00e9lyes adatok feldolgoz\u00e1s\u00e1val \u00e9rintett minden szem\u00e9lynek joga van az eur\u00f3pai jogalkot\u00f3 \u00e1ltal az ir\u00e1nyelvekben \u00e9s rendeletekben biztos\u00edtott joggal b\u00e1rmikor kifog\u00e1st emelni a r\u00e1juk vonatkoz\u00f3 szem\u00e9lyes adatoknak a 6. cikk (6) bekezd\u00e9s\u00e9n alapul\u00f3 feldolgoz\u00e1sa ellen. 1 e vagy f bet\u0171 DS-GVO t\u00f6rt\u00e9nik, hogy kifog\u00e1st emelhessen. Ez vonatkozik az e rendelkez\u00e9seken alapul\u00f3 profilalkot\u00e1sra is.<\/p>\n<p>A Versiegelung24.com kifog\u00e1s eset\u00e9n a tov\u00e1bbiakban nem dolgozza fel a szem\u00e9lyes adatokat, kiv\u00e9ve, ha bizony\u00edtani tudjuk, hogy a feldolgoz\u00e1s k\u00e9nyszer\u00edt\u0151 erej\u0171 jogos indokai meghaladj\u00e1k az \u00e9rintett \u00e9rdekeit, jogait \u00e9s szabads\u00e1gait, vagy ha a feldolgoz\u00e1s az \u00e9rv\u00e9nyes\u00edt\u00e9st, gyakorl\u00e1st vagy v\u00e9delmet szolg\u00e1lja. jogi ig\u00e9nyekb\u0151l.<\/p>\n<p>Ha a versiegelung24.com szem\u00e9lyes adatokat dolgoz fel a k\u00f6zvetlen levelez\u00e9s m\u0171k\u00f6dtet\u00e9se \u00e9rdek\u00e9ben, az \u00e9rintett jogosult b\u00e1rmikor tiltakozni a szem\u00e9lyes adatok ilyen jelleg\u0171 rekl\u00e1moz\u00e1s c\u00e9lj\u00e1b\u00f3l t\u00f6rt\u00e9n\u0151 kezel\u00e9se ellen. Ez vonatkozik a profilalkot\u00e1sra is, amennyiben az ilyen k\u00f6zvetlen rekl\u00e1mhoz kapcsol\u00f3dik. Ha az \u00e9rintett kifog\u00e1st emel a versiegelung24.com k\u00f6zvetlen marketing c\u00e9l\u00fa feldolgoz\u00e1sa ellen, a versiegelung24.com a tov\u00e1bbiakban nem dolgozza fel a szem\u00e9lyes adatokat e c\u00e9lb\u00f3l.<\/p>\n<p>Ezenk\u00edv\u00fcl az \u00e9rintett jogosult saj\u00e1tos helyzet\u00e9b\u0151l ad\u00f3d\u00f3 okokb\u00f3l kifog\u00e1solni a r\u00e1juk vonatkoz\u00f3 szem\u00e9lyes adatok olyan feldolgoz\u00e1s\u00e1t, amelyet a versiegelung24.com v\u00e9gez tudom\u00e1nyos vagy t\u00f6rt\u00e9nelmi kutat\u00e1si vagy statisztikai c\u00e9lokb\u00f3l. Art. 89. bekezd\u00e9s 1 GDPR, tiltakozni, kiv\u00e9ve, ha az ilyen feldolgoz\u00e1s k\u00f6z\u00e9rdek\u0171 feladat teljes\u00edt\u00e9s\u00e9hez sz\u00fcks\u00e9ges.<\/p>\n<p>A kifog\u00e1sol\u00e1si jog gyakorl\u00e1sa \u00e9rdek\u00e9ben az \u00e9rintett kapcsolatba l\u00e9phet a versiegelung24.com b\u00e1rmely alkalmazottj\u00e1val vagy k\u00f6zvetlen\u00fcl egy m\u00e1sik alkalmazottal. Az \u00e9rintett az inform\u00e1ci\u00f3s t\u00e1rsadalommal \u00f6sszef\u00fcgg\u0151 szolg\u00e1ltat\u00e1sok ig\u00e9nybev\u00e9tel\u00e9vel \u00f6sszef\u00fcgg\u00e9sben, a 2002 \/58 \/ EK ir\u00e1nyelvt\u0151l f\u00fcggetlen\u00fcl, szabadon gyakorolhatja kifog\u00e1sol\u00e1si jog\u00e1t automatiz\u00e1lt elj\u00e1r\u00e1sokkal, amelyekben a m\u0171szaki el\u0151\u00edr\u00e1sokat haszn\u00e1lj\u00e1k.<\/li>\n<li>\n<h4>H)&nbsp;&nbsp;&nbsp; Automatiz\u00e1lt d\u00f6nt\u00e9sek eseti alapon, bele\u00e9rtve a profilalkot\u00e1st is<\/h4>\n<p>Minden szem\u00e9lynek, akit a szem\u00e9lyes adatok feldolgoz\u00e1sa \u00e9rint, joga van az eur\u00f3pai jogalkot\u00f3 \u00e1ltal az ir\u00e1nyelvek \u00e9s rendeletek \u00e1ltal biztos\u00edtott jogt\u00f3l, hogy ne legyenek olyan d\u00f6nt\u00e9sek hat\u00e1lya alatt, amelyek kiz\u00e1r\u00f3lag automatiz\u00e1lt feldolgoz\u00e1son &#8211; ide\u00e9rtve a profilalkot\u00e1st is &#8211; alapulnak, \u00e9s amelyek joghat\u00e1ssal b\u00edrnak r\u00e1juk, vagy hasonl\u00f3an jelent\u0151sen befoly\u00e1solj\u00e1k \u0151ket. hogy a d\u00f6nt\u00e9s (1) nem sz\u00fcks\u00e9ges az \u00e9rintett \u00e9s a felel\u0151s szem\u00e9ly k\u00f6z\u00f6tti szerz\u0151d\u00e9s megk\u00f6t\u00e9s\u00e9hez vagy teljes\u00edt\u00e9s\u00e9hez, vagy (2) megengedett a felel\u0151s szem\u00e9lynek al\u00e1vetett uni\u00f3s vagy tag\u00e1llami jog alapj\u00e1n, \u00e9s a jogi rendelkez\u00e9sek megteszik a megfelel\u0151 int\u00e9zked\u00e9seket az \u00e9rintett jogainak \u00e9s szabads\u00e1gainak, valamint jogos \u00e9rdekeinek v\u00e9delme \u00e9rdek\u00e9ben, vagy (3) az \u00e9rintett kifejezett hozz\u00e1j\u00e1rul\u00e1s\u00e1val k\u00e9sz\u00fclnek.<\/p>\n<p>Ha a d\u00f6nt\u00e9s (1) sz\u00fcks\u00e9ges az \u00e9rintett \u00e9s a felel\u0151s szem\u00e9ly k\u00f6z\u00f6tti szerz\u0151d\u00e9s megk\u00f6t\u00e9s\u00e9hez vagy teljes\u00edt\u00e9s\u00e9hez, vagy (2) az \u00e9rintett kifejezett beleegyez\u00e9s\u00e9vel sz\u00fcletik, a versiegelung24.com megteszi a megfelel\u0151 int\u00e9zked\u00e9seket a jogok v\u00e9delme \u00e9rdek\u00e9ben \u00e9s szabads\u00e1gok, valamint az \u00c9rintett jogos \u00e9rdekeinek v\u00e9delme, bele\u00e9rtve legal\u00e1bb azt a jogot, hogy egy szem\u00e9ly beavatkozzon a felel\u0151s szem\u00e9ly r\u00e9sz\u00e9r\u0151l, kifejtse saj\u00e1t \u00e1ll\u00e1spontj\u00e1t \u00e9s vitathassa a d\u00f6nt\u00e9st.<\/p>\n<p>Ha az \u00e9rintett jogait k\u00edv\u00e1nja \u00e9rv\u00e9nyes\u00edteni az automatiz\u00e1lt d\u00f6nt\u00e9sekkel kapcsolatban, b\u00e1rmikor kapcsolatba l\u00e9phet a feldolgoz\u00e1s\u00e9rt felel\u0151s szem\u00e9ly alkalmazottj\u00e1val.<\/li>\n<li>\n<h4>\u00e9n)&nbsp;&nbsp;&nbsp;&nbsp;&nbsp; A hozz\u00e1j\u00e1rul\u00e1s visszavon\u00e1s\u00e1nak joga az adatv\u00e9delmi t\u00f6rv\u00e9ny \u00e9rtelm\u00e9ben<\/h4>\n<p>Minden szem\u00e9lynek, akit a szem\u00e9lyes adatok feldolgoz\u00e1sa \u00e9rint, joga van az eur\u00f3pai jogalkot\u00f3 \u00e1ltal az ir\u00e1nyelvek \u00e9s rendeletek \u00e1ltal biztos\u00edtott jogait, hogy b\u00e1rmikor visszavonja a szem\u00e9lyes adatok kezel\u00e9s\u00e9hez adott hozz\u00e1j\u00e1rul\u00e1s\u00e1t.<\/p>\n<p>Ha az \u00e9rintett \u00e9rv\u00e9nyes\u00edteni k\u00edv\u00e1nja a hozz\u00e1j\u00e1rul\u00e1s visszavon\u00e1s\u00e1ra vonatkoz\u00f3 jog\u00e1t, b\u00e1rmikor kapcsolatba l\u00e9phet a feldolgoz\u00e1s\u00e9rt felel\u0151s szem\u00e9ly alkalmazottj\u00e1val.<\/li>\n<\/ul>\n<h4>9. Adatv\u00e9delmi rendelkez\u00e9sek a Facebook alkalmaz\u00e1s\u00e1val \u00e9s haszn\u00e1lat\u00e1val kapcsolatban<\/h4>\n<p>A feldolgoz\u00e1s\u00e9rt felel\u0151s szem\u00e9ly ezen a webhelyen integr\u00e1lta a Facebook v\u00e1llalat \u00f6sszetev\u0151it. A Facebook egy k\u00f6z\u00f6ss\u00e9gi h\u00e1l\u00f3zat.<\/p>\n<p>A k\u00f6z\u00f6ss\u00e9gi h\u00e1l\u00f3zat az interneten m\u0171k\u00f6d\u0151 k\u00f6z\u00f6ss\u00e9gi tal\u00e1lkoz\u00f3hely, egy online k\u00f6z\u00f6ss\u00e9g, amely \u00e1ltal\u00e1ban lehet\u0151v\u00e9 teszi a felhaszn\u00e1l\u00f3k sz\u00e1m\u00e1ra, hogy kommunik\u00e1ljanak egym\u00e1ssal \u00e9s interakci\u00f3t tegyenek a virtu\u00e1lis t\u00e9rben. A k\u00f6z\u00f6ss\u00e9gi h\u00e1l\u00f3zat a v\u00e9lem\u00e9nyek \u00e9s tapasztalatok cser\u00e9j\u00e9nek platformjak\u00e9nt szolg\u00e1lhat, vagy lehet\u0151v\u00e9 teszi az internetes k\u00f6z\u00f6ss\u00e9g sz\u00e1m\u00e1ra, hogy szem\u00e9lyes vagy v\u00e1llalattal kapcsolatos inform\u00e1ci\u00f3kat ny\u00fajtson. A Facebook t\u00f6bbek k\u00f6z\u00f6tt lehet\u0151v\u00e9 teszi a k\u00f6z\u00f6ss\u00e9gi h\u00e1l\u00f3zat felhaszn\u00e1l\u00f3i sz\u00e1m\u00e1ra, hogy priv\u00e1t profilokat hozzanak l\u00e9tre, f\u00e9nyk\u00e9peket \u00e9s h\u00e1l\u00f3zatokat t\u00f6ltsenek fel bar\u00e1ti k\u00e9r\u00e9seken kereszt\u00fcl.<\/p>\n<p>A Facebook \u00fczemeltet\u0151 v\u00e1llalata a Facebook, Inc., 1 Hacker Way, Menlo Park, CA 94025, USA. Ha az \u00e9rintett az Egyes\u00fclt \u00c1llamokon vagy Kanad\u00e1n k\u00edv\u00fcl \u00e9l, a szem\u00e9lyes adatok feldolgoz\u00e1s\u00e1\u00e9rt felel\u0151s szem\u00e9ly a Facebook Ireland Ltd., 4 Grand Canal Square, Grand Canal Harbour, Dublin 2, \u00cdrorsz\u00e1g.<\/p>\n<p>Minden alkalommal, amikor a weboldal egyes oldalaihoz hozz\u00e1f\u00e9r, amelyet a feldolgoz\u00e1s\u00e9rt felel\u0151s szem\u00e9ly \u00fczemeltet, \u00e9s amelybe egy Facebook-\u00f6sszetev\u0151t (Facebook-be\u00e9p\u00fcl\u0151 modult) integr\u00e1ltak, az \u00e9rintett szem\u00e9ly informatikai rendszer\u00e9nek internetb\u00f6ng\u00e9sz\u0151je automatikusan aktiv\u00e1lja a megfelel\u0151 Facebook -\u00f6sszetev\u0151, \u00e9s a megfelel\u0151 Facebook -\u00f6sszetev\u0151 reprezent\u00e1ci\u00f3j\u00e1t t\u00f6lti le a Facebookr\u00f3l. Az \u00f6sszes Facebook-b\u0151v\u00edtm\u00e9ny teljes \u00e1ttekint\u00e9se a https:\/\/developers.facebook.com\/docs\/plugins\/?locale=de_DE c\u00edmen tal\u00e1lhat\u00f3. Ennek a technikai folyamatnak a r\u00e9szek\u00e9nt a Facebook inform\u00e1ci\u00f3t kap arr\u00f3l, hogy weboldalunk melyik aloldal\u00e1t l\u00e1togatja meg az \u00e9rintett.<\/p>\n<p>Ha az \u00e9rintett szem\u00e9ly egyidej\u0171leg bejelentkezett a Facebookra, a Facebook felismeri, hogy az \u00e9rintett szem\u00e9ly a weboldalunk melyik aloldal\u00e1t l\u00e1togatja meg, amikor az \u00e9rintett szem\u00e9ly minden alkalommal megl\u00e1togatja webhely\u00fcnket, \u00e9s a tart\u00f3zkod\u00e1s teljes id\u0151tartama alatt. weboldal. Ezeket az inform\u00e1ci\u00f3kat a Facebook komponens gy\u0171jti \u00f6ssze, \u00e9s hozz\u00e1rendeli az \u00e9rintett szem\u00e9ly Facebook -fi\u00f3kj\u00e1hoz. Ha az \u00e9rintett aktiv\u00e1lja a weboldalunkon integr\u00e1lt Facebook gombok egyik\u00e9t, p\u00e9ld\u00e1ul a &#8220;Tetszik&#8221; gombot, vagy ha az \u00e9rintett megjegyz\u00e9st tesz, a Facebook ezeket az inform\u00e1ci\u00f3kat hozz\u00e1rendeli az \u00e9rintett szem\u00e9lyes Facebook felhaszn\u00e1l\u00f3i fi\u00f3kj\u00e1hoz, \u00e9s elmenti ezeket a szem\u00e9lyes adatokat.<\/p>\n<p>A Facebook mindig a Facebook komponensen kereszt\u00fcl kap inform\u00e1ci\u00f3t arr\u00f3l, hogy az \u00e9rintett szem\u00e9ly megl\u00e1togatta weboldalunkat, ha az \u00e9rintett a weboldalunk el\u00e9r\u00e9s\u00e9vel egyidej\u0171leg bejelentkezett a Facebookra; ez att\u00f3l f\u00fcggetlen\u00fcl t\u00f6rt\u00e9nik, hogy az \u00e9rintett r\u00e1kattint -e a Facebook komponensre vagy sem. Ha az \u00e9rintett nem akarja, hogy ezeket az inform\u00e1ci\u00f3kat tov\u00e1bb\u00edts\u00e1k a Facebooknak, akkor megakad\u00e1lyozhatj\u00e1k az \u00e1tad\u00e1st, ha kijelentkeznek Facebook -fi\u00f3kjukb\u00f3l, miel\u0151tt felh\u00edvj\u00e1k webhely\u00fcnket.<\/p>\n<p>A Facebook \u00e1ltal k\u00f6zz\u00e9tett, a https:\/\/de-de.facebook.com\/about\/privacy\/ c\u00edmen el\u00e9rhet\u0151 adatokra vonatkoz\u00f3 \u00fatmutat\u00f3 t\u00e1j\u00e9koztat\u00e1st ny\u00fajt a szem\u00e9lyes adatok Facebook \u00e1ltali gy\u0171jt\u00e9s\u00e9r\u0151l, feldolgoz\u00e1s\u00e1r\u00f3l \u00e9s felhaszn\u00e1l\u00e1s\u00e1r\u00f3l. Azt is elmagyar\u00e1zza, hogy a Facebook mely be\u00e1ll\u00edt\u00e1si lehet\u0151s\u00e9geket k\u00edn\u00e1lja az \u00e9rintett adatainak v\u00e9delme \u00e9rdek\u00e9ben. Ezenk\u00edv\u00fcl k\u00fcl\u00f6nb\u00f6z\u0151 alkalmaz\u00e1sok \u00e1llnak rendelkez\u00e9sre, amelyek lehet\u0151v\u00e9 teszik a Facebook sz\u00e1m\u00e1ra t\u00f6rt\u00e9n\u0151 adattov\u00e1bb\u00edt\u00e1s le\u00e1ll\u00edt\u00e1s\u00e1t. Az \u00e9rintett ilyen alkalmaz\u00e1sokat haszn\u00e1lhat a Facebooknak t\u00f6rt\u00e9n\u0151 adattov\u00e1bb\u00edt\u00e1s le\u00e1ll\u00edt\u00e1s\u00e1ra.<\/p>\n<h4>10. Adatv\u00e9delmi rendelkez\u00e9sek a Google Analytics alkalmaz\u00e1s\u00e1val \u00e9s haszn\u00e1lat\u00e1val kapcsolatban (n\u00e9vtelen\u00edt\u00e9si funkci\u00f3val)<\/h4>\n<p>A feldolgoz\u00e1s\u00e9rt felel\u0151s szem\u00e9ly integr\u00e1lta a Google Analytics \u00f6sszetev\u0151t (n\u00e9vtelen\u00edt\u00e9si funkci\u00f3val) ezen a webhelyen. A Google Analytics egy webes elemz\u0151 szolg\u00e1ltat\u00e1s. A webes elemz\u00e9s az internetes oldalak l\u00e1togat\u00f3inak viselked\u00e9s\u00e9re vonatkoz\u00f3 adatok gy\u0171jt\u00e9se, gy\u0171jt\u00e9se \u00e9s \u00e9rt\u00e9kel\u00e9se. Egy internetes elemz\u0151 szolg\u00e1ltat\u00e1s t\u00f6bbek k\u00f6z\u00f6tt adatokat gy\u0171jt arr\u00f3l, hogy az \u00e9rintett szem\u00e9ly melyik weboldalra \u00e9rkezett egy webhelyre (\u00fan. Hivatkoz\u00f3), a webhely mely aloldalait l\u00e1togatt\u00e1k meg, vagy milyen gyakran \u00e9s mennyi ideig tekintett\u00e9k meg az aloldalakat. . A webes elemz\u00e9st els\u0151sorban a webhely optimaliz\u00e1l\u00e1s\u00e1ra \u00e9s az internetes hirdet\u00e9sek k\u00f6lts\u00e9g-haszon elemz\u00e9s\u00e9re haszn\u00e1lj\u00e1k.<\/p>\n<p>A Google Analytics \u00f6sszetev\u0151 \u00fczemeltet\u0151 v\u00e1llalata a Google Inc., 1600 Amphitheatre Pkwy, Mountain View, CA 94043-1351, USA.<\/p>\n<p>A feldolgoz\u00e1s\u00e9rt felel\u0151s szem\u00e9ly a &#8220;_gat._anonymizeIp&#8221; kieg\u00e9sz\u00edt\u00e9st haszn\u00e1lja a Google Analytics webes elemz\u00e9s\u00e9hez. Ezzel a kieg\u00e9sz\u00edt\u00e9ssel a Google ler\u00f6vid\u00edti \u00e9s anonimiz\u00e1lja az \u00e9rintett szem\u00e9ly internetkapcsolat\u00e1nak IP -c\u00edm\u00e9t, ha internetes oldalainkat az Eur\u00f3pai Uni\u00f3 valamely tag\u00e1llam\u00e1b\u00f3l vagy az Eur\u00f3pai Gazdas\u00e1gi T\u00e9rs\u00e9gr\u0151l sz\u00f3l\u00f3 meg\u00e1llapod\u00e1st al\u00e1\u00edr\u00f3 m\u00e1sik szem\u00e9lyt\u0151l \u00e9rik el.<\/p>\n<p>A Google Analytics \u00f6sszetev\u0151 c\u00e9lja a weboldalunk l\u00e1togat\u00f3inak \u00e1raml\u00e1s\u00e1nak elemz\u00e9se. A Google a megszerzett adatokat \u00e9s inform\u00e1ci\u00f3kat t\u00f6bbek k\u00f6z\u00f6tt arra haszn\u00e1lja, hogy \u00e9rt\u00e9kelje webhely\u00fcnk haszn\u00e1lat\u00e1t, online jelent\u00e9seket \u00e1ll\u00edtson \u00f6ssze sz\u00e1munkra, amelyek a weboldalunkon v\u00e9gzett tev\u00e9kenys\u00e9geket mutatj\u00e1k be, \u00e9s egy\u00e9b, a weboldalunk haszn\u00e1lat\u00e1val kapcsolatos szolg\u00e1ltat\u00e1sokat ny\u00fajtson.<\/p>\n<p>A Google Analytics cookie -t helyez el az \u00e9rintett szem\u00e9ly informatikai rendszer\u00e9n. Mi a s\u00fcti, azt m\u00e1r fentebb kifejtett\u00fck. A cookie be\u00e1ll\u00edt\u00e1s\u00e1val a Google k\u00e9pes elemezni weboldalunk haszn\u00e1lat\u00e1t. Minden alkalommal, amikor a weboldal egyes oldalait el\u00e9rik, amelyet a feldolgoz\u00e1s\u00e9rt felel\u0151s szem\u00e9ly \u00fczemeltet, \u00e9s amelybe integr\u00e1lt\u00e1k a Google Analytics \u00f6sszetev\u0151t, az \u00e9rintett szem\u00e9ly informatikai rendszer\u00e9ben tal\u00e1lhat\u00f3 internetb\u00f6ng\u00e9sz\u0151t automatikusan aktiv\u00e1lja megfelel\u0151 Google Analytics \u00f6sszetev\u0151 Adatok tov\u00e1bb\u00edt\u00e1sa a Google -nak online elemz\u00e9s c\u00e9lj\u00e1b\u00f3l. Ennek a technikai folyamatnak a r\u00e9szek\u00e9nt a Google ismereteket szerez a szem\u00e9lyes adatokr\u00f3l, p\u00e9ld\u00e1ul az \u00e9rintett IP -c\u00edm\u00e9r\u0151l, amelyet a Google t\u00f6bbek k\u00f6z\u00f6tt a l\u00e1togat\u00f3k \u00e9s a kattint\u00e1sok eredet\u00e9nek nyomon k\u00f6vet\u00e9s\u00e9re, majd a jutal\u00e9kok elsz\u00e1mol\u00e1s\u00e1nak lehet\u0151v\u00e9 t\u00e9tel\u00e9re haszn\u00e1l.<\/p>\n<p>A cookie szem\u00e9lyes adatok t\u00e1rol\u00e1s\u00e1ra szolg\u00e1l, mint p\u00e9ld\u00e1ul a hozz\u00e1f\u00e9r\u00e9si id\u0151, a hozz\u00e1f\u00e9r\u00e9s helye \u00e9s az \u00e9rintett szem\u00e9ly \u00e1ltal a weboldalunkon tett l\u00e1togat\u00e1sok gyakoris\u00e1ga. Minden alkalommal, amikor megl\u00e1togatja webhely\u00fcnket, ezeket a szem\u00e9lyes adatokat, bele\u00e9rtve az \u00e9rintett \u00e1ltal haszn\u00e1lt internetkapcsolat IP -c\u00edm\u00e9t, tov\u00e1bb\u00edtj\u00e1k a Google -nak az Amerikai Egyes\u00fclt \u00c1llamokban. Ezeket a szem\u00e9lyes adatokat a Google t\u00e1rolja az Amerikai Egyes\u00fclt \u00c1llamokban. A Google ezeket a technikai folyamat sor\u00e1n \u00f6sszegy\u0171jt\u00f6tt szem\u00e9lyes adatokat harmadik f\u00e9lnek tov\u00e1bb\u00edthatja.<\/p>\n<p>Az \u00e9rintett szem\u00e9ly b\u00e1rmikor megakad\u00e1lyozhatja a weboldalunk cookie -k be\u00e1ll\u00edt\u00e1s\u00e1t, amint azt a fentiekben m\u00e1r bemutattuk, a haszn\u00e1lt internetb\u00f6ng\u00e9sz\u0151 megfelel\u0151 be\u00e1ll\u00edt\u00e1s\u00e1val, \u00e9s \u00edgy tart\u00f3san tiltakozik a cookie -k be\u00e1ll\u00edt\u00e1sa ellen. A haszn\u00e1lt internetb\u00f6ng\u00e9sz\u0151 ilyen be\u00e1ll\u00edt\u00e1sa azt is megakad\u00e1lyozn\u00e1, hogy a Google cookie -t \u00e1ll\u00edtson be az \u00e9rintett szem\u00e9ly informatikai rendszer\u00e9be. Ezenk\u00edv\u00fcl a Google Analytics \u00e1ltal m\u00e1r be\u00e1ll\u00edtott cookie b\u00e1rmikor t\u00f6r\u00f6lhet\u0151 az internetes b\u00f6ng\u00e9sz\u0151n vagy m\u00e1s szoftverprogramokon kereszt\u00fcl.<\/p>\n<p>Ezenk\u00edv\u00fcl az \u00e9rintettnek lehet\u0151s\u00e9ge van arra, hogy kifog\u00e1st emeljen a Google Analytics \u00e1ltal a webhely haszn\u00e1lat\u00e1val kapcsolatos adatok gy\u0171jt\u00e9se, valamint ezen adatok Google \u00e1ltal t\u00f6rt\u00e9n\u0151 feldolgoz\u00e1sa ellen, \u00e9s ezt megakad\u00e1lyozza. Ehhez az \u00e9rintett szem\u00e9lynek le kell t\u00f6ltenie \u00e9s telep\u00edtenie egy b\u00f6ng\u00e9sz\u0151b\u0151v\u00edtm\u00e9nyt a https:\/\/tools.google.com\/dlpage\/gaoptout linkre kattintva. Ez a b\u00f6ng\u00e9sz\u0151b\u0151v\u00edtm\u00e9ny a JavaScript seg\u00edts\u00e9g\u00e9vel t\u00e1j\u00e9koztatja a Google Analytics szolg\u00e1ltat\u00e1st, hogy a webhelyl\u00e1togat\u00e1sokr\u00f3l sz\u00e1rmaz\u00f3 adatok vagy inform\u00e1ci\u00f3k nem tov\u00e1bb\u00edthat\u00f3k a Google Analytics szolg\u00e1ltat\u00e1sba. A b\u00f6ng\u00e9sz\u0151b\u0151v\u00edtm\u00e9ny telep\u00edt\u00e9s\u00e9t a Google kifog\u00e1snak tekinti. Ha az \u00e9rintett szem\u00e9ly informatikai rendszer\u00e9t k\u00e9s\u0151bb t\u00f6rlik, form\u00e1zz\u00e1k vagy \u00fajratelep\u00edtik, az \u00e9rintettnek \u00fajra kell telep\u00edtenie a b\u00f6ng\u00e9sz\u0151b\u0151v\u00edtm\u00e9nyt a Google Analytics kikapcsol\u00e1s\u00e1hoz. Ha a b\u00f6ng\u00e9sz\u0151b\u0151v\u00edtm\u00e9nyt az \u00e9rintett szem\u00e9ly vagy a befoly\u00e1si k\u00f6r\u00e9nek tulajdon\u00edthat\u00f3 m\u00e1sik szem\u00e9ly elt\u00e1vol\u00edtja vagy deaktiv\u00e1lja, akkor lehet\u0151s\u00e9g van a b\u00f6ng\u00e9sz\u0151b\u0151v\u00edtm\u00e9ny \u00fajratelep\u00edt\u00e9s\u00e9re vagy \u00fajraaktiv\u00e1l\u00e1s\u00e1ra.<\/p>\n<p>Tov\u00e1bbi inform\u00e1ci\u00f3k \u00e9s a Google vonatkoz\u00f3 adatv\u00e9delmi rendelkez\u00e9sei a https:\/\/www.google.de\/intl\/de\/policies\/privacy\/ \u00e9s a http:\/\/www.google.com\/analytics\/terms\/de c\u00edmen tal\u00e1lhat\u00f3k. html. A Google Analytics r\u00e9szletesebben ezen a linken tal\u00e1lhat\u00f3: https:\/\/www.google.com\/intl\/de_de\/analytics\/.<\/p>\n<h4>11. Adatv\u00e9delmi rendelkez\u00e9sek a Google Remarketing alkalmaz\u00e1s\u00e1val \u00e9s haszn\u00e1lat\u00e1val kapcsolatban<\/h4>\n<p>A feldolgoz\u00e1s\u00e9rt felel\u0151s szem\u00e9ly integr\u00e1lta a Google Remarketing szolg\u00e1ltat\u00e1sait ezen a webhelyen. A Google Remarketing a Google AdWords olyan funkci\u00f3ja, amely lehet\u0151v\u00e9 teszi egy v\u00e1llalat sz\u00e1m\u00e1ra, hogy hirdet\u00e9seket jelen\u00edtsen meg azoknak az internetfelhaszn\u00e1l\u00f3knak, akik kor\u00e1bban m\u00e1r j\u00e1rtak a v\u00e1llalat webhely\u00e9n. A Google Remarketing integr\u00e1l\u00e1sa teh\u00e1t lehet\u0151v\u00e9 teszi egy v\u00e1llalat sz\u00e1m\u00e1ra, hogy felhaszn\u00e1l\u00f3kkal kapcsolatos hirdet\u00e9seket hozzon l\u00e9tre, \u00e9s ennek megfelel\u0151en \u00e9rdekl\u0151d\u00e9s szempontj\u00e1b\u00f3l relev\u00e1ns hirdet\u00e9seket jelen\u00edtsen meg az internetes felhaszn\u00e1l\u00f3k sz\u00e1m\u00e1ra.<\/p>\n<p>A Google Remarketing szolg\u00e1ltat\u00e1sokat \u00fczemeltet\u0151 c\u00e9g a Google Inc., 1600 Amphitheatre Pkwy, Mountain View, CA 94043-1351, USA.<\/p>\n<p>A Google Remarketing c\u00e9lja \u00e9rdekl\u0151d\u00e9sre sz\u00e1mot tart\u00f3 hirdet\u00e9sek megjelen\u00edt\u00e9se. A Google Remarketing lehet\u0151v\u00e9 teszi sz\u00e1munkra, hogy hirdet\u00e9seket jelen\u00edts\u00fcnk meg a Google hirdet\u00e9si h\u00e1l\u00f3zat\u00e1n kereszt\u00fcl, vagy m\u00e1s weboldalakon jelen\u00edts\u00fck meg, amelyek az internethaszn\u00e1l\u00f3k egy\u00e9ni ig\u00e9nyeihez \u00e9s \u00e9rdekeihez igazodnak.<\/p>\n<p>A Google Remarketing cookie -t helyez el az \u00e9rintett szem\u00e9ly informatikai rendszer\u00e9n. Mi a s\u00fcti, azt m\u00e1r fentebb kifejtett\u00fck. A cookie be\u00e1ll\u00edt\u00e1s\u00e1val a Google k\u00e9pes felismerni weboldalunk l\u00e1togat\u00f3it, ha k\u00e9s\u0151bb hozz\u00e1f\u00e9rnek olyan webhelyekhez, amelyek szint\u00e9n a Google hirdet\u00e9si h\u00e1l\u00f3zat\u00e1nak tagjai. Minden alkalommal, amikor olyan webhelyet \u00e9rnek el, amelybe a Google Remarketing szolg\u00e1ltat\u00e1st integr\u00e1lt\u00e1k, az \u00e9rintett internetes b\u00f6ng\u00e9sz\u0151je automatikusan azonos\u00edtja mag\u00e1t a Google sz\u00e1m\u00e1ra. Ennek a technikai folyamatnak a r\u00e9szek\u00e9nt a Google megismeri a szem\u00e9lyes adatokat, p\u00e9ld\u00e1ul a felhaszn\u00e1l\u00f3 IP-c\u00edm\u00e9t vagy sz\u00f6rf\u00f6z\u00e9si viselked\u00e9s\u00e9t, amelyet a Google t\u00f6bbek k\u00f6z\u00f6tt az \u00e9rdekl\u0151d\u00e9s szempontj\u00e1b\u00f3l relev\u00e1ns hirdet\u00e9sek megjelen\u00edt\u00e9s\u00e9re haszn\u00e1l.<\/p>\n<p>A cookie szem\u00e9lyes adatok t\u00e1rol\u00e1s\u00e1ra szolg\u00e1l, p\u00e9ld\u00e1ul az \u00e9rintett \u00e1ltal felkeresett webhelyekre. Minden alkalommal, amikor megl\u00e1togatja webhely\u00fcnket, a szem\u00e9lyes adatok, bele\u00e9rtve az \u00e9rintett \u00e1ltal haszn\u00e1lt internetkapcsolat IP -c\u00edm\u00e9t, tov\u00e1bb\u00edt\u00e1sra ker\u00fclnek a Google -nak az Amerikai Egyes\u00fclt \u00c1llamokban. Ezeket a szem\u00e9lyes adatokat a Google t\u00e1rolja az Amerikai Egyes\u00fclt \u00c1llamokban. A Google ezeket a technikai folyamat sor\u00e1n \u00f6sszegy\u0171jt\u00f6tt szem\u00e9lyes adatokat harmadik f\u00e9lnek tov\u00e1bb\u00edthatja.<\/p>\n<p>Az \u00e9rintett szem\u00e9ly b\u00e1rmikor megakad\u00e1lyozhatja a weboldalunk cookie -k be\u00e1ll\u00edt\u00e1s\u00e1t, amint azt a fentiekben m\u00e1r bemutattuk, a haszn\u00e1lt internetb\u00f6ng\u00e9sz\u0151 megfelel\u0151 be\u00e1ll\u00edt\u00e1s\u00e1val, \u00e9s \u00edgy tart\u00f3san tiltakozik a cookie -k be\u00e1ll\u00edt\u00e1sa ellen. A haszn\u00e1lt internetb\u00f6ng\u00e9sz\u0151 ilyen be\u00e1ll\u00edt\u00e1sa azt is megakad\u00e1lyozn\u00e1, hogy a Google cookie -t \u00e1ll\u00edtson be az \u00e9rintett szem\u00e9ly informatikai rendszer\u00e9be. Ezenk\u00edv\u00fcl a Google Analytics \u00e1ltal m\u00e1r be\u00e1ll\u00edtott cookie b\u00e1rmikor t\u00f6r\u00f6lhet\u0151 az internetes b\u00f6ng\u00e9sz\u0151n vagy m\u00e1s szoftverprogramokon kereszt\u00fcl.<\/p>\n<p>Az \u00e9rintettnek lehet\u0151s\u00e9ge van arra is, hogy tiltakozzon a Google \u00e9rdekl\u0151d\u00e9sen alapul\u00f3 hirdet\u00e9sei ellen. Ehhez az \u00e9rintett szem\u00e9lynek fel kell h\u00edvnia a www.google.de\/settings\/ads hivatkoz\u00e1st minden \u00e1ltaluk haszn\u00e1lt internetb\u00f6ng\u00e9sz\u0151b\u0151l, \u00e9s ott kell elv\u00e9geznie a k\u00edv\u00e1nt be\u00e1ll\u00edt\u00e1sokat.<\/p>\n<p>Tov\u00e1bbi inform\u00e1ci\u00f3 \u00e9s a Google vonatkoz\u00f3 adatv\u00e9delmi rendelkez\u00e9sei a https:\/\/www.google.de\/intl\/de\/policies\/privacy\/ c\u00edmen tal\u00e1lhat\u00f3k.<\/p>\n<h4>12. A Google AdWords alkalmaz\u00e1s\u00e1val \u00e9s haszn\u00e1lat\u00e1val kapcsolatos adatv\u00e9delmi rendelkez\u00e9sek<\/h4>\n<p>A feldolgoz\u00e1s\u00e9rt felel\u0151s szem\u00e9ly integr\u00e1lta a Google AdWords szolg\u00e1ltat\u00e1st ezen a webhelyen. A Google AdWords egy internetes hirdet\u00e9si szolg\u00e1ltat\u00e1s, amely lehet\u0151v\u00e9 teszi a hirdet\u0151k sz\u00e1m\u00e1ra, hogy hirdet\u00e9seket helyezzenek el a Google keres\u0151motorj\u00e1ban, valamint a Google hirdet\u00e9si h\u00e1l\u00f3zat\u00e1ban. A Google AdWords lehet\u0151v\u00e9 teszi a hirdet\u0151k sz\u00e1m\u00e1ra, hogy el\u0151re meghat\u00e1rozzanak bizonyos kulcsszavakat, amelyek seg\u00edts\u00e9g\u00e9vel a hirdet\u00e9s csak akkor jelenik meg a Google keres\u0151motorj\u00e1nak tal\u00e1latai k\u00f6z\u00f6tt, ha a felhaszn\u00e1l\u00f3 kulcssz\u00f3-relev\u00e1ns keres\u00e9si eredm\u00e9nyt h\u00edv le a keres\u0151motorral. A Google hirdet\u00e9si h\u00e1l\u00f3zat\u00e1ban a hirdet\u00e9seket automatikus algoritmus haszn\u00e1lat\u00e1val, a kor\u00e1bban meghat\u00e1rozott kulcsszavak figyelembev\u00e9tel\u00e9vel terjesztik a t\u00e9m\u00e1hoz kapcsol\u00f3d\u00f3 webhelyekhez.<\/p>\n<p>A Google AdWords szolg\u00e1ltat\u00e1sait \u00fczemeltet\u0151 v\u00e1llalat a Google Inc., 1600 Amphitheatre Pkwy, Mountain View, CA 94043-1351, USA.<\/p>\n<p>A Google AdWords c\u00e9lja weboldalunk rekl\u00e1moz\u00e1sa az\u00e1ltal, hogy \u00e9rdekl\u0151d\u00e9s szempontj\u00e1b\u00f3l relev\u00e1ns hirdet\u00e9seket jelen\u00edt meg harmadik f\u00e9lt\u0151l sz\u00e1rmaz\u00f3 v\u00e1llalatok webhelyein \u00e9s a Google keres\u0151motorj\u00e1nak keres\u0151motorj\u00e1nak tal\u00e1latai k\u00f6z\u00f6tt, valamint k\u00fcls\u0151 hirdet\u00e9sek megjelen\u00edt\u00e9s\u00e9vel webhely\u00fcnk\u00f6n.<\/p>\n<p>Ha egy \u00e9rintett szem\u00e9ly a Google hirdet\u00e9sein kereszt\u00fcl \u00e9ri el weboldalunkat, \u00fagynevezett konverzi\u00f3s cookie-t t\u00e1rol az \u00e9rintett szem\u00e9ly informatikai rendszer\u00e9ben a Google. Mi a s\u00fcti, azt m\u00e1r fentebb kifejtett\u00fck. A konverzi\u00f3s cookie harminc nap eltelt\u00e9vel elvesz\u00edti \u00e9rv\u00e9nyess\u00e9g\u00e9t, \u00e9s nem az \u00e9rintett szem\u00e9ly azonos\u00edt\u00e1s\u00e1ra szolg\u00e1l. Ha a cookie m\u00e9g nem j\u00e1rt le, akkor a konverzi\u00f3s cookie-t haszn\u00e1lj\u00e1k annak meg\u00e1llap\u00edt\u00e1s\u00e1ra, hogy bizonyos aloldalakat, p\u00e9ld\u00e1ul az online \u00e1ruh\u00e1z rendszer\u00e9b\u0151l sz\u00e1rmaz\u00f3 bev\u00e1s\u00e1rl\u00f3kos\u00e1rt el\u00e9rtek-e webhely\u00fcnk\u00f6n. A konverzi\u00f3s cookie lehet\u0151v\u00e9 teszi, hogy mind mi, mind a Google meg\u00e9rts\u00fck, hogy az \u00e9rintett szem\u00e9ly, aki AdWords hirdet\u00e9s r\u00e9v\u00e9n jutott el a webhely\u00fcnkre, \u00e9rt\u00e9kes\u00edt\u00e9st gener\u00e1lt, azaz befejezte vagy lemondta a v\u00e1s\u00e1rl\u00e1st.<\/p>\n<p>A konverzi\u00f3s cookie haszn\u00e1lat\u00e1val \u00f6sszegy\u0171jt\u00f6tt adatokat \u00e9s inform\u00e1ci\u00f3kat a Google felhaszn\u00e1lja webhely\u00fcnk l\u00e1togat\u00e1si statisztik\u00e1inak elk\u00e9sz\u00edt\u00e9s\u00e9hez. Ezeket a l\u00e1togat\u00e1si statisztik\u00e1kat mi pedig arra haszn\u00e1ljuk, hogy meghat\u00e1rozzuk a felhaszn\u00e1l\u00f3k sz\u00e1m\u00e1t, akikre az AdWords hirdet\u00e9seken kereszt\u00fcl hivatkoztak, azaz hogy meghat\u00e1rozz\u00e1k az adott AdWords hirdet\u00e9sek siker\u00e9t vagy kudarc\u00e1t, \u00e9s hogy optimaliz\u00e1lj\u00e1k AdWords hirdet\u00e9seinket a j\u00f6v\u0151re n\u00e9zve. Sem c\u00e9g\u00fcnk, sem m\u00e1s Google AdWords hirdet\u0151k nem kapnak olyan inform\u00e1ci\u00f3kat a Google -t\u00f3l, amelyek azonos\u00edthatj\u00e1k az \u00e9rintett szem\u00e9lyt.<\/p>\n<p>A konverzi\u00f3s cookie szem\u00e9lyes adatok t\u00e1rol\u00e1s\u00e1ra szolg\u00e1l, p\u00e9ld\u00e1ul az \u00e9rintett szem\u00e9ly \u00e1ltal megl\u00e1togatott webhelyekre. Minden alkalommal, amikor megl\u00e1togatja webhely\u00fcnket, a szem\u00e9lyes adatok, bele\u00e9rtve az \u00e9rintett \u00e1ltal haszn\u00e1lt internetkapcsolat IP -c\u00edm\u00e9t, tov\u00e1bb\u00edt\u00e1sra ker\u00fclnek a Google -nak az Amerikai Egyes\u00fclt \u00c1llamokban. Ezeket a szem\u00e9lyes adatokat a Google t\u00e1rolja az Amerikai Egyes\u00fclt \u00c1llamokban. A Google ezeket a technikai folyamat sor\u00e1n \u00f6sszegy\u0171jt\u00f6tt szem\u00e9lyes adatokat harmadik f\u00e9lnek tov\u00e1bb\u00edthatja.<\/p>\n<p>Az \u00e9rintett szem\u00e9ly b\u00e1rmikor megakad\u00e1lyozhatja a weboldalunk cookie -k be\u00e1ll\u00edt\u00e1s\u00e1t, amint azt a fentiekben m\u00e1r bemutattuk, a haszn\u00e1lt internetb\u00f6ng\u00e9sz\u0151 megfelel\u0151 be\u00e1ll\u00edt\u00e1s\u00e1val, \u00e9s \u00edgy tart\u00f3san tiltakozik a cookie -k be\u00e1ll\u00edt\u00e1sa ellen. A haszn\u00e1lt internetb\u00f6ng\u00e9sz\u0151 ilyen be\u00e1ll\u00edt\u00e1sa azt is megakad\u00e1lyozn\u00e1, hogy a Google konverzi\u00f3s cookie -t \u00e1ll\u00edtson be az \u00e9rintett szem\u00e9ly informatikai rendszer\u00e9be. Ezenk\u00edv\u00fcl a Google AdWords \u00e1ltal m\u00e1r be\u00e1ll\u00edtott cookie b\u00e1rmikor t\u00f6r\u00f6lhet\u0151 az internetes b\u00f6ng\u00e9sz\u0151n vagy m\u00e1s szoftverprogramokon kereszt\u00fcl.<\/p>\n<p>Az \u00e9rintettnek lehet\u0151s\u00e9ge van arra is, hogy tiltakozzon a Google \u00e9rdekl\u0151d\u00e9sen alapul\u00f3 hirdet\u00e9sei ellen. Ehhez az \u00e9rintett szem\u00e9lynek fel kell h\u00edvnia a www.google.de\/settings\/ads hivatkoz\u00e1st minden \u00e1ltaluk haszn\u00e1lt internetb\u00f6ng\u00e9sz\u0151b\u0151l, \u00e9s ott kell elv\u00e9geznie a k\u00edv\u00e1nt be\u00e1ll\u00edt\u00e1sokat.<\/p>\n<p>Tov\u00e1bbi inform\u00e1ci\u00f3 \u00e9s a Google vonatkoz\u00f3 adatv\u00e9delmi rendelkez\u00e9sei a https:\/\/www.google.de\/intl\/de\/policies\/privacy\/ c\u00edmen tal\u00e1lhat\u00f3k.<\/p>\n<h4>13. Fizet\u00e9si m\u00f3d: A PayPal mint fizet\u00e9si m\u00f3d adatv\u00e9delmi rendelkez\u00e9sei<\/h4>\n<p>A feldolgoz\u00e1s\u00e9rt felel\u0151s szem\u00e9ly integr\u00e1lta a PayPal \u00f6sszetev\u0151it ezen a webhelyen. A PayPal egy online fizet\u00e9si szolg\u00e1ltat\u00f3. A kifizet\u00e9sek feldolgoz\u00e1sa \u00fagynevezett PayPal-fi\u00f3kokon kereszt\u00fcl t\u00f6rt\u00e9nik, amelyek virtu\u00e1lis mag\u00e1n- vagy \u00fczleti fi\u00f3kok. A PayPal lehet\u0151s\u00e9get k\u00edn\u00e1l a virtu\u00e1lis fizet\u00e9sek hitelk\u00e1rty\u00e1s feldolgoz\u00e1s\u00e1ra is, ha a felhaszn\u00e1l\u00f3 nem rendelkezik PayPal -fi\u00f3kkal. A PayPal -fi\u00f3k kezel\u00e9se e -mail c\u00edmen kereszt\u00fcl t\u00f6rt\u00e9nik, ez\u00e9rt nincs klasszikus sz\u00e1mlasz\u00e1m. A PayPal lehet\u0151v\u00e9 teszi, hogy online fizet\u00e9seket kezdem\u00e9nyezzen harmadik feleknek, vagy fizet\u00e9seket fogadjon. A PayPal vagyonkezel\u0151k\u00e9nt is m\u0171k\u00f6dik, \u00e9s vev\u0151v\u00e9delmi szolg\u00e1ltat\u00e1sokat k\u00edn\u00e1l.<\/p>\n<p>A PayPal eur\u00f3pai \u00fczemeltet\u0151 v\u00e1llalata a PayPal (Europe) S.\u00e0.rl &amp; Cie. SCA, 22-24 Boulevard Royal, 2449 Luxembourg, Luxemburg.<\/p>\n<p>Ha az \u00e9rintett a rendel\u00e9si folyamat sor\u00e1n a \u201ePayPal\u201d fizet\u00e9si lehet\u0151s\u00e9get v\u00e1lasztja online \u00e1ruh\u00e1zunkban, akkor az \u00e9rintett adatai automatikusan tov\u00e1bb\u00edt\u00e1sra ker\u00fclnek a PayPal r\u00e9sz\u00e9re. E fizet\u00e9si lehet\u0151s\u00e9g kiv\u00e1laszt\u00e1s\u00e1val az \u00e9rintett hozz\u00e1j\u00e1rul a fizet\u00e9s feldolgoz\u00e1s\u00e1hoz sz\u00fcks\u00e9ges szem\u00e9lyes adatok tov\u00e1bb\u00edt\u00e1s\u00e1hoz.<\/p>\n<p>A PayPal -nak tov\u00e1bb\u00edtott szem\u00e9lyes adatok \u00e1ltal\u00e1ban a keresztn\u00e9v, vezet\u00e9kn\u00e9v, c\u00edm, e -mail c\u00edm, IP -c\u00edm, telefonsz\u00e1m, mobiltelefon -sz\u00e1m vagy a fizet\u00e9s feldolgoz\u00e1s\u00e1hoz sz\u00fcks\u00e9ges egy\u00e9b adatok. Az ad\u00e1sv\u00e9teli szerz\u0151d\u00e9s feldolgoz\u00e1s\u00e1hoz az adott megrendel\u00e9shez kapcsol\u00f3d\u00f3 szem\u00e9lyes adatok is sz\u00fcks\u00e9gesek.<\/p>\n<p>Az adatok tov\u00e1bb\u00edt\u00e1s\u00e1nak c\u00e9lja a kifizet\u00e9sek feldolgoz\u00e1sa \u00e9s a csal\u00e1sok megel\u0151z\u00e9se. A feldolgoz\u00e1s\u00e9rt felel\u0151s szem\u00e9ly szem\u00e9lyes adatokat tov\u00e1bb\u00edt a PayPal r\u00e9sz\u00e9re, k\u00fcl\u00f6n\u00f6sen akkor, ha jogos \u00e9rdek f\u0171z\u0151dik a tov\u00e1bb\u00edt\u00e1shoz. A PayPal \u00e9s a feldolgoz\u00e1s\u00e9rt felel\u0151s szem\u00e9ly k\u00f6z\u00f6tt kicser\u00e9lt szem\u00e9lyes adatokat a PayPal tov\u00e1bb\u00edthatja a hitel\u00fcgyn\u00f6ks\u00e9geknek. A tov\u00e1bb\u00edt\u00e1s c\u00e9lja szem\u00e9lyazonoss\u00e1g\u00e1nak \u00e9s hitelk\u00e9pess\u00e9g\u00e9nek ellen\u0151rz\u00e9se.<\/p>\n<p>A PayPal tov\u00e1bb\u00edthatja a szem\u00e9lyes adatokat kapcsolt v\u00e1llalatoknak, szolg\u00e1ltat\u00f3knak vagy alv\u00e1llalkoz\u00f3knak, amennyiben ez sz\u00fcks\u00e9ges a szerz\u0151d\u00e9ses k\u00f6telezetts\u00e9gek teljes\u00edt\u00e9s\u00e9hez, vagy az adatokat a v\u00e1llalat nev\u00e9ben kell kezelni.<\/p>\n<p>Az \u00e9rintett b\u00e1rmikor visszavonhatja a szem\u00e9lyes adatok kezel\u00e9s\u00e9hez adott hozz\u00e1j\u00e1rul\u00e1s\u00e1t a PayPal-lal szemben. A visszavon\u00e1s nem \u00e9rinti azokat a szem\u00e9lyes adatokat, amelyeket (szerz\u0151d\u00e9ses) fizet\u00e9sfeldolgoz\u00e1s c\u00e9lj\u00e1b\u00f3l fel kell dolgozni, felhaszn\u00e1lni vagy tov\u00e1bb\u00edtani.<\/p>\n<p>A PayPal jelenlegi adatv\u00e9delmi el\u0151\u00edr\u00e1sai a https:\/\/www.paypal.com\/de\/webapps\/mpp\/ua\/privacy-full c\u00edmen tal\u00e1lhat\u00f3k.<\/p>\n<h4>14. A feldolgoz\u00e1s jogalapja<\/h4>\n<p>6. cikk I lit. a DS-GVO c\u00e9g\u00fcnket szolg\u00e1lja jogalapk\u00e9nt azokhoz a feldolgoz\u00e1si m\u0171veletekhez, amelyekhez meghat\u00e1rozott feldolgoz\u00e1si c\u00e9lb\u00f3l hozz\u00e1j\u00e1rul\u00e1st szerez\u00fcnk. Ha a szem\u00e9lyes adatok feldolgoz\u00e1sa olyan szerz\u0151d\u00e9s teljes\u00edt\u00e9s\u00e9hez sz\u00fcks\u00e9ges, amelyben az \u00e9rintett f\u00e9l, mint p\u00e9ld\u00e1ul az olyan feldolgoz\u00e1si m\u0171veletekn\u00e9l, amelyek az \u00e1ruk sz\u00e1ll\u00edt\u00e1s\u00e1hoz vagy m\u00e1s szolg\u00e1ltat\u00e1sok ny\u00fajt\u00e1s\u00e1hoz vagy ellenszolg\u00e1ltat\u00e1shoz sz\u00fcks\u00e9gesek, a feldolgoz\u00e1s a 6. cikken alapul I lit. b GDPR. Ugyanez vonatkozik azokra a feldolgoz\u00e1si m\u0171veletekre is, amelyek a szerz\u0151d\u00e9sk\u00f6t\u00e9st megel\u0151z\u0151 int\u00e9zked\u00e9sek v\u00e9grehajt\u00e1s\u00e1hoz sz\u00fcks\u00e9gesek, p\u00e9ld\u00e1ul term\u00e9keinkkel vagy szolg\u00e1ltat\u00e1sainkkal kapcsolatban. Ha c\u00e9g\u00fcnket olyan jogi k\u00f6telezetts\u00e9g terheli, amely szem\u00e9lyes adatok feldolgoz\u00e1s\u00e1t \u00edrja el\u0151, p\u00e9ld\u00e1ul ad\u00f3k\u00f6telezetts\u00e9gek teljes\u00edt\u00e9se \u00e9rdek\u00e9ben, a feldolgoz\u00e1s a 6. cikk I lit. c GDPR. Ritka esetekben sz\u00fcks\u00e9g lehet szem\u00e9lyes adatok kezel\u00e9s\u00e9re az \u00e9rintett vagy m\u00e1s term\u00e9szetes szem\u00e9ly l\u00e9tfontoss\u00e1g\u00fa \u00e9rdekeinek v\u00e9delme \u00e9rdek\u00e9ben. Ez lenne a helyzet p\u00e9ld\u00e1ul akkor, ha a c\u00e9g\u00fcnk l\u00e1togat\u00f3ja megs\u00e9r\u00fclne, \u00e9s nev\u00e9t, \u00e9letkor\u00e1t, eg\u00e9szs\u00e9gbiztos\u00edt\u00e1si adatait vagy egy\u00e9b l\u00e9tfontoss\u00e1g\u00fa inform\u00e1ci\u00f3it tov\u00e1bb\u00edtani kellene orvosnak, k\u00f3rh\u00e1znak vagy m\u00e1s harmadik f\u00e9lnek. Ekkor a feldolgoz\u00e1s a 6. cikk I lit. d GDPR. V\u00e9gs\u0151 soron a feldolgoz\u00e1si m\u0171veletek a 6. cikk I lit. f GDPR. Azok a feldolgoz\u00e1si m\u0171veletek, amelyekre a fent eml\u00edtett jogalapok nem vonatkoznak, ezen a jogalapon alapulnak, ha az adatkezel\u00e9s c\u00e9g\u00fcnk vagy harmadik f\u00e9l jogos \u00e9rdek\u00e9nek v\u00e9delme \u00e9rdek\u00e9ben sz\u00fcks\u00e9ges, felt\u00e9ve, hogy az \u00e9rintett \u00e9rdekei, alapvet\u0151 jogai \u00e9s szabads\u00e1gai ne \u00e9rv\u00e9nyes\u00fclj\u00f6n. K\u00fcl\u00f6n\u00f6sen enged\u00e9lyezett ilyen feldolgoz\u00e1si m\u0171veletek elv\u00e9gz\u00e9se, mivel azokat az eur\u00f3pai jogalkot\u00f3 kifejezetten megeml\u00edtette. E tekintetben \u00fagy v\u00e9lte, hogy jogos \u00e9rdek akkor felt\u00e9telezhet\u0151, ha az \u00e9rintett a felel\u0151s szem\u00e9ly \u00fcgyfele (GDPR (47) preambulumbekezd\u00e9s, 2. mondat).<\/p>\n<h4>15. Jogos \u00e9rdekek az adatkezel\u00e9sben, amelyeket az adatkezel\u0151 vagy harmadik f\u00e9l k\u00f6vet<\/h4>\n<p>Ha a szem\u00e9lyes adatok feldolgoz\u00e1sa a 6. cikken alapul I. l. f A GDPR jogos \u00e9rdek\u00fcnk abban, hogy \u00fczleti tev\u00e9kenys\u00e9g\u00fcnket valamennyi alkalmazottunk \u00e9s r\u00e9szv\u00e9nyes\u00fcnk \u00e9rdek\u00e9ben v\u00e9gezz\u00fck.<\/p>\n<h4>16. A szem\u00e9lyes adatok t\u00e1rol\u00e1s\u00e1nak id\u0151tartama<\/h4>\n<p>A szem\u00e9lyes adatok t\u00e1rol\u00e1s\u00e1nak id\u0151tartam\u00e1ra vonatkoz\u00f3 krit\u00e9rium a vonatkoz\u00f3 jogszab\u00e1lyi meg\u0151rz\u00e9si id\u0151. Az id\u0151szak lej\u00e1rta ut\u00e1n a vonatkoz\u00f3 adatokat rendszeresen t\u00f6rlik, felt\u00e9ve, hogy azok m\u00e1r nem sz\u00fcks\u00e9gesek a szerz\u0151d\u00e9s teljes\u00edt\u00e9s\u00e9hez vagy kezdem\u00e9nyez\u00e9s\u00e9hez.<\/p>\n<h4>17. t\u00f6rv\u00e9nyi vagy szerz\u0151d\u00e9ses rendelkez\u00e9sek a szem\u00e9lyes adatok szolg\u00e1ltat\u00e1s\u00e1ra; A szerz\u0151d\u00e9s megk\u00f6t\u00e9s\u00e9nek sz\u00fcks\u00e9gess\u00e9ge; Az \u00e9rintett k\u00f6telezetts\u00e9ge a szem\u00e9lyes adatok megad\u00e1s\u00e1ra; az ell\u00e1t\u00e1s elmulaszt\u00e1s\u00e1nak lehets\u00e9ges k\u00f6vetkezm\u00e9nyei<\/h4>\n<p>Elmagyar\u00e1zzuk \u00d6nnek, hogy a szem\u00e9lyes adatok megad\u00e1s\u00e1t r\u00e9szben t\u00f6rv\u00e9ny \u00edrja el\u0151 (pl. Ad\u00f3szab\u00e1lyok), vagy szerz\u0151d\u00e9ses el\u0151\u00edr\u00e1sokb\u00f3l (pl. A szerz\u0151d\u00e9ses partnerre vonatkoz\u00f3 inform\u00e1ci\u00f3k) is k\u00f6vetkezhet. A szerz\u0151d\u00e9s megk\u00f6t\u00e9s\u00e9hez n\u00e9ha sz\u00fcks\u00e9g lehet arra, hogy az \u00e9rintett olyan szem\u00e9lyes adatokat adjon meg nek\u00fcnk, amelyeket k\u00e9s\u0151bb fel kell dolgoznunk. P\u00e9ld\u00e1ul az \u00e9rintett k\u00f6teles szem\u00e9lyes adatokat szolg\u00e1ltatni nek\u00fcnk, amikor c\u00e9g\u00fcnk szerz\u0151d\u00e9st k\u00f6t vel\u00fck. A szem\u00e9lyes adatok megad\u00e1s\u00e1nak elmulaszt\u00e1sa azt jelenten\u00e9, hogy a szerz\u0151d\u00e9st nem lehetne megk\u00f6tni az \u00e9rintett szem\u00e9llyel. Miel\u0151tt az \u00e9rintett szem\u00e9lyes adatokat szolg\u00e1ltatna, az \u00e9rintettnek fel kell vennie a kapcsolatot egyik alkalmazottunkkal. Munkat\u00e1rsunk eseti alapon elmagyar\u00e1zza az \u00e9rintett szem\u00e9lynek, hogy a szem\u00e9lyes adatok megad\u00e1s\u00e1t jogszab\u00e1ly vagy szerz\u0151d\u00e9s \u00edrja el\u0151, vagy sz\u00fcks\u00e9ges a szerz\u0151d\u00e9s megk\u00f6t\u00e9s\u00e9hez, van-e k\u00f6telezetts\u00e9g a szem\u00e9lyes adatok megad\u00e1s\u00e1ra \u00e9s mi k\u00f6vetkezm\u00e9nyekkel j\u00e1rna a szem\u00e9lyes adatok megad\u00e1s\u00e1nak elmulaszt\u00e1sa.<\/p>\n<h4>18. Automatiz\u00e1lt d\u00f6nt\u00e9shozatal megl\u00e9te<\/h4>\n<p>Felel\u0151s v\u00e1llalatk\u00e9nt nem haszn\u00e1lunk automatikus d\u00f6nt\u00e9shozatalt vagy profilalkot\u00e1st.<\/p>\n<p>Ezt az adatv\u00e9delmi nyilatkozatot a DGD Deutsche Gesellschaft f\u00fcr Datenschutz GmbH adatv\u00e9delmi nyilatkozat-k\u00e9sz\u00edt\u0151je k\u00e9sz\u00edtette, amely mint&nbsp;<a href=\"https:\/\/dg-datenschutz.de\/datenschutz-dienstleistungen\/externer-datenschutzbeauftragter\/\">K\u00fcls\u0151 adatv\u00e9delmi tiszt, Berlin<\/a>&nbsp; egy\u00fcttm\u0171k\u00f6dve m\u0171k\u00f6dik a&nbsp;<a href=\"https:\/\/www.wbs-law.de\/\">Adatv\u00e9delem (DSGVO) A WILDE BEUGER SOLMECKE \u00fcgyv\u00e9di iroda \u00fcgyv\u00e9dei | \u00fcgyv\u00e9dek<\/a>&nbsp; l\u00e9tre.<\/p>\n","protected":false},"excerpt":{"rendered":"<p>K\u00f6sz\u00f6nj\u00fck \u00e9rdekl\u0151d\u00e9s\u00e9t c\u00e9g\u00fcnk ir\u00e1nt. Az adatv\u00e9delem k\u00fcl\u00f6n\u00f6sen fontos a versiegelung24.com sz\u00e1m\u00e1ra. \u00c1ltal\u00e1ban lehets\u00e9ges a versiegelung24.com weboldal haszn\u00e1lata szem\u00e9lyes adatok megad\u00e1sa n\u00e9lk\u00fcl. Ha azonban az \u00e9rintett a weboldalunkon kereszt\u00fcl ig\u00e9nybe k\u00edv\u00e1nja venni c\u00e9g\u00fcnk speci\u00e1lis szolg\u00e1ltat\u00e1sait, sz\u00fcks\u00e9gess\u00e9 v\u00e1lhat a szem\u00e9lyes adatok feldolgoz\u00e1sa. Ha a szem\u00e9lyes adatok feldolgoz\u00e1sa sz\u00fcks\u00e9ges \u00e9s nincs jogalapja az ilyen kezel\u00e9snek, \u00e1ltal\u00e1ban megkapjuk az&hellip;&nbsp;<a href=\"https:\/\/www.versiegelung24.com\/hu\/adat-vedelem\/\" rel=\"bookmark\">Read More &raquo;<span class=\"screen-reader-text\">Adat v\u00e9delem<\/span><\/a><\/p>\n","protected":false},"author":932,"featured_media":71715,"parent":0,"menu_order":0,"comment_status":"closed","ping_status":"closed","template":"","meta":{"_acf_changed":false,"neve_meta_sidebar":"","neve_meta_container":"","neve_meta_enable_content_width":"","neve_meta_content_width":0,"neve_meta_title_alignment":"","neve_meta_author_avatar":"","neve_post_elements_order":"","neve_meta_disable_header":"","neve_meta_disable_footer":"","neve_meta_disable_title":"","neve_meta_reading_time":"","footnotes":""},"categories":[],"seiten_kategorie":[],"class_list":["post-22112","page","type-page","status-publish","has-post-thumbnail","hentry"],"acf":[],"yoast_head":"<!-- This site is optimized with the Yoast SEO Premium plugin v22.8 (Yoast SEO v27.5) - https:\/\/yoast.com\/product\/yoast-seo-premium-wordpress\/ -->\n<title>Adat v\u00e9delem - versiegelung24.com<\/title>\n<meta name=\"robots\" content=\"index, follow, max-snippet:-1, max-image-preview:large, max-video-preview:-1\" \/>\n<link rel=\"canonical\" href=\"https:\/\/www.versiegelung24.com\/hu\/adat-vedelem\/\" \/>\n<meta property=\"og:locale\" content=\"hu_HU\" \/>\n<meta property=\"og:type\" content=\"article\" \/>\n<meta property=\"og:title\" content=\"Adat v\u00e9delem\" \/>\n<meta property=\"og:description\" content=\"K\u00f6sz\u00f6nj\u00fck \u00e9rdekl\u0151d\u00e9s\u00e9t c\u00e9g\u00fcnk ir\u00e1nt. Az adatv\u00e9delem k\u00fcl\u00f6n\u00f6sen fontos a versiegelung24.com sz\u00e1m\u00e1ra. \u00c1ltal\u00e1ban lehets\u00e9ges a versiegelung24.com weboldal haszn\u00e1lata szem\u00e9lyes adatok megad\u00e1sa n\u00e9lk\u00fcl. Ha azonban az \u00e9rintett a weboldalunkon kereszt\u00fcl ig\u00e9nybe k\u00edv\u00e1nja venni c\u00e9g\u00fcnk speci\u00e1lis szolg\u00e1ltat\u00e1sait, sz\u00fcks\u00e9gess\u00e9 v\u00e1lhat a szem\u00e9lyes adatok feldolgoz\u00e1sa. Ha a szem\u00e9lyes adatok feldolgoz\u00e1sa sz\u00fcks\u00e9ges \u00e9s nincs jogalapja az ilyen kezel\u00e9snek, \u00e1ltal\u00e1ban megkapjuk az&hellip;&nbsp;Read More &raquo;Adat v\u00e9delem\" \/>\n<meta property=\"og:url\" content=\"https:\/\/www.versiegelung24.com\/hu\/adat-vedelem\/\" \/>\n<meta property=\"og:site_name\" content=\"versiegelung24.com\" \/>\n<meta property=\"article:modified_time\" content=\"2022-02-16T11:57:43+00:00\" \/>\n<meta property=\"og:image\" content=\"https:\/\/www.versiegelung24.com\/wp-content\/uploads\/2022\/02\/Datenschutz-1.png\" \/>\n\t<meta property=\"og:image:width\" content=\"2000\" \/>\n\t<meta property=\"og:image:height\" content=\"2000\" \/>\n\t<meta property=\"og:image:type\" content=\"image\/png\" \/>\n<meta name=\"twitter:card\" content=\"summary_large_image\" \/>\n<meta name=\"twitter:label1\" content=\"Becs\u00fclt olvas\u00e1si id\u0151\" \/>\n\t<meta name=\"twitter:data1\" content=\"49 perc\" \/>\n<script type=\"application\/ld+json\" class=\"yoast-schema-graph\">{\"@context\":\"https:\\\/\\\/schema.org\",\"@graph\":[{\"@type\":\"WebPage\",\"@id\":\"https:\\\/\\\/www.versiegelung24.com\\\/hu\\\/adat-vedelem\\\/\",\"url\":\"https:\\\/\\\/www.versiegelung24.com\\\/hu\\\/adat-vedelem\\\/\",\"name\":\"Adat v\u00e9delem - versiegelung24.com\",\"isPartOf\":{\"@id\":\"https:\\\/\\\/www.versiegelung24.com\\\/hu\\\/#website\"},\"primaryImageOfPage\":{\"@id\":\"https:\\\/\\\/www.versiegelung24.com\\\/hu\\\/adat-vedelem\\\/#primaryimage\"},\"image\":{\"@id\":\"https:\\\/\\\/www.versiegelung24.com\\\/hu\\\/adat-vedelem\\\/#primaryimage\"},\"thumbnailUrl\":\"https:\\\/\\\/www.versiegelung24.com\\\/wp-content\\\/uploads\\\/2022\\\/02\\\/Datenschutz-1.png\",\"datePublished\":\"2021-08-02T18:20:57+00:00\",\"dateModified\":\"2022-02-16T11:57:43+00:00\",\"breadcrumb\":{\"@id\":\"https:\\\/\\\/www.versiegelung24.com\\\/hu\\\/adat-vedelem\\\/#breadcrumb\"},\"inLanguage\":\"hu\",\"potentialAction\":[{\"@type\":\"ReadAction\",\"target\":[\"https:\\\/\\\/www.versiegelung24.com\\\/hu\\\/adat-vedelem\\\/\"]}]},{\"@type\":\"ImageObject\",\"inLanguage\":\"hu\",\"@id\":\"https:\\\/\\\/www.versiegelung24.com\\\/hu\\\/adat-vedelem\\\/#primaryimage\",\"url\":\"https:\\\/\\\/www.versiegelung24.com\\\/wp-content\\\/uploads\\\/2022\\\/02\\\/Datenschutz-1.png\",\"contentUrl\":\"https:\\\/\\\/www.versiegelung24.com\\\/wp-content\\\/uploads\\\/2022\\\/02\\\/Datenschutz-1.png\",\"width\":2000,\"height\":2000},{\"@type\":\"BreadcrumbList\",\"@id\":\"https:\\\/\\\/www.versiegelung24.com\\\/hu\\\/adat-vedelem\\\/#breadcrumb\",\"itemListElement\":[{\"@type\":\"ListItem\",\"position\":1,\"name\":\"Honlap\",\"item\":\"https:\\\/\\\/www.versiegelung24.com\\\/hu\\\/elol\\\/\"},{\"@type\":\"ListItem\",\"position\":2,\"name\":\"Adat v\u00e9delem\"}]},{\"@type\":\"WebSite\",\"@id\":\"https:\\\/\\\/www.versiegelung24.com\\\/hu\\\/#website\",\"url\":\"https:\\\/\\\/www.versiegelung24.com\\\/hu\\\/\",\"name\":\"versiegelung24.com\",\"description\":\"Fl\u00fcssigglas-Versiegelung - Made in Germany\",\"publisher\":{\"@id\":\"https:\\\/\\\/www.versiegelung24.com\\\/hu\\\/#organization\"},\"potentialAction\":[{\"@type\":\"SearchAction\",\"target\":{\"@type\":\"EntryPoint\",\"urlTemplate\":\"https:\\\/\\\/www.versiegelung24.com\\\/hu\\\/?s={search_term_string}\"},\"query-input\":{\"@type\":\"PropertyValueSpecification\",\"valueRequired\":true,\"valueName\":\"search_term_string\"}}],\"inLanguage\":\"hu\"},{\"@type\":\"Organization\",\"@id\":\"https:\\\/\\\/www.versiegelung24.com\\\/hu\\\/#organization\",\"name\":\"versiegelung24\",\"url\":\"https:\\\/\\\/www.versiegelung24.com\\\/hu\\\/\",\"logo\":{\"@type\":\"ImageObject\",\"inLanguage\":\"hu\",\"@id\":\"https:\\\/\\\/www.versiegelung24.com\\\/hu\\\/#\\\/schema\\\/logo\\\/image\\\/\",\"url\":\"https:\\\/\\\/www.versiegelung24.com\\\/wp-content\\\/uploads\\\/2020\\\/04\\\/versiegelung24.png\",\"contentUrl\":\"https:\\\/\\\/www.versiegelung24.com\\\/wp-content\\\/uploads\\\/2020\\\/04\\\/versiegelung24.png\",\"width\":470,\"height\":102,\"caption\":\"versiegelung24\"},\"image\":{\"@id\":\"https:\\\/\\\/www.versiegelung24.com\\\/hu\\\/#\\\/schema\\\/logo\\\/image\\\/\"}}]}<\/script>\n<!-- \/ Yoast SEO Premium plugin. -->","yoast_head_json":{"title":"Adat v\u00e9delem - versiegelung24.com","robots":{"index":"index","follow":"follow","max-snippet":"max-snippet:-1","max-image-preview":"max-image-preview:large","max-video-preview":"max-video-preview:-1"},"canonical":"https:\/\/www.versiegelung24.com\/hu\/adat-vedelem\/","og_locale":"hu_HU","og_type":"article","og_title":"Adat v\u00e9delem","og_description":"K\u00f6sz\u00f6nj\u00fck \u00e9rdekl\u0151d\u00e9s\u00e9t c\u00e9g\u00fcnk ir\u00e1nt. Az adatv\u00e9delem k\u00fcl\u00f6n\u00f6sen fontos a versiegelung24.com sz\u00e1m\u00e1ra. \u00c1ltal\u00e1ban lehets\u00e9ges a versiegelung24.com weboldal haszn\u00e1lata szem\u00e9lyes adatok megad\u00e1sa n\u00e9lk\u00fcl. Ha azonban az \u00e9rintett a weboldalunkon kereszt\u00fcl ig\u00e9nybe k\u00edv\u00e1nja venni c\u00e9g\u00fcnk speci\u00e1lis szolg\u00e1ltat\u00e1sait, sz\u00fcks\u00e9gess\u00e9 v\u00e1lhat a szem\u00e9lyes adatok feldolgoz\u00e1sa. Ha a szem\u00e9lyes adatok feldolgoz\u00e1sa sz\u00fcks\u00e9ges \u00e9s nincs jogalapja az ilyen kezel\u00e9snek, \u00e1ltal\u00e1ban megkapjuk az&hellip;&nbsp;Read More &raquo;Adat v\u00e9delem","og_url":"https:\/\/www.versiegelung24.com\/hu\/adat-vedelem\/","og_site_name":"versiegelung24.com","article_modified_time":"2022-02-16T11:57:43+00:00","og_image":[{"width":2000,"height":2000,"url":"https:\/\/www.versiegelung24.com\/wp-content\/uploads\/2022\/02\/Datenschutz-1.png","type":"image\/png"}],"twitter_card":"summary_large_image","twitter_misc":{"Becs\u00fclt olvas\u00e1si id\u0151":"49 perc"},"schema":{"@context":"https:\/\/schema.org","@graph":[{"@type":"WebPage","@id":"https:\/\/www.versiegelung24.com\/hu\/adat-vedelem\/","url":"https:\/\/www.versiegelung24.com\/hu\/adat-vedelem\/","name":"Adat v\u00e9delem - versiegelung24.com","isPartOf":{"@id":"https:\/\/www.versiegelung24.com\/hu\/#website"},"primaryImageOfPage":{"@id":"https:\/\/www.versiegelung24.com\/hu\/adat-vedelem\/#primaryimage"},"image":{"@id":"https:\/\/www.versiegelung24.com\/hu\/adat-vedelem\/#primaryimage"},"thumbnailUrl":"https:\/\/www.versiegelung24.com\/wp-content\/uploads\/2022\/02\/Datenschutz-1.png","datePublished":"2021-08-02T18:20:57+00:00","dateModified":"2022-02-16T11:57:43+00:00","breadcrumb":{"@id":"https:\/\/www.versiegelung24.com\/hu\/adat-vedelem\/#breadcrumb"},"inLanguage":"hu","potentialAction":[{"@type":"ReadAction","target":["https:\/\/www.versiegelung24.com\/hu\/adat-vedelem\/"]}]},{"@type":"ImageObject","inLanguage":"hu","@id":"https:\/\/www.versiegelung24.com\/hu\/adat-vedelem\/#primaryimage","url":"https:\/\/www.versiegelung24.com\/wp-content\/uploads\/2022\/02\/Datenschutz-1.png","contentUrl":"https:\/\/www.versiegelung24.com\/wp-content\/uploads\/2022\/02\/Datenschutz-1.png","width":2000,"height":2000},{"@type":"BreadcrumbList","@id":"https:\/\/www.versiegelung24.com\/hu\/adat-vedelem\/#breadcrumb","itemListElement":[{"@type":"ListItem","position":1,"name":"Honlap","item":"https:\/\/www.versiegelung24.com\/hu\/elol\/"},{"@type":"ListItem","position":2,"name":"Adat v\u00e9delem"}]},{"@type":"WebSite","@id":"https:\/\/www.versiegelung24.com\/hu\/#website","url":"https:\/\/www.versiegelung24.com\/hu\/","name":"versiegelung24.com","description":"Fl\u00fcssigglas-Versiegelung - Made in Germany","publisher":{"@id":"https:\/\/www.versiegelung24.com\/hu\/#organization"},"potentialAction":[{"@type":"SearchAction","target":{"@type":"EntryPoint","urlTemplate":"https:\/\/www.versiegelung24.com\/hu\/?s={search_term_string}"},"query-input":{"@type":"PropertyValueSpecification","valueRequired":true,"valueName":"search_term_string"}}],"inLanguage":"hu"},{"@type":"Organization","@id":"https:\/\/www.versiegelung24.com\/hu\/#organization","name":"versiegelung24","url":"https:\/\/www.versiegelung24.com\/hu\/","logo":{"@type":"ImageObject","inLanguage":"hu","@id":"https:\/\/www.versiegelung24.com\/hu\/#\/schema\/logo\/image\/","url":"https:\/\/www.versiegelung24.com\/wp-content\/uploads\/2020\/04\/versiegelung24.png","contentUrl":"https:\/\/www.versiegelung24.com\/wp-content\/uploads\/2020\/04\/versiegelung24.png","width":470,"height":102,"caption":"versiegelung24"},"image":{"@id":"https:\/\/www.versiegelung24.com\/hu\/#\/schema\/logo\/image\/"}}]}},"_links":{"self":[{"href":"https:\/\/www.versiegelung24.com\/hu\/wp-json\/wp\/v2\/pages\/22112","targetHints":{"allow":["GET"]}}],"collection":[{"href":"https:\/\/www.versiegelung24.com\/hu\/wp-json\/wp\/v2\/pages"}],"about":[{"href":"https:\/\/www.versiegelung24.com\/hu\/wp-json\/wp\/v2\/types\/page"}],"author":[{"embeddable":true,"href":"https:\/\/www.versiegelung24.com\/hu\/wp-json\/wp\/v2\/users\/932"}],"replies":[{"embeddable":true,"href":"https:\/\/www.versiegelung24.com\/hu\/wp-json\/wp\/v2\/comments?post=22112"}],"version-history":[{"count":1,"href":"https:\/\/www.versiegelung24.com\/hu\/wp-json\/wp\/v2\/pages\/22112\/revisions"}],"predecessor-version":[{"id":71753,"href":"https:\/\/www.versiegelung24.com\/hu\/wp-json\/wp\/v2\/pages\/22112\/revisions\/71753"}],"wp:featuredmedia":[{"embeddable":true,"href":"https:\/\/www.versiegelung24.com\/hu\/wp-json\/wp\/v2\/media\/71715"}],"wp:attachment":[{"href":"https:\/\/www.versiegelung24.com\/hu\/wp-json\/wp\/v2\/media?parent=22112"}],"wp:term":[{"taxonomy":"category","embeddable":true,"href":"https:\/\/www.versiegelung24.com\/hu\/wp-json\/wp\/v2\/categories?post=22112"},{"taxonomy":"seiten_kategorie","embeddable":true,"href":"https:\/\/www.versiegelung24.com\/hu\/wp-json\/wp\/v2\/seiten_kategorie?post=22112"}],"curies":[{"name":"wp","href":"https:\/\/api.w.org\/{rel}","templated":true}]}}