{"id":22604,"date":"2021-08-02T20:48:57","date_gmt":"2021-08-02T18:48:57","guid":{"rendered":"https:\/\/www.versiegelung24.com\/altalanos-szerzodesi-feltetelek-az-ugyfelek-adataival"},"modified":"2024-06-25T20:50:53","modified_gmt":"2024-06-25T18:50:53","slug":"altalanos-feltetelek","status":"publish","type":"page","link":"https:\/\/www.versiegelung24.com\/hu\/altalanos-szerzodesi-feltetelek-az-ugyfelek-adataival\/","title":{"rendered":"\u00c1ltal\u00e1nos szerz\u0151d\u00e9si felt\u00e9telek az \u00fcgyfelek adataival"},"content":{"rendered":"<h2>Tartalomjegyz\u00e9k<\/h2>\n<ol>\n<li>hat\u00e1lya<\/li>\n<li>Szerz\u0151d\u00e9sk\u00f6t\u00e9s<\/li>\n<li>El\u00e1ll\u00e1si jog<\/li>\n<li>\u00c1rak \u00e9s fizet\u00e9si felt\u00e9telek<\/li>\n<li>Sz\u00e1ll\u00edt\u00e1si \u00e9s sz\u00e1ll\u00edt\u00e1si felt\u00e9telek<\/li>\n<li>A tulajdonjog fenntart\u00e1sa<\/li>\n<li>Felel\u0151ss\u00e9g a hib\u00e1k\u00e9rt (garancia)<\/li>\n<li>Kamp\u00e1nyutalv\u00e1nyok visszav\u00e1lt\u00e1sa<\/li>\n<li>Alkalmazand\u00f3 jog<\/li>\n<li>Alternat\u00edv vitarendez\u00e9s<\/li>\n<\/ol>\n<h2>1) Hat\u00e1ly<\/h2>\n<p><strong>1.1<\/strong> A \u201eversiegelung24.com\u201d (tov\u00e1bbiakban \u201eElad\u00f3\u201d) alatti keresked\u00e9st folytat\u00f3 Holger K\u00e4ding jelen \u00c1ltal\u00e1nos Szerz\u0151d\u00e9si Felt\u00e9telei (a tov\u00e1bbiakban: \u00c1SZF) minden olyan \u00e1rusz\u00e1ll\u00edt\u00e1si szerz\u0151d\u00e9sre vonatkoznak, amelyet a fogyaszt\u00f3 vagy v\u00e1llalkoz\u00f3 (a tov\u00e1bbiakban: \u201e\u00dcgyf\u00e9l\u201d) k\u00f6t. az elad\u00f3val az elad\u00f3 \u00e1ltal a web\u00e1ruh\u00e1z\u00e1ban bemutatott \u00e1ruk tekintet\u00e9ben. A vev\u0151 saj\u00e1t felt\u00e9teleinek figyelembe v\u00e9tele ezennel ellent\u00e9tes, hacsak m\u00e1sk\u00e9nt nem \u00e1llapodnak meg.<\/p>\n<p><strong>1.2<\/strong>&nbsp; Fogyaszt\u00f3 a jelen \u00c1ltal\u00e1nos Szerz\u0151d\u00e9si Felt\u00e9telek \u00e9rtelm\u00e9ben minden olyan term\u00e9szetes szem\u00e9ly, aki t\u00falnyom\u00f3r\u00e9szt nem kereskedelmi vagy egy\u00e9ni v\u00e1llalkoz\u00f3i c\u00e9lb\u00f3l jog\u00fcgyletet k\u00f6t. A v\u00e1llalkoz\u00f3 ezen felt\u00e9telek \u00e9rtelm\u00e9ben term\u00e9szetes vagy jogi szem\u00e9ly, vagy jogi partners\u00e9g, aki jogi \u00fcgylet megk\u00f6t\u00e9sekor kereskedelmi vagy \u00f6n\u00e1ll\u00f3 szakmai tev\u00e9kenys\u00e9ge gyakorl\u00e1sa sor\u00e1n j\u00e1r el.<\/p>\n<h2>2) A szerz\u0151d\u00e9s megk\u00f6t\u00e9se<\/h2>\n<p><strong>2.1<\/strong>&nbsp; Az elad\u00f3 web\u00e1ruh\u00e1z\u00e1ban tal\u00e1lhat\u00f3 term\u00e9kle\u00edr\u00e1sok nem jelentenek k\u00f6telez\u0151 \u00e9rv\u00e9ny\u0171 aj\u00e1nlatot az elad\u00f3 r\u00e9sz\u00e9r\u0151l, hanem arra szolg\u00e1lnak, hogy a v\u00e1s\u00e1rl\u00f3 k\u00f6telez\u0151 \u00e9rv\u00e9ny\u0171 aj\u00e1nlatot tegyen.<\/p>\n<p><strong>2.2<\/strong>&nbsp; A v\u00e1s\u00e1rl\u00f3 az elad\u00f3 web\u00e1ruh\u00e1z\u00e1ba integr\u00e1lt online megrendel\u0151lapon teheti meg az aj\u00e1nlatot. Miut\u00e1n a kiv\u00e1lasztott \u00e1rut a virtu\u00e1lis bev\u00e1s\u00e1rl\u00f3kos\u00e1rba helyezte, \u00e9s v\u00e9gigment az elektronikus rendel\u00e9si folyamaton, az \u00fcgyf\u00e9l a megrendel\u00e9si folyamatot lez\u00e1r\u00f3 gombra kattintva jogilag k\u00f6telez\u0151 \u00e9rv\u00e9ny\u0171 szerz\u0151d\u00e9ses aj\u00e1nlatot ny\u00fajt be a kos\u00e1rban l\u00e9v\u0151 \u00e1rura. Ezenk\u00edv\u00fcl az \u00fcgyf\u00e9l telefonon vagy e -mailben is beny\u00fajthatja az aj\u00e1nlatot az elad\u00f3nak.<\/p>\n<p><strong>2.3<\/strong>&nbsp; Az elad\u00f3 \u00f6t napon bel\u00fcl elfogadhatja a vev\u0151 aj\u00e1nlat\u00e1t,<\/p>\n<ul>\n<li>\u00edr\u00e1sos megrendel\u00e9s visszaigazol\u00e1st vagy sz\u00f6veges form\u00e1ban (fax vagy e-mail) k\u00fcld\u00f6tt megrendel\u00e9s visszaigazol\u00e1st k\u00fcldve az \u00fcgyf\u00e9lnek, amellyel a megrendel\u00e9s visszaigazol\u00e1s\u00e1nak \u00fcgyf\u00e9l \u00e1ltali meg\u00e9rkez\u00e9se d\u00f6nt\u0151 fontoss\u00e1g\u00fa, vagy<\/li>\n<li>a megrendelt \u00e1ru vev\u0151nek t\u00f6rt\u00e9n\u0151 lesz\u00e1ll\u00edt\u00e1s\u00e1val, ez\u00e1ltal d\u00f6nt\u0151 az \u00e1ru vev\u0151 \u00e1ltali \u00e1tv\u00e9tele, vagy<\/li>\n<li>azzal, hogy megrendel\u00e9s\u00e9t k\u00f6vet\u0151en a v\u00e1s\u00e1rl\u00f3t fizeti.<\/li>\n<\/ul>\n<p>Ha a fent eml\u00edtett alternat\u00edv\u00e1k k\u00f6z\u00fcl t\u00f6bb l\u00e9tezik, akkor a szerz\u0151d\u00e9s abban az id\u0151pontban j\u00f6n l\u00e9tre, amikor a fent eml\u00edtett alternat\u00edv\u00e1k egyike el\u0151sz\u00f6r jelentkezik. Az aj\u00e1nlat elfogad\u00e1s\u00e1nak id\u0151tartama az aj\u00e1nlat elk\u00fcld\u00e9s\u00e9t k\u00f6vet\u0151 napon kezd\u0151dik, \u00e9s az aj\u00e1nlat elk\u00fcld\u00e9s\u00e9t k\u00f6vet\u0151 \u00f6t\u00f6dik nap v\u00e9g\u00e9n \u00e9r v\u00e9get. Ha az elad\u00f3 a fent eml\u00edtett hat\u00e1rid\u0151n bel\u00fcl nem fogadja el az \u00fcgyf\u00e9l aj\u00e1nlat\u00e1t, akkor ez az aj\u00e1nlat elutas\u00edt\u00e1s\u00e1nak min\u0151s\u00fcl, aminek k\u00f6vetkezt\u00e9ben a vev\u0151t m\u00e1r nem k\u00f6ti sz\u00e1nd\u00e9knyilatkozata.<\/p>\n<p><strong>2.4<\/strong>&nbsp; Az elad\u00f3 online megrendel\u0151lapj\u00e1n kereszt\u00fcl t\u00f6rt\u00e9n\u0151 aj\u00e1nlatt\u00e9telkor a szerz\u0151d\u00e9s sz\u00f6veg\u00e9t az elad\u00f3 elmenti, \u00e9s a megrendel\u00e9s elk\u00fcld\u00e9s\u00e9t k\u00f6vet\u0151en sz\u00f6veges form\u00e1ban (pl. e-mail, fax vagy lev\u00e9l) megk\u00fcldi a v\u00e1s\u00e1rl\u00f3nak a jelen \u00c1ltal\u00e1nos Szerz\u0151d\u00e9si Felt\u00e9telekkel egy\u00fctt. . Ezenk\u00edv\u00fcl a szerz\u0151d\u00e9s sz\u00f6veg\u00e9t archiv\u00e1lj\u00e1k az elad\u00f3 weboldal\u00e1n, \u00e9s az \u00fcgyf\u00e9l ingyenesen leh\u00edvhatja jelsz\u00f3val v\u00e9dett \u00fcgyf\u00e9lfi\u00f3kj\u00e1n kereszt\u00fcl a megfelel\u0151 bejelentkez\u00e9si adatok megad\u00e1s\u00e1val, felt\u00e9ve, hogy az \u00fcgyf\u00e9l l\u00e9trehozott egy felhaszn\u00e1l\u00f3i fi\u00f3kot a az elad\u00f3 online boltja a megrendel\u00e9s elk\u00fcld\u00e9se el\u0151tt.<\/p>\n<p><strong>2.5<\/strong>&nbsp; A k\u00f6telez\u0151 \u00e9rv\u00e9ny\u0171 megrendel\u00e9snek az elad\u00f3 online megrendel\u0151lapj\u00e1n kereszt\u00fcl t\u00f6rt\u00e9n\u0151 lead\u00e1sa el\u0151tt a v\u00e1s\u00e1rl\u00f3 a k\u00e9perny\u0151n megjelen\u0151 inform\u00e1ci\u00f3k figyelmes elolvas\u00e1s\u00e1val azonos\u00edthatja az esetleges beviteli hib\u00e1kat. A beviteli hib\u00e1k jobb felismer\u00e9s\u00e9nek hat\u00e9kony technikai eszk\u00f6ze lehet a b\u00f6ng\u00e9sz\u0151 nagy\u00edt\u00e1si funkci\u00f3ja, amellyel a k\u00e9perny\u0151n megjelen\u00edtett k\u00e9p nagy\u00edthat\u00f3. Az \u00fcgyf\u00e9l az elektronikus rendel\u00e9si folyamat r\u00e9szek\u00e9nt a szok\u00e1sos billenty\u0171zet- \u00e9s eg\u00e9rfunkci\u00f3kkal jav\u00edthatja bejegyz\u00e9seit, am\u00edg meg nem kattint a rendel\u00e9si folyamatot lez\u00e1r\u00f3 gombra.<\/p>\n<p><strong>2.6<\/strong>&nbsp; A szerz\u0151d\u00e9sk\u00f6t\u00e9shez csak a n\u00e9met nyelv \u00e1ll rendelkez\u00e9sre.<\/p>\n<p><strong>2.7<\/strong>&nbsp; A megrendel\u00e9s feldolgoz\u00e1sa \u00e9s a kapcsolatfelv\u00e9tel \u00e1ltal\u00e1ban e-mailen \u00e9s automatiz\u00e1lt rendel\u00e9sfeldolgoz\u00e1son kereszt\u00fcl t\u00f6rt\u00e9nik. A vev\u0151nek gondoskodnia kell arr\u00f3l, hogy az \u00e1ltala a megrendel\u00e9s feldolgoz\u00e1s\u00e1ra megadott e-mail c\u00edm helyes legyen, hogy az elad\u00f3 \u00e1ltal k\u00fcld\u00f6tt e-maileket ezen a c\u00edmen is megkaphass\u00e1k. K\u00fcl\u00f6n\u00f6sen a SPAM sz\u0171r\u0151k haszn\u00e1latakor az \u00fcgyf\u00e9lnek biztos\u00edtania kell, hogy az elad\u00f3 vagy az elad\u00f3 \u00e1ltal a megrendel\u00e9s feldolgoz\u00e1s\u00e1ra megb\u00edzott harmadik felek \u00e1ltal k\u00fcld\u00f6tt \u00f6sszes e-mail k\u00e9zbes\u00edthet\u0151 legyen.<\/p>\n<h2>3) el\u00e1ll\u00e1si jog<\/h2>\n<p><strong>3.1<\/strong>&nbsp; A fogyaszt\u00f3kat \u00e1ltal\u00e1ban megilleti az el\u00e1ll\u00e1si jog.<\/p>\n<p><strong>3.2<\/strong>&nbsp; Az el\u00e1ll\u00e1si jogr\u00f3l tov\u00e1bbi inform\u00e1ci\u00f3kat az elad\u00f3 el\u00e1ll\u00e1si nyilatkozat\u00e1ban tal\u00e1l.<\/p>\n<h2>4) \u00c1rak \u00e9s fizet\u00e9si felt\u00e9telek<\/h2>\n<p><strong>4.1<\/strong>&nbsp; Hacsak az elad\u00f3 term\u00e9kle\u00edr\u00e1sa m\u00e1sk\u00e9nt nem rendelkezik, a felt\u00fcntetett \u00e1rak a t\u00f6rv\u00e9nyes forgalmi ad\u00f3t tartalmaz\u00f3 teljes \u00e1rak. Az esetlegesen felmer\u00fcl\u0151 tov\u00e1bbi sz\u00e1ll\u00edt\u00e1si \u00e9s sz\u00e1ll\u00edt\u00e1si k\u00f6lts\u00e9geket a term\u00e9kle\u00edr\u00e1s k\u00fcl\u00f6n hat\u00e1rozza meg.<\/p>\n<p><strong>4.2<\/strong>&nbsp; A fizet\u00e9si m\u00f3d(ok)r\u00f3l az elad\u00f3 web\u00e1ruh\u00e1z\u00e1ban t\u00e1j\u00e9koztatjuk a v\u00e1s\u00e1rl\u00f3t.<\/p>\n<p><strong>4.3<\/strong>&nbsp; Banki \u00e1tutal\u00e1ssal t\u00f6rt\u00e9n\u0151 el\u0151legfizet\u00e9s eset\u00e9n a fizet\u00e9s a szerz\u0151d\u00e9sk\u00f6t\u00e9st k\u00f6vet\u0151en halad\u00e9ktalanul esed\u00e9kes, kiv\u00e9ve, ha a felek k\u00e9s\u0151bbi esed\u00e9kess\u00e9gben \u00e1llapodtak meg.<\/p>\n<p><strong>4.4<\/strong>&nbsp; A PayPal \u00e1ltal k\u00edn\u00e1lt fizet\u00e9si m\u00f3ddal t\u00f6rt\u00e9n\u0151 fizet\u00e9s eset\u00e9n a fizet\u00e9s a PayPal (Europe) S.\u00e0 rl et Cie, SCA, 22-24 Boulevard Royal, L-2449 Luxembourg (a tov\u00e1bbiakban: &#8220;PayPal&#8221;) fizet\u00e9si szolg\u00e1ltat\u00f3n kereszt\u00fcl t\u00f6rt\u00e9nik, a PayPal \u2013 Felhaszn\u00e1l\u00e1si felt\u00e9telek \u00e9rv\u00e9nyess\u00e9ge alatt, el\u00e9rhet\u0151 a c\u00edmen&nbsp;<a href=\"https:\/\/www.paypal.com\/de\/webapps\/mpp\/ua\/useragreement-full\" target=\"_blank\" rel=\"noopener noreferrer\">https:\/\/www.paypal.com\/de\/webapps\/mpp\/ua\/useragreement-full<\/a>&nbsp; vagy &#8211; ha az \u00fcgyf\u00e9l nem rendelkezik PayPal sz\u00e1ml\u00e1val &#8211; a PayPal sz\u00e1mla n\u00e9lk\u00fcli fizet\u00e9s felt\u00e9teleinek megfelel\u0151en, amely megtekinthet\u0151 a&nbsp;<a href=\"https:\/\/www.paypal.com\/de\/webapps\/mpp\/ua\/privacywax-full\">https:\/\/www.paypal.com\/de\/webapps\/mpp\/ua\/privacywax-full<\/a> .<\/p>\n<h2>5) Sz\u00e1ll\u00edt\u00e1si \u00e9s sz\u00e1ll\u00edt\u00e1si felt\u00e9telek<\/h2>\n<p><strong>5.1<\/strong>&nbsp; Elt\u00e9r\u0151 meg\u00e1llapod\u00e1s hi\u00e1ny\u00e1ban az \u00e1rut a vev\u0151 \u00e1ltal megadott sz\u00e1ll\u00edt\u00e1si c\u00edmre sz\u00e1ll\u00edtjuk. A tranzakci\u00f3 feldolgoz\u00e1sa sor\u00e1n az elad\u00f3 megrendel\u00e9sfeldolgoz\u00e1s\u00e1ban megadott sz\u00e1ll\u00edt\u00e1si c\u00edm a d\u00f6nt\u0151. Ett\u0151l elt\u00e9rve a PayPal fizet\u00e9si m\u00f3d kiv\u00e1laszt\u00e1sakor az \u00fcgyf\u00e9l \u00e1ltal a fizet\u00e9skor a PayPal -on t\u00e1rolt sz\u00e1ll\u00edt\u00e1si c\u00edm a d\u00f6nt\u0151.<\/p>\n<p><strong>5.2<\/strong>&nbsp; Ha a sz\u00e1ll\u00edtm\u00e1nyoz\u00f3 c\u00e9g a kisz\u00e1ll\u00edtott \u00e1rut az\u00e9rt k\u00fcldi vissza az elad\u00f3nak, mert a vev\u0151h\u00f6z val\u00f3 kisz\u00e1ll\u00edt\u00e1s nem volt lehets\u00e9ges, a vev\u0151 viseli a sikertelen sz\u00e1ll\u00edt\u00e1s k\u00f6lts\u00e9geit. Ez nem vonatkozik arra az esetre, ha az \u00fcgyf\u00e9l t\u00e9nylegesen gyakorolja el\u00e1ll\u00e1si jog\u00e1t, ha nem felel\u0151s az\u00e9rt a k\u00f6r\u00fclm\u00e9ny\u00e9rt, amely a sz\u00e1ll\u00edt\u00e1s lehetetlens\u00e9g\u00e9hez vezetett, vagy ha ideiglenesen akad\u00e1lyozt\u00e1k a felaj\u00e1nlott szolg\u00e1ltat\u00e1s elfogad\u00e1s\u00e1ban, kiv\u00e9ve, ha az elad\u00f3 megadta neki a lehet\u0151s\u00e9get az el\u0151ad\u00e1st \u00e9sszer\u0171 id\u0151vel el\u0151re.<\/p>\n<p><strong>5.3<\/strong>&nbsp; Az \u00e1tv\u00e9tel logisztikai okokb\u00f3l nem lehets\u00e9ges.<\/p>\n<h2>6) A tulajdonjog megtart\u00e1sa<\/h2>\n<p>Ha az elad\u00f3 el\u0151leget fizet, addig a sz\u00e1ll\u00edtott \u00e1ru tulajdonjog\u00e1t mindaddig fenntartja, am\u00edg a tartoz\u00e1s teljes v\u00e9tel\u00e1r\u00e1t meg nem fizetik.<\/p>\n<h2>7) Felel\u0151ss\u00e9g a hib\u00e1k\u00e9rt (garancia)<\/h2>\n<p><strong>7.1<\/strong>&nbsp; Ha a v\u00e1s\u00e1rolt term\u00e9k hib\u00e1s, a t\u00f6rv\u00e9ny \u00e1ltal el\u0151\u00edrt hibafelel\u0151ss\u00e9g \u00e9rv\u00e9nyes.<\/p>\n<p><strong>7.2<\/strong>&nbsp; K\u00e9rj\u00fck a v\u00e1s\u00e1rl\u00f3t, hogy panaszt tegyen a k\u00e9zbes\u00edt\u0151n\u00e9l a nyilv\u00e1nval\u00f3 sz\u00e1ll\u00edt\u00e1si s\u00e9r\u00fcl\u00e9ssel rendelkez\u0151 sz\u00e1ll\u00edtott \u00e1ruval kapcsolatban, \u00e9s err\u0151l \u00e9rtes\u00edtse az elad\u00f3t. Ha az \u00fcgyf\u00e9l nem tartja be, ez nincs hat\u00e1ssal a t\u00f6rv\u00e9nyi vagy szerz\u0151d\u00e9ses hib\u00e1kra.<\/p>\n<h2>8) Kamp\u00e1nyutalv\u00e1nyok visszav\u00e1lt\u00e1sa<\/h2>\n<p><strong>8.1<\/strong>&nbsp; Az elad\u00f3 \u00e1ltal meghat\u00e1rozott \u00e9rv\u00e9nyess\u00e9gi idej\u0171 akci\u00f3k keret\u00e9ben ingyenesen ki\u00e1ll\u00edtott, a v\u00e1s\u00e1rl\u00f3 \u00e1ltal nem megv\u00e1s\u00e1rolhat\u00f3 utalv\u00e1nyok (a tov\u00e1bbiakban &#8220;akci\u00f3s utalv\u00e1nyok&#8221;) csak az elad\u00f3 web\u00e1ruh\u00e1z\u00e1ban \u00e9s a megadott id\u0151szakban v\u00e1lthat\u00f3k be. .<\/p>\n<p><strong>8.2<\/strong>&nbsp; Az egyes term\u00e9kek kiz\u00e1rhat\u00f3k az utalv\u00e1nykamp\u00e1nyb\u00f3l, ha a kamp\u00e1nyutalv\u00e1ny tartalm\u00e1b\u00f3l ennek megfelel\u0151 korl\u00e1toz\u00e1s k\u00f6vetkezik.<\/p>\n<p><strong>8.3<\/strong>&nbsp; A prom\u00f3ci\u00f3s utalv\u00e1nyok csak a rendel\u00e9si folyamat befejez\u00e9se el\u0151tt v\u00e1lthat\u00f3k be. K\u00e9s\u0151bbi sz\u00e1ml\u00e1z\u00e1s nem lehets\u00e9ges.<\/p>\n<p><strong>8.4<\/strong>&nbsp; Megrendel\u00e9senk\u00e9nt csak egy prom\u00f3ci\u00f3s utalv\u00e1ny v\u00e1lthat\u00f3 be.<\/p>\n<p><strong>8.5<\/strong>&nbsp; Az \u00e1ru \u00e9rt\u00e9k\u00e9nek meg kell egyeznie legal\u00e1bb az akci\u00f3s utalv\u00e1ny \u00f6sszeg\u00e9vel. A fennmarad\u00f3 hitelt az elad\u00f3 nem t\u00e9r\u00edti vissza.<\/p>\n<p><strong>8.6<\/strong>&nbsp; Ha az akci\u00f3s utalv\u00e1ny \u00e9rt\u00e9ke nem elegend\u0151 a megrendel\u00e9s fedez\u00e9s\u00e9re, a k\u00fcl\u00f6nb\u00f6zet kiegyenl\u00edt\u00e9s\u00e9re az elad\u00f3 \u00e1ltal felaj\u00e1nlott egy\u00e9b fizet\u00e9si m\u00f3dok k\u00f6z\u00fcl v\u00e1laszthat.<\/p>\n<p><strong>8.7<\/strong>&nbsp; A prom\u00f3ci\u00f3s utalv\u00e1ny egyenlege nem ker\u00fcl kifizet\u00e9sre k\u00e9szp\u00e9nzben \u00e9s nem kamatozik.<\/p>\n<p><strong>8.8<\/strong>&nbsp; A kamp\u00e1nyutalv\u00e1nyt nem t\u00e9r\u00edtj\u00fck vissza, ha a v\u00e1s\u00e1rl\u00f3 t\u00f6rv\u00e9nyben biztos\u00edtott el\u00e1ll\u00e1si joga keret\u00e9ben visszak\u00fcldi azt az \u00e1rut, amelyet r\u00e9szben vagy eg\u00e9szben a kamp\u00e1nyutalv\u00e1nnyal fizetett.<\/p>\n<p><strong>8.9<\/strong>&nbsp; A prom\u00f3ci\u00f3s utalv\u00e1ny \u00e1truh\u00e1zhat\u00f3. Az elad\u00f3, mentes\u00edt\u0151 hat\u00e1ssal, fizethet a megfelel\u0151 tulajdonosnak, aki bev\u00e1ltja a prom\u00f3ci\u00f3s utalv\u00e1nyt az elad\u00f3 online boltj\u00e1ban. Ez nem vonatkozik arra az esetre, ha az elad\u00f3nak tudom\u00e1sa van vagy s\u00falyosan gondatlanul tud a jogosulatlans\u00e1gr\u00f3l, a cselekv\u0151k\u00e9ptelens\u00e9gr\u0151l vagy az adott tulajdonos enged\u00e9ly\u00e9nek hi\u00e1ny\u00e1r\u00f3l.<\/p>\n<h2>9) Alkalmazand\u00f3 jog<\/h2>\n<p>A N\u00e9met Sz\u00f6vets\u00e9gi K\u00f6zt\u00e1rsas\u00e1g joga a felek k\u00f6z\u00f6tti minden jogviszonyra vonatkozik, kiv\u00e9ve az ing\u00f3 javak nemzetk\u00f6zi v\u00e1s\u00e1rl\u00e1s\u00e1ra vonatkoz\u00f3 t\u00f6rv\u00e9nyeket. A fogyaszt\u00f3kra n\u00e9zve ez a jogv\u00e1laszt\u00e1s csak annyiban alkalmazhat\u00f3, amennyiben a fogyaszt\u00f3 szok\u00e1sos tart\u00f3zkod\u00e1si helye szerinti \u00e1llam jog\u00e1nak k\u00f6telez\u0151 rendelkez\u00e9sei \u00e1ltal biztos\u00edtott v\u00e9delmet nem vonj\u00e1k vissza.<\/p>\n<h2>10) Alternat\u00edv vitarendez\u00e9s<\/h2>\n<p><strong>10.1<\/strong>&nbsp; Az EU Bizotts\u00e1ga platformot biztos\u00edt az internetes online vitarendez\u00e9shez az al\u00e1bbi linken:&nbsp;<a href=\"http:\/\/ec.europa.eu\/consumers\/odr\">http:\/\/ec.europa.eu\/consumers\/odr<\/a><\/p>\n<p>Ez a platform kapcsolattart\u00e1si pontk\u00e9nt szolg\u00e1l az online v\u00e1s\u00e1rl\u00e1si vagy szolg\u00e1ltat\u00e1si szerz\u0151d\u00e9sekb\u0151l ered\u0151 vit\u00e1k peren k\u00edv\u00fcli rendez\u00e9s\u00e9hez, amelyben a fogyaszt\u00f3 \u00e9rintett.<\/p>\n<p><strong>10.2<\/strong>&nbsp; Az elad\u00f3 nem k\u00f6teles \u00e9s nem is hajland\u00f3 r\u00e9szt venni a fogyaszt\u00f3i v\u00e1lasztottb\u00edr\u00f3s\u00e1g el\u0151tti vitarendez\u00e9si elj\u00e1r\u00e1sban.<\/p>\n","protected":false},"excerpt":{"rendered":"<p>Tartalomjegyz\u00e9k hat\u00e1lya Szerz\u0151d\u00e9sk\u00f6t\u00e9s El\u00e1ll\u00e1si jog \u00c1rak \u00e9s fizet\u00e9si felt\u00e9telek Sz\u00e1ll\u00edt\u00e1si \u00e9s sz\u00e1ll\u00edt\u00e1si felt\u00e9telek A tulajdonjog fenntart\u00e1sa Felel\u0151ss\u00e9g a hib\u00e1k\u00e9rt (garancia) Kamp\u00e1nyutalv\u00e1nyok visszav\u00e1lt\u00e1sa Alkalmazand\u00f3 jog Alternat\u00edv vitarendez\u00e9s 1) Hat\u00e1ly 1.1 A \u201eversiegelung24.com\u201d (tov\u00e1bbiakban \u201eElad\u00f3\u201d) alatti keresked\u00e9st folytat\u00f3 Holger K\u00e4ding jelen \u00c1ltal\u00e1nos Szerz\u0151d\u00e9si Felt\u00e9telei (a tov\u00e1bbiakban: \u00c1SZF) minden olyan \u00e1rusz\u00e1ll\u00edt\u00e1si szerz\u0151d\u00e9sre vonatkoznak, amelyet a fogyaszt\u00f3 vagy v\u00e1llalkoz\u00f3&hellip;&nbsp;<a href=\"https:\/\/www.versiegelung24.com\/hu\/altalanos-szerzodesi-feltetelek-az-ugyfelek-adataival\/\" rel=\"bookmark\">Read More &raquo;<span class=\"screen-reader-text\">\u00c1ltal\u00e1nos szerz\u0151d\u00e9si felt\u00e9telek az \u00fcgyfelek adataival<\/span><\/a><\/p>\n","protected":false},"author":932,"featured_media":70715,"parent":0,"menu_order":0,"comment_status":"closed","ping_status":"closed","template":"","meta":{"_acf_changed":false,"neve_meta_sidebar":"","neve_meta_container":"","neve_meta_enable_content_width":"","neve_meta_content_width":0,"neve_meta_title_alignment":"","neve_meta_author_avatar":"","neve_post_elements_order":"","neve_meta_disable_header":"","neve_meta_disable_footer":"","neve_meta_disable_title":"","neve_meta_reading_time":"","footnotes":""},"categories":[],"seiten_kategorie":[],"class_list":["post-22604","page","type-page","status-publish","has-post-thumbnail","hentry"],"acf":[],"yoast_head":"<!-- This site is optimized with the Yoast SEO Premium plugin v22.8 (Yoast SEO v27.5) - https:\/\/yoast.com\/product\/yoast-seo-premium-wordpress\/ -->\n<title>\u00c1ltal\u00e1nos szerz\u0151d\u00e9si felt\u00e9telek az \u00fcgyfelek adataival - versiegelung24.com<\/title>\n<meta name=\"robots\" content=\"index, follow, max-snippet:-1, max-image-preview:large, max-video-preview:-1\" \/>\n<link rel=\"canonical\" href=\"https:\/\/www.versiegelung24.com\/hu\/altalanos-szerzodesi-feltetelek-az-ugyfelek-adataival\/\" \/>\n<meta property=\"og:locale\" content=\"hu_HU\" \/>\n<meta property=\"og:type\" content=\"article\" \/>\n<meta property=\"og:title\" content=\"\u00c1ltal\u00e1nos szerz\u0151d\u00e9si felt\u00e9telek az \u00fcgyfelek adataival\" \/>\n<meta property=\"og:description\" content=\"Tartalomjegyz\u00e9k hat\u00e1lya Szerz\u0151d\u00e9sk\u00f6t\u00e9s El\u00e1ll\u00e1si jog \u00c1rak \u00e9s fizet\u00e9si felt\u00e9telek Sz\u00e1ll\u00edt\u00e1si \u00e9s sz\u00e1ll\u00edt\u00e1si felt\u00e9telek A tulajdonjog fenntart\u00e1sa Felel\u0151ss\u00e9g a hib\u00e1k\u00e9rt (garancia) Kamp\u00e1nyutalv\u00e1nyok visszav\u00e1lt\u00e1sa Alkalmazand\u00f3 jog Alternat\u00edv vitarendez\u00e9s 1) Hat\u00e1ly 1.1 A \u201eversiegelung24.com\u201d (tov\u00e1bbiakban \u201eElad\u00f3\u201d) alatti keresked\u00e9st folytat\u00f3 Holger K\u00e4ding jelen \u00c1ltal\u00e1nos Szerz\u0151d\u00e9si Felt\u00e9telei (a tov\u00e1bbiakban: \u00c1SZF) minden olyan \u00e1rusz\u00e1ll\u00edt\u00e1si szerz\u0151d\u00e9sre vonatkoznak, amelyet a fogyaszt\u00f3 vagy v\u00e1llalkoz\u00f3&hellip;&nbsp;Read More &raquo;\u00c1ltal\u00e1nos szerz\u0151d\u00e9si felt\u00e9telek az \u00fcgyfelek adataival\" \/>\n<meta property=\"og:url\" content=\"https:\/\/www.versiegelung24.com\/hu\/altalanos-szerzodesi-feltetelek-az-ugyfelek-adataival\/\" \/>\n<meta property=\"og:site_name\" content=\"versiegelung24.com\" \/>\n<meta property=\"article:modified_time\" content=\"2024-06-25T18:50:53+00:00\" \/>\n<meta property=\"og:image\" content=\"https:\/\/www.versiegelung24.com\/wp-content\/uploads\/2022\/02\/Impressum.png\" \/>\n\t<meta property=\"og:image:width\" content=\"2000\" \/>\n\t<meta property=\"og:image:height\" content=\"2000\" \/>\n\t<meta property=\"og:image:type\" content=\"image\/png\" \/>\n<meta name=\"twitter:card\" content=\"summary_large_image\" \/>\n<meta name=\"twitter:label1\" content=\"Becs\u00fclt olvas\u00e1si id\u0151\" \/>\n\t<meta name=\"twitter:data1\" content=\"10 perc\" \/>\n<script type=\"application\/ld+json\" class=\"yoast-schema-graph\">{\"@context\":\"https:\\\/\\\/schema.org\",\"@graph\":[{\"@type\":\"WebPage\",\"@id\":\"https:\\\/\\\/www.versiegelung24.com\\\/hu\\\/altalanos-szerzodesi-feltetelek-az-ugyfelek-adataival\\\/\",\"url\":\"https:\\\/\\\/www.versiegelung24.com\\\/hu\\\/altalanos-szerzodesi-feltetelek-az-ugyfelek-adataival\\\/\",\"name\":\"\u00c1ltal\u00e1nos szerz\u0151d\u00e9si felt\u00e9telek az \u00fcgyfelek adataival - versiegelung24.com\",\"isPartOf\":{\"@id\":\"https:\\\/\\\/www.versiegelung24.com\\\/hu\\\/#website\"},\"primaryImageOfPage\":{\"@id\":\"https:\\\/\\\/www.versiegelung24.com\\\/hu\\\/altalanos-szerzodesi-feltetelek-az-ugyfelek-adataival\\\/#primaryimage\"},\"image\":{\"@id\":\"https:\\\/\\\/www.versiegelung24.com\\\/hu\\\/altalanos-szerzodesi-feltetelek-az-ugyfelek-adataival\\\/#primaryimage\"},\"thumbnailUrl\":\"https:\\\/\\\/www.versiegelung24.com\\\/wp-content\\\/uploads\\\/2022\\\/02\\\/Impressum.png\",\"datePublished\":\"2021-08-02T18:48:57+00:00\",\"dateModified\":\"2024-06-25T18:50:53+00:00\",\"breadcrumb\":{\"@id\":\"https:\\\/\\\/www.versiegelung24.com\\\/hu\\\/altalanos-szerzodesi-feltetelek-az-ugyfelek-adataival\\\/#breadcrumb\"},\"inLanguage\":\"hu\",\"potentialAction\":[{\"@type\":\"ReadAction\",\"target\":[\"https:\\\/\\\/www.versiegelung24.com\\\/hu\\\/altalanos-szerzodesi-feltetelek-az-ugyfelek-adataival\\\/\"]}]},{\"@type\":\"ImageObject\",\"inLanguage\":\"hu\",\"@id\":\"https:\\\/\\\/www.versiegelung24.com\\\/hu\\\/altalanos-szerzodesi-feltetelek-az-ugyfelek-adataival\\\/#primaryimage\",\"url\":\"https:\\\/\\\/www.versiegelung24.com\\\/wp-content\\\/uploads\\\/2022\\\/02\\\/Impressum.png\",\"contentUrl\":\"https:\\\/\\\/www.versiegelung24.com\\\/wp-content\\\/uploads\\\/2022\\\/02\\\/Impressum.png\",\"width\":2000,\"height\":2000},{\"@type\":\"BreadcrumbList\",\"@id\":\"https:\\\/\\\/www.versiegelung24.com\\\/hu\\\/altalanos-szerzodesi-feltetelek-az-ugyfelek-adataival\\\/#breadcrumb\",\"itemListElement\":[{\"@type\":\"ListItem\",\"position\":1,\"name\":\"Honlap\",\"item\":\"https:\\\/\\\/www.versiegelung24.com\\\/hu\\\/elol\\\/\"},{\"@type\":\"ListItem\",\"position\":2,\"name\":\"\u00c1ltal\u00e1nos szerz\u0151d\u00e9si felt\u00e9telek az \u00fcgyfelek adataival\"}]},{\"@type\":\"WebSite\",\"@id\":\"https:\\\/\\\/www.versiegelung24.com\\\/hu\\\/#website\",\"url\":\"https:\\\/\\\/www.versiegelung24.com\\\/hu\\\/\",\"name\":\"versiegelung24.com\",\"description\":\"Fl\u00fcssigglas-Versiegelung - Made in Germany\",\"publisher\":{\"@id\":\"https:\\\/\\\/www.versiegelung24.com\\\/hu\\\/#organization\"},\"potentialAction\":[{\"@type\":\"SearchAction\",\"target\":{\"@type\":\"EntryPoint\",\"urlTemplate\":\"https:\\\/\\\/www.versiegelung24.com\\\/hu\\\/?s={search_term_string}\"},\"query-input\":{\"@type\":\"PropertyValueSpecification\",\"valueRequired\":true,\"valueName\":\"search_term_string\"}}],\"inLanguage\":\"hu\"},{\"@type\":\"Organization\",\"@id\":\"https:\\\/\\\/www.versiegelung24.com\\\/hu\\\/#organization\",\"name\":\"versiegelung24\",\"url\":\"https:\\\/\\\/www.versiegelung24.com\\\/hu\\\/\",\"logo\":{\"@type\":\"ImageObject\",\"inLanguage\":\"hu\",\"@id\":\"https:\\\/\\\/www.versiegelung24.com\\\/hu\\\/#\\\/schema\\\/logo\\\/image\\\/\",\"url\":\"https:\\\/\\\/www.versiegelung24.com\\\/wp-content\\\/uploads\\\/2020\\\/04\\\/versiegelung24.png\",\"contentUrl\":\"https:\\\/\\\/www.versiegelung24.com\\\/wp-content\\\/uploads\\\/2020\\\/04\\\/versiegelung24.png\",\"width\":470,\"height\":102,\"caption\":\"versiegelung24\"},\"image\":{\"@id\":\"https:\\\/\\\/www.versiegelung24.com\\\/hu\\\/#\\\/schema\\\/logo\\\/image\\\/\"}}]}<\/script>\n<!-- \/ Yoast SEO Premium plugin. -->","yoast_head_json":{"title":"\u00c1ltal\u00e1nos szerz\u0151d\u00e9si felt\u00e9telek az \u00fcgyfelek adataival - versiegelung24.com","robots":{"index":"index","follow":"follow","max-snippet":"max-snippet:-1","max-image-preview":"max-image-preview:large","max-video-preview":"max-video-preview:-1"},"canonical":"https:\/\/www.versiegelung24.com\/hu\/altalanos-szerzodesi-feltetelek-az-ugyfelek-adataival\/","og_locale":"hu_HU","og_type":"article","og_title":"\u00c1ltal\u00e1nos szerz\u0151d\u00e9si felt\u00e9telek az \u00fcgyfelek adataival","og_description":"Tartalomjegyz\u00e9k hat\u00e1lya Szerz\u0151d\u00e9sk\u00f6t\u00e9s El\u00e1ll\u00e1si jog \u00c1rak \u00e9s fizet\u00e9si felt\u00e9telek Sz\u00e1ll\u00edt\u00e1si \u00e9s sz\u00e1ll\u00edt\u00e1si felt\u00e9telek A tulajdonjog fenntart\u00e1sa Felel\u0151ss\u00e9g a hib\u00e1k\u00e9rt (garancia) Kamp\u00e1nyutalv\u00e1nyok visszav\u00e1lt\u00e1sa Alkalmazand\u00f3 jog Alternat\u00edv vitarendez\u00e9s 1) Hat\u00e1ly 1.1 A \u201eversiegelung24.com\u201d (tov\u00e1bbiakban \u201eElad\u00f3\u201d) alatti keresked\u00e9st folytat\u00f3 Holger K\u00e4ding jelen \u00c1ltal\u00e1nos Szerz\u0151d\u00e9si Felt\u00e9telei (a tov\u00e1bbiakban: \u00c1SZF) minden olyan \u00e1rusz\u00e1ll\u00edt\u00e1si szerz\u0151d\u00e9sre vonatkoznak, amelyet a fogyaszt\u00f3 vagy v\u00e1llalkoz\u00f3&hellip;&nbsp;Read More &raquo;\u00c1ltal\u00e1nos szerz\u0151d\u00e9si felt\u00e9telek az \u00fcgyfelek adataival","og_url":"https:\/\/www.versiegelung24.com\/hu\/altalanos-szerzodesi-feltetelek-az-ugyfelek-adataival\/","og_site_name":"versiegelung24.com","article_modified_time":"2024-06-25T18:50:53+00:00","og_image":[{"width":2000,"height":2000,"url":"https:\/\/www.versiegelung24.com\/wp-content\/uploads\/2022\/02\/Impressum.png","type":"image\/png"}],"twitter_card":"summary_large_image","twitter_misc":{"Becs\u00fclt olvas\u00e1si id\u0151":"10 perc"},"schema":{"@context":"https:\/\/schema.org","@graph":[{"@type":"WebPage","@id":"https:\/\/www.versiegelung24.com\/hu\/altalanos-szerzodesi-feltetelek-az-ugyfelek-adataival\/","url":"https:\/\/www.versiegelung24.com\/hu\/altalanos-szerzodesi-feltetelek-az-ugyfelek-adataival\/","name":"\u00c1ltal\u00e1nos szerz\u0151d\u00e9si felt\u00e9telek az \u00fcgyfelek adataival - versiegelung24.com","isPartOf":{"@id":"https:\/\/www.versiegelung24.com\/hu\/#website"},"primaryImageOfPage":{"@id":"https:\/\/www.versiegelung24.com\/hu\/altalanos-szerzodesi-feltetelek-az-ugyfelek-adataival\/#primaryimage"},"image":{"@id":"https:\/\/www.versiegelung24.com\/hu\/altalanos-szerzodesi-feltetelek-az-ugyfelek-adataival\/#primaryimage"},"thumbnailUrl":"https:\/\/www.versiegelung24.com\/wp-content\/uploads\/2022\/02\/Impressum.png","datePublished":"2021-08-02T18:48:57+00:00","dateModified":"2024-06-25T18:50:53+00:00","breadcrumb":{"@id":"https:\/\/www.versiegelung24.com\/hu\/altalanos-szerzodesi-feltetelek-az-ugyfelek-adataival\/#breadcrumb"},"inLanguage":"hu","potentialAction":[{"@type":"ReadAction","target":["https:\/\/www.versiegelung24.com\/hu\/altalanos-szerzodesi-feltetelek-az-ugyfelek-adataival\/"]}]},{"@type":"ImageObject","inLanguage":"hu","@id":"https:\/\/www.versiegelung24.com\/hu\/altalanos-szerzodesi-feltetelek-az-ugyfelek-adataival\/#primaryimage","url":"https:\/\/www.versiegelung24.com\/wp-content\/uploads\/2022\/02\/Impressum.png","contentUrl":"https:\/\/www.versiegelung24.com\/wp-content\/uploads\/2022\/02\/Impressum.png","width":2000,"height":2000},{"@type":"BreadcrumbList","@id":"https:\/\/www.versiegelung24.com\/hu\/altalanos-szerzodesi-feltetelek-az-ugyfelek-adataival\/#breadcrumb","itemListElement":[{"@type":"ListItem","position":1,"name":"Honlap","item":"https:\/\/www.versiegelung24.com\/hu\/elol\/"},{"@type":"ListItem","position":2,"name":"\u00c1ltal\u00e1nos szerz\u0151d\u00e9si felt\u00e9telek az \u00fcgyfelek adataival"}]},{"@type":"WebSite","@id":"https:\/\/www.versiegelung24.com\/hu\/#website","url":"https:\/\/www.versiegelung24.com\/hu\/","name":"versiegelung24.com","description":"Fl\u00fcssigglas-Versiegelung - Made in Germany","publisher":{"@id":"https:\/\/www.versiegelung24.com\/hu\/#organization"},"potentialAction":[{"@type":"SearchAction","target":{"@type":"EntryPoint","urlTemplate":"https:\/\/www.versiegelung24.com\/hu\/?s={search_term_string}"},"query-input":{"@type":"PropertyValueSpecification","valueRequired":true,"valueName":"search_term_string"}}],"inLanguage":"hu"},{"@type":"Organization","@id":"https:\/\/www.versiegelung24.com\/hu\/#organization","name":"versiegelung24","url":"https:\/\/www.versiegelung24.com\/hu\/","logo":{"@type":"ImageObject","inLanguage":"hu","@id":"https:\/\/www.versiegelung24.com\/hu\/#\/schema\/logo\/image\/","url":"https:\/\/www.versiegelung24.com\/wp-content\/uploads\/2020\/04\/versiegelung24.png","contentUrl":"https:\/\/www.versiegelung24.com\/wp-content\/uploads\/2020\/04\/versiegelung24.png","width":470,"height":102,"caption":"versiegelung24"},"image":{"@id":"https:\/\/www.versiegelung24.com\/hu\/#\/schema\/logo\/image\/"}}]}},"_links":{"self":[{"href":"https:\/\/www.versiegelung24.com\/hu\/wp-json\/wp\/v2\/pages\/22604","targetHints":{"allow":["GET"]}}],"collection":[{"href":"https:\/\/www.versiegelung24.com\/hu\/wp-json\/wp\/v2\/pages"}],"about":[{"href":"https:\/\/www.versiegelung24.com\/hu\/wp-json\/wp\/v2\/types\/page"}],"author":[{"embeddable":true,"href":"https:\/\/www.versiegelung24.com\/hu\/wp-json\/wp\/v2\/users\/932"}],"replies":[{"embeddable":true,"href":"https:\/\/www.versiegelung24.com\/hu\/wp-json\/wp\/v2\/comments?post=22604"}],"version-history":[{"count":2,"href":"https:\/\/www.versiegelung24.com\/hu\/wp-json\/wp\/v2\/pages\/22604\/revisions"}],"predecessor-version":[{"id":70994,"href":"https:\/\/www.versiegelung24.com\/hu\/wp-json\/wp\/v2\/pages\/22604\/revisions\/70994"}],"wp:featuredmedia":[{"embeddable":true,"href":"https:\/\/www.versiegelung24.com\/hu\/wp-json\/wp\/v2\/media\/70715"}],"wp:attachment":[{"href":"https:\/\/www.versiegelung24.com\/hu\/wp-json\/wp\/v2\/media?parent=22604"}],"wp:term":[{"taxonomy":"category","embeddable":true,"href":"https:\/\/www.versiegelung24.com\/hu\/wp-json\/wp\/v2\/categories?post=22604"},{"taxonomy":"seiten_kategorie","embeddable":true,"href":"https:\/\/www.versiegelung24.com\/hu\/wp-json\/wp\/v2\/seiten_kategorie?post=22604"}],"curies":[{"name":"wp","href":"https:\/\/api.w.org\/{rel}","templated":true}]}}