{"id":182968,"date":"2025-08-28T14:07:51","date_gmt":"2025-08-28T12:07:51","guid":{"rendered":"https:\/\/www.versiegelung24.com\/?post_type=product&#038;p=182968"},"modified":"2025-09-08T16:04:11","modified_gmt":"2025-09-08T14:04:11","slug":"permanent-protector-646","status":"publish","type":"product","link":"https:\/\/www.versiegelung24.com\/hu\/permanent-protector-646.html","title":{"rendered":"\u00c1lland\u00f3 v\u00e9delem 646 5M"},"content":{"rendered":"\n<p>A Permanent Protect 646 Ultra Thin egy kiv\u00e1l\u00f3 min\u0151s\u00e9g\u0171 ker\u00e1mia t\u00f6m\u00edt\u0151anyag sima fel\u00fcletek, p\u00e9ld\u00e1ul f\u00e9m, \u00fcveg, m\u0171anyag vagy festett anyagok tart\u00f3s bevon\u00e1s\u00e1ra. Az ultrav\u00e9kony, \u00e1tl\u00e1tsz\u00f3 v\u00e9d\u0151r\u00e9teg kiv\u00e9teles ellen\u00e1ll\u00e1st biztos\u00edt a szennyez\u0151d\u00e9sekkel, vegyi anyagokkal, UV-sug\u00e1rz\u00e1ssal \u00e9s mechanikai hat\u00e1sokkal szemben. Hidrof\u00f3b \u00e9s oleof\u00f3b tulajdons\u00e1gainak k\u00f6sz\u00f6nhet\u0151en a t\u00f6m\u00edt\u0151anyag hosszan tart\u00f3, k\u00f6nnyen tiszt\u00edthat\u00f3 hat\u00e1st biztos\u00edt.  <\/p>\n\n<p>A Permanent Protect 646 Ultra Thin ide\u00e1lis aut\u00f3ipari \u00e9s tengeri alkalmaz\u00e1sokhoz, graffiti elleni bevonatk\u00e9nt vagy kiv\u00e1l\u00f3 min\u0151s\u00e9g\u0171 festett fel\u00fcletek befejez\u00e9s\u00e9hez &#8211; a Permanent Protect 646 Ultra Thin \u00faj m\u00e9rc\u00e9t \u00e1ll\u00edt fel a fel\u00fcletv\u00e9delem \u00e9s a tart\u00f3ss\u00e1g tekintet\u00e9ben.<\/p>\n\n<hr class=\"wp-block-separator has-text-color has-css-opacity has-background is-style-wide\" style=\"background-color:#e1e1e1;color:#e1e1e1\"\/>\n\n<h2 class=\"wp-block-heading\" id=\"properties\">A term\u00e9k jellemz\u0151i<\/h2>\n\n<div class=\"wp-block-columns is-layout-flex wp-container-core-columns-is-layout-9d6595d7 wp-block-columns-is-layout-flex\">\n<div class=\"wp-block-column is-layout-flow wp-block-column-is-layout-flow\">\n<ul id=\"block-5ec6b591-a82a-45bd-aa1b-599082db3ae8\" class=\"wp-block-list\">\n<li><strong>Kifejezett hidrof\u00f3b \u00e9s oleof\u00f3b hat\u00e1s<\/strong> &#8211; v\u00edz- \u00e9s olajtasz\u00edt\u00f3 hat\u00e1s.<\/li>\n\n\n\n<li><strong>K\u00f6nnyen tiszt\u00edthat\u00f3 hat\u00e1s<\/strong> &#8211; a szennyez\u0151d\u00e9sek k\u00f6nnyen elt\u00e1vol\u00edthat\u00f3k<\/li>\n\n\n\n<li><strong>Nagy kop\u00e1s\u00e1ll\u00f3s\u00e1g<\/strong> &#8211; tart\u00f3s k\u00e9miai k\u00f6t\u00e9s az aljzathoz<\/li>\n\n\n\n<li><strong>H\u0151m\u00e9rs\u00e9klet- \u00e9s UV-\u00e1ll\u00f3<\/strong> &#8211; k\u00fclt\u00e9ri alkalmaz\u00e1sra alkalmas<\/li>\n\n\n\n<li><strong>L\u00e9legz\u0151<\/strong> &#8211; nyitott a diff\u00fazi\u00f3ra<\/li>\n\n\n\n<li><strong>Tart\u00f3ss\u00e1g <\/strong>&#8211; 2-5 \u00e9v k\u00fclt\u00e9ri haszn\u00e1lat eset\u00e9n, belt\u00e9ri haszn\u00e1lat eset\u00e9n l\u00e9nyegesen hosszabb ideig.  <\/li>\n\n\n\n<li><strong>Fogyaszt\u00e1s <\/strong>&#8211; 5-10ml\/m\u00b2 (=&gt; 200 m\u00b2-ig literenk\u00e9nt)<\/li>\n\n\n\n<li><strong>Ellen\u00e1ll sz\u00e1mos gyakori h\u00e1ztart\u00e1si tiszt\u00edt\u00f3szerrel szemben<\/strong> (kiv\u00e9ve a t\u00f6m\u00e9ny l\u00fagos oldatokat).<\/li>\n\n\n\n<li><strong>Old\u00f3szer alap\u00fa<\/strong> (kb. 60 % hat\u00f3anyag-tartalom)<\/li>\n<\/ul>\n<\/div>\n\n\n\n<div class=\"wp-block-column is-layout-flow wp-block-column-is-layout-flow\">\n<ul id=\"block-6091e271-3752-4132-9f5b-206019bd2d6b\" class=\"wp-block-list\">\n<li><strong>Nagyon j\u00f3 graffiti-elleni tulajdons\u00e1gok<\/strong> nem por\u00f3zus fel\u00fcleteken<\/li>\n\n\n\n<li><strong>Ker\u00e1mia r\u00e9tegszerkezet<\/strong> &#8211; h\u0151\u00e1ll\u00f3 600 \u00b0C-ig (filmintegrit\u00e1s), 300 \u00b0C-ig elsz\u00ednez\u0151d\u00e9s n\u00e9lk\u00fcl.<\/li>\n\n\n\n<li><strong>V\u00e9kony r\u00e9tegvastags\u00e1g<\/strong>: kb. 0,5-2 \u03bcm<\/li>\n\n\n\n<li><strong>VOC-okat tartalmaz<\/strong> (butil-propion\u00e1t)<\/li>\n\n\n\n<li><strong>Biosztatikus hat\u00e1s<\/strong> &#8211; rendk\u00edv\u00fcl g\u00e1tolja a mikroorganizmusok n\u00f6veked\u00e9s\u00e9t.  <\/li>\n\n\n\n<li><strong>Sz\u00edn<\/strong> &#8211; sz\u00edntelen vagy enyh\u00e9n s\u00e1rg\u00e1s sz\u00edn\u0171<\/li>\n\n\n\n<li><strong>PFAS megjegyz\u00e9s <\/strong>&#8211; PFOA- \u00e9s PFOS-mentes. A fluortartalom az EU 2024\/2462 rendelet szerinti t\u00f6rv\u00e9nyes hat\u00e1r\u00e9rt\u00e9kek alatt van. A felhaszn\u00e1lt fluorozott adal\u00e9kanyagok kiz\u00e1r\u00f3lag a szennyez\u0151d\u00e9stasz\u00edt\u00f3 k\u00e9pess\u00e9g optimaliz\u00e1l\u00e1s\u00e1ra szolg\u00e1lnak.  <\/li>\n<\/ul>\n<\/div>\n<\/div>\n\n<hr class=\"wp-block-separator has-text-color has-background is-style-wide\" style=\"background-color:#e1e1e1;color:#e1e1e1\"\/>\n\n<h2 class=\"wp-block-heading\" id=\"application\">Alkalmaz\u00e1si ter\u00fcletek<\/h2>\n\n<div class=\"wp-block-columns is-layout-flex wp-container-core-columns-is-layout-9d6595d7 wp-block-columns-is-layout-flex\">\n<div class=\"wp-block-column is-layout-flow wp-block-column-is-layout-flow\">\n<ul id=\"block-6091e271-3752-4132-9f5b-206019bd2d6b\" class=\"wp-block-list\">\n<li>J\u00e1rm\u0171vek fel\u00fclet\u00e9nek bevon\u00e1sa (pl. karossz\u00e9ria, ker\u00e9kt\u00e1rcs\u00e1k)<\/li>\n\n\n\n<li>K\u00f6nnyen tiszt\u00edthat\u00f3 bevonatok belt\u00e9ri \u00e9s k\u00fclt\u00e9ri ter\u00fcletekhez<\/li>\n\n\n\n<li>Tart\u00f3s v\u00e9d\u0151bevonatok a tengeri \u00e1gazatban<\/li>\n<\/ul>\n<\/div>\n\n\n\n<div class=\"wp-block-column is-layout-flow wp-block-column-is-layout-flow\">\n<ul class=\"wp-block-list\">\n<li>Jacht- \u00e9s haj\u00f3fest\u00e9kek finom\u00edt\u00e1sa<\/li>\n\n\n\n<li>Ut\u00f3kezel\u00e9sek aut\u00f3khoz (ker\u00e1mia t\u00f6m\u00edt\u00e9s)n<\/li>\n\n\n\n<li>Graffiti elleni bevonatok nem por\u00f3zus fel\u00fcleteken<\/li>\n<\/ul>\n<\/div>\n<\/div>\n\n<h2 class=\"wp-block-heading\" id=\"h-anwendung\">Alkalmaz\u00e1s<\/h2>\n\n<p><strong>\u00c1ltal\u00e1nos  <\/strong><\/p>\n\n<ol class=\"wp-block-list\">\n<li>Alaposan <a href=\"https:\/\/www.versiegelung24.com\/hu\/biosativa-biologiai-elotisztito.html\">tiszt\u00edtsa meg<\/a> \u00e9s zs\u00edrtalan\u00edtsa a fel\u00fcletet (pl. <a href=\"https:\/\/www.versiegelung24.com\/hu\/100-ban-nagy-tisztasagu-bioetanol-a-professzionalis-elotisztitashoz-kopie.html\">izopropanollal<\/a>, etil-acet\u00e1ttal vagy lakkbenzinnel). <\/li>\n\n\n\n<li>A fel\u00fcletnek teljesen sz\u00e1raznak \u00e9s zs\u00edrmentesnek kell lennie.<\/li>\n\n\n\n<li>Feldolgoz\u00e1si h\u0151m\u00e9rs\u00e9klet: 15-30 \u00b0C, relat\u00edv p\u00e1ratartalom: 50-80 %. <\/li>\n\n\n\n<li>Ker\u00fclje a k\u00f6zvetlen napf\u00e9nyt.<\/li>\n<\/ol>\n\n<p><strong>Alkalmaz\u00e1s \u00e1th\u00faz\u00e1ssal  <\/strong><\/p>\n\n<ol class=\"wp-block-list\">\n<li>Vigyen fel n\u00e9h\u00e1ny cseppet (5-10\/ml m\u00b2) egy mikrosz\u00e1las kend\u0151re.<\/li>\n\n\n\n<li>Egyenletesen, enyhe nyom\u00e1ssal, line\u00e1ris mozdulatokkal vigye fel.<\/li>\n\n\n\n<li>Legfeljebb 30 perc eltelt\u00e9vel puha ruh\u00e1val f\u00e9nyezze ki. <\/li>\n\n\n\n<li>Ism\u00e9telje meg a folyamatot, ha sz\u00fcks\u00e9ges.<\/li>\n<\/ol>\n\n<p><strong>Alkalmaz\u00e1s permetez\u00e9ssel  <\/strong><\/p>\n\n<ol class=\"wp-block-list\">\n<li>F\u00fav\u00f3kam\u00e9ret: 0,8-1,0 mm \/ nyom\u00e1s: 0,6-1,0 bar \/ t\u00e1vols\u00e1g: kb. 20 cm<\/li>\n\n\n\n<li>R\u00e9tegvastags\u00e1g (sz\u00e1raz): (a j\u00e1ratokt\u00f3l f\u00fcgg\u0151en)<\/li>\n\n\n\n<li>Alternat\u00edv megold\u00e1s: Rot\u00e1ci\u00f3s harangl\u00e1b (30 000 rpm, 2 bar, 0,2-0,4 m\/s, 50-150 ml\/perc)  <\/li>\n<\/ol>\n\n<h2 class=\"wp-block-heading\" id=\"h-reinigung-amp-pflege\">Tiszt\u00edt\u00e1s \u00e9s \u00e1pol\u00e1s<\/h2>\n\n<p>A fel\u00fclet tiszt\u00edt\u00e1s\u00e1hoz elegend\u0151 egy enyhe tiszt\u00edt\u00f3szer, p\u00e9ld\u00e1ul a <a href=\"https:\/\/www.versiegelung24.com\/hu\/biosativa-biologiai-elotisztito.html\">V24 Biosativa\u00ae<\/a> tiszt\u00edt\u00f3szer haszn\u00e1lata. Agressz\u00edv tiszt\u00edt\u00f3szerek haszn\u00e1lata nem sz\u00fcks\u00e9ges \u00e9s nem is aj\u00e1nlott. <\/p>\n\n<hr class=\"wp-block-separator has-text-color has-css-opacity has-background is-style-wide\" style=\"background-color:#e1e1e1;color:#e1e1e1\"\/>\n\n<h2 class=\"wp-block-heading\" id=\"h-produktsicherheit-amp-lagerung\">Term\u00e9kbiztons\u00e1g \u00e9s t\u00e1rol\u00e1s<\/h2>\n\n<p>A term\u00e9knek a vesz\u00e9lyes anyagokr\u00f3l sz\u00f3l\u00f3 rendelet szerinti besorol\u00e1s\u00e1r\u00f3l, a biztons\u00e1gi adatokr\u00f3l, valamint a toxikol\u00f3giai \u00e9s t\u00e1rol\u00e1si adatokr\u00f3l <a href=\"https:\/\/www.versiegelung24.com\/hu\/kapcsolatba-lepni\/\">k\u00e9r\u00e9sre<\/a> biztons\u00e1gi adatlapunkban tal\u00e1l inform\u00e1ci\u00f3t.<\/p>\n\n<ul class=\"wp-block-list\">\n<li>A Permanent Protect 646 nem \u00e9rintkezhet nedvess\u00e9ggel.<\/li>\n\n\n\n<li>Az anyag t\u00e1rol\u00e1si h\u0151m\u00e9rs\u00e9klete: +5\u00b0C \u00e9s +20\u00b0C k\u00f6z\u00f6tt.<\/li>\n\n\n\n<li>Szem\u00e9lyi v\u00e9d\u0151felszerel\u00e9s: keszty\u0171, v\u00e9d\u0151szem\u00fcveg, megfelel\u0151 v\u00e9d\u0151ruh\u00e1zat.<\/li>\n\n\n\n<li>Els\u0151seg\u00e9ly: Szemmel vagy b\u0151rrel val\u00f3 \u00e9rintkez\u00e9s eset\u00e9n azonnal \u00f6bl\u00edtse ki v\u00edzzel \u00e9s forduljon orvoshoz.<\/li>\n\n\n\n<li>T\u00e1rol\u00e1s: H\u0171v\u00f6s, sz\u00e1raz \u00e9s j\u00f3l szell\u0151z\u0151 helyen. Havonta egyszer szell\u0151ztet\u00e9ssel nyissa ki a tart\u00e1lyt a nyom\u00e1s enyh\u00edt\u00e9se \u00e9rdek\u00e9ben. <\/li>\n\n\n\n<li>\u00dajrat\u00f6lt\u00e9shez nitrog\u00e9n el\u0151tiszt\u00edt\u00e1s aj\u00e1nlott.<\/li>\n<\/ul>\n\n<p>A <strong>Permanent Protect 646 <\/strong>bontatlanul, eredeti lez\u00e1rt csomagol\u00e1sban t\u00e1rolva 12 h\u00f3napig eltarthat\u00f3.<\/p>\n\n<hr class=\"wp-block-separator has-text-color has-css-opacity has-background is-style-wide\" style=\"background-color:#e1e1e1;color:#e1e1e1\"\/>\n\n<h2 class=\"wp-block-heading\">Id\u0151j\u00e1r\u00e1si teszt<\/h2>\n\n<figure class=\"wp-block-table aligncenter\"><table class=\"has-fixed-layout\"><thead><tr><th class=\"has-text-align-left\" data-align=\"left\">\u00a0<\/th><th class=\"has-text-align-left\" data-align=\"left\">S\u00f3s permetez\u00e9ses vizsg\u00e1lat NSS<\/th><th>Kondenz\u00e1ci\u00f3s atmoszf\u00e9ra,<br\/>\u00e1lland\u00f3 p\u00e1ratartalom<\/th><th>Mesters\u00e9ges id\u0151j\u00e1r\u00e1sv\u00e1ltoz\u00e1s<br\/>xenon \u00edvvel<\/th><\/tr><\/thead><tbody><tr><td class=\"has-text-align-left\" data-align=\"left\">DIN<\/td><td class=\"has-text-align-left\" data-align=\"left\">EN ISO 9227<\/td><td>EN ISO 6270-2<\/td><td>EN ISO 16474-2<\/td><\/tr><tr><td class=\"has-text-align-left\" data-align=\"left\">\u00a0<\/td><td class=\"has-text-align-left\" data-align=\"left\" colspan=\"3\"><strong>S\u00f3s permet teszt rozsdamentes ac\u00e9l 2,5 \u03bcm, bevonva<\/strong><\/td><\/tr><tr><td class=\"has-text-align-left\" data-align=\"left\">Id\u0151tartam<\/td><td class=\"has-text-align-left\" data-align=\"left\">1.500 h<\/td><td>1.400 h<\/td><td>1.400 h<\/td><\/tr><tr><td class=\"has-text-align-left\" data-align=\"left\">Eredm\u00e9ny<\/td><td class=\"has-text-align-left\" data-align=\"left\">H\u00f3lyagosod\u00e1s: nincs<br\/>Rozsd\u00e1sod\u00e1s: nincs<br\/>Korr\u00f3zi\u00f3 a karcol\u00e1sban &lt; 0,5 mm<\/td><td>H\u00f3lyagosod\u00e1s: nem<br\/>Rozsda: nem<\/td><td>F\u00e9nyvesztes\u00e9g: 5%<br\/>Reped\u00e9s: nincs<br\/>Sz\u00ednk\u00fcl\u00f6nbs\u00e9g \u0394E* = 0,40<\/td><\/tr><tr><td class=\"has-text-align-left\" data-align=\"left\">\u00a0<\/td><td class=\"has-text-align-left\" data-align=\"left\" colspan=\"3\"><strong>S\u00f3s permetez\u00e9ses vizsg\u00e1lat alum\u00ednium 2,5 \u03bcm, bevonattal<\/strong><\/td><\/tr><tr><td class=\"has-text-align-left\" data-align=\"left\">Id\u0151tartam<\/td><td class=\"has-text-align-left\" data-align=\"left\">1.500 h<\/td><td>1.400 h<\/td><td>1.400 h<\/td><\/tr><tr><td class=\"has-text-align-left\" data-align=\"left\">Eredm\u00e9ny<\/td><td class=\"has-text-align-left\" data-align=\"left\">H\u00f3lyagosod\u00e1s: nincs<br\/>Rozsd\u00e1sod\u00e1s: nincs<br\/>Korr\u00f3zi\u00f3 a karcol\u00e1sban &lt; 0,5 mm<\/td><td>H\u00f3lyagosod\u00e1s: nem<br\/>Rozsda: nem<\/td><td>F\u00e9nyvesztes\u00e9g: 5%<br\/>Reped\u00e9s: nincs<br\/>Sz\u00ednk\u00fcl\u00f6nbs\u00e9g \u0394E* = 0,17<\/td><\/tr><tr><td class=\"has-text-align-left\" data-align=\"left\">\u00a0<\/td><td class=\"has-text-align-left\" data-align=\"left\" colspan=\"3\"><strong>Homokf\u00favott ac\u00e9l 2,5 \u03bcm, bevonva<\/strong><\/td><\/tr><tr><td class=\"has-text-align-left\" data-align=\"left\">Id\u0151tartam<\/td><td class=\"has-text-align-left\" data-align=\"left\">1.000 h<\/td><td>1.000 h<\/td><td>1.400 h<\/td><\/tr><tr><td class=\"has-text-align-left\" data-align=\"left\">Eredm\u00e9ny<\/td><td class=\"has-text-align-left\" data-align=\"left\">H\u00f3lyagosod\u00e1s: nincs<br\/>Rozsd\u00e1sod\u00e1s: nincs<br\/>Korr\u00f3zi\u00f3 a karcol\u00e1sban &lt; 0,5 mm<\/td><td>H\u00f3lyagosod\u00e1s: nem<br\/>Rozsda: nem<\/td><td>F\u00e9nyvesztes\u00e9g: 12%<br\/>Reped\u00e9s: nincs<br\/>Sz\u00ednk\u00fcl\u00f6nbs\u00e9g \u0394E* = 0,51<\/td><\/tr><\/tbody><\/table><\/figure>\n\n<hr class=\"wp-block-separator has-text-color has-css-opacity has-background is-style-wide\" style=\"background-color:#e1e1e1;color:#e1e1e1\"\/>\n","protected":false},"excerpt":{"rendered":"<p><strong>Kiv\u00e1l\u00f3 min\u0151s\u00e9g\u0171 tart\u00f3s ker\u00e1mia bevonat a sima fel\u00fcletekhez<\/strong><\/p>\n<p>\u2713 Ultra v\u00e9kony r\u00e9tegvastags\u00e1g<\/p>\n<p>\u2713 Felhaszn\u00e1lhat\u00f3s\u00e1gi id\u0151 2-5 \u00e9v<\/p>\n<p>\u2713 Nagy kop\u00e1s\u00e1ll\u00f3s\u00e1g<\/p>\n<p>\u2713 Biosztatikus hat\u00e1s<\/p>\n","protected":false},"featured_media":183061,"template":"","meta":{"_acf_changed":false,"neve_meta_sidebar":"","neve_meta_container":"","neve_meta_enable_content_width":"","neve_meta_content_width":0,"neve_meta_title_alignment":"","neve_meta_author_avatar":"","neve_post_elements_order":"","neve_meta_disable_header":"","neve_meta_disable_footer":"","neve_meta_disable_title":"","neve_meta_reading_time":"","_surfaces":[],"_ver_product_tabs":[],"footnotes":""},"product_brand":[],"product_cat":[2229,2324,2472,2992],"product_tag":[],"class_list":{"0":"post-182968","1":"product","2":"type-product","3":"status-publish","4":"has-post-thumbnail","6":"product_cat-auto-toemitese","7":"product_cat-fem-es-muanyag-toemites","8":"product_cat-univerzalis-toemites","9":"product_cat-folyekony-ueveg-toemites","10":"pa_gebinde-100-ml-es-palack","11":"pa_gebinde-1000-ml-es-palack","13":"first","14":"instock","15":"taxable","16":"shipping-taxable","17":"purchasable","18":"product-type-variable","19":"has-default-attributes"},"acf":[],"yoast_head":"<!-- This site is optimized with the Yoast SEO Premium plugin v22.8 (Yoast SEO v27.5) - https:\/\/yoast.com\/product\/yoast-seo-premium-wordpress\/ -->\n<title>Permanent Protector 646 Ultra Thin - 9H ker\u00e1mia t\u00f6m\u00edt\u0151anyag<\/title>\n<meta name=\"description\" content=\"Egyszer\u0171 haszn\u00e1lat, er\u0151s v\u00e9delem. Az \u00faj Permanent Protector 646 Ultra Thin - 9H ker\u00e1mia t\u00f6m\u00edt\u0151anyag megb\u00edzhat\u00f3 v\u00e9delmet ny\u00fajt a k\u00fcls\u0151 behat\u00e1sok ellen.\" \/>\n<meta name=\"robots\" content=\"index, follow, max-snippet:-1, max-image-preview:large, max-video-preview:-1\" \/>\n<link rel=\"canonical\" href=\"https:\/\/www.versiegelung24.com\/hu\/permanent-protector-646.html\" \/>\n<meta property=\"og:locale\" content=\"hu_HU\" \/>\n<meta property=\"og:type\" content=\"article\" \/>\n<meta property=\"og:title\" content=\"\u00c1lland\u00f3 v\u00e9delem 646 5M\" \/>\n<meta property=\"og:description\" content=\"Egyszer\u0171 haszn\u00e1lat, er\u0151s v\u00e9delem. Az \u00faj Permanent Protector 646 Ultra Thin - 9H ker\u00e1mia t\u00f6m\u00edt\u0151anyag megb\u00edzhat\u00f3 v\u00e9delmet ny\u00fajt a k\u00fcls\u0151 behat\u00e1sok ellen.\" \/>\n<meta property=\"og:url\" content=\"https:\/\/www.versiegelung24.com\/hu\/permanent-protector-646.html\" \/>\n<meta property=\"og:site_name\" content=\"versiegelung24.com\" \/>\n<meta property=\"article:modified_time\" content=\"2025-09-08T14:04:11+00:00\" \/>\n<meta property=\"og:image\" content=\"https:\/\/www.versiegelung24.com\/wp-content\/uploads\/2025\/08\/V24-Permanent-Protector-646-Keramikversiegelung-scaled-1.jpg\" \/>\n\t<meta property=\"og:image:width\" content=\"2560\" \/>\n\t<meta property=\"og:image:height\" content=\"2560\" \/>\n\t<meta property=\"og:image:type\" content=\"image\/jpeg\" \/>\n<meta name=\"twitter:card\" content=\"summary_large_image\" \/>\n<meta name=\"twitter:label1\" content=\"El\u00e9rhet\u0151s\u00e9g\" \/>\n\t<meta name=\"twitter:data1\" content=\"K\u00e9szleten\" \/>\n<script type=\"application\/ld+json\" class=\"yoast-schema-graph\">{\"@context\":\"https:\\\/\\\/schema.org\",\"@graph\":[{\"@type\":\"WebPage\",\"@id\":\"https:\\\/\\\/www.versiegelung24.com\\\/hu\\\/permanent-protector-646.html\",\"url\":\"https:\\\/\\\/www.versiegelung24.com\\\/hu\\\/permanent-protector-646.html\",\"name\":\"Permanent Protector 646 Ultra Thin - 9H ker\u00e1mia t\u00f6m\u00edt\u0151anyag\",\"isPartOf\":{\"@id\":\"https:\\\/\\\/www.versiegelung24.com\\\/hu\\\/#website\"},\"primaryImageOfPage\":{\"@id\":\"https:\\\/\\\/www.versiegelung24.com\\\/hu\\\/permanent-protector-646.html#primaryimage\"},\"image\":{\"@id\":\"https:\\\/\\\/www.versiegelung24.com\\\/hu\\\/permanent-protector-646.html#primaryimage\"},\"thumbnailUrl\":\"https:\\\/\\\/www.versiegelung24.com\\\/wp-content\\\/uploads\\\/2025\\\/08\\\/V24-Permanent-Protector-646-Keramikversiegelung-scaled-1.jpg\",\"datePublished\":\"2025-08-28T12:07:51+00:00\",\"dateModified\":\"2025-09-08T14:04:11+00:00\",\"description\":\"Egyszer\u0171 haszn\u00e1lat, er\u0151s v\u00e9delem. Az \u00faj Permanent Protector 646 Ultra Thin - 9H ker\u00e1mia t\u00f6m\u00edt\u0151anyag megb\u00edzhat\u00f3 v\u00e9delmet ny\u00fajt a k\u00fcls\u0151 behat\u00e1sok ellen.\",\"breadcrumb\":{\"@id\":\"https:\\\/\\\/www.versiegelung24.com\\\/hu\\\/permanent-protector-646.html#breadcrumb\"},\"inLanguage\":\"hu\",\"potentialAction\":[{\"@type\":\"ReadAction\",\"target\":[\"https:\\\/\\\/www.versiegelung24.com\\\/hu\\\/permanent-protector-646.html\"]}]},{\"@type\":\"ImageObject\",\"inLanguage\":\"hu\",\"@id\":\"https:\\\/\\\/www.versiegelung24.com\\\/hu\\\/permanent-protector-646.html#primaryimage\",\"url\":\"https:\\\/\\\/www.versiegelung24.com\\\/wp-content\\\/uploads\\\/2025\\\/08\\\/V24-Permanent-Protector-646-Keramikversiegelung-scaled-1.jpg\",\"contentUrl\":\"https:\\\/\\\/www.versiegelung24.com\\\/wp-content\\\/uploads\\\/2025\\\/08\\\/V24-Permanent-Protector-646-Keramikversiegelung-scaled-1.jpg\",\"width\":2560,\"height\":2560},{\"@type\":\"BreadcrumbList\",\"@id\":\"https:\\\/\\\/www.versiegelung24.com\\\/hu\\\/permanent-protector-646.html#breadcrumb\",\"itemListElement\":[{\"@type\":\"ListItem\",\"position\":1,\"name\":\"Honlap\",\"item\":\"https:\\\/\\\/www.versiegelung24.com\\\/hu\\\/elol\\\/\"},{\"@type\":\"ListItem\",\"position\":2,\"name\":\"\u00dczlet\",\"item\":\"https:\\\/\\\/www.versiegelung24.com\\\/hu\\\/uzlet\\\/\"},{\"@type\":\"ListItem\",\"position\":3,\"name\":\"\u00c1lland\u00f3 v\u00e9delem 646 5M\"}]},{\"@type\":\"WebSite\",\"@id\":\"https:\\\/\\\/www.versiegelung24.com\\\/hu\\\/#website\",\"url\":\"https:\\\/\\\/www.versiegelung24.com\\\/hu\\\/\",\"name\":\"versiegelung24.com\",\"description\":\"Fl\u00fcssigglas-Versiegelung - Made in Germany\",\"publisher\":{\"@id\":\"https:\\\/\\\/www.versiegelung24.com\\\/hu\\\/#organization\"},\"potentialAction\":[{\"@type\":\"SearchAction\",\"target\":{\"@type\":\"EntryPoint\",\"urlTemplate\":\"https:\\\/\\\/www.versiegelung24.com\\\/hu\\\/?s={search_term_string}\"},\"query-input\":{\"@type\":\"PropertyValueSpecification\",\"valueRequired\":true,\"valueName\":\"search_term_string\"}}],\"inLanguage\":\"hu\"},{\"@type\":\"Organization\",\"@id\":\"https:\\\/\\\/www.versiegelung24.com\\\/hu\\\/#organization\",\"name\":\"versiegelung24\",\"url\":\"https:\\\/\\\/www.versiegelung24.com\\\/hu\\\/\",\"logo\":{\"@type\":\"ImageObject\",\"inLanguage\":\"hu\",\"@id\":\"https:\\\/\\\/www.versiegelung24.com\\\/hu\\\/#\\\/schema\\\/logo\\\/image\\\/\",\"url\":\"https:\\\/\\\/www.versiegelung24.com\\\/wp-content\\\/uploads\\\/2020\\\/04\\\/versiegelung24.png\",\"contentUrl\":\"https:\\\/\\\/www.versiegelung24.com\\\/wp-content\\\/uploads\\\/2020\\\/04\\\/versiegelung24.png\",\"width\":470,\"height\":102,\"caption\":\"versiegelung24\"},\"image\":{\"@id\":\"https:\\\/\\\/www.versiegelung24.com\\\/hu\\\/#\\\/schema\\\/logo\\\/image\\\/\"}}]}<\/script>\n<meta property=\"og:availability\" content=\"instock\" \/>\n<meta property=\"product:availability\" content=\"instock\" \/>\n<meta property=\"product:retailer_item_id\" content=\"8056-646\" \/>\n<meta property=\"product:condition\" content=\"new\" \/>\n<!-- \/ Yoast SEO Premium plugin. -->","yoast_head_json":{"title":"Permanent Protector 646 Ultra Thin - 9H ker\u00e1mia t\u00f6m\u00edt\u0151anyag","description":"Egyszer\u0171 haszn\u00e1lat, er\u0151s v\u00e9delem. Az \u00faj Permanent Protector 646 Ultra Thin - 9H ker\u00e1mia t\u00f6m\u00edt\u0151anyag megb\u00edzhat\u00f3 v\u00e9delmet ny\u00fajt a k\u00fcls\u0151 behat\u00e1sok ellen.","robots":{"index":"index","follow":"follow","max-snippet":"max-snippet:-1","max-image-preview":"max-image-preview:large","max-video-preview":"max-video-preview:-1"},"canonical":"https:\/\/www.versiegelung24.com\/hu\/permanent-protector-646.html","og_locale":"hu_HU","og_type":"article","og_title":"\u00c1lland\u00f3 v\u00e9delem 646 5M","og_description":"Egyszer\u0171 haszn\u00e1lat, er\u0151s v\u00e9delem. Az \u00faj Permanent Protector 646 Ultra Thin - 9H ker\u00e1mia t\u00f6m\u00edt\u0151anyag megb\u00edzhat\u00f3 v\u00e9delmet ny\u00fajt a k\u00fcls\u0151 behat\u00e1sok ellen.","og_url":"https:\/\/www.versiegelung24.com\/hu\/permanent-protector-646.html","og_site_name":"versiegelung24.com","article_modified_time":"2025-09-08T14:04:11+00:00","og_image":[{"width":2560,"height":2560,"url":"https:\/\/www.versiegelung24.com\/wp-content\/uploads\/2025\/08\/V24-Permanent-Protector-646-Keramikversiegelung-scaled-1.jpg","type":"image\/jpeg"}],"twitter_card":"summary_large_image","twitter_misc":{"El\u00e9rhet\u0151s\u00e9g":"K\u00e9szleten"},"schema":{"@context":"https:\/\/schema.org","@graph":[{"@type":"WebPage","@id":"https:\/\/www.versiegelung24.com\/hu\/permanent-protector-646.html","url":"https:\/\/www.versiegelung24.com\/hu\/permanent-protector-646.html","name":"Permanent Protector 646 Ultra Thin - 9H ker\u00e1mia t\u00f6m\u00edt\u0151anyag","isPartOf":{"@id":"https:\/\/www.versiegelung24.com\/hu\/#website"},"primaryImageOfPage":{"@id":"https:\/\/www.versiegelung24.com\/hu\/permanent-protector-646.html#primaryimage"},"image":{"@id":"https:\/\/www.versiegelung24.com\/hu\/permanent-protector-646.html#primaryimage"},"thumbnailUrl":"https:\/\/www.versiegelung24.com\/wp-content\/uploads\/2025\/08\/V24-Permanent-Protector-646-Keramikversiegelung-scaled-1.jpg","datePublished":"2025-08-28T12:07:51+00:00","dateModified":"2025-09-08T14:04:11+00:00","description":"Egyszer\u0171 haszn\u00e1lat, er\u0151s v\u00e9delem. Az \u00faj Permanent Protector 646 Ultra Thin - 9H ker\u00e1mia t\u00f6m\u00edt\u0151anyag megb\u00edzhat\u00f3 v\u00e9delmet ny\u00fajt a k\u00fcls\u0151 behat\u00e1sok ellen.","breadcrumb":{"@id":"https:\/\/www.versiegelung24.com\/hu\/permanent-protector-646.html#breadcrumb"},"inLanguage":"hu","potentialAction":[{"@type":"ReadAction","target":["https:\/\/www.versiegelung24.com\/hu\/permanent-protector-646.html"]}]},{"@type":"ImageObject","inLanguage":"hu","@id":"https:\/\/www.versiegelung24.com\/hu\/permanent-protector-646.html#primaryimage","url":"https:\/\/www.versiegelung24.com\/wp-content\/uploads\/2025\/08\/V24-Permanent-Protector-646-Keramikversiegelung-scaled-1.jpg","contentUrl":"https:\/\/www.versiegelung24.com\/wp-content\/uploads\/2025\/08\/V24-Permanent-Protector-646-Keramikversiegelung-scaled-1.jpg","width":2560,"height":2560},{"@type":"BreadcrumbList","@id":"https:\/\/www.versiegelung24.com\/hu\/permanent-protector-646.html#breadcrumb","itemListElement":[{"@type":"ListItem","position":1,"name":"Honlap","item":"https:\/\/www.versiegelung24.com\/hu\/elol\/"},{"@type":"ListItem","position":2,"name":"\u00dczlet","item":"https:\/\/www.versiegelung24.com\/hu\/uzlet\/"},{"@type":"ListItem","position":3,"name":"\u00c1lland\u00f3 v\u00e9delem 646 5M"}]},{"@type":"WebSite","@id":"https:\/\/www.versiegelung24.com\/hu\/#website","url":"https:\/\/www.versiegelung24.com\/hu\/","name":"versiegelung24.com","description":"Fl\u00fcssigglas-Versiegelung - Made in Germany","publisher":{"@id":"https:\/\/www.versiegelung24.com\/hu\/#organization"},"potentialAction":[{"@type":"SearchAction","target":{"@type":"EntryPoint","urlTemplate":"https:\/\/www.versiegelung24.com\/hu\/?s={search_term_string}"},"query-input":{"@type":"PropertyValueSpecification","valueRequired":true,"valueName":"search_term_string"}}],"inLanguage":"hu"},{"@type":"Organization","@id":"https:\/\/www.versiegelung24.com\/hu\/#organization","name":"versiegelung24","url":"https:\/\/www.versiegelung24.com\/hu\/","logo":{"@type":"ImageObject","inLanguage":"hu","@id":"https:\/\/www.versiegelung24.com\/hu\/#\/schema\/logo\/image\/","url":"https:\/\/www.versiegelung24.com\/wp-content\/uploads\/2020\/04\/versiegelung24.png","contentUrl":"https:\/\/www.versiegelung24.com\/wp-content\/uploads\/2020\/04\/versiegelung24.png","width":470,"height":102,"caption":"versiegelung24"},"image":{"@id":"https:\/\/www.versiegelung24.com\/hu\/#\/schema\/logo\/image\/"}}]},"og_availability":"instock","product_availability":"instock","product_retailer_item_id":"8056-646","product_condition":"new"},"_links":{"self":[{"href":"https:\/\/www.versiegelung24.com\/hu\/wp-json\/wp\/v2\/product\/182968","targetHints":{"allow":["GET"]}}],"collection":[{"href":"https:\/\/www.versiegelung24.com\/hu\/wp-json\/wp\/v2\/product"}],"about":[{"href":"https:\/\/www.versiegelung24.com\/hu\/wp-json\/wp\/v2\/types\/product"}],"version-history":[{"count":3,"href":"https:\/\/www.versiegelung24.com\/hu\/wp-json\/wp\/v2\/product\/182968\/revisions"}],"predecessor-version":[{"id":183606,"href":"https:\/\/www.versiegelung24.com\/hu\/wp-json\/wp\/v2\/product\/182968\/revisions\/183606"}],"wp:featuredmedia":[{"embeddable":true,"href":"https:\/\/www.versiegelung24.com\/hu\/wp-json\/wp\/v2\/media\/183061"}],"wp:attachment":[{"href":"https:\/\/www.versiegelung24.com\/hu\/wp-json\/wp\/v2\/media?parent=182968"}],"wp:term":[{"taxonomy":"product_brand","embeddable":true,"href":"https:\/\/www.versiegelung24.com\/hu\/wp-json\/wp\/v2\/product_brand?post=182968"},{"taxonomy":"product_cat","embeddable":true,"href":"https:\/\/www.versiegelung24.com\/hu\/wp-json\/wp\/v2\/product_cat?post=182968"},{"taxonomy":"product_tag","embeddable":true,"href":"https:\/\/www.versiegelung24.com\/hu\/wp-json\/wp\/v2\/product_tag?post=182968"}],"curies":[{"name":"wp","href":"https:\/\/api.w.org\/{rel}","templated":true}]}}