{"id":183835,"date":"2025-07-31T14:47:39","date_gmt":"2025-07-31T12:47:39","guid":{"rendered":"https:\/\/www.versiegelung24.com\/product\/aktive-steinversiegelung\/"},"modified":"2025-11-17T15:52:26","modified_gmt":"2025-11-17T14:52:26","slug":"aktive-steinversiegelung","status":"publish","type":"product","link":"https:\/\/www.versiegelung24.com\/hu\/aktive-steinversiegelung.html","title":{"rendered":"\u00d6ntiszt\u00edt\u00f3 hat\u00e1s\u00fa k\u0151t\u00f6m\u00edt\u00e9s"},"content":{"rendered":"\n<h2 class=\"wp-block-heading\" id=\"h-aktivierte-hydrophobe-anti-schimmel-beschichtung-sio2-tio2-mit-selbstreinigungseffekt-geeignet-fur-steine-und-porose-lackierte-oberflachen\"><strong>Aktiv\u00e1lt hidrof\u00f3b pen\u00e9szg\u00e1tl\u00f3 bevonat (SiO2+TiO2) \u00f6ntiszt\u00edt\u00f3 hat\u00e1ssal, alkalmas k\u00f6vekhez \u00e9s por\u00f3zus festett fel\u00fcletekhez.<\/strong><\/h2>\n\n<hr\/>\n\n<div class=\"wp-block-columns is-layout-flex wp-container-core-columns-is-layout-9d6595d7 wp-block-columns-is-layout-flex\">\n<div class=\"wp-block-column is-layout-flow wp-block-column-is-layout-flow\">\n<p>Ez az innovat\u00edv k\u0151t\u00f6m\u00edt\u0151 k\u00e9sz megold\u00e1s minden \u00e1sv\u00e1nyi fel\u00fclet impregn\u00e1l\u00e1s\u00e1ra. A nyitott p\u00f3rus\u00fa \u00e9s nedvsz\u00edv\u00f3 fel\u00fcletek k\u00fcl\u00f6n\u00f6sen ide\u00e1lisak, mivel kapill\u00e1ris erej\u00fck r\u00e9v\u00e9n felsz\u00edvj\u00e1k a bevonatot, \u00e9s \u00edgy optim\u00e1lis hat\u00e1st \u00e9rnek el. <\/p>\n<\/div>\n<\/div>\n\n<h4 class=\"wp-block-heading\" id=\"properties\">A term\u00e9k jellemz\u0151i<\/h4>\n\n<div class=\"wp-block-columns is-layout-flex wp-container-core-columns-is-layout-9d6595d7 wp-block-columns-is-layout-flex\">\n<div class=\"wp-block-column is-layout-flow wp-block-column-is-layout-flow\">\n<ul class=\"wp-block-list\">\n<li><strong>Aktiv\u00e1lt pen\u00e9szg\u00e1tl\u00f3 bevonat<\/strong> &#8211; Megakad\u00e1lyozza az alg\u00e1k, moh\u00e1k \u00e9s zuzm\u00f3k szaporod\u00e1s\u00e1t.  <\/li>\n\n\n\n<li><strong>\u00d6ntiszt\u00edt\u00f3 hat\u00e1s a fotokatal\u00edzis r\u00e9v\u00e9n<\/strong> &#8211; feh\u00e9r\u00edti ki a szerves szennyez\u0151d\u00e9seket  <\/li>\n\n\n\n<li><strong>Hosszan tart\u00f3 gy\u00f6ngyh\u00e1zhat\u00e1s<\/strong> &#8211; Er\u0151s hidrof\u00f3b tulajdons\u00e1gok  <\/li>\n\n\n\n<li><strong>Megakad\u00e1lyozza a kellemetlen szagokat<\/strong> (pl. a vizeletb\u0151l sz\u00e1rmaz\u00f3 szagokat) &#8211; szagtalan\u00edt\u00f3 hat\u00e1s  <\/li>\n\n\n\n<li><strong>Hossz\u00fa t\u00e1v\u00fa sz\u00ednstabilit\u00e1s<\/strong> &#8211; meg\u0151rzi az eredeti k\u0151sz\u00ednt  <\/li>\n\n\n\n<li><strong>Ellen\u00e1ll savaknak, l\u00fagoknak (pH 1-14) \u00e9s s\u00f3s v\u00edznek<\/strong> &#8211; Vegyszer\u00e1ll\u00f3s\u00e1g  <\/li>\n\n\n\n<li><strong>Gyors sz\u00e1rad\u00e1s \u00e9s v\u00e9d\u0151hat\u00e1s<\/strong> &#8211; Azonnali funkcionalit\u00e1s<\/li>\n\n\n\n<li><strong>A t\u00f6m\u00edt\u0151anyag tart\u00f3ss\u00e1ga<\/strong> 2+ \u00e9v<\/li>\n<\/ul>\n<\/div>\n\n\n\n<div class=\"wp-block-column is-layout-flow wp-block-column-is-layout-flow\">\n<ul class=\"wp-block-list\">\n<li><strong>Cs\u00f6kkenti a kapill\u00e1ris v\u00edzfelv\u00e9telt<\/strong> &#8211; Optim\u00e1lis nedvess\u00e9gv\u00e9delem  <\/li>\n\n\n\n<li><strong>Meger\u0151s\u00edti a fel\u00fcleti strukt\u00far\u00e1t<\/strong> &#8211; 6-12 \u00f3ra alatt megszil\u00e1rd\u00edtja a homokos fel\u00fcleteket.  <\/li>\n\n\n\n<li><strong>Fotokatalitikusan akt\u00edv<\/strong> &#8211; lebontja az olyan szennyez\u0151 anyagokat, mint a H\u2082S, NOx, \u00f3zon, VOC \u00e9s jav\u00edtja a leveg\u0151 min\u0151s\u00e9g\u00e9t.  <\/li>\n\n\n\n<li><strong>L\u00e9legz\u0151<\/strong> &#8211; Lehet\u0151v\u00e9 teszi a term\u00e9szetes nedvess\u00e9gcser\u00e9t  <\/li>\n\n\n\n<li><strong>Az optika megmarad<\/strong> &#8211; matt, \u00e1tl\u00e1tsz\u00f3 bevonat<\/li>\n\n\n\n<li><strong>Fogyaszt\u00e1s: 30-40 m\u00b2\/liter, a k\u00f6vetkez\u0151vel  <\/strong><\/li>\n\n\n\n<li><strong>Permetez\u00e9s<\/strong> &#8211; Gazdas\u00e1gos alkalmaz\u00e1s <strong>P<\/strong><\/li>\n\n\n\n<li><strong>PFAS- \/ PFOS- &amp; PFOA-FREE<\/strong> &#8211; k\u00f6rnyezetbar\u00e1t<\/li>\n<\/ul>\n<\/div>\n<\/div>\n\n<hr\/>\n\n<h2 class=\"wp-block-heading\" id=\"h-anwendungsbereiche\">Alkalmaz\u00e1si ter\u00fcletek<\/h2>\n\n<div class=\"wp-block-columns is-layout-flex wp-container-core-columns-is-layout-9d6595d7 wp-block-columns-is-layout-flex\">\n<div class=\"wp-block-column is-layout-flow wp-block-column-is-layout-flow\">\n<h3 class=\"wp-block-heading\" id=\"h-materialien\">Anyagok<\/h3>\n\n\n\n<p><strong>Alkalmaz\u00e1si ter\u00fcletek:<\/strong><\/p>\n\n\n\n<ul class=\"wp-block-list\">\n<li>Beton  <\/li>\n\n\n\n<li>T\u00e9gla (m\u00e1zatlan)<\/li>\n\n\n\n<li>Tet\u0151cser\u00e9p<\/li>\n\n\n\n<li>K\u0151m\u0171vesmunka<\/li>\n\n\n\n<li>\u00c1sv\u00e1nyi vakolat<\/li>\n\n\n\n<li>Term\u00e9szetes k\u0151 homlokzatok  <\/li>\n\n\n\n<li>Term\u00e9szetes k\u0151 (m\u00e9szk\u0151, homokk\u0151, gr\u00e1nit, m\u00e1rv\u00e1ny, pala, kvarcit, travertin)<\/li>\n\n\n\n<li>J\u00e1r\u00f3lapok<\/li>\n\n\n\n<li>Terasz csempe  <\/li>\n\n\n\n<li>Homlokzatok \u00e1sv\u00e1nyi bevonattal<\/li>\n<\/ul>\n<\/div>\n\n\n\n<div class=\"wp-block-column is-layout-flow wp-block-column-is-layout-flow\">\n<h3 class=\"wp-block-heading\" id=\"h-beispiele\">P\u00e9ld\u00e1k<\/h3>\n\n\n\n<p><strong>P\u00e9ld\u00e1k<\/strong><\/p>\n\n\n\n<ul class=\"wp-block-list\">\n<li><strong>\u00c9p\u00edt\u00e9szet:<\/strong> modern \u00e9s t\u00f6rt\u00e9nelmi \u00e9p\u00fcletek, homlokzatok, szerkezetek<\/li>\n\n\n\n<li><strong>Szobrok \u00e9s m\u0171eml\u00e9kek:<\/strong> szobrok, k\u0151m\u0171v\u00e9szeti alkot\u00e1sok, m\u0171eml\u00e9kek, m\u0171eml\u00e9kv\u00e9delem<\/li>\n\n\n\n<li><strong>Kerti tereprendez\u00e9s:<\/strong> teraszok, utak, term\u00e9szetes k\u0151falak, burkolatok, kertek<\/li>\n\n\n\n<li><strong>Pincefel\u00faj\u00edt\u00e1sok:<\/strong> term\u00e9szetes k\u0151falazat (l\u00e9g\u00e1tereszt\u0151)<\/li>\n\n\n\n<li><strong>K\u00f6zter\u00fcletek:<\/strong> terek, bej\u00e1rati ter\u00fcletek, l\u00e9pcs\u0151k, \u00fcl\u0151helyek.<\/li>\n<\/ul>\n<\/div>\n<\/div>\n\n<h4 class=\"wp-block-heading\" id=\"application\">Alkalmaz\u00e1s<\/h4>\n\n<div class=\"wp-block-columns is-layout-flex wp-container-core-columns-is-layout-9d6595d7 wp-block-columns-is-layout-flex\">\n<div class=\"wp-block-column is-layout-flow wp-block-column-is-layout-flow\">\n<p><strong>El\u0151k\u00e9sz\u00edt\u00e9s:<\/strong><\/p>\n\n\n\n<ul class=\"wp-block-list\">\n<li>Ide\u00e1lis nyitott p\u00f3rus\u00fa \u00e9s nedvsz\u00edv\u00f3 k\u0151fel\u00fcletekhez, amelyek kapill\u00e1ris erej\u00fck r\u00e9v\u00e9n felsz\u00edvj\u00e1k a bevonatot.<\/li>\n\n\n\n<li><strong>Tiszt\u00edt\u00e1s:<\/strong> A kezelend\u0151 fel\u00fcleteknek tiszt\u00e1nak \u00e9s sz\u00e1raznak kell lenni\u00fck.<\/li>\n\n\n\n<li><strong>Aj\u00e1nlott alkalmaz\u00e1si h\u0151m\u00e9rs\u00e9klet:<\/strong> 15\u00b0C &#8211; 25\u00b0C<\/li>\n<\/ul>\n\n\n\n<p><strong>Alkalmaz\u00e1s:<\/strong><\/p>\n\n\n\n<ul class=\"wp-block-list\">\n<li><strong>Alkalmaz\u00e1si m\u00f3d:<\/strong> permetez\u00e9s, ecsetel\u00e9s, felhord\u00e1s<\/li>\n\n\n\n<li><strong>Aj\u00e1nlott m\u00f3dszer:<\/strong> Permetez\u00e9ses m\u00f3dszer<\/li>\n\n\n\n<li><strong>Fogyaszt\u00e1s:<\/strong> 1 liter elegend\u0151 30-40 m\u00b2 k\u0151fel\u00fcletre permetez\u00e9ssel.<\/li>\n\n\n\n<li>Egyenletes eloszl\u00e1s biztos\u00edt\u00e1sa a fel\u00fcleten<\/li>\n<\/ul>\n\n\n\n<p><strong>Sz\u00e1rad\u00e1si id\u0151:<\/strong><\/p>\n\n\n\n<ul class=\"wp-block-list\">\n<li><strong>Teljes h\u00e1l\u00f3zat\u00e9p\u00edt\u00e9s:<\/strong> 12 \u00f3ra<\/li>\n\n\n\n<li>A fel\u00fcletnek a sz\u00e1rad\u00e1si id\u0151 alatt sz\u00e1raznak kell maradnia.<\/li>\n<\/ul>\n\n\n\n<p><strong>Tiszt\u00edt\u00e1s:<\/strong><\/p>\n\n\n\n<ul class=\"wp-block-list\">\n<li>A haszn\u00e1lt eszk\u00f6z\u00f6ket haszn\u00e1lat ut\u00e1n v\u00edzzel kell tiszt\u00edtani.<\/li>\n<\/ul>\n<\/div>\n<\/div>\n\n<h2 class=\"wp-block-heading\" id=\"advisor\">\u00c9rdemes tudni<\/h2>\n\n<p><strong>Bizony\u00edtott tulajdons\u00e1gok:<\/strong><\/p>\n\n<p><strong>Gy\u00f6ngyf\u0171z\u00e9s hat\u00e1sa:<\/strong><\/p>\n\n<ul class=\"wp-block-list\">\n<li>A kapill\u00e1ris-\u00f6sszeh\u00faz\u00f3 hat\u00e1s megakad\u00e1lyozza a nedvess\u00e9g behatol\u00e1s\u00e1t az anyagba.<\/li>\n\n\n\n<li>A v\u00edz a fel\u00fclet hidrofobiz\u00e1l\u00f3d\u00e1sa miatt lefolyik a fel\u00fcletr\u0151l.<\/li>\n\n\n\n<li>A kezel\u00e9s ut\u00e1n az eredeti sz\u00edn megmarad \u00e9s v\u00e9dett\u00e9 v\u00e1lik.<\/li>\n<\/ul>\n\n<p><strong>V\u00e9delem a szennyez\u0151d\u00e9sek ellen:<\/strong><\/p>\n\n<ul class=\"wp-block-list\">\n<li>A fel\u00fcletek v\u00e9dve vannak a szennyez\u0151d\u00e9sek bejut\u00e1sa ellen<\/li>\n\n\n\n<li>A felsz\u00edni szennyez\u0151d\u00e9sek tiszt\u00edt\u00e1ssal vagy es\u0151v\u00edzzel elt\u00e1vol\u00edthat\u00f3k.<\/li>\n<\/ul>\n\n<p><strong>Diff\u00fazi\u00f3s viselked\u00e9s:<\/strong><\/p>\n\n<ul class=\"wp-block-list\">\n<li>A kezelt fel\u00fcletek nyitottak a diff\u00fazi\u00f3ra \u00e9s lehet\u0151v\u00e9 teszik a term\u00e9szetes nedvess\u00e9gcser\u00e9t.<\/li>\n\n\n\n<li>A term\u00e9k akkor is haszn\u00e1lhat\u00f3, ha a homlokzaton v\u00edzk\u00e1r k\u00f6vetkezt\u00e9ben megn\u00f6vekedett a nedvess\u00e9gtartalom.<\/li>\n<\/ul>\n\n<p><strong>Hossz\u00fa t\u00e1v\u00fa szennyez\u0151d\u00e9sg\u00e1tl\u00f3 hat\u00e1s:<\/strong><\/p>\n\n<ul class=\"wp-block-list\">\n<li>A kezelt fel\u00fcletek tiszt\u00e1k maradnak a kapill\u00e1ris abszorpci\u00f3 \u00e9s a gy\u00f6ngy\u00f6z\u0151 hat\u00e1s k\u00f6lcs\u00f6nhat\u00e1s\u00e1nak k\u00f6sz\u00f6nhet\u0151en.<\/li>\n\n\n\n<li>Nincs t\u00e1ptalaja az alg\u00e1knak, moh\u00e1knak \u00e9s zuzm\u00f3knak.<\/li>\n\n\n\n<li>Az ingatlan \u00fagy n\u00e9z ki, mintha \u00faj \u00e9s frissen festett<\/li>\n<\/ul>\n\n<figure class=\"wp-block-image size-large is-resized\"><img fetchpriority=\"high\" decoding=\"async\" width=\"1300\" height=\"776\" src=\"https:\/\/www.versiegelung24.com\/wp-content\/uploads\/2025\/07\/7624-anti-fouling-1-1300x776.png\" alt=\"\" class=\"wp-image-182382\" style=\"width:750px\" srcset=\"https:\/\/www.versiegelung24.com\/wp-content\/uploads\/2025\/07\/7624-anti-fouling-1-1300x776.png 1300w, https:\/\/www.versiegelung24.com\/wp-content\/uploads\/2025\/07\/7624-anti-fouling-1-300x179.png 300w, https:\/\/www.versiegelung24.com\/wp-content\/uploads\/2025\/07\/7624-anti-fouling-1-768x459.png 768w, https:\/\/www.versiegelung24.com\/wp-content\/uploads\/2025\/07\/7624-anti-fouling-1-1536x917.png 1536w, https:\/\/www.versiegelung24.com\/wp-content\/uploads\/2025\/07\/7624-anti-fouling-1-2048x1223.png 2048w, https:\/\/www.versiegelung24.com\/wp-content\/uploads\/2025\/07\/7624-anti-fouling-1-600x358.png 600w\" sizes=\"(max-width: 1300px) 100vw, 1300px\" \/><\/figure>\n\n<p><strong>Homok megszil\u00e1rdul\u00e1sa:<\/strong><\/p>\n\n<ul class=\"wp-block-list\">\n<li>A laza homok 6-12 \u00f3ra alatt szil\u00e1rdul meg.<\/li>\n\n\n\n<li>A kezelt fel\u00fcletek megszil\u00e1rdulnak, mik\u00f6zben meg\u0151rzik az anyag sz\u00edn\u00e9t.<\/li>\n\n\n\n<li>A diff\u00fazi\u00f3s \u00e1tereszt\u0151k\u00e9pess\u00e9g lehet\u0151v\u00e9 teszi a pincekamr\u00e1kban val\u00f3 felhaszn\u00e1l\u00e1st.<\/li>\n\n\n\n<li>Hidrof\u00f3bit\u00e1s + \u00e9rdes fel\u00fcleti strukt\u00fara = &#8220;l\u00f3tusz-effektus&#8221;.<\/li>\n<\/ul>\n\n<p><strong>Stabilit\u00e1s savakkal \u00e9s b\u00e1zisokkal szemben:<\/strong><\/p>\n\n<ul class=\"wp-block-list\">\n<li>A kezelt fel\u00fcletek v\u00e9dettek a mar\u00f3 folyad\u00e9kokkal, p\u00e9ld\u00e1ul savakkal (savas es\u0151!) \u00e9s l\u00fagokkal szemben.<\/li>\n\n\n\n<li>Ellen\u00e1ll az 1-14 k\u00f6z\u00f6tti pH-\u00e9rt\u00e9keknek<\/li>\n<\/ul>\n\n<figure class=\"wp-block-image size-large is-resized\"><img decoding=\"async\" width=\"1300\" height=\"742\" src=\"https:\/\/www.versiegelung24.com\/wp-content\/uploads\/2025\/07\/7624-acids-bases-2-1300x742.png\" alt=\"\" class=\"wp-image-182494\" style=\"width:750px\" srcset=\"https:\/\/www.versiegelung24.com\/wp-content\/uploads\/2025\/07\/7624-acids-bases-2-1300x742.png 1300w, https:\/\/www.versiegelung24.com\/wp-content\/uploads\/2025\/07\/7624-acids-bases-2-300x171.png 300w, https:\/\/www.versiegelung24.com\/wp-content\/uploads\/2025\/07\/7624-acids-bases-2-768x438.png 768w, https:\/\/www.versiegelung24.com\/wp-content\/uploads\/2025\/07\/7624-acids-bases-2-1536x876.png 1536w, https:\/\/www.versiegelung24.com\/wp-content\/uploads\/2025\/07\/7624-acids-bases-2-2048x1168.png 2048w, https:\/\/www.versiegelung24.com\/wp-content\/uploads\/2025\/07\/7624-acids-bases-2-600x342.png 600w\" sizes=\"(max-width: 1300px) 100vw, 1300px\" \/><\/figure>\n\n<p><strong>S\u00f3s v\u00edz elleni v\u00e9delem:<\/strong><\/p>\n\n<ul class=\"wp-block-list\">\n<li>A kezelt fel\u00fcletek v\u00e9dve vannak a s\u00f3s v\u00edz okozta k\u00e1rok ellen<\/li>\n\n\n\n<li>A gy\u00f6ngyh\u00e1zhat\u00e1s megakad\u00e1lyozza a behatol\u00e1st<\/li>\n\n\n\n<li>A s\u00f3k\u00e9pz\u0151d\u00e9s a fel\u00fcleten t\u00f6rt\u00e9nik, \u00e9s k\u00f6nnyen elt\u00e1vol\u00edthat\u00f3.<\/li>\n<\/ul>\n\n<p><strong>Fotokatal\u00edzis:<\/strong><\/p>\n\n<ul class=\"wp-block-list\">\n<li>A bevonatba integr\u00e1lt fotokataliz\u00e1tor tit\u00e1n-dioxid (TiO2) a napf\u00e9ny hat\u00e1s\u00e1ra energetikailag aktiv\u00e1l\u00f3dik.<\/li>\n\n\n\n<li>Ez r\u00f6vid \u00e9lettartam\u00fa oxig\u00e9ngy\u00f6k\u00f6ket termel, amelyek a l\u00e9gszennyez\u0151 anyagokat, p\u00e9ld\u00e1ul az \u00f3zont (O3), a nitrog\u00e9n-oxidokat (NOx), a k\u00e9n-dioxidot (SO2) \u00e9s az ill\u00e9kony szerves vegy\u00fcleteket (VOC) k\u00f6rnyezetbar\u00e1t anyagokk\u00e1 bontj\u00e1k.<\/li>\n\n\n\n<li><strong>A fotokatal\u00edzis jav\u00edtja a leveg\u0151 min\u0151s\u00e9g\u00e9t!<\/strong><\/li>\n\n\n\n<li>A fotokatal\u00edzist a fel\u00fcleten l\u00e9v\u0151 fest\u00e9kek feh\u00e9r\u00edt\u00e9s\u00e9re haszn\u00e1lj\u00e1k.<\/li>\n<\/ul>\n\n<figure class=\"wp-block-image size-large is-resized\"><img decoding=\"async\" width=\"1300\" height=\"749\" src=\"https:\/\/www.versiegelung24.com\/wp-content\/uploads\/2025\/07\/7624-phot-kat-2-1300x749.png\" alt=\"\" class=\"wp-image-182466\" style=\"width:750px\" srcset=\"https:\/\/www.versiegelung24.com\/wp-content\/uploads\/2025\/07\/7624-phot-kat-2-1300x749.png 1300w, https:\/\/www.versiegelung24.com\/wp-content\/uploads\/2025\/07\/7624-phot-kat-2-300x173.png 300w, https:\/\/www.versiegelung24.com\/wp-content\/uploads\/2025\/07\/7624-phot-kat-2-768x443.png 768w, https:\/\/www.versiegelung24.com\/wp-content\/uploads\/2025\/07\/7624-phot-kat-2-1536x885.png 1536w, https:\/\/www.versiegelung24.com\/wp-content\/uploads\/2025\/07\/7624-phot-kat-2-2048x1180.png 2048w, https:\/\/www.versiegelung24.com\/wp-content\/uploads\/2025\/07\/7624-phot-kat-2-600x346.png 600w\" sizes=\"(max-width: 1300px) 100vw, 1300px\" \/><\/figure>\n\n<p><strong>V\u00e9delem a term\u00e9szetes szennyez\u0151d\u00e9sek ellen:<\/strong><\/p>\n\n<ul class=\"wp-block-list\">\n<li>A rendk\u00edv\u00fcl \u00e9rz\u00e9keny k\u00f6vek v\u00e9dve vannak a k\u00f6rnyezetb\u0151l sz\u00e1rmaz\u00f3 term\u00e9szetes szennyez\u0151d\u00e9sekt\u0151l.<\/li>\n\n\n\n<li>Ezt az es\u0151\/szel\u00edd tiszt\u00edt\u00e1s \u00e9s a fotokatal\u00edzis kombin\u00e1ci\u00f3ja biztos\u00edtja.<\/li>\n<\/ul>\n\n<figure class=\"wp-block-image size-large is-resized\"><img loading=\"lazy\" decoding=\"async\" width=\"1300\" height=\"724\" src=\"https:\/\/www.versiegelung24.com\/wp-content\/uploads\/2025\/07\/7624-pollution-2-1300x724.png\" alt=\"\" class=\"wp-image-182438\" style=\"width:750px\" srcset=\"https:\/\/www.versiegelung24.com\/wp-content\/uploads\/2025\/07\/7624-pollution-2-1300x724.png 1300w, https:\/\/www.versiegelung24.com\/wp-content\/uploads\/2025\/07\/7624-pollution-2-300x167.png 300w, https:\/\/www.versiegelung24.com\/wp-content\/uploads\/2025\/07\/7624-pollution-2-768x428.png 768w, https:\/\/www.versiegelung24.com\/wp-content\/uploads\/2025\/07\/7624-pollution-2-1536x855.png 1536w, https:\/\/www.versiegelung24.com\/wp-content\/uploads\/2025\/07\/7624-pollution-2-2048x1140.png 2048w, https:\/\/www.versiegelung24.com\/wp-content\/uploads\/2025\/07\/7624-pollution-2-600x334.png 600w\" sizes=\"(max-width: 1300px) 100vw, 1300px\" \/><\/figure>\n\n<p><strong>V\u00e9delem az \u00e9lelmiszer-sz\u00ednez\u00e9kek ellen:<\/strong><\/p>\n\n<ul class=\"wp-block-list\">\n<li>Az \u00e9rz\u00e9keny k\u00f6vek nagyon hat\u00e9konyan v\u00e9dettek az \u00e9lelmiszer-sz\u00ednez\u00e9kek behatol\u00e1s\u00e1val szemben.<\/li>\n\n\n\n<li>A szennyez\u0151d\u00e9sek enyhe \u00e9s k\u00f6rnyezetbar\u00e1t tiszt\u00edt\u00f3szerekkel elt\u00e1vol\u00edthat\u00f3k.<\/li>\n\n\n\n<li>A fennmarad\u00f3 sz\u00ednmaradv\u00e1nyok a fotokatal\u00edzis erej\u00e9vel old\u00f3dnak fel.<\/li>\n<\/ul>\n\n<figure class=\"wp-block-image size-large is-resized\"><img loading=\"lazy\" decoding=\"async\" width=\"1300\" height=\"753\" src=\"https:\/\/www.versiegelung24.com\/wp-content\/uploads\/2025\/07\/7624-Kaffee-Test-2-1300x753.png\" alt=\"\" class=\"wp-image-182410\" style=\"width:750px\" srcset=\"https:\/\/www.versiegelung24.com\/wp-content\/uploads\/2025\/07\/7624-Kaffee-Test-2-1300x753.png 1300w, https:\/\/www.versiegelung24.com\/wp-content\/uploads\/2025\/07\/7624-Kaffee-Test-2-300x174.png 300w, https:\/\/www.versiegelung24.com\/wp-content\/uploads\/2025\/07\/7624-Kaffee-Test-2-768x445.png 768w, https:\/\/www.versiegelung24.com\/wp-content\/uploads\/2025\/07\/7624-Kaffee-Test-2-1536x890.png 1536w, https:\/\/www.versiegelung24.com\/wp-content\/uploads\/2025\/07\/7624-Kaffee-Test-2-2048x1187.png 2048w, https:\/\/www.versiegelung24.com\/wp-content\/uploads\/2025\/07\/7624-Kaffee-Test-2-600x348.png 600w\" sizes=\"(max-width: 1300px) 100vw, 1300px\" \/><\/figure>\n\n<p><strong>Vizelet\u00fcr\u00edt\u00e9si probl\u00e9m\u00e1k (&#8220;vad pisil\u00e9s&#8221;):<\/strong><\/p>\n\n<ul class=\"wp-block-list\">\n<li>A vizelet lepereg, \u00e9s megakad\u00e1lyozza, hogy behatoljon a k\u0151be.<\/li>\n\n\n\n<li>Ez megakad\u00e1lyozza a tipikus &#8220;vizeletszag&#8221; kialakul\u00e1s\u00e1t.<\/li>\n\n\n\n<li><strong>A kezelt fel\u00fcletek tart\u00f3san v\u00e9dettek a vizelettel szemben!<\/strong><\/li>\n<\/ul>\n\n<p><strong>T\u00e1rol\u00e1s:<\/strong><\/p>\n\n<ul class=\"wp-block-list\">\n<li>A gy\u00e1rt\u00f3 utas\u00edt\u00e1sai szerint t\u00e1rolja<\/li>\n\n\n\n<li>V\u00e9d a fagyt\u00f3l<\/li>\n<\/ul>\n\n<p><\/p>\n","protected":false},"excerpt":{"rendered":"<p><strong>**\u00daJ** <\/strong><strong>Aktiv\u00e1lt hidrof\u00f3b bevonat (SiO2+TiO2) a k\u00f6vetkez\u0151kkel <\/strong><strong>fotokatalitikus hat\u00e1ssal<\/strong><\/p>\n<p>\u2713 Hat\u00e9kony v\u00e9delem az alg\u00e1k, a moha \u00e9s a zuzm\u00f3 n\u00f6veked\u00e9s\u00e9vel szemben<\/p>\n<p>\u2713 Hosszan tart\u00f3 gy\u00f6ngyh\u00e1zhat\u00e1s<\/p>\n<p>\u2713 Megakad\u00e1lyozza a kellemetlen szagokat (pl. vizeletb\u0151l)<\/p>\n<p>\u2713 Hossz\u00fa t\u00e1v\u00fa sz\u00ednstabilit\u00e1s<\/p>\n<p>\u2713 Ellen\u00e1ll a savaknak, b\u00e1zisoknak (pH 1-14) \u00e9s a s\u00f3s v\u00edznek.<\/p>\n<p>\u2713 V\u00edz- \u00e9s szennyez\u0151d\u00e9sleperget\u0151<\/p>\n<p>\u2713 L\u00e9legz\u0151<\/p>\n<p>\u2713 Belt\u00e9ren \u00e9s k\u00fclt\u00e9ren egyar\u00e1nt haszn\u00e1lhat\u00f3<\/p>\n","protected":false},"featured_media":182890,"template":"","meta":{"_acf_changed":false,"neve_meta_sidebar":"","neve_meta_container":"","neve_meta_enable_content_width":"","neve_meta_content_width":0,"neve_meta_title_alignment":"","neve_meta_author_avatar":"","neve_post_elements_order":"","neve_meta_disable_header":"","neve_meta_disable_footer":"","neve_meta_disable_title":"","neve_meta_reading_time":"","_surfaces":[],"_ver_product_tabs":[],"footnotes":""},"product_brand":[],"product_cat":[2326,2992],"product_tag":[],"class_list":{"0":"post-183835","1":"product","2":"type-product","3":"status-publish","4":"has-post-thumbnail","6":"product_cat-ko-es-beton-toemites","7":"product_cat-folyekony-ueveg-toemites","8":"pa_gebinde-1000-ml-es-palack","9":"pa_gebinde-10-literes-tartaly","11":"first","12":"instock","13":"taxable","14":"shipping-taxable","15":"purchasable","16":"product-type-variable","17":"has-default-attributes"},"acf":[],"yoast_head":"<!-- This site is optimized with the Yoast SEO Premium plugin v22.8 (Yoast SEO v27.5) - https:\/\/yoast.com\/product\/yoast-seo-premium-wordpress\/ -->\n<title>\u00d6ntiszt\u00edt\u00f3 hat\u00e1s\u00fa k\u0151t\u00f6m\u00edt\u00e9s<\/title>\n<meta name=\"description\" content=\"Fedezze fel az innovat\u00edv, \u00f6ntiszt\u00edt\u00f3 hat\u00e1s\u00fa k\u0151t\u00f6m\u00edt\u0151 anyagot (SiO\u2082 + TiO\u2082). V\u00e9delem az alg\u00e1k, a moha \u00e9s a zuzm\u00f3, a v\u00edz \u00e9s a szennyez\u0151d\u00e9sek ellen.\" \/>\n<meta name=\"robots\" content=\"index, follow, max-snippet:-1, max-image-preview:large, max-video-preview:-1\" \/>\n<link rel=\"canonical\" href=\"https:\/\/www.versiegelung24.com\/hu\/aktive-steinversiegelung.html\" \/>\n<meta property=\"og:locale\" content=\"hu_HU\" \/>\n<meta property=\"og:type\" content=\"article\" \/>\n<meta property=\"og:title\" content=\"\u00d6ntiszt\u00edt\u00f3 hat\u00e1s\u00fa k\u0151t\u00f6m\u00edt\u00e9s\" \/>\n<meta property=\"og:description\" content=\"Fedezze fel az innovat\u00edv, \u00f6ntiszt\u00edt\u00f3 hat\u00e1s\u00fa k\u0151t\u00f6m\u00edt\u0151 anyagot (SiO\u2082 + TiO\u2082). V\u00e9delem az alg\u00e1k, a moha \u00e9s a zuzm\u00f3, a v\u00edz \u00e9s a szennyez\u0151d\u00e9sek ellen.\" \/>\n<meta property=\"og:url\" content=\"https:\/\/www.versiegelung24.com\/hu\/aktive-steinversiegelung.html\" \/>\n<meta property=\"og:site_name\" content=\"versiegelung24.com\" \/>\n<meta property=\"article:modified_time\" content=\"2025-11-17T14:52:26+00:00\" \/>\n<meta property=\"og:image\" content=\"https:\/\/www.versiegelung24.com\/wp-content\/uploads\/2025\/07\/produkt-3010-7624-Steinversiegelung.jpg\" \/>\n\t<meta property=\"og:image:width\" content=\"2560\" \/>\n\t<meta property=\"og:image:height\" content=\"2560\" \/>\n\t<meta property=\"og:image:type\" content=\"image\/jpeg\" \/>\n<meta name=\"twitter:card\" content=\"summary_large_image\" \/>\n<meta name=\"twitter:label1\" content=\"El\u00e9rhet\u0151s\u00e9g\" \/>\n\t<meta name=\"twitter:data1\" content=\"K\u00e9szleten\" \/>\n<script type=\"application\/ld+json\" class=\"yoast-schema-graph\">{\"@context\":\"https:\\\/\\\/schema.org\",\"@graph\":[{\"@type\":\"WebPage\",\"@id\":\"https:\\\/\\\/www.versiegelung24.com\\\/hu\\\/aktive-steinversiegelung.html\",\"url\":\"https:\\\/\\\/www.versiegelung24.com\\\/hu\\\/aktive-steinversiegelung.html\",\"name\":\"\u00d6ntiszt\u00edt\u00f3 hat\u00e1s\u00fa k\u0151t\u00f6m\u00edt\u00e9s\",\"isPartOf\":{\"@id\":\"https:\\\/\\\/www.versiegelung24.com\\\/hu\\\/#website\"},\"primaryImageOfPage\":{\"@id\":\"https:\\\/\\\/www.versiegelung24.com\\\/hu\\\/aktive-steinversiegelung.html#primaryimage\"},\"image\":{\"@id\":\"https:\\\/\\\/www.versiegelung24.com\\\/hu\\\/aktive-steinversiegelung.html#primaryimage\"},\"thumbnailUrl\":\"https:\\\/\\\/www.versiegelung24.com\\\/wp-content\\\/uploads\\\/2025\\\/07\\\/produkt-3010-7624-Steinversiegelung.jpg\",\"datePublished\":\"2025-07-31T12:47:39+00:00\",\"dateModified\":\"2025-11-17T14:52:26+00:00\",\"description\":\"Fedezze fel az innovat\u00edv, \u00f6ntiszt\u00edt\u00f3 hat\u00e1s\u00fa k\u0151t\u00f6m\u00edt\u0151 anyagot (SiO\u2082 + TiO\u2082). V\u00e9delem az alg\u00e1k, a moha \u00e9s a zuzm\u00f3, a v\u00edz \u00e9s a szennyez\u0151d\u00e9sek ellen.\",\"breadcrumb\":{\"@id\":\"https:\\\/\\\/www.versiegelung24.com\\\/hu\\\/aktive-steinversiegelung.html#breadcrumb\"},\"inLanguage\":\"hu\",\"potentialAction\":[{\"@type\":\"ReadAction\",\"target\":[\"https:\\\/\\\/www.versiegelung24.com\\\/hu\\\/aktive-steinversiegelung.html\"]}]},{\"@type\":\"ImageObject\",\"inLanguage\":\"hu\",\"@id\":\"https:\\\/\\\/www.versiegelung24.com\\\/hu\\\/aktive-steinversiegelung.html#primaryimage\",\"url\":\"https:\\\/\\\/www.versiegelung24.com\\\/wp-content\\\/uploads\\\/2025\\\/07\\\/produkt-3010-7624-Steinversiegelung.jpg\",\"contentUrl\":\"https:\\\/\\\/www.versiegelung24.com\\\/wp-content\\\/uploads\\\/2025\\\/07\\\/produkt-3010-7624-Steinversiegelung.jpg\",\"width\":2560,\"height\":2560},{\"@type\":\"BreadcrumbList\",\"@id\":\"https:\\\/\\\/www.versiegelung24.com\\\/hu\\\/aktive-steinversiegelung.html#breadcrumb\",\"itemListElement\":[{\"@type\":\"ListItem\",\"position\":1,\"name\":\"Honlap\",\"item\":\"https:\\\/\\\/www.versiegelung24.com\\\/hu\\\/elol\\\/\"},{\"@type\":\"ListItem\",\"position\":2,\"name\":\"\u00dczlet\",\"item\":\"https:\\\/\\\/www.versiegelung24.com\\\/hu\\\/uzlet\\\/\"},{\"@type\":\"ListItem\",\"position\":3,\"name\":\"\u00d6ntiszt\u00edt\u00f3 hat\u00e1s\u00fa k\u0151t\u00f6m\u00edt\u00e9s\"}]},{\"@type\":\"WebSite\",\"@id\":\"https:\\\/\\\/www.versiegelung24.com\\\/hu\\\/#website\",\"url\":\"https:\\\/\\\/www.versiegelung24.com\\\/hu\\\/\",\"name\":\"versiegelung24.com\",\"description\":\"Fl\u00fcssigglas-Versiegelung - Made in Germany\",\"publisher\":{\"@id\":\"https:\\\/\\\/www.versiegelung24.com\\\/hu\\\/#organization\"},\"potentialAction\":[{\"@type\":\"SearchAction\",\"target\":{\"@type\":\"EntryPoint\",\"urlTemplate\":\"https:\\\/\\\/www.versiegelung24.com\\\/hu\\\/?s={search_term_string}\"},\"query-input\":{\"@type\":\"PropertyValueSpecification\",\"valueRequired\":true,\"valueName\":\"search_term_string\"}}],\"inLanguage\":\"hu\"},{\"@type\":\"Organization\",\"@id\":\"https:\\\/\\\/www.versiegelung24.com\\\/hu\\\/#organization\",\"name\":\"versiegelung24\",\"url\":\"https:\\\/\\\/www.versiegelung24.com\\\/hu\\\/\",\"logo\":{\"@type\":\"ImageObject\",\"inLanguage\":\"hu\",\"@id\":\"https:\\\/\\\/www.versiegelung24.com\\\/hu\\\/#\\\/schema\\\/logo\\\/image\\\/\",\"url\":\"https:\\\/\\\/www.versiegelung24.com\\\/wp-content\\\/uploads\\\/2020\\\/04\\\/versiegelung24.png\",\"contentUrl\":\"https:\\\/\\\/www.versiegelung24.com\\\/wp-content\\\/uploads\\\/2020\\\/04\\\/versiegelung24.png\",\"width\":470,\"height\":102,\"caption\":\"versiegelung24\"},\"image\":{\"@id\":\"https:\\\/\\\/www.versiegelung24.com\\\/hu\\\/#\\\/schema\\\/logo\\\/image\\\/\"}}]}<\/script>\n<meta property=\"og:availability\" content=\"instock\" \/>\n<meta property=\"product:availability\" content=\"instock\" \/>\n<meta property=\"product:retailer_item_id\" content=\"3010-7624\" \/>\n<meta property=\"product:condition\" content=\"new\" \/>\n<!-- \/ Yoast SEO Premium plugin. -->","yoast_head_json":{"title":"\u00d6ntiszt\u00edt\u00f3 hat\u00e1s\u00fa k\u0151t\u00f6m\u00edt\u00e9s","description":"Fedezze fel az innovat\u00edv, \u00f6ntiszt\u00edt\u00f3 hat\u00e1s\u00fa k\u0151t\u00f6m\u00edt\u0151 anyagot (SiO\u2082 + TiO\u2082). V\u00e9delem az alg\u00e1k, a moha \u00e9s a zuzm\u00f3, a v\u00edz \u00e9s a szennyez\u0151d\u00e9sek ellen.","robots":{"index":"index","follow":"follow","max-snippet":"max-snippet:-1","max-image-preview":"max-image-preview:large","max-video-preview":"max-video-preview:-1"},"canonical":"https:\/\/www.versiegelung24.com\/hu\/aktive-steinversiegelung.html","og_locale":"hu_HU","og_type":"article","og_title":"\u00d6ntiszt\u00edt\u00f3 hat\u00e1s\u00fa k\u0151t\u00f6m\u00edt\u00e9s","og_description":"Fedezze fel az innovat\u00edv, \u00f6ntiszt\u00edt\u00f3 hat\u00e1s\u00fa k\u0151t\u00f6m\u00edt\u0151 anyagot (SiO\u2082 + TiO\u2082). V\u00e9delem az alg\u00e1k, a moha \u00e9s a zuzm\u00f3, a v\u00edz \u00e9s a szennyez\u0151d\u00e9sek ellen.","og_url":"https:\/\/www.versiegelung24.com\/hu\/aktive-steinversiegelung.html","og_site_name":"versiegelung24.com","article_modified_time":"2025-11-17T14:52:26+00:00","og_image":[{"width":2560,"height":2560,"url":"https:\/\/www.versiegelung24.com\/wp-content\/uploads\/2025\/07\/produkt-3010-7624-Steinversiegelung.jpg","type":"image\/jpeg"}],"twitter_card":"summary_large_image","twitter_misc":{"El\u00e9rhet\u0151s\u00e9g":"K\u00e9szleten"},"schema":{"@context":"https:\/\/schema.org","@graph":[{"@type":"WebPage","@id":"https:\/\/www.versiegelung24.com\/hu\/aktive-steinversiegelung.html","url":"https:\/\/www.versiegelung24.com\/hu\/aktive-steinversiegelung.html","name":"\u00d6ntiszt\u00edt\u00f3 hat\u00e1s\u00fa k\u0151t\u00f6m\u00edt\u00e9s","isPartOf":{"@id":"https:\/\/www.versiegelung24.com\/hu\/#website"},"primaryImageOfPage":{"@id":"https:\/\/www.versiegelung24.com\/hu\/aktive-steinversiegelung.html#primaryimage"},"image":{"@id":"https:\/\/www.versiegelung24.com\/hu\/aktive-steinversiegelung.html#primaryimage"},"thumbnailUrl":"https:\/\/www.versiegelung24.com\/wp-content\/uploads\/2025\/07\/produkt-3010-7624-Steinversiegelung.jpg","datePublished":"2025-07-31T12:47:39+00:00","dateModified":"2025-11-17T14:52:26+00:00","description":"Fedezze fel az innovat\u00edv, \u00f6ntiszt\u00edt\u00f3 hat\u00e1s\u00fa k\u0151t\u00f6m\u00edt\u0151 anyagot (SiO\u2082 + TiO\u2082). V\u00e9delem az alg\u00e1k, a moha \u00e9s a zuzm\u00f3, a v\u00edz \u00e9s a szennyez\u0151d\u00e9sek ellen.","breadcrumb":{"@id":"https:\/\/www.versiegelung24.com\/hu\/aktive-steinversiegelung.html#breadcrumb"},"inLanguage":"hu","potentialAction":[{"@type":"ReadAction","target":["https:\/\/www.versiegelung24.com\/hu\/aktive-steinversiegelung.html"]}]},{"@type":"ImageObject","inLanguage":"hu","@id":"https:\/\/www.versiegelung24.com\/hu\/aktive-steinversiegelung.html#primaryimage","url":"https:\/\/www.versiegelung24.com\/wp-content\/uploads\/2025\/07\/produkt-3010-7624-Steinversiegelung.jpg","contentUrl":"https:\/\/www.versiegelung24.com\/wp-content\/uploads\/2025\/07\/produkt-3010-7624-Steinversiegelung.jpg","width":2560,"height":2560},{"@type":"BreadcrumbList","@id":"https:\/\/www.versiegelung24.com\/hu\/aktive-steinversiegelung.html#breadcrumb","itemListElement":[{"@type":"ListItem","position":1,"name":"Honlap","item":"https:\/\/www.versiegelung24.com\/hu\/elol\/"},{"@type":"ListItem","position":2,"name":"\u00dczlet","item":"https:\/\/www.versiegelung24.com\/hu\/uzlet\/"},{"@type":"ListItem","position":3,"name":"\u00d6ntiszt\u00edt\u00f3 hat\u00e1s\u00fa k\u0151t\u00f6m\u00edt\u00e9s"}]},{"@type":"WebSite","@id":"https:\/\/www.versiegelung24.com\/hu\/#website","url":"https:\/\/www.versiegelung24.com\/hu\/","name":"versiegelung24.com","description":"Fl\u00fcssigglas-Versiegelung - Made in Germany","publisher":{"@id":"https:\/\/www.versiegelung24.com\/hu\/#organization"},"potentialAction":[{"@type":"SearchAction","target":{"@type":"EntryPoint","urlTemplate":"https:\/\/www.versiegelung24.com\/hu\/?s={search_term_string}"},"query-input":{"@type":"PropertyValueSpecification","valueRequired":true,"valueName":"search_term_string"}}],"inLanguage":"hu"},{"@type":"Organization","@id":"https:\/\/www.versiegelung24.com\/hu\/#organization","name":"versiegelung24","url":"https:\/\/www.versiegelung24.com\/hu\/","logo":{"@type":"ImageObject","inLanguage":"hu","@id":"https:\/\/www.versiegelung24.com\/hu\/#\/schema\/logo\/image\/","url":"https:\/\/www.versiegelung24.com\/wp-content\/uploads\/2020\/04\/versiegelung24.png","contentUrl":"https:\/\/www.versiegelung24.com\/wp-content\/uploads\/2020\/04\/versiegelung24.png","width":470,"height":102,"caption":"versiegelung24"},"image":{"@id":"https:\/\/www.versiegelung24.com\/hu\/#\/schema\/logo\/image\/"}}]},"og_availability":"instock","product_availability":"instock","product_retailer_item_id":"3010-7624","product_condition":"new"},"_links":{"self":[{"href":"https:\/\/www.versiegelung24.com\/hu\/wp-json\/wp\/v2\/product\/183835","targetHints":{"allow":["GET"]}}],"collection":[{"href":"https:\/\/www.versiegelung24.com\/hu\/wp-json\/wp\/v2\/product"}],"about":[{"href":"https:\/\/www.versiegelung24.com\/hu\/wp-json\/wp\/v2\/types\/product"}],"version-history":[{"count":1,"href":"https:\/\/www.versiegelung24.com\/hu\/wp-json\/wp\/v2\/product\/183835\/revisions"}],"predecessor-version":[{"id":183841,"href":"https:\/\/www.versiegelung24.com\/hu\/wp-json\/wp\/v2\/product\/183835\/revisions\/183841"}],"wp:featuredmedia":[{"embeddable":true,"href":"https:\/\/www.versiegelung24.com\/hu\/wp-json\/wp\/v2\/media\/182890"}],"wp:attachment":[{"href":"https:\/\/www.versiegelung24.com\/hu\/wp-json\/wp\/v2\/media?parent=183835"}],"wp:term":[{"taxonomy":"product_brand","embeddable":true,"href":"https:\/\/www.versiegelung24.com\/hu\/wp-json\/wp\/v2\/product_brand?post=183835"},{"taxonomy":"product_cat","embeddable":true,"href":"https:\/\/www.versiegelung24.com\/hu\/wp-json\/wp\/v2\/product_cat?post=183835"},{"taxonomy":"product_tag","embeddable":true,"href":"https:\/\/www.versiegelung24.com\/hu\/wp-json\/wp\/v2\/product_tag?post=183835"}],"curies":[{"name":"wp","href":"https:\/\/api.w.org\/{rel}","templated":true}]}}