{"id":22804,"date":"2020-04-04T18:53:13","date_gmt":"2020-04-04T16:53:13","guid":{"rendered":"https:\/\/www.versiegelung24.com\/produkt\/autouveg-tomites-professzionalis-minosegben"},"modified":"2025-01-03T23:40:29","modified_gmt":"2025-01-03T22:40:29","slug":"automatikus-uvegtomites-professzionalis-minosegben","status":"publish","type":"product","link":"https:\/\/www.versiegelung24.com\/hu\/autouveg-tomites-professzionalis-minosegben.html","title":{"rendered":"Aut\u00f3\u00fcveg t\u00f6m\u00edt\u00e9s professzion\u00e1lis min\u0151s\u00e9gben"},"content":{"rendered":"\n<p><strong>Nagyon hat\u00e9kony t\u00f6m\u00edt\u00e9s aut\u00f3\u00fcvegekhez \u00e9s lak\u00f3kocsikhoz, professzion\u00e1lis min\u0151s\u00e9g, \u00daJ, szinte karcmentesen \u00e1tv\u00e9szeli a telet, jelent\u0151sen jav\u00edtja a l\u00e1that\u00f3s\u00e1got rossz id\u0151ben<\/strong><\/p>\n\n<p>Kiv\u00e1l\u00f3 min\u0151s\u00e9g N\u00e9metorsz\u00e1gban k\u00e9sz\u00fclt.<\/p>\n\n<hr\/>\n\n<h4 class=\"wp-block-heading\" id=\"properties\">A term\u00e9k jellemz\u0151i<\/h4>\n\n<div class=\"wp-block-columns is-layout-flex wp-container-core-columns-is-layout-9d6595d7 wp-block-columns-is-layout-flex\">\n<div class=\"wp-block-column is-layout-flow wp-block-column-is-layout-flow\">\n<ul class=\"wp-block-list\">\n<li>Tiszta, sz\u00edntelen folyad\u00e9k, l\u00e1thatatlan \u00e9s \u00e9szrevehetetlen<\/li>\n\n\n\n<li>Kiemelked\u0151, k\u00f6nnyen tiszt\u00edthat\u00f3 hat\u00e1s a szennyez\u0151d\u00e9sek tapad\u00e1s\u00e1hoz<\/li>\n\n\n\n<li>V\u00edz-, olaj- \u00e9s szennyez\u0151d\u00e9sriaszt\u00f3, es\u0151 \u00e9s h\u00f3 g\u00f6rd\u00fcl le az ablakt\u00e1bl\u00e1r\u00f3l, a szennyez\u0151d\u00e9s, mad\u00e1r\u00fcr\u00fcl\u00e9k, rovarok \u00e9s j\u00e9g m\u00e1r nem tapadhat szil\u00e1rdan<\/li>\n\n\n\n<li>T\u00e9len sokkal megk\u00f6nny\u00edti a j\u00e9gkapar\u00e1st<\/li>\n\n\n\n<li>Kb. 70 km \/ h -t\u00f3l az es\u0151 menet k\u00f6zben, az ablakt\u00f6rl\u0151 n\u00e9lk\u00fcl is g\u00f6rd\u00fcl, \u00e9s biztos\u00edtja a tiszta kil\u00e1t\u00e1st<\/li>\n\n\n\n<li>Tart\u00f3s, kb. 25.000 km vagy ak\u00e1r egy \u00e9v<\/li>\n\n\n\n<li>Cs\u00f6kkenti a mikroorganizmusok \u00e9s bakt\u00e9riumok szaporod\u00e1s\u00e1t, jav\u00edtja a higi\u00e9ni\u00e1t<\/li>\n\n\n\n<li>Ellen\u00e1ll a fagynak, az extr\u00e9m h\u0151nek, az UV sug\u00e1rz\u00e1snak, a s\u00f3s v\u00edznek \u00e9s a s\u00f3s leveg\u0151nek, a kem\u00e9ny v\u00edzb\u0151l \u00e9s l\u00fagokb\u00f3l sz\u00e1rmaz\u00f3 \u00e1sv\u00e1nyoknak, a k\u00f6z\u00fati s\u00f3nak ellen\u00e1ll\u00f3<\/li>\n\n\n\n<li>Fiziol\u00f3giailag \u00e1rtalmatlan<\/li>\n<\/ul>\n<\/div>\n\n\n\n<div class=\"wp-block-column is-layout-flow wp-block-column-is-layout-flow\">\n<ul class=\"wp-block-list\" id=\"block-4d08488f-e4e2-46e9-af9b-8ca16197df33\">\n<li>A fel\u00fcletek sokkal hosszabb ideig maradnak tiszt\u00e1k, ami meghosszabb\u00edtja a tiszt\u00edt\u00e1si ciklusokat, \u00e9s jelent\u0151sen cs\u00f6kkenti a tiszt\u00edt\u00e1s \u00e9s karbantart\u00e1s k\u00f6lts\u00e9geit, idej\u00e9t \u00e9s energi\u00e1j\u00e1t<\/li>\n\n\n\n<li>Nincs sz\u00fcks\u00e9g k\u00e9miai tiszt\u00edt\u00f3szerekre (t\u00f6m\u00edt\u00e9s, de vegyszer\u00e1ll\u00f3 is a tiszt\u00edt\u00f3szerekkel szemben, pH 12-ig)<\/li>\n\n\n\n<li>UV-stabil \/ fagy\u00e1ll\u00f3 \/ s\u00f3sv\u00edz\u00e1ll\u00f3 \/ l\u00e1thatatlan (r\u00e9tegvastags\u00e1g: 100-150nm)<\/li>\n\n\n\n<li>K\u00f6nnyen alkalmazhat\u00f3, ha a hat\u00e1s elhalv\u00e1nyul<\/li>\n<\/ul>\n\n\n\n<p><br\/><br\/>Sz\u00e1ll\u00edt\u00e1si terjedelem: 1 x literes flakon 1 x pump\u00e1s sz\u00f3r\u00f3fej<br\/><\/p>\n<\/div>\n<\/div>\n\n<hr\/>\n\n<h4 class=\"wp-block-heading\" id=\"application\">Alkalmaz\u00e1s<\/h4>\n\n<ul class=\"wp-block-list\">\n<li>Minden ablak \u00e9s t\u00fck\u00f6r az aut\u00f3k, lak\u00f3kocsik, motorker\u00e9kp\u00e1rok stb.<\/li>\n<\/ul>\n\n<p>A fogyaszt\u00e1s a fel\u00fclet szerkezet\u00e9t\u0151l f\u00fcgg kb.100-200m\u00b2\/liter.<\/p>\n\n<p>Felhaszn\u00e1lhat\u00f3s\u00e1gi id\u0151: Kb. 12 h\u00f3nap<\/p>\n","protected":false},"excerpt":{"rendered":"<p><strong>Rendk\u00edv\u00fcl hat\u00e9kony t\u00f6m\u00edt\u00e9s aut\u00f3\u00fcvegekhez \u00e9s lak\u00f3kocsikhoz:<\/strong><\/p>\n<p>\u2713 Professzion\u00e1lis min\u0151s\u00e9g <\/p>\n<p>\u2713 Szinte karcmentesen v\u00e9szelje \u00e1t a telet<\/p>\n<p>\u2713 Jelent\u0151sen jobb l\u00e1t\u00e1si viszonyok rossz id\u0151ben<\/p>\n<p>\u2713 Kb. 70 km\/h-t\u00f3l az es\u0151 vezet\u00e9s k\u00f6zben m\u00e9g ablakt\u00f6rl\u0151k n\u00e9lk\u00fcl is elered, \u00e9s tiszta kil\u00e1t\u00e1st biztos\u00edt<\/p>\n","protected":false},"featured_media":17610,"template":"","meta":{"_acf_changed":false,"neve_meta_sidebar":"","neve_meta_container":"","neve_meta_enable_content_width":"","neve_meta_content_width":0,"neve_meta_title_alignment":"","neve_meta_author_avatar":"","neve_post_elements_order":"","neve_meta_disable_header":"","neve_meta_disable_footer":"","neve_meta_disable_title":"","neve_meta_reading_time":"","_surfaces":[],"_ver_product_tabs":[],"footnotes":""},"product_brand":[],"product_cat":[2229],"product_tag":[],"class_list":{"0":"post-22804","1":"product","2":"type-product","3":"status-publish","4":"has-post-thumbnail","6":"product_cat-auto-toemitese","7":"pa_gebinde-1000-ml-es-palack","8":"pa_gebinde-20-literes-tartaly","10":"first","11":"instock","12":"taxable","13":"shipping-taxable","14":"purchasable","15":"product-type-variable","16":"has-default-attributes"},"acf":[],"yoast_head":"<!-- This site is optimized with the Yoast SEO Premium plugin v22.8 (Yoast SEO v27.5) - https:\/\/yoast.com\/product\/yoast-seo-premium-wordpress\/ -->\n<title>Aut\u00f3\u00fcveg t\u00f6m\u00edt\u00e9s professzion\u00e1lis min\u0151s\u00e9gben - versiegelung24.com<\/title>\n<meta name=\"robots\" content=\"index, follow, max-snippet:-1, max-image-preview:large, max-video-preview:-1\" \/>\n<link rel=\"canonical\" href=\"https:\/\/www.versiegelung24.com\/hu\/autouveg-tomites-professzionalis-minosegben.html\" \/>\n<meta property=\"og:locale\" content=\"hu_HU\" \/>\n<meta property=\"og:type\" content=\"article\" \/>\n<meta property=\"og:title\" content=\"Aut\u00f3\u00fcveg t\u00f6m\u00edt\u00e9s professzion\u00e1lis min\u0151s\u00e9gben\" \/>\n<meta property=\"og:description\" content=\"Rendk\u00edv\u00fcl hat\u00e9kony t\u00f6m\u00edt\u00e9s aut\u00f3\u00fcvegekhez \u00e9s lak\u00f3kocsikhoz: \u2713 Professzion\u00e1lis min\u0151s\u00e9g \u2713 Szinte karcmentesen v\u00e9szelje \u00e1t a telet \u2713 Jelent\u0151sen jobb l\u00e1t\u00e1si viszonyok rossz id\u0151ben \u2713 Kb. 70 km\/h-t\u00f3l az es\u0151 vezet\u00e9s k\u00f6zben m\u00e9g ablakt\u00f6rl\u0151k n\u00e9lk\u00fcl is elered, \u00e9s tiszta kil\u00e1t\u00e1st biztos\u00edt\" \/>\n<meta property=\"og:url\" content=\"https:\/\/www.versiegelung24.com\/hu\/autouveg-tomites-professzionalis-minosegben.html\" \/>\n<meta property=\"og:site_name\" content=\"versiegelung24.com\" \/>\n<meta property=\"article:modified_time\" content=\"2025-01-03T22:40:29+00:00\" \/>\n<meta property=\"og:image\" content=\"https:\/\/www.versiegelung24.com\/wp-content\/uploads\/2020\/06\/produkt-1002-7601-1000-Autoglasversiegelung-scaled.jpg\" \/>\n\t<meta property=\"og:image:width\" content=\"2560\" \/>\n\t<meta property=\"og:image:height\" content=\"2560\" \/>\n\t<meta property=\"og:image:type\" content=\"image\/jpeg\" \/>\n<meta name=\"twitter:card\" content=\"summary_large_image\" \/>\n<meta name=\"twitter:label1\" content=\"El\u00e9rhet\u0151s\u00e9g\" \/>\n\t<meta name=\"twitter:data1\" content=\"K\u00e9szleten\" \/>\n<script type=\"application\/ld+json\" class=\"yoast-schema-graph\">{\"@context\":\"https:\\\/\\\/schema.org\",\"@graph\":[{\"@type\":\"WebPage\",\"@id\":\"https:\\\/\\\/www.versiegelung24.com\\\/hu\\\/autouveg-tomites-professzionalis-minosegben.html\",\"url\":\"https:\\\/\\\/www.versiegelung24.com\\\/hu\\\/autouveg-tomites-professzionalis-minosegben.html\",\"name\":\"Aut\u00f3\u00fcveg t\u00f6m\u00edt\u00e9s professzion\u00e1lis min\u0151s\u00e9gben - versiegelung24.com\",\"isPartOf\":{\"@id\":\"https:\\\/\\\/www.versiegelung24.com\\\/hu\\\/#website\"},\"primaryImageOfPage\":{\"@id\":\"https:\\\/\\\/www.versiegelung24.com\\\/hu\\\/autouveg-tomites-professzionalis-minosegben.html#primaryimage\"},\"image\":{\"@id\":\"https:\\\/\\\/www.versiegelung24.com\\\/hu\\\/autouveg-tomites-professzionalis-minosegben.html#primaryimage\"},\"thumbnailUrl\":\"https:\\\/\\\/www.versiegelung24.com\\\/wp-content\\\/uploads\\\/2020\\\/06\\\/produkt-1002-7601-1000-Autoglasversiegelung-scaled.jpg\",\"datePublished\":\"2020-04-04T16:53:13+00:00\",\"dateModified\":\"2025-01-03T22:40:29+00:00\",\"breadcrumb\":{\"@id\":\"https:\\\/\\\/www.versiegelung24.com\\\/hu\\\/autouveg-tomites-professzionalis-minosegben.html#breadcrumb\"},\"inLanguage\":\"hu\",\"potentialAction\":[{\"@type\":\"ReadAction\",\"target\":[\"https:\\\/\\\/www.versiegelung24.com\\\/hu\\\/autouveg-tomites-professzionalis-minosegben.html\"]}]},{\"@type\":\"ImageObject\",\"inLanguage\":\"hu\",\"@id\":\"https:\\\/\\\/www.versiegelung24.com\\\/hu\\\/autouveg-tomites-professzionalis-minosegben.html#primaryimage\",\"url\":\"https:\\\/\\\/www.versiegelung24.com\\\/wp-content\\\/uploads\\\/2020\\\/06\\\/produkt-1002-7601-1000-Autoglasversiegelung-scaled.jpg\",\"contentUrl\":\"https:\\\/\\\/www.versiegelung24.com\\\/wp-content\\\/uploads\\\/2020\\\/06\\\/produkt-1002-7601-1000-Autoglasversiegelung-scaled.jpg\",\"width\":2560,\"height\":2560},{\"@type\":\"BreadcrumbList\",\"@id\":\"https:\\\/\\\/www.versiegelung24.com\\\/hu\\\/autouveg-tomites-professzionalis-minosegben.html#breadcrumb\",\"itemListElement\":[{\"@type\":\"ListItem\",\"position\":1,\"name\":\"Honlap\",\"item\":\"https:\\\/\\\/www.versiegelung24.com\\\/hu\\\/elol\\\/\"},{\"@type\":\"ListItem\",\"position\":2,\"name\":\"\u00dczlet\",\"item\":\"https:\\\/\\\/www.versiegelung24.com\\\/hu\\\/uzlet\\\/\"},{\"@type\":\"ListItem\",\"position\":3,\"name\":\"Aut\u00f3\u00fcveg t\u00f6m\u00edt\u00e9s professzion\u00e1lis min\u0151s\u00e9gben\"}]},{\"@type\":\"WebSite\",\"@id\":\"https:\\\/\\\/www.versiegelung24.com\\\/hu\\\/#website\",\"url\":\"https:\\\/\\\/www.versiegelung24.com\\\/hu\\\/\",\"name\":\"versiegelung24.com\",\"description\":\"Fl\u00fcssigglas-Versiegelung - Made in Germany\",\"publisher\":{\"@id\":\"https:\\\/\\\/www.versiegelung24.com\\\/hu\\\/#organization\"},\"potentialAction\":[{\"@type\":\"SearchAction\",\"target\":{\"@type\":\"EntryPoint\",\"urlTemplate\":\"https:\\\/\\\/www.versiegelung24.com\\\/hu\\\/?s={search_term_string}\"},\"query-input\":{\"@type\":\"PropertyValueSpecification\",\"valueRequired\":true,\"valueName\":\"search_term_string\"}}],\"inLanguage\":\"hu\"},{\"@type\":\"Organization\",\"@id\":\"https:\\\/\\\/www.versiegelung24.com\\\/hu\\\/#organization\",\"name\":\"versiegelung24\",\"url\":\"https:\\\/\\\/www.versiegelung24.com\\\/hu\\\/\",\"logo\":{\"@type\":\"ImageObject\",\"inLanguage\":\"hu\",\"@id\":\"https:\\\/\\\/www.versiegelung24.com\\\/hu\\\/#\\\/schema\\\/logo\\\/image\\\/\",\"url\":\"https:\\\/\\\/www.versiegelung24.com\\\/wp-content\\\/uploads\\\/2020\\\/04\\\/versiegelung24.png\",\"contentUrl\":\"https:\\\/\\\/www.versiegelung24.com\\\/wp-content\\\/uploads\\\/2020\\\/04\\\/versiegelung24.png\",\"width\":470,\"height\":102,\"caption\":\"versiegelung24\"},\"image\":{\"@id\":\"https:\\\/\\\/www.versiegelung24.com\\\/hu\\\/#\\\/schema\\\/logo\\\/image\\\/\"}}]}<\/script>\n<meta property=\"og:availability\" content=\"instock\" \/>\n<meta property=\"product:availability\" content=\"instock\" \/>\n<meta property=\"product:retailer_item_id\" content=\"1002-7601\" \/>\n<meta property=\"product:condition\" content=\"new\" \/>\n<!-- \/ Yoast SEO Premium plugin. -->","yoast_head_json":{"title":"Aut\u00f3\u00fcveg t\u00f6m\u00edt\u00e9s professzion\u00e1lis min\u0151s\u00e9gben - versiegelung24.com","robots":{"index":"index","follow":"follow","max-snippet":"max-snippet:-1","max-image-preview":"max-image-preview:large","max-video-preview":"max-video-preview:-1"},"canonical":"https:\/\/www.versiegelung24.com\/hu\/autouveg-tomites-professzionalis-minosegben.html","og_locale":"hu_HU","og_type":"article","og_title":"Aut\u00f3\u00fcveg t\u00f6m\u00edt\u00e9s professzion\u00e1lis min\u0151s\u00e9gben","og_description":"Rendk\u00edv\u00fcl hat\u00e9kony t\u00f6m\u00edt\u00e9s aut\u00f3\u00fcvegekhez \u00e9s lak\u00f3kocsikhoz: \u2713 Professzion\u00e1lis min\u0151s\u00e9g \u2713 Szinte karcmentesen v\u00e9szelje \u00e1t a telet \u2713 Jelent\u0151sen jobb l\u00e1t\u00e1si viszonyok rossz id\u0151ben \u2713 Kb. 70 km\/h-t\u00f3l az es\u0151 vezet\u00e9s k\u00f6zben m\u00e9g ablakt\u00f6rl\u0151k n\u00e9lk\u00fcl is elered, \u00e9s tiszta kil\u00e1t\u00e1st biztos\u00edt","og_url":"https:\/\/www.versiegelung24.com\/hu\/autouveg-tomites-professzionalis-minosegben.html","og_site_name":"versiegelung24.com","article_modified_time":"2025-01-03T22:40:29+00:00","og_image":[{"width":2560,"height":2560,"url":"https:\/\/www.versiegelung24.com\/wp-content\/uploads\/2020\/06\/produkt-1002-7601-1000-Autoglasversiegelung-scaled.jpg","type":"image\/jpeg"}],"twitter_card":"summary_large_image","twitter_misc":{"El\u00e9rhet\u0151s\u00e9g":"K\u00e9szleten"},"schema":{"@context":"https:\/\/schema.org","@graph":[{"@type":"WebPage","@id":"https:\/\/www.versiegelung24.com\/hu\/autouveg-tomites-professzionalis-minosegben.html","url":"https:\/\/www.versiegelung24.com\/hu\/autouveg-tomites-professzionalis-minosegben.html","name":"Aut\u00f3\u00fcveg t\u00f6m\u00edt\u00e9s professzion\u00e1lis min\u0151s\u00e9gben - versiegelung24.com","isPartOf":{"@id":"https:\/\/www.versiegelung24.com\/hu\/#website"},"primaryImageOfPage":{"@id":"https:\/\/www.versiegelung24.com\/hu\/autouveg-tomites-professzionalis-minosegben.html#primaryimage"},"image":{"@id":"https:\/\/www.versiegelung24.com\/hu\/autouveg-tomites-professzionalis-minosegben.html#primaryimage"},"thumbnailUrl":"https:\/\/www.versiegelung24.com\/wp-content\/uploads\/2020\/06\/produkt-1002-7601-1000-Autoglasversiegelung-scaled.jpg","datePublished":"2020-04-04T16:53:13+00:00","dateModified":"2025-01-03T22:40:29+00:00","breadcrumb":{"@id":"https:\/\/www.versiegelung24.com\/hu\/autouveg-tomites-professzionalis-minosegben.html#breadcrumb"},"inLanguage":"hu","potentialAction":[{"@type":"ReadAction","target":["https:\/\/www.versiegelung24.com\/hu\/autouveg-tomites-professzionalis-minosegben.html"]}]},{"@type":"ImageObject","inLanguage":"hu","@id":"https:\/\/www.versiegelung24.com\/hu\/autouveg-tomites-professzionalis-minosegben.html#primaryimage","url":"https:\/\/www.versiegelung24.com\/wp-content\/uploads\/2020\/06\/produkt-1002-7601-1000-Autoglasversiegelung-scaled.jpg","contentUrl":"https:\/\/www.versiegelung24.com\/wp-content\/uploads\/2020\/06\/produkt-1002-7601-1000-Autoglasversiegelung-scaled.jpg","width":2560,"height":2560},{"@type":"BreadcrumbList","@id":"https:\/\/www.versiegelung24.com\/hu\/autouveg-tomites-professzionalis-minosegben.html#breadcrumb","itemListElement":[{"@type":"ListItem","position":1,"name":"Honlap","item":"https:\/\/www.versiegelung24.com\/hu\/elol\/"},{"@type":"ListItem","position":2,"name":"\u00dczlet","item":"https:\/\/www.versiegelung24.com\/hu\/uzlet\/"},{"@type":"ListItem","position":3,"name":"Aut\u00f3\u00fcveg t\u00f6m\u00edt\u00e9s professzion\u00e1lis min\u0151s\u00e9gben"}]},{"@type":"WebSite","@id":"https:\/\/www.versiegelung24.com\/hu\/#website","url":"https:\/\/www.versiegelung24.com\/hu\/","name":"versiegelung24.com","description":"Fl\u00fcssigglas-Versiegelung - Made in Germany","publisher":{"@id":"https:\/\/www.versiegelung24.com\/hu\/#organization"},"potentialAction":[{"@type":"SearchAction","target":{"@type":"EntryPoint","urlTemplate":"https:\/\/www.versiegelung24.com\/hu\/?s={search_term_string}"},"query-input":{"@type":"PropertyValueSpecification","valueRequired":true,"valueName":"search_term_string"}}],"inLanguage":"hu"},{"@type":"Organization","@id":"https:\/\/www.versiegelung24.com\/hu\/#organization","name":"versiegelung24","url":"https:\/\/www.versiegelung24.com\/hu\/","logo":{"@type":"ImageObject","inLanguage":"hu","@id":"https:\/\/www.versiegelung24.com\/hu\/#\/schema\/logo\/image\/","url":"https:\/\/www.versiegelung24.com\/wp-content\/uploads\/2020\/04\/versiegelung24.png","contentUrl":"https:\/\/www.versiegelung24.com\/wp-content\/uploads\/2020\/04\/versiegelung24.png","width":470,"height":102,"caption":"versiegelung24"},"image":{"@id":"https:\/\/www.versiegelung24.com\/hu\/#\/schema\/logo\/image\/"}}]},"og_availability":"instock","product_availability":"instock","product_retailer_item_id":"1002-7601","product_condition":"new"},"_links":{"self":[{"href":"https:\/\/www.versiegelung24.com\/hu\/wp-json\/wp\/v2\/product\/22804","targetHints":{"allow":["GET"]}}],"collection":[{"href":"https:\/\/www.versiegelung24.com\/hu\/wp-json\/wp\/v2\/product"}],"about":[{"href":"https:\/\/www.versiegelung24.com\/hu\/wp-json\/wp\/v2\/types\/product"}],"version-history":[{"count":14,"href":"https:\/\/www.versiegelung24.com\/hu\/wp-json\/wp\/v2\/product\/22804\/revisions"}],"predecessor-version":[{"id":177551,"href":"https:\/\/www.versiegelung24.com\/hu\/wp-json\/wp\/v2\/product\/22804\/revisions\/177551"}],"wp:featuredmedia":[{"embeddable":true,"href":"https:\/\/www.versiegelung24.com\/hu\/wp-json\/wp\/v2\/media\/17610"}],"wp:attachment":[{"href":"https:\/\/www.versiegelung24.com\/hu\/wp-json\/wp\/v2\/media?parent=22804"}],"wp:term":[{"taxonomy":"product_brand","embeddable":true,"href":"https:\/\/www.versiegelung24.com\/hu\/wp-json\/wp\/v2\/product_brand?post=22804"},{"taxonomy":"product_cat","embeddable":true,"href":"https:\/\/www.versiegelung24.com\/hu\/wp-json\/wp\/v2\/product_cat?post=22804"},{"taxonomy":"product_tag","embeddable":true,"href":"https:\/\/www.versiegelung24.com\/hu\/wp-json\/wp\/v2\/product_tag?post=22804"}],"curies":[{"name":"wp","href":"https:\/\/api.w.org\/{rel}","templated":true}]}}