{"id":22840,"date":"2020-04-04T18:53:11","date_gmt":"2021-08-02T19:04:11","guid":{"rendered":"https:\/\/www.versiegelung24.com\/produkt\/textil-tomites-professzionalis-minosegben"},"modified":"2025-01-03T23:26:27","modified_gmt":"2025-01-03T22:26:27","slug":"textil-tomites-professzionalis-minosegben","status":"publish","type":"product","link":"https:\/\/www.versiegelung24.com\/hu\/textil-toemites-professzionalis-minosegben.html","title":{"rendered":"Rapid Tex &#8211; textilt\u00f6m\u00edt\u00e9s professzion\u00e1lis min\u0151s\u00e9gben"},"content":{"rendered":"\n<p><strong>Professzion\u00e1lis textil t\u00f6m\u00edt\u00e9s l\u00f3tusz effektussal (v\u00edzleperget\u0151) belt\u00e9ri \u00e9s k\u00fclt\u00e9ri haszn\u00e1latra<\/strong><\/p>\n\n<p>Kiv\u00e1l\u00f3 min\u0151s\u00e9g N\u00e9metorsz\u00e1gban k\u00e9sz\u00fclt.<\/p>\n\n<hr\/>\n\n<h4 class=\"wp-block-heading\" id=\"properties\">A term\u00e9k jellemz\u0151i<\/h4>\n\n<div class=\"wp-block-columns is-layout-flex wp-container-core-columns-is-layout-9d6595d7 wp-block-columns-is-layout-flex\">\n<div class=\"wp-block-column is-layout-flow wp-block-column-is-layout-flow\">\n<ul class=\"wp-block-list\">\n<li>Er\u0151s hidrof\u00f3b \u00e9s oleof\u00f3b hat\u00e1s (v\u00edz- \u00e9s olajriaszt\u00f3)<\/li>\n\n\n\n<li>Kiv\u00e1l\u00f3, k\u00f6nnyen tiszt\u00edthat\u00f3 hat\u00e1s<\/li>\n\n\n\n<li>A szennyez\u0151d\u00e9seket nedves ruh\u00e1val k\u00f6nnyen elt\u00e1vol\u00edthatja<\/li>\n\n\n\n<li>L\u00e9g\u00e1tereszt\u0151<\/li>\n\n\n\n<li>L\u00e1thatatlan (nem v\u00e1ltozik a megjelen\u00e9s \u00e9s az \u00e9rz\u00e9s)<\/li>\n\n\n\n<li>Er\u0151s tapad\u00e1smentes tulajdons\u00e1gok<\/li>\n\n\n\n<li>V\u00e9delem foltok ellen<\/li>\n\n\n\n<li>Cs\u00f6kkenti a vegyi tiszt\u00edt\u00f3szerek haszn\u00e1lat\u00e1t<\/li>\n<\/ul>\n<\/div>\n\n\n\n<div class=\"wp-block-column is-layout-flow wp-block-column-is-layout-flow\">\n<ul id=\"block-f0be9b0c-a029-4c3c-a6e1-740fba50b471\" class=\"wp-block-list\">\n<li>N\u00f6veli a kop\u00e1s\u00e1ll\u00f3s\u00e1got<\/li>\n\n\n\n<li>A megjelen\u00e9s nem romlik<\/li>\n\n\n\n<li>SiO\u00b2 nano technol\u00f3gia<\/li>\n\n\n\n<li>A sz\u00e1lak v\u00e9delme a szennyez\u0151d\u00e9sek behatol\u00e1s\u00e1t\u00f3l<\/li>\n\n\n\n<li>Egyszer\u0171 alkalmaz\u00e1s<\/li>\n\n\n\n<li>Hossz\u00fa eltarthat\u00f3s\u00e1g a mechanikai ig\u00e9nybev\u00e9telt\u0151l f\u00fcgg\u0151en<\/li>\n<\/ul>\n\n\n\n<p><br\/><br\/>Sz\u00e1ll\u00edt\u00e1si terjedelem: 1 x literes flakon 1 x pump\u00e1s sz\u00f3r\u00f3fej<br\/><\/p>\n<\/div>\n<\/div>\n\n<hr\/>\n\n<h4 class=\"wp-block-heading\" id=\"application\">Alkalmaz\u00e1s<\/h4>\n\n<div class=\"wp-block-columns is-layout-flex wp-container-core-columns-is-layout-9d6595d7 wp-block-columns-is-layout-flex\">\n<div class=\"wp-block-column is-layout-flow wp-block-column-is-layout-flow\">\n<ul class=\"wp-block-list\">\n<li>ruh\u00e1zat<\/li>\n\n\n\n<li>Lak\u00e1stextil (k\u00e1rpit, b\u00fator, sz\u0151nyeg)<\/li>\n\n\n\n<li>Vel\u00far \/ b\u0151r<\/li>\n\n\n\n<li>Pap\u00edr karton<\/li>\n<\/ul>\n\n\n\n<p>A fogyaszt\u00e1s nagyban f\u00fcgg a bevonand\u00f3 anyag szerkezet\u00e9t\u0151l, nedvsz\u00edv\u00f3 k\u00e9pess\u00e9g\u00e9t\u0151l \u00e9s vastags\u00e1g\u00e1t\u00f3l, kb. 10-50 m\u00b2 \/ liter (kb. 10 ml \/ m\u00b2 \/ mm vastags\u00e1gt\u00f3l f\u00fcgg\u0151en, a nedvsz\u00edv\u00f3 k\u00e9pess\u00e9gt\u0151l f\u00fcgg\u0151en).<\/p>\n<\/div>\n\n\n\n<div class=\"wp-block-column is-layout-flow wp-block-column-is-layout-flow\">\n<p><em>Figyelem: A t\u00f6m\u00edt\u00e9st olyan text\u00edli\u00e1khoz fejlesztett\u00e9k ki, amelyeket soha vagy ritk\u00e1n mosnak. A rendszeresen mosott ruh\u00e1kon a t\u00f6m\u00edt\u00e9s tart\u00f3ss\u00e1ga legfeljebb 5 mos\u00e1s, max. 30 \u00b0 C -on \u00e9s csak v\u00edzzel, mos\u00f3szer n\u00e9lk\u00fcl moshat\u00f3.<\/em><\/p>\n\n\n\n<p><br\/><br\/>K\u00f6nnyen alkalmazhat\u00f3: 1. F\u00fajja tiszta fel\u00fcletre. 3. Hagyja megsz\u00e1radni \u00e9s 12 \u00f3r\u00e1n \u00e1t besz\u00edv\u00f3dni &#8211; k\u00e9sz.<\/p>\n\n\n\n<p>Tart\u00f3ss\u00e1g: 1-5 \u00e9v (a text\u00edli\u00e1t\u00f3l f\u00fcgg\u0151en)<\/p>\n<\/div>\n<\/div>\n\n<p><strong>Alkalmas:<\/strong><br\/>K\u00e1rpitozott b\u00fatorok, matracok, sz\u00f6vethuzatok, aut\u00f3\u00fcl\u00e9sek, s\u00e1trak, szabadid\u0151s \u00e9s munkaruh\u00e1zat, \u00f6lt\u00f6ny\u00f6k, ingek\/bl\u00fazok, nyakkend\u0151k, napellenz\u0151k, lak\u00e1stext\u00edli\u00e1k, kab\u00e1tok, vel\u00far (csak ha el\u0151z\u0151leg nem volt bevonva), kalandruh\u00e1zat, aktat\u00e1sk\u00e1k, anor\u00e1kok, \u00f6lt\u00f6ny, aut\u00f3tet\u0151, pamut, f\u00fcgg\u00f6ny\u00f6k, sz\u00f6vetkeszty\u0171k, textilf\u00fcgg\u00f6ny\u00f6k, gyermek\u00fcl\u00e9sek, babakocsik, p\u00e1rn\u00e1k, sz\u00f6vetjelmezek, sz\u00f6vetl\u00e9cek, nappab\u0151r, kab\u00e1tok, kalapok, pl\u00fcssj\u00e1t\u00e9kok, h\u00e1tizs\u00e1kok, kab\u00e1tok, selyem, naperny\u0151k, sz\u00f6vetj\u00e1t\u00e9kok, ter\u00edt\u0151k \u00e9s m\u00e9g sok m\u00e1s.<\/p>\n","protected":false},"excerpt":{"rendered":"<p><strong>Professzion\u00e1lis textilz\u00e1r\u00e1s:<\/strong><\/p>\n<p>\u2713 L\u00f3tusz hat\u00e1s\u00fa (v\u00edztasz\u00edt\u00f3)<\/p>\n<p>\u2713 Belt\u00e9ri \u00e9s k\u00fclt\u00e9ri haszn\u00e1latra<\/p>\n","protected":false},"featured_media":125352,"template":"","meta":{"_acf_changed":false,"neve_meta_sidebar":"","neve_meta_container":"","neve_meta_enable_content_width":"","neve_meta_content_width":0,"neve_meta_title_alignment":"","neve_meta_author_avatar":"","neve_post_elements_order":"","neve_meta_disable_header":"","neve_meta_disable_footer":"","neve_meta_disable_title":"","neve_meta_reading_time":"","_surfaces":[],"_ver_product_tabs":[],"footnotes":""},"product_brand":[],"product_cat":[2276],"product_tag":[],"class_list":{"0":"post-22840","1":"product","2":"type-product","3":"status-publish","4":"has-post-thumbnail","6":"product_cat-bor-es-textil-toemites","8":"first","9":"instock","10":"taxable","11":"shipping-taxable","12":"purchasable","13":"product-type-simple"},"acf":[],"yoast_head":"<!-- This site is optimized with the Yoast SEO Premium plugin v22.8 (Yoast SEO v27.5) - https:\/\/yoast.com\/product\/yoast-seo-premium-wordpress\/ -->\n<title>Rapid Tex - textilt\u00f6m\u00edt\u00e9s professzion\u00e1lis min\u0151s\u00e9gben - versiegelung24.com<\/title>\n<meta name=\"robots\" content=\"index, follow, max-snippet:-1, max-image-preview:large, max-video-preview:-1\" \/>\n<link rel=\"canonical\" href=\"https:\/\/www.versiegelung24.com\/hu\/textil-toemites-professzionalis-minosegben.html\" \/>\n<meta property=\"og:locale\" content=\"hu_HU\" \/>\n<meta property=\"og:type\" content=\"article\" \/>\n<meta property=\"og:title\" content=\"Rapid Tex - textilt\u00f6m\u00edt\u00e9s professzion\u00e1lis min\u0151s\u00e9gben\" \/>\n<meta property=\"og:description\" content=\"Professzion\u00e1lis textilz\u00e1r\u00e1s: \u2713 L\u00f3tusz hat\u00e1s\u00fa (v\u00edztasz\u00edt\u00f3) \u2713 Belt\u00e9ri \u00e9s k\u00fclt\u00e9ri haszn\u00e1latra\" \/>\n<meta property=\"og:url\" content=\"https:\/\/www.versiegelung24.com\/hu\/textil-toemites-professzionalis-minosegben.html\" \/>\n<meta property=\"og:site_name\" content=\"versiegelung24.com\" \/>\n<meta property=\"article:modified_time\" content=\"2025-01-03T22:26:27+00:00\" \/>\n<meta property=\"og:image\" content=\"https:\/\/www.versiegelung24.com\/wp-content\/uploads\/2020\/04\/produkt-6000-689-1000-rapid-tex-Textilversiegelung-scaled.webp\" \/>\n\t<meta property=\"og:image:width\" content=\"2560\" \/>\n\t<meta property=\"og:image:height\" content=\"2560\" \/>\n\t<meta property=\"og:image:type\" content=\"image\/webp\" \/>\n<meta name=\"twitter:card\" content=\"summary_large_image\" \/>\n<meta name=\"twitter:label1\" content=\"\u00c1r\" \/>\n\t<meta name=\"twitter:data1\" content=\"49,00&euro;\" \/>\n\t<meta name=\"twitter:label2\" content=\"El\u00e9rhet\u0151s\u00e9g\" \/>\n\t<meta name=\"twitter:data2\" content=\"K\u00e9szleten\" \/>\n<script type=\"application\/ld+json\" class=\"yoast-schema-graph\">{\"@context\":\"https:\\\/\\\/schema.org\",\"@graph\":[{\"@type\":\"WebPage\",\"@id\":\"https:\\\/\\\/www.versiegelung24.com\\\/hu\\\/textil-toemites-professzionalis-minosegben.html\",\"url\":\"https:\\\/\\\/www.versiegelung24.com\\\/hu\\\/textil-toemites-professzionalis-minosegben.html\",\"name\":\"Rapid Tex - textilt\u00f6m\u00edt\u00e9s professzion\u00e1lis min\u0151s\u00e9gben - versiegelung24.com\",\"isPartOf\":{\"@id\":\"https:\\\/\\\/www.versiegelung24.com\\\/hu\\\/#website\"},\"primaryImageOfPage\":{\"@id\":\"https:\\\/\\\/www.versiegelung24.com\\\/hu\\\/textil-toemites-professzionalis-minosegben.html#primaryimage\"},\"image\":{\"@id\":\"https:\\\/\\\/www.versiegelung24.com\\\/hu\\\/textil-toemites-professzionalis-minosegben.html#primaryimage\"},\"thumbnailUrl\":\"https:\\\/\\\/www.versiegelung24.com\\\/wp-content\\\/uploads\\\/2020\\\/04\\\/produkt-6000-689-1000-rapid-tex-Textilversiegelung-scaled.webp\",\"datePublished\":\"2021-08-02T19:04:11+00:00\",\"dateModified\":\"2025-01-03T22:26:27+00:00\",\"breadcrumb\":{\"@id\":\"https:\\\/\\\/www.versiegelung24.com\\\/hu\\\/textil-toemites-professzionalis-minosegben.html#breadcrumb\"},\"inLanguage\":\"hu\",\"potentialAction\":[{\"@type\":\"ReadAction\",\"target\":[\"https:\\\/\\\/www.versiegelung24.com\\\/hu\\\/textil-toemites-professzionalis-minosegben.html\"]}]},{\"@type\":\"ImageObject\",\"inLanguage\":\"hu\",\"@id\":\"https:\\\/\\\/www.versiegelung24.com\\\/hu\\\/textil-toemites-professzionalis-minosegben.html#primaryimage\",\"url\":\"https:\\\/\\\/www.versiegelung24.com\\\/wp-content\\\/uploads\\\/2020\\\/04\\\/produkt-6000-689-1000-rapid-tex-Textilversiegelung-scaled.webp\",\"contentUrl\":\"https:\\\/\\\/www.versiegelung24.com\\\/wp-content\\\/uploads\\\/2020\\\/04\\\/produkt-6000-689-1000-rapid-tex-Textilversiegelung-scaled.webp\",\"width\":2560,\"height\":2560},{\"@type\":\"BreadcrumbList\",\"@id\":\"https:\\\/\\\/www.versiegelung24.com\\\/hu\\\/textil-toemites-professzionalis-minosegben.html#breadcrumb\",\"itemListElement\":[{\"@type\":\"ListItem\",\"position\":1,\"name\":\"Honlap\",\"item\":\"https:\\\/\\\/www.versiegelung24.com\\\/hu\\\/elol\\\/\"},{\"@type\":\"ListItem\",\"position\":2,\"name\":\"\u00dczlet\",\"item\":\"https:\\\/\\\/www.versiegelung24.com\\\/hu\\\/uzlet\\\/\"},{\"@type\":\"ListItem\",\"position\":3,\"name\":\"Rapid Tex &#8211; textilt\u00f6m\u00edt\u00e9s professzion\u00e1lis min\u0151s\u00e9gben\"}]},{\"@type\":\"WebSite\",\"@id\":\"https:\\\/\\\/www.versiegelung24.com\\\/hu\\\/#website\",\"url\":\"https:\\\/\\\/www.versiegelung24.com\\\/hu\\\/\",\"name\":\"versiegelung24.com\",\"description\":\"Fl\u00fcssigglas-Versiegelung - Made in Germany\",\"publisher\":{\"@id\":\"https:\\\/\\\/www.versiegelung24.com\\\/hu\\\/#organization\"},\"potentialAction\":[{\"@type\":\"SearchAction\",\"target\":{\"@type\":\"EntryPoint\",\"urlTemplate\":\"https:\\\/\\\/www.versiegelung24.com\\\/hu\\\/?s={search_term_string}\"},\"query-input\":{\"@type\":\"PropertyValueSpecification\",\"valueRequired\":true,\"valueName\":\"search_term_string\"}}],\"inLanguage\":\"hu\"},{\"@type\":\"Organization\",\"@id\":\"https:\\\/\\\/www.versiegelung24.com\\\/hu\\\/#organization\",\"name\":\"versiegelung24\",\"url\":\"https:\\\/\\\/www.versiegelung24.com\\\/hu\\\/\",\"logo\":{\"@type\":\"ImageObject\",\"inLanguage\":\"hu\",\"@id\":\"https:\\\/\\\/www.versiegelung24.com\\\/hu\\\/#\\\/schema\\\/logo\\\/image\\\/\",\"url\":\"https:\\\/\\\/www.versiegelung24.com\\\/wp-content\\\/uploads\\\/2020\\\/04\\\/versiegelung24.png\",\"contentUrl\":\"https:\\\/\\\/www.versiegelung24.com\\\/wp-content\\\/uploads\\\/2020\\\/04\\\/versiegelung24.png\",\"width\":470,\"height\":102,\"caption\":\"versiegelung24\"},\"image\":{\"@id\":\"https:\\\/\\\/www.versiegelung24.com\\\/hu\\\/#\\\/schema\\\/logo\\\/image\\\/\"}}]}<\/script>\n<meta property=\"product:price:amount\" content=\"49.00\" \/>\n<meta property=\"product:price:currency\" content=\"EUR\" \/>\n<meta property=\"og:availability\" content=\"instock\" \/>\n<meta property=\"product:availability\" content=\"instock\" \/>\n<meta property=\"product:retailer_item_id\" content=\"6000-689-1000\" \/>\n<meta property=\"product:condition\" content=\"new\" \/>\n<!-- \/ Yoast SEO Premium plugin. -->","yoast_head_json":{"title":"Rapid Tex - textilt\u00f6m\u00edt\u00e9s professzion\u00e1lis min\u0151s\u00e9gben - versiegelung24.com","robots":{"index":"index","follow":"follow","max-snippet":"max-snippet:-1","max-image-preview":"max-image-preview:large","max-video-preview":"max-video-preview:-1"},"canonical":"https:\/\/www.versiegelung24.com\/hu\/textil-toemites-professzionalis-minosegben.html","og_locale":"hu_HU","og_type":"article","og_title":"Rapid Tex - textilt\u00f6m\u00edt\u00e9s professzion\u00e1lis min\u0151s\u00e9gben","og_description":"Professzion\u00e1lis textilz\u00e1r\u00e1s: \u2713 L\u00f3tusz hat\u00e1s\u00fa (v\u00edztasz\u00edt\u00f3) \u2713 Belt\u00e9ri \u00e9s k\u00fclt\u00e9ri haszn\u00e1latra","og_url":"https:\/\/www.versiegelung24.com\/hu\/textil-toemites-professzionalis-minosegben.html","og_site_name":"versiegelung24.com","article_modified_time":"2025-01-03T22:26:27+00:00","og_image":[{"width":2560,"height":2560,"url":"https:\/\/www.versiegelung24.com\/wp-content\/uploads\/2020\/04\/produkt-6000-689-1000-rapid-tex-Textilversiegelung-scaled.webp","type":"image\/webp"}],"twitter_card":"summary_large_image","twitter_misc":{"\u00c1r":"49,00&euro;","El\u00e9rhet\u0151s\u00e9g":"K\u00e9szleten"},"schema":{"@context":"https:\/\/schema.org","@graph":[{"@type":"WebPage","@id":"https:\/\/www.versiegelung24.com\/hu\/textil-toemites-professzionalis-minosegben.html","url":"https:\/\/www.versiegelung24.com\/hu\/textil-toemites-professzionalis-minosegben.html","name":"Rapid Tex - textilt\u00f6m\u00edt\u00e9s professzion\u00e1lis min\u0151s\u00e9gben - versiegelung24.com","isPartOf":{"@id":"https:\/\/www.versiegelung24.com\/hu\/#website"},"primaryImageOfPage":{"@id":"https:\/\/www.versiegelung24.com\/hu\/textil-toemites-professzionalis-minosegben.html#primaryimage"},"image":{"@id":"https:\/\/www.versiegelung24.com\/hu\/textil-toemites-professzionalis-minosegben.html#primaryimage"},"thumbnailUrl":"https:\/\/www.versiegelung24.com\/wp-content\/uploads\/2020\/04\/produkt-6000-689-1000-rapid-tex-Textilversiegelung-scaled.webp","datePublished":"2021-08-02T19:04:11+00:00","dateModified":"2025-01-03T22:26:27+00:00","breadcrumb":{"@id":"https:\/\/www.versiegelung24.com\/hu\/textil-toemites-professzionalis-minosegben.html#breadcrumb"},"inLanguage":"hu","potentialAction":[{"@type":"ReadAction","target":["https:\/\/www.versiegelung24.com\/hu\/textil-toemites-professzionalis-minosegben.html"]}]},{"@type":"ImageObject","inLanguage":"hu","@id":"https:\/\/www.versiegelung24.com\/hu\/textil-toemites-professzionalis-minosegben.html#primaryimage","url":"https:\/\/www.versiegelung24.com\/wp-content\/uploads\/2020\/04\/produkt-6000-689-1000-rapid-tex-Textilversiegelung-scaled.webp","contentUrl":"https:\/\/www.versiegelung24.com\/wp-content\/uploads\/2020\/04\/produkt-6000-689-1000-rapid-tex-Textilversiegelung-scaled.webp","width":2560,"height":2560},{"@type":"BreadcrumbList","@id":"https:\/\/www.versiegelung24.com\/hu\/textil-toemites-professzionalis-minosegben.html#breadcrumb","itemListElement":[{"@type":"ListItem","position":1,"name":"Honlap","item":"https:\/\/www.versiegelung24.com\/hu\/elol\/"},{"@type":"ListItem","position":2,"name":"\u00dczlet","item":"https:\/\/www.versiegelung24.com\/hu\/uzlet\/"},{"@type":"ListItem","position":3,"name":"Rapid Tex &#8211; textilt\u00f6m\u00edt\u00e9s professzion\u00e1lis min\u0151s\u00e9gben"}]},{"@type":"WebSite","@id":"https:\/\/www.versiegelung24.com\/hu\/#website","url":"https:\/\/www.versiegelung24.com\/hu\/","name":"versiegelung24.com","description":"Fl\u00fcssigglas-Versiegelung - Made in Germany","publisher":{"@id":"https:\/\/www.versiegelung24.com\/hu\/#organization"},"potentialAction":[{"@type":"SearchAction","target":{"@type":"EntryPoint","urlTemplate":"https:\/\/www.versiegelung24.com\/hu\/?s={search_term_string}"},"query-input":{"@type":"PropertyValueSpecification","valueRequired":true,"valueName":"search_term_string"}}],"inLanguage":"hu"},{"@type":"Organization","@id":"https:\/\/www.versiegelung24.com\/hu\/#organization","name":"versiegelung24","url":"https:\/\/www.versiegelung24.com\/hu\/","logo":{"@type":"ImageObject","inLanguage":"hu","@id":"https:\/\/www.versiegelung24.com\/hu\/#\/schema\/logo\/image\/","url":"https:\/\/www.versiegelung24.com\/wp-content\/uploads\/2020\/04\/versiegelung24.png","contentUrl":"https:\/\/www.versiegelung24.com\/wp-content\/uploads\/2020\/04\/versiegelung24.png","width":470,"height":102,"caption":"versiegelung24"},"image":{"@id":"https:\/\/www.versiegelung24.com\/hu\/#\/schema\/logo\/image\/"}}]},"product_price_amount":"49.00","product_price_currency":"EUR","og_availability":"instock","product_availability":"instock","product_retailer_item_id":"6000-689-1000","product_condition":"new"},"_links":{"self":[{"href":"https:\/\/www.versiegelung24.com\/hu\/wp-json\/wp\/v2\/product\/22840","targetHints":{"allow":["GET"]}}],"collection":[{"href":"https:\/\/www.versiegelung24.com\/hu\/wp-json\/wp\/v2\/product"}],"about":[{"href":"https:\/\/www.versiegelung24.com\/hu\/wp-json\/wp\/v2\/types\/product"}],"version-history":[{"count":13,"href":"https:\/\/www.versiegelung24.com\/hu\/wp-json\/wp\/v2\/product\/22840\/revisions"}],"predecessor-version":[{"id":174343,"href":"https:\/\/www.versiegelung24.com\/hu\/wp-json\/wp\/v2\/product\/22840\/revisions\/174343"}],"wp:featuredmedia":[{"embeddable":true,"href":"https:\/\/www.versiegelung24.com\/hu\/wp-json\/wp\/v2\/media\/125352"}],"wp:attachment":[{"href":"https:\/\/www.versiegelung24.com\/hu\/wp-json\/wp\/v2\/media?parent=22840"}],"wp:term":[{"taxonomy":"product_brand","embeddable":true,"href":"https:\/\/www.versiegelung24.com\/hu\/wp-json\/wp\/v2\/product_brand?post=22840"},{"taxonomy":"product_cat","embeddable":true,"href":"https:\/\/www.versiegelung24.com\/hu\/wp-json\/wp\/v2\/product_cat?post=22840"},{"taxonomy":"product_tag","embeddable":true,"href":"https:\/\/www.versiegelung24.com\/hu\/wp-json\/wp\/v2\/product_tag?post=22840"}],"curies":[{"name":"wp","href":"https:\/\/api.w.org\/{rel}","templated":true}]}}