{"id":23056,"date":"2020-04-04T18:53:21","date_gmt":"2021-08-02T19:16:15","guid":{"rendered":"https:\/\/www.versiegelung24.com\/produkt\/granit-tomites-professzionalis-minosegben"},"modified":"2025-01-03T23:52:11","modified_gmt":"2025-01-03T22:52:11","slug":"granit-tomites-professzionalis-minosegben","status":"publish","type":"product","link":"https:\/\/www.versiegelung24.com\/hu\/granit-toemites-professzionalis-minosegben.html","title":{"rendered":"Gr\u00e1nit t\u00f6m\u00edt\u00e9s hossz\u00fa t\u00e1v\u00fa \u00e9s m\u00e9ly hat\u00e1s\u00fa &#8211; pr\u00e9mium min\u0151s\u00e9g\u0171"},"content":{"rendered":"\n<h2 class=\"wp-block-heading\" id=\"granitversiegelung-premium-qualitat\">Gr\u00e1nit t\u00f6m\u00edt\u00e9s &#8211; pr\u00e9mium min\u0151s\u00e9g<\/h2>\n\n<h2 class=\"wp-block-heading\" id=\"pflege-und-reinigung-von-granit\">Gr\u00e1nit karbantart\u00e1sa \u00e9s tiszt\u00edt\u00e1sa<\/h2>\n\n<p>M\u00e9g ha egy gr\u00e1nit asztal vagy egy ebb\u0151l a k\u0151b\u0151l k\u00e9sz\u00fclt padl\u00f3 vagy mosogat\u00f3 is term\u00e9szetesen robusztusnak sz\u00e1m\u00edt, ez a term\u00e9szetes k\u0151 is rendszeres karbantart\u00e1st ig\u00e9nyel &#8211; elv\u00e9gre tart\u00f3san sz\u00e9pnek \u00e9s f\u00e9nyesnek kell lennie. A dr\u00e1ga \u00e9s nemes gr\u00e1nit, amely hossz\u00fa t\u00e1von elhaszn\u00e1l\u00f3dik, \u00e9s ez\u00e1ltal unalmass\u00e1 \u00e9s cs\u00fanya lesz, gyakran \u00faj v\u00e1g\u00e1st \u00e9s t\u00f6m\u00edt\u00e9st ig\u00e9nyel. A speci\u00e1lis tiszt\u00edt\u00f3szerekkel v\u00e9gzett rendszeres t\u00f6rl\u00e9s meg\u0151rzi \u00e9s tart\u00f3san jav\u00edtja a gr\u00e1nit term\u00e9szetes sz\u00e9ps\u00e9g\u00e9t. Karbantart\u00e1s c\u00e9lj\u00e1b\u00f3l a padl\u00f3t amm\u00f3ni\u00e1val, majd padl\u00f3viaszjal d\u00f6rzs\u00f6lhetj\u00fck. K\u00edv\u00fclr\u0151l er\u0151s l\u00fagok (pl. Por \u00e9s mosogat\u00f3g\u00e9phez k\u00e9sz\u00fclt f\u00fclek) csod\u00e1kra k\u00e9pesek a por \u00e9s a moha enyhe szennyez\u0151d\u00e9s\u00e9vel. A nedves s\u00f3 seg\u00edthet a friss foltok kezel\u00e9s\u00e9ben. Sokkal nehezebb a zs\u00edros foltokat viasz vagy olaj seg\u00edts\u00e9g\u00e9vel elt\u00e1vol\u00edtani. Ebben az esetben a nedvess\u00e9get elnyel\u0151 porok vagy speci\u00e1lis paszt\u00e1k hat\u00e9konynak bizonyultak. Ezeknek a gy\u00e1rt\u00f3 utas\u00edt\u00e1sai szerint kell elj\u00e1rniuk, t\u00f6r\u00f6lni kell \u0151ket, \u00e9s t\u00f6bbsz\u00f6r meg kell ism\u00e9telni. Itt haszn\u00e1lhat\u00f3 <a href=\"https:\/\/www.versiegelung24.com\/biosativa-bio-putzmittel.html\">BIOSATIVA\u00ae<\/a> tiszt\u00edt\u00f3szer koncentr\u00e1tumunk. Ez alkalmas, mert teljesen biol\u00f3giailag lebomlik. A tiszt\u00edt\u00e1si teljes\u00edtm\u00e9ny nem cs\u00f6kken.<\/p>\n\n<div class=\"wp-block-columns is-layout-flex wp-container-core-columns-is-layout-9d6595d7 wp-block-columns-is-layout-flex\">\n<div class=\"wp-block-column is-layout-flow wp-block-column-is-layout-flow\">\n<h2 class=\"wp-block-heading\" id=\"definition-und-zusammensetzung\">Meghat\u00e1roz\u00e1s \u00e9s \u00f6sszet\u00e9tel<\/h2>\n\n\n\n<p>A gr\u00e1nitok magm\u00e1s k\u0151zetek, amelyek olvadt k\u0151zetb\u0151l k\u00e9pz\u0151dnek. A massz\u00edv \u00e9s viszonylag durv\u00e1n krist\u00e1lyos magm\u00e1s k\u0151zet gazdag f\u00f6ldp\u00e1tban, kvarcban \u00e9s s\u00f6t\u00e9t \u00e1sv\u00e1nyokban, p\u00e9ld\u00e1ul csill\u00e1mban. A gr\u00e1nit a magma (k\u0151zetolvad\u00e9k) megszil\u00e1rdul\u00e1s\u00e1val keletkezik a f\u00f6ldk\u00e9regben, t\u00f6bbnyire a f\u00f6ldfelsz\u00edn alatt t\u00f6bb mint k\u00e9t kilom\u00e9ter m\u00e9lys\u00e9gben. Emiatt a gr\u00e1nit az egyik m\u00e9ly k\u0151zet. A gr\u00e1nithoz sz\u00fcks\u00e9ges k\u00f6nny\u0171 \u00e1sv\u00e1nyok kvarctartalm\u00e1nak legal\u00e1bb 20, de legfeljebb 60 sz\u00e1zal\u00e9knak kell lennie. A legt\u00f6bb esetben a gr\u00e1nitok vil\u00e1gos sz\u00edn\u0171 k\u0151zetek. A feh\u00e9r, v\u00f6r\u00f6ses vagy s\u00e1rg\u00e1s sz\u00ednek mellett t\u00f6bbsz\u00edn\u0171 v\u00e1ltozatok is l\u00e9teznek &#8211; a gr\u00e1nit azonban soha nem teljesen fekete. Pontosan itt k\u00fcl\u00f6nb\u00f6zik a gr\u00e1nit a gabbr\u00f3t\u00f3l vagy a bazaltt\u00f3l, f\u0151leg, hogy ezek nem tartalmaznak kvarcot. Ezt a szempontot figyelembe kell venni a term\u00e9szetes k\u0151 kereskedelemben, mivel ezeknek a k\u00f6veknek semmi k\u00f6z\u00fck a gr\u00e1nithoz, \u00e9s gyakran kev\u00e9sb\u00e9 robusztusak.<\/p>\n<\/div>\n\n\n\n<div class=\"wp-block-column is-layout-flow wp-block-column-is-layout-flow\">\n<h2 class=\"wp-block-heading\" id=\"eigenschaften-und-klassifizierung\">Tulajdons\u00e1gok \u00e9s oszt\u00e1lyoz\u00e1s<\/h2>\n\n\n\n<p>A gr\u00e1nit egyik nagy el\u0151nye a robosztuss\u00e1ga. Nem v\u00e9letlen\u00fcl \u00e1llapodtak meg olyan kifejez\u00e9sek, mint a &#8220;kem\u00e9ny, mint a gr\u00e1nit&#8221; vagy a &#8220;harap\u00e1s a gr\u00e1niton&#8221;, utalva a k\u0151zet rugalmass\u00e1g\u00e1ra. A gr\u00e1nitok nagyon k\u00fcl\u00f6nb\u00f6z\u0151ek lehetnek m\u00e9g ugyanazon k\u00e9miai \u00f6sszet\u00e9tel mellett is. Az \u00e1sv\u00e1nyok sz\u00edne \u00e9s szemcsem\u00e9rete els\u0151sorban felel\u0151s a sz\u00e1mos v\u00e1ltozat\u00e9rt. A gr\u00e1nit \u00e1ltal\u00e1ban k\u00f6zepes vagy durva szemcs\u00e9s. Viszonylag egys\u00e9ges megjelen\u00e9s\u0171, ami a homog\u00e9n \u00e1sv\u00e1nyi eloszl\u00e1sb\u00f3l ad\u00f3dik, t\u00f6bbnyire ir\u00e1nytalan text\u00far\u00e1j\u00fa. Szerkezet\u00e9t k\u00f6zvetlen szemcse -asszoci\u00e1ci\u00f3 jellemzi, a krist\u00e1lym\u00e9ret \u00e1ltal\u00e1ban egy \u00e9s t\u00f6bb centim\u00e9ter k\u00f6z\u00f6tt ingadozik. Az azonos m\u00e9ret\u0171 gr\u00e1nitok mellett, amelyekben szinte minden krist\u00e1ly azonos m\u00e9ret\u0171, nem ritka, hogy szab\u00e1lytalan szem\u0171 vagy porf\u00edr gr\u00e1nitok fordulnak el\u0151. Ebben az esetben az egyes krist\u00e1lyok &#8211; t\u00f6bbnyire \u00fagynevezett f\u00f6ldp\u00e1t &#8211; t\u00f6bbsz\u00f6r\u00f6sen nagyobbak, mint a t\u00f6bbi \u00e1sv\u00e1ny.<\/p>\n<\/div>\n<\/div>\n\n<p>Gr\u00e1nit t\u00f6m\u00edt\u00e9s\u00fcnk egyed\u00fcl\u00e1ll\u00f3 hossz\u00fa t\u00e1v\u00fa hat\u00e1st \u00e9r el m\u00e9lys\u00e9ghat\u00e1s\u00e1nak k\u00f6sz\u00f6nhet\u0151en, amely hossz\u00fa t\u00e1von j\u00f3 megjelen\u00e9st k\u00f6lcs\u00f6n\u00f6z a k\u0151nek, \u00e9s hat\u00e9konyan \u00e9s tart\u00f3san v\u00e9d minden k\u00fcls\u0151 behat\u00e1st\u00f3l. A l\u00f3tuszhat\u00e1s miatt a j\u00f6v\u0151ben a v\u00edz egyszer\u0171en le fog gurulni a fel\u00fcletr\u0151l.<\/p>\n\n<hr\/>\n\n<h2 class=\"wp-block-heading\" id=\"video\">Term\u00e9kvide\u00f3: Gr\u00e1nitlapok t\u00f6m\u00edt\u00e9se belt\u00e9ren \u00e9s k\u00fclt\u00e9ren<\/h2>\n\n<figure class=\"wp-block-embed aligncenter is-type-video is-provider-youtube wp-block-embed-youtube wp-embed-aspect-16-9 wp-has-aspect-ratio\"><div class=\"wp-block-embed__wrapper\"> \n<div class=\"nv-iframe-embed\"><iframe title=\"Granitversiegelung Innenbereich &amp; Au\u00dfenbereich\" width=\"1200\" height=\"675\" src=\"https:\/\/www.youtube.com\/embed\/UOoe5R-2wXw?feature=oembed\" frameborder=\"0\" allow=\"accelerometer; autoplay; clipboard-write; encrypted-media; gyroscope; picture-in-picture\" allowfullscreen><\/iframe><\/div>\n <\/div><\/figure>\n\n<h4 class=\"wp-block-heading\" id=\"properties\">A term\u00e9k jellemz\u0151i<\/h4>\n\n<div class=\"wp-block-columns is-layout-flex wp-container-core-columns-is-layout-9d6595d7 wp-block-columns-is-layout-flex\">\n<div class=\"wp-block-column is-layout-flow wp-block-column-is-layout-flow\">\n<p><strong>Nagyon hat\u00e9kony professzion\u00e1lis gr\u00e1nit t\u00f6m\u00edt\u0151anyag m\u00e9lys\u00e9ghat\u00e1ssal \u00e9s v\u00edztasz\u00edt\u00f3 l\u00f3tuszhat\u00e1ssal<\/strong><\/p>\n\n\n\n<p><br\/>Cikksz\u00e1m: 3005-7620 \u00daj v\u00e1ltozat, jav\u00edtott hat\u00e1s\u00fa zs\u00edr \u00e9s v\u00f6r\u00f6sbor ellen (kor\u00e1bbi cikksz\u00e1m: 3005-620)<\/p>\n\n\n\n<p>Kiv\u00e1l\u00f3 min\u0151s\u00e9g N\u00e9metorsz\u00e1gban k\u00e9sz\u00fclt<\/p>\n\n\n\n<p><strong>term\u00e9kbiztons\u00e1g<\/strong><\/p>\n\n\n\n<p>A term\u00e9k vesz\u00e9lyes anyagokr\u00f3l sz\u00f3l\u00f3 rendelet keret\u00e9ben t\u00f6rt\u00e9n\u0151 besorol\u00e1s\u00e1ra vonatkoz\u00f3 inform\u00e1ci\u00f3k, biztons\u00e1gi adatok, valamint toxikol\u00f3giai \u00e9s t\u00e1rol\u00e1si adatok a biztons\u00e1gi adatlapunkon tal\u00e1lhat\u00f3k.<\/p>\n\n\n\n<p><strong>t\u00e1rol\u00e1s<\/strong><\/p>\n\n\n\n<p><strong>V24 gr\u00e1nit t\u00f6m\u00edt\u00e9s<\/strong> nem \u00e9rintkezhet nedvess\u00e9ggel. A t\u00e1rol\u00e1st -10 \u00b0 C \u00e9s +40 \u00b0 C k\u00f6z\u00f6tti h\u0151m\u00e9rs\u00e9kleten kell v\u00e9gezni.<\/p>\n\n\n\n<p><strong>V24 gr\u00e1nit t\u00f6m\u00edt\u00e9s<\/strong> korl\u00e1tlan eltarthat\u00f3s\u00e1gi id\u0151vel rendelkezik az eredeti lez\u00e1rt tart\u00e1lyban.<\/p>\n\n\n\n<p><\/p>\n\n\n\n<p><strong>Sz\u00e1ll\u00edt\u00e1si terjedelem:<\/strong><\/p>\n\n\n\n<p><br\/>1 x literes flakon 1 x pump\u00e1s sz\u00f3r\u00f3fej<br\/><\/p>\n<\/div>\n\n\n\n<div class=\"wp-block-column is-layout-flow wp-block-column-is-layout-flow\">\n<p>\u2713 Hat\u00e9kony tart\u00f3s fel\u00fcletv\u00e9delem v\u00edz, szennyez\u0151d\u00e9s \u00e9s id\u0151j\u00e1r\u00e1s ellen<\/p>\n\n\n\n<p>\u2713 megakad\u00e1lyozza a moh\u00e1k, zuzm\u00f3k, gomb\u00e1k \u00e9s egy\u00e9b term\u00e9szetes hat\u00e1sok n\u00f6veked\u00e9s\u00e9t<\/p>\n\n\n\n<p>\u2713 nem v\u00e1ltozik a fel\u00fclet kin\u00e9zete (teljesen l\u00e1thatatlan)<\/p>\n\n\n\n<p>\u2713 extr\u00e9m kop\u00e1s\u00e1ll\u00f3s\u00e1g a hossz\u00fa l\u00e1nc\u00fa szil\u00edciumvegy\u00fcletek (SiO\u00b2) miatt<\/p>\n\n\n\n<p>\u2713 Hosszan tart\u00f3 m\u00e9lys\u00e9ghat\u00e1s a nagy, ak\u00e1r 25 mm-es behatol\u00e1si m\u00e9lys\u00e9gnek k\u00f6sz\u00f6nhet\u0151en (a k\u0151 nedvsz\u00edv\u00f3 k\u00e9pess\u00e9g\u00e9t\u0151l f\u00fcgg\u0151en)<\/p>\n\n\n\n<p>\u2713 A fel\u00fclet l\u00e9g\u00e1tereszt\u0151 marad (nyitott a diff\u00fazi\u00f3ra), \u00edgy nincs g\u00e1tr\u00e9teg \u00e9s nincs nedvess\u00e9g<\/p>\n\n\n\n<p>\u2713 teljesen fagy\u00e1ll\u00f3 (a j\u00e9g \u00e9s a h\u00f3 nem okoz k\u00e1rt)<\/p>\n\n\n\n<p>\u2713 UV -stabil<\/p>\n\n\n\n<p>\u2713 K\u00f6nnyen tiszt\u00edthat\u00f3 hat\u00e1s: a szennyez\u0151d\u00e9s nem tapad, \u00e9s k\u00f6nnyen elt\u00e1vol\u00edthat\u00f3<\/p>\n\n\n\n<p>\u2713 Helyesen alkalmazva, hossz\u00fa \u00e9vekig tart\u00f3s, mivel a t\u00f6m\u00edt\u0151anyag kovalens (tart\u00f3s) k\u00f6t\u00e9st k\u00e9pez a fel\u00fclettel.<\/p>\n\n\n\n<p>\u2713 Javasolt felhord\u00e1si h\u0151m\u00e9rs\u00e9klet +5 \u00e9s +25\u00b0C k\u00f6z\u00f6tt<\/p>\n<\/div>\n<\/div>\n\n<hr\/>\n\n<h4 class=\"wp-block-heading\" id=\"application\">Alkalmaz\u00e1s<\/h4>\n\n<div class=\"wp-block-columns is-layout-flex wp-container-core-columns-is-layout-9d6595d7 wp-block-columns-is-layout-flex\">\n<div class=\"wp-block-column is-layout-flow wp-block-column-is-layout-flow\">\n<ul class=\"wp-block-list\">\n<li><strong>V24 gr\u00e1nit t\u00f6m\u00edt\u00e9s<\/strong> haszn\u00e1latra k\u00e9szen sz\u00e1ll\u00edtjuk, \u00e9s h\u00edg\u00edtatlanul vissz\u00fck fel az el\u0151re megtiszt\u00edtott \u00e9s sz\u00e1r\u00edtott fel\u00fcletre.<\/li>\n<\/ul>\n\n\n\n<ul class=\"wp-block-list\">\n<li>Minden kezelend\u0151 fel\u00fcletnek sz\u00e1raznak \u00e9s j\u00f3l tiszt\u00edthat\u00f3nak kell lennie, mivel csak \u00edgy biztos\u00edthat\u00f3 a t\u00f6m\u00edt\u0151anyag m\u00e9ly behatol\u00e1sa, amely optim\u00e1lis hossz\u00fa t\u00e1v\u00fa \u00e9s m\u00e9ly hat\u00e1st fejt ki.<\/li>\n<\/ul>\n\n\n\n<ul class=\"wp-block-list\">\n<li>Az alkalmaz\u00e1s ut\u00e1n a<strong> V24 term\u00e9szetes k\u0151 t\u00f6m\u00edt\u00e9s<\/strong> folyad\u00e9kr\u00e9tegk\u00e9nt n\u00e9h\u00e1ny m\u00e1sodpercig \u00e9rintkezzen a fel\u00fclettel.<\/li>\n<\/ul>\n\n\n\n<ul class=\"wp-block-list\">\n<li>A bevonat teljesen t\u00e9rh\u00e1l\u00f3sodik \u00e9s 24 \u00f3ra m\u00falva kikem\u00e9nyedik.<\/li>\n<\/ul>\n\n\n\n<p><\/p>\n<\/div>\n\n\n\n<div class=\"wp-block-column is-layout-flow wp-block-column-is-layout-flow\">\n<p>A p\u00e1ly\u00e1zat r\u00e9szletes le\u00edr\u00e1sa adatlapunkon tal\u00e1lhat\u00f3<\/p>\n\n\n\n<p>Alkalmas minden \u00e1sv\u00e1nyi, nedvsz\u00edv\u00f3, ny\u00edlt p\u00f3rus\u00fa gr\u00e1nit fel\u00fcletre belt\u00e9ren \u00e9s k\u00fclt\u00e9ren. Lefedetts\u00e9g kb. 40-70m\u00b2 \/ liter.<\/p>\n\n\n\n<p>\u2713 Gr\u00e1nit csempe<\/p>\n\n\n\n<p>\u2713 Gr\u00e1nit ablakp\u00e1rk\u00e1nyok<\/p>\n\n\n\n<p>\u2713 Gr\u00e1nitlapok<\/p>\n\n\n\n<p>\u2713 Gr\u00e1nit mosogat\u00f3<\/p>\n\n\n\n<p>\u2713 Gr\u00e1nit asztalok<\/p>\n<\/div>\n<\/div>\n\n<hr\/>\n\n<div class=\"wp-block-columns is-layout-flex wp-container-core-columns-is-layout-9d6595d7 wp-block-columns-is-layout-flex\">\n<div class=\"wp-block-column is-layout-flow wp-block-column-is-layout-flow\" style=\"flex-basis:33.33%\">\n<h2 class=\"wp-block-heading\" id=\"advisor\">Sz\u00ednes t\u00e1bl\u00e1zat gr\u00e1nithoz<\/h2>\n\n\n\n<p>\u00c1sv\u00e1nyi anyag tartalom (%) sz\u00ednez\u00e9k<\/p>\n\n\n\n<ul class=\"wp-block-list\">\n<li>Kalifeld- vagy Orthoklasspat 40-60 t\u00f6bbnyire er\u0151s piros \/ v\u00f6r\u00f6ses \/ r\u00f3zsasz\u00edn, csak ritk\u00e1n z\u00f6ld \/ k\u00e9kes<\/li>\n\n\n\n<li>Plagioclase f\u00f6ldp\u00e1t 0-30 t\u00f6bbnyire feh\u00e9r vagy feh\u00e9r-sz\u00fcrke, csak ritk\u00e1n sz\u00ednezett<\/li>\n\n\n\n<li>Kvarc 20-40 t\u00f6bbnyire sz\u00edntelen \/ \u00e1tl\u00e1tsz\u00f3, csak ritk\u00e1n r\u00f3zsasz\u00edn \/ k\u00e9k-sz\u00fcrke \/ sz\u00fcrke<\/li>\n\n\n\n<li>A csill\u00e1m (biotit) 0-15 sz\u00e1mos gr\u00e1nit s\u00f6t\u00e9t kontrasztj\u00e1t adja<\/li>\n<\/ul>\n\n\n\n<p>Minden gr\u00e1nit t\u00edpusban van egy k\u00f6z\u00f6s von\u00e1s: kem\u00e9nyebbek a t\u00f6bbi term\u00e9szetes k\u0151fajt\u00e1hoz k\u00e9pest. Tekintettel a magas kvarctartalomra, minden t\u00edpus\u00fa gr\u00e1nit ide\u00e1lis konyhai munkalapokhoz, belt\u00e9ri padl\u00f3khoz \u00e9s m\u00e1s pol\u00edrozott fel\u00fcletekhez, amelyeknek ellen kell \u00e1llniuk a nagy kop\u00e1snak. Eszerint a gr\u00e1nit egy sokoldal\u00fa \u00e9p\u00edt\u0151anyag, amely hatalmas m\u00e9rt\u00e9kben jav\u00edtja az \u00e9p\u00fcletet vagy a k\u00fcls\u0151 ter\u00fcletet.<\/p>\n<\/div>\n\n\n\n<div class=\"wp-block-column is-layout-flow wp-block-column-is-layout-flow\" style=\"flex-basis:66.66%\">\n<br\/>\n\n\n\n<figure class=\"wp-block-image size-large\"><img fetchpriority=\"high\" decoding=\"async\" width=\"1300\" height=\"866\" src=\"https:\/\/www.versiegelung24.com\/wp-content\/uploads\/2022\/01\/Content_Granit_1-1300x866.jpg\" alt=\"\" class=\"wp-image-45535\" srcset=\"https:\/\/www.versiegelung24.com\/wp-content\/uploads\/2022\/01\/Content_Granit_1-1300x866.jpg 1300w, https:\/\/www.versiegelung24.com\/wp-content\/uploads\/2022\/01\/Content_Granit_1-scaled-600x400.jpg 600w, https:\/\/www.versiegelung24.com\/wp-content\/uploads\/2022\/01\/Content_Granit_1-300x200.jpg 300w, https:\/\/www.versiegelung24.com\/wp-content\/uploads\/2022\/01\/Content_Granit_1-768x512.jpg 768w, https:\/\/www.versiegelung24.com\/wp-content\/uploads\/2022\/01\/Content_Granit_1-1536x1024.jpg 1536w, https:\/\/www.versiegelung24.com\/wp-content\/uploads\/2022\/01\/Content_Granit_1-2048x1365.jpg 2048w, https:\/\/www.versiegelung24.com\/wp-content\/uploads\/2022\/01\/Content_Granit_1-930x620.jpg 930w\" sizes=\"(max-width: 1300px) 100vw, 1300px\" \/><\/figure>\n<\/div>\n<\/div>\n\n<h2 class=\"wp-block-heading\" id=\"granitversiegelung-nutzen-und-vorgehensweise\">Gr\u00e1nit t\u00f6m\u00edt\u00e9s &#8211; felhaszn\u00e1l\u00e1s \u00e9s elj\u00e1r\u00e1s<\/h2>\n\n<p>A gr\u00e1nit v\u00e9delme az unalomt\u00f3l \u00e9s a kop\u00e1st\u00f3l, valamint a tart\u00f3s szennyez\u0151d\u00e9s elker\u00fcl\u00e9se<strong> Gr\u00e1nit t\u00f6m\u00edt\u0151<\/strong> vagy.<strong> impregn\u00e1l\u00e1s<\/strong> Aj\u00e1nlott a saj\u00e1t n\u00e9gy fal\u00e1n bel\u00fcl. A belsej\u00e9ben l\u00e9v\u0151 gr\u00e1nit t\u00f6m\u00edt\u00e9st csak alapos alapos tiszt\u00edt\u00e1s ut\u00e1n szabad elv\u00e9gezni sz\u00e1raz padl\u00f3n. Fajt\u00e1t\u00f3l f\u00fcgg\u0151en a sz\u00e1r\u00edt\u00e1si folyamat ak\u00e1r nyolc h\u00e9tig is eltarthat, k\u00fcl\u00f6n\u00f6sen az\u00e9rt, mert a gr\u00e1nit padl\u00f3 sok nedvess\u00e9get k\u00e9pes felsz\u00edvni \u00e9s t\u00e1rolni. Ennek oka a term\u00e9szetes k\u0151 egyetlen gyenge pontj\u00e1ban rejlik: nyitott p\u00f3rusaiban.<\/p>\n\n<p>Szint\u00e9n egyet<strong> Gr\u00e1nit t\u00f6m\u00edt\u00e9s k\u00edv\u00fcl<\/strong> A csapad\u00e9k miatt azonban szennyez\u0151d\u00e9s \u00e9s moha is tan\u00e1csos. A gr\u00e1nit t\u00f6m\u00edt\u00e9se el\u0151tt minden szennyez\u0151d\u00e9st el kell t\u00e1vol\u00edtani, mivel a szennyez\u0151d\u00e9s \u00e9s a moha megmaradhat a v\u00e9d\u0151r\u00e9teg alatt. A term\u00e9szetes k\u0151 sav\u00e9rz\u00e9kenys\u00e9g\u00e9t azonban figyelembe kell venni, ez\u00e9rt nem minden tiszt\u00edt\u00f3szer egyform\u00e1n alkalmas. A z\u00e1rt nedvess\u00e9g ide\u00e1lis t\u00e1ptalaja lenne a bakt\u00e9riumoknak \u00e9s k\u00f3rokoz\u00f3knak. Ez a hat\u00e1s k\u00fcl\u00f6n\u00f6sen a k\u00fclt\u00e9ri ter\u00fcleten, valamint az asztali \u00e9s konyhai munkalapokon kiz\u00e1rhat\u00f3. A k\u00fclt\u00e9ri ter\u00fcleten egy takar\u00f3f\u00f3lia megfelel\u0151 v\u00e9delmet ny\u00fajt a tiszt\u00edt\u00e1s ut\u00e1n. Miut\u00e1n a gr\u00e1nit padl\u00f3t alaposan megtiszt\u00edtott\u00e1k \u00e9s teljesen megsz\u00e1radt\u00e1k, a t\u00f6m\u00edt\u0151anyag felvihet\u0151. A gy\u00e1rt\u00f3 adatai t\u00e1j\u00e9koztat\u00e1st ny\u00fajtanak a feldolgoz\u00e1sr\u00f3l \u00e9s a mennyis\u00e9gr\u0151l. A t\u00f6m\u00edt\u0151anyagot \u00e1ltal\u00e1ban takar\u00e9kosan kell haszn\u00e1lni, \u00e9s ecsettel egyenletesen eloszthat\u00f3. Az id\u0151j\u00e1r\u00e1st\u00f3l \u00e9s a term\u00e9kt\u0151l f\u00fcgg\u0151en ezut\u00e1n 4 \u00e9s 24 \u00f3ra k\u00f6z\u00f6tt eltarthat, am\u00edg a gr\u00e1nit t\u00f6m\u00edt\u0151anyag megsz\u00e1rad. Ha nem haszn\u00e1lnak tart\u00f3s t\u00f6m\u00edt\u0151anyagokat, ezt az elj\u00e1r\u00e1st k\u00e9t -h\u00e1rom \u00e9vente meg kell ism\u00e9telni.<\/p>\n<div class=\"wp-block-image\">\n<figure class=\"aligncenter size-large is-resized\"><img decoding=\"async\" width=\"1300\" height=\"173\" src=\"https:\/\/www.versiegelung24.com\/wp-content\/uploads\/2022\/02\/Content_Granit_Versiegelung-1300x173.jpg\" alt=\"\" class=\"wp-image-80341\" style=\"width:1500px;height:200px\" srcset=\"https:\/\/www.versiegelung24.com\/wp-content\/uploads\/2022\/02\/Content_Granit_Versiegelung-1300x173.jpg 1300w, https:\/\/www.versiegelung24.com\/wp-content\/uploads\/2022\/02\/Content_Granit_Versiegelung-300x40.jpg 300w, https:\/\/www.versiegelung24.com\/wp-content\/uploads\/2022\/02\/Content_Granit_Versiegelung-768x102.jpg 768w, https:\/\/www.versiegelung24.com\/wp-content\/uploads\/2022\/02\/Content_Granit_Versiegelung-600x80.jpg 600w, https:\/\/www.versiegelung24.com\/wp-content\/uploads\/2022\/02\/Content_Granit_Versiegelung.jpg 1500w\" sizes=\"(max-width: 1300px) 100vw, 1300px\" \/><\/figure>\n<\/div>\n<p><strong>Gr\u00e1nit a h\u00e1zban \u00e9s a kertben<\/strong><\/p>\n\n<p>A gr\u00e1nit h\u00e1zban \u00e9s kertben egyar\u00e1nt haszn\u00e1lhat\u00f3. \u00cdme n\u00e9h\u00e1ny r\u00e9szletes inform\u00e1ci\u00f3 a gr\u00e1nitokr\u00f3l.<\/p>\n\n<div class=\"wp-block-columns is-layout-flex wp-container-core-columns-is-layout-9d6595d7 wp-block-columns-is-layout-flex\">\n<div class=\"wp-block-column is-layout-flow wp-block-column-is-layout-flow\">\n<h2 class=\"wp-block-heading\" id=\"granit-waschbecken-asthetisch-und-elegant\">Gr\u00e1nit mosogat\u00f3 &#8211; eszt\u00e9tikus \u00e9s eleg\u00e1ns<\/h2>\n\n\n\n<p>Eleg\u00e1ns, term\u00e9szetes, st\u00edlusos, id\u0151t\u00e1ll\u00f3 &#8211; a gr\u00e1nit mosd\u00f3 a f\u00fcrd\u0151szob\u00e1nak ad valamit. A mosd\u00f3k egyedileg gr\u00e1nitt\u00f6mbb\u0151l k\u00e9sz\u00fclnek, \u00e9s a fel\u00fcletet f\u00e9nyesre csiszolj\u00e1k a befejez\u0151 folyamat sor\u00e1n. A mosd\u00f3k gyakran k\u00fcl\u00f6nb\u00f6z\u0151 k\u0151sz\u00ednekben kaphat\u00f3k, \u00edgy a mosd\u00f3 nagyon harmonikusan integr\u00e1lhat\u00f3 a bels\u0151\u00e9p\u00edt\u00e9szetbe. Sz\u00ednt\u0151l f\u00fcgg\u0151en a v\u00e1ltozatos fel\u00fclet sok\u00e1ig elrejtheti a v\u00edzfoltokat. A v\u00edz mindenesetre nem \u00e1rthat a kiv\u00e1l\u00f3 min\u0151s\u00e9g\u0171 gr\u00e1nitnak, k\u00fcl\u00f6nleges fel\u00fcleti szerkezete miatt. Mind a m\u00e9ly mosd\u00f3k, mind a sek\u00e9ly v\u00e1ly\u00fak mediterr\u00e1n hangulat\u00faak.<\/p>\n<\/div>\n\n\n\n<div class=\"wp-block-column is-layout-flow wp-block-column-is-layout-flow\">\n<h2 class=\"wp-block-heading\" id=\"granittisch-und-granitplatten-unempfindlich-und-stabil\">Gr\u00e1nit asztal \u00e9s gr\u00e1nitlapok &#8211; \u00e9rz\u00e9ketlen \u00e9s stabil<\/h2>\n\n\n\n<p>A gr\u00e1nit asztalt a tart\u00f3ss\u00e1g \u00e9s az id\u0151tlen aura jellemzi. A gr\u00e1nit asztallal mindenki kifejezetten robusztus \u00e9s eszt\u00e9tikus b\u00fatorokat hozhat be saj\u00e1t otthon\u00e1ba. K\u00fcl\u00f6nb\u00f6z\u0151 sz\u00edn\u00e1rnyalatok k\u00f6z\u00fcl v\u00e1laszthat a vil\u00e1gost\u00f3l a s\u00f6t\u00e9tig, k\u00fcl\u00f6n\u00f6sen az\u00e9rt, mert nincs k\u00e9t egyforma gr\u00e1nit asztal. Klasszikus eleganci\u00e1ja \u00e9s szil\u00e1rds\u00e1ga miatt a gr\u00e1nit asztal szinte minden \u00e9letm\u00f3ddal harmoniz\u00e1l. A fel\u00fclet opcion\u00e1lisan pol\u00edrozott, csiszolt vagy csiszolt, ami a k\u0151 saj\u00e1t kifejez\u00e9s\u00e9t adja. Az alacsony karbantart\u00e1si ig\u00e9nyek \u00e9s az id\u0151j\u00e1r\u00e1snak val\u00f3 nagy ellen\u00e1ll\u00e1sa miatt a gr\u00e1nit asztal kerti kieg\u00e9sz\u00edt\u0151k\u00e9nt is alkalmas, \u00e9s viszonylag egyszer\u0171nek \u00e9s ig\u00e9nytelennek tekinthet\u0151. A konyhai munkalapok is egyre n\u00e9pszer\u0171bbek. Semmi sem marad a gr\u00e1nitlap fel\u00fclet\u00e9n, \u00e9s sem horpad\u00e1sok, sem v\u00e1g\u00e1sok nem l\u00e1that\u00f3k m\u00e9g sok \u00e9ves haszn\u00e1lat ut\u00e1n sem.<\/p>\n<\/div>\n<\/div>\n\n<h2 class=\"wp-block-heading\" id=\"granit-fensterbank-schlichte-eleganz-und-haltbarkeit\">Gr\u00e1nit ablakp\u00e1rk\u00e1ny &#8211; egyszer\u0171 elegancia \u00e9s tart\u00f3ss\u00e1g<\/h2>\n\n<p>A gr\u00e1nit ablakp\u00e1rk\u00e1nyok szint\u00e9n a reperto\u00e1r r\u00e9sz\u00e9t k\u00e9pezik, csak\u00fagy, mint a hi\u00fas\u00e1gok \u00e9s a gr\u00e1nitlapok. Ezek vonz\u00f3 diz\u00e1jnt biztos\u00edtanak, \u00e9s k\u00fcl\u00f6n\u00f6sen \u00fct\u00e9s\u00e1ll\u00f3nak tekinthet\u0151k. A gr\u00e1nit ablakp\u00e1rk\u00e1ny j\u00f3 bemutat\u00f3fel\u00fcletet is jelent a n\u00f6v\u00e9nyek \u00e9s t\u00e1rgyak sz\u00e1m\u00e1ra, \u00e9s j\u00f3l \u00f6sszehangolhat\u00f3 a fal sz\u00edn\u00e9vel vagy homlokzat\u00e1val. Ezenk\u00edv\u00fcl a gr\u00e1nit ablakp\u00e1rk\u00e1ny id\u0151j\u00e1r\u00e1s\u00e1ll\u00f3, fagy\u00e1ll\u00f3, k\u00f6nnyen \u00e1polhat\u00f3, alacsony zajszint\u0171 es\u0151ben, \u00e9s nem esik deform\u00e1ci\u00f3nak napf\u00e9ny hat\u00e1s\u00e1ra. Az ablakp\u00e1rk\u00e1ny k\u00fcl\u00f6nb\u00f6z\u0151 m\u00e9retekben is kaphat\u00f3, \u00e9s egyar\u00e1nt alkalmas k\u00fclt\u00e9rre \u00e9s belt\u00e9rre.<\/p>\n\n<h2 class=\"wp-block-heading\" id=\"granitfliesen-fur-ein-stilvolles-ambiente\">Gr\u00e1nit csempe a st\u00edlusos hangulat\u00e9rt<\/h2>\n\n<p>A gr\u00e1nit csempe harmonikusan illeszkedik a k\u00f6rnyezetbe. Hossz\u00fa \u00e9lettartamuk gyorsan megt\u00e9r\u00fcl az \u00e9vek sor\u00e1n. V\u00e9gt\u00e9re is, a gr\u00e1nit csempe t\u00f6bbnyire fagy\u00e1ll\u00f3, \u00e9s alkalmas k\u00fcls\u0151 \u00e9s bels\u0151 haszn\u00e1latra. A v\u00edz\u00e1ll\u00f3 fel\u00fcletnek \u00e9s a meleg \u00e9rz\u00e9snek k\u00f6sz\u00f6nhet\u0151en a gr\u00e1nit csempe ide\u00e1lis a folyos\u00f3kon, a konyh\u00e1ban \u00e9s a f\u00fcrd\u0151szob\u00e1ban. A sz\u00ednspektrum \u00f3ri\u00e1si, \u00e9s a s\u00f6t\u00e9tv\u00f6r\u00f6st\u0151l a k\u00e9kig \u00e9s a feh\u00e9r-sz\u00fcrkeig terjed. A gr\u00e1nit csempe minden helyis\u00e9gnek megfelel\u0151 megjelen\u00e9st \u00e9s nemes ragyog\u00e1st k\u00f6lcs\u00f6n\u00f6z.<\/p>\n\n<h4 class=\"wp-block-heading\" id=\"faq\">GYIK<\/h4>\n\n<div class=\"wp-block-columns is-layout-flex wp-container-core-columns-is-layout-9d6595d7 wp-block-columns-is-layout-flex\">\n<div class=\"wp-block-column is-layout-flow wp-block-column-is-layout-flow\" style=\"flex-basis:100%\">\n<div class=\"schema-faq wp-block-yoast-faq-block\"><div class=\"schema-faq-section\" id=\"faq-question-1723129133239\"><strong class=\"schema-faq-question\">Mi\u00e9rt nincs optim\u00e1lis hat\u00e1sa a t\u00f6m\u00edt\u00e9snek \/ Mi\u00e9rt nincs hat\u00e1sa?\n\/ Mi\u00e9rt nincs hossz\u00fa t\u00e1v\u00fa hat\u00e1sa? <\/strong> <p class=\"schema-faq-answer\"><br>1. A t\u00f6m\u00edt\u0151anyag hat\u00e9konys\u00e1ga romolhat, ha a felhord\u00e1si vagy sz\u00e1rad\u00e1si f\u00e1zisban (kb. 24 \u00f3ra) nedvess\u00e9g (pl. es\u0151 vagy a padl\u00f3r\u00f3l felsz\u00e1ll\u00f3 nedvess\u00e9g) l\u00e9p fel. 2. A nem teljesen marad\u00e9kmentes el\u0151tiszt\u00edt\u00e1s is probl\u00e9m\u00e1khoz vezethet.\n<br>Elengedhetetlen, hogy a k\u0151tiszt\u00edt\u00f3szereket vagy egy\u00e9b el\u0151tiszt\u00edt\u00f3szereket teljesen elt\u00e1vol\u00edts\u00e1k. 3. B\u00e1rmilyen el\u0151tiszt\u00edt\u00e1s megakad\u00e1lyozhatja a t\u00f6m\u00edt\u0151anyag optim\u00e1lis felsz\u00edv\u00f3d\u00e1s\u00e1t \u00e9s megk\u00f6t\u00e9s\u00e9t, ami cs\u00f6kkent vagy nem tart\u00f3s hat\u00e1shoz vezethet. <\/p> <\/div> <div class=\"schema-faq-section\" id=\"faq-question-1723129206298\"><strong class=\"schema-faq-question\">Tiszt\u00edthatom a k\u00f6veket magasnyom\u00e1s\u00fa tiszt\u00edt\u00f3szerrel?<\/strong> <p class=\"schema-faq-answer\"><br>A<strong>j\u00e1nl\u00e1s:<\/strong> 1. \u00c1ltal\u00e1ban nem javasoljuk, hogy k\u0151- \u00e9s betonlapok tiszt\u00edt\u00e1s\u00e1hoz magasnyom\u00e1s\u00fa mos\u00f3t haszn\u00e1ljon.\n<br>Az er\u0151s csiszol\u00e1s k\u00e1ros\u00edtja a fel\u00fcleteket, \u00e9s hajlamosabb\u00e1 teszi \u0151ket az \u00fajb\u00f3li szennyez\u0151d\u00e9sre \u00e9s az alg\u00e1sod\u00e1sra. 2. A magasnyom\u00e1s\u00fa mos\u00f3 csiszol\u00f3 hat\u00e1sa elt\u00e1vol\u00edthatja a t\u00f6m\u00edt\u0151anyag fels\u0151 r\u00e9teg\u00e9t, m\u00e9g akkor is, ha a m\u00e9lyebb r\u00e9tegek hidrof\u00f3bs\u00e1ga \u00e9rintetlen marad. <\/p> <\/div> <div class=\"schema-faq-section\" id=\"faq-question-1723188404369\"><strong class=\"schema-faq-question\">Mi\u00e9rt nem tart a t\u00f6m\u00edt\u0151anyagom a v\u00e1rt ideig?<\/strong> <p class=\"schema-faq-answer\">A t\u00f6m\u00edt\u0151anyag tart\u00f3ss\u00e1g\u00e1t k\u00fcl\u00f6nb\u00f6z\u0151 t\u00e9nyez\u0151k befoly\u00e1solhatj\u00e1k.\nAz alkalmaz\u00e1s sor\u00e1n felmer\u00fcl\u0151 esetleges probl\u00e9m\u00e1k, mint p\u00e9ld\u00e1ul a nedvess\u00e9gnek val\u00f3 kitetts\u00e9g a sz\u00e1r\u00edt\u00e1si f\u00e1zisban vagy a nem megfelel\u0151 el\u0151tiszt\u00edt\u00e1s, ronthatj\u00e1k az optim\u00e1lis hat\u00e1st.\nEzenk\u00edv\u00fcl a fel\u00fclet er\u0151s ig\u00e9nybev\u00e9tele is ler\u00f6vid\u00edtheti a t\u00f6m\u00edt\u0151anyag \u00e9lettartam\u00e1t.\nLehets\u00e9ges azonban, hogy a m\u00e9lys\u00e9gi hat\u00e1s az alatta l\u00e9v\u0151 r\u00e9tegekben m\u00e9g mindig jelen van.   <\/p> <\/div> <div class=\"schema-faq-section\" id=\"faq-question-1723188391712\"><strong class=\"schema-faq-question\">Mi\u00e9rt nem j\u00f6n l\u00e9tre a k\u00edv\u00e1nt gy\u00f6ngy\u00f6z\u00e9s?<\/strong> <p class=\"schema-faq-answer\">A gy\u00f6ngy\u00f6z\u00e9si hat\u00e1s hi\u00e1nya a t\u00f6m\u00edt\u0151anyag felhord\u00e1s\u00e1val kapcsolatos probl\u00e9m\u00e1kra vezethet\u0151 vissza.\nA felhord\u00e1s k\u00f6zbeni nedvess\u00e9g vagy a hi\u00e1nyosan elt\u00e1vol\u00edtott el\u0151tiszt\u00edt\u00e1s ronthatja a hat\u00e1st, \u00e9s megakad\u00e1lyozhatja a t\u00f6m\u00edt\u0151anyag optim\u00e1lis felsz\u00edv\u00f3d\u00e1s\u00e1t \u00e9s megk\u00f6t\u00e9s\u00e9t. <\/p> <\/div> <\/div>\n<\/div>\n<\/div>\n","protected":false},"excerpt":{"rendered":"<p><strong>Rendk\u00edv\u00fcl hat\u00e9kony gr\u00e1nitt\u00f6m\u00edt\u00e9s belt\u00e9ri \u00e9s k\u00fclt\u00e9ri haszn\u00e1latra:<\/strong><\/p>\n<p>\u2713 Alkalmas minden \u00e1sv\u00e1nyi nedvsz\u00edv\u00f3 gr\u00e1nit fel\u00fcletre<\/p>\n<p>\u2713 K\u00f6nnyen tiszt\u00edthat\u00f3 hat\u00e1s: a szennyez\u0151d\u00e9s nem tapad, \u00e9s k\u00f6nnyen elt\u00e1vol\u00edthat\u00f3<\/p>\n<p>\u2713 Teljesen l\u00e1thatatlan: a fel\u00fclet v\u00e1ltozatlan megjelen\u00e9se \u00e9s tapint\u00e1sa<\/p>\n<p>\u2713 A fel\u00fclet l\u00e9g\u00e1tereszt\u0151 marad<\/p>\n<p>\u2713 Hosszan tart\u00f3 m\u00e9lys\u00e9gi hat\u00e1s sok \u00e9ven \u00e1t<\/p>\n<p>\u2713 V\u00edzleperget\u0151 l\u00f3tuszgy\u00f6ngy hat\u00e1s<\/p>\n","protected":false},"featured_media":18000,"template":"","meta":{"_acf_changed":false,"neve_meta_sidebar":"","neve_meta_container":"","neve_meta_enable_content_width":"","neve_meta_content_width":0,"neve_meta_title_alignment":"","neve_meta_author_avatar":"","neve_post_elements_order":"","neve_meta_disable_header":"","neve_meta_disable_footer":"","neve_meta_disable_title":"","neve_meta_reading_time":"","_surfaces":[],"_ver_product_tabs":[],"footnotes":""},"product_brand":[],"product_cat":[2326],"product_tag":[],"class_list":{"0":"post-23056","1":"product","2":"type-product","3":"status-publish","4":"has-post-thumbnail","6":"product_cat-ko-es-beton-toemites","7":"pa_gebinde-1000-ml-es-palack","8":"pa_gebinde-20-literes-tartaly","9":"pa_gebinde-5-literes-tartaly","11":"first","12":"instock","13":"taxable","14":"shipping-taxable","15":"purchasable","16":"product-type-variable","17":"has-default-attributes"},"acf":[],"yoast_head":"<!-- This site is optimized with the Yoast SEO Premium plugin v22.8 (Yoast SEO v27.5) - https:\/\/yoast.com\/product\/yoast-seo-premium-wordpress\/ -->\n<title>Gr\u00e1nit t\u00f6m\u00edt\u00e9s hossz\u00fa t\u00e1v\u00fa \u00e9s m\u00e9ly hat\u00e1s\u00fa - pr\u00e9mium min\u0151s\u00e9g\u0171 - versiegelung24.com<\/title>\n<meta name=\"description\" content=\"Gr\u00e1nit t\u00f6m\u00edt\u00e9s - pr\u00e9mium min\u0151s\u00e9gben - \u00d3vja gr\u00e1nitk\u0151b\u0151l k\u00e9sz\u00fclt t\u00e1rgyait, mint a profik! Most a Versiegelung24.com oldalon!\" \/>\n<meta name=\"robots\" content=\"index, follow, max-snippet:-1, max-image-preview:large, max-video-preview:-1\" \/>\n<link rel=\"canonical\" href=\"https:\/\/www.versiegelung24.com\/hu\/granit-toemites-professzionalis-minosegben.html\" \/>\n<meta property=\"og:locale\" content=\"hu_HU\" \/>\n<meta property=\"og:type\" content=\"article\" \/>\n<meta property=\"og:title\" content=\"Gr\u00e1nit t\u00f6m\u00edt\u00e9s hossz\u00fa t\u00e1v\u00fa \u00e9s m\u00e9ly hat\u00e1s\u00fa - pr\u00e9mium min\u0151s\u00e9g\u0171\" \/>\n<meta property=\"og:description\" content=\"Gr\u00e1nit t\u00f6m\u00edt\u00e9s - pr\u00e9mium min\u0151s\u00e9gben - \u00d3vja gr\u00e1nitk\u0151b\u0151l k\u00e9sz\u00fclt t\u00e1rgyait, mint a profik! Most a Versiegelung24.com oldalon!\" \/>\n<meta property=\"og:url\" content=\"https:\/\/www.versiegelung24.com\/hu\/granit-toemites-professzionalis-minosegben.html\" \/>\n<meta property=\"og:site_name\" content=\"versiegelung24.com\" \/>\n<meta property=\"article:modified_time\" content=\"2025-01-03T22:52:11+00:00\" \/>\n<meta property=\"og:image\" content=\"https:\/\/www.versiegelung24.com\/wp-content\/uploads\/2020\/06\/produkt-3005-620-1000-Granitversiegelung-scaled.jpg\" \/>\n\t<meta property=\"og:image:width\" content=\"2560\" \/>\n\t<meta property=\"og:image:height\" content=\"2560\" \/>\n\t<meta property=\"og:image:type\" content=\"image\/jpeg\" \/>\n<meta name=\"twitter:card\" content=\"summary_large_image\" \/>\n<meta name=\"twitter:label1\" content=\"El\u00e9rhet\u0151s\u00e9g\" \/>\n\t<meta name=\"twitter:data1\" content=\"K\u00e9szleten\" \/>\n<script type=\"application\/ld+json\" class=\"yoast-schema-graph\">{\"@context\":\"https:\\\/\\\/schema.org\",\"@graph\":[{\"@type\":[\"WebPage\",\"FAQPage\"],\"@id\":\"https:\\\/\\\/www.versiegelung24.com\\\/hu\\\/granit-toemites-professzionalis-minosegben.html\",\"url\":\"https:\\\/\\\/www.versiegelung24.com\\\/hu\\\/granit-toemites-professzionalis-minosegben.html\",\"name\":\"Gr\u00e1nit t\u00f6m\u00edt\u00e9s hossz\u00fa t\u00e1v\u00fa \u00e9s m\u00e9ly hat\u00e1s\u00fa - pr\u00e9mium min\u0151s\u00e9g\u0171 - versiegelung24.com\",\"isPartOf\":{\"@id\":\"https:\\\/\\\/www.versiegelung24.com\\\/hu\\\/#website\"},\"primaryImageOfPage\":{\"@id\":\"https:\\\/\\\/www.versiegelung24.com\\\/hu\\\/granit-toemites-professzionalis-minosegben.html#primaryimage\"},\"image\":{\"@id\":\"https:\\\/\\\/www.versiegelung24.com\\\/hu\\\/granit-toemites-professzionalis-minosegben.html#primaryimage\"},\"thumbnailUrl\":\"https:\\\/\\\/www.versiegelung24.com\\\/wp-content\\\/uploads\\\/2020\\\/06\\\/produkt-3005-620-1000-Granitversiegelung-scaled.jpg\",\"datePublished\":\"2021-08-02T19:16:15+00:00\",\"dateModified\":\"2025-01-03T22:52:11+00:00\",\"description\":\"Gr\u00e1nit t\u00f6m\u00edt\u00e9s - pr\u00e9mium min\u0151s\u00e9gben - \u00d3vja gr\u00e1nitk\u0151b\u0151l k\u00e9sz\u00fclt t\u00e1rgyait, mint a profik! Most a Versiegelung24.com oldalon!\",\"breadcrumb\":{\"@id\":\"https:\\\/\\\/www.versiegelung24.com\\\/hu\\\/granit-toemites-professzionalis-minosegben.html#breadcrumb\"},\"mainEntity\":[{\"@id\":\"https:\\\/\\\/www.versiegelung24.com\\\/hu\\\/granit-toemites-professzionalis-minosegben.html#faq-question-1723129133239\"},{\"@id\":\"https:\\\/\\\/www.versiegelung24.com\\\/hu\\\/granit-toemites-professzionalis-minosegben.html#faq-question-1723129206298\"},{\"@id\":\"https:\\\/\\\/www.versiegelung24.com\\\/hu\\\/granit-toemites-professzionalis-minosegben.html#faq-question-1723188404369\"},{\"@id\":\"https:\\\/\\\/www.versiegelung24.com\\\/hu\\\/granit-toemites-professzionalis-minosegben.html#faq-question-1723188391712\"}],\"inLanguage\":\"hu\",\"potentialAction\":[{\"@type\":\"ReadAction\",\"target\":[\"https:\\\/\\\/www.versiegelung24.com\\\/hu\\\/granit-toemites-professzionalis-minosegben.html\"]}]},{\"@type\":\"ImageObject\",\"inLanguage\":\"hu\",\"@id\":\"https:\\\/\\\/www.versiegelung24.com\\\/hu\\\/granit-toemites-professzionalis-minosegben.html#primaryimage\",\"url\":\"https:\\\/\\\/www.versiegelung24.com\\\/wp-content\\\/uploads\\\/2020\\\/06\\\/produkt-3005-620-1000-Granitversiegelung-scaled.jpg\",\"contentUrl\":\"https:\\\/\\\/www.versiegelung24.com\\\/wp-content\\\/uploads\\\/2020\\\/06\\\/produkt-3005-620-1000-Granitversiegelung-scaled.jpg\",\"width\":2560,\"height\":2560},{\"@type\":\"BreadcrumbList\",\"@id\":\"https:\\\/\\\/www.versiegelung24.com\\\/hu\\\/granit-toemites-professzionalis-minosegben.html#breadcrumb\",\"itemListElement\":[{\"@type\":\"ListItem\",\"position\":1,\"name\":\"Honlap\",\"item\":\"https:\\\/\\\/www.versiegelung24.com\\\/hu\\\/elol\\\/\"},{\"@type\":\"ListItem\",\"position\":2,\"name\":\"\u00dczlet\",\"item\":\"https:\\\/\\\/www.versiegelung24.com\\\/hu\\\/uzlet\\\/\"},{\"@type\":\"ListItem\",\"position\":3,\"name\":\"Gr\u00e1nit t\u00f6m\u00edt\u00e9s hossz\u00fa t\u00e1v\u00fa \u00e9s m\u00e9ly hat\u00e1s\u00fa &#8211; pr\u00e9mium min\u0151s\u00e9g\u0171\"}]},{\"@type\":\"WebSite\",\"@id\":\"https:\\\/\\\/www.versiegelung24.com\\\/hu\\\/#website\",\"url\":\"https:\\\/\\\/www.versiegelung24.com\\\/hu\\\/\",\"name\":\"versiegelung24.com\",\"description\":\"Fl\u00fcssigglas-Versiegelung - Made in Germany\",\"publisher\":{\"@id\":\"https:\\\/\\\/www.versiegelung24.com\\\/hu\\\/#organization\"},\"potentialAction\":[{\"@type\":\"SearchAction\",\"target\":{\"@type\":\"EntryPoint\",\"urlTemplate\":\"https:\\\/\\\/www.versiegelung24.com\\\/hu\\\/?s={search_term_string}\"},\"query-input\":{\"@type\":\"PropertyValueSpecification\",\"valueRequired\":true,\"valueName\":\"search_term_string\"}}],\"inLanguage\":\"hu\"},{\"@type\":\"Organization\",\"@id\":\"https:\\\/\\\/www.versiegelung24.com\\\/hu\\\/#organization\",\"name\":\"versiegelung24\",\"url\":\"https:\\\/\\\/www.versiegelung24.com\\\/hu\\\/\",\"logo\":{\"@type\":\"ImageObject\",\"inLanguage\":\"hu\",\"@id\":\"https:\\\/\\\/www.versiegelung24.com\\\/hu\\\/#\\\/schema\\\/logo\\\/image\\\/\",\"url\":\"https:\\\/\\\/www.versiegelung24.com\\\/wp-content\\\/uploads\\\/2020\\\/04\\\/versiegelung24.png\",\"contentUrl\":\"https:\\\/\\\/www.versiegelung24.com\\\/wp-content\\\/uploads\\\/2020\\\/04\\\/versiegelung24.png\",\"width\":470,\"height\":102,\"caption\":\"versiegelung24\"},\"image\":{\"@id\":\"https:\\\/\\\/www.versiegelung24.com\\\/hu\\\/#\\\/schema\\\/logo\\\/image\\\/\"}},{\"@type\":\"Question\",\"@id\":\"https:\\\/\\\/www.versiegelung24.com\\\/hu\\\/granit-toemites-professzionalis-minosegben.html#faq-question-1723129133239\",\"position\":1,\"url\":\"https:\\\/\\\/www.versiegelung24.com\\\/hu\\\/granit-toemites-professzionalis-minosegben.html#faq-question-1723129133239\",\"name\":\"Wieso zeigt Versiegelung nicht die optimale Wirkung \\\/ Warum ist die Wirkung nicht vorhanden? \\\/ Wieso ist der Effekt der Langzeitwirkung nicht gegeben?\",\"answerCount\":1,\"acceptedAnswer\":{\"@type\":\"Answer\",\"text\":\"1. Die Versiegelung kann in ihrer Wirkung beeintr\u00e4chtigt sein, wenn w\u00e4hrend der Applikation oder Trocknungsphase (etwa 24 Stunden) Feuchtigkeit (z.B. Regen oder aufsteigende Feuchtigkeit aus dem Boden) auftritt.<br\\\/>2. Eine nicht vollst\u00e4ndig r\u00fcckstandsfreie Vorreinigung kann ebenfalls zu Problemen f\u00fchren. Es ist essenziell, dass Steinreiniger oder andere Vorreiniger vollst\u00e4ndig entfernt werden.<br\\\/>3. Eventuelle Vorbeschichtungen k\u00f6nnen das optimale Einziehen und Abbinden der Versiegelung verhindern, was zu einer reduzierten oder nicht langanhaltenden Wirkung f\u00fchren kann.\",\"inLanguage\":\"hu\"},\"inLanguage\":\"hu\"},{\"@type\":\"Question\",\"@id\":\"https:\\\/\\\/www.versiegelung24.com\\\/hu\\\/granit-toemites-professzionalis-minosegben.html#faq-question-1723129206298\",\"position\":2,\"url\":\"https:\\\/\\\/www.versiegelung24.com\\\/hu\\\/granit-toemites-professzionalis-minosegben.html#faq-question-1723129206298\",\"name\":\"Kann ich die Steine mit einem Hochdruckreiniger (K\u00e4rchern) reinigen?\",\"answerCount\":1,\"acceptedAnswer\":{\"@type\":\"Answer\",\"text\":\"<strong>Empfehlung:<\\\/strong><br\\\/>1. Wir raten generell von der Nutzung eines Hochdruckreinigers f\u00fcr die Reinigung von Stein- und Betonplatten ab. Durch die starke Abrasion werden die Oberfl\u00e4chen besch\u00e4digt und anf\u00e4lliger f\u00fcr erneute Verschmutzung und Algenbewuchs.<br\\\/>2. Die fr\u00e4sende Wirkung des Hochdruckreinigers kann die oberste Schicht einer Versiegelung abtragen, selbst wenn die Hydrophobie in den tieferen Schichten erhalten bleibt.\",\"inLanguage\":\"hu\"},\"inLanguage\":\"hu\"},{\"@type\":\"Question\",\"@id\":\"https:\\\/\\\/www.versiegelung24.com\\\/hu\\\/granit-toemites-professzionalis-minosegben.html#faq-question-1723188404369\",\"position\":3,\"url\":\"https:\\\/\\\/www.versiegelung24.com\\\/hu\\\/granit-toemites-professzionalis-minosegben.html#faq-question-1723188404369\",\"name\":\"Warum h\u00e4lt meine Versiegelung nicht so lange wie erwartet?\",\"answerCount\":1,\"acceptedAnswer\":{\"@type\":\"Answer\",\"text\":\"Die Haltbarkeit der Versiegelung kann durch verschiedene Faktoren beeinflusst werden. M\u00f6gliche Probleme w\u00e4hrend der Aufbringung, wie Feuchtigkeitseinwirkung w\u00e4hrend der Trocknungsphase oder eine unzureichende Vorreinigung, k\u00f6nnen die optimale Wirkung beeintr\u00e4chtigen. Zudem kann eine starke Beanspruchung der Oberfl\u00e4che die Lebensdauer der Versiegelung verk\u00fcrzen. Es ist jedoch m\u00f6glich, dass die Tiefenwirkung in den darunter liegenden Schichten weiterhin vorhanden ist.\",\"inLanguage\":\"hu\"},\"inLanguage\":\"hu\"},{\"@type\":\"Question\",\"@id\":\"https:\\\/\\\/www.versiegelung24.com\\\/hu\\\/granit-toemites-professzionalis-minosegben.html#faq-question-1723188391712\",\"position\":4,\"url\":\"https:\\\/\\\/www.versiegelung24.com\\\/hu\\\/granit-toemites-professzionalis-minosegben.html#faq-question-1723188391712\",\"name\":\"Warum tritt der gew\u00fcnschte Abperleffekt nicht ein?\",\"answerCount\":1,\"acceptedAnswer\":{\"@type\":\"Answer\",\"text\":\"Der fehlende Abperleffekt k\u00f6nnte auf Probleme bei der Aufbringung der Versiegelung zur\u00fcckzuf\u00fchren sein. Feuchtigkeit w\u00e4hrend der Applikation oder eine nicht vollst\u00e4ndig entfernte Vorreinigung k\u00f6nnen die Wirkung beeintr\u00e4chtigen und verhindern, dass die Versiegelung optimal einzieht und abbinden kann.\",\"inLanguage\":\"hu\"},\"inLanguage\":\"hu\"}]}<\/script>\n<meta property=\"og:availability\" content=\"instock\" \/>\n<meta property=\"product:availability\" content=\"instock\" \/>\n<meta property=\"product:retailer_item_id\" content=\"3005-7620\" \/>\n<meta property=\"product:condition\" content=\"new\" \/>\n<!-- \/ Yoast SEO Premium plugin. -->","yoast_head_json":{"title":"Gr\u00e1nit t\u00f6m\u00edt\u00e9s hossz\u00fa t\u00e1v\u00fa \u00e9s m\u00e9ly hat\u00e1s\u00fa - pr\u00e9mium min\u0151s\u00e9g\u0171 - versiegelung24.com","description":"Gr\u00e1nit t\u00f6m\u00edt\u00e9s - pr\u00e9mium min\u0151s\u00e9gben - \u00d3vja gr\u00e1nitk\u0151b\u0151l k\u00e9sz\u00fclt t\u00e1rgyait, mint a profik! Most a Versiegelung24.com oldalon!","robots":{"index":"index","follow":"follow","max-snippet":"max-snippet:-1","max-image-preview":"max-image-preview:large","max-video-preview":"max-video-preview:-1"},"canonical":"https:\/\/www.versiegelung24.com\/hu\/granit-toemites-professzionalis-minosegben.html","og_locale":"hu_HU","og_type":"article","og_title":"Gr\u00e1nit t\u00f6m\u00edt\u00e9s hossz\u00fa t\u00e1v\u00fa \u00e9s m\u00e9ly hat\u00e1s\u00fa - pr\u00e9mium min\u0151s\u00e9g\u0171","og_description":"Gr\u00e1nit t\u00f6m\u00edt\u00e9s - pr\u00e9mium min\u0151s\u00e9gben - \u00d3vja gr\u00e1nitk\u0151b\u0151l k\u00e9sz\u00fclt t\u00e1rgyait, mint a profik! Most a Versiegelung24.com oldalon!","og_url":"https:\/\/www.versiegelung24.com\/hu\/granit-toemites-professzionalis-minosegben.html","og_site_name":"versiegelung24.com","article_modified_time":"2025-01-03T22:52:11+00:00","og_image":[{"width":2560,"height":2560,"url":"https:\/\/www.versiegelung24.com\/wp-content\/uploads\/2020\/06\/produkt-3005-620-1000-Granitversiegelung-scaled.jpg","type":"image\/jpeg"}],"twitter_card":"summary_large_image","twitter_misc":{"El\u00e9rhet\u0151s\u00e9g":"K\u00e9szleten"},"schema":{"@context":"https:\/\/schema.org","@graph":[{"@type":["WebPage","FAQPage"],"@id":"https:\/\/www.versiegelung24.com\/hu\/granit-toemites-professzionalis-minosegben.html","url":"https:\/\/www.versiegelung24.com\/hu\/granit-toemites-professzionalis-minosegben.html","name":"Gr\u00e1nit t\u00f6m\u00edt\u00e9s hossz\u00fa t\u00e1v\u00fa \u00e9s m\u00e9ly hat\u00e1s\u00fa - pr\u00e9mium min\u0151s\u00e9g\u0171 - versiegelung24.com","isPartOf":{"@id":"https:\/\/www.versiegelung24.com\/hu\/#website"},"primaryImageOfPage":{"@id":"https:\/\/www.versiegelung24.com\/hu\/granit-toemites-professzionalis-minosegben.html#primaryimage"},"image":{"@id":"https:\/\/www.versiegelung24.com\/hu\/granit-toemites-professzionalis-minosegben.html#primaryimage"},"thumbnailUrl":"https:\/\/www.versiegelung24.com\/wp-content\/uploads\/2020\/06\/produkt-3005-620-1000-Granitversiegelung-scaled.jpg","datePublished":"2021-08-02T19:16:15+00:00","dateModified":"2025-01-03T22:52:11+00:00","description":"Gr\u00e1nit t\u00f6m\u00edt\u00e9s - pr\u00e9mium min\u0151s\u00e9gben - \u00d3vja gr\u00e1nitk\u0151b\u0151l k\u00e9sz\u00fclt t\u00e1rgyait, mint a profik! Most a Versiegelung24.com oldalon!","breadcrumb":{"@id":"https:\/\/www.versiegelung24.com\/hu\/granit-toemites-professzionalis-minosegben.html#breadcrumb"},"mainEntity":[{"@id":"https:\/\/www.versiegelung24.com\/hu\/granit-toemites-professzionalis-minosegben.html#faq-question-1723129133239"},{"@id":"https:\/\/www.versiegelung24.com\/hu\/granit-toemites-professzionalis-minosegben.html#faq-question-1723129206298"},{"@id":"https:\/\/www.versiegelung24.com\/hu\/granit-toemites-professzionalis-minosegben.html#faq-question-1723188404369"},{"@id":"https:\/\/www.versiegelung24.com\/hu\/granit-toemites-professzionalis-minosegben.html#faq-question-1723188391712"}],"inLanguage":"hu","potentialAction":[{"@type":"ReadAction","target":["https:\/\/www.versiegelung24.com\/hu\/granit-toemites-professzionalis-minosegben.html"]}]},{"@type":"ImageObject","inLanguage":"hu","@id":"https:\/\/www.versiegelung24.com\/hu\/granit-toemites-professzionalis-minosegben.html#primaryimage","url":"https:\/\/www.versiegelung24.com\/wp-content\/uploads\/2020\/06\/produkt-3005-620-1000-Granitversiegelung-scaled.jpg","contentUrl":"https:\/\/www.versiegelung24.com\/wp-content\/uploads\/2020\/06\/produkt-3005-620-1000-Granitversiegelung-scaled.jpg","width":2560,"height":2560},{"@type":"BreadcrumbList","@id":"https:\/\/www.versiegelung24.com\/hu\/granit-toemites-professzionalis-minosegben.html#breadcrumb","itemListElement":[{"@type":"ListItem","position":1,"name":"Honlap","item":"https:\/\/www.versiegelung24.com\/hu\/elol\/"},{"@type":"ListItem","position":2,"name":"\u00dczlet","item":"https:\/\/www.versiegelung24.com\/hu\/uzlet\/"},{"@type":"ListItem","position":3,"name":"Gr\u00e1nit t\u00f6m\u00edt\u00e9s hossz\u00fa t\u00e1v\u00fa \u00e9s m\u00e9ly hat\u00e1s\u00fa &#8211; pr\u00e9mium min\u0151s\u00e9g\u0171"}]},{"@type":"WebSite","@id":"https:\/\/www.versiegelung24.com\/hu\/#website","url":"https:\/\/www.versiegelung24.com\/hu\/","name":"versiegelung24.com","description":"Fl\u00fcssigglas-Versiegelung - Made in Germany","publisher":{"@id":"https:\/\/www.versiegelung24.com\/hu\/#organization"},"potentialAction":[{"@type":"SearchAction","target":{"@type":"EntryPoint","urlTemplate":"https:\/\/www.versiegelung24.com\/hu\/?s={search_term_string}"},"query-input":{"@type":"PropertyValueSpecification","valueRequired":true,"valueName":"search_term_string"}}],"inLanguage":"hu"},{"@type":"Organization","@id":"https:\/\/www.versiegelung24.com\/hu\/#organization","name":"versiegelung24","url":"https:\/\/www.versiegelung24.com\/hu\/","logo":{"@type":"ImageObject","inLanguage":"hu","@id":"https:\/\/www.versiegelung24.com\/hu\/#\/schema\/logo\/image\/","url":"https:\/\/www.versiegelung24.com\/wp-content\/uploads\/2020\/04\/versiegelung24.png","contentUrl":"https:\/\/www.versiegelung24.com\/wp-content\/uploads\/2020\/04\/versiegelung24.png","width":470,"height":102,"caption":"versiegelung24"},"image":{"@id":"https:\/\/www.versiegelung24.com\/hu\/#\/schema\/logo\/image\/"}},{"@type":"Question","@id":"https:\/\/www.versiegelung24.com\/hu\/granit-toemites-professzionalis-minosegben.html#faq-question-1723129133239","position":1,"url":"https:\/\/www.versiegelung24.com\/hu\/granit-toemites-professzionalis-minosegben.html#faq-question-1723129133239","name":"Wieso zeigt Versiegelung nicht die optimale Wirkung \/ Warum ist die Wirkung nicht vorhanden? \/ Wieso ist der Effekt der Langzeitwirkung nicht gegeben?","answerCount":1,"acceptedAnswer":{"@type":"Answer","text":"1. Die Versiegelung kann in ihrer Wirkung beeintr\u00e4chtigt sein, wenn w\u00e4hrend der Applikation oder Trocknungsphase (etwa 24 Stunden) Feuchtigkeit (z.B. Regen oder aufsteigende Feuchtigkeit aus dem Boden) auftritt.<br\/>2. Eine nicht vollst\u00e4ndig r\u00fcckstandsfreie Vorreinigung kann ebenfalls zu Problemen f\u00fchren. Es ist essenziell, dass Steinreiniger oder andere Vorreiniger vollst\u00e4ndig entfernt werden.<br\/>3. Eventuelle Vorbeschichtungen k\u00f6nnen das optimale Einziehen und Abbinden der Versiegelung verhindern, was zu einer reduzierten oder nicht langanhaltenden Wirkung f\u00fchren kann.","inLanguage":"hu"},"inLanguage":"hu"},{"@type":"Question","@id":"https:\/\/www.versiegelung24.com\/hu\/granit-toemites-professzionalis-minosegben.html#faq-question-1723129206298","position":2,"url":"https:\/\/www.versiegelung24.com\/hu\/granit-toemites-professzionalis-minosegben.html#faq-question-1723129206298","name":"Kann ich die Steine mit einem Hochdruckreiniger (K\u00e4rchern) reinigen?","answerCount":1,"acceptedAnswer":{"@type":"Answer","text":"<strong>Empfehlung:<\/strong><br\/>1. Wir raten generell von der Nutzung eines Hochdruckreinigers f\u00fcr die Reinigung von Stein- und Betonplatten ab. Durch die starke Abrasion werden die Oberfl\u00e4chen besch\u00e4digt und anf\u00e4lliger f\u00fcr erneute Verschmutzung und Algenbewuchs.<br\/>2. Die fr\u00e4sende Wirkung des Hochdruckreinigers kann die oberste Schicht einer Versiegelung abtragen, selbst wenn die Hydrophobie in den tieferen Schichten erhalten bleibt.","inLanguage":"hu"},"inLanguage":"hu"},{"@type":"Question","@id":"https:\/\/www.versiegelung24.com\/hu\/granit-toemites-professzionalis-minosegben.html#faq-question-1723188404369","position":3,"url":"https:\/\/www.versiegelung24.com\/hu\/granit-toemites-professzionalis-minosegben.html#faq-question-1723188404369","name":"Warum h\u00e4lt meine Versiegelung nicht so lange wie erwartet?","answerCount":1,"acceptedAnswer":{"@type":"Answer","text":"Die Haltbarkeit der Versiegelung kann durch verschiedene Faktoren beeinflusst werden. M\u00f6gliche Probleme w\u00e4hrend der Aufbringung, wie Feuchtigkeitseinwirkung w\u00e4hrend der Trocknungsphase oder eine unzureichende Vorreinigung, k\u00f6nnen die optimale Wirkung beeintr\u00e4chtigen. Zudem kann eine starke Beanspruchung der Oberfl\u00e4che die Lebensdauer der Versiegelung verk\u00fcrzen. Es ist jedoch m\u00f6glich, dass die Tiefenwirkung in den darunter liegenden Schichten weiterhin vorhanden ist.","inLanguage":"hu"},"inLanguage":"hu"},{"@type":"Question","@id":"https:\/\/www.versiegelung24.com\/hu\/granit-toemites-professzionalis-minosegben.html#faq-question-1723188391712","position":4,"url":"https:\/\/www.versiegelung24.com\/hu\/granit-toemites-professzionalis-minosegben.html#faq-question-1723188391712","name":"Warum tritt der gew\u00fcnschte Abperleffekt nicht ein?","answerCount":1,"acceptedAnswer":{"@type":"Answer","text":"Der fehlende Abperleffekt k\u00f6nnte auf Probleme bei der Aufbringung der Versiegelung zur\u00fcckzuf\u00fchren sein. Feuchtigkeit w\u00e4hrend der Applikation oder eine nicht vollst\u00e4ndig entfernte Vorreinigung k\u00f6nnen die Wirkung beeintr\u00e4chtigen und verhindern, dass die Versiegelung optimal einzieht und abbinden kann.","inLanguage":"hu"},"inLanguage":"hu"}]},"og_availability":"instock","product_availability":"instock","product_retailer_item_id":"3005-7620","product_condition":"new"},"_links":{"self":[{"href":"https:\/\/www.versiegelung24.com\/hu\/wp-json\/wp\/v2\/product\/23056","targetHints":{"allow":["GET"]}}],"collection":[{"href":"https:\/\/www.versiegelung24.com\/hu\/wp-json\/wp\/v2\/product"}],"about":[{"href":"https:\/\/www.versiegelung24.com\/hu\/wp-json\/wp\/v2\/types\/product"}],"version-history":[{"count":42,"href":"https:\/\/www.versiegelung24.com\/hu\/wp-json\/wp\/v2\/product\/23056\/revisions"}],"predecessor-version":[{"id":174024,"href":"https:\/\/www.versiegelung24.com\/hu\/wp-json\/wp\/v2\/product\/23056\/revisions\/174024"}],"wp:featuredmedia":[{"embeddable":true,"href":"https:\/\/www.versiegelung24.com\/hu\/wp-json\/wp\/v2\/media\/18000"}],"wp:attachment":[{"href":"https:\/\/www.versiegelung24.com\/hu\/wp-json\/wp\/v2\/media?parent=23056"}],"wp:term":[{"taxonomy":"product_brand","embeddable":true,"href":"https:\/\/www.versiegelung24.com\/hu\/wp-json\/wp\/v2\/product_brand?post=23056"},{"taxonomy":"product_cat","embeddable":true,"href":"https:\/\/www.versiegelung24.com\/hu\/wp-json\/wp\/v2\/product_cat?post=23056"},{"taxonomy":"product_tag","embeddable":true,"href":"https:\/\/www.versiegelung24.com\/hu\/wp-json\/wp\/v2\/product_tag?post=23056"}],"curies":[{"name":"wp","href":"https:\/\/api.w.org\/{rel}","templated":true}]}}