{"id":23141,"date":"2020-04-04T18:53:15","date_gmt":"2021-08-02T19:23:23","guid":{"rendered":"https:\/\/www.versiegelung24.com\/produkt\/beton-tomites-belteri-es-kulteri-hasznalatra"},"modified":"2025-01-03T23:34:11","modified_gmt":"2025-01-03T22:34:11","slug":"beton-tomites-a-belso-es-kulso-teruletre","status":"publish","type":"product","link":"https:\/\/www.versiegelung24.com\/hu\/beton-toemites-a-belso-es-kuelso-terueletre.html","title":{"rendered":"Beton t\u00f6m\u00edt\u0151anyag belt\u00e9ri \u00e9s k\u00fclt\u00e9ri haszn\u00e1latra, hossz\u00fa t\u00e1v\u00fa \u00e9s m\u00e9lyen behatol\u00f3 hat\u00e1s\u00fa"},"content":{"rendered":"\n<p id=\"h-steinhart-und-extrem-schwer-man-moge-meinen-beton-kann-nichts-etwas-anhaben-dennoch-setzen-umwelteinflusse-dem-beton-stark-zu-und-er-verliert-mit-der-zeit-immer-mehr-von-seiner-unantastbarkeit-und-er-verschmutzt-so-ist-er-im-aussenbereich-24-7-der-witterung-ausgesetzt-ob-regenschauer-sonneneinstrahlung-natureinflussen-wie-moos-oder-ahnlichen-diese-einwirkungen-gehen-an-die-substanz-und-auch-im-innenbereich-begegnet-der-betonstein-uber-die-jahre-hinweg-den-unterschiedlichsten-herausforderungen-flecken-jeder-art-aggressive-putzmittel-und-sogar-wasser-konnen-dem-beton-auf-dauer-schaden-hinzufugen-das-ist-nicht-nur-sehr-unschon-anzusehen-sondern-kann-auch-ganz-schnell-in-die-kosten-gehen-die-losung-betonversiegelung-fur-den-innen-und-aussenbereich\">K\u0151kem\u00e9ny \u00e9s rendk\u00edv\u00fcl neh\u00e9z \u2013 azt gondolhatja, hogy a beton nem \u00e1rthat semminek. Ennek ellen\u00e9re a k\u00f6rnyezeti hat\u00e1sok er\u0151s hat\u00e1st gyakorolnak a betonra, \u00e9s id\u0151vel egyre t\u00f6bbet vesz\u00edt s\u00e9rthetetlens\u00e9g\u00e9b\u0151l, \u00e9s szennyez\u0151dik. Teh\u00e1t a nap 24 \u00f3r\u00e1j\u00e1ban ki van t\u00e9ve a k\u00fclt\u00e9ri id\u0151j\u00e1r\u00e1snak, legyen sz\u00f3 es\u0151zuhanyr\u00f3l, napsug\u00e1rz\u00e1sr\u00f3l, term\u00e9szetes hat\u00e1sokr\u00f3l, mint a moha vagy hasonl\u00f3, ezek a hat\u00e1sok befoly\u00e1solj\u00e1k az anyagot. \u00c9s belt\u00e9ren is a betont\u00f6mb sokf\u00e9le kih\u00edv\u00e1ssal szembes\u00fclt az \u00e9vek sor\u00e1n, mindenf\u00e9le folt, agressz\u00edv tiszt\u00edt\u00f3szer \u00e9s m\u00e9g v\u00edz is maradand\u00f3 k\u00e1rosod\u00e1st okozhat a betonban. Ez nemcsak nagyon nem vonz\u00f3 r\u00e1n\u00e9z\u00e9sre, hanem gyorsan megn\u00f6velheti a k\u00f6lts\u00e9geket is. <strong>A megold\u00e1s: Betont\u00f6m\u00edt\u00e9s belt\u00e9ri \u00e9s k\u00fclt\u00e9ri ter\u00fcletekre!<\/strong><\/p>\n<div class=\"wp-block-image\">\n<figure class=\"aligncenter size-large is-resized\"><img fetchpriority=\"high\" decoding=\"async\" width=\"1300\" height=\"260\" src=\"https:\/\/www.versiegelung24.com\/wp-content\/uploads\/2022\/01\/Steine-legen-1300x260.jpg\" alt=\"A betonlapot a f&#xF6;ldre helyezik\" class=\"wp-image-58581\" style=\"width:1500px;height:200px\" srcset=\"https:\/\/www.versiegelung24.com\/wp-content\/uploads\/2022\/01\/Steine-legen-1300x260.jpg 1300w, https:\/\/www.versiegelung24.com\/wp-content\/uploads\/2022\/01\/Steine-legen-300x60.jpg 300w, https:\/\/www.versiegelung24.com\/wp-content\/uploads\/2022\/01\/Steine-legen-768x154.jpg 768w, https:\/\/www.versiegelung24.com\/wp-content\/uploads\/2022\/01\/Steine-legen-600x120.jpg 600w, https:\/\/www.versiegelung24.com\/wp-content\/uploads\/2022\/01\/Steine-legen.jpg 1500w\" sizes=\"(max-width: 1300px) 100vw, 1300px\" \/><\/figure>\n<\/div>\n<div class=\"wp-block-columns is-layout-flex wp-container-core-columns-is-layout-9d6595d7 wp-block-columns-is-layout-flex\">\n<div class=\"wp-block-column is-layout-flow wp-block-column-is-layout-flow\">\n<h2 class=\"wp-block-heading\" id=\"h-betonversiegelung-aus-flussigglas\">Betont\u00f6m\u00edt\u00e9s foly\u00e9kony \u00fcvegb\u0151l<\/h2>\n\n\n\n<p>A beton hossz\u00fa t\u00e1v\u00fa v\u00e9delme \u00e9rdek\u00e9ben professzion\u00e1lis megold\u00e1s sz\u00fcletett a n\u00e9met laborat\u00f3riumokt\u00f3l: a V24 betont\u00f6m\u00edt\u00e9s t\u00f6k\u00e9letes\u00edti a beton megjelen\u00e9s\u00e9t, tart\u00f3ss\u00e1g\u00e1t \u00e9s \u00e9lettartam\u00e1t. A l\u00f3tuszhat\u00e1s m\u00f3dszer\u00e9nek k\u00f6sz\u00f6nhet\u0151en a nedvess\u00e9g g\u00f6rd\u00fcl, \u00e9s a szennyez\u0151d\u00e9s m\u00e1r nem tapadhat. A megjelen\u00e9s \u00e9s a fog\u00e1s v\u00e1ltozatlan.<\/p>\n\n\n\n<p>Belt\u00e9ri \u00e9s k\u00fclt\u00e9ri betont\u00f6m\u00edt\u00e9s\u00fcnk hat\u00e9konyan \u00e9s tart\u00f3san v\u00e9di a k\u0151fel\u00fcleteket, p\u00e9ld\u00e1ul a betont, a falazatot, az \u00e1sv\u00e1nyi vakolatot \u00e9s a t\u00e9rk\u00f6veket a k\u00fcls\u0151 hat\u00e1sokt\u00f3l. A l\u00f3tuszhat\u00e1snak k\u00f6sz\u00f6nhet\u0151en olyan folyad\u00e9kok, mint a v\u00edz, bor vagy olaj, m\u00e1r nem hatolnak a felsz\u00ednre, hanem egyszer\u0171en leg\u00f6rd\u00fclnek a fel\u00fcletr\u0151l.<\/p>\n<\/div>\n\n\n\n<div class=\"wp-block-column is-layout-flow wp-block-column-is-layout-flow\">\n<h2 class=\"wp-block-heading\" id=\"woraus-besteht-die-v24-betonversiegelung\">Mib\u0151l k\u00e9sz\u00fcl a V24 betont\u00f6m\u00edt\u00e9s?<\/h2>\n\n\n\n<p>Foly\u00e9kony \u00fcvegb\u0151l k\u00e9sz\u00fclt betont\u00f6m\u00edt\u00e9s\u00fcnk \u00fcvegmolekul\u00e1k, az \u00fagynevezett szil\u00edcium-dioxid kombin\u00e1ci\u00f3ja. Ezt a szil\u00edciumot tiszta kvarc homokb\u00f3l nyerik, \u00e9s a F\u00f6ld t\u00f6meg\u00e9nek k\u00f6r\u00fclbel\u00fcl 15% -\u00e1t teszi ki. Teh\u00e1t olyan nyersanyagr\u00f3l besz\u00e9l\u00fcnk, amely \u00f3ri\u00e1si mennyis\u00e9gben fordul el\u0151 a term\u00e9szetben. \u00d6kol\u00f3giailag \u00e1rtalmatlan \u00e9s nem m\u00e9rgez\u0151.<\/p>\n\n\n\n<p><strong>Term\u00e9szetes er\u0151forr\u00e1sokb\u00f3l k\u00e9sz\u00fclt<\/strong><\/p>\n\n\n\n<p>A n\u00e9met nanotechnol\u00f3gia kutat\u00f3i kifejlesztettek egy m\u00f3dszert, amely lehet\u0151v\u00e9 teszi a szil\u00edcium -dioxid molekul\u00e1k rendk\u00edv\u00fcl finom felbont\u00e1sban t\u00f6rt\u00e9n\u0151 kinyer\u00e9s\u00e9t kvarc homokb\u00f3l. Az alkalmaz\u00e1s sor\u00e1n elp\u00e1rolg\u00f3 old\u00f3szerrel kombin\u00e1lva a v\u00e9d\u0151, m\u00e9lyen behatol\u00f3 foly\u00e9kony \u00fcvegr\u00e9teg megmarad.<\/p>\n<\/div>\n<\/div>\n\n<hr\/>\n\n<h4 class=\"wp-block-heading\" id=\"video\">Vide\u00f3<\/h4>\n\n<div class=\"wp-block-columns is-layout-flex wp-container-core-columns-is-layout-9d6595d7 wp-block-columns-is-layout-flex\">\n<div class=\"wp-block-column is-layout-flow wp-block-column-is-layout-flow\">\n<p><strong>Term\u00e9kvide\u00f3: \u00e1tl\u00e1tsz\u00f3 \u00e9s l\u00e9legz\u0151 beton t\u00f6m\u00edt\u00e9s<\/strong><\/p>\n\n\n\n<figure class=\"wp-block-embed is-type-video is-provider-youtube wp-block-embed-youtube wp-embed-aspect-16-9 wp-has-aspect-ratio\"><div class=\"wp-block-embed__wrapper\"> \n<div class=\"nv-iframe-embed\"><iframe title=\"Transparente Betonversiegelung Innenbereich &amp; Au\u00dfenbereich\" width=\"1200\" height=\"675\" src=\"https:\/\/www.youtube.com\/embed\/KHXjv7M-0XY?feature=oembed\" frameborder=\"0\" allow=\"accelerometer; autoplay; clipboard-write; encrypted-media; gyroscope; picture-in-picture\" allowfullscreen><\/iframe><\/div>\n <\/div><\/figure>\n<\/div>\n\n\n\n<div class=\"wp-block-column is-layout-flow wp-block-column-is-layout-flow\">\n<p><strong>Gyakorlati vide\u00f3: Beton alap sz\u00edntelen t\u00f6m\u00edt\u00e9se a szabadban<\/strong><\/p>\n\n\n\n<figure class=\"wp-block-embed is-type-video is-provider-youtube wp-block-embed-youtube wp-embed-aspect-16-9 wp-has-aspect-ratio\"><div class=\"wp-block-embed__wrapper\"> \n<div class=\"nv-iframe-embed\"><iframe title=\"Farblose Betonversiegelung mit Tiefenwirkung\" width=\"1200\" height=\"675\" src=\"https:\/\/www.youtube.com\/embed\/3_hXFYwm1Hs?feature=oembed\" frameborder=\"0\" allow=\"accelerometer; autoplay; clipboard-write; encrypted-media; gyroscope; picture-in-picture\" allowfullscreen><\/iframe><\/div>\n <\/div><\/figure>\n<\/div>\n<\/div>\n\n<hr\/>\n\n<h4 class=\"wp-block-heading\" id=\"properties\">A term\u00e9k jellemz\u0151i<\/h4>\n\n<div class=\"wp-block-columns is-layout-flex wp-container-core-columns-is-layout-9d6595d7 wp-block-columns-is-layout-flex\">\n<div class=\"wp-block-column is-layout-flow wp-block-column-is-layout-flow\">\n<p>\u2713 Hat\u00e9kony tart\u00f3s fel\u00fcletv\u00e9delem v\u00edz, szennyez\u0151d\u00e9s \u00e9s id\u0151j\u00e1r\u00e1s ellen<\/p>\n\n\n\n<p>\u2713 megakad\u00e1lyozza a moh\u00e1k, zuzm\u00f3k, gomb\u00e1k \u00e9s egy\u00e9b term\u00e9szetes hat\u00e1sok n\u00f6veked\u00e9s\u00e9t<\/p>\n\n\n\n<p>\u2713 nem v\u00e1ltozik a fel\u00fclet kin\u00e9zete (teljesen l\u00e1thatatlan)<\/p>\n\n\n\n<p>\u2713 extr\u00e9m kop\u00e1s\u00e1ll\u00f3s\u00e1g a hossz\u00fa l\u00e1nc\u00fa szil\u00edciumvegy\u00fcletek (SiO\u00b2) miatt<\/p>\n\n\n\n<p>\u2713 Hosszan tart\u00f3 m\u00e9lys\u00e9ghat\u00e1s a nagy, ak\u00e1r 25 mm-es behatol\u00e1si m\u00e9lys\u00e9gnek k\u00f6sz\u00f6nhet\u0151en (a k\u0151 nedvsz\u00edv\u00f3 k\u00e9pess\u00e9g\u00e9t\u0151l f\u00fcgg\u0151en)<\/p>\n\n\n\n<p>\u2713 A fel\u00fclet l\u00e9g\u00e1tereszt\u0151 marad (nyitott a diff\u00fazi\u00f3ra), \u00edgy nincs g\u00e1tr\u00e9teg \u00e9s nincs nedvess\u00e9g<\/p>\n\n\n\n<p>\u2713 teljesen fagy\u00e1ll\u00f3 (a j\u00e9g \u00e9s a h\u00f3 nem okoz k\u00e1rt)<\/p>\n\n\n\n<p>\u2713 UV -stabil<\/p>\n\n\n\n<p>\u2713 K\u00f6nnyen tiszt\u00edthat\u00f3 hat\u00e1s: a szennyez\u0151d\u00e9s nem tapad, \u00e9s k\u00f6nnyen elt\u00e1vol\u00edthat\u00f3<\/p>\n\n\n\n<p>\u2713 Helyesen alkalmazva, hossz\u00fa \u00e9vekig tart\u00f3s, mivel a t\u00f6m\u00edt\u0151anyag kovalens (tart\u00f3s) k\u00f6t\u00e9st k\u00e9pez a fel\u00fclettel.<\/p>\n\n\n\n<p> \u2713 -10 \u00e9s + 70 \u00b0 C k\u00f6z\u00f6tt alkalmazza<\/p>\n<\/div>\n\n\n\n<div class=\"wp-block-column is-layout-flow wp-block-column-is-layout-flow\">\n<p><strong>Nagyon hat\u00e9kony v\u00edzleperget\u0151, kop\u00e1s\u00e1ll\u00f3 nanor\u00e9teg minden nedvsz\u00edv\u00f3, ny\u00edlt p\u00f3rus\u00fa betonfel\u00fclethez<\/strong><\/p>\n\n\n\n<p>T\u00e9telsz\u00e1m: 3001-7620<\/p>\n\n\n\n<p>\u00daj verzi\u00f3 jav\u00edtott hat\u00e9konys\u00e1ggal zs\u00edr \u00e9s v\u00f6r\u00f6sbor ellen (kor\u00e1bban 3001-620 cikksz\u00e1m)<\/p>\n\n\n\n<p>Kiv\u00e1l\u00f3 min\u0151s\u00e9g N\u00e9metorsz\u00e1gban k\u00e9sz\u00fclt.<\/p>\n\n\n\n<p><strong>term\u00e9kbiztons\u00e1g<\/strong><\/p>\n\n\n\n<p>A term\u00e9k vesz\u00e9lyes anyagokr\u00f3l sz\u00f3l\u00f3 rendelet keret\u00e9ben t\u00f6rt\u00e9n\u0151 besorol\u00e1s\u00e1ra vonatkoz\u00f3 inform\u00e1ci\u00f3k, biztons\u00e1gi adatok, valamint toxikol\u00f3giai \u00e9s t\u00e1rol\u00e1si adatok a biztons\u00e1gi adatlapunkon tal\u00e1lhat\u00f3k.<\/p>\n\n\n\n<p><strong>t\u00e1rol\u00e1s<\/strong><\/p>\n\n\n\n<p>A V24 beton t\u00f6m\u00edt\u00e9s nem \u00e9rintkezhet nedvess\u00e9ggel. A t\u00e1rol\u00e1st -10 \u00b0 C \u00e9s +40 \u00b0 C k\u00f6z\u00f6tti h\u0151m\u00e9rs\u00e9kleten kell v\u00e9gezni.<\/p>\n\n\n\n<p><br\/><br\/>S<strong>z\u00e1ll\u00edt\u00e1si terjedelem:<\/strong> 1 x literes flakon 1 x pump\u00e1s sz\u00f3r\u00f3fej<br\/><\/p>\n<\/div>\n<\/div>\n\n<hr\/>\n\n<h4 class=\"wp-block-heading\" id=\"application\">Alkalmaz\u00e1s<\/h4>\n\n<div class=\"wp-block-columns is-layout-flex wp-container-core-columns-is-layout-9d6595d7 wp-block-columns-is-layout-flex\">\n<div class=\"wp-block-column is-layout-flow wp-block-column-is-layout-flow\">\n<ul class=\"wp-block-list\">\n<li>A V24 betont\u00f6m\u00edt\u00e9st haszn\u00e1latra k\u00e9szen sz\u00e1ll\u00edtjuk, \u00e9s h\u00edg\u00edtatlanul alkalmazzuk az el\u0151zetesen megtiszt\u00edtott \u00e9s sz\u00e1r\u00edtott fel\u00fcletre.<\/li>\n<\/ul>\n\n\n\n<ul class=\"wp-block-list\">\n<li>Minden kezelend\u0151 fel\u00fcletnek sz\u00e1raznak \u00e9s j\u00f3l tiszt\u00edthat\u00f3nak kell lennie, mivel csak \u00edgy biztos\u00edthat\u00f3 a t\u00f6m\u00edt\u0151anyag m\u00e9ly behatol\u00e1sa, amely optim\u00e1lis hossz\u00fa t\u00e1v\u00fa \u00e9s m\u00e9ly hat\u00e1st fejt ki.<\/li>\n<\/ul>\n\n\n\n<ul class=\"wp-block-list\">\n<li>Az alkalmaz\u00e1s ut\u00e1n a<strong> V24 beton t\u00f6m\u00edt\u00e9s<\/strong> folyad\u00e9kr\u00e9tegk\u00e9nt n\u00e9h\u00e1ny m\u00e1sodpercig \u00e9rintkezzen a fel\u00fclettel.<\/li>\n<\/ul>\n\n\n\n<ul class=\"wp-block-list\">\n<li>A bevonat teljesen t\u00e9rh\u00e1l\u00f3sodik \u00e9s 24 \u00f3ra m\u00falva kikem\u00e9nyedik.<\/li>\n<\/ul>\n\n\n\n<p>A p\u00e1ly\u00e1zat r\u00e9szletes le\u00edr\u00e1sa adatlapunkon tal\u00e1lhat\u00f3<\/p>\n<\/div>\n\n\n\n<div class=\"wp-block-column is-layout-flow wp-block-column-is-layout-flow\">\n<p>Alkalmas minden \u00e1sv\u00e1nyi, nedvsz\u00edv\u00f3, ny\u00edlt p\u00f3rus\u00fa betonfel\u00fclethez, belt\u00e9ren \u00e9s k\u00fclt\u00e9ren.<\/p>\n\n\n\n<p>A V24 betont\u00f6m\u00edt\u00e9s rugalmas, karc\u00e1ll\u00f3, l\u00e9legz\u0151, hossz\u00fa \u00e9lettartam\u00fa, h\u0151\u00e1ll\u00f3, antimikrobi\u00e1lis, tapad\u00e1smentes \u00e9s k\u00f6nnyen tiszt\u00edthat\u00f3.<\/p>\n\n\n\n<div class=\"wp-block-columns is-layout-flex wp-container-core-columns-is-layout-9d6595d7 wp-block-columns-is-layout-flex\">\n<div class=\"wp-block-column is-layout-flow wp-block-column-is-layout-flow\">\n<p>\u2713 beton<\/p>\n\n\n\n<p>\u2713 K\u00fcls\u0151 vakolat<\/p>\n\n\n\n<p>\u2713 Bels\u0151 vakolat<\/p>\n\n\n\n<p>\u2713 Beton t\u00f6mb \u00e9s t\u00e9gla<\/p>\n\n\n\n<p>\u2713 Beton burkolat<\/p>\n\n\n\n<p>\u2713 Betont\u00e9gla<\/p>\n\n\n\n<p>\u2713 K\u0151m\u0171vess\u00e9g \u00e9s homlokzatok<\/p>\n\n\n\n<p>\u2713 Beton mennyezet<\/p>\n\n\n\n<p>\u2713 betonfalak<\/p>\n\n\n\n<p>\u2713 Beton b\u00fatorok<\/p>\n<\/div>\n\n\n\n<div class=\"wp-block-column is-layout-flow wp-block-column-is-layout-flow\">\n<p>\u2713 betonlapok (m\u00e1zatlan)<\/p>\n\n\n\n<p>\u2713 Beton l\u00e9pcs\u0151k<\/p>\n\n\n\n<p>\u2713 Betont\u00f6mb\u00f6k<\/p>\n\n\n\n<p>\u2713 Sima fel\u00fclet\u0171 beton<\/p>\n\n\n\n<p>\u2713 Betonszerkezet<\/p>\n\n\n\n<p><\/p>\n<\/div>\n<\/div>\n<\/div>\n<\/div>\n\n<hr\/>\n\n<h4 class=\"wp-block-heading\" id=\"advisor\">Beton t\u00f6m\u00edt\u00e9s az (el\u00fcls\u0151) kertben \u00e9s az erk\u00e9lyen<\/h4>\n\n<p>T\u00f6m\u00edt\u00e9s\u00fcnk seg\u00edts\u00e9g\u00e9vel mindenf\u00e9le betonfel\u00fcletet (p\u00e9ld\u00e1ul betonpadl\u00f3, t\u00e9rk\u0151, falazat stb.) Megv\u00e9dhet az (el\u0151) kertben vagy az erk\u00e9lyen az olyan probl\u00e9m\u00e1kt\u00f3l, mint a bosszant\u00f3 mohafert\u0151z\u00e9s, n\u00f6veked\u00e9s, foltok nedvess\u00e9ggel, \u00e9s id\u0151j\u00e1r\u00e1s\u00e1ll\u00f3v\u00e1 tegye \u0151ket az es\u0151 \u00e9s a napsug\u00e1rz\u00e1s ellen. A betonfel\u00fcletek t\u00f6bb \u00e9v ut\u00e1n is \u00fajk\u00e9nt ragyognak. A fel\u00fcletek nagyon k\u00f6nnyen tiszt\u00edthat\u00f3k. \u00c1ltal\u00e1ban takar\u00edt\u00f3 n\u00e9lk\u00fcl, vagy csak n\u00e1lunk<a href=\"https:\/\/www.versiegelung24.com\/de\/biosativa-biologischer-vorreiniger.html\"> Bioreniger biosativa<\/a> .<\/p>\n\n<h2 class=\"wp-block-heading\" id=\"beton-innerhalb-des-hauses-versiegeln-betonversiegelung-innenbereich\">Beton t\u00f6m\u00edt\u00e9se a h\u00e1zon bel\u00fcl \/ Beton t\u00f6m\u00edt\u00e9se belt\u00e9ren<\/h2>\n\n<p>A h\u00e1zban is a betonnal tal\u00e1lkozik a legv\u00e1ltozatosabb form\u00e1ban. A betonpadl\u00f3 az egyik legn\u00e9pszer\u0171bb t\u00edpus a h\u00e1zban. T\u00f6m\u00edt\u00e9s\u00fcnkkel megv\u00e9di szeretett padl\u00f3j\u00e1t, de a l\u00e9pcs\u0151k \u00e9s falak is v\u00e9dettek a nedvess\u00e9g, pen\u00e9sz \u00e9s foltok, valamint mindenf\u00e9le szennyez\u0151d\u00e9s hat\u00e1sa ellen. A fel\u00fclet l\u00e9legz\u0151 marad, a szennyez\u0151d\u00e9s m\u00e1r nem tapad, \u00e9s n\u00e9h\u00e1ny m\u00e1sodpercen bel\u00fcl k\u00f6nnyen elt\u00e1vol\u00edthat\u00f3.<\/p>\n\n<div class=\"wp-block-group\"><div class=\"wp-block-group__inner-container is-layout-flow wp-block-group-is-layout-flow\">\n<div class=\"wp-block-columns is-layout-flex wp-container-core-columns-is-layout-9d6595d7 wp-block-columns-is-layout-flex\">\n<div class=\"wp-block-column is-layout-flow wp-block-column-is-layout-flow\">\n<h2 class=\"wp-block-heading\" id=\"v24-betonversiegelung-anwendung\">V24 beton t\u00f6m\u00edt\u0151 alkalmaz\u00e1s<\/h2>\n\n\n\n<p>A V24 betont\u00f6m\u00edt\u0151 azonnal haszn\u00e1latra k\u00e9sz. Egyszer\u0171en h\u00edg\u00edtatlanul vigye fel a nagyon j\u00f3l megtiszt\u00edtott \u00e9s sz\u00e1raz fel\u00fcletre.<\/p>\n\n\n\n<p>A felhordand\u00f3 mennyis\u00e9g nagym\u00e9rt\u00e9kben f\u00fcgg a betonfel\u00fclet nedvsz\u00edv\u00f3 k\u00e9pess\u00e9g\u00e9t\u0151l. A legjobb eredm\u00e9ny el\u00e9r\u00e9se \u00e9rdek\u00e9ben javasoljuk, hogy a fel\u00fclet felhord\u00e1sa el\u0151tt v\u00e9gezzen pr\u00f3ba -impregn\u00e1l\u00e1st. Egy meggy\u0151z\u0151 vizsg\u00e1lati eredm\u00e9ny szerint az aj\u00e1nlott felhord\u00e1si h\u0151m\u00e9rs\u00e9klet 30-100 ml n\u00e9gyzetm\u00e9terenk\u00e9nt \u00e9s +5 \u00e9s + 25 \u00b0 C k\u00f6z\u00f6tti h\u0151m\u00e9rs\u00e9klet.<\/p>\n\n\n\n<p>K\u00fcl\u00f6n\u00f6sen fontos: Gy\u0151z\u0151dj\u00f6n meg arr\u00f3l, hogy a t\u00f6m\u00edt\u00e9sre kezelend\u0151 betonfel\u00fclet m\u00e1r por-sz\u00e1raz \u00e9s el\u0151zetesen alaposan megtiszt\u00edtott. Ez az egyetlen m\u00f3dja annak, hogy a t\u00f6m\u00edt\u0151anyag m\u00e9lyen behatoljon a fel\u00fcletbe, \u00e9s garant\u00e1lja az optim\u00e1lis hossz\u00fa t\u00e1v\u00fa \u00e9s m\u00e9ly hat\u00e1st. Hagyja a betonfel\u00fcleteket j\u00f3l megsz\u00e1radni legal\u00e1bb 48 \u00f3r\u00e1n kereszt\u00fcl a tiszt\u00edt\u00e1s ut\u00e1n.<\/p>\n\n\n\n<p>A nedvess\u00e9get, amelyet a beton felsz\u00edvott az el\u0151zetes tiszt\u00edt\u00e1s sor\u00e1n, haszn\u00e1lat el\u0151tt teljesen meg kell sz\u00e1r\u00edtani. Ha tiszt\u00edt\u00f3szereket haszn\u00e1ltak, azokat marad\u00e9k n\u00e9lk\u00fcl el kell t\u00e1vol\u00edtani. A marad\u00e9k szennyez\u0151d\u00e9s, szennyez\u0151d\u00e9s \u00e9s por szint\u00e9n hozz\u00e1j\u00e1rulhat az optim\u00e1lisn\u00e1l alacsonyabb eredm\u00e9nyekhez, mivel ezek is elnyelik a t\u00f6m\u00edt\u00e9st. A k\u00fclt\u00e9ri ter\u00fcletek eset\u00e9ben a megfelel\u0151 fel\u00fcletnek gyommentesnek kell lennie. A t\u00f6m\u00edt\u0151anyagot soha ne haszn\u00e1lja es\u0151ben, v\u00edzzel vagy ak\u00e1r nedves fel\u00fclettel \u00e9rintkezve.<\/p>\n<\/div>\n\n\n\n<div class=\"wp-block-column is-layout-flow wp-block-column-is-layout-flow\">\n<h2 class=\"wp-block-heading\" id=\"wie-versiegele-ich-beton-richtig-das-vorgehen\">Hogyan kell t\u00f6m\u00edteni a betont megfelel\u0151en? Az elj\u00e1r\u00e1s:<\/h2>\n\n\n\n<p>Sz\u00fcks\u00e9g eset\u00e9n haszn\u00e1lat k\u00f6zben takarja le a k\u00f6rnyez\u0151 ter\u00fcleteket. A n\u00f6v\u00e9nyeket mindig v\u00e9deni kell az \u00e9rintkez\u00e9st\u0151l. Alapvet\u0151en sem az \u00fcveget, sem a m\u0171anyagot nem t\u00e1madja meg a V24 beton t\u00f6m\u00edt\u00e9s, de zs\u00edros f\u00f3lia keletkezhet, amely azonban k\u00f6nnyen elt\u00e1vol\u00edthat\u00f3 azonnali tiszt\u00edt\u00e1ssal a kereskedelemben kaphat\u00f3 tiszt\u00edt\u00f3szerekkel.<\/p>\n\n\n\n<p>Az optim\u00e1lis m\u00f3dszer mindig a kezelend\u0151 ter\u00fclet m\u00e9ret\u00e9t\u0151l, helyzet\u00e9t\u0151l, szerkezet\u00e9t\u0151l \u00e9s nedvsz\u00edv\u00f3 k\u00e9pess\u00e9g\u00e9t\u0151l f\u00fcgg. A lehet\u0151 legjobb eredm\u00e9ny \u00e9rdek\u00e9ben a t\u00f6m\u00edt\u00e9st sz\u00f3r\u00e1ssal vagy hengerrel kell elv\u00e9gezni, majd n\u00e9h\u00e1ny m\u00e1sodpercig foly\u00e9kony filmk\u00e9nt \u00e9rintkezni kell a fel\u00fclettel. Javasoljuk, hogy az elj\u00e1r\u00e1st alulr\u00f3l felfel\u00e9 v\u00e9gezze f\u00fcgg\u0151leges fel\u00fcleteken.<\/p>\n\n\n\n<p>Az alkalmaz\u00e1shoz haszn\u00e1lt seg\u00e9deszk\u00f6z\u00f6knek mindig tiszt\u00e1knak \u00e9s sz\u00e1razaknak kell lenni\u00fck. Sikeres haszn\u00e1lat ut\u00e1n tiszt\u00edthat\u00f3k olyan old\u00f3szerekkel, mint a benzin, a szesz vagy a h\u00edg\u00edt\u00f3.<\/p>\n\n\n\n<p>A t\u00f6m\u00edt\u0151anyag felhord\u00e1sa ut\u00e1n fontos, hogy figyelembe vegy\u00fck a sz\u00e1rad\u00e1si id\u0151t, \u00e9s hagyjuk a betonszigetel\u0151t kikem\u00e9nyedni. Ennek oka, hogy az optim\u00e1lis \u00e1pol\u00e1si tulajdons\u00e1gok \u00e9s a maxim\u00e1lis v\u00e9d\u0151hat\u00e1s csak akkor \u00e9rhet\u0151 el, ha a term\u00e9k teljesen sz\u00e1raz.<\/p>\n\n\n\n<p><strong>24 \u00f3ra eltelt\u00e9vel a bevonat teljesen t\u00e9rh\u00e1l\u00f3sodik \u00e9s megkem\u00e9nyedik, \u00e9s betonfel\u00fclete v\u00e9dve van minden befoly\u00e1st\u00f3l.<\/strong><\/p>\n<\/div>\n<\/div>\n<\/div><\/div>\n\n<h2 class=\"wp-block-heading\" id=\"h-betonimpragnierung-oder-versiegelung\">Beton impregn\u00e1l\u00e1s vagy t\u00f6m\u00edt\u00e9s?<\/h2>\n\n<p>A betonimpregn\u00e1l\u00e1s \u00e9s a betonszigetel\u00e9s k\u00f6z\u00f6tti \u00e1ltal\u00e1nos k\u00fcl\u00f6nbs\u00e9g els\u0151sorban abban \u00e1ll, hogy az impregn\u00e1l\u00f3szer a beton p\u00f3rusaiba sz\u00edv\u00f3dik be. Az impregn\u00e1l\u00f3szer reakci\u00f3ba l\u00e9p a p\u00f3rusokkal, \u00edgy azok v\u00edz- \u00e9s szennyez\u0151d\u00e9stasz\u00edt\u00f3v\u00e1 v\u00e1lnak, mik\u00f6zben a p\u00f3rusok l\u00e9g\u00e1tereszt\u0151ek maradnak. A betonszigetel\u00e9ssel egy v\u00e9kony v\u00e9d\u0151r\u00e9teget visznek fel a fel\u00fcletre, amely szennyez\u0151d\u00e9stasz\u00edt\u00f3v\u00e1 teszi azt. A fel\u00fclet azonban nem marad l\u00e9g\u00e1tereszt\u0151, ami az alkalmaz\u00e1st\u00f3l f\u00fcgg\u0151en nem k\u00edv\u00e1natos.<\/p>\n\n<p>A V24 bels\u0151 \u00e9s k\u00fcls\u0151 haszn\u00e1latra sz\u00e1nt betonszigetel\u0151je egy l\u00e9g\u00e1tereszt\u0151 t\u00f6m\u00edt\u0151anyag, amely betonimpregn\u00e1l\u00e1snak tekinthet\u0151.<\/p>\n\n<h2 class=\"wp-block-heading\" id=\"h-allgemeine-anwendungsbereiche-der-betonversiegelung-und-worauf-es-zu-achten-gilt\">A betonszigetel\u00e9s \u00e1ltal\u00e1nos alkalmaz\u00e1si ter\u00fcletei \u00e9s mire kell odafigyelni<\/h2>\n\n<p>A beton impregn\u00e1l\u00e1sa vagy t\u00f6m\u00edt\u00e9se k\u00fcl\u00f6n\u00f6sen alkalmas olyan ter\u00fcleteken, amelyek ki vannak t\u00e9ve az id\u0151j\u00e1r\u00e1s viszontags\u00e1gainak vagy \u00e1lland\u00f3 haszn\u00e1latnak. Ennek el\u0151felt\u00e9tele term\u00e9szetesen az, hogy az aljzat szint\u00e9n bevonat n\u00e9lk\u00fcli \u00e9s kezeletlen betonaljzat legyen. Ezek lehetnek p\u00e9ld\u00e1ul teraszpadl\u00f3k, ipari padl\u00f3k, hobbi szob\u00e1k, j\u00e1rd\u00e1k vagy \u00e9p\u00edt\u0151anyagok &#8211; hogy csak n\u00e9h\u00e1nyat eml\u00edts\u00fcnk.  <\/p>\n\n<p>A t\u00f6m\u00edt\u00e9s tart\u00f3ss\u00e1ga azonban a fel\u00fclet vagy t\u00e1rgy haszn\u00e1lat\u00e1nak m\u00e9rt\u00e9k\u00e9t\u0151l f\u00fcgg. Min\u00e9l gyakrabban van az anyag (f\u0151k\u00e9nt) koptat\u00f3 hat\u00e1snak kit\u00e9ve, ann\u00e1l gyorsabban cs\u00f6kken a beton impregn\u00e1l\u00e1s vagy t\u00f6m\u00edt\u00e9s v\u00e9d\u0151funkci\u00f3ja.<\/p>\n\n<h2 class=\"wp-block-heading\" id=\"h-die-vorteile-einer-betonversiegelung\">A betonszigetel\u00e9s el\u0151nyei<\/h2>\n\n<p>A fel\u00fcleti t\u00f6m\u00edt\u00e9s el\u0151nyei egy\u00e9rtelm\u0171en a szennyez\u0151d\u00e9stasz\u00edt\u00f3 v\u00e9d\u0151hat\u00e1sban rejlenek. Ez k\u00fcl\u00f6n\u00f6sen hasznos az olyan ter\u00fcleteken, mint az ipar, mivel hat\u00e9kony v\u00e9delmet ny\u00fajt az olajjal \u00e9s a savakkal szemben. Ezenk\u00edv\u00fcl a V24 betonimpregn\u00e1l\u00e1s v\u00e9d az anyagba behatol\u00f3 nedvess\u00e9g ellen. Ez proakt\u00edvan megakad\u00e1lyozza a pen\u00e9szesed\u00e9s kialakul\u00e1s\u00e1t, mivel lehet\u0151v\u00e9 teszi, hogy a nedvess\u00e9g bel\u00fclr\u0151l t\u00e1vozzon az anyagb\u00f3l. \u00cdgy elker\u00fclhet\u0151 a beton s\u00e9r\u00fcl\u00e9se.  <\/p>\n\n<hr\/>\n\n<h4 class=\"wp-block-heading\" id=\"faq\">GYIK<\/h4>\n\n<div class=\"wp-block-columns is-layout-flex wp-container-core-columns-is-layout-9d6595d7 wp-block-columns-is-layout-flex\">\n<div class=\"wp-block-column is-layout-flow wp-block-column-is-layout-flow\" style=\"flex-basis:100%\">\n<div class=\"schema-faq wp-block-yoast-faq-block\"><div class=\"schema-faq-section\" id=\"faq-question-1646930145011\"><strong class=\"schema-faq-question\">A festett homlokzat t\u00f6m\u00edthet\u0151\/impregn\u00e1lhat\u00f3?<\/strong> <p class=\"schema-faq-answer\"><br>A m\u00e1r festett homlokzatokra t\u00f6rt\u00e9n\u0151 felhord\u00e1s \u00e1ltal\u00e1ban akkor lehets\u00e9ges, ha az \u00e1sv\u00e1nyi aljzat m\u00e9g l\u00e9legz\u0151 \u00e9s ez\u00e9rt nedvsz\u00edv\u00f3, \u00e9s lehet\u0151s\u00e9get biztos\u00edt a t\u00f6m\u00edt\u0151anyagnak\/impregn\u00e1l\u00f3nak a tapad\u00e1sra. El\u0151zetesen ellen\u0151rizni kell, hogy az alkalmazott fest\u00e9kek \u00e9s el\u0151kezel\u00e9sek old\u00f3szer\u00e1ll\u00f3ak-e. A fest\u00e9keket \u00e9s el\u0151kezel\u0151szereket nem kell alkalmazni. Mindenesetre javasolt egy pr\u00f3bafelhord\u00e1s nem felt\u0171n\u0151 ter\u00fcleten.<\/p> <\/div> <div class=\"schema-faq-section\" id=\"faq-question-1646932868645\"><strong class=\"schema-faq-question\">Lehets\u00e9ges a szilik\u00e1tfest\u00e9kkel bevont betonvakolat kieg\u00e9sz\u00edt\u0151 v\u00e9delme?<\/strong> <p class=\"schema-faq-answer\">Mivel a szilik\u00e1tfest\u00e9k \u00e1sv\u00e1nyi alap\u00fa \u00e9s k\u00e9miailag er\u0151s k\u00f6t\u00e9st k\u00e9pez a fel\u00fclettel, a szilik\u00e1tfest\u00e9kkel bevont \u00e1sv\u00e1nyi vakolat is impregn\u00e1lhat\u00f3 vagy t\u00f6m\u00edthet\u0151.<br><br>Mivel a szilik\u00e1tfest\u00e9k nagym\u00e9rt\u00e9kben \u00e1tereszt\u0151, ez\u00e9rt l\u00e9legz\u0151 betont\u00f6m\u00edt\u00e9ssel kombin\u00e1lhat\u00f3 bel- \u00e9s k\u00fclt\u00e9ri haszn\u00e1latra. Bels\u0151 helyis\u00e9gekben a fel\u00fclet szab\u00e1lyozza a helyis\u00e9g p\u00e1ratartalm\u00e1t, k\u00edv\u00fcl a t\u00f6m\u00edt\u00e9s tov\u00e1bbi v\u00e9delmet ny\u00fajt a falnak hidrof\u00f3b \u00e9s szennyez\u0151d\u00e9stasz\u00edt\u00f3 hat\u00e1s\u00e1nak k\u00f6sz\u00f6nhet\u0151en.<br><br>Az el\u0151kezel\u00e9sek \u00e9s sz\u00ednek elt\u00e9r\u0151 min\u0151s\u00e9ge miatt \u00e9rdemes el\u0151re ellen\u0151rizni, hogy a felhaszn\u00e1lt term\u00e9kek old\u00f3szer\u00e1ll\u00f3ak-e. Mindenesetre javasolt egy pr\u00f3bafelhord\u00e1s nem felt\u0171n\u0151 ter\u00fcleten.<\/p> <\/div> <div class=\"schema-faq-section\" id=\"faq-question-1723129133239\"><strong class=\"schema-faq-question\">Mi\u00e9rt nincs optim\u00e1lis hat\u00e1sa a t\u00f6m\u00edt\u00e9snek \/ Mi\u00e9rt nincs hat\u00e1sa?\n\/ Mi\u00e9rt nincs hossz\u00fa t\u00e1v\u00fa hat\u00e1sa? <\/strong> <p class=\"schema-faq-answer\"><br>1. A t\u00f6m\u00edt\u0151anyag hat\u00e9konys\u00e1ga romolhat, ha a felhord\u00e1si vagy sz\u00e1rad\u00e1si f\u00e1zisban (kb. 24 \u00f3ra) nedvess\u00e9g (pl. es\u0151 vagy a padl\u00f3r\u00f3l felsz\u00e1ll\u00f3 nedvess\u00e9g) l\u00e9p fel. 2. A nem teljesen marad\u00e9kmentes el\u0151tiszt\u00edt\u00e1s is probl\u00e9m\u00e1khoz vezethet.\n<br>Elengedhetetlen, hogy a k\u0151tiszt\u00edt\u00f3szereket vagy egy\u00e9b el\u0151tiszt\u00edt\u00f3szereket teljesen elt\u00e1vol\u00edts\u00e1k. 3. B\u00e1rmilyen el\u0151tiszt\u00edt\u00e1s megakad\u00e1lyozhatja a t\u00f6m\u00edt\u0151anyag optim\u00e1lis felsz\u00edv\u00f3d\u00e1s\u00e1t \u00e9s megk\u00f6t\u00e9s\u00e9t, ami cs\u00f6kkent vagy nem tart\u00f3s hat\u00e1shoz vezethet. <\/p> <\/div> <div class=\"schema-faq-section\" id=\"faq-question-1723129206298\"><strong class=\"schema-faq-question\">Tiszt\u00edthatom a k\u00f6veket magasnyom\u00e1s\u00fa tiszt\u00edt\u00f3szerrel?<\/strong> <p class=\"schema-faq-answer\"><br>A<strong>j\u00e1nl\u00e1s:<\/strong> 1. \u00c1ltal\u00e1ban nem javasoljuk, hogy k\u0151- \u00e9s betonlapok tiszt\u00edt\u00e1s\u00e1hoz magasnyom\u00e1s\u00fa mos\u00f3t haszn\u00e1ljon.\n<br>Az er\u0151s csiszol\u00e1s k\u00e1ros\u00edtja a fel\u00fcleteket, \u00e9s hajlamosabb\u00e1 teszi \u0151ket az \u00fajb\u00f3li szennyez\u0151d\u00e9sre \u00e9s az alg\u00e1sod\u00e1sra. 2. A magasnyom\u00e1s\u00fa mos\u00f3 csiszol\u00f3 hat\u00e1sa elt\u00e1vol\u00edthatja a t\u00f6m\u00edt\u0151anyag fels\u0151 r\u00e9teg\u00e9t, m\u00e9g akkor is, ha a m\u00e9lyebb r\u00e9tegek hidrof\u00f3bs\u00e1ga \u00e9rintetlen marad. <\/p> <\/div> <div class=\"schema-faq-section\" id=\"faq-question-1723188404369\"><strong class=\"schema-faq-question\">Mi\u00e9rt nem tart a t\u00f6m\u00edt\u0151anyagom a v\u00e1rt ideig?<\/strong> <p class=\"schema-faq-answer\">A t\u00f6m\u00edt\u0151anyag tart\u00f3ss\u00e1g\u00e1t k\u00fcl\u00f6nb\u00f6z\u0151 t\u00e9nyez\u0151k befoly\u00e1solhatj\u00e1k.\nAz alkalmaz\u00e1s sor\u00e1n felmer\u00fcl\u0151 esetleges probl\u00e9m\u00e1k, mint p\u00e9ld\u00e1ul a nedvess\u00e9gnek val\u00f3 kitetts\u00e9g a sz\u00e1r\u00edt\u00e1si f\u00e1zisban vagy a nem megfelel\u0151 el\u0151tiszt\u00edt\u00e1s, ronthatj\u00e1k az optim\u00e1lis hat\u00e1st.\nEzenk\u00edv\u00fcl a fel\u00fclet er\u0151s ig\u00e9nybev\u00e9tele is ler\u00f6vid\u00edtheti a t\u00f6m\u00edt\u0151anyag \u00e9lettartam\u00e1t.\nLehets\u00e9ges azonban, hogy a m\u00e9lys\u00e9gi hat\u00e1s az alatta l\u00e9v\u0151 r\u00e9tegekben m\u00e9g mindig jelen van.   <\/p> <\/div> <div class=\"schema-faq-section\" id=\"faq-question-1723188391712\"><strong class=\"schema-faq-question\">Mi\u00e9rt nem j\u00f6n l\u00e9tre a k\u00edv\u00e1nt gy\u00f6ngy\u00f6z\u00e9s?<\/strong> <p class=\"schema-faq-answer\">A gy\u00f6ngy\u00f6z\u00e9si hat\u00e1s hi\u00e1nya a t\u00f6m\u00edt\u0151anyag felhord\u00e1s\u00e1val kapcsolatos probl\u00e9m\u00e1kra vezethet\u0151 vissza.\nA felhord\u00e1s k\u00f6zbeni nedvess\u00e9g vagy a hi\u00e1nyosan elt\u00e1vol\u00edtott el\u0151tiszt\u00edt\u00e1s ronthatja a hat\u00e1st, \u00e9s megakad\u00e1lyozhatja a t\u00f6m\u00edt\u0151anyag optim\u00e1lis felsz\u00edv\u00f3d\u00e1s\u00e1t \u00e9s megk\u00f6t\u00e9s\u00e9t. <\/p> <\/div> <\/div>\n<\/div>\n<\/div>\n","protected":false},"excerpt":{"rendered":"<p><strong>Minden \u00e1sv\u00e1nyi k\u0151fel\u00fclethez, p\u00e9ld\u00e1ul betonhoz, falazathoz, \u00e1sv\u00e1nyi vakolathoz \u00e9s t\u00e9rk\u0151h\u00f6z<\/strong>  <\/p>\n<p>\u2713 V\u00edzleperget\u0151 \u00e9s kop\u00e1s\u00e1ll\u00f3 nanobevonat l\u00f3tuszhat\u00e1ssal (v\u00edzleperget\u00e9s)<\/p>\n<p>\u2713 K\u00f6nnyen tiszt\u00edthat\u00f3 hat\u00e1s: a szennyez\u0151d\u00e9s nem ragad \u00e9s k\u00f6nnyen elt\u00e1vol\u00edthat\u00f3<\/p>\n<p>\u2713 Teljesen l\u00e1thatatlan: Nem v\u00e1ltozik a fel\u00fclet megjelen\u00e9se \u00e9s tapint\u00e1sa<\/p>\n<p>\u2713 A fel\u00fclet l\u00e9g\u00e1tereszt\u0151 marad<\/p>\n<p>\u2713 Megakad\u00e1lyozza a moh\u00e1k, zuzm\u00f3k, gomb\u00e1k \u00e9s sok m\u00e1s term\u00e9szetes hat\u00e1s n\u00f6veked\u00e9s\u00e9t.<\/p>\n","protected":false},"featured_media":17888,"template":"","meta":{"_acf_changed":false,"neve_meta_sidebar":"","neve_meta_container":"","neve_meta_enable_content_width":"","neve_meta_content_width":0,"neve_meta_title_alignment":"","neve_meta_author_avatar":"","neve_post_elements_order":"","neve_meta_disable_header":"","neve_meta_disable_footer":"","neve_meta_disable_title":"","neve_meta_reading_time":"","_surfaces":[],"_ver_product_tabs":[],"footnotes":""},"product_brand":[],"product_cat":[2326],"product_tag":[],"class_list":{"0":"post-23141","1":"product","2":"type-product","3":"status-publish","4":"has-post-thumbnail","6":"product_cat-ko-es-beton-toemites","7":"pa_gebinde-5-literes-tartaly","8":"pa_gebinde-1000-ml-es-palack","9":"pa_gebinde-20-literes-tartaly","11":"first","12":"instock","13":"taxable","14":"shipping-taxable","15":"purchasable","16":"product-type-variable","17":"has-default-attributes"},"acf":[],"yoast_head":"<!-- This site is optimized with the Yoast SEO Premium plugin v22.8 (Yoast SEO v27.5) - https:\/\/yoast.com\/product\/yoast-seo-premium-wordpress\/ -->\n<title>Betont\u00f6m\u00edt\u00e9s belt\u00e9ri \u00e9s k\u00fclt\u00e9ri haszn\u00e1latra - versiegelung24.com<\/title>\n<meta name=\"description\" content=\"Betonszigetel\u00e9s belt\u00e9ri \u00e9s k\u00fclt\u00e9ri haszn\u00e1latra - tudjon meg t\u00f6bbet a nanotechnol\u00f3gi\u00e1val t\u00f6rt\u00e9n\u0151 betonszigetel\u00e9s\u00fcnkr\u0151l! V\u00e1rjuk \u00d6nt!\" \/>\n<meta name=\"robots\" content=\"index, follow, max-snippet:-1, max-image-preview:large, max-video-preview:-1\" \/>\n<link rel=\"canonical\" href=\"https:\/\/www.versiegelung24.com\/hu\/beton-toemites-a-belso-es-kuelso-terueletre.html\" \/>\n<meta property=\"og:locale\" content=\"hu_HU\" \/>\n<meta property=\"og:type\" content=\"article\" \/>\n<meta property=\"og:title\" content=\"Beton t\u00f6m\u00edt\u0151anyag belt\u00e9ri \u00e9s k\u00fclt\u00e9ri haszn\u00e1latra, hossz\u00fa t\u00e1v\u00fa \u00e9s m\u00e9lyen behatol\u00f3 hat\u00e1s\u00fa\" \/>\n<meta property=\"og:description\" content=\"Betonszigetel\u00e9s belt\u00e9ri \u00e9s k\u00fclt\u00e9ri haszn\u00e1latra - tudjon meg t\u00f6bbet a nanotechnol\u00f3gi\u00e1val t\u00f6rt\u00e9n\u0151 betonszigetel\u00e9s\u00fcnkr\u0151l! V\u00e1rjuk \u00d6nt!\" \/>\n<meta property=\"og:url\" content=\"https:\/\/www.versiegelung24.com\/hu\/beton-toemites-a-belso-es-kuelso-terueletre.html\" \/>\n<meta property=\"og:site_name\" content=\"versiegelung24.com\" \/>\n<meta property=\"article:modified_time\" content=\"2025-01-03T22:34:11+00:00\" \/>\n<meta property=\"og:image\" content=\"https:\/\/www.versiegelung24.com\/wp-content\/uploads\/2020\/06\/produkt-3001-620-1000-Betonversiegelung-scaled.jpg\" \/>\n\t<meta property=\"og:image:width\" content=\"2560\" \/>\n\t<meta property=\"og:image:height\" content=\"2560\" \/>\n\t<meta property=\"og:image:type\" content=\"image\/jpeg\" \/>\n<meta name=\"twitter:card\" content=\"summary_large_image\" \/>\n<meta name=\"twitter:label1\" content=\"El\u00e9rhet\u0151s\u00e9g\" \/>\n\t<meta name=\"twitter:data1\" content=\"K\u00e9szleten\" \/>\n<script type=\"application\/ld+json\" class=\"yoast-schema-graph\">{\"@context\":\"https:\\\/\\\/schema.org\",\"@graph\":[{\"@type\":[\"WebPage\",\"FAQPage\"],\"@id\":\"https:\\\/\\\/www.versiegelung24.com\\\/hu\\\/beton-toemites-a-belso-es-kuelso-terueletre.html\",\"url\":\"https:\\\/\\\/www.versiegelung24.com\\\/hu\\\/beton-toemites-a-belso-es-kuelso-terueletre.html\",\"name\":\"Betont\u00f6m\u00edt\u00e9s belt\u00e9ri \u00e9s k\u00fclt\u00e9ri haszn\u00e1latra - versiegelung24.com\",\"isPartOf\":{\"@id\":\"https:\\\/\\\/www.versiegelung24.com\\\/hu\\\/#website\"},\"primaryImageOfPage\":{\"@id\":\"https:\\\/\\\/www.versiegelung24.com\\\/hu\\\/beton-toemites-a-belso-es-kuelso-terueletre.html#primaryimage\"},\"image\":{\"@id\":\"https:\\\/\\\/www.versiegelung24.com\\\/hu\\\/beton-toemites-a-belso-es-kuelso-terueletre.html#primaryimage\"},\"thumbnailUrl\":\"https:\\\/\\\/www.versiegelung24.com\\\/wp-content\\\/uploads\\\/2020\\\/06\\\/produkt-3001-620-1000-Betonversiegelung-scaled.jpg\",\"datePublished\":\"2021-08-02T19:23:23+00:00\",\"dateModified\":\"2025-01-03T22:34:11+00:00\",\"description\":\"Betonszigetel\u00e9s belt\u00e9ri \u00e9s k\u00fclt\u00e9ri haszn\u00e1latra - tudjon meg t\u00f6bbet a nanotechnol\u00f3gi\u00e1val t\u00f6rt\u00e9n\u0151 betonszigetel\u00e9s\u00fcnkr\u0151l! V\u00e1rjuk \u00d6nt!\",\"breadcrumb\":{\"@id\":\"https:\\\/\\\/www.versiegelung24.com\\\/hu\\\/beton-toemites-a-belso-es-kuelso-terueletre.html#breadcrumb\"},\"mainEntity\":[{\"@id\":\"https:\\\/\\\/www.versiegelung24.com\\\/hu\\\/beton-toemites-a-belso-es-kuelso-terueletre.html#faq-question-1646930145011\"},{\"@id\":\"https:\\\/\\\/www.versiegelung24.com\\\/hu\\\/beton-toemites-a-belso-es-kuelso-terueletre.html#faq-question-1646932868645\"},{\"@id\":\"https:\\\/\\\/www.versiegelung24.com\\\/hu\\\/beton-toemites-a-belso-es-kuelso-terueletre.html#faq-question-1723129133239\"},{\"@id\":\"https:\\\/\\\/www.versiegelung24.com\\\/hu\\\/beton-toemites-a-belso-es-kuelso-terueletre.html#faq-question-1723129206298\"},{\"@id\":\"https:\\\/\\\/www.versiegelung24.com\\\/hu\\\/beton-toemites-a-belso-es-kuelso-terueletre.html#faq-question-1723188404369\"},{\"@id\":\"https:\\\/\\\/www.versiegelung24.com\\\/hu\\\/beton-toemites-a-belso-es-kuelso-terueletre.html#faq-question-1723188391712\"}],\"inLanguage\":\"hu\",\"potentialAction\":[{\"@type\":\"ReadAction\",\"target\":[\"https:\\\/\\\/www.versiegelung24.com\\\/hu\\\/beton-toemites-a-belso-es-kuelso-terueletre.html\"]}]},{\"@type\":\"ImageObject\",\"inLanguage\":\"hu\",\"@id\":\"https:\\\/\\\/www.versiegelung24.com\\\/hu\\\/beton-toemites-a-belso-es-kuelso-terueletre.html#primaryimage\",\"url\":\"https:\\\/\\\/www.versiegelung24.com\\\/wp-content\\\/uploads\\\/2020\\\/06\\\/produkt-3001-620-1000-Betonversiegelung-scaled.jpg\",\"contentUrl\":\"https:\\\/\\\/www.versiegelung24.com\\\/wp-content\\\/uploads\\\/2020\\\/06\\\/produkt-3001-620-1000-Betonversiegelung-scaled.jpg\",\"width\":2560,\"height\":2560},{\"@type\":\"BreadcrumbList\",\"@id\":\"https:\\\/\\\/www.versiegelung24.com\\\/hu\\\/beton-toemites-a-belso-es-kuelso-terueletre.html#breadcrumb\",\"itemListElement\":[{\"@type\":\"ListItem\",\"position\":1,\"name\":\"Honlap\",\"item\":\"https:\\\/\\\/www.versiegelung24.com\\\/hu\\\/elol\\\/\"},{\"@type\":\"ListItem\",\"position\":2,\"name\":\"\u00dczlet\",\"item\":\"https:\\\/\\\/www.versiegelung24.com\\\/hu\\\/uzlet\\\/\"},{\"@type\":\"ListItem\",\"position\":3,\"name\":\"Beton t\u00f6m\u00edt\u0151anyag belt\u00e9ri \u00e9s k\u00fclt\u00e9ri haszn\u00e1latra, hossz\u00fa t\u00e1v\u00fa \u00e9s m\u00e9lyen behatol\u00f3 hat\u00e1s\u00fa\"}]},{\"@type\":\"WebSite\",\"@id\":\"https:\\\/\\\/www.versiegelung24.com\\\/hu\\\/#website\",\"url\":\"https:\\\/\\\/www.versiegelung24.com\\\/hu\\\/\",\"name\":\"versiegelung24.com\",\"description\":\"Fl\u00fcssigglas-Versiegelung - Made in Germany\",\"publisher\":{\"@id\":\"https:\\\/\\\/www.versiegelung24.com\\\/hu\\\/#organization\"},\"potentialAction\":[{\"@type\":\"SearchAction\",\"target\":{\"@type\":\"EntryPoint\",\"urlTemplate\":\"https:\\\/\\\/www.versiegelung24.com\\\/hu\\\/?s={search_term_string}\"},\"query-input\":{\"@type\":\"PropertyValueSpecification\",\"valueRequired\":true,\"valueName\":\"search_term_string\"}}],\"inLanguage\":\"hu\"},{\"@type\":\"Organization\",\"@id\":\"https:\\\/\\\/www.versiegelung24.com\\\/hu\\\/#organization\",\"name\":\"versiegelung24\",\"url\":\"https:\\\/\\\/www.versiegelung24.com\\\/hu\\\/\",\"logo\":{\"@type\":\"ImageObject\",\"inLanguage\":\"hu\",\"@id\":\"https:\\\/\\\/www.versiegelung24.com\\\/hu\\\/#\\\/schema\\\/logo\\\/image\\\/\",\"url\":\"https:\\\/\\\/www.versiegelung24.com\\\/wp-content\\\/uploads\\\/2020\\\/04\\\/versiegelung24.png\",\"contentUrl\":\"https:\\\/\\\/www.versiegelung24.com\\\/wp-content\\\/uploads\\\/2020\\\/04\\\/versiegelung24.png\",\"width\":470,\"height\":102,\"caption\":\"versiegelung24\"},\"image\":{\"@id\":\"https:\\\/\\\/www.versiegelung24.com\\\/hu\\\/#\\\/schema\\\/logo\\\/image\\\/\"}},{\"@type\":\"Question\",\"@id\":\"https:\\\/\\\/www.versiegelung24.com\\\/hu\\\/beton-toemites-a-belso-es-kuelso-terueletre.html#faq-question-1646930145011\",\"position\":1,\"url\":\"https:\\\/\\\/www.versiegelung24.com\\\/hu\\\/beton-toemites-a-belso-es-kuelso-terueletre.html#faq-question-1646930145011\",\"name\":\"Kann eine gestrichene Fassade versiegelt \\\/ impr\u00e4gniert werden?\",\"answerCount\":1,\"acceptedAnswer\":{\"@type\":\"Answer\",\"text\":\"Eine Applikation auf bereits gestrichenen Fassaden ist grunds\u00e4tzlich m\u00f6glich, wenn der mineralische Untergrund weiterhin atmungsaktiv und somit saugf\u00e4hig ist und der Versiegelung \\\/ Impr\u00e4gnierung eine M\u00f6glichkeit zum Anhaften bietet.<br \\\/>Vorab ist zu pr\u00fcfen, ob die verwendeten Anstrichfarben und Vorbehandlungen l\u00f6semittelresistent sind. Es wird in jedem Fall eine Testapplikation an einer unauff\u00e4lligen Stelle empfohlen.\",\"inLanguage\":\"hu\"},\"inLanguage\":\"hu\"},{\"@type\":\"Question\",\"@id\":\"https:\\\/\\\/www.versiegelung24.com\\\/hu\\\/beton-toemites-a-belso-es-kuelso-terueletre.html#faq-question-1646932868645\",\"position\":2,\"url\":\"https:\\\/\\\/www.versiegelung24.com\\\/hu\\\/beton-toemites-a-belso-es-kuelso-terueletre.html#faq-question-1646932868645\",\"name\":\"Kann man einen mit Silikatfarbe gestrichenen Betonputz zus\u00e4tzlich sch\u00fctzen?\",\"answerCount\":1,\"acceptedAnswer\":{\"@type\":\"Answer\",\"text\":\"Da Silikatfarbe eine mineralische Basis hat und eine chemisch feste Verbindung mit der Oberfl\u00e4che eingeht, kann ein mit Silikatfarbe gestrichener mineralischer Putz zus\u00e4tzlich impr\u00e4gniert bzw. versiegelt werden.<br \\\/><br \\\/>Da Silikatfarbe hoch diffusionsoffen ist, ist diese mit einer atmungsaktiven Betonversiegelung f\u00fcr den Innenbereich &amp; Au\u00dfenbereich kombinierbar. Bei Innenr\u00e4umen reguliert die Oberfl\u00e4che die Feuchtigkeit im Raum, im Au\u00dfenbereich bietet die Versiegelung durch Ihre hydrophobe und schmutzabweisende Wirkung einen zus\u00e4tzlichen Schutz f\u00fcr die Wand.<br \\\/><br \\\/>Aufgrund der verschiedenen Qualit\u00e4ten von Vorbehandlungen und Farben ist vorab zu pr\u00fcfen, ob die verwendeten Produkte l\u00f6semittelresistent sind. Es wird in jedem Fall eine Testapplikation an einer unauff\u00e4lligen Stelle empfohlen.\",\"inLanguage\":\"hu\"},\"inLanguage\":\"hu\"},{\"@type\":\"Question\",\"@id\":\"https:\\\/\\\/www.versiegelung24.com\\\/hu\\\/beton-toemites-a-belso-es-kuelso-terueletre.html#faq-question-1723129133239\",\"position\":3,\"url\":\"https:\\\/\\\/www.versiegelung24.com\\\/hu\\\/beton-toemites-a-belso-es-kuelso-terueletre.html#faq-question-1723129133239\",\"name\":\"Wieso zeigt Versiegelung nicht die optimale Wirkung \\\/ Warum ist die Wirkung nicht vorhanden? \\\/ Wieso ist der Effekt der Langzeitwirkung nicht gegeben?\",\"answerCount\":1,\"acceptedAnswer\":{\"@type\":\"Answer\",\"text\":\"1. Die Versiegelung kann in ihrer Wirkung beeintr\u00e4chtigt sein, wenn w\u00e4hrend der Applikation oder Trocknungsphase (etwa 24 Stunden) Feuchtigkeit (z.B. Regen oder aufsteigende Feuchtigkeit aus dem Boden) auftritt.<br\\\/>2. Eine nicht vollst\u00e4ndig r\u00fcckstandsfreie Vorreinigung kann ebenfalls zu Problemen f\u00fchren. Es ist essenziell, dass Steinreiniger oder andere Vorreiniger vollst\u00e4ndig entfernt werden.<br\\\/>3. Eventuelle Vorbeschichtungen k\u00f6nnen das optimale Einziehen und Abbinden der Versiegelung verhindern, was zu einer reduzierten oder nicht langanhaltenden Wirkung f\u00fchren kann.\",\"inLanguage\":\"hu\"},\"inLanguage\":\"hu\"},{\"@type\":\"Question\",\"@id\":\"https:\\\/\\\/www.versiegelung24.com\\\/hu\\\/beton-toemites-a-belso-es-kuelso-terueletre.html#faq-question-1723129206298\",\"position\":4,\"url\":\"https:\\\/\\\/www.versiegelung24.com\\\/hu\\\/beton-toemites-a-belso-es-kuelso-terueletre.html#faq-question-1723129206298\",\"name\":\"Kann ich die Steine mit einem Hochdruckreiniger (K\u00e4rchern) reinigen?\",\"answerCount\":1,\"acceptedAnswer\":{\"@type\":\"Answer\",\"text\":\"<strong>Empfehlung:<\\\/strong><br\\\/>1. Wir raten generell von der Nutzung eines Hochdruckreinigers f\u00fcr die Reinigung von Stein- und Betonplatten ab. Durch die starke Abrasion werden die Oberfl\u00e4chen besch\u00e4digt und anf\u00e4lliger f\u00fcr erneute Verschmutzung und Algenbewuchs.<br\\\/>2. Die fr\u00e4sende Wirkung des Hochdruckreinigers kann die oberste Schicht einer Versiegelung abtragen, selbst wenn die Hydrophobie in den tieferen Schichten erhalten bleibt.\",\"inLanguage\":\"hu\"},\"inLanguage\":\"hu\"},{\"@type\":\"Question\",\"@id\":\"https:\\\/\\\/www.versiegelung24.com\\\/hu\\\/beton-toemites-a-belso-es-kuelso-terueletre.html#faq-question-1723188404369\",\"position\":5,\"url\":\"https:\\\/\\\/www.versiegelung24.com\\\/hu\\\/beton-toemites-a-belso-es-kuelso-terueletre.html#faq-question-1723188404369\",\"name\":\"Warum h\u00e4lt meine Versiegelung nicht so lange wie erwartet?\",\"answerCount\":1,\"acceptedAnswer\":{\"@type\":\"Answer\",\"text\":\"Die Haltbarkeit der Versiegelung kann durch verschiedene Faktoren beeinflusst werden. M\u00f6gliche Probleme w\u00e4hrend der Aufbringung, wie Feuchtigkeitseinwirkung w\u00e4hrend der Trocknungsphase oder eine unzureichende Vorreinigung, k\u00f6nnen die optimale Wirkung beeintr\u00e4chtigen. Zudem kann eine starke Beanspruchung der Oberfl\u00e4che die Lebensdauer der Versiegelung verk\u00fcrzen. Es ist jedoch m\u00f6glich, dass die Tiefenwirkung in den darunter liegenden Schichten weiterhin vorhanden ist.\",\"inLanguage\":\"hu\"},\"inLanguage\":\"hu\"},{\"@type\":\"Question\",\"@id\":\"https:\\\/\\\/www.versiegelung24.com\\\/hu\\\/beton-toemites-a-belso-es-kuelso-terueletre.html#faq-question-1723188391712\",\"position\":6,\"url\":\"https:\\\/\\\/www.versiegelung24.com\\\/hu\\\/beton-toemites-a-belso-es-kuelso-terueletre.html#faq-question-1723188391712\",\"name\":\"Warum tritt der gew\u00fcnschte Abperleffekt nicht ein?\",\"answerCount\":1,\"acceptedAnswer\":{\"@type\":\"Answer\",\"text\":\"Der fehlende Abperleffekt k\u00f6nnte auf Probleme bei der Aufbringung der Versiegelung zur\u00fcckzuf\u00fchren sein. Feuchtigkeit w\u00e4hrend der Applikation oder eine nicht vollst\u00e4ndig entfernte Vorreinigung k\u00f6nnen die Wirkung beeintr\u00e4chtigen und verhindern, dass die Versiegelung optimal einzieht und abbinden kann.\",\"inLanguage\":\"hu\"},\"inLanguage\":\"hu\"}]}<\/script>\n<meta property=\"og:availability\" content=\"instock\" \/>\n<meta property=\"product:availability\" content=\"instock\" \/>\n<meta property=\"product:retailer_item_id\" content=\"3001-7620\" \/>\n<meta property=\"product:condition\" content=\"new\" \/>\n<!-- \/ Yoast SEO Premium plugin. -->","yoast_head_json":{"title":"Betont\u00f6m\u00edt\u00e9s belt\u00e9ri \u00e9s k\u00fclt\u00e9ri haszn\u00e1latra - versiegelung24.com","description":"Betonszigetel\u00e9s belt\u00e9ri \u00e9s k\u00fclt\u00e9ri haszn\u00e1latra - tudjon meg t\u00f6bbet a nanotechnol\u00f3gi\u00e1val t\u00f6rt\u00e9n\u0151 betonszigetel\u00e9s\u00fcnkr\u0151l! V\u00e1rjuk \u00d6nt!","robots":{"index":"index","follow":"follow","max-snippet":"max-snippet:-1","max-image-preview":"max-image-preview:large","max-video-preview":"max-video-preview:-1"},"canonical":"https:\/\/www.versiegelung24.com\/hu\/beton-toemites-a-belso-es-kuelso-terueletre.html","og_locale":"hu_HU","og_type":"article","og_title":"Beton t\u00f6m\u00edt\u0151anyag belt\u00e9ri \u00e9s k\u00fclt\u00e9ri haszn\u00e1latra, hossz\u00fa t\u00e1v\u00fa \u00e9s m\u00e9lyen behatol\u00f3 hat\u00e1s\u00fa","og_description":"Betonszigetel\u00e9s belt\u00e9ri \u00e9s k\u00fclt\u00e9ri haszn\u00e1latra - tudjon meg t\u00f6bbet a nanotechnol\u00f3gi\u00e1val t\u00f6rt\u00e9n\u0151 betonszigetel\u00e9s\u00fcnkr\u0151l! V\u00e1rjuk \u00d6nt!","og_url":"https:\/\/www.versiegelung24.com\/hu\/beton-toemites-a-belso-es-kuelso-terueletre.html","og_site_name":"versiegelung24.com","article_modified_time":"2025-01-03T22:34:11+00:00","og_image":[{"width":2560,"height":2560,"url":"https:\/\/www.versiegelung24.com\/wp-content\/uploads\/2020\/06\/produkt-3001-620-1000-Betonversiegelung-scaled.jpg","type":"image\/jpeg"}],"twitter_card":"summary_large_image","twitter_misc":{"El\u00e9rhet\u0151s\u00e9g":"K\u00e9szleten"},"schema":{"@context":"https:\/\/schema.org","@graph":[{"@type":["WebPage","FAQPage"],"@id":"https:\/\/www.versiegelung24.com\/hu\/beton-toemites-a-belso-es-kuelso-terueletre.html","url":"https:\/\/www.versiegelung24.com\/hu\/beton-toemites-a-belso-es-kuelso-terueletre.html","name":"Betont\u00f6m\u00edt\u00e9s belt\u00e9ri \u00e9s k\u00fclt\u00e9ri haszn\u00e1latra - versiegelung24.com","isPartOf":{"@id":"https:\/\/www.versiegelung24.com\/hu\/#website"},"primaryImageOfPage":{"@id":"https:\/\/www.versiegelung24.com\/hu\/beton-toemites-a-belso-es-kuelso-terueletre.html#primaryimage"},"image":{"@id":"https:\/\/www.versiegelung24.com\/hu\/beton-toemites-a-belso-es-kuelso-terueletre.html#primaryimage"},"thumbnailUrl":"https:\/\/www.versiegelung24.com\/wp-content\/uploads\/2020\/06\/produkt-3001-620-1000-Betonversiegelung-scaled.jpg","datePublished":"2021-08-02T19:23:23+00:00","dateModified":"2025-01-03T22:34:11+00:00","description":"Betonszigetel\u00e9s belt\u00e9ri \u00e9s k\u00fclt\u00e9ri haszn\u00e1latra - tudjon meg t\u00f6bbet a nanotechnol\u00f3gi\u00e1val t\u00f6rt\u00e9n\u0151 betonszigetel\u00e9s\u00fcnkr\u0151l! V\u00e1rjuk \u00d6nt!","breadcrumb":{"@id":"https:\/\/www.versiegelung24.com\/hu\/beton-toemites-a-belso-es-kuelso-terueletre.html#breadcrumb"},"mainEntity":[{"@id":"https:\/\/www.versiegelung24.com\/hu\/beton-toemites-a-belso-es-kuelso-terueletre.html#faq-question-1646930145011"},{"@id":"https:\/\/www.versiegelung24.com\/hu\/beton-toemites-a-belso-es-kuelso-terueletre.html#faq-question-1646932868645"},{"@id":"https:\/\/www.versiegelung24.com\/hu\/beton-toemites-a-belso-es-kuelso-terueletre.html#faq-question-1723129133239"},{"@id":"https:\/\/www.versiegelung24.com\/hu\/beton-toemites-a-belso-es-kuelso-terueletre.html#faq-question-1723129206298"},{"@id":"https:\/\/www.versiegelung24.com\/hu\/beton-toemites-a-belso-es-kuelso-terueletre.html#faq-question-1723188404369"},{"@id":"https:\/\/www.versiegelung24.com\/hu\/beton-toemites-a-belso-es-kuelso-terueletre.html#faq-question-1723188391712"}],"inLanguage":"hu","potentialAction":[{"@type":"ReadAction","target":["https:\/\/www.versiegelung24.com\/hu\/beton-toemites-a-belso-es-kuelso-terueletre.html"]}]},{"@type":"ImageObject","inLanguage":"hu","@id":"https:\/\/www.versiegelung24.com\/hu\/beton-toemites-a-belso-es-kuelso-terueletre.html#primaryimage","url":"https:\/\/www.versiegelung24.com\/wp-content\/uploads\/2020\/06\/produkt-3001-620-1000-Betonversiegelung-scaled.jpg","contentUrl":"https:\/\/www.versiegelung24.com\/wp-content\/uploads\/2020\/06\/produkt-3001-620-1000-Betonversiegelung-scaled.jpg","width":2560,"height":2560},{"@type":"BreadcrumbList","@id":"https:\/\/www.versiegelung24.com\/hu\/beton-toemites-a-belso-es-kuelso-terueletre.html#breadcrumb","itemListElement":[{"@type":"ListItem","position":1,"name":"Honlap","item":"https:\/\/www.versiegelung24.com\/hu\/elol\/"},{"@type":"ListItem","position":2,"name":"\u00dczlet","item":"https:\/\/www.versiegelung24.com\/hu\/uzlet\/"},{"@type":"ListItem","position":3,"name":"Beton t\u00f6m\u00edt\u0151anyag belt\u00e9ri \u00e9s k\u00fclt\u00e9ri haszn\u00e1latra, hossz\u00fa t\u00e1v\u00fa \u00e9s m\u00e9lyen behatol\u00f3 hat\u00e1s\u00fa"}]},{"@type":"WebSite","@id":"https:\/\/www.versiegelung24.com\/hu\/#website","url":"https:\/\/www.versiegelung24.com\/hu\/","name":"versiegelung24.com","description":"Fl\u00fcssigglas-Versiegelung - Made in Germany","publisher":{"@id":"https:\/\/www.versiegelung24.com\/hu\/#organization"},"potentialAction":[{"@type":"SearchAction","target":{"@type":"EntryPoint","urlTemplate":"https:\/\/www.versiegelung24.com\/hu\/?s={search_term_string}"},"query-input":{"@type":"PropertyValueSpecification","valueRequired":true,"valueName":"search_term_string"}}],"inLanguage":"hu"},{"@type":"Organization","@id":"https:\/\/www.versiegelung24.com\/hu\/#organization","name":"versiegelung24","url":"https:\/\/www.versiegelung24.com\/hu\/","logo":{"@type":"ImageObject","inLanguage":"hu","@id":"https:\/\/www.versiegelung24.com\/hu\/#\/schema\/logo\/image\/","url":"https:\/\/www.versiegelung24.com\/wp-content\/uploads\/2020\/04\/versiegelung24.png","contentUrl":"https:\/\/www.versiegelung24.com\/wp-content\/uploads\/2020\/04\/versiegelung24.png","width":470,"height":102,"caption":"versiegelung24"},"image":{"@id":"https:\/\/www.versiegelung24.com\/hu\/#\/schema\/logo\/image\/"}},{"@type":"Question","@id":"https:\/\/www.versiegelung24.com\/hu\/beton-toemites-a-belso-es-kuelso-terueletre.html#faq-question-1646930145011","position":1,"url":"https:\/\/www.versiegelung24.com\/hu\/beton-toemites-a-belso-es-kuelso-terueletre.html#faq-question-1646930145011","name":"Kann eine gestrichene Fassade versiegelt \/ impr\u00e4gniert werden?","answerCount":1,"acceptedAnswer":{"@type":"Answer","text":"Eine Applikation auf bereits gestrichenen Fassaden ist grunds\u00e4tzlich m\u00f6glich, wenn der mineralische Untergrund weiterhin atmungsaktiv und somit saugf\u00e4hig ist und der Versiegelung \/ Impr\u00e4gnierung eine M\u00f6glichkeit zum Anhaften bietet.<br \/>Vorab ist zu pr\u00fcfen, ob die verwendeten Anstrichfarben und Vorbehandlungen l\u00f6semittelresistent sind. Es wird in jedem Fall eine Testapplikation an einer unauff\u00e4lligen Stelle empfohlen.","inLanguage":"hu"},"inLanguage":"hu"},{"@type":"Question","@id":"https:\/\/www.versiegelung24.com\/hu\/beton-toemites-a-belso-es-kuelso-terueletre.html#faq-question-1646932868645","position":2,"url":"https:\/\/www.versiegelung24.com\/hu\/beton-toemites-a-belso-es-kuelso-terueletre.html#faq-question-1646932868645","name":"Kann man einen mit Silikatfarbe gestrichenen Betonputz zus\u00e4tzlich sch\u00fctzen?","answerCount":1,"acceptedAnswer":{"@type":"Answer","text":"Da Silikatfarbe eine mineralische Basis hat und eine chemisch feste Verbindung mit der Oberfl\u00e4che eingeht, kann ein mit Silikatfarbe gestrichener mineralischer Putz zus\u00e4tzlich impr\u00e4gniert bzw. versiegelt werden.<br \/><br \/>Da Silikatfarbe hoch diffusionsoffen ist, ist diese mit einer atmungsaktiven Betonversiegelung f\u00fcr den Innenbereich &amp; Au\u00dfenbereich kombinierbar. Bei Innenr\u00e4umen reguliert die Oberfl\u00e4che die Feuchtigkeit im Raum, im Au\u00dfenbereich bietet die Versiegelung durch Ihre hydrophobe und schmutzabweisende Wirkung einen zus\u00e4tzlichen Schutz f\u00fcr die Wand.<br \/><br \/>Aufgrund der verschiedenen Qualit\u00e4ten von Vorbehandlungen und Farben ist vorab zu pr\u00fcfen, ob die verwendeten Produkte l\u00f6semittelresistent sind. Es wird in jedem Fall eine Testapplikation an einer unauff\u00e4lligen Stelle empfohlen.","inLanguage":"hu"},"inLanguage":"hu"},{"@type":"Question","@id":"https:\/\/www.versiegelung24.com\/hu\/beton-toemites-a-belso-es-kuelso-terueletre.html#faq-question-1723129133239","position":3,"url":"https:\/\/www.versiegelung24.com\/hu\/beton-toemites-a-belso-es-kuelso-terueletre.html#faq-question-1723129133239","name":"Wieso zeigt Versiegelung nicht die optimale Wirkung \/ Warum ist die Wirkung nicht vorhanden? \/ Wieso ist der Effekt der Langzeitwirkung nicht gegeben?","answerCount":1,"acceptedAnswer":{"@type":"Answer","text":"1. Die Versiegelung kann in ihrer Wirkung beeintr\u00e4chtigt sein, wenn w\u00e4hrend der Applikation oder Trocknungsphase (etwa 24 Stunden) Feuchtigkeit (z.B. Regen oder aufsteigende Feuchtigkeit aus dem Boden) auftritt.<br\/>2. Eine nicht vollst\u00e4ndig r\u00fcckstandsfreie Vorreinigung kann ebenfalls zu Problemen f\u00fchren. Es ist essenziell, dass Steinreiniger oder andere Vorreiniger vollst\u00e4ndig entfernt werden.<br\/>3. Eventuelle Vorbeschichtungen k\u00f6nnen das optimale Einziehen und Abbinden der Versiegelung verhindern, was zu einer reduzierten oder nicht langanhaltenden Wirkung f\u00fchren kann.","inLanguage":"hu"},"inLanguage":"hu"},{"@type":"Question","@id":"https:\/\/www.versiegelung24.com\/hu\/beton-toemites-a-belso-es-kuelso-terueletre.html#faq-question-1723129206298","position":4,"url":"https:\/\/www.versiegelung24.com\/hu\/beton-toemites-a-belso-es-kuelso-terueletre.html#faq-question-1723129206298","name":"Kann ich die Steine mit einem Hochdruckreiniger (K\u00e4rchern) reinigen?","answerCount":1,"acceptedAnswer":{"@type":"Answer","text":"<strong>Empfehlung:<\/strong><br\/>1. Wir raten generell von der Nutzung eines Hochdruckreinigers f\u00fcr die Reinigung von Stein- und Betonplatten ab. Durch die starke Abrasion werden die Oberfl\u00e4chen besch\u00e4digt und anf\u00e4lliger f\u00fcr erneute Verschmutzung und Algenbewuchs.<br\/>2. Die fr\u00e4sende Wirkung des Hochdruckreinigers kann die oberste Schicht einer Versiegelung abtragen, selbst wenn die Hydrophobie in den tieferen Schichten erhalten bleibt.","inLanguage":"hu"},"inLanguage":"hu"},{"@type":"Question","@id":"https:\/\/www.versiegelung24.com\/hu\/beton-toemites-a-belso-es-kuelso-terueletre.html#faq-question-1723188404369","position":5,"url":"https:\/\/www.versiegelung24.com\/hu\/beton-toemites-a-belso-es-kuelso-terueletre.html#faq-question-1723188404369","name":"Warum h\u00e4lt meine Versiegelung nicht so lange wie erwartet?","answerCount":1,"acceptedAnswer":{"@type":"Answer","text":"Die Haltbarkeit der Versiegelung kann durch verschiedene Faktoren beeinflusst werden. M\u00f6gliche Probleme w\u00e4hrend der Aufbringung, wie Feuchtigkeitseinwirkung w\u00e4hrend der Trocknungsphase oder eine unzureichende Vorreinigung, k\u00f6nnen die optimale Wirkung beeintr\u00e4chtigen. Zudem kann eine starke Beanspruchung der Oberfl\u00e4che die Lebensdauer der Versiegelung verk\u00fcrzen. Es ist jedoch m\u00f6glich, dass die Tiefenwirkung in den darunter liegenden Schichten weiterhin vorhanden ist.","inLanguage":"hu"},"inLanguage":"hu"},{"@type":"Question","@id":"https:\/\/www.versiegelung24.com\/hu\/beton-toemites-a-belso-es-kuelso-terueletre.html#faq-question-1723188391712","position":6,"url":"https:\/\/www.versiegelung24.com\/hu\/beton-toemites-a-belso-es-kuelso-terueletre.html#faq-question-1723188391712","name":"Warum tritt der gew\u00fcnschte Abperleffekt nicht ein?","answerCount":1,"acceptedAnswer":{"@type":"Answer","text":"Der fehlende Abperleffekt k\u00f6nnte auf Probleme bei der Aufbringung der Versiegelung zur\u00fcckzuf\u00fchren sein. Feuchtigkeit w\u00e4hrend der Applikation oder eine nicht vollst\u00e4ndig entfernte Vorreinigung k\u00f6nnen die Wirkung beeintr\u00e4chtigen und verhindern, dass die Versiegelung optimal einzieht und abbinden kann.","inLanguage":"hu"},"inLanguage":"hu"}]},"og_availability":"instock","product_availability":"instock","product_retailer_item_id":"3001-7620","product_condition":"new"},"_links":{"self":[{"href":"https:\/\/www.versiegelung24.com\/hu\/wp-json\/wp\/v2\/product\/23141","targetHints":{"allow":["GET"]}}],"collection":[{"href":"https:\/\/www.versiegelung24.com\/hu\/wp-json\/wp\/v2\/product"}],"about":[{"href":"https:\/\/www.versiegelung24.com\/hu\/wp-json\/wp\/v2\/types\/product"}],"version-history":[{"count":75,"href":"https:\/\/www.versiegelung24.com\/hu\/wp-json\/wp\/v2\/product\/23141\/revisions"}],"predecessor-version":[{"id":174249,"href":"https:\/\/www.versiegelung24.com\/hu\/wp-json\/wp\/v2\/product\/23141\/revisions\/174249"}],"wp:featuredmedia":[{"embeddable":true,"href":"https:\/\/www.versiegelung24.com\/hu\/wp-json\/wp\/v2\/media\/17888"}],"wp:attachment":[{"href":"https:\/\/www.versiegelung24.com\/hu\/wp-json\/wp\/v2\/media?parent=23141"}],"wp:term":[{"taxonomy":"product_brand","embeddable":true,"href":"https:\/\/www.versiegelung24.com\/hu\/wp-json\/wp\/v2\/product_brand?post=23141"},{"taxonomy":"product_cat","embeddable":true,"href":"https:\/\/www.versiegelung24.com\/hu\/wp-json\/wp\/v2\/product_cat?post=23141"},{"taxonomy":"product_tag","embeddable":true,"href":"https:\/\/www.versiegelung24.com\/hu\/wp-json\/wp\/v2\/product_tag?post=23141"}],"curies":[{"name":"wp","href":"https:\/\/api.w.org\/{rel}","templated":true}]}}