{"id":23945,"date":"2020-04-27T21:45:35","date_gmt":"2021-08-02T20:12:59","guid":{"rendered":"https:\/\/www.versiegelung24.com\/produkt\/graffiti-elleni-vedobevonat-rendkivul-hatekony-homlokzati-tomites"},"modified":"2025-01-04T00:01:47","modified_gmt":"2025-01-03T23:01:47","slug":"graffiti-elleni-vedobevonat-rendkivul-hatekony-homlokzattomites","status":"publish","type":"product","link":"https:\/\/www.versiegelung24.com\/hu\/graffiti-elleni-vedobevonat-rendkivuel-hatekony-homlokzattoemites.html","title":{"rendered":"Graffitiv\u00e9delmi bevonat &#8211; Anti graffiti bevonat"},"content":{"rendered":"\n<p>A 7626 Anti Graffiti bevonat rendk\u00edv\u00fcl tart\u00f3s \u00e9s \u00e1tl\u00e1tsz\u00f3 megold\u00e1st k\u00edn\u00e1l a graffiti szennyez\u0151d\u00e9sek ellen, an\u00e9lk\u00fcl, hogy \u00e1ldozati r\u00e9tegre lenne sz\u00fcks\u00e9g. Ez a tart\u00f3s v\u00e9delmi rendszer, amely megfelel\u0151 haszn\u00e1lat eset\u00e9n ak\u00e1r 20 \u00e9vig is eltarthat, \u00e9s legal\u00e1bb 20-szor k\u00e9pes elt\u00e1vol\u00edtani a graffitiket, megk\u00f6nny\u00edti a graffitik elt\u00e1vol\u00edt\u00e1s\u00e1t hideg v\u00edzzel \u00e9s vegyszerek haszn\u00e1lata n\u00e9lk\u00fcl. Szinte minden fel\u00fcletre ide\u00e1lis.<\/p>\n\n<h4 class=\"wp-block-heading\" id=\"h-video-der-anti-graffiti-schutzanstrich-im-praxistest\">Vide\u00f3 &#8211; A graffiti elleni v\u00e9d\u0151bevonat egy gyakorlati teszt sor\u00e1n:<\/h4>\n\n<div class=\"wp-block-columns is-layout-flex wp-container-core-columns-is-layout-9d6595d7 wp-block-columns-is-layout-flex\">\n<div class=\"wp-block-column is-layout-flow wp-block-column-is-layout-flow\">\n<figure class=\"wp-block-embed is-type-video is-provider-youtube wp-block-embed-youtube wp-embed-aspect-16-9 wp-has-aspect-ratio\"><div class=\"wp-block-embed__wrapper\"> \n<div class=\"nv-iframe-embed\"><iframe title=\"Graffiti Entfernung an einem Bahnhof - Graffiti Schutzanstrich - Versiegelung24.com\" width=\"1200\" height=\"675\" src=\"https:\/\/www.youtube.com\/embed\/O7C47GU6pd8?feature=oembed\" frameborder=\"0\" allow=\"accelerometer; autoplay; clipboard-write; encrypted-media; gyroscope; picture-in-picture; web-share\" referrerpolicy=\"strict-origin-when-cross-origin\" allowfullscreen><\/iframe><\/div>\n <\/div><\/figure>\n<\/div>\n\n\n\n<div class=\"wp-block-column is-layout-flow wp-block-column-is-layout-flow\">\n<figure class=\"wp-block-embed is-type-video is-provider-youtube wp-block-embed-youtube wp-embed-aspect-16-9 wp-has-aspect-ratio\"><div class=\"wp-block-embed__wrapper\"> \n<div class=\"nv-iframe-embed\"><iframe title=\"Erkla\u0308rung Grafffiti-Schutzanstrich - versiegelung24.com\" width=\"1200\" height=\"675\" src=\"https:\/\/www.youtube.com\/embed\/zy_puhXRc4s?feature=oembed\" frameborder=\"0\" allow=\"accelerometer; autoplay; clipboard-write; encrypted-media; gyroscope; picture-in-picture; web-share\" referrerpolicy=\"strict-origin-when-cross-origin\" allowfullscreen><\/iframe><\/div>\n <\/div><\/figure>\n<\/div>\n<\/div>\n\n<h4 class=\"wp-block-heading\" id=\"properties\">A term\u00e9k jellemz\u0151i<\/h4>\n\n<div class=\"wp-block-columns is-layout-flex wp-container-core-columns-is-layout-9d6595d7 wp-block-columns-is-layout-flex\">\n<div class=\"wp-block-column is-layout-flow wp-block-column-is-layout-flow\">\n<p><strong>Nagyon hat\u00e9kony anti-graffiti t\u00f6m\u00edt\u00e9s, hossz\u00fa t\u00e1v\u00fa v\u00e9delemmel \u00e9s \u00e1rny\u00e9kk\u00e9pz\u0151d\u00e9s n\u00e9lk\u00fcl sok \u00e9ven \u00e1t<\/strong><\/p>\n\n\n\n<p><br\/>Cikksz\u00e1m: 9201-7626 Kiv\u00e1l\u00f3 min\u0151s\u00e9g Made in Germany<\/p>\n\n\n\n<p>Ennek a term\u00e9knek m\u00e1r egyetlen alkalmaz\u00e1sa is elegend\u0151 lehet egy hat\u00e9kony v\u00e9d\u0151g\u00e1t l\u00e9trehoz\u00e1s\u00e1hoz. A k\u00fcl\u00f6n\u00f6sen nedvsz\u00edv\u00f3 anyagok, mint p\u00e9ld\u00e1ul a homokk\u0151, el\u0151sz\u00f6r alapoz\u00f3oldatot vagy a 7626 Anti-Graffiti Film m\u00e1sodik r\u00e9teg\u00e9t ig\u00e9nyelhetik. Ezt k\u00f6r\u00fclbel\u00fcl f\u00e9l \u00f3ra eltelt\u00e9vel kell elv\u00e9gezni 20 Celsius-fok feletti h\u0151m\u00e9rs\u00e9kleten, vagy h\u00e1rom-n\u00e9gy \u00f3ra eltelt\u00e9vel h\u0171v\u00f6sebb k\u00f6r\u00fclm\u00e9nyek k\u00f6z\u00f6tt, hogy a fel\u00fcletet \u00e9vekig megv\u00e9dje.<\/p>\n\n\n\n<p><strong>term\u00e9kbiztons\u00e1g<\/strong><\/p>\n\n\n\n<p>A term\u00e9k vesz\u00e9lyes anyagokr\u00f3l sz\u00f3l\u00f3 rendelet keret\u00e9ben t\u00f6rt\u00e9n\u0151 besorol\u00e1s\u00e1ra vonatkoz\u00f3 inform\u00e1ci\u00f3k, biztons\u00e1gi adatok, valamint toxikol\u00f3giai \u00e9s t\u00e1rol\u00e1si adatok a biztons\u00e1gi adatlapunkon tal\u00e1lhat\u00f3k.<\/p>\n\n\n\n<p><strong>t\u00e1rol\u00e1s<\/strong><\/p>\n\n\n\n<p>A V24 graffiti elleni t\u00f6m\u00edt\u00e9s nem \u00e9rintkezhet nedvess\u00e9ggel. Az eredeti, z\u00e1rt tart\u00e1lyban, t\u00e1rol\u00e1si h\u0151m\u00e9rs\u00e9kleten kell t\u00e1rolni. V\u00e9dje a k\u00f6zvetlen napf\u00e9nyt\u0151l.<\/p>\n<\/div>\n\n\n\n<div class=\"wp-block-column is-layout-flow wp-block-column-is-layout-flow\">\n<p><strong>Gyors gy\u00f3gyul\u00e1s<\/strong><\/p>\n\n\n\n<p>R\u00f6viddel a felhord\u00e1s ut\u00e1n a t\u00f6m\u00edt\u0151anyag m\u00e1r sz\u00e1raz, \u00e9s n\u00e9h\u00e1ny \u00f3r\u00e1n bel\u00fcl el\u00e9ri teljes hat\u00e9konys\u00e1g\u00e1t. A graffiti elt\u00e1vol\u00edt\u00e1sa ez\u00e9rt egyszer\u0171 \u00e9s gyors. A bevonatos fel\u00fcletek tiszt\u00edt\u00e1s\u00e1hoz mind\u00f6ssze egy nagynyom\u00e1s\u00fa tiszt\u00edt\u00f3szerre (legfeljebb 80 barig) vagy egy k\u00edm\u00e9letes kef\u00e9re van sz\u00fcks\u00e9g, k\u00e9miai tiszt\u00edt\u00f3szerek hozz\u00e1ad\u00e1sa n\u00e9lk\u00fcl.<\/p>\n\n\n\n<p>\u2713 Nagyon er\u0151s tapad\u00e1s<\/p>\n\n\n\n<p>\u2713 Nincs \u00e1rny\u00e9kk\u00e9pz\u0151d\u00e9s<\/p>\n\n\n\n<p>\u2713 Egykomponens\u0171 rendszer: (a legt\u00f6bb esetben) csak egy r\u00e9teg elegend\u0151<\/p>\n\n\n\n<p>\u2713 K\u00f6nnyen felhordhat\u00f3 fest\u00e9ssel. Nincs sz\u00fcks\u00e9g kever\u00e9sre stb.<\/p>\n\n\n\n<p>\u2713 Hossz\u00fa t\u00e1v\u00fa v\u00e9delem<\/p>\n\n\n\n<p>\u2713 A graffiti \u00e1ltal\u00e1ban v\u00edzzel gyorsan \u00e9s egyszer\u0171en elt\u00e1vol\u00edthat\u00f3. A legt\u00f6bb esetben a graffiti elt\u00e1vol\u00edt\u00f3 nem sz\u00fcks\u00e9ges.<\/p>\n\n\n\n<p>\u2713 Az illet\u00e9ktelen k\u00f6zz\u00e9t\u00e9tel elleni v\u00e9delemk\u00e9nt is haszn\u00e1lhat\u00f3 (a plak\u00e1tok nem ragaszthat\u00f3k) <\/p>\n\n\n\n<p>\u2713 A folyad\u00e9k nem vesz\u00e9lyes \u00e1ru<\/p>\n\n\n\n<p>\u2713 RAL sz\u00ednekben is kaphat\u00f3 (minimum 100 liter &#8211; fel\u00e1r +20%)<\/p>\n<\/div>\n<\/div>\n\n<hr\/>\n\n<h4 class=\"wp-block-heading\" id=\"application\">Alkalmaz\u00e1s<\/h4>\n\n<p>Az alkalmaz\u00e1s rendk\u00edv\u00fcl egyszer\u0171: Egyszer\u0171en nyissa ki a tart\u00e1lyt, \u00e9s vigye fel a term\u00e9ket fest\u0151hengerrel &#8211; nincs sz\u00fcks\u00e9g el\u0151zetes kever\u00e9sre, ami id\u0151t takar\u00edt meg \u00e9s leegyszer\u0171s\u00edti a folyamatot. A RAL sz\u00edn\u0171 graffitiellenes f\u00f3lia haszn\u00e1lata eset\u00e9n a megl\u00e9v\u0151 graffitik egyszer\u0171en \u00e1tfesthet\u0151k. Az \u00e1tl\u00e1tsz\u00f3 v\u00e1ltozat a &#8220;k\u00edv\u00e1natos&#8221; graffiti-m\u0171v\u00e9szeti alkot\u00e1sokat is v\u00e9di.<\/p>\n\n<div class=\"wp-block-columns is-layout-flex wp-container-core-columns-is-layout-9d6595d7 wp-block-columns-is-layout-flex\">\n<div class=\"wp-block-column is-layout-flow wp-block-column-is-layout-flow\">\n<ul class=\"wp-block-list\">\n<li>az<strong> V24 graffiti elleni t\u00f6m\u00edt\u00e9s<\/strong> h\u00edg\u00edtatlanul alkalmazz\u00e1k az el\u0151zetesen megtiszt\u00edtott \u00e9s sz\u00e1r\u00edtott fel\u00fcletre.<\/li>\n<\/ul>\n\n\n\n<ul class=\"wp-block-list\">\n<li>Minden kezelend\u0151 fel\u00fcletnek sz\u00e1raznak \u00e9s j\u00f3l tiszt\u00edtottnak kell lennie. A homokk\u00f6vekre \u00e9s a t\u00e9gl\u00e1kra tov\u00e1bbi alapoz\u00f3t kell felvinni.<\/li>\n<\/ul>\n\n\n\n<ul class=\"wp-block-list\">\n<li><strong>V24 graffiti elleni t\u00f6m\u00edt\u0151anyag<\/strong> nem \u00e9rintkezhet v\u00edzzel a feldolgoz\u00e1s el\u0151tt vagy alatt, \u00e9s nem szabad es\u0151 eset\u00e9n alkalmazni.<\/li>\n<\/ul>\n\n\n\n<ul class=\"wp-block-list\">\n<li>A t\u00f6m\u00edt\u0151anyag ecsettel, hengerrel vagy leveg\u0151tlen spray -vel vihet\u0151 fel.<\/li>\n<\/ul>\n\n\n\n<ul class=\"wp-block-list\">\n<li>A fel\u00fclet kb. 3-4 \u00f3ra m\u00falva sz\u00e1raz tapint\u00e1s\u00fa.<\/li>\n<\/ul>\n\n\n\n<ul class=\"wp-block-list\">\n<li>A bevonat teljesen t\u00e9rh\u00e1l\u00f3sodik \u00e9s 24 \u00f3ra m\u00falva kikem\u00e9nyedik.<\/li>\n<\/ul>\n\n\n\n<p>A p\u00e1ly\u00e1zat r\u00e9szletes le\u00edr\u00e1sa adatlapunkon tal\u00e1lhat\u00f3<\/p>\n<\/div>\n\n\n\n<div class=\"wp-block-column is-layout-flow wp-block-column-is-layout-flow\">\n<p>A sz\u00fcks\u00e9ges mennyis\u00e9g a bevonand\u00f3 fel\u00fclet nedvsz\u00edv\u00f3 k\u00e9pess\u00e9g\u00e9t\u0151l f\u00fcgg. A hozam kb. 8-10m\u00b2\/liter sima, nem nedvsz\u00edv\u00f3 fel\u00fcletekn\u00e9l \u00e9s 6-8m\u00b2\/liter nedvsz\u00edv\u00f3 fel\u00fcletekn\u00e9l.<\/p>\n\n\n\n<p>Alum\u00ednium burkolat*<\/p>\n\n\n\n<p>Beton (alagutak, \u00fatvonalak, zajv\u00e9d\u0151 \u00e9s t\u00e1mfalak, h\u00eddpill\u00e9rek t\u00e1mfalai, falazat stb.)<\/p>\n\n\n\n<p>\u2713 \u00dcvegsz\u00e1l<\/p>\n\n\n\n<p>\u2713 \u00dcveg*<\/p>\n\n\n\n<p>\u2713 fa<\/p>\n\n\n\n<p>\u2713 M\u0171anyag*<\/p>\n\n\n\n<p>K\u0151m\u0171vesmunk\u00e1k (bele\u00e9rtve a t\u00e9gl\u00e1t, term\u00e9szetes k\u00f6vet, klinkert, m\u00e1rv\u00e1nyt, k\u00f6vet, csemp\u00e9t, gr\u00e1nitot)<\/p>\n\n\n\n<p>\u2713 T\u00f6bbc\u00e9l\u00fa dobozok (eloszt\u00f3 dobozok)<\/p>\n\n\n\n<p>\u2713 F\u00e9m*<\/p>\n\n\n\n<p>\u2713 Steel*<\/p>\n\n\n\n<p>\u2713 Utcat\u00e1bl\u00e1k<\/p>\n\n\n\n<p>\u2713 Stukk\u00f3<\/p>\n\n\n\n<p>\u2713 Vinyl burkolat<\/p>\n\n\n\n<p>* Fontos megjegyezni, hogy a pol\u00edrozott \u00e9s sima fel\u00fcleteken val\u00f3 tapad\u00e1s nem olyan er\u0151s, mint a durva vagy por\u00f3zus fel\u00fcleteken.<\/p>\n<\/div>\n<\/div>\n\n<div style=\"height:18px\" aria-hidden=\"true\" class=\"wp-block-spacer\"><\/div>\n\n<hr\/>\n\n<h4 class=\"wp-block-heading\" id=\"advisor\">Tan\u00e1csad\u00f3<\/h4>\n\n<h2 class=\"wp-block-heading\" id=\"h-was-ist-graffitischutz-und-warum-ist-er-wichtig\">Mi az a graffitiv\u00e9delem \u00e9s mi\u00e9rt fontos?<\/h2>\n\n<p>A graffitiv\u00e9delem olyan int\u00e9zked\u00e9sekre vonatkozik, amelyek c\u00e9lja, hogy megakad\u00e1lyozz\u00e1k a graffiti fest\u00e9knek a fel\u00fcleteken val\u00f3 megtapad\u00e1s\u00e1t \u00e9s a k\u00e1rok okoz\u00e1s\u00e1t. Megfelel\u0151 v\u00e9delem n\u00e9lk\u00fcl a graffiti k\u00e1ros\u00edthatja a homlokzatot, magas tiszt\u00edt\u00e1si k\u00f6lts\u00e9gekkel j\u00e1rhat, \u00e9s cs\u00f6kkentheti az ingatlan \u00e9rt\u00e9k\u00e9t. A graffitiv\u00e9delem alkalmaz\u00e1sa ez\u00e9rt mind eszt\u00e9tikai, mind gazdas\u00e1gi okokb\u00f3l kulcsfontoss\u00e1g\u00fa.<\/p>\n\n<h2 class=\"wp-block-heading\" id=\"h-welche-arten-von-schutz-gibt-es\">Milyen t\u00edpus\u00fa v\u00e9delem l\u00e9tezik?<\/h2>\n\n<p>A graffitiv\u00e9delemnek k\u00fcl\u00f6nb\u00f6z\u0151 t\u00edpusai vannak, amelyek az ig\u00e9nyekt\u0151l \u00e9s a fel\u00fclett\u0151l f\u00fcgg\u0151en v\u00e1laszthat\u00f3k:<\/p>\n\n<p><br\/><br\/>T<strong>art\u00f3s<\/strong> <strong>graffitiv\u00e9delem<\/strong>: Ez a fajta v\u00e9delem tart\u00f3s v\u00e9d\u0151r\u00e9teget k\u00e9pez a fel\u00fcleten, \u00e9s lehet\u0151v\u00e9 teszi a graffiti k\u00f6nny\u0171 elt\u00e1vol\u00edt\u00e1s\u00e1t a v\u00e9d\u0151anyag \u00fajb\u00f3li alkalmaz\u00e1sa n\u00e9lk\u00fcl.<strong>F\u00e9lig<\/strong><strong>tart\u00f3s<\/strong> <strong>graffitiv\u00e9delem<\/strong>: Ezt a v\u00e9delmet a graffiti elt\u00e1vol\u00edt\u00e1sa ut\u00e1n meg kell \u00faj\u00edtani, de szint\u00e9n hat\u00e9kony g\u00e1tat k\u00e9pez a graffiti ellen. Hogyan m\u0171k\u00f6dik az impregn\u00e1l\u00e1s graffitiv\u00e9delemk\u00e9nt?<\/p>\n\n<p><strong>Az impregn\u00e1l\u00f3szerek<\/strong> m\u00e9lyen behatolnak az aljzatba, \u00e9s l\u00e1thatatlan v\u00e9d\u0151r\u00e9teget k\u00e9peznek, amely megakad\u00e1lyozza, hogy a graffiti fest\u00e9k behatoljon az anyagba. Ez megk\u00f6nny\u00edti a tiszt\u00edt\u00e1st \u00e9s tart\u00f3san v\u00e9di a fel\u00fcletet. Mi a k\u00fcl\u00f6nbs\u00e9g a tart\u00f3s \u00e9s a f\u00e9lig tart\u00f3s graffiti elleni t\u00f6m\u00edt\u0151anyag k\u00f6z\u00f6tt?<\/p>\n\n<p>A <strong>tart\u00f3s graffitiv\u00e9delem<\/strong> a fel\u00fcleten marad, \u00e9s nem kell meg\u00faj\u00edtani, m\u00edg a f\u00e9lig tart\u00f3s v\u00e9delmet minden egyes graffitielt\u00e1vol\u00edt\u00e1s ut\u00e1n meg kell \u00faj\u00edtani. Az \u00e1lland\u00f3 megold\u00e1sok ez\u00e9rt hossz\u00fa t\u00e1v\u00fa \u00e9s kev\u00e9sb\u00e9 karbantartand\u00f3 megold\u00e1st k\u00edn\u00e1lnak.<\/p>\n\n<h2 class=\"wp-block-heading\" id=\"h-welche-produkte-eignen-sich-fur-den-graffiti-schutz-auf-beton-und-naturstein\">Mely term\u00e9kek alkalmasak beton \u00e9s term\u00e9szetes k\u0151 graffitiv\u00e9delm\u00e9re?<\/h2>\n\n<p>Impregn\u00e1l\u00e1sunk gond n\u00e9lk\u00fcl haszn\u00e1lhat\u00f3 betonon vagy term\u00e9szetes k\u00f6v\u00f6n.<\/p>\n\n<h2 class=\"wp-block-heading\" id=\"h-wie-wird-der-graffitischutz-auf-unterschiedlichen-untergrunden-angewendet\">Hogyan alkalmazz\u00e1k a graffitiv\u00e9delmet a k\u00fcl\u00f6nb\u00f6z\u0151 fel\u00fcleteken?<\/h2>\n\n<p>A graffitiv\u00e9delem alkalmaz\u00e1sa az aljzatt\u00f3l f\u00fcgg\u0151en v\u00e1ltozik. Az \u00fcveggel vagy m\u0171anyaggal ellent\u00e9tben (p\u00e9ld\u00e1ul) a beton, a term\u00e9szetes k\u0151 \u00e9s a klinker m\u00e1s megk\u00f6zel\u00edt\u00e9st ig\u00e9nyel az optim\u00e1lis v\u00e9delem biztos\u00edt\u00e1sa \u00e9rdek\u00e9ben.  <\/p>\n\n<h2 class=\"wp-block-heading\" id=\"h-welche-rolle-spielt-die-reinigung-bei-der-graffitientfernung\">Milyen szerepet j\u00e1tszik a takar\u00edt\u00e1s a graffiti elt\u00e1vol\u00edt\u00e1s\u00e1ban?<\/h2>\n\n<p>A graffiti elt\u00e1vol\u00edt\u00e1s\u00e1ban a takar\u00edt\u00e1s d\u00f6nt\u0151 szerepet j\u00e1tszik. A megfelel\u0151 tiszt\u00edt\u00f3szerekkel \u00e9s m\u00f3dszerekkel a graffiti gyorsan \u00e9s hat\u00e9konyan elt\u00e1vol\u00edthat\u00f3 an\u00e9lk\u00fcl, hogy az alatta l\u00e9v\u0151 v\u00e9d\u0151r\u00e9teg megs\u00e9r\u00fclne.<\/p>\n\n<h2 class=\"wp-block-heading\" id=\"h-tipps-zur-auswahl-des-richtigen-graffitischutz-produkts\">Tippek a megfelel\u0151 graffitiv\u00e9delmi term\u00e9k kiv\u00e1laszt\u00e1s\u00e1hoz<\/h2>\n\n<p><strong>Elemezze a szubsztr\u00e1tumot<\/strong>:<br\/> Ellen\u0151rizze, hogy milyen anyagb\u00f3l k\u00e9sz\u00fclt a homlokzat, \u00e9s v\u00e1lassza ki a megfelel\u0151 v\u00e9d\u0151szert.<strong>Olvassa<\/strong><strong>el a term\u00e9kinform\u00e1ci\u00f3kat<\/strong>:<br\/> T\u00e1j\u00e9koz\u00f3djon alaposan a term\u00e9k tulajdons\u00e1gair\u00f3l, p\u00e9ld\u00e1ul az old\u00f3szermentess\u00e9gr\u0151l \u00e9s az UV-\u00e1ll\u00f3s\u00e1gr\u00f3l.<strong>Vegye<\/strong><strong>ig\u00e9nybe a m\u0171szaki tan\u00e1csad\u00e1st<\/strong>: Vegye ig\u00e9nybe a Versiegelung24.com m\u0171szaki t\u00e1mogat\u00e1s\u00e1t a term\u00e9k helyes alkalmaz\u00e1s\u00e1nak biztos\u00edt\u00e1sa \u00e9rdek\u00e9ben.<br\/><\/p>\n\n<h2 class=\"wp-block-heading\" id=\"h-zusammenfassung-der-wichtigsten-punkte\">A legfontosabb pontok \u00f6sszefoglal\u00e1sa<\/h2>\n\n<p><br\/><br\/><br\/>A graffitiv\u00e9delem fontos a homlokzatok meg\u00f3v\u00e1sa a k\u00e1rosod\u00e1st\u00f3l \u00e9s az \u00e9rt\u00e9kveszt\u00e9st\u0151l. L\u00e9teznek tart\u00f3s \u00e9s f\u00e9lig tart\u00f3s graffitiv\u00e9delmi megold\u00e1sok, amelyek az ig\u00e9nyeknek megfelel\u0151en v\u00e1laszthat\u00f3k.<strong>Az<\/strong><strong>impregn\u00e1l\u00e1s hat\u00e9kony m\u00f3dszert k\u00edn\u00e1l<\/strong> a graffitik t\u00e1vol tart\u00e1s\u00e1ra a betonr\u00f3l, a term\u00e9szetes k\u0151b\u0151l \u00e9s a klinkerr\u0151l. A graffitiv\u00e9delem hossz\u00fa t\u00e1v\u00fa siker\u00e9hez elengedhetetlen a helyes alkalmaz\u00e1s \u00e9s tiszt\u00edt\u00e1s.<\/p>\n","protected":false},"excerpt":{"rendered":"<p><strong>Rendk\u00edv\u00fcl hat\u00e9kony homlokzatt\u00f6m\u00edt\u00e9s hossz\u00fa t\u00e1v\u00fa v\u00e9delemmel \u00e9s \u00e1rny\u00e9kk\u00e9pz\u0151d\u00e9s n\u00e9lk\u00fcl<\/strong>  <\/p>\n<p>\u2713 K\u00f6nnyen haszn\u00e1lhat\u00f3: nincs sz\u00fcks\u00e9g kever\u00e9sre stb<\/p>\n<p>\u2713 Hossz\u00fa t\u00e1v\u00fa v\u00e9delem \u00e9s szat\u00e9n bevonat<\/p>\n<p>\u2713 Teljes fed\u00e9s: nincs \u00e1rny\u00e9kol\u00e1s<\/p>\n<p>\u2713 A fest\u00e9s ut\u00e1n a graffitik v\u00edzzel k\u00f6nnyen elt\u00e1vol\u00edthat\u00f3k<\/p>\n<p>\u2713 \u00c9rint\u00e9ssz\u00e1raz 3-4 \u00f3ra eltelt\u00e9vel<\/p>\n","protected":false},"featured_media":169224,"template":"","meta":{"_acf_changed":false,"neve_meta_sidebar":"","neve_meta_container":"","neve_meta_enable_content_width":"","neve_meta_content_width":0,"neve_meta_title_alignment":"","neve_meta_author_avatar":"","neve_post_elements_order":"","neve_meta_disable_header":"","neve_meta_disable_footer":"","neve_meta_disable_title":"","neve_meta_reading_time":"","_surfaces":[],"_ver_product_tabs":[],"footnotes":""},"product_brand":[],"product_cat":[2326],"product_tag":[],"class_list":{"0":"post-23945","1":"product","2":"type-product","3":"status-publish","4":"has-post-thumbnail","6":"product_cat-ko-es-beton-toemites","7":"pa_gebinde-5-literes-tartaly-ral-szinben","8":"pa_gebinde-5-literes-tartaly","10":"first","11":"instock","12":"taxable","13":"shipping-taxable","14":"purchasable","15":"product-type-variable","16":"has-default-attributes"},"acf":[],"yoast_head":"<!-- This site is optimized with the Yoast SEO Premium plugin v22.8 (Yoast SEO v27.5) - https:\/\/yoast.com\/product\/yoast-seo-premium-wordpress\/ -->\n<title>Graffitiv\u00e9delmi bevonat - Anti graffiti bevonat - versiegelung24.com<\/title>\n<meta name=\"description\" content=\"Anti-graffiti bevonat - V\u00e9dje homlokzat\u00e1t a nem k\u00edv\u00e1nt graffitikt\u0151l - most a Versiegelung24.com oldalon.\" \/>\n<meta name=\"robots\" content=\"index, follow, max-snippet:-1, max-image-preview:large, max-video-preview:-1\" \/>\n<link rel=\"canonical\" href=\"https:\/\/www.versiegelung24.com\/hu\/graffiti-elleni-vedobevonat-rendkivuel-hatekony-homlokzattoemites.html\" \/>\n<meta property=\"og:locale\" content=\"hu_HU\" \/>\n<meta property=\"og:type\" content=\"article\" \/>\n<meta property=\"og:title\" content=\"Graffitiv\u00e9delmi bevonat - Anti graffiti bevonat\" \/>\n<meta property=\"og:description\" content=\"Anti-graffiti bevonat - V\u00e9dje homlokzat\u00e1t a nem k\u00edv\u00e1nt graffitikt\u0151l - most a Versiegelung24.com oldalon.\" \/>\n<meta property=\"og:url\" content=\"https:\/\/www.versiegelung24.com\/hu\/graffiti-elleni-vedobevonat-rendkivuel-hatekony-homlokzattoemites.html\" \/>\n<meta property=\"og:site_name\" content=\"versiegelung24.com\" \/>\n<meta property=\"article:modified_time\" content=\"2025-01-03T23:01:47+00:00\" \/>\n<meta property=\"og:image\" content=\"https:\/\/www.versiegelung24.com\/wp-content\/uploads\/2020\/04\/7626-anti-graffiti.webp\" \/>\n\t<meta property=\"og:image:width\" content=\"2560\" \/>\n\t<meta property=\"og:image:height\" content=\"2560\" \/>\n\t<meta property=\"og:image:type\" content=\"image\/webp\" \/>\n<meta name=\"twitter:card\" content=\"summary_large_image\" \/>\n<meta name=\"twitter:label1\" content=\"El\u00e9rhet\u0151s\u00e9g\" \/>\n\t<meta name=\"twitter:data1\" content=\"K\u00e9szleten\" \/>\n<script type=\"application\/ld+json\" class=\"yoast-schema-graph\">{\"@context\":\"https:\\\/\\\/schema.org\",\"@graph\":[{\"@type\":\"WebPage\",\"@id\":\"https:\\\/\\\/www.versiegelung24.com\\\/hu\\\/graffiti-elleni-vedobevonat-rendkivuel-hatekony-homlokzattoemites.html\",\"url\":\"https:\\\/\\\/www.versiegelung24.com\\\/hu\\\/graffiti-elleni-vedobevonat-rendkivuel-hatekony-homlokzattoemites.html\",\"name\":\"Graffitiv\u00e9delmi bevonat - Anti graffiti bevonat - versiegelung24.com\",\"isPartOf\":{\"@id\":\"https:\\\/\\\/www.versiegelung24.com\\\/hu\\\/#website\"},\"primaryImageOfPage\":{\"@id\":\"https:\\\/\\\/www.versiegelung24.com\\\/hu\\\/graffiti-elleni-vedobevonat-rendkivuel-hatekony-homlokzattoemites.html#primaryimage\"},\"image\":{\"@id\":\"https:\\\/\\\/www.versiegelung24.com\\\/hu\\\/graffiti-elleni-vedobevonat-rendkivuel-hatekony-homlokzattoemites.html#primaryimage\"},\"thumbnailUrl\":\"https:\\\/\\\/www.versiegelung24.com\\\/wp-content\\\/uploads\\\/2020\\\/04\\\/7626-anti-graffiti.webp\",\"datePublished\":\"2021-08-02T20:12:59+00:00\",\"dateModified\":\"2025-01-03T23:01:47+00:00\",\"description\":\"Anti-graffiti bevonat - V\u00e9dje homlokzat\u00e1t a nem k\u00edv\u00e1nt graffitikt\u0151l - most a Versiegelung24.com oldalon.\",\"breadcrumb\":{\"@id\":\"https:\\\/\\\/www.versiegelung24.com\\\/hu\\\/graffiti-elleni-vedobevonat-rendkivuel-hatekony-homlokzattoemites.html#breadcrumb\"},\"inLanguage\":\"hu\",\"potentialAction\":[{\"@type\":\"ReadAction\",\"target\":[\"https:\\\/\\\/www.versiegelung24.com\\\/hu\\\/graffiti-elleni-vedobevonat-rendkivuel-hatekony-homlokzattoemites.html\"]}]},{\"@type\":\"ImageObject\",\"inLanguage\":\"hu\",\"@id\":\"https:\\\/\\\/www.versiegelung24.com\\\/hu\\\/graffiti-elleni-vedobevonat-rendkivuel-hatekony-homlokzattoemites.html#primaryimage\",\"url\":\"https:\\\/\\\/www.versiegelung24.com\\\/wp-content\\\/uploads\\\/2020\\\/04\\\/7626-anti-graffiti.webp\",\"contentUrl\":\"https:\\\/\\\/www.versiegelung24.com\\\/wp-content\\\/uploads\\\/2020\\\/04\\\/7626-anti-graffiti.webp\",\"width\":2560,\"height\":2560},{\"@type\":\"BreadcrumbList\",\"@id\":\"https:\\\/\\\/www.versiegelung24.com\\\/hu\\\/graffiti-elleni-vedobevonat-rendkivuel-hatekony-homlokzattoemites.html#breadcrumb\",\"itemListElement\":[{\"@type\":\"ListItem\",\"position\":1,\"name\":\"Honlap\",\"item\":\"https:\\\/\\\/www.versiegelung24.com\\\/hu\\\/elol\\\/\"},{\"@type\":\"ListItem\",\"position\":2,\"name\":\"\u00dczlet\",\"item\":\"https:\\\/\\\/www.versiegelung24.com\\\/hu\\\/uzlet\\\/\"},{\"@type\":\"ListItem\",\"position\":3,\"name\":\"Graffitiv\u00e9delmi bevonat &#8211; Anti graffiti bevonat\"}]},{\"@type\":\"WebSite\",\"@id\":\"https:\\\/\\\/www.versiegelung24.com\\\/hu\\\/#website\",\"url\":\"https:\\\/\\\/www.versiegelung24.com\\\/hu\\\/\",\"name\":\"versiegelung24.com\",\"description\":\"Fl\u00fcssigglas-Versiegelung - Made in Germany\",\"publisher\":{\"@id\":\"https:\\\/\\\/www.versiegelung24.com\\\/hu\\\/#organization\"},\"potentialAction\":[{\"@type\":\"SearchAction\",\"target\":{\"@type\":\"EntryPoint\",\"urlTemplate\":\"https:\\\/\\\/www.versiegelung24.com\\\/hu\\\/?s={search_term_string}\"},\"query-input\":{\"@type\":\"PropertyValueSpecification\",\"valueRequired\":true,\"valueName\":\"search_term_string\"}}],\"inLanguage\":\"hu\"},{\"@type\":\"Organization\",\"@id\":\"https:\\\/\\\/www.versiegelung24.com\\\/hu\\\/#organization\",\"name\":\"versiegelung24\",\"url\":\"https:\\\/\\\/www.versiegelung24.com\\\/hu\\\/\",\"logo\":{\"@type\":\"ImageObject\",\"inLanguage\":\"hu\",\"@id\":\"https:\\\/\\\/www.versiegelung24.com\\\/hu\\\/#\\\/schema\\\/logo\\\/image\\\/\",\"url\":\"https:\\\/\\\/www.versiegelung24.com\\\/wp-content\\\/uploads\\\/2020\\\/04\\\/versiegelung24.png\",\"contentUrl\":\"https:\\\/\\\/www.versiegelung24.com\\\/wp-content\\\/uploads\\\/2020\\\/04\\\/versiegelung24.png\",\"width\":470,\"height\":102,\"caption\":\"versiegelung24\"},\"image\":{\"@id\":\"https:\\\/\\\/www.versiegelung24.com\\\/hu\\\/#\\\/schema\\\/logo\\\/image\\\/\"}}]}<\/script>\n<meta property=\"og:availability\" content=\"instock\" \/>\n<meta property=\"product:availability\" content=\"instock\" \/>\n<meta property=\"product:retailer_item_id\" content=\"9201-7626-5000\" \/>\n<meta property=\"product:condition\" content=\"new\" \/>\n<!-- \/ Yoast SEO Premium plugin. -->","yoast_head_json":{"title":"Graffitiv\u00e9delmi bevonat - Anti graffiti bevonat - versiegelung24.com","description":"Anti-graffiti bevonat - V\u00e9dje homlokzat\u00e1t a nem k\u00edv\u00e1nt graffitikt\u0151l - most a Versiegelung24.com oldalon.","robots":{"index":"index","follow":"follow","max-snippet":"max-snippet:-1","max-image-preview":"max-image-preview:large","max-video-preview":"max-video-preview:-1"},"canonical":"https:\/\/www.versiegelung24.com\/hu\/graffiti-elleni-vedobevonat-rendkivuel-hatekony-homlokzattoemites.html","og_locale":"hu_HU","og_type":"article","og_title":"Graffitiv\u00e9delmi bevonat - Anti graffiti bevonat","og_description":"Anti-graffiti bevonat - V\u00e9dje homlokzat\u00e1t a nem k\u00edv\u00e1nt graffitikt\u0151l - most a Versiegelung24.com oldalon.","og_url":"https:\/\/www.versiegelung24.com\/hu\/graffiti-elleni-vedobevonat-rendkivuel-hatekony-homlokzattoemites.html","og_site_name":"versiegelung24.com","article_modified_time":"2025-01-03T23:01:47+00:00","og_image":[{"width":2560,"height":2560,"url":"https:\/\/www.versiegelung24.com\/wp-content\/uploads\/2020\/04\/7626-anti-graffiti.webp","type":"image\/webp"}],"twitter_card":"summary_large_image","twitter_misc":{"El\u00e9rhet\u0151s\u00e9g":"K\u00e9szleten"},"schema":{"@context":"https:\/\/schema.org","@graph":[{"@type":"WebPage","@id":"https:\/\/www.versiegelung24.com\/hu\/graffiti-elleni-vedobevonat-rendkivuel-hatekony-homlokzattoemites.html","url":"https:\/\/www.versiegelung24.com\/hu\/graffiti-elleni-vedobevonat-rendkivuel-hatekony-homlokzattoemites.html","name":"Graffitiv\u00e9delmi bevonat - Anti graffiti bevonat - versiegelung24.com","isPartOf":{"@id":"https:\/\/www.versiegelung24.com\/hu\/#website"},"primaryImageOfPage":{"@id":"https:\/\/www.versiegelung24.com\/hu\/graffiti-elleni-vedobevonat-rendkivuel-hatekony-homlokzattoemites.html#primaryimage"},"image":{"@id":"https:\/\/www.versiegelung24.com\/hu\/graffiti-elleni-vedobevonat-rendkivuel-hatekony-homlokzattoemites.html#primaryimage"},"thumbnailUrl":"https:\/\/www.versiegelung24.com\/wp-content\/uploads\/2020\/04\/7626-anti-graffiti.webp","datePublished":"2021-08-02T20:12:59+00:00","dateModified":"2025-01-03T23:01:47+00:00","description":"Anti-graffiti bevonat - V\u00e9dje homlokzat\u00e1t a nem k\u00edv\u00e1nt graffitikt\u0151l - most a Versiegelung24.com oldalon.","breadcrumb":{"@id":"https:\/\/www.versiegelung24.com\/hu\/graffiti-elleni-vedobevonat-rendkivuel-hatekony-homlokzattoemites.html#breadcrumb"},"inLanguage":"hu","potentialAction":[{"@type":"ReadAction","target":["https:\/\/www.versiegelung24.com\/hu\/graffiti-elleni-vedobevonat-rendkivuel-hatekony-homlokzattoemites.html"]}]},{"@type":"ImageObject","inLanguage":"hu","@id":"https:\/\/www.versiegelung24.com\/hu\/graffiti-elleni-vedobevonat-rendkivuel-hatekony-homlokzattoemites.html#primaryimage","url":"https:\/\/www.versiegelung24.com\/wp-content\/uploads\/2020\/04\/7626-anti-graffiti.webp","contentUrl":"https:\/\/www.versiegelung24.com\/wp-content\/uploads\/2020\/04\/7626-anti-graffiti.webp","width":2560,"height":2560},{"@type":"BreadcrumbList","@id":"https:\/\/www.versiegelung24.com\/hu\/graffiti-elleni-vedobevonat-rendkivuel-hatekony-homlokzattoemites.html#breadcrumb","itemListElement":[{"@type":"ListItem","position":1,"name":"Honlap","item":"https:\/\/www.versiegelung24.com\/hu\/elol\/"},{"@type":"ListItem","position":2,"name":"\u00dczlet","item":"https:\/\/www.versiegelung24.com\/hu\/uzlet\/"},{"@type":"ListItem","position":3,"name":"Graffitiv\u00e9delmi bevonat &#8211; Anti graffiti bevonat"}]},{"@type":"WebSite","@id":"https:\/\/www.versiegelung24.com\/hu\/#website","url":"https:\/\/www.versiegelung24.com\/hu\/","name":"versiegelung24.com","description":"Fl\u00fcssigglas-Versiegelung - Made in Germany","publisher":{"@id":"https:\/\/www.versiegelung24.com\/hu\/#organization"},"potentialAction":[{"@type":"SearchAction","target":{"@type":"EntryPoint","urlTemplate":"https:\/\/www.versiegelung24.com\/hu\/?s={search_term_string}"},"query-input":{"@type":"PropertyValueSpecification","valueRequired":true,"valueName":"search_term_string"}}],"inLanguage":"hu"},{"@type":"Organization","@id":"https:\/\/www.versiegelung24.com\/hu\/#organization","name":"versiegelung24","url":"https:\/\/www.versiegelung24.com\/hu\/","logo":{"@type":"ImageObject","inLanguage":"hu","@id":"https:\/\/www.versiegelung24.com\/hu\/#\/schema\/logo\/image\/","url":"https:\/\/www.versiegelung24.com\/wp-content\/uploads\/2020\/04\/versiegelung24.png","contentUrl":"https:\/\/www.versiegelung24.com\/wp-content\/uploads\/2020\/04\/versiegelung24.png","width":470,"height":102,"caption":"versiegelung24"},"image":{"@id":"https:\/\/www.versiegelung24.com\/hu\/#\/schema\/logo\/image\/"}}]},"og_availability":"instock","product_availability":"instock","product_retailer_item_id":"9201-7626-5000","product_condition":"new"},"_links":{"self":[{"href":"https:\/\/www.versiegelung24.com\/hu\/wp-json\/wp\/v2\/product\/23945","targetHints":{"allow":["GET"]}}],"collection":[{"href":"https:\/\/www.versiegelung24.com\/hu\/wp-json\/wp\/v2\/product"}],"about":[{"href":"https:\/\/www.versiegelung24.com\/hu\/wp-json\/wp\/v2\/types\/product"}],"version-history":[{"count":56,"href":"https:\/\/www.versiegelung24.com\/hu\/wp-json\/wp\/v2\/product\/23945\/revisions"}],"predecessor-version":[{"id":174050,"href":"https:\/\/www.versiegelung24.com\/hu\/wp-json\/wp\/v2\/product\/23945\/revisions\/174050"}],"wp:featuredmedia":[{"embeddable":true,"href":"https:\/\/www.versiegelung24.com\/hu\/wp-json\/wp\/v2\/media\/169224"}],"wp:attachment":[{"href":"https:\/\/www.versiegelung24.com\/hu\/wp-json\/wp\/v2\/media?parent=23945"}],"wp:term":[{"taxonomy":"product_brand","embeddable":true,"href":"https:\/\/www.versiegelung24.com\/hu\/wp-json\/wp\/v2\/product_brand?post=23945"},{"taxonomy":"product_cat","embeddable":true,"href":"https:\/\/www.versiegelung24.com\/hu\/wp-json\/wp\/v2\/product_cat?post=23945"},{"taxonomy":"product_tag","embeddable":true,"href":"https:\/\/www.versiegelung24.com\/hu\/wp-json\/wp\/v2\/product_tag?post=23945"}],"curies":[{"name":"wp","href":"https:\/\/api.w.org\/{rel}","templated":true}]}}