{"id":25507,"date":"2020-04-04T18:53:13","date_gmt":"2021-08-03T08:08:21","guid":{"rendered":"https:\/\/www.versiegelung24.com\/produkt\/uvegtomites-professzionalis-minosegben"},"modified":"2025-01-03T23:36:23","modified_gmt":"2025-01-03T22:36:23","slug":"uveg-tomites-professzionalis-minosegben","status":"publish","type":"product","link":"https:\/\/www.versiegelung24.com\/hu\/ueveg-toemites-professzionalis-minosegben.html","title":{"rendered":"\u00dcvegt\u00f6m\u00edt\u00e9s professzion\u00e1lis min\u0151s\u00e9gben &#8211; K\u00f6nny\u0171 \u00e1pol\u00e1s"},"content":{"rendered":"\n<p><strong>Nagy hat\u00e9konys\u00e1g\u00fa \u00fcvegt\u00f6m\u00edt\u00e9s ablakt\u00e1bl\u00e1khoz, \u00fcveghomlokzatokhoz, bej\u00e1rati ajt\u00f3khoz stb., L\u00f3tuszhat\u00e1ssal (v\u00edzleperget\u0151), k\u00edv\u00fcl \u00e9s bel\u00fcl, \u00daJ<\/strong><\/p>\n\n<p>Kiv\u00e1l\u00f3 min\u0151s\u00e9g N\u00e9metorsz\u00e1gban k\u00e9sz\u00fclt.<\/p>\n\n<div class=\"wp-block-columns is-layout-flex wp-container-core-columns-is-layout-9d6595d7 wp-block-columns-is-layout-flex\">\n<div class=\"wp-block-column is-layout-flow wp-block-column-is-layout-flow\">\n<figure class=\"wp-block-embed is-type-video is-provider-youtube wp-block-embed-youtube wp-embed-aspect-16-9 wp-has-aspect-ratio\"><div class=\"wp-block-embed__wrapper\"> \n<div class=\"nv-iframe-embed\"><iframe title=\"(Nano-)Versiegelungen f\u00fcrs Badezimmer, die wirklich halten! Versiegelung24.com\" width=\"1200\" height=\"675\" src=\"https:\/\/www.youtube.com\/embed\/l6YldCwuye0?feature=oembed\" frameborder=\"0\" allow=\"accelerometer; autoplay; clipboard-write; encrypted-media; gyroscope; picture-in-picture; web-share\" referrerpolicy=\"strict-origin-when-cross-origin\" allowfullscreen><\/iframe><\/div>\n <\/div><\/figure>\n<\/div>\n\n\n\n<div class=\"wp-block-column is-layout-flow wp-block-column-is-layout-flow\">\n<figure class=\"wp-block-embed is-type-video is-provider-youtube wp-block-embed-youtube wp-embed-aspect-16-9 wp-has-aspect-ratio\"><div class=\"wp-block-embed__wrapper\"> \n<div class=\"nv-iframe-embed\"><iframe title=\"Kalk in der Dusche entfernen und mit einer Glasversiegelung vorbeugen!\" width=\"1200\" height=\"675\" src=\"https:\/\/www.youtube.com\/embed\/vnJHIGeb_7I?feature=oembed\" frameborder=\"0\" allow=\"accelerometer; autoplay; clipboard-write; encrypted-media; gyroscope; picture-in-picture; web-share\" referrerpolicy=\"strict-origin-when-cross-origin\" allowfullscreen><\/iframe><\/div>\n <\/div><\/figure>\n<\/div>\n<\/div>\n\n<h3 class=\"wp-block-heading\" id=\"eine-versiegelung-ihrer-fenster-spart-frust-und-zeit-wer-putzt-schon-gerne-fenster\">Az ablakok lez\u00e1r\u00e1sa id\u0151t \u00e9s frusztr\u00e1ci\u00f3t takar\u00edt meg &#8211; ki szereti az ablakokat tiszt\u00edtani?<\/h3>\n\n<p>Egy es\u0151s \u00e9s piszkos t\u00e9l ut\u00e1n a tavaszi els\u0151 intenz\u00edv napsugarak gyakran \u00e1rulkod\u00f3ak. Kin\u00e9z az ablakon, \u00e9s hirtelen r\u00e1j\u00f6n, hogy s\u00fcrg\u0151sen meg kell tiszt\u00edtania, mert tele van v\u00edzfoltokkal, piszokkal \u00e9s cs\u00edkokkal. De ki szereti igaz\u00e1n az ablakokat tiszt\u00edtani? <br\/>A munka id\u0151ig\u00e9nyes \u00e9s gyakran nagyon frusztr\u00e1l\u00f3, mert a cs\u00edkmentes \u00fcveg t\u00e9nyleg brav\u00farnak t\u0171nik. Amit emiatt nem pr\u00f3b\u00e1lt\u00e1l ki. D\u00f6rzs\u00f6l\u00e9s \u00fajs\u00e1ggal, g\u0151ztiszt\u00edt\u00f3, dr\u00e1ga ablaktiszt\u00edt\u00f3k &#8211; ezt k\u00f6vet\u0151en az ablak gyakran nem olyan vil\u00e1gos, mint szeretn\u00e9.<\/p>\n<div class=\"wp-block-image\">\n<figure class=\"aligncenter size-large is-resized\"><img fetchpriority=\"high\" decoding=\"async\" width=\"1300\" height=\"260\" src=\"https:\/\/www.versiegelung24.com\/wp-content\/uploads\/2022\/01\/Glas_Himmel-1300x260.jpg\" alt=\"\" class=\"wp-image-59446\" style=\"width:1500px\" srcset=\"https:\/\/www.versiegelung24.com\/wp-content\/uploads\/2022\/01\/Glas_Himmel-1300x260.jpg 1300w, https:\/\/www.versiegelung24.com\/wp-content\/uploads\/2022\/01\/Glas_Himmel-300x60.jpg 300w, https:\/\/www.versiegelung24.com\/wp-content\/uploads\/2022\/01\/Glas_Himmel-768x154.jpg 768w, https:\/\/www.versiegelung24.com\/wp-content\/uploads\/2022\/01\/Glas_Himmel-600x120.jpg 600w, https:\/\/www.versiegelung24.com\/wp-content\/uploads\/2022\/01\/Glas_Himmel.jpg 1500w\" sizes=\"(max-width: 1300px) 100vw, 1300px\" \/><\/figure>\n<\/div>\n<hr\/>\n\n<h4 class=\"wp-block-heading\" id=\"properties\">A term\u00e9k jellemz\u0151i<\/h4>\n\n<div class=\"wp-block-columns is-layout-flex wp-container-core-columns-is-layout-9d6595d7 wp-block-columns-is-layout-flex\">\n<div class=\"wp-block-column is-layout-flow wp-block-column-is-layout-flow\">\n<ul class=\"wp-block-list\" id=\"block-1ae73cec-dd86-455b-95e1-db08f69d1f05\">\n<li>K\u00f6nnyen tiszt\u00edthat\u00f3 hat\u00e1s szennyez\u0151d\u00e9s \u00e9s v\u00edzk\u0151 elt\u00e1vol\u00edt\u00e1s\u00e1ra<\/li>\n\n\n\n<li>Nagy kop\u00e1s\u00e1ll\u00f3s\u00e1g a SiO\u00b2 nano technol\u00f3gi\u00e1nak k\u00f6sz\u00f6nhet\u0151en<\/li>\n\n\n\n<li>Vegyszer\u00e1ll\u00f3 a tiszt\u00edt\u00f3szerekkel szemben (12-es pH-\u00e9rt\u00e9kig)<\/li>\n\n\n\n<li>Er\u0151s hidrof\u00f3b \u00e9s oleof\u00f3b hat\u00e1s (v\u00edz- \u00e9s olajriaszt\u00f3)<\/li>\n\n\n\n<li>K\u00f6lts\u00e9g-, id\u0151- \u00e9s energiamegtakar\u00edt\u00e1s a meghosszabb\u00edtott tiszt\u00edt\u00e1si ciklusoknak k\u00f6sz\u00f6nhet\u0151en<\/li>\n<\/ul>\n<\/div>\n\n\n\n<div class=\"wp-block-column is-layout-flow wp-block-column-is-layout-flow\">\n<ul class=\"wp-block-list\" id=\"block-1ae73cec-dd86-455b-95e1-db08f69d1f05\">\n<li>Cs\u00f6kkenti a mikroorganizmusok \u00e9s bakt\u00e9riumok szaporod\u00e1s\u00e1t, \u00e9s ez\u00e1ltal jav\u00edtja a higi\u00e9ni\u00e1t<\/li>\n\n\n\n<li>UV-stabil \/ fagy\u00e1ll\u00f3 \/ s\u00f3s v\u00edz\u00e1ll\u00f3 \/ l\u00e1thatatlan<\/li>\n\n\n\n<li>\u00d6ntiszt\u00edt\u00f3 hat\u00e1s f\u00fcgg\u0151leges \u00fcvegfel\u00fcleteken es\u0151ben<\/li>\n\n\n\n<li>Egyszer\u0171 alkalmaz\u00e1s (b\u00e1rmikor lehets\u00e9ges \u00fajrafest\u00e9s)<\/li>\n\n\n\n<li>Eltarthat\u00f3s\u00e1g: ak\u00e1r 3-5 \u00e9v (felhaszn\u00e1l\u00e1st\u00f3l f\u00fcgg\u0151en)<\/li>\n<\/ul>\n<\/div>\n<\/div>\n\n<p><br\/>Sz\u00e1ll\u00edt\u00e1si terjedelem: 1 x literes flakon, 1 x pump\u00e1s sz\u00f3r\u00f3fej, 1 x term\u00e9kle\u00edr\u00e1s.<\/p>\n<div class=\"wp-block-image\">\n<figure class=\"aligncenter size-large is-resized\"><img decoding=\"async\" width=\"1300\" height=\"260\" src=\"https:\/\/www.versiegelung24.com\/wp-content\/uploads\/2022\/01\/bad_glas-1300x260.jpg\" alt=\"\" class=\"wp-image-59538\" style=\"width:1500px\" srcset=\"https:\/\/www.versiegelung24.com\/wp-content\/uploads\/2022\/01\/bad_glas-1300x260.jpg 1300w, https:\/\/www.versiegelung24.com\/wp-content\/uploads\/2022\/01\/bad_glas-300x60.jpg 300w, https:\/\/www.versiegelung24.com\/wp-content\/uploads\/2022\/01\/bad_glas-768x154.jpg 768w, https:\/\/www.versiegelung24.com\/wp-content\/uploads\/2022\/01\/bad_glas-600x120.jpg 600w, https:\/\/www.versiegelung24.com\/wp-content\/uploads\/2022\/01\/bad_glas.jpg 1500w\" sizes=\"(max-width: 1300px) 100vw, 1300px\" \/><figcaption class=\"wp-element-caption\">Alkalmaz\u00e1si p\u00e9lda f\u00fcrd\u0151szoba<\/figcaption><\/figure>\n<\/div>\n<h4 class=\"wp-block-heading\" id=\"application\">Alkalmaz\u00e1s<\/h4>\n\n<div class=\"wp-block-columns is-layout-flex wp-container-core-columns-is-layout-9d6595d7 wp-block-columns-is-layout-flex\">\n<div class=\"wp-block-column is-layout-flow wp-block-column-is-layout-flow\">\n<ul class=\"wp-block-list\" id=\"block-d9c56046-ec66-4f80-bc70-c000e96a1e51\">\n<li>Ablak\u00fcveg (k\u00edv\u00fcl \u00e9s bel\u00fcl)<\/li>\n\n\n\n<li>\u00dcvegfel\u00fcletek az eg\u00e9szs\u00e9g\u00fcgyi ter\u00fcleten (t\u00fckr\u00f6k, zuhanykabinok)<\/li>\n\n\n\n<li>\u00c9p\u00edt\u00e9si \u00fcveg (t\u00e9likertek, \u00fcvegh\u00e1zak, el\u0151tet\u0151k, fal\u00fcvegek)<\/li>\n\n\n\n<li><a href=\"https:\/\/www.versiegelung24.com\/hu\/autouveg-tomites-professzionalis-minosegben.html\">Aut\u00f3\u00fcveg<\/a> (oldals\u00f3 \u00e9s bels\u0151 ablakok &#8211; els\u0151 ablak l\u00e1sd speci\u00e1lis term\u00e9k)<\/li>\n<\/ul>\n<\/div>\n\n\n\n<div class=\"wp-block-column is-layout-flow wp-block-column-is-layout-flow\">\n<p>A fogyaszt\u00e1s a fel\u00fclet szerkezet\u00e9t\u0151l f\u00fcgg: kb. 50-200m\u00b2 \/ liter.<\/p>\n\n\n\n<p><br\/><br\/><br\/>K\u00f6nny\u0171 felhord\u00e1s: 1. Tiszt\u00edtsa meg a fel\u00fcletet nagyon j\u00f3l (min\u00e9l tiszt\u00e1bb, ann\u00e1l tov\u00e1bb tart a t\u00f6m\u00edt\u0151anyag) 2. F\u00fajja be a t\u00f6m\u00edt\u0151anyagot \u00e9s d\u00f6rzs\u00f6lje be 3. Hagyja megszil\u00e1rdulni 12 \u00f3r\u00e1n kereszt\u00fcl &#8211; k\u00e9sz<\/p>\n<\/div>\n<\/div>\n\n<h4 class=\"wp-block-heading\" id=\"advisor\">Tan\u00e1csad\u00f3<\/h4>\n\n<div class=\"wp-block-columns is-layout-flex wp-container-core-columns-is-layout-9d6595d7 wp-block-columns-is-layout-flex\">\n<div class=\"wp-block-column is-layout-flow wp-block-column-is-layout-flow\">\n<figure class=\"wp-block-image size-full\"><img decoding=\"async\" width=\"500\" height=\"500\" src=\"https:\/\/www.versiegelung24.com\/wp-content\/uploads\/2022\/01\/dachfenster_content_500-1.jpg\" alt=\"\" class=\"wp-image-59686\" srcset=\"https:\/\/www.versiegelung24.com\/wp-content\/uploads\/2022\/01\/dachfenster_content_500-1.jpg 500w, https:\/\/www.versiegelung24.com\/wp-content\/uploads\/2022\/01\/dachfenster_content_500-1-300x300.jpg 300w, https:\/\/www.versiegelung24.com\/wp-content\/uploads\/2022\/01\/dachfenster_content_500-1-80x80.jpg 80w, https:\/\/www.versiegelung24.com\/wp-content\/uploads\/2022\/01\/dachfenster_content_500-1-400x400.jpg 400w, https:\/\/www.versiegelung24.com\/wp-content\/uploads\/2022\/01\/dachfenster_content_500-1-100x100.jpg 100w\" sizes=\"(max-width: 500px) 100vw, 500px\" \/><\/figure>\n<\/div>\n\n\n\n<div class=\"wp-block-column is-layout-flow wp-block-column-is-layout-flow\">\n<h3 class=\"wp-block-heading\" id=\"h-welche-vorteile-bringt-ihnen-die-fensterversiegelung\">Milyen el\u0151nyei vannak az ablakok t\u00f6m\u00edt\u00e9s\u00e9nek?<\/h3>\n\n\n\n<p>Elmondjuk, hogyan tudod ir\u00e1ny\u00edtani az ablakokat a k\u00f6vetkez\u0151 2-3 \u00e9vben, \u00e9s minim\u00e1lisra cs\u00f6kkenteni a takar\u00edt\u00e1ssal j\u00e1r\u00f3 er\u0151fesz\u00edt\u00e9seket:<\/p>\n\n\n\n<p>A fenti term\u00e9k\u00fcnk egy \u00fagynevezett nano-t\u00f6m\u00edt\u00e9s. <br\/>A benne l\u00e9v\u0151 szil\u00edcium-dioxid r\u00e9szecsk\u00e9k (foly\u00e9kony \u00fcveg) a felhord\u00e1skor \u00f6sszekapcsol\u00f3dnak \u00e9s egy kb. 100-150 nanom\u00e9teres v\u00e9kony r\u00e9teget k\u00e9peznek az \u00fcvegen, amely teljesen \u00e1tl\u00e1tsz\u00f3 \u00e9s nem okoz hom\u00e1lyosod\u00e1st. Ez a l\u00e1thatatlan film a fel\u00fcleten v\u00e9di az ablakokat a j\u00f3l ismert l\u00f3tuszhat\u00e1ssal. A v\u00edz teljesen kifolyik, a bosszant\u00f3 v\u00edzfoltok &#8211; k\u00fcl\u00f6n\u00f6sen es\u0151zuhany ut\u00e1n &#8211; a m\u00falt\u00e9. A szennyez\u0151d\u00e9s, por, mad\u00e1r\u00fcr\u00fcl\u00e9k stb. m\u00e1r nem tapad le, \u00e9s k\u00f6nnyen elt\u00e1vol\u00edthat\u00f3.<\/p>\n\n\n\n<p>Ennek eredm\u00e9nyek\u00e9nt sokkal ritk\u00e1bban kell tiszt\u00edtania az ablakokat a h\u00e1zban, mint a lez\u00e1r\u00e1s el\u0151tt. Ez k\u00fcl\u00f6n\u00f6sen a tet\u0151ablakok eset\u00e9ben figyelhet\u0151 meg, mivel ferde helyzet\u00fck miatt m\u00e9g \u00e9rz\u00e9kenyebbek a szennyez\u0151d\u00e9sekre, mint a f\u00fcgg\u0151legesen be\u00e9p\u00edtett ablakok.<\/p>\n<\/div>\n<\/div>\n\n<h3 class=\"wp-block-heading\" id=\"h-wie-gross-ist-der-arbeitsaufwand-fur-das-versiegeln-der-fensterscheiben\">Mennyi munka sz\u00fcks\u00e9ges az ablakok lez\u00e1r\u00e1s\u00e1hoz?<\/h3>\n\n<p>A t\u00f6m\u00edt\u0151anyag felhord\u00e1s\u00e1hoz sz\u00fcks\u00e9ges id\u0151 nagyon r\u00f6vid, \u00e9s val\u00f3sz\u00edn\u0171leg m\u00e9g gyorsabb is, mint maga az ablakok tiszt\u00edt\u00e1sa.<\/p>\n\n<p>El\u0151sz\u00f6r is, az ablak\u00fcveget intenz\u00edven el\u0151 kell tiszt\u00edtani. Vel\u00fcnk<a href=\"https:\/\/www.versiegelung24.com\/biosativa-biologischer-vorreiniger\/\"> BIOSATIVA el\u0151tiszt\u00edt\u00f3<\/a> \u00e9s a<a href=\"https:\/\/www.versiegelung24.com\/bioethanol\/\"> Bioetanol 96,6%<\/a> ez probl\u00e9mamentes folyamat. \u00dczlet\u00fcnkben tal\u00e1lhat\u00f3 term\u00e9kek hat\u00e9konyan \u00e9s gyorsan elt\u00e1vol\u00edtj\u00e1k az \u00fcveg maradv\u00e1nyait. <br\/>Ez d\u00f6nt\u0151 fontoss\u00e1g\u00fa a t\u00f6m\u00edt\u0151anyag k\u00e9s\u0151bbi min\u0151s\u00e9ge \u00e9s tart\u00f3ss\u00e1ga szempontj\u00e1b\u00f3l. Az el\u0151k\u00e9sz\u00edt\u0151 munka befejez\u00e9se ut\u00e1n kezd\u0151dik a t\u00e9nyleges t\u00f6m\u00edt\u00e9s. A foly\u00e9kony \u00fcveget ruh\u00e1ra permetezik, majd felviszik az \u00fcveglapra. Kb. 5 perc m\u00falva. pol\u00edrozza puha mikrosz\u00e1las kend\u0151vel.<\/p>\n\n<p>12 \u00f3r\u00e1s kikem\u00e9nyed\u00e9si id\u0151 ut\u00e1n a fel\u00fclet teljesen lez\u00e1r\u00f3dik. Az es\u0151mentes nap ez\u00e9rt ide\u00e1lis a k\u00fclvil\u00e1g sz\u00e1m\u00e1ra, \u00edgy a bevonat zavartalanul kisz\u00e1radhat, \u00e9s a foly\u00e9kony \u00fcveg nanor\u00e9szecsk\u00e9i teljesen \u00f6sszeolvadhatnak.<\/p>\n\n<h3 class=\"wp-block-heading\" id=\"h-ist-eine-versiegelung-der-fenster-aussen-und-innen-sinnvoll\">Van \u00e9rtelme az ablakok k\u00fcls\u0151 \u00e9s bels\u0151 t\u00f6m\u00edt\u00e9s\u00e9nek?<\/h3>\n\n<p>Mindenesetre javasoljuk az ablak mindk\u00e9t oldal\u00e1nak lez\u00e1r\u00e1s\u00e1t. Term\u00e9szetesen a bels\u0151 szennyez\u0151d\u00e9s jelent\u0151sen kisebb, mint a k\u00fcls\u0151. De itt is a por \u00e9s a zs\u00edr f\u00f3li\u00e1t k\u00e9pez az \u00fcvegen, amelyet id\u0151nk\u00e9nt el kell t\u00e1vol\u00edtani. Akinek p\u00e9ld\u00e1ul vannak gyerekei, ismeri az aranyos kis orr- \u00e9s k\u00e9zlenyomatokat is a sz\u00e9lv\u00e9d\u0151n, amelyek akkor k\u00e9sz\u00fclnek, amikor a fiatalok felfedeztek valami izgalmasat kint. Ablakt\u00f6m\u00edt\u00e9s\u00fcnkkel ezek a maradv\u00e1nyok gyorsan \u00e9s egyszer\u0171en elt\u00e1vol\u00edthat\u00f3k. Id\u0151t \u00e9s idegeket takar\u00edt meg fontosabb dolgokra.<\/p>\n\n<div class=\"wp-block-columns is-layout-flex wp-container-core-columns-is-layout-9d6595d7 wp-block-columns-is-layout-flex\">\n<div class=\"wp-block-column is-layout-flow wp-block-column-is-layout-flow\">\n<h3 class=\"wp-block-heading\" id=\"h-schutzen-sie-ihre-fenster-vor-kratzern\">V\u00e9dje az ablakokat a karcol\u00e1sokt\u00f3l<\/h3>\n\n\n\n<p>Az \u00e9vek sor\u00e1n az ablakok tiszt\u00edt\u00e1sa sor\u00e1n led\u00f6rzs\u00f6lt szennyez\u0151d\u00e9sek a legfinomabb karcol\u00e1sokat okozhatj\u00e1k az \u00fcvegen. Az \u00fcvegt\u00f6m\u00edt\u00e9snek itt is rendk\u00edv\u00fcl pozit\u00edv hat\u00e1sa van. V\u00e9d\u0151r\u00e9teget k\u00e9pez a fel\u00fcleten, amely egyr\u00e9szt szil\u00e1rds\u00e1ga miatt elker\u00fcli a karcol\u00e1sokat, m\u00e1sr\u00e9szt eleve megakad\u00e1lyozza a por tapad\u00e1s\u00e1t.<\/p>\n\n\n\n<h3 class=\"wp-block-heading\" id=\"h-nutzen-sie-die-zeit-fur-die-wirklich-wichtigen-dinge-im-leben\">Haszn\u00e1lja az id\u0151t az \u00e9let igaz\u00e1n fontos dolgaira<\/h3>\n\n\n\n<p>\u00c9lvezze a tavaszt ahelyett, hogy id\u0151t t\u00f6ltene egy ablakmos\u00f3 maratonnal. Professzion\u00e1lis \u00fcvegt\u00f6m\u00edt\u00e9s\u00fcnknek k\u00f6sz\u00f6nhet\u0151en sok munk\u00e1t\u00f3l megk\u00edm\u00e9li mag\u00e1t ak\u00e1r 3 \u00e9vig. \u00c9rdemes lenned!<\/p>\n<\/div>\n\n\n\n<div class=\"wp-block-column is-layout-flow wp-block-column-is-layout-flow\"><div class=\"wp-block-image\">\n<figure class=\"alignright size-full\"><img loading=\"lazy\" decoding=\"async\" width=\"500\" height=\"500\" src=\"https:\/\/www.versiegelung24.com\/wp-content\/uploads\/2022\/01\/fenster_content_500.jpg\" alt=\"\" class=\"wp-image-59505\" srcset=\"https:\/\/www.versiegelung24.com\/wp-content\/uploads\/2022\/01\/fenster_content_500.jpg 500w, https:\/\/www.versiegelung24.com\/wp-content\/uploads\/2022\/01\/fenster_content_500-300x300.jpg 300w, https:\/\/www.versiegelung24.com\/wp-content\/uploads\/2022\/01\/fenster_content_500-80x80.jpg 80w, https:\/\/www.versiegelung24.com\/wp-content\/uploads\/2022\/01\/fenster_content_500-400x400.jpg 400w, https:\/\/www.versiegelung24.com\/wp-content\/uploads\/2022\/01\/fenster_content_500-100x100.jpg 100w\" sizes=\"(max-width: 500px) 100vw, 500px\" \/><\/figure>\n<\/div><\/div>\n<\/div>\n","protected":false},"excerpt":{"rendered":"<p><strong>**\u00daJ** Rendk\u00edv\u00fcl hat\u00e9kony \u00fcvegt\u00f6m\u00edt\u0151 anyag:<\/strong><\/p>\n<p>\u2713 Ablakt\u00e1bl\u00e1k<\/p>\n<p>\u2713 \u00dcveghomlokzatok<\/p>\n<p>\u2713 bej\u00e1rati ajt\u00f3k stb.<\/p>\n<p>\u2713 L\u00f3tusz hat\u00e1s\u00fa (v\u00edztasz\u00edt\u00f3)<\/p>\n<p>\u2713 K\u00fcls\u0151 \u00e9s bels\u0151 haszn\u00e1latra<\/p>\n<p>&nbsp;<\/p>\n","protected":false},"featured_media":17719,"template":"","meta":{"_acf_changed":false,"neve_meta_sidebar":"","neve_meta_container":"","neve_meta_enable_content_width":"","neve_meta_content_width":0,"neve_meta_title_alignment":"","neve_meta_author_avatar":"","neve_post_elements_order":"","neve_meta_disable_header":"","neve_meta_disable_footer":"","neve_meta_disable_title":"","neve_meta_reading_time":"","_surfaces":[],"_ver_product_tabs":[],"footnotes":""},"product_brand":[],"product_cat":[2322],"product_tag":[],"class_list":{"0":"post-25507","1":"product","2":"type-product","3":"status-publish","4":"has-post-thumbnail","6":"product_cat-toemites-ueveghez-es-keramiahoz","7":"pa_gebinde-1000-ml-es-palack","8":"pa_gebinde-20-literes-tartaly","10":"first","11":"instock","12":"taxable","13":"shipping-taxable","14":"purchasable","15":"product-type-variable","16":"has-default-attributes"},"acf":[],"yoast_head":"<!-- This site is optimized with the Yoast SEO Premium plugin v22.8 (Yoast SEO v27.5) - https:\/\/yoast.com\/product\/yoast-seo-premium-wordpress\/ -->\n<title>\u00dcvegt\u00f6m\u00edt\u00e9s professzion\u00e1lis min\u0151s\u00e9gben - K\u00f6nny\u0171 \u00e1pol\u00e1s - versiegelung24.com<\/title>\n<meta name=\"robots\" content=\"index, follow, max-snippet:-1, max-image-preview:large, max-video-preview:-1\" \/>\n<link rel=\"canonical\" href=\"https:\/\/www.versiegelung24.com\/hu\/ueveg-toemites-professzionalis-minosegben.html\" \/>\n<meta property=\"og:locale\" content=\"hu_HU\" \/>\n<meta property=\"og:type\" content=\"article\" \/>\n<meta property=\"og:title\" content=\"\u00dcvegt\u00f6m\u00edt\u00e9s professzion\u00e1lis min\u0151s\u00e9gben - K\u00f6nny\u0171 \u00e1pol\u00e1s\" \/>\n<meta property=\"og:description\" content=\"**\u00daJ** Rendk\u00edv\u00fcl hat\u00e9kony \u00fcvegt\u00f6m\u00edt\u0151 anyag: \u2713 Ablakt\u00e1bl\u00e1k \u2713 \u00dcveghomlokzatok \u2713 bej\u00e1rati ajt\u00f3k stb. \u2713 L\u00f3tusz hat\u00e1s\u00fa (v\u00edztasz\u00edt\u00f3) \u2713 K\u00fcls\u0151 \u00e9s bels\u0151 haszn\u00e1latra &nbsp;\" \/>\n<meta property=\"og:url\" content=\"https:\/\/www.versiegelung24.com\/hu\/ueveg-toemites-professzionalis-minosegben.html\" \/>\n<meta property=\"og:site_name\" content=\"versiegelung24.com\" \/>\n<meta property=\"article:modified_time\" content=\"2025-01-03T22:36:23+00:00\" \/>\n<meta property=\"og:image\" content=\"https:\/\/www.versiegelung24.com\/wp-content\/uploads\/2020\/06\/produkt-1000-601-1000-Glasversiegelung-scaled.jpg\" \/>\n\t<meta property=\"og:image:width\" content=\"2560\" \/>\n\t<meta property=\"og:image:height\" content=\"2560\" \/>\n\t<meta property=\"og:image:type\" content=\"image\/jpeg\" \/>\n<meta name=\"twitter:card\" content=\"summary_large_image\" \/>\n<meta name=\"twitter:label1\" content=\"El\u00e9rhet\u0151s\u00e9g\" \/>\n\t<meta name=\"twitter:data1\" content=\"K\u00e9szleten\" \/>\n<script type=\"application\/ld+json\" class=\"yoast-schema-graph\">{\"@context\":\"https:\\\/\\\/schema.org\",\"@graph\":[{\"@type\":\"WebPage\",\"@id\":\"https:\\\/\\\/www.versiegelung24.com\\\/hu\\\/ueveg-toemites-professzionalis-minosegben.html\",\"url\":\"https:\\\/\\\/www.versiegelung24.com\\\/hu\\\/ueveg-toemites-professzionalis-minosegben.html\",\"name\":\"\u00dcvegt\u00f6m\u00edt\u00e9s professzion\u00e1lis min\u0151s\u00e9gben - K\u00f6nny\u0171 \u00e1pol\u00e1s - versiegelung24.com\",\"isPartOf\":{\"@id\":\"https:\\\/\\\/www.versiegelung24.com\\\/hu\\\/#website\"},\"primaryImageOfPage\":{\"@id\":\"https:\\\/\\\/www.versiegelung24.com\\\/hu\\\/ueveg-toemites-professzionalis-minosegben.html#primaryimage\"},\"image\":{\"@id\":\"https:\\\/\\\/www.versiegelung24.com\\\/hu\\\/ueveg-toemites-professzionalis-minosegben.html#primaryimage\"},\"thumbnailUrl\":\"https:\\\/\\\/www.versiegelung24.com\\\/wp-content\\\/uploads\\\/2020\\\/06\\\/produkt-1000-601-1000-Glasversiegelung-scaled.jpg\",\"datePublished\":\"2021-08-03T08:08:21+00:00\",\"dateModified\":\"2025-01-03T22:36:23+00:00\",\"breadcrumb\":{\"@id\":\"https:\\\/\\\/www.versiegelung24.com\\\/hu\\\/ueveg-toemites-professzionalis-minosegben.html#breadcrumb\"},\"inLanguage\":\"hu\",\"potentialAction\":[{\"@type\":\"ReadAction\",\"target\":[\"https:\\\/\\\/www.versiegelung24.com\\\/hu\\\/ueveg-toemites-professzionalis-minosegben.html\"]}]},{\"@type\":\"ImageObject\",\"inLanguage\":\"hu\",\"@id\":\"https:\\\/\\\/www.versiegelung24.com\\\/hu\\\/ueveg-toemites-professzionalis-minosegben.html#primaryimage\",\"url\":\"https:\\\/\\\/www.versiegelung24.com\\\/wp-content\\\/uploads\\\/2020\\\/06\\\/produkt-1000-601-1000-Glasversiegelung-scaled.jpg\",\"contentUrl\":\"https:\\\/\\\/www.versiegelung24.com\\\/wp-content\\\/uploads\\\/2020\\\/06\\\/produkt-1000-601-1000-Glasversiegelung-scaled.jpg\",\"width\":2560,\"height\":2560},{\"@type\":\"BreadcrumbList\",\"@id\":\"https:\\\/\\\/www.versiegelung24.com\\\/hu\\\/ueveg-toemites-professzionalis-minosegben.html#breadcrumb\",\"itemListElement\":[{\"@type\":\"ListItem\",\"position\":1,\"name\":\"Honlap\",\"item\":\"https:\\\/\\\/www.versiegelung24.com\\\/hu\\\/elol\\\/\"},{\"@type\":\"ListItem\",\"position\":2,\"name\":\"\u00dczlet\",\"item\":\"https:\\\/\\\/www.versiegelung24.com\\\/hu\\\/uzlet\\\/\"},{\"@type\":\"ListItem\",\"position\":3,\"name\":\"\u00dcvegt\u00f6m\u00edt\u00e9s professzion\u00e1lis min\u0151s\u00e9gben &#8211; K\u00f6nny\u0171 \u00e1pol\u00e1s\"}]},{\"@type\":\"WebSite\",\"@id\":\"https:\\\/\\\/www.versiegelung24.com\\\/hu\\\/#website\",\"url\":\"https:\\\/\\\/www.versiegelung24.com\\\/hu\\\/\",\"name\":\"versiegelung24.com\",\"description\":\"Fl\u00fcssigglas-Versiegelung - Made in Germany\",\"publisher\":{\"@id\":\"https:\\\/\\\/www.versiegelung24.com\\\/hu\\\/#organization\"},\"potentialAction\":[{\"@type\":\"SearchAction\",\"target\":{\"@type\":\"EntryPoint\",\"urlTemplate\":\"https:\\\/\\\/www.versiegelung24.com\\\/hu\\\/?s={search_term_string}\"},\"query-input\":{\"@type\":\"PropertyValueSpecification\",\"valueRequired\":true,\"valueName\":\"search_term_string\"}}],\"inLanguage\":\"hu\"},{\"@type\":\"Organization\",\"@id\":\"https:\\\/\\\/www.versiegelung24.com\\\/hu\\\/#organization\",\"name\":\"versiegelung24\",\"url\":\"https:\\\/\\\/www.versiegelung24.com\\\/hu\\\/\",\"logo\":{\"@type\":\"ImageObject\",\"inLanguage\":\"hu\",\"@id\":\"https:\\\/\\\/www.versiegelung24.com\\\/hu\\\/#\\\/schema\\\/logo\\\/image\\\/\",\"url\":\"https:\\\/\\\/www.versiegelung24.com\\\/wp-content\\\/uploads\\\/2020\\\/04\\\/versiegelung24.png\",\"contentUrl\":\"https:\\\/\\\/www.versiegelung24.com\\\/wp-content\\\/uploads\\\/2020\\\/04\\\/versiegelung24.png\",\"width\":470,\"height\":102,\"caption\":\"versiegelung24\"},\"image\":{\"@id\":\"https:\\\/\\\/www.versiegelung24.com\\\/hu\\\/#\\\/schema\\\/logo\\\/image\\\/\"}}]}<\/script>\n<meta property=\"og:availability\" content=\"instock\" \/>\n<meta property=\"product:availability\" content=\"instock\" \/>\n<meta property=\"product:retailer_item_id\" content=\"1000-6601\" \/>\n<meta property=\"product:condition\" content=\"new\" \/>\n<!-- \/ Yoast SEO Premium plugin. -->","yoast_head_json":{"title":"\u00dcvegt\u00f6m\u00edt\u00e9s professzion\u00e1lis min\u0151s\u00e9gben - K\u00f6nny\u0171 \u00e1pol\u00e1s - versiegelung24.com","robots":{"index":"index","follow":"follow","max-snippet":"max-snippet:-1","max-image-preview":"max-image-preview:large","max-video-preview":"max-video-preview:-1"},"canonical":"https:\/\/www.versiegelung24.com\/hu\/ueveg-toemites-professzionalis-minosegben.html","og_locale":"hu_HU","og_type":"article","og_title":"\u00dcvegt\u00f6m\u00edt\u00e9s professzion\u00e1lis min\u0151s\u00e9gben - K\u00f6nny\u0171 \u00e1pol\u00e1s","og_description":"**\u00daJ** Rendk\u00edv\u00fcl hat\u00e9kony \u00fcvegt\u00f6m\u00edt\u0151 anyag: \u2713 Ablakt\u00e1bl\u00e1k \u2713 \u00dcveghomlokzatok \u2713 bej\u00e1rati ajt\u00f3k stb. \u2713 L\u00f3tusz hat\u00e1s\u00fa (v\u00edztasz\u00edt\u00f3) \u2713 K\u00fcls\u0151 \u00e9s bels\u0151 haszn\u00e1latra &nbsp;","og_url":"https:\/\/www.versiegelung24.com\/hu\/ueveg-toemites-professzionalis-minosegben.html","og_site_name":"versiegelung24.com","article_modified_time":"2025-01-03T22:36:23+00:00","og_image":[{"width":2560,"height":2560,"url":"https:\/\/www.versiegelung24.com\/wp-content\/uploads\/2020\/06\/produkt-1000-601-1000-Glasversiegelung-scaled.jpg","type":"image\/jpeg"}],"twitter_card":"summary_large_image","twitter_misc":{"El\u00e9rhet\u0151s\u00e9g":"K\u00e9szleten"},"schema":{"@context":"https:\/\/schema.org","@graph":[{"@type":"WebPage","@id":"https:\/\/www.versiegelung24.com\/hu\/ueveg-toemites-professzionalis-minosegben.html","url":"https:\/\/www.versiegelung24.com\/hu\/ueveg-toemites-professzionalis-minosegben.html","name":"\u00dcvegt\u00f6m\u00edt\u00e9s professzion\u00e1lis min\u0151s\u00e9gben - K\u00f6nny\u0171 \u00e1pol\u00e1s - versiegelung24.com","isPartOf":{"@id":"https:\/\/www.versiegelung24.com\/hu\/#website"},"primaryImageOfPage":{"@id":"https:\/\/www.versiegelung24.com\/hu\/ueveg-toemites-professzionalis-minosegben.html#primaryimage"},"image":{"@id":"https:\/\/www.versiegelung24.com\/hu\/ueveg-toemites-professzionalis-minosegben.html#primaryimage"},"thumbnailUrl":"https:\/\/www.versiegelung24.com\/wp-content\/uploads\/2020\/06\/produkt-1000-601-1000-Glasversiegelung-scaled.jpg","datePublished":"2021-08-03T08:08:21+00:00","dateModified":"2025-01-03T22:36:23+00:00","breadcrumb":{"@id":"https:\/\/www.versiegelung24.com\/hu\/ueveg-toemites-professzionalis-minosegben.html#breadcrumb"},"inLanguage":"hu","potentialAction":[{"@type":"ReadAction","target":["https:\/\/www.versiegelung24.com\/hu\/ueveg-toemites-professzionalis-minosegben.html"]}]},{"@type":"ImageObject","inLanguage":"hu","@id":"https:\/\/www.versiegelung24.com\/hu\/ueveg-toemites-professzionalis-minosegben.html#primaryimage","url":"https:\/\/www.versiegelung24.com\/wp-content\/uploads\/2020\/06\/produkt-1000-601-1000-Glasversiegelung-scaled.jpg","contentUrl":"https:\/\/www.versiegelung24.com\/wp-content\/uploads\/2020\/06\/produkt-1000-601-1000-Glasversiegelung-scaled.jpg","width":2560,"height":2560},{"@type":"BreadcrumbList","@id":"https:\/\/www.versiegelung24.com\/hu\/ueveg-toemites-professzionalis-minosegben.html#breadcrumb","itemListElement":[{"@type":"ListItem","position":1,"name":"Honlap","item":"https:\/\/www.versiegelung24.com\/hu\/elol\/"},{"@type":"ListItem","position":2,"name":"\u00dczlet","item":"https:\/\/www.versiegelung24.com\/hu\/uzlet\/"},{"@type":"ListItem","position":3,"name":"\u00dcvegt\u00f6m\u00edt\u00e9s professzion\u00e1lis min\u0151s\u00e9gben &#8211; K\u00f6nny\u0171 \u00e1pol\u00e1s"}]},{"@type":"WebSite","@id":"https:\/\/www.versiegelung24.com\/hu\/#website","url":"https:\/\/www.versiegelung24.com\/hu\/","name":"versiegelung24.com","description":"Fl\u00fcssigglas-Versiegelung - Made in Germany","publisher":{"@id":"https:\/\/www.versiegelung24.com\/hu\/#organization"},"potentialAction":[{"@type":"SearchAction","target":{"@type":"EntryPoint","urlTemplate":"https:\/\/www.versiegelung24.com\/hu\/?s={search_term_string}"},"query-input":{"@type":"PropertyValueSpecification","valueRequired":true,"valueName":"search_term_string"}}],"inLanguage":"hu"},{"@type":"Organization","@id":"https:\/\/www.versiegelung24.com\/hu\/#organization","name":"versiegelung24","url":"https:\/\/www.versiegelung24.com\/hu\/","logo":{"@type":"ImageObject","inLanguage":"hu","@id":"https:\/\/www.versiegelung24.com\/hu\/#\/schema\/logo\/image\/","url":"https:\/\/www.versiegelung24.com\/wp-content\/uploads\/2020\/04\/versiegelung24.png","contentUrl":"https:\/\/www.versiegelung24.com\/wp-content\/uploads\/2020\/04\/versiegelung24.png","width":470,"height":102,"caption":"versiegelung24"},"image":{"@id":"https:\/\/www.versiegelung24.com\/hu\/#\/schema\/logo\/image\/"}}]},"og_availability":"instock","product_availability":"instock","product_retailer_item_id":"1000-6601","product_condition":"new"},"_links":{"self":[{"href":"https:\/\/www.versiegelung24.com\/hu\/wp-json\/wp\/v2\/product\/25507","targetHints":{"allow":["GET"]}}],"collection":[{"href":"https:\/\/www.versiegelung24.com\/hu\/wp-json\/wp\/v2\/product"}],"about":[{"href":"https:\/\/www.versiegelung24.com\/hu\/wp-json\/wp\/v2\/types\/product"}],"version-history":[{"count":34,"href":"https:\/\/www.versiegelung24.com\/hu\/wp-json\/wp\/v2\/product\/25507\/revisions"}],"predecessor-version":[{"id":177489,"href":"https:\/\/www.versiegelung24.com\/hu\/wp-json\/wp\/v2\/product\/25507\/revisions\/177489"}],"wp:featuredmedia":[{"embeddable":true,"href":"https:\/\/www.versiegelung24.com\/hu\/wp-json\/wp\/v2\/media\/17719"}],"wp:attachment":[{"href":"https:\/\/www.versiegelung24.com\/hu\/wp-json\/wp\/v2\/media?parent=25507"}],"wp:term":[{"taxonomy":"product_brand","embeddable":true,"href":"https:\/\/www.versiegelung24.com\/hu\/wp-json\/wp\/v2\/product_brand?post=25507"},{"taxonomy":"product_cat","embeddable":true,"href":"https:\/\/www.versiegelung24.com\/hu\/wp-json\/wp\/v2\/product_cat?post=25507"},{"taxonomy":"product_tag","embeddable":true,"href":"https:\/\/www.versiegelung24.com\/hu\/wp-json\/wp\/v2\/product_tag?post=25507"}],"curies":[{"name":"wp","href":"https:\/\/api.w.org\/{rel}","templated":true}]}}