{"id":82466,"date":"2022-02-23T13:57:07","date_gmt":"2022-02-23T12:57:09","guid":{"rendered":"https:\/\/www.versiegelung24.com\/?post_type=product&#038;p=82466"},"modified":"2025-01-13T17:10:20","modified_gmt":"2025-01-13T16:10:20","slug":"vedoszemuveg-beepitett-oldalvedovel-es-allithato-kerettel","status":"publish","type":"product","link":"https:\/\/www.versiegelung24.com\/hu\/product\/vedoszemuveg-beepitett-oldalvedovel-es-allithato-kerettel\/","title":{"rendered":"V\u00e9d\u0151szem\u00fcveg be\u00e9p\u00edtett oldalv\u00e9delemmel \u00e9s \u00e1ll\u00edthat\u00f3 sz\u00e1rral"},"content":{"rendered":"\n<h4 class=\"wp-block-heading\" id=\"h-beschreibung\">A le\u00edr\u00e1s a<\/h4>\n\n<p>Univerz\u00e1lisan alkalmazhat\u00f3 puha, k\u00e9tkomponens\u0171 poharak, \u00e1ll\u00edthat\u00f3 hossz\u00fas\u00e1g\u00fa sz\u00e1rral. A szem\u00fcveg megfelel az EN166 szabv\u00e1ny k\u00f6vetelm\u00e9nyeinek. A hevederek r\u00f6gz\u00edt\u00e9se a mell\u00e9kelt perfor\u00e1ci\u00f3nak k\u00f6sz\u00f6nhet\u0151en lehets\u00e9ges.<\/p>\n\n<p>Ak\u00e1r 45 m\/s (F) \u00fctk\u00f6z\u00e9si energi\u00e1val v\u00e9di a szem\u00e9t a kis szil\u00e1nkokt\u00f3l, \u00e9s optim\u00e1lis el\u00fcls\u0151 \u00e9s oldals\u00f3 v\u00e9delemmel rendelkezik.<\/p>\n\n<hr \/>\n\n<h4 class=\"wp-block-heading\" id=\"properties\">A term\u00e9k jellemz\u0151i<\/h4>\n\n<div class=\"wp-block-columns is-layout-flex wp-container-core-columns-is-layout-9d6595d7 wp-block-columns-is-layout-flex\">\n<div class=\"wp-block-column is-layout-flow wp-block-column-is-layout-flow\">\n<p>\u2713 Optim\u00e1lis v\u00e9delem \u00fct\u00e9sek \u00e9s szil\u00e1nkok ellen<\/p>\n\n\n\n<p>\u2713 \u00c1ll\u00edthat\u00f3 hevederm\u00e9retek<\/p>\n\n\n\n<p>\u2713 El\u00fcls\u0151 \u00e9s oldals\u00f3 v\u00e9delem<\/p>\n\n\n\n<p>\u2713 Hely az optikai lencs\u00e9s szem\u00fcvegek sz\u00e1m\u00e1ra<\/p>\n\n\n\n<p>\u2713 Szabv\u00e1ny: EN166<\/p>\n\n\n\n<p>\u2713 Sz\u00edn: fekete<\/p>\n<\/div>\n<\/div>\n","protected":false},"excerpt":{"rendered":"<p>\u2713 Optim\u00e1lis v\u00e9delem \u00fct\u00e9sek \u00e9s szil\u00e1nkok ellen<\/p>\n<p>\u2713 \u00c1ll\u00edthat\u00f3 hevederm\u00e9retek<\/p>\n<p>\u2713 El\u00fcls\u0151 \u00e9s oldals\u00f3 v\u00e9delem<\/p>\n<p>\u2713 Szabv\u00e1ny: EN166<\/p>\n","protected":false},"featured_media":82526,"template":"","meta":{"_acf_changed":false,"neve_meta_sidebar":"","neve_meta_container":"","neve_meta_enable_content_width":"","neve_meta_content_width":0,"neve_meta_title_alignment":"","neve_meta_author_avatar":"","neve_post_elements_order":"","neve_meta_disable_header":"","neve_meta_disable_footer":"","neve_meta_disable_title":"","neve_meta_reading_time":"","_surfaces":[],"_ver_product_tabs":[],"footnotes":""},"product_brand":[],"product_cat":[3075],"product_tag":[],"class_list":{"0":"post-82466","1":"product","2":"type-product","3":"status-publish","4":"has-post-thumbnail","6":"product_cat-felszereles","8":"first","9":"instock","10":"taxable","11":"shipping-taxable","12":"purchasable","13":"product-type-simple"},"acf":[],"yoast_head":"<!-- This site is optimized with the Yoast SEO Premium plugin v22.8 (Yoast SEO v27.5) - https:\/\/yoast.com\/product\/yoast-seo-premium-wordpress\/ -->\n<title>V\u00e9d\u0151szem\u00fcveg be\u00e9p\u00edtett oldalv\u00e9delemmel \u00e9s \u00e1ll\u00edthat\u00f3 sz\u00e1rral - versiegelung24.com<\/title>\n<meta name=\"robots\" content=\"index, follow, max-snippet:-1, max-image-preview:large, max-video-preview:-1\" \/>\n<link rel=\"canonical\" href=\"https:\/\/www.versiegelung24.com\/hu\/product\/vedoszemuveg-beepitett-oldalvedovel-es-allithato-kerettel\/\" \/>\n<meta property=\"og:locale\" content=\"hu_HU\" \/>\n<meta property=\"og:type\" content=\"article\" \/>\n<meta property=\"og:title\" content=\"V\u00e9d\u0151szem\u00fcveg be\u00e9p\u00edtett oldalv\u00e9delemmel \u00e9s \u00e1ll\u00edthat\u00f3 sz\u00e1rral\" \/>\n<meta property=\"og:description\" content=\"\u2713 Optim\u00e1lis v\u00e9delem \u00fct\u00e9sek \u00e9s szil\u00e1nkok ellen \u2713 \u00c1ll\u00edthat\u00f3 hevederm\u00e9retek \u2713 El\u00fcls\u0151 \u00e9s oldals\u00f3 v\u00e9delem \u2713 Szabv\u00e1ny: EN166\" \/>\n<meta property=\"og:url\" content=\"https:\/\/www.versiegelung24.com\/hu\/product\/vedoszemuveg-beepitett-oldalvedovel-es-allithato-kerettel\/\" \/>\n<meta property=\"og:site_name\" content=\"versiegelung24.com\" \/>\n<meta property=\"article:modified_time\" content=\"2025-01-13T16:10:20+00:00\" \/>\n<meta name=\"twitter:card\" content=\"summary_large_image\" \/>\n<meta name=\"twitter:label1\" content=\"\u00c1r\" \/>\n\t<meta name=\"twitter:data1\" content=\"4,99&euro;\" \/>\n\t<meta name=\"twitter:label2\" content=\"El\u00e9rhet\u0151s\u00e9g\" \/>\n\t<meta name=\"twitter:data2\" content=\"K\u00e9szleten\" \/>\n<script type=\"application\/ld+json\" class=\"yoast-schema-graph\">{\"@context\":\"https:\\\/\\\/schema.org\",\"@graph\":[{\"@type\":\"WebPage\",\"@id\":\"https:\\\/\\\/www.versiegelung24.com\\\/hu\\\/product\\\/vedoszemuveg-beepitett-oldalvedovel-es-allithato-kerettel\\\/\",\"url\":\"https:\\\/\\\/www.versiegelung24.com\\\/hu\\\/product\\\/vedoszemuveg-beepitett-oldalvedovel-es-allithato-kerettel\\\/\",\"name\":\"V\u00e9d\u0151szem\u00fcveg be\u00e9p\u00edtett oldalv\u00e9delemmel \u00e9s \u00e1ll\u00edthat\u00f3 sz\u00e1rral - versiegelung24.com\",\"isPartOf\":{\"@id\":\"https:\\\/\\\/www.versiegelung24.com\\\/hu\\\/#website\"},\"primaryImageOfPage\":{\"@id\":\"https:\\\/\\\/www.versiegelung24.com\\\/hu\\\/product\\\/vedoszemuveg-beepitett-oldalvedovel-es-allithato-kerettel\\\/#primaryimage\"},\"image\":{\"@id\":\"https:\\\/\\\/www.versiegelung24.com\\\/hu\\\/product\\\/vedoszemuveg-beepitett-oldalvedovel-es-allithato-kerettel\\\/#primaryimage\"},\"thumbnailUrl\":\"https:\\\/\\\/www.versiegelung24.com\\\/wp-content\\\/uploads\\\/2022\\\/02\\\/produkt-v24-sbvari1-schutzbrille.jpg\",\"datePublished\":\"2022-02-23T12:57:09+00:00\",\"dateModified\":\"2025-01-13T16:10:20+00:00\",\"breadcrumb\":{\"@id\":\"https:\\\/\\\/www.versiegelung24.com\\\/hu\\\/product\\\/vedoszemuveg-beepitett-oldalvedovel-es-allithato-kerettel\\\/#breadcrumb\"},\"inLanguage\":\"hu\",\"potentialAction\":[{\"@type\":\"ReadAction\",\"target\":[\"https:\\\/\\\/www.versiegelung24.com\\\/hu\\\/product\\\/vedoszemuveg-beepitett-oldalvedovel-es-allithato-kerettel\\\/\"]}]},{\"@type\":\"ImageObject\",\"inLanguage\":\"hu\",\"@id\":\"https:\\\/\\\/www.versiegelung24.com\\\/hu\\\/product\\\/vedoszemuveg-beepitett-oldalvedovel-es-allithato-kerettel\\\/#primaryimage\",\"url\":\"https:\\\/\\\/www.versiegelung24.com\\\/wp-content\\\/uploads\\\/2022\\\/02\\\/produkt-v24-sbvari1-schutzbrille.jpg\",\"contentUrl\":\"https:\\\/\\\/www.versiegelung24.com\\\/wp-content\\\/uploads\\\/2022\\\/02\\\/produkt-v24-sbvari1-schutzbrille.jpg\",\"width\":2000,\"height\":2000},{\"@type\":\"BreadcrumbList\",\"@id\":\"https:\\\/\\\/www.versiegelung24.com\\\/hu\\\/product\\\/vedoszemuveg-beepitett-oldalvedovel-es-allithato-kerettel\\\/#breadcrumb\",\"itemListElement\":[{\"@type\":\"ListItem\",\"position\":1,\"name\":\"Honlap\",\"item\":\"https:\\\/\\\/www.versiegelung24.com\\\/hu\\\/elol\\\/\"},{\"@type\":\"ListItem\",\"position\":2,\"name\":\"\u00dczlet\",\"item\":\"https:\\\/\\\/www.versiegelung24.com\\\/hu\\\/uzlet\\\/\"},{\"@type\":\"ListItem\",\"position\":3,\"name\":\"V\u00e9d\u0151szem\u00fcveg be\u00e9p\u00edtett oldalv\u00e9delemmel \u00e9s \u00e1ll\u00edthat\u00f3 sz\u00e1rral\"}]},{\"@type\":\"WebSite\",\"@id\":\"https:\\\/\\\/www.versiegelung24.com\\\/hu\\\/#website\",\"url\":\"https:\\\/\\\/www.versiegelung24.com\\\/hu\\\/\",\"name\":\"versiegelung24.com\",\"description\":\"Fl\u00fcssigglas-Versiegelung - Made in Germany\",\"publisher\":{\"@id\":\"https:\\\/\\\/www.versiegelung24.com\\\/hu\\\/#organization\"},\"potentialAction\":[{\"@type\":\"SearchAction\",\"target\":{\"@type\":\"EntryPoint\",\"urlTemplate\":\"https:\\\/\\\/www.versiegelung24.com\\\/hu\\\/?s={search_term_string}\"},\"query-input\":{\"@type\":\"PropertyValueSpecification\",\"valueRequired\":true,\"valueName\":\"search_term_string\"}}],\"inLanguage\":\"hu\"},{\"@type\":\"Organization\",\"@id\":\"https:\\\/\\\/www.versiegelung24.com\\\/hu\\\/#organization\",\"name\":\"versiegelung24\",\"url\":\"https:\\\/\\\/www.versiegelung24.com\\\/hu\\\/\",\"logo\":{\"@type\":\"ImageObject\",\"inLanguage\":\"hu\",\"@id\":\"https:\\\/\\\/www.versiegelung24.com\\\/hu\\\/#\\\/schema\\\/logo\\\/image\\\/\",\"url\":\"https:\\\/\\\/www.versiegelung24.com\\\/wp-content\\\/uploads\\\/2020\\\/04\\\/versiegelung24.png\",\"contentUrl\":\"https:\\\/\\\/www.versiegelung24.com\\\/wp-content\\\/uploads\\\/2020\\\/04\\\/versiegelung24.png\",\"width\":470,\"height\":102,\"caption\":\"versiegelung24\"},\"image\":{\"@id\":\"https:\\\/\\\/www.versiegelung24.com\\\/hu\\\/#\\\/schema\\\/logo\\\/image\\\/\"}}]}<\/script>\n<meta property=\"product:price:amount\" content=\"4.99\" \/>\n<meta property=\"product:price:currency\" content=\"EUR\" \/>\n<meta property=\"og:availability\" content=\"instock\" \/>\n<meta property=\"product:availability\" content=\"instock\" \/>\n<meta property=\"product:retailer_item_id\" content=\"V24-SBVARI1\" \/>\n<meta property=\"product:condition\" content=\"new\" \/>\n<!-- \/ Yoast SEO Premium plugin. -->","yoast_head_json":{"title":"V\u00e9d\u0151szem\u00fcveg be\u00e9p\u00edtett oldalv\u00e9delemmel \u00e9s \u00e1ll\u00edthat\u00f3 sz\u00e1rral - versiegelung24.com","robots":{"index":"index","follow":"follow","max-snippet":"max-snippet:-1","max-image-preview":"max-image-preview:large","max-video-preview":"max-video-preview:-1"},"canonical":"https:\/\/www.versiegelung24.com\/hu\/product\/vedoszemuveg-beepitett-oldalvedovel-es-allithato-kerettel\/","og_locale":"hu_HU","og_type":"article","og_title":"V\u00e9d\u0151szem\u00fcveg be\u00e9p\u00edtett oldalv\u00e9delemmel \u00e9s \u00e1ll\u00edthat\u00f3 sz\u00e1rral","og_description":"\u2713 Optim\u00e1lis v\u00e9delem \u00fct\u00e9sek \u00e9s szil\u00e1nkok ellen \u2713 \u00c1ll\u00edthat\u00f3 hevederm\u00e9retek \u2713 El\u00fcls\u0151 \u00e9s oldals\u00f3 v\u00e9delem \u2713 Szabv\u00e1ny: EN166","og_url":"https:\/\/www.versiegelung24.com\/hu\/product\/vedoszemuveg-beepitett-oldalvedovel-es-allithato-kerettel\/","og_site_name":"versiegelung24.com","article_modified_time":"2025-01-13T16:10:20+00:00","twitter_card":"summary_large_image","twitter_misc":{"\u00c1r":"4,99&euro;","El\u00e9rhet\u0151s\u00e9g":"K\u00e9szleten"},"schema":{"@context":"https:\/\/schema.org","@graph":[{"@type":"WebPage","@id":"https:\/\/www.versiegelung24.com\/hu\/product\/vedoszemuveg-beepitett-oldalvedovel-es-allithato-kerettel\/","url":"https:\/\/www.versiegelung24.com\/hu\/product\/vedoszemuveg-beepitett-oldalvedovel-es-allithato-kerettel\/","name":"V\u00e9d\u0151szem\u00fcveg be\u00e9p\u00edtett oldalv\u00e9delemmel \u00e9s \u00e1ll\u00edthat\u00f3 sz\u00e1rral - versiegelung24.com","isPartOf":{"@id":"https:\/\/www.versiegelung24.com\/hu\/#website"},"primaryImageOfPage":{"@id":"https:\/\/www.versiegelung24.com\/hu\/product\/vedoszemuveg-beepitett-oldalvedovel-es-allithato-kerettel\/#primaryimage"},"image":{"@id":"https:\/\/www.versiegelung24.com\/hu\/product\/vedoszemuveg-beepitett-oldalvedovel-es-allithato-kerettel\/#primaryimage"},"thumbnailUrl":"https:\/\/www.versiegelung24.com\/wp-content\/uploads\/2022\/02\/produkt-v24-sbvari1-schutzbrille.jpg","datePublished":"2022-02-23T12:57:09+00:00","dateModified":"2025-01-13T16:10:20+00:00","breadcrumb":{"@id":"https:\/\/www.versiegelung24.com\/hu\/product\/vedoszemuveg-beepitett-oldalvedovel-es-allithato-kerettel\/#breadcrumb"},"inLanguage":"hu","potentialAction":[{"@type":"ReadAction","target":["https:\/\/www.versiegelung24.com\/hu\/product\/vedoszemuveg-beepitett-oldalvedovel-es-allithato-kerettel\/"]}]},{"@type":"ImageObject","inLanguage":"hu","@id":"https:\/\/www.versiegelung24.com\/hu\/product\/vedoszemuveg-beepitett-oldalvedovel-es-allithato-kerettel\/#primaryimage","url":"https:\/\/www.versiegelung24.com\/wp-content\/uploads\/2022\/02\/produkt-v24-sbvari1-schutzbrille.jpg","contentUrl":"https:\/\/www.versiegelung24.com\/wp-content\/uploads\/2022\/02\/produkt-v24-sbvari1-schutzbrille.jpg","width":2000,"height":2000},{"@type":"BreadcrumbList","@id":"https:\/\/www.versiegelung24.com\/hu\/product\/vedoszemuveg-beepitett-oldalvedovel-es-allithato-kerettel\/#breadcrumb","itemListElement":[{"@type":"ListItem","position":1,"name":"Honlap","item":"https:\/\/www.versiegelung24.com\/hu\/elol\/"},{"@type":"ListItem","position":2,"name":"\u00dczlet","item":"https:\/\/www.versiegelung24.com\/hu\/uzlet\/"},{"@type":"ListItem","position":3,"name":"V\u00e9d\u0151szem\u00fcveg be\u00e9p\u00edtett oldalv\u00e9delemmel \u00e9s \u00e1ll\u00edthat\u00f3 sz\u00e1rral"}]},{"@type":"WebSite","@id":"https:\/\/www.versiegelung24.com\/hu\/#website","url":"https:\/\/www.versiegelung24.com\/hu\/","name":"versiegelung24.com","description":"Fl\u00fcssigglas-Versiegelung - Made in Germany","publisher":{"@id":"https:\/\/www.versiegelung24.com\/hu\/#organization"},"potentialAction":[{"@type":"SearchAction","target":{"@type":"EntryPoint","urlTemplate":"https:\/\/www.versiegelung24.com\/hu\/?s={search_term_string}"},"query-input":{"@type":"PropertyValueSpecification","valueRequired":true,"valueName":"search_term_string"}}],"inLanguage":"hu"},{"@type":"Organization","@id":"https:\/\/www.versiegelung24.com\/hu\/#organization","name":"versiegelung24","url":"https:\/\/www.versiegelung24.com\/hu\/","logo":{"@type":"ImageObject","inLanguage":"hu","@id":"https:\/\/www.versiegelung24.com\/hu\/#\/schema\/logo\/image\/","url":"https:\/\/www.versiegelung24.com\/wp-content\/uploads\/2020\/04\/versiegelung24.png","contentUrl":"https:\/\/www.versiegelung24.com\/wp-content\/uploads\/2020\/04\/versiegelung24.png","width":470,"height":102,"caption":"versiegelung24"},"image":{"@id":"https:\/\/www.versiegelung24.com\/hu\/#\/schema\/logo\/image\/"}}]},"product_price_amount":"4.99","product_price_currency":"EUR","og_availability":"instock","product_availability":"instock","product_retailer_item_id":"V24-SBVARI1","product_condition":"new"},"_links":{"self":[{"href":"https:\/\/www.versiegelung24.com\/hu\/wp-json\/wp\/v2\/product\/82466","targetHints":{"allow":["GET"]}}],"collection":[{"href":"https:\/\/www.versiegelung24.com\/hu\/wp-json\/wp\/v2\/product"}],"about":[{"href":"https:\/\/www.versiegelung24.com\/hu\/wp-json\/wp\/v2\/types\/product"}],"version-history":[{"count":7,"href":"https:\/\/www.versiegelung24.com\/hu\/wp-json\/wp\/v2\/product\/82466\/revisions"}],"predecessor-version":[{"id":180779,"href":"https:\/\/www.versiegelung24.com\/hu\/wp-json\/wp\/v2\/product\/82466\/revisions\/180779"}],"wp:featuredmedia":[{"embeddable":true,"href":"https:\/\/www.versiegelung24.com\/hu\/wp-json\/wp\/v2\/media\/82526"}],"wp:attachment":[{"href":"https:\/\/www.versiegelung24.com\/hu\/wp-json\/wp\/v2\/media?parent=82466"}],"wp:term":[{"taxonomy":"product_brand","embeddable":true,"href":"https:\/\/www.versiegelung24.com\/hu\/wp-json\/wp\/v2\/product_brand?post=82466"},{"taxonomy":"product_cat","embeddable":true,"href":"https:\/\/www.versiegelung24.com\/hu\/wp-json\/wp\/v2\/product_cat?post=82466"},{"taxonomy":"product_tag","embeddable":true,"href":"https:\/\/www.versiegelung24.com\/hu\/wp-json\/wp\/v2\/product_tag?post=82466"}],"curies":[{"name":"wp","href":"https:\/\/api.w.org\/{rel}","templated":true}]}}