{"id":144064,"date":"2024-01-12T18:16:50","date_gmt":"2024-01-12T17:16:50","guid":{"rendered":"https:\/\/www.versiegelung24.com\/oberflaechen\/fa-furner\/"},"modified":"2024-01-12T18:16:51","modified_gmt":"2024-01-12T17:16:51","slug":"fa-furner","status":"publish","type":"ver_surface","link":"https:\/\/www.versiegelung24.com\/hu\/fel\u00fcletek\/fa-furner\/","title":{"rendered":"Fa furn\u00e9r"},"content":{"rendered":"\n<p>A fafurn\u00e9rok nagyon n\u00e9pszer\u0171ek, mert a fa term\u00e9szetes megjelen\u00e9s\u00e9t ny\u00fajtj\u00e1k, an\u00e9lk\u00fcl, hogy t\u00f6m\u00f6r fat\u00f6mb\u00f6t haszn\u00e1ln\u00e1nak. De a fafurn\u00e9r mely r\u00e9szeit kell impregn\u00e1lni, \u00e9s mi\u00e9rt fontos ez?<\/p>\n\n<p>A fafurn\u00e9r, ak\u00e1rcsak a t\u00f6m\u00f6rfa, k\u00fcl\u00f6nb\u00f6z\u0151 k\u00f6rnyezeti hat\u00e1soknak, p\u00e9ld\u00e1ul nedvess\u00e9gnek, h\u0151m\u00e9rs\u00e9klet-ingadoz\u00e1snak \u00e9s UV-f\u00e9nynek van kit\u00e9ve. Ez\u00e9rt elengedhetetlen a furn\u00e9r megfelel\u0151 v\u00e9delme. A gondos fafurn\u00e9r fel\u00fcletkezel\u00e9s \u00e9s a fafurn\u00e9r impregn\u00e1l\u00e1s megv\u00e9dheti az anyagot a v\u00edzt\u0151l \u00e9s m\u00e1s k\u00e1ros hat\u00e1sokt\u00f3l. A kieg\u00e9sz\u00edt\u0151 fafurn\u00e9r bevonat v\u00e9delmet ny\u00fajt az UV-sugarak \u00e9s a mindennapi szennyez\u0151d\u00e9sek ellen. A megfelel\u0151 fa furn\u00e9r\u00e1pol\u00e1s nemcsak hosszabb \u00e9lettartamot biztos\u00edt, hanem meg\u0151rzi a term\u00e9szetes f\u00e9ny\u00e9t is.<\/p>\n\n<p>A Versiegelung24.com megfelel\u0151 term\u00e9keket k\u00edn\u00e1l mindazoknak, akik optim\u00e1lisan szeretn\u00e9k megv\u00e9deni furn\u00e9rjukat. A Versiegelung24.com szervizcsapatunk mindig k\u00e9szs\u00e9ggel \u00e1ll rendelkez\u00e9s\u00e9re, hogy v\u00e1laszoljon az esetlegesen felmer\u00fcl\u0151 k\u00e9rd\u00e9seire.<\/p>\n\n<p>Meta c\u00edm: Fafurn\u00e9r optim\u00e1lis v\u00e9delme: Impregn\u00e1l\u00e1s \u00e9s \u00e1pol\u00e1s<br\/>Meta-Description: Fedezze fel a fafurn\u00e9r impregn\u00e1l\u00e1s\u00e1val kapcsolatos \u00e1tfog\u00f3 tippeket, \u00e9s n\u00f6velje furn\u00e9rj\u00e1nak tart\u00f3ss\u00e1g\u00e1t \u00e9s sz\u00e9ps\u00e9g\u00e9t a Versiegelung24.com seg\u00edts\u00e9g\u00e9vel.<\/p>\n","protected":false},"excerpt":{"rendered":"<p>A fafurn\u00e9rok nagyon n\u00e9pszer\u0171ek, mert a fa term\u00e9szetes megjelen\u00e9s\u00e9t ny\u00fajtj\u00e1k, an\u00e9lk\u00fcl, hogy t\u00f6m\u00f6r fat\u00f6mb\u00f6t haszn\u00e1ln\u00e1nak. De a fafurn\u00e9r mely r\u00e9szeit kell impregn\u00e1lni, \u00e9s mi\u00e9rt fontos ez? A fafurn\u00e9r, ak\u00e1rcsak a t\u00f6m\u00f6rfa, k\u00fcl\u00f6nb\u00f6z\u0151 k\u00f6rnyezeti hat\u00e1soknak, p\u00e9ld\u00e1ul nedvess\u00e9gnek, h\u0151m\u00e9rs\u00e9klet-ingadoz\u00e1snak \u00e9s UV-f\u00e9nynek van kit\u00e9ve. Ez\u00e9rt elengedhetetlen a furn\u00e9r megfelel\u0151 v\u00e9delme. A gondos fafurn\u00e9r fel\u00fcletkezel\u00e9s \u00e9s a fafurn\u00e9r impregn\u00e1l\u00e1s&hellip;&nbsp;<a href=\"https:\/\/www.versiegelung24.com\/hu\/fel\u00fcletek\/fa-furner\/\" rel=\"bookmark\">Read More &raquo;<span class=\"screen-reader-text\">Fa furn\u00e9r<\/span><\/a><\/p>\n","protected":false},"featured_media":0,"template":"","meta":{"_acf_changed":false,"neve_meta_sidebar":"","neve_meta_container":"","neve_meta_enable_content_width":"","neve_meta_content_width":0,"neve_meta_title_alignment":"","neve_meta_author_avatar":"","neve_post_elements_order":"","neve_meta_disable_header":"","neve_meta_disable_footer":"","neve_meta_disable_title":"","neve_meta_reading_time":""},"class_list":["post-144064","ver_surface","type-ver_surface","status-publish","hentry"],"acf":[],"yoast_head":"<!-- This site is optimized with the Yoast SEO Premium plugin v22.8 (Yoast SEO v27.5) - https:\/\/yoast.com\/product\/yoast-seo-premium-wordpress\/ -->\n<title>Fa furn\u00e9r impregn\u00e1l\u00e1s<\/title>\n<meta name=\"description\" content=\"Fedezze fel a fafurn\u00e9r impregn\u00e1l\u00e1s\u00e1val kapcsolatos \u00e1tfog\u00f3 tippeket, \u00e9s n\u00f6velje furn\u00e9rj\u00e1nak tart\u00f3ss\u00e1g\u00e1t \u00e9s sz\u00e9ps\u00e9g\u00e9t a Versiegelung24 seg\u00edts\u00e9g\u00e9vel.\" \/>\n<meta name=\"robots\" content=\"index, follow, max-snippet:-1, max-image-preview:large, max-video-preview:-1\" \/>\n<link rel=\"canonical\" href=\"https:\/\/www.versiegelung24.com\/hu\/fel\u00fcletek\/fa-furner\/\" \/>\n<meta property=\"og:locale\" content=\"hu_HU\" \/>\n<meta property=\"og:type\" content=\"article\" \/>\n<meta property=\"og:title\" content=\"Fa furn\u00e9r\" \/>\n<meta property=\"og:description\" content=\"Fedezze fel a fafurn\u00e9r impregn\u00e1l\u00e1s\u00e1val kapcsolatos \u00e1tfog\u00f3 tippeket, \u00e9s n\u00f6velje furn\u00e9rj\u00e1nak tart\u00f3ss\u00e1g\u00e1t \u00e9s sz\u00e9ps\u00e9g\u00e9t a Versiegelung24 seg\u00edts\u00e9g\u00e9vel.\" \/>\n<meta property=\"og:url\" content=\"https:\/\/www.versiegelung24.com\/hu\/fel\u00fcletek\/fa-furner\/\" \/>\n<meta property=\"og:site_name\" content=\"versiegelung24.com\" \/>\n<meta property=\"article:modified_time\" content=\"2024-01-12T17:16:51+00:00\" \/>\n<meta name=\"twitter:card\" content=\"summary_large_image\" \/>\n<meta name=\"twitter:label1\" content=\"Becs\u00fclt olvas\u00e1si id\u0151\" \/>\n\t<meta name=\"twitter:data1\" content=\"1 perc\" \/>\n<script type=\"application\/ld+json\" class=\"yoast-schema-graph\">{\"@context\":\"https:\\\/\\\/schema.org\",\"@graph\":[{\"@type\":\"WebPage\",\"@id\":\"https:\\\/\\\/www.versiegelung24.com\\\/hu\\\/fel\u00fcletek\\\/fa-furner\\\/\",\"url\":\"https:\\\/\\\/www.versiegelung24.com\\\/hu\\\/fel\u00fcletek\\\/fa-furner\\\/\",\"name\":\"Fa furn\u00e9r impregn\u00e1l\u00e1s\",\"isPartOf\":{\"@id\":\"https:\\\/\\\/www.versiegelung24.com\\\/hu\\\/#website\"},\"datePublished\":\"2024-01-12T17:16:50+00:00\",\"dateModified\":\"2024-01-12T17:16:51+00:00\",\"description\":\"Fedezze fel a fafurn\u00e9r impregn\u00e1l\u00e1s\u00e1val kapcsolatos \u00e1tfog\u00f3 tippeket, \u00e9s n\u00f6velje furn\u00e9rj\u00e1nak tart\u00f3ss\u00e1g\u00e1t \u00e9s sz\u00e9ps\u00e9g\u00e9t a Versiegelung24 seg\u00edts\u00e9g\u00e9vel.\",\"breadcrumb\":{\"@id\":\"https:\\\/\\\/www.versiegelung24.com\\\/hu\\\/fel\u00fcletek\\\/fa-furner\\\/#breadcrumb\"},\"inLanguage\":\"hu\",\"potentialAction\":[{\"@type\":\"ReadAction\",\"target\":[\"https:\\\/\\\/www.versiegelung24.com\\\/hu\\\/fel\u00fcletek\\\/fa-furner\\\/\"]}]},{\"@type\":\"BreadcrumbList\",\"@id\":\"https:\\\/\\\/www.versiegelung24.com\\\/hu\\\/fel\u00fcletek\\\/fa-furner\\\/#breadcrumb\",\"itemListElement\":[{\"@type\":\"ListItem\",\"position\":1,\"name\":\"Honlap\",\"item\":\"https:\\\/\\\/www.versiegelung24.com\\\/hu\\\/elol\\\/\"},{\"@type\":\"ListItem\",\"position\":2,\"name\":\"Tan\u00e1csad\u00f3\",\"item\":\"https:\\\/\\\/www.versiegelung24.com\\\/hu\\\/tanacsok-a-versiegelung24-termekeivel-kapcsolatban\\\/\"},{\"@type\":\"ListItem\",\"position\":3,\"name\":\"fel\u00fcletek\",\"item\":\"https:\\\/\\\/www.versiegelung24.com\\\/hu\\\/tanacsok-a-versiegelung24-termekeivel-kapcsolatban\\\/termekkereso\\\/\"},{\"@type\":\"ListItem\",\"position\":4,\"name\":\"Fa furn\u00e9r\"}]},{\"@type\":\"WebSite\",\"@id\":\"https:\\\/\\\/www.versiegelung24.com\\\/hu\\\/#website\",\"url\":\"https:\\\/\\\/www.versiegelung24.com\\\/hu\\\/\",\"name\":\"versiegelung24.com\",\"description\":\"Fl\u00fcssigglas-Versiegelung - Made in Germany\",\"publisher\":{\"@id\":\"https:\\\/\\\/www.versiegelung24.com\\\/hu\\\/#organization\"},\"potentialAction\":[{\"@type\":\"SearchAction\",\"target\":{\"@type\":\"EntryPoint\",\"urlTemplate\":\"https:\\\/\\\/www.versiegelung24.com\\\/hu\\\/?s={search_term_string}\"},\"query-input\":{\"@type\":\"PropertyValueSpecification\",\"valueRequired\":true,\"valueName\":\"search_term_string\"}}],\"inLanguage\":\"hu\"},{\"@type\":\"Organization\",\"@id\":\"https:\\\/\\\/www.versiegelung24.com\\\/hu\\\/#organization\",\"name\":\"versiegelung24\",\"url\":\"https:\\\/\\\/www.versiegelung24.com\\\/hu\\\/\",\"logo\":{\"@type\":\"ImageObject\",\"inLanguage\":\"hu\",\"@id\":\"https:\\\/\\\/www.versiegelung24.com\\\/hu\\\/#\\\/schema\\\/logo\\\/image\\\/\",\"url\":\"https:\\\/\\\/www.versiegelung24.com\\\/wp-content\\\/uploads\\\/2020\\\/04\\\/versiegelung24.png\",\"contentUrl\":\"https:\\\/\\\/www.versiegelung24.com\\\/wp-content\\\/uploads\\\/2020\\\/04\\\/versiegelung24.png\",\"width\":470,\"height\":102,\"caption\":\"versiegelung24\"},\"image\":{\"@id\":\"https:\\\/\\\/www.versiegelung24.com\\\/hu\\\/#\\\/schema\\\/logo\\\/image\\\/\"}}]}<\/script>\n<!-- \/ Yoast SEO Premium plugin. -->","yoast_head_json":{"title":"Fa furn\u00e9r impregn\u00e1l\u00e1s","description":"Fedezze fel a fafurn\u00e9r impregn\u00e1l\u00e1s\u00e1val kapcsolatos \u00e1tfog\u00f3 tippeket, \u00e9s n\u00f6velje furn\u00e9rj\u00e1nak tart\u00f3ss\u00e1g\u00e1t \u00e9s sz\u00e9ps\u00e9g\u00e9t a Versiegelung24 seg\u00edts\u00e9g\u00e9vel.","robots":{"index":"index","follow":"follow","max-snippet":"max-snippet:-1","max-image-preview":"max-image-preview:large","max-video-preview":"max-video-preview:-1"},"canonical":"https:\/\/www.versiegelung24.com\/hu\/fel\u00fcletek\/fa-furner\/","og_locale":"hu_HU","og_type":"article","og_title":"Fa furn\u00e9r","og_description":"Fedezze fel a fafurn\u00e9r impregn\u00e1l\u00e1s\u00e1val kapcsolatos \u00e1tfog\u00f3 tippeket, \u00e9s n\u00f6velje furn\u00e9rj\u00e1nak tart\u00f3ss\u00e1g\u00e1t \u00e9s sz\u00e9ps\u00e9g\u00e9t a Versiegelung24 seg\u00edts\u00e9g\u00e9vel.","og_url":"https:\/\/www.versiegelung24.com\/hu\/fel\u00fcletek\/fa-furner\/","og_site_name":"versiegelung24.com","article_modified_time":"2024-01-12T17:16:51+00:00","twitter_card":"summary_large_image","twitter_misc":{"Becs\u00fclt olvas\u00e1si id\u0151":"1 perc"},"schema":{"@context":"https:\/\/schema.org","@graph":[{"@type":"WebPage","@id":"https:\/\/www.versiegelung24.com\/hu\/fel\u00fcletek\/fa-furner\/","url":"https:\/\/www.versiegelung24.com\/hu\/fel\u00fcletek\/fa-furner\/","name":"Fa furn\u00e9r impregn\u00e1l\u00e1s","isPartOf":{"@id":"https:\/\/www.versiegelung24.com\/hu\/#website"},"datePublished":"2024-01-12T17:16:50+00:00","dateModified":"2024-01-12T17:16:51+00:00","description":"Fedezze fel a fafurn\u00e9r impregn\u00e1l\u00e1s\u00e1val kapcsolatos \u00e1tfog\u00f3 tippeket, \u00e9s n\u00f6velje furn\u00e9rj\u00e1nak tart\u00f3ss\u00e1g\u00e1t \u00e9s sz\u00e9ps\u00e9g\u00e9t a Versiegelung24 seg\u00edts\u00e9g\u00e9vel.","breadcrumb":{"@id":"https:\/\/www.versiegelung24.com\/hu\/fel\u00fcletek\/fa-furner\/#breadcrumb"},"inLanguage":"hu","potentialAction":[{"@type":"ReadAction","target":["https:\/\/www.versiegelung24.com\/hu\/fel\u00fcletek\/fa-furner\/"]}]},{"@type":"BreadcrumbList","@id":"https:\/\/www.versiegelung24.com\/hu\/fel\u00fcletek\/fa-furner\/#breadcrumb","itemListElement":[{"@type":"ListItem","position":1,"name":"Honlap","item":"https:\/\/www.versiegelung24.com\/hu\/elol\/"},{"@type":"ListItem","position":2,"name":"Tan\u00e1csad\u00f3","item":"https:\/\/www.versiegelung24.com\/hu\/tanacsok-a-versiegelung24-termekeivel-kapcsolatban\/"},{"@type":"ListItem","position":3,"name":"fel\u00fcletek","item":"https:\/\/www.versiegelung24.com\/hu\/tanacsok-a-versiegelung24-termekeivel-kapcsolatban\/termekkereso\/"},{"@type":"ListItem","position":4,"name":"Fa furn\u00e9r"}]},{"@type":"WebSite","@id":"https:\/\/www.versiegelung24.com\/hu\/#website","url":"https:\/\/www.versiegelung24.com\/hu\/","name":"versiegelung24.com","description":"Fl\u00fcssigglas-Versiegelung - Made in Germany","publisher":{"@id":"https:\/\/www.versiegelung24.com\/hu\/#organization"},"potentialAction":[{"@type":"SearchAction","target":{"@type":"EntryPoint","urlTemplate":"https:\/\/www.versiegelung24.com\/hu\/?s={search_term_string}"},"query-input":{"@type":"PropertyValueSpecification","valueRequired":true,"valueName":"search_term_string"}}],"inLanguage":"hu"},{"@type":"Organization","@id":"https:\/\/www.versiegelung24.com\/hu\/#organization","name":"versiegelung24","url":"https:\/\/www.versiegelung24.com\/hu\/","logo":{"@type":"ImageObject","inLanguage":"hu","@id":"https:\/\/www.versiegelung24.com\/hu\/#\/schema\/logo\/image\/","url":"https:\/\/www.versiegelung24.com\/wp-content\/uploads\/2020\/04\/versiegelung24.png","contentUrl":"https:\/\/www.versiegelung24.com\/wp-content\/uploads\/2020\/04\/versiegelung24.png","width":470,"height":102,"caption":"versiegelung24"},"image":{"@id":"https:\/\/www.versiegelung24.com\/hu\/#\/schema\/logo\/image\/"}}]}},"_links":{"self":[{"href":"https:\/\/www.versiegelung24.com\/hu\/wp-json\/wp\/v2\/ver_surface\/144064","targetHints":{"allow":["GET"]}}],"collection":[{"href":"https:\/\/www.versiegelung24.com\/hu\/wp-json\/wp\/v2\/ver_surface"}],"about":[{"href":"https:\/\/www.versiegelung24.com\/hu\/wp-json\/wp\/v2\/types\/ver_surface"}],"wp:attachment":[{"href":"https:\/\/www.versiegelung24.com\/hu\/wp-json\/wp\/v2\/media?parent=144064"}],"curies":[{"name":"wp","href":"https:\/\/api.w.org\/{rel}","templated":true}]}}