{"id":171078,"date":"2024-08-07T10:19:22","date_gmt":"2024-08-07T08:19:22","guid":{"rendered":"https:\/\/www.versiegelung24.com\/guia-para-os-produtos-da-versiegelung24\/know-how\/revestimento-ou-selagem-de-mobiliario-de-jardim\/"},"modified":"2024-09-01T18:15:40","modified_gmt":"2024-09-01T16:15:40","slug":"revestimento-ou-selagem-de-mobiliario-de-jardim","status":"publish","type":"page","link":"https:\/\/www.versiegelung24.com\/pt-pt\/guia-para-os-produtos-da-versiegelung24\/know-how\/revestimento-ou-selagem-de-mobiliario-de-jardim\/","title":{"rendered":"Cobrir ou selar o mobili\u00e1rio de jardim?\nProtege bem o teu mobili\u00e1rio de jardim!"},"content":{"rendered":"\t\t<div data-elementor-type=\"wp-page\" data-elementor-id=\"171078\" class=\"elementor elementor-171078 elementor-170395\" data-elementor-post-type=\"page\">\n\t\t\t\t\t\t<section class=\"elementor-section elementor-top-section elementor-element elementor-element-1f688b36 elementor-section-height-min-height elementor-section-stretched elementor-section-boxed elementor-section-height-default elementor-section-items-middle\" data-id=\"1f688b36\" data-element_type=\"section\" data-e-type=\"section\" data-settings=\"{&quot;background_background&quot;:&quot;classic&quot;,&quot;stretch_section&quot;:&quot;section-stretched&quot;}\">\n\t\t\t\t\t\t\t<div class=\"elementor-background-overlay\"><\/div>\n\t\t\t\t\t\t\t<div class=\"elementor-container elementor-column-gap-default\">\n\t\t\t\t\t<div class=\"elementor-column elementor-col-50 elementor-top-column elementor-element elementor-element-5e8bb3ea\" data-id=\"5e8bb3ea\" data-element_type=\"column\" data-e-type=\"column\">\n\t\t\t<div class=\"elementor-widget-wrap elementor-element-populated\">\n\t\t\t\t\t\t<div class=\"elementor-element elementor-element-164d071e elementor-widget elementor-widget-heading\" data-id=\"164d071e\" data-element_type=\"widget\" data-e-type=\"widget\" data-widget_type=\"heading.default\">\n\t\t\t\t<div class=\"elementor-widget-container\">\n\t\t\t\t\t<h1 class=\"elementor-heading-title elementor-size-default\">Cobrir ou selar o mobili\u00e1rio de jardim?\nProtege bem o teu mobili\u00e1rio de jardim!<\/h1>\t\t\t\t<\/div>\n\t\t\t\t<\/div>\n\t\t\t\t\t<\/div>\n\t\t<\/div>\n\t\t\t\t<div class=\"elementor-column elementor-col-50 elementor-top-column elementor-element elementor-element-266e0d04 elementor-hidden-mobile\" data-id=\"266e0d04\" data-element_type=\"column\" data-e-type=\"column\">\n\t\t\t<div class=\"elementor-widget-wrap\">\n\t\t\t\t\t\t\t<\/div>\n\t\t<\/div>\n\t\t\t\t\t<\/div>\n\t\t<\/section>\n\t\t\t\t<section class=\"elementor-section elementor-top-section elementor-element elementor-element-48c26f19 elementor-section-boxed elementor-section-height-default elementor-section-height-default\" data-id=\"48c26f19\" data-element_type=\"section\" data-e-type=\"section\">\n\t\t\t\t\t\t<div class=\"elementor-container elementor-column-gap-default\">\n\t\t\t\t\t<div class=\"elementor-column elementor-col-100 elementor-top-column elementor-element elementor-element-335d45af\" data-id=\"335d45af\" data-element_type=\"column\" data-e-type=\"column\">\n\t\t\t<div class=\"elementor-widget-wrap elementor-element-populated\">\n\t\t\t\t\t\t<div class=\"elementor-element elementor-element-7feba967 elementor-widget elementor-widget-breadcrumbs\" data-id=\"7feba967\" data-element_type=\"widget\" data-e-type=\"widget\" data-widget_type=\"breadcrumbs.default\">\n\t\t\t\t<div class=\"elementor-widget-container\">\n\t\t\t\t\t<p id=\"breadcrumbs\"><span><span><a href=\"https:\/\/www.versiegelung24.com\/pt-pt\/frente\/\">P\u00e1gina inicial<\/a><\/span><\/span><\/p>\t\t\t\t<\/div>\n\t\t\t\t<\/div>\n\t\t\t\t\t<\/div>\n\t\t<\/div>\n\t\t\t\t\t<\/div>\n\t\t<\/section>\n\t\t\t\t<section class=\"elementor-section elementor-top-section elementor-element elementor-element-7f5c6a43 elementor-section-boxed elementor-section-height-default elementor-section-height-default\" data-id=\"7f5c6a43\" data-element_type=\"section\" data-e-type=\"section\">\n\t\t\t\t\t\t<div class=\"elementor-container elementor-column-gap-default\">\n\t\t\t\t\t<div class=\"elementor-column elementor-col-100 elementor-top-column elementor-element elementor-element-744445b4\" data-id=\"744445b4\" data-element_type=\"column\" data-e-type=\"column\">\n\t\t\t<div class=\"elementor-widget-wrap elementor-element-populated\">\n\t\t\t\t\t\t<div class=\"elementor-element elementor-element-7c19e6e elementor-widget elementor-widget-text-editor\" data-id=\"7c19e6e\" data-element_type=\"widget\" data-e-type=\"widget\" data-widget_type=\"text-editor.default\">\n\t\t\t\t<div class=\"elementor-widget-container\">\n\t\t\t\t\t\t\t\t\t<p>A quest\u00e3o de saber <strong>se<\/strong> o mobili\u00e1rio de jardim deve ser <strong>coberto ou selado<\/strong> \u00e9 uma quest\u00e3o que preocupa muitos propriet\u00e1rios de jardins.<br \/>\nCom tanto mobili\u00e1rio de jardim, seja <strong>de madeira, pl\u00e1stico<\/strong> ou <strong>metal<\/strong>, exposto aos elementos, a prote\u00e7\u00e3o certa \u00e9 crucial para a sua <strong>longevidade.<\/strong> Neste artigo, explicaremos as diferentes op\u00e7\u00f5es e materiais para o ajudar a proteger corretamente o seu mobili\u00e1rio de jardim. <\/p>\n\t\t\t\t\t\t\t\t<\/div>\n\t\t\t\t<\/div>\n\t\t\t\t<div class=\"elementor-element elementor-element-30de50c9 elementor-toc--minimized-on-tablet elementor-widget elementor-widget-table-of-contents\" data-id=\"30de50c9\" data-element_type=\"widget\" data-e-type=\"widget\" data-settings=\"{&quot;headings_by_tags&quot;:[&quot;h2&quot;,&quot;h3&quot;],&quot;exclude_headings_by_selector&quot;:[],&quot;marker_view&quot;:&quot;numbers&quot;,&quot;no_headings_message&quot;:&quot;No headings were found on this page.&quot;,&quot;minimize_box&quot;:&quot;yes&quot;,&quot;minimized_on&quot;:&quot;tablet&quot;,&quot;hierarchical_view&quot;:&quot;yes&quot;,&quot;min_height&quot;:{&quot;unit&quot;:&quot;px&quot;,&quot;size&quot;:&quot;&quot;,&quot;sizes&quot;:[]},&quot;min_height_tablet&quot;:{&quot;unit&quot;:&quot;px&quot;,&quot;size&quot;:&quot;&quot;,&quot;sizes&quot;:[]},&quot;min_height_mobile&quot;:{&quot;unit&quot;:&quot;px&quot;,&quot;size&quot;:&quot;&quot;,&quot;sizes&quot;:[]}}\" data-widget_type=\"table-of-contents.default\">\n\t\t\t\t<div class=\"elementor-widget-container\">\n\t\t\t\t\t\t\t\t\t<div class=\"elementor-toc__header\">\n\t\t\t\t\t\t<h2 class=\"elementor-toc__header-title\">\n\t\t\t\t\u00cdndice\t\t\t<\/h2>\n\t\t\t\t\t\t\t\t\t\t<div class=\"elementor-toc__toggle-button elementor-toc__toggle-button--expand\" role=\"button\" tabindex=\"0\" aria-controls=\"elementor-toc__30de50c9\" aria-expanded=\"true\" aria-label=\"Open table of contents\"><i aria-hidden=\"true\" class=\"fas fa-chevron-down\"><\/i><\/div>\n\t\t\t\t<div class=\"elementor-toc__toggle-button elementor-toc__toggle-button--collapse\" role=\"button\" tabindex=\"0\" aria-controls=\"elementor-toc__30de50c9\" aria-expanded=\"true\" aria-label=\"Close table of contents\"><i aria-hidden=\"true\" class=\"fas fa-chevron-up\"><\/i><\/div>\n\t\t\t\t\t<\/div>\n\t\t\t\t<div id=\"elementor-toc__30de50c9\" class=\"elementor-toc__body\">\n\t\t\t<div class=\"elementor-toc__spinner-container\">\n\t\t\t\t<i class=\"elementor-toc__spinner eicon-animation-spin eicon-loading\" aria-hidden=\"true\"><\/i>\t\t\t<\/div>\n\t\t<\/div>\n\t\t\t\t\t\t<\/div>\n\t\t\t\t<\/div>\n\t\t\t\t\t<\/div>\n\t\t<\/div>\n\t\t\t\t\t<\/div>\n\t\t<\/section>\n\t\t\t\t<section class=\"elementor-section elementor-top-section elementor-element elementor-element-71e6119f elementor-section-boxed elementor-section-height-default elementor-section-height-default\" data-id=\"71e6119f\" data-element_type=\"section\" data-e-type=\"section\">\n\t\t\t\t\t\t<div class=\"elementor-container elementor-column-gap-default\">\n\t\t\t\t\t<div class=\"elementor-column elementor-col-100 elementor-top-column elementor-element elementor-element-2f8b4527\" data-id=\"2f8b4527\" data-element_type=\"column\" data-e-type=\"column\">\n\t\t\t<div class=\"elementor-widget-wrap elementor-element-populated\">\n\t\t\t\t\t\t<div class=\"elementor-element elementor-element-6f63d8bb elementor-widget elementor-widget-text-editor\" data-id=\"6f63d8bb\" data-element_type=\"widget\" data-e-type=\"widget\" data-widget_type=\"text-editor.default\">\n\t\t\t\t<div class=\"elementor-widget-container\">\n\t\t\t\t\t\t\t\t\t<h2>Porque \u00e9 que \u00e9 importante cobrir o mobili\u00e1rio de jardim?<\/h2>\n<h3>Influ\u00eancias clim\u00e1ticas no mobili\u00e1rio de jardim<\/h3>\n<p>O mobili\u00e1rio de jardim est\u00e1 exposto <strong>a<\/strong> v\u00e1rias <strong>condi\u00e7\u00f5es climat\u00e9ricas<\/strong> ao longo do ano. <strong>A radia\u00e7\u00e3o UV, a chuva, a humidade<\/strong> e <strong>o gelo<\/strong> afectam os materiais e provocam o seu desgaste ao longo do tempo.<br \/>\nOs m\u00f3veis de madeira tendem a <strong>ficar cinzentos<\/strong> sob v\u00e1rias condi\u00e7\u00f5es ambientais e com uma manuten\u00e7\u00e3o deficiente e podem <strong>apodrecer<\/strong> devido \u00e0 humidade permanente <strong>.<\/strong> Os m\u00f3veis de pl\u00e1stico perdem a cor e tornam-se <strong>quebradi\u00e7os,<\/strong> enquanto os m\u00f3veis de metal <strong>enferrujam<\/strong> se entrarem em contacto constante com a humidade.<br \/>\nAs coberturas de prote\u00e7\u00e3o oferecem uma prote\u00e7\u00e3o eficaz contra estas influ\u00eancias e ajudam a prolongar a vida \u00fatil dos m\u00f3veis.  <\/p>\n<h3>Riscos para o mobili\u00e1rio de jardim sem prote\u00e7\u00e3o<\/h3>\n<p>Um revestimento inadequado do mobili\u00e1rio de jardim pode <strong>reduzir drasticamente a<\/strong> sua <strong>vida \u00fatil.<\/strong> A falta de compreens\u00e3o dos riscos, como os efeitos da radia\u00e7\u00e3o UV, que levam \u00e0 fadiga do material, e a exposi\u00e7\u00e3o a uma humidade elevada, que provoca o incha\u00e7o do material, podem causar <strong>danos irrevers\u00edveis<\/strong>.<br \/>\nOs m\u00f3veis que est\u00e3o constantemente expostos ao vento e \u00e0s intemp\u00e9ries podem tornar-se <strong>inest\u00e9ticos<\/strong> e <strong>inutiliz\u00e1veis<\/strong>.<br \/>\nPor isso, \u00e9 importante cobrir ou vedar corretamente o mobili\u00e1rio de jardim para evitar estes danos.  <\/p>\n\t\t\t\t\t\t\t\t<\/div>\n\t\t\t\t<\/div>\n\t\t\t\t\t<\/div>\n\t\t<\/div>\n\t\t\t\t\t<\/div>\n\t\t<\/section>\n\t\t\t\t<section class=\"elementor-section elementor-top-section elementor-element elementor-element-cdf11b3 elementor-section-boxed elementor-section-height-default elementor-section-height-default\" data-id=\"cdf11b3\" data-element_type=\"section\" data-e-type=\"section\">\n\t\t\t\t\t\t<div class=\"elementor-container elementor-column-gap-default\">\n\t\t\t\t\t<div class=\"elementor-column elementor-col-100 elementor-top-column elementor-element elementor-element-49aace54\" data-id=\"49aace54\" data-element_type=\"column\" data-e-type=\"column\" data-settings=\"{&quot;background_background&quot;:&quot;classic&quot;}\">\n\t\t\t<div class=\"elementor-widget-wrap elementor-element-populated\">\n\t\t\t\t\t\t<div class=\"elementor-element elementor-element-332de74d elementor-widget elementor-widget-spacer\" data-id=\"332de74d\" data-element_type=\"widget\" data-e-type=\"widget\" data-widget_type=\"spacer.default\">\n\t\t\t\t<div class=\"elementor-widget-container\">\n\t\t\t\t\t\t\t<div class=\"elementor-spacer\">\n\t\t\t<div class=\"elementor-spacer-inner\"><\/div>\n\t\t<\/div>\n\t\t\t\t\t\t<\/div>\n\t\t\t\t<\/div>\n\t\t\t\t\t<\/div>\n\t\t<\/div>\n\t\t\t\t\t<\/div>\n\t\t<\/section>\n\t\t\t\t<section class=\"elementor-section elementor-top-section elementor-element elementor-element-7af0fa12 elementor-section-boxed elementor-section-height-default elementor-section-height-default\" data-id=\"7af0fa12\" data-element_type=\"section\" data-e-type=\"section\">\n\t\t\t\t\t\t<div class=\"elementor-container elementor-column-gap-default\">\n\t\t\t\t\t<div class=\"elementor-column elementor-col-100 elementor-top-column elementor-element elementor-element-76b8f6e4\" data-id=\"76b8f6e4\" data-element_type=\"column\" data-e-type=\"column\">\n\t\t\t<div class=\"elementor-widget-wrap elementor-element-populated\">\n\t\t\t\t\t\t<div class=\"elementor-element elementor-element-542b6543 elementor-widget__width-initial elementor-widget elementor-widget-text-editor\" data-id=\"542b6543\" data-element_type=\"widget\" data-e-type=\"widget\" data-widget_type=\"text-editor.default\">\n\t\t\t\t<div class=\"elementor-widget-container\">\n\t\t\t\t\t\t\t\t\t<h2>Que materiais s\u00e3o mais adequados para as coberturas de prote\u00e7\u00e3o?<\/h2>\n<h3>As coberturas de prote\u00e7\u00e3o certas para os diferentes tipos de mobili\u00e1rio de jardim<\/h3>\n<p>A escolha do material certo para as coberturas de prote\u00e7\u00e3o depende do <strong>tipo de mobili\u00e1rio de jardim<\/strong> a proteger.\nAs coberturas de prote\u00e7\u00e3o <strong>resistentes \u00e0 rutura<\/strong> e <strong>repelentes \u00e0 \u00e1gua<\/strong> s\u00e3o ideais para o mobili\u00e1rio de jardim em madeira, uma vez que protegem a madeira da humidade e da radia\u00e7\u00e3o UV.\nO mobili\u00e1rio de pl\u00e1stico tamb\u00e9m necessita de coberturas <strong>imperme\u00e1veis<\/strong> e <strong>resistentes aos raios UV<\/strong> para manter a sua cor e estrutura.\nO mobili\u00e1rio de metal, como o alum\u00ednio ou o a\u00e7o inoxid\u00e1vel, necessita de coberturas que protejam contra a <strong>corros\u00e3o<\/strong>.\nMateriais robustos, como o tecido de poli\u00e9ster revestido a PVC, oferecem uma prote\u00e7\u00e3o \u00f3ptima.    <\/p>\n<h3>Materiais respir\u00e1veis para uma cobertura \u00f3ptima<\/h3>\n<p>&nbsp;Os materiais respir\u00e1veis s\u00e3o essenciais para o revestimento correto do mobili\u00e1rio de jardim, uma vez que <strong>evitam a acumula\u00e7\u00e3o de humidade<\/strong> e, consequentemente, <strong>o<\/strong> <strong>crescimento de bolor<\/strong> e <strong>manchas de mofo<\/strong>.\nOs tecidos de poli\u00e9ster com um revestimento de PVC s\u00e3o imperme\u00e1veis e, ao mesmo tempo, oferecem uma boa circula\u00e7\u00e3o de ar.\nIsto \u00e9 particularmente importante para <strong>estofos<\/strong> e <strong>mobili\u00e1rio em polyrattan,<\/strong> que s\u00e3o suscept\u00edveis \u00e0 humidade e \u00e0 sujidade.\nAs coberturas de prote\u00e7\u00e3o respir\u00e1veis tamb\u00e9m s\u00e3o ben\u00e9ficas para o mobili\u00e1rio de jardim em madeira, uma vez que permitem <strong>a regula\u00e7\u00e3o da humidade<\/strong> e evitam o envelhecimento da madeira.   <\/p>\t\t\t\t\t\t\t\t<\/div>\n\t\t\t\t<\/div>\n\t\t\t\t\t<\/div>\n\t\t<\/div>\n\t\t\t\t\t<\/div>\n\t\t<\/section>\n\t\t\t\t<section class=\"elementor-section elementor-top-section elementor-element elementor-element-35ff4c24 elementor-section-boxed elementor-section-height-default elementor-section-height-default\" data-id=\"35ff4c24\" data-element_type=\"section\" data-e-type=\"section\">\n\t\t\t\t\t\t<div class=\"elementor-container elementor-column-gap-default\">\n\t\t\t\t\t<div class=\"elementor-column elementor-col-100 elementor-top-column elementor-element elementor-element-7f7cece6\" data-id=\"7f7cece6\" data-element_type=\"column\" data-e-type=\"column\">\n\t\t\t<div class=\"elementor-widget-wrap elementor-element-populated\">\n\t\t\t\t\t\t<div class=\"elementor-element elementor-element-50c76c1e elementor-widget elementor-widget-text-editor\" data-id=\"50c76c1e\" data-element_type=\"widget\" data-e-type=\"widget\" data-widget_type=\"text-editor.default\">\n\t\t\t\t<div class=\"elementor-widget-container\">\n\t\t\t\t\t\t\t\t\t<h2>Cobrir ou selar: Qual \u00e9 a melhor op\u00e7\u00e3o?<\/h2>\n<h3>Vantagens e desvantagens da cobertura para mobili\u00e1rio de jardim<\/h3>\n<p>Cobrir o mobili\u00e1rio de jardim oferece in\u00fameras vantagens, incluindo a <strong>prote\u00e7\u00e3o<\/strong> contra as <strong>intemp\u00e9ries<\/strong> e <strong>a preven\u00e7\u00e3o da acumula\u00e7\u00e3o de sujidade.<\/strong> A cobertura mant\u00e9m o mobili\u00e1rio <strong>sempre<\/strong> <strong>limpo<\/strong> e <strong>pronto a ser utilizado.<\/strong> No entanto, as desvantagens podem ser o facto de a humidade poder ficar retida se n\u00e3o for aplicada corretamente, levando ao <strong>crescimento de bolor<\/strong>.<br \/>\nAl\u00e9m disso, cobrir e descobrir constantemente os m\u00f3veis pode ser <strong>moroso<\/strong> e <strong>trabalhoso<\/strong>.<br \/>\nNo entanto, as vantagens superam as desvantagens, especialmente se as coberturas de prote\u00e7\u00e3o forem <strong>respir\u00e1veis<\/strong>.  <\/p>\n<h3>A efic\u00e1cia dos vedantes para mobili\u00e1rio de jardim<\/h3>\n<p>A impermeabiliza\u00e7\u00e3o tamb\u00e9m pode ser um <strong>m\u00e9todo eficaz<\/strong> de prote\u00e7\u00e3o do mobili\u00e1rio de jardim.<br \/>\nProporcionam uma camada adicional de prote\u00e7\u00e3o contra a <strong>humidade<\/strong> e <strong>a radia\u00e7\u00e3o UV<\/strong> e s\u00e3o particularmente ben\u00e9ficas para o mobili\u00e1rio de madeira.<br \/>\nA selagem evita a penetra\u00e7\u00e3o de \u00e1gua e o desbotamento causado pelo sol.<br \/>\nNo entanto, um selante deve ser <strong>renovado regularmente<\/strong> para se manter eficaz.<br \/>\nAl\u00e9m disso, os selantes <strong>n\u00e3o oferecem prote\u00e7\u00e3o<\/strong> contra <strong>danos f\u00edsicos<\/strong>, como riscos e ferrugem, raz\u00e3o pela qual uma <strong>combina\u00e7\u00e3o<\/strong> com <strong>coberturas de prote\u00e7\u00e3o<\/strong> pode ser \u00fatil.<br \/>\nOs nossos selantes mant\u00eam o mobili\u00e1rio de jardim protegido dos <strong>raios UV,<\/strong> da <strong>sujidade e<\/strong> da <strong>humidade<\/strong> e s\u00e3o f\u00e1ceis de limpar.      No entanto, tem em aten\u00e7\u00e3o que a efic\u00e1cia do selante depende de v\u00e1rios factores.<\/p>\n<h3>Devo cobrir ou selar o meu mobili\u00e1rio de jardim?<\/h3>\n<p>\u00c9 aconselh\u00e1vel selar o mobili\u00e1rio de jardim e guard\u00e1-lo sob uma cobertura protetora.<br \/>\nA selagem garante a prote\u00e7\u00e3o do material.<br \/>\nA cobertura correcta ajuda a proteger o mobili\u00e1rio das influ\u00eancias mec\u00e2nicas.  <\/p>\n<p>Deves selecionar o vedante adequado em fun\u00e7\u00e3o do material.<br \/>\nPodes encontrar os seguintes vedantes na nossa loja online: <\/p>\n<ol>\n<li>Madeira: <a href=\"https:\/\/www.versiegelung24.com\/pt-pt\/vedacao-de-madeira-em-profi-qualidade.html\">Selagem da madeira com qualidade profissional<\/a><\/li>\n<li>Metal e pl\u00e1stico: <a href=\"https:\/\/www.versiegelung24.com\/pt-pt\/plastico-metal-vedacao-em-profi-qualidade.html\">Selante de pl\u00e1stico + metal de qualidade profissional<\/a><\/li>\n<\/ol>\n\t\t\t\t\t\t\t\t<\/div>\n\t\t\t\t<\/div>\n\t\t\t\t\t<\/div>\n\t\t<\/div>\n\t\t\t\t\t<\/div>\n\t\t<\/section>\n\t\t\t\t<section class=\"elementor-section elementor-top-section elementor-element elementor-element-4099258a elementor-section-boxed elementor-section-height-default elementor-section-height-default\" data-id=\"4099258a\" data-element_type=\"section\" data-e-type=\"section\">\n\t\t\t\t\t\t<div class=\"elementor-container elementor-column-gap-default\">\n\t\t\t\t\t<div class=\"elementor-column elementor-col-100 elementor-top-column elementor-element elementor-element-2ca75ca6\" data-id=\"2ca75ca6\" data-element_type=\"column\" data-e-type=\"column\" data-settings=\"{&quot;background_background&quot;:&quot;classic&quot;}\">\n\t\t\t<div class=\"elementor-widget-wrap elementor-element-populated\">\n\t\t\t\t\t\t<div class=\"elementor-element elementor-element-73e3b3ef elementor-widget elementor-widget-spacer\" data-id=\"73e3b3ef\" data-element_type=\"widget\" data-e-type=\"widget\" data-widget_type=\"spacer.default\">\n\t\t\t\t<div class=\"elementor-widget-container\">\n\t\t\t\t\t\t\t<div class=\"elementor-spacer\">\n\t\t\t<div class=\"elementor-spacer-inner\"><\/div>\n\t\t<\/div>\n\t\t\t\t\t\t<\/div>\n\t\t\t\t<\/div>\n\t\t\t\t\t<\/div>\n\t\t<\/div>\n\t\t\t\t\t<\/div>\n\t\t<\/section>\n\t\t\t\t<section class=\"elementor-section elementor-top-section elementor-element elementor-element-4fe10bfa elementor-section-boxed elementor-section-height-default elementor-section-height-default\" data-id=\"4fe10bfa\" data-element_type=\"section\" data-e-type=\"section\">\n\t\t\t\t\t\t<div class=\"elementor-container elementor-column-gap-default\">\n\t\t\t\t\t<div class=\"elementor-column elementor-col-100 elementor-top-column elementor-element elementor-element-1f98bee6\" data-id=\"1f98bee6\" data-element_type=\"column\" data-e-type=\"column\">\n\t\t\t<div class=\"elementor-widget-wrap elementor-element-populated\">\n\t\t\t\t\t\t<div class=\"elementor-element elementor-element-3cfa2068 elementor-widget elementor-widget-text-editor\" data-id=\"3cfa2068\" data-element_type=\"widget\" data-e-type=\"widget\" data-widget_type=\"text-editor.default\">\n\t\t\t\t<div class=\"elementor-widget-container\">\n\t\t\t\t\t\t\t\t\t<h2>O que deves ter em conta ao armazenar mobili\u00e1rio de jardim<\/h2>\n<h3>Armazenamento correto durante os meses de inverno<\/h3>\n<p>Durante os <strong>meses de inverno<\/strong>, \u00e9 particularmente importante guardar corretamente o mobili\u00e1rio de jardim para evitar danos causados pelo <strong>gelo<\/strong> e por grandes <strong>flutua\u00e7\u00f5es de temperatura<\/strong>.<br \/>\nO ideal \u00e9 que os m\u00f3veis de madeira e o polyrattan sejam guardados <strong>num local<\/strong> <strong>seco<\/strong> e <strong>bem ventilado<\/strong>.<br \/>\nOs m\u00f3veis de metal tamb\u00e9m devem ser protegidos da humidade para evitar a <strong>ferrugem<\/strong>.<br \/>\nOs m\u00f3veis de pl\u00e1stico podem ficar no exterior, mas devem ser guardados sob uma cobertura <strong>robusta e resistente \u00e0s intemp\u00e9ries<\/strong>.<br \/>\nAntes de os guardar, \u00e9 aconselh\u00e1vel <strong>limpar bem<\/strong> os m\u00f3veis <strong>e deix\u00e1-los secar<\/strong> para evitar danos.    <\/p>\n\t\t\t\t\t\t\t\t<\/div>\n\t\t\t\t<\/div>\n\t\t\t\t\t<\/div>\n\t\t<\/div>\n\t\t\t\t\t<\/div>\n\t\t<\/section>\n\t\t\t\t<section class=\"elementor-section elementor-top-section elementor-element elementor-element-537d4c7f elementor-section-boxed elementor-section-height-default elementor-section-height-default\" data-id=\"537d4c7f\" data-element_type=\"section\" data-e-type=\"section\">\n\t\t\t\t\t\t<div class=\"elementor-container elementor-column-gap-default\">\n\t\t\t\t\t<div class=\"elementor-column elementor-col-100 elementor-top-column elementor-element elementor-element-3ea360ed\" data-id=\"3ea360ed\" data-element_type=\"column\" data-e-type=\"column\">\n\t\t\t<div class=\"elementor-widget-wrap elementor-element-populated\">\n\t\t\t\t\t\t<div class=\"elementor-element elementor-element-4056ce50 elementor-widget elementor-widget-text-editor\" data-id=\"4056ce50\" data-element_type=\"widget\" data-e-type=\"widget\" data-widget_type=\"text-editor.default\">\n\t\t\t\t<div class=\"elementor-widget-container\">\n\t\t\t\t\t\t\t\t\t<h2>Perguntas frequentes sobre a prote\u00e7\u00e3o do mobili\u00e1rio de jardim<\/h2>\n\t\t\t\t\t\t\t\t<\/div>\n\t\t\t\t<\/div>\n\t\t\t\t<div class=\"elementor-element elementor-element-30df8ff2 elementor-widget elementor-widget-eael-adv-accordion\" data-id=\"30df8ff2\" data-element_type=\"widget\" data-e-type=\"widget\" data-widget_type=\"eael-adv-accordion.default\">\n\t\t\t\t<div class=\"elementor-widget-container\">\n\t\t\t\t\t            <div class=\"eael-adv-accordion\" id=\"eael-adv-accordion-30df8ff2\" data-scroll-on-click=\"no\" data-scroll-speed=\"300\" data-accordion-id=\"30df8ff2\" data-accordion-type=\"accordion\" data-toogle-speed=\"300\">\n            <div class=\"eael-accordion-list\">\n\t\t\t\t\t<div id=\"como-que-posso-cobrir-corretamente-o-meu-mobilirio-de-jardim\" class=\"elementor-tab-title eael-accordion-header\" tabindex=\"0\" data-tab=\"1\" aria-controls=\"elementor-tab-content-8191\"><span class=\"eael-advanced-accordion-icon-closed\"><i aria-hidden=\"true\" class=\"fa-accordion-icon fas fa-plus\"><\/i><\/span><span class=\"eael-advanced-accordion-icon-opened\"><i aria-hidden=\"true\" class=\"fa-accordion-icon fas fa-minus\"><\/i><\/span><span class=\"eael-accordion-tab-title\">Como \u00e9 que posso cobrir corretamente o meu mobili\u00e1rio de jardim?<\/span><i aria-hidden=\"true\" class=\"fa-toggle fas fa-angle-right\"><\/i><\/div><div id=\"elementor-tab-content-8191\" class=\"eael-accordion-content clearfix\" data-tab=\"1\" aria-labelledby=\"como-que-posso-cobrir-corretamente-o-meu-mobilirio-de-jardim\"><p class=\"p1\">Para cobrir corretamente o teu mobili\u00e1rio de jardim, recomendamos a utiliza\u00e7\u00e3o de capas protectoras especiais para o teu mobili\u00e1rio de jardim.<br \/>\nEstas capas s\u00e3o geralmente repelentes de \u00e1gua e protegem contra subst\u00e2ncias nocivas no ar, mantendo o mobili\u00e1rio com bom aspeto durante mais tempo. <\/p>\n<\/div>\n\t\t\t\t\t<\/div><div class=\"eael-accordion-list\">\n\t\t\t\t\t<div id=\"devo-tambm-cobrir-o-meu-mobilirio-de-jardim-no-vero\" class=\"elementor-tab-title eael-accordion-header\" tabindex=\"0\" data-tab=\"2\" aria-controls=\"elementor-tab-content-8192\"><span class=\"eael-advanced-accordion-icon-closed\"><i aria-hidden=\"true\" class=\"fa-accordion-icon fas fa-plus\"><\/i><\/span><span class=\"eael-advanced-accordion-icon-opened\"><i aria-hidden=\"true\" class=\"fa-accordion-icon fas fa-minus\"><\/i><\/span><span class=\"eael-accordion-tab-title\">Devo tamb\u00e9m cobrir o meu mobili\u00e1rio de jardim no ver\u00e3o?<\/span><i aria-hidden=\"true\" class=\"fa-toggle fas fa-angle-right\"><\/i><\/div><div id=\"elementor-tab-content-8192\" class=\"eael-accordion-content clearfix\" data-tab=\"2\" aria-labelledby=\"devo-tambm-cobrir-o-meu-mobilirio-de-jardim-no-vero\"><p class=\"p1\">Tamb\u00e9m pode ser \u00fatil utilizar coberturas protectoras para o seu mobili\u00e1rio de jardim no ver\u00e3o, especialmente com mau tempo ou se o mobili\u00e1rio for deixado no exterior sem utiliza\u00e7\u00e3o durante muito tempo.<br \/>\nAssim, protege o mobili\u00e1rio da humidade intensa e das intemp\u00e9ries. <\/p>\n<\/div>\n\t\t\t\t\t<\/div><div class=\"eael-accordion-list\">\n\t\t\t\t\t<div id=\"quais-so-as-vantagens-de-selar-o-mobilirio-de-jardim\" class=\"elementor-tab-title eael-accordion-header\" tabindex=\"0\" data-tab=\"3\" aria-controls=\"elementor-tab-content-8193\"><span class=\"eael-advanced-accordion-icon-closed\"><i aria-hidden=\"true\" class=\"fa-accordion-icon fas fa-plus\"><\/i><\/span><span class=\"eael-advanced-accordion-icon-opened\"><i aria-hidden=\"true\" class=\"fa-accordion-icon fas fa-minus\"><\/i><\/span><span class=\"eael-accordion-tab-title\">Quais s\u00e3o as vantagens de selar o mobili\u00e1rio de jardim?<\/span><i aria-hidden=\"true\" class=\"fa-toggle fas fa-angle-right\"><\/i><\/div><div id=\"elementor-tab-content-8193\" class=\"eael-accordion-content clearfix\" data-tab=\"3\" aria-labelledby=\"quais-so-as-vantagens-de-selar-o-mobilirio-de-jardim\"><p class=\"p1\">A impermeabiliza\u00e7\u00e3o do mobili\u00e1rio de jardim pode prolongar a sua vida \u00fatil, tornando-o mais resistente \u00e0 \u00e1gua, \u00e0 humidade elevada e aos poluentes do ar.<br \/>\nIsto \u00e9 especialmente verdade para o mobili\u00e1rio de jardim em madeira e teca. <\/p>\n<\/div>\n\t\t\t\t\t<\/div><div class=\"eael-accordion-list\">\n\t\t\t\t\t<div id=\"o-mobilirio-de-jardim-em-plstico-resistente-s-intempries\" class=\"elementor-tab-title eael-accordion-header\" tabindex=\"0\" data-tab=\"4\" aria-controls=\"elementor-tab-content-8194\"><span class=\"eael-advanced-accordion-icon-closed\"><i aria-hidden=\"true\" class=\"fa-accordion-icon fas fa-plus\"><\/i><\/span><span class=\"eael-advanced-accordion-icon-opened\"><i aria-hidden=\"true\" class=\"fa-accordion-icon fas fa-minus\"><\/i><\/span><span class=\"eael-accordion-tab-title\">O mobili\u00e1rio de jardim em pl\u00e1stico \u00e9 resistente \u00e0s intemp\u00e9ries?<\/span><i aria-hidden=\"true\" class=\"fa-toggle fas fa-angle-right\"><\/i><\/div><div id=\"elementor-tab-content-8194\" class=\"eael-accordion-content clearfix\" data-tab=\"4\" aria-labelledby=\"o-mobilirio-de-jardim-em-plstico-resistente-s-intempries\"><p class=\"p1\">Sim, o mobili\u00e1rio de jardim em pl\u00e1stico \u00e9 geralmente resistente \u00e0s intemp\u00e9ries e \u00e0 maioria das condi\u00e7\u00f5es climat\u00e9ricas.<br \/>\nNo entanto, um vedante e uma cobertura protetora adicionais podem prolongar a sua vida \u00fatil e evitar danos. <\/p>\n<\/div>\n\t\t\t\t\t<\/div><div class=\"eael-accordion-list\">\n\t\t\t\t\t<div id=\"como-que-cuido-do-mobilirio-de-jardim-em-metal\" class=\"elementor-tab-title eael-accordion-header\" tabindex=\"0\" data-tab=\"5\" aria-controls=\"elementor-tab-content-8195\"><span class=\"eael-advanced-accordion-icon-closed\"><i aria-hidden=\"true\" class=\"fa-accordion-icon fas fa-plus\"><\/i><\/span><span class=\"eael-advanced-accordion-icon-opened\"><i aria-hidden=\"true\" class=\"fa-accordion-icon fas fa-minus\"><\/i><\/span><span class=\"eael-accordion-tab-title\">Como \u00e9 que cuido do mobili\u00e1rio de jardim em metal?<\/span><i aria-hidden=\"true\" class=\"fa-toggle fas fa-angle-right\"><\/i><\/div><div id=\"elementor-tab-content-8195\" class=\"eael-accordion-content clearfix\" data-tab=\"5\" aria-labelledby=\"como-que-cuido-do-mobilirio-de-jardim-em-metal\"><p class=\"p1\">O mobili\u00e1rio de jardim em metal deve ser limpo regularmente e revestido de novo, se necess\u00e1rio, para evitar a ferrugem.<br \/>\nAs capas de prote\u00e7\u00e3o tamb\u00e9m podem ajudar a proteger o mobili\u00e1rio das intemp\u00e9ries e da chuva forte. <\/p>\n<\/div>\n\t\t\t\t\t<\/div><div class=\"eael-accordion-list\">\n\t\t\t\t\t<div id=\"o-que-devo-ter-em-conta-ao-revestir-os-estofos\" class=\"elementor-tab-title eael-accordion-header\" tabindex=\"0\" data-tab=\"6\" aria-controls=\"elementor-tab-content-8196\"><span class=\"eael-advanced-accordion-icon-closed\"><i aria-hidden=\"true\" class=\"fa-accordion-icon fas fa-plus\"><\/i><\/span><span class=\"eael-advanced-accordion-icon-opened\"><i aria-hidden=\"true\" class=\"fa-accordion-icon fas fa-minus\"><\/i><\/span><span class=\"eael-accordion-tab-title\">O que devo ter em conta ao revestir os estofos?<\/span><i aria-hidden=\"true\" class=\"fa-toggle fas fa-angle-right\"><\/i><\/div><div id=\"elementor-tab-content-8196\" class=\"eael-accordion-content clearfix\" data-tab=\"6\" aria-labelledby=\"o-que-devo-ter-em-conta-ao-revestir-os-estofos\"><p class=\"p1\">Os estofos devem ser mantidos sempre secos para evitar a forma\u00e7\u00e3o de bolor.<br \/>\nUma capa \u00e0 prova de intemp\u00e9ries pode ajudar a proteg\u00ea-los da humidade e da sujidade quando n\u00e3o est\u00e3o a ser utilizados. <\/p>\n<\/div>\n\t\t\t\t\t<\/div><\/div>\t\t\t\t<\/div>\n\t\t\t\t<\/div>\n\t\t\t\t\t<\/div>\n\t\t<\/div>\n\t\t\t\t\t<\/div>\n\t\t<\/section>\n\t\t\t\t<section class=\"elementor-section elementor-top-section elementor-element elementor-element-6355b863 elementor-section-boxed elementor-section-height-default elementor-section-height-default\" data-id=\"6355b863\" data-element_type=\"section\" data-e-type=\"section\">\n\t\t\t\t\t\t<div class=\"elementor-container elementor-column-gap-default\">\n\t\t\t\t\t<div class=\"elementor-column elementor-col-100 elementor-top-column elementor-element elementor-element-435e198e\" data-id=\"435e198e\" data-element_type=\"column\" data-e-type=\"column\">\n\t\t\t<div class=\"elementor-widget-wrap elementor-element-populated\">\n\t\t\t\t\t\t<div class=\"elementor-element elementor-element-60cb54bb elementor-widget elementor-widget-shortcode\" data-id=\"60cb54bb\" data-element_type=\"widget\" data-e-type=\"widget\" data-widget_type=\"shortcode.default\">\n\t\t\t\t<div class=\"elementor-widget-container\">\n\t\t\t\t\t\t\t<div class=\"elementor-shortcode\"><\/div>\n\t\t\t\t\t\t<\/div>\n\t\t\t\t<\/div>\n\t\t\t\t\t<\/div>\n\t\t<\/div>\n\t\t\t\t\t<\/div>\n\t\t<\/section>\n\t\t\t\t<\/div>\n\t\t","protected":false},"excerpt":{"rendered":"<p>Neste artigo, explicaremos as diferentes op\u00e7\u00f5es e materiais para te ajudar a proteger corretamente o teu mobili\u00e1rio de jardim.<\/p>\n","protected":false},"author":917,"featured_media":170415,"parent":34643,"menu_order":0,"comment_status":"closed","ping_status":"closed","template":"elementor_header_footer","meta":{"_acf_changed":false,"neve_meta_sidebar":"","neve_meta_container":"","neve_meta_enable_content_width":"","neve_meta_content_width":0,"neve_meta_title_alignment":"","neve_meta_author_avatar":"","neve_post_elements_order":"","neve_meta_disable_header":"","neve_meta_disable_footer":"","neve_meta_disable_title":"","neve_meta_reading_time":"","footnotes":""},"categories":[3600,3499],"seiten_kategorie":[],"class_list":["post-171078","page","type-page","status-publish","has-post-thumbnail","hentry","category-casa-e-jardim","category-artigo-de-aconselhamento-revista"],"acf":[],"yoast_head":"<!-- This site is optimized with the Yoast SEO Premium plugin v22.8 (Yoast SEO v27.5) - https:\/\/yoast.com\/product\/yoast-seo-premium-wordpress\/ -->\n<title>Cobrir ou selar o mobili\u00e1rio de jardim? Protege bem o teu mobili\u00e1rio de jardim! - versiegelung24.com<\/title>\n<meta name=\"description\" content=\"Descobre aqui porque \u00e9 que \u00e9 melhor selar o mobili\u00e1rio de jardim em vez de simplesmente o cobrir. Conselhos sobre cuidados e prote\u00e7\u00e3o contra o vento e as intemp\u00e9ries.\" \/>\n<meta name=\"robots\" content=\"index, follow, max-snippet:-1, max-image-preview:large, max-video-preview:-1\" \/>\n<link rel=\"canonical\" href=\"https:\/\/www.versiegelung24.com\/pt-pt\/guia-para-os-produtos-da-versiegelung24\/know-how\/revestimento-ou-selagem-de-mobiliario-de-jardim\/\" \/>\n<meta property=\"og:locale\" content=\"pt_PT\" \/>\n<meta property=\"og:type\" content=\"article\" \/>\n<meta property=\"og:title\" content=\"Cobrir ou selar o mobili\u00e1rio de jardim? Protege bem o teu mobili\u00e1rio de jardim!\" \/>\n<meta property=\"og:description\" content=\"Descobre aqui porque \u00e9 que \u00e9 melhor selar o mobili\u00e1rio de jardim em vez de simplesmente o cobrir. Conselhos sobre cuidados e prote\u00e7\u00e3o contra o vento e as intemp\u00e9ries.\" \/>\n<meta property=\"og:url\" content=\"https:\/\/www.versiegelung24.com\/pt-pt\/guia-para-os-produtos-da-versiegelung24\/know-how\/revestimento-ou-selagem-de-mobiliario-de-jardim\/\" \/>\n<meta property=\"og:site_name\" content=\"versiegelung24.com\" \/>\n<meta property=\"article:modified_time\" content=\"2024-09-01T16:15:40+00:00\" \/>\n<meta property=\"og:image\" content=\"https:\/\/www.versiegelung24.com\/wp-content\/uploads\/2024\/07\/wooden-garden-furniture-in-garden.jpg\" \/>\n\t<meta property=\"og:image:width\" content=\"2000\" \/>\n\t<meta property=\"og:image:height\" content=\"1258\" \/>\n\t<meta property=\"og:image:type\" content=\"image\/jpeg\" \/>\n<meta name=\"twitter:card\" content=\"summary_large_image\" \/>\n<meta name=\"twitter:label1\" content=\"Tempo estimado de leitura\" \/>\n\t<meta name=\"twitter:data1\" content=\"7 minutos\" \/>\n<script type=\"application\/ld+json\" class=\"yoast-schema-graph\">{\"@context\":\"https:\\\/\\\/schema.org\",\"@graph\":[{\"@type\":\"WebPage\",\"@id\":\"https:\\\/\\\/www.versiegelung24.com\\\/pt-pt\\\/guia-para-os-produtos-da-versiegelung24\\\/know-how\\\/revestimento-ou-selagem-de-mobiliario-de-jardim\\\/\",\"url\":\"https:\\\/\\\/www.versiegelung24.com\\\/pt-pt\\\/guia-para-os-produtos-da-versiegelung24\\\/know-how\\\/revestimento-ou-selagem-de-mobiliario-de-jardim\\\/\",\"name\":\"Cobrir ou selar o mobili\u00e1rio de jardim? Protege bem o teu mobili\u00e1rio de jardim! - versiegelung24.com\",\"isPartOf\":{\"@id\":\"https:\\\/\\\/www.versiegelung24.com\\\/pt-pt\\\/#website\"},\"primaryImageOfPage\":{\"@id\":\"https:\\\/\\\/www.versiegelung24.com\\\/pt-pt\\\/guia-para-os-produtos-da-versiegelung24\\\/know-how\\\/revestimento-ou-selagem-de-mobiliario-de-jardim\\\/#primaryimage\"},\"image\":{\"@id\":\"https:\\\/\\\/www.versiegelung24.com\\\/pt-pt\\\/guia-para-os-produtos-da-versiegelung24\\\/know-how\\\/revestimento-ou-selagem-de-mobiliario-de-jardim\\\/#primaryimage\"},\"thumbnailUrl\":\"https:\\\/\\\/www.versiegelung24.com\\\/wp-content\\\/uploads\\\/2024\\\/07\\\/wooden-garden-furniture-in-garden.jpg\",\"datePublished\":\"2024-08-07T08:19:22+00:00\",\"dateModified\":\"2024-09-01T16:15:40+00:00\",\"description\":\"Descobre aqui porque \u00e9 que \u00e9 melhor selar o mobili\u00e1rio de jardim em vez de simplesmente o cobrir. Conselhos sobre cuidados e prote\u00e7\u00e3o contra o vento e as intemp\u00e9ries.\",\"breadcrumb\":{\"@id\":\"https:\\\/\\\/www.versiegelung24.com\\\/pt-pt\\\/guia-para-os-produtos-da-versiegelung24\\\/know-how\\\/revestimento-ou-selagem-de-mobiliario-de-jardim\\\/#breadcrumb\"},\"inLanguage\":\"pt-PT\",\"potentialAction\":[{\"@type\":\"ReadAction\",\"target\":[\"https:\\\/\\\/www.versiegelung24.com\\\/pt-pt\\\/guia-para-os-produtos-da-versiegelung24\\\/know-how\\\/revestimento-ou-selagem-de-mobiliario-de-jardim\\\/\"]}]},{\"@type\":\"ImageObject\",\"inLanguage\":\"pt-PT\",\"@id\":\"https:\\\/\\\/www.versiegelung24.com\\\/pt-pt\\\/guia-para-os-produtos-da-versiegelung24\\\/know-how\\\/revestimento-ou-selagem-de-mobiliario-de-jardim\\\/#primaryimage\",\"url\":\"https:\\\/\\\/www.versiegelung24.com\\\/wp-content\\\/uploads\\\/2024\\\/07\\\/wooden-garden-furniture-in-garden.jpg\",\"contentUrl\":\"https:\\\/\\\/www.versiegelung24.com\\\/wp-content\\\/uploads\\\/2024\\\/07\\\/wooden-garden-furniture-in-garden.jpg\",\"width\":2000,\"height\":1258,\"caption\":\"wooden garden furniture in garden\"},{\"@type\":\"BreadcrumbList\",\"@id\":\"https:\\\/\\\/www.versiegelung24.com\\\/pt-pt\\\/guia-para-os-produtos-da-versiegelung24\\\/know-how\\\/revestimento-ou-selagem-de-mobiliario-de-jardim\\\/#breadcrumb\",\"itemListElement\":[{\"@type\":\"ListItem\",\"position\":1,\"name\":\"P\u00e1gina inicial\",\"item\":\"https:\\\/\\\/www.versiegelung24.com\\\/pt-pt\\\/frente\\\/\"},{\"@type\":\"ListItem\",\"position\":2,\"name\":\"Conselheiro\",\"item\":\"https:\\\/\\\/www.versiegelung24.com\\\/pt-pt\\\/ratgeber\\\/\"},{\"@type\":\"ListItem\",\"position\":3,\"name\":\"Revista\",\"item\":\"https:\\\/\\\/www.versiegelung24.com\\\/pt-pt\\\/ratgeber\\\/magazin\\\/\"},{\"@type\":\"ListItem\",\"position\":4,\"name\":\"Cobrir ou selar o mobili\u00e1rio de jardim? Protege bem o teu mobili\u00e1rio de jardim!\"}]},{\"@type\":\"WebSite\",\"@id\":\"https:\\\/\\\/www.versiegelung24.com\\\/pt-pt\\\/#website\",\"url\":\"https:\\\/\\\/www.versiegelung24.com\\\/pt-pt\\\/\",\"name\":\"versiegelung24.com\",\"description\":\"Fl\u00fcssigglas-Versiegelung - Made in Germany\",\"publisher\":{\"@id\":\"https:\\\/\\\/www.versiegelung24.com\\\/pt-pt\\\/#organization\"},\"potentialAction\":[{\"@type\":\"SearchAction\",\"target\":{\"@type\":\"EntryPoint\",\"urlTemplate\":\"https:\\\/\\\/www.versiegelung24.com\\\/pt-pt\\\/?s={search_term_string}\"},\"query-input\":{\"@type\":\"PropertyValueSpecification\",\"valueRequired\":true,\"valueName\":\"search_term_string\"}}],\"inLanguage\":\"pt-PT\"},{\"@type\":\"Organization\",\"@id\":\"https:\\\/\\\/www.versiegelung24.com\\\/pt-pt\\\/#organization\",\"name\":\"versiegelung24\",\"url\":\"https:\\\/\\\/www.versiegelung24.com\\\/pt-pt\\\/\",\"logo\":{\"@type\":\"ImageObject\",\"inLanguage\":\"pt-PT\",\"@id\":\"https:\\\/\\\/www.versiegelung24.com\\\/pt-pt\\\/#\\\/schema\\\/logo\\\/image\\\/\",\"url\":\"https:\\\/\\\/www.versiegelung24.com\\\/wp-content\\\/uploads\\\/2020\\\/04\\\/versiegelung24.png\",\"contentUrl\":\"https:\\\/\\\/www.versiegelung24.com\\\/wp-content\\\/uploads\\\/2020\\\/04\\\/versiegelung24.png\",\"width\":470,\"height\":102,\"caption\":\"versiegelung24\"},\"image\":{\"@id\":\"https:\\\/\\\/www.versiegelung24.com\\\/pt-pt\\\/#\\\/schema\\\/logo\\\/image\\\/\"}}]}<\/script>\n<!-- \/ Yoast SEO Premium plugin. -->","yoast_head_json":{"title":"Cobrir ou selar o mobili\u00e1rio de jardim? Protege bem o teu mobili\u00e1rio de jardim! - versiegelung24.com","description":"Descobre aqui porque \u00e9 que \u00e9 melhor selar o mobili\u00e1rio de jardim em vez de simplesmente o cobrir. Conselhos sobre cuidados e prote\u00e7\u00e3o contra o vento e as intemp\u00e9ries.","robots":{"index":"index","follow":"follow","max-snippet":"max-snippet:-1","max-image-preview":"max-image-preview:large","max-video-preview":"max-video-preview:-1"},"canonical":"https:\/\/www.versiegelung24.com\/pt-pt\/guia-para-os-produtos-da-versiegelung24\/know-how\/revestimento-ou-selagem-de-mobiliario-de-jardim\/","og_locale":"pt_PT","og_type":"article","og_title":"Cobrir ou selar o mobili\u00e1rio de jardim? Protege bem o teu mobili\u00e1rio de jardim!","og_description":"Descobre aqui porque \u00e9 que \u00e9 melhor selar o mobili\u00e1rio de jardim em vez de simplesmente o cobrir. Conselhos sobre cuidados e prote\u00e7\u00e3o contra o vento e as intemp\u00e9ries.","og_url":"https:\/\/www.versiegelung24.com\/pt-pt\/guia-para-os-produtos-da-versiegelung24\/know-how\/revestimento-ou-selagem-de-mobiliario-de-jardim\/","og_site_name":"versiegelung24.com","article_modified_time":"2024-09-01T16:15:40+00:00","og_image":[{"width":2000,"height":1258,"url":"https:\/\/www.versiegelung24.com\/wp-content\/uploads\/2024\/07\/wooden-garden-furniture-in-garden.jpg","type":"image\/jpeg"}],"twitter_card":"summary_large_image","twitter_misc":{"Tempo estimado de leitura":"7 minutos"},"schema":{"@context":"https:\/\/schema.org","@graph":[{"@type":"WebPage","@id":"https:\/\/www.versiegelung24.com\/pt-pt\/guia-para-os-produtos-da-versiegelung24\/know-how\/revestimento-ou-selagem-de-mobiliario-de-jardim\/","url":"https:\/\/www.versiegelung24.com\/pt-pt\/guia-para-os-produtos-da-versiegelung24\/know-how\/revestimento-ou-selagem-de-mobiliario-de-jardim\/","name":"Cobrir ou selar o mobili\u00e1rio de jardim? Protege bem o teu mobili\u00e1rio de jardim! - versiegelung24.com","isPartOf":{"@id":"https:\/\/www.versiegelung24.com\/pt-pt\/#website"},"primaryImageOfPage":{"@id":"https:\/\/www.versiegelung24.com\/pt-pt\/guia-para-os-produtos-da-versiegelung24\/know-how\/revestimento-ou-selagem-de-mobiliario-de-jardim\/#primaryimage"},"image":{"@id":"https:\/\/www.versiegelung24.com\/pt-pt\/guia-para-os-produtos-da-versiegelung24\/know-how\/revestimento-ou-selagem-de-mobiliario-de-jardim\/#primaryimage"},"thumbnailUrl":"https:\/\/www.versiegelung24.com\/wp-content\/uploads\/2024\/07\/wooden-garden-furniture-in-garden.jpg","datePublished":"2024-08-07T08:19:22+00:00","dateModified":"2024-09-01T16:15:40+00:00","description":"Descobre aqui porque \u00e9 que \u00e9 melhor selar o mobili\u00e1rio de jardim em vez de simplesmente o cobrir. Conselhos sobre cuidados e prote\u00e7\u00e3o contra o vento e as intemp\u00e9ries.","breadcrumb":{"@id":"https:\/\/www.versiegelung24.com\/pt-pt\/guia-para-os-produtos-da-versiegelung24\/know-how\/revestimento-ou-selagem-de-mobiliario-de-jardim\/#breadcrumb"},"inLanguage":"pt-PT","potentialAction":[{"@type":"ReadAction","target":["https:\/\/www.versiegelung24.com\/pt-pt\/guia-para-os-produtos-da-versiegelung24\/know-how\/revestimento-ou-selagem-de-mobiliario-de-jardim\/"]}]},{"@type":"ImageObject","inLanguage":"pt-PT","@id":"https:\/\/www.versiegelung24.com\/pt-pt\/guia-para-os-produtos-da-versiegelung24\/know-how\/revestimento-ou-selagem-de-mobiliario-de-jardim\/#primaryimage","url":"https:\/\/www.versiegelung24.com\/wp-content\/uploads\/2024\/07\/wooden-garden-furniture-in-garden.jpg","contentUrl":"https:\/\/www.versiegelung24.com\/wp-content\/uploads\/2024\/07\/wooden-garden-furniture-in-garden.jpg","width":2000,"height":1258,"caption":"wooden garden furniture in garden"},{"@type":"BreadcrumbList","@id":"https:\/\/www.versiegelung24.com\/pt-pt\/guia-para-os-produtos-da-versiegelung24\/know-how\/revestimento-ou-selagem-de-mobiliario-de-jardim\/#breadcrumb","itemListElement":[{"@type":"ListItem","position":1,"name":"P\u00e1gina inicial","item":"https:\/\/www.versiegelung24.com\/pt-pt\/frente\/"},{"@type":"ListItem","position":2,"name":"Conselheiro","item":"https:\/\/www.versiegelung24.com\/pt-pt\/ratgeber\/"},{"@type":"ListItem","position":3,"name":"Revista","item":"https:\/\/www.versiegelung24.com\/pt-pt\/ratgeber\/magazin\/"},{"@type":"ListItem","position":4,"name":"Cobrir ou selar o mobili\u00e1rio de jardim? Protege bem o teu mobili\u00e1rio de jardim!"}]},{"@type":"WebSite","@id":"https:\/\/www.versiegelung24.com\/pt-pt\/#website","url":"https:\/\/www.versiegelung24.com\/pt-pt\/","name":"versiegelung24.com","description":"Fl\u00fcssigglas-Versiegelung - Made in Germany","publisher":{"@id":"https:\/\/www.versiegelung24.com\/pt-pt\/#organization"},"potentialAction":[{"@type":"SearchAction","target":{"@type":"EntryPoint","urlTemplate":"https:\/\/www.versiegelung24.com\/pt-pt\/?s={search_term_string}"},"query-input":{"@type":"PropertyValueSpecification","valueRequired":true,"valueName":"search_term_string"}}],"inLanguage":"pt-PT"},{"@type":"Organization","@id":"https:\/\/www.versiegelung24.com\/pt-pt\/#organization","name":"versiegelung24","url":"https:\/\/www.versiegelung24.com\/pt-pt\/","logo":{"@type":"ImageObject","inLanguage":"pt-PT","@id":"https:\/\/www.versiegelung24.com\/pt-pt\/#\/schema\/logo\/image\/","url":"https:\/\/www.versiegelung24.com\/wp-content\/uploads\/2020\/04\/versiegelung24.png","contentUrl":"https:\/\/www.versiegelung24.com\/wp-content\/uploads\/2020\/04\/versiegelung24.png","width":470,"height":102,"caption":"versiegelung24"},"image":{"@id":"https:\/\/www.versiegelung24.com\/pt-pt\/#\/schema\/logo\/image\/"}}]}},"_links":{"self":[{"href":"https:\/\/www.versiegelung24.com\/pt-pt\/wp-json\/wp\/v2\/pages\/171078","targetHints":{"allow":["GET"]}}],"collection":[{"href":"https:\/\/www.versiegelung24.com\/pt-pt\/wp-json\/wp\/v2\/pages"}],"about":[{"href":"https:\/\/www.versiegelung24.com\/pt-pt\/wp-json\/wp\/v2\/types\/page"}],"author":[{"embeddable":true,"href":"https:\/\/www.versiegelung24.com\/pt-pt\/wp-json\/wp\/v2\/users\/917"}],"replies":[{"embeddable":true,"href":"https:\/\/www.versiegelung24.com\/pt-pt\/wp-json\/wp\/v2\/comments?post=171078"}],"version-history":[{"count":2,"href":"https:\/\/www.versiegelung24.com\/pt-pt\/wp-json\/wp\/v2\/pages\/171078\/revisions"}],"predecessor-version":[{"id":172601,"href":"https:\/\/www.versiegelung24.com\/pt-pt\/wp-json\/wp\/v2\/pages\/171078\/revisions\/172601"}],"up":[{"embeddable":true,"href":"https:\/\/www.versiegelung24.com\/pt-pt\/wp-json\/wp\/v2\/pages\/34643"}],"wp:featuredmedia":[{"embeddable":true,"href":"https:\/\/www.versiegelung24.com\/pt-pt\/wp-json\/wp\/v2\/media\/170415"}],"wp:attachment":[{"href":"https:\/\/www.versiegelung24.com\/pt-pt\/wp-json\/wp\/v2\/media?parent=171078"}],"wp:term":[{"taxonomy":"category","embeddable":true,"href":"https:\/\/www.versiegelung24.com\/pt-pt\/wp-json\/wp\/v2\/categories?post=171078"},{"taxonomy":"seiten_kategorie","embeddable":true,"href":"https:\/\/www.versiegelung24.com\/pt-pt\/wp-json\/wp\/v2\/seiten_kategorie?post=171078"}],"curies":[{"name":"wp","href":"https:\/\/api.w.org\/{rel}","templated":true}]}}