{"id":176001,"date":"2024-10-09T13:46:05","date_gmt":"2024-10-09T11:46:05","guid":{"rendered":"https:\/\/www.versiegelung24.com\/guia-para-os-produtos-da-versiegelung24\/know-how\/protecao-uv-com-vedantes\/"},"modified":"2025-01-06T14:57:08","modified_gmt":"2025-01-06T13:57:08","slug":"protecao-uv-com-vedantes","status":"publish","type":"page","link":"https:\/\/www.versiegelung24.com\/pt-pt\/guia-para-os-produtos-da-versiegelung24\/know-how\/protecao-uv-com-vedantes\/","title":{"rendered":"Prote\u00e7\u00e3o UV para selantes: Prote\u00e7\u00e3o eficaz para as tuas superf\u00edcies"},"content":{"rendered":"\t\t<div data-elementor-type=\"wp-page\" data-elementor-id=\"176001\" class=\"elementor elementor-176001 elementor-174562\" data-elementor-post-type=\"page\">\n\t\t\t\t\t\t<section class=\"elementor-section elementor-top-section elementor-element elementor-element-66a7b8d5 elementor-section-height-min-height elementor-section-stretched elementor-section-boxed elementor-section-height-default elementor-section-items-middle\" data-id=\"66a7b8d5\" data-element_type=\"section\" data-e-type=\"section\" data-settings=\"{&quot;background_background&quot;:&quot;classic&quot;,&quot;stretch_section&quot;:&quot;section-stretched&quot;}\">\n\t\t\t\t\t\t\t<div class=\"elementor-background-overlay\"><\/div>\n\t\t\t\t\t\t\t<div class=\"elementor-container elementor-column-gap-default\">\n\t\t\t\t\t<div class=\"elementor-column elementor-col-50 elementor-top-column elementor-element elementor-element-5998096\" data-id=\"5998096\" data-element_type=\"column\" data-e-type=\"column\">\n\t\t\t<div class=\"elementor-widget-wrap elementor-element-populated\">\n\t\t\t\t\t\t\t<\/div>\n\t\t<\/div>\n\t\t\t\t<div class=\"elementor-column elementor-col-50 elementor-top-column elementor-element elementor-element-e374820 elementor-hidden-mobile\" data-id=\"e374820\" data-element_type=\"column\" data-e-type=\"column\">\n\t\t\t<div class=\"elementor-widget-wrap\">\n\t\t\t\t\t\t\t<\/div>\n\t\t<\/div>\n\t\t\t\t\t<\/div>\n\t\t<\/section>\n\t\t\t\t<section class=\"elementor-section elementor-top-section elementor-element elementor-element-6ba9455d elementor-section-boxed elementor-section-height-default elementor-section-height-default\" data-id=\"6ba9455d\" data-element_type=\"section\" data-e-type=\"section\">\n\t\t\t\t\t\t<div class=\"elementor-container elementor-column-gap-default\">\n\t\t\t\t\t<div class=\"elementor-column elementor-col-100 elementor-top-column elementor-element elementor-element-5aecc8cf\" data-id=\"5aecc8cf\" data-element_type=\"column\" data-e-type=\"column\">\n\t\t\t<div class=\"elementor-widget-wrap elementor-element-populated\">\n\t\t\t\t\t\t<div class=\"elementor-element elementor-element-6fb27548 elementor-widget elementor-widget-breadcrumbs\" data-id=\"6fb27548\" data-element_type=\"widget\" data-e-type=\"widget\" data-widget_type=\"breadcrumbs.default\">\n\t\t\t\t<div class=\"elementor-widget-container\">\n\t\t\t\t\t<p id=\"breadcrumbs\"><span><span><a href=\"https:\/\/www.versiegelung24.com\/pt-pt\/frente\/\">P\u00e1gina inicial<\/a><\/span><\/span><\/p>\t\t\t\t<\/div>\n\t\t\t\t<\/div>\n\t\t\t\t\t<\/div>\n\t\t<\/div>\n\t\t\t\t\t<\/div>\n\t\t<\/section>\n\t\t\t\t<section class=\"elementor-section elementor-top-section elementor-element elementor-element-69390617 elementor-section-boxed elementor-section-height-default elementor-section-height-default\" data-id=\"69390617\" data-element_type=\"section\" data-e-type=\"section\">\n\t\t\t\t\t\t<div class=\"elementor-container elementor-column-gap-default\">\n\t\t\t\t\t<div class=\"elementor-column elementor-col-100 elementor-top-column elementor-element elementor-element-679838ba\" data-id=\"679838ba\" data-element_type=\"column\" data-e-type=\"column\">\n\t\t\t<div class=\"elementor-widget-wrap elementor-element-populated\">\n\t\t\t\t\t\t<div class=\"elementor-element elementor-element-1a3453f8 elementor-widget elementor-widget-text-editor\" data-id=\"1a3453f8\" data-element_type=\"widget\" data-e-type=\"widget\" data-widget_type=\"text-editor.default\">\n\t\t\t\t<div class=\"elementor-widget-container\">\n\t\t\t\t\t\t\t\t\t<p>Os nossos vedantes de alta qualidade n\u00e3o s\u00f3 oferecem prote\u00e7\u00e3o contra a sujidade, a \u00e1gua e outras influ\u00eancias ambientais, mas tamb\u00e9m contra a radia\u00e7\u00e3o UV prejudicial. As superf\u00edcies que est\u00e3o permanentemente expostas ao sol &#8211; como telhados, fachadas, superf\u00edcies de vidro ou mesmo cer\u00e2mica &#8211; requerem uma prote\u00e7\u00e3o especial para se manterem intactas e visualmente atraentes a longo prazo. \u00c9 exatamente aqui que os nossos vedantes entram em a\u00e7\u00e3o.  <\/p>\n\t\t\t\t\t\t\t\t<\/div>\n\t\t\t\t<\/div>\n\t\t\t\t<div class=\"elementor-element elementor-element-aa0ecbc elementor-toc--minimized-on-tablet elementor-widget elementor-widget-table-of-contents\" data-id=\"aa0ecbc\" data-element_type=\"widget\" data-e-type=\"widget\" data-settings=\"{&quot;headings_by_tags&quot;:[&quot;h2&quot;,&quot;h3&quot;],&quot;exclude_headings_by_selector&quot;:[],&quot;no_headings_message&quot;:&quot;No headings were found on this page.&quot;,&quot;marker_view&quot;:&quot;numbers&quot;,&quot;minimize_box&quot;:&quot;yes&quot;,&quot;minimized_on&quot;:&quot;tablet&quot;,&quot;hierarchical_view&quot;:&quot;yes&quot;,&quot;min_height&quot;:{&quot;unit&quot;:&quot;px&quot;,&quot;size&quot;:&quot;&quot;,&quot;sizes&quot;:[]},&quot;min_height_tablet&quot;:{&quot;unit&quot;:&quot;px&quot;,&quot;size&quot;:&quot;&quot;,&quot;sizes&quot;:[]},&quot;min_height_mobile&quot;:{&quot;unit&quot;:&quot;px&quot;,&quot;size&quot;:&quot;&quot;,&quot;sizes&quot;:[]}}\" data-widget_type=\"table-of-contents.default\">\n\t\t\t\t<div class=\"elementor-widget-container\">\n\t\t\t\t\t\t\t\t\t<div class=\"elementor-toc__header\">\n\t\t\t\t\t\t<h2 class=\"elementor-toc__header-title\">\n\t\t\t\t\u00cdndice\t\t\t<\/h2>\n\t\t\t\t\t\t\t\t\t\t<div class=\"elementor-toc__toggle-button elementor-toc__toggle-button--expand\" role=\"button\" tabindex=\"0\" aria-controls=\"elementor-toc__aa0ecbc\" aria-expanded=\"true\" aria-label=\"Open table of contents\"><i aria-hidden=\"true\" class=\"fas fa-chevron-down\"><\/i><\/div>\n\t\t\t\t<div class=\"elementor-toc__toggle-button elementor-toc__toggle-button--collapse\" role=\"button\" tabindex=\"0\" aria-controls=\"elementor-toc__aa0ecbc\" aria-expanded=\"true\" aria-label=\"Close table of contents\"><i aria-hidden=\"true\" class=\"fas fa-chevron-up\"><\/i><\/div>\n\t\t\t\t\t<\/div>\n\t\t\t\t<div id=\"elementor-toc__aa0ecbc\" class=\"elementor-toc__body\">\n\t\t\t<div class=\"elementor-toc__spinner-container\">\n\t\t\t\t<i class=\"elementor-toc__spinner eicon-animation-spin eicon-loading\" aria-hidden=\"true\"><\/i>\t\t\t<\/div>\n\t\t<\/div>\n\t\t\t\t\t\t<\/div>\n\t\t\t\t<\/div>\n\t\t\t\t\t<\/div>\n\t\t<\/div>\n\t\t\t\t\t<\/div>\n\t\t<\/section>\n\t\t\t\t<section class=\"elementor-section elementor-top-section elementor-element elementor-element-6b58ca54 elementor-section-boxed elementor-section-height-default elementor-section-height-default\" data-id=\"6b58ca54\" data-element_type=\"section\" data-e-type=\"section\">\n\t\t\t\t\t\t<div class=\"elementor-container elementor-column-gap-default\">\n\t\t\t\t\t<div class=\"elementor-column elementor-col-100 elementor-top-column elementor-element elementor-element-7b1cf13a\" data-id=\"7b1cf13a\" data-element_type=\"column\" data-e-type=\"column\">\n\t\t\t<div class=\"elementor-widget-wrap elementor-element-populated\">\n\t\t\t\t\t\t<div class=\"elementor-element elementor-element-603676fd elementor-widget elementor-widget-text-editor\" data-id=\"603676fd\" data-element_type=\"widget\" data-e-type=\"widget\" data-widget_type=\"text-editor.default\">\n\t\t\t\t<div class=\"elementor-widget-container\">\n\t\t\t\t\t\t\t\t\t<p><strong>Como \u00e9 que a prote\u00e7\u00e3o UV nos selantes protege as superf\u00edcies?<\/strong><\/p>\n<p>A radia\u00e7\u00e3o UV n\u00e3o s\u00f3 pode danificar a pele, como tamb\u00e9m pode afetar significativamente as superf\u00edcies. A exposi\u00e7\u00e3o prolongada aos raios UV provoca frequentemente altera\u00e7\u00f5es de cor, desvanecimento ou mesmo danos materiais. Os nossos vedantes cont\u00eam bloqueadores especiais de UV que absorvem ou reflectem esta radia\u00e7\u00e3o, protegendo assim os materiais subjacentes.  <\/p>\n<p><strong>Que superf\u00edcies beneficiam da prote\u00e7\u00e3o UV dos nossos selantes?<\/strong><\/p>\n<ul>\n<li><strong>Telhados e fachadas<\/strong>: Materiais como telhas, bet\u00e3o ou madeira desbotam ou desgastam-se mais rapidamente sob exposi\u00e7\u00e3o constante \u00e0 luz solar. Os nossos vedantes para telhados evitam que isso aconte\u00e7a e asseguram que as superf\u00edcies mant\u00eam o seu aspeto original durante mais tempo. <\/li>\n<li><strong>Vidro e cer\u00e2mica<\/strong>: As janelas, as fachadas de vidro e os elementos de cer\u00e2mica tamb\u00e9m est\u00e3o expostos \u00e0 radia\u00e7\u00e3o UV prejudicial. Com o nosso selante premium para vidro e cer\u00e2mica, oferecemos uma prote\u00e7\u00e3o UV eficaz que protege as superf\u00edcies de vidro do desbotamento e, ao mesmo tempo, facilita a limpeza. <\/li>\n<li><strong>Permanent Protetor 7650<\/strong>: Este produto oferece uma prote\u00e7\u00e3o particularmente forte contra a radia\u00e7\u00e3o UV e \u00e9 ideal para utiliza\u00e7\u00e3o em superf\u00edcies sujeitas a grande desgaste e expostas ao sol.<\/li>\n<\/ul>\n\t\t\t\t\t\t\t\t<\/div>\n\t\t\t\t<\/div>\n\t\t\t\t\t<\/div>\n\t\t<\/div>\n\t\t\t\t\t<\/div>\n\t\t<\/section>\n\t\t\t\t<section class=\"elementor-section elementor-top-section elementor-element elementor-element-54f269a5 elementor-section-boxed elementor-section-height-default elementor-section-height-default\" data-id=\"54f269a5\" data-element_type=\"section\" data-e-type=\"section\" data-settings=\"{&quot;shape_divider_bottom&quot;:&quot;mountains&quot;,&quot;background_background&quot;:&quot;classic&quot;}\">\n\t\t\t\t\t<div class=\"elementor-shape elementor-shape-bottom\" aria-hidden=\"true\" data-negative=\"false\">\n\t\t\t<svg xmlns=\"http:\/\/www.w3.org\/2000\/svg\" viewBox=\"0 0 1000 100\" preserveAspectRatio=\"none\">\n\t<path class=\"elementor-shape-fill\" opacity=\"0.33\" d=\"M473,67.3c-203.9,88.3-263.1-34-320.3,0C66,119.1,0,59.7,0,59.7V0h1000v59.7 c0,0-62.1,26.1-94.9,29.3c-32.8,3.3-62.8-12.3-75.8-22.1C806,49.6,745.3,8.7,694.9,4.7S492.4,59,473,67.3z\"\/>\n\t<path class=\"elementor-shape-fill\" opacity=\"0.66\" d=\"M734,67.3c-45.5,0-77.2-23.2-129.1-39.1c-28.6-8.7-150.3-10.1-254,39.1 s-91.7-34.4-149.2,0C115.7,118.3,0,39.8,0,39.8V0h1000v36.5c0,0-28.2-18.5-92.1-18.5C810.2,18.1,775.7,67.3,734,67.3z\"\/>\n\t<path class=\"elementor-shape-fill\" d=\"M766.1,28.9c-200-57.5-266,65.5-395.1,19.5C242,1.8,242,5.4,184.8,20.6C128,35.8,132.3,44.9,89.9,52.5C28.6,63.7,0,0,0,0 h1000c0,0-9.9,40.9-83.6,48.1S829.6,47,766.1,28.9z\"\/>\n<\/svg>\t\t<\/div>\n\t\t\t\t\t<div class=\"elementor-container elementor-column-gap-default\">\n\t\t\t\t\t<div class=\"elementor-column elementor-col-50 elementor-top-column elementor-element elementor-element-3015a186\" data-id=\"3015a186\" data-element_type=\"column\" data-e-type=\"column\" data-settings=\"{&quot;background_background&quot;:&quot;classic&quot;}\">\n\t\t\t<div class=\"elementor-widget-wrap elementor-element-populated\">\n\t\t\t\t\t\t<div class=\"elementor-element elementor-element-1709c0d7 elementor-widget elementor-widget-spacer\" data-id=\"1709c0d7\" data-element_type=\"widget\" data-e-type=\"widget\" data-widget_type=\"spacer.default\">\n\t\t\t\t<div class=\"elementor-widget-container\">\n\t\t\t\t\t\t\t<div class=\"elementor-spacer\">\n\t\t\t<div class=\"elementor-spacer-inner\"><\/div>\n\t\t<\/div>\n\t\t\t\t\t\t<\/div>\n\t\t\t\t<\/div>\n\t\t\t\t\t<\/div>\n\t\t<\/div>\n\t\t\t\t<div class=\"elementor-column elementor-col-50 elementor-top-column elementor-element elementor-element-389e45e2\" data-id=\"389e45e2\" data-element_type=\"column\" data-e-type=\"column\" data-settings=\"{&quot;background_background&quot;:&quot;classic&quot;}\">\n\t\t\t<div class=\"elementor-widget-wrap elementor-element-populated\">\n\t\t\t\t\t\t<div class=\"elementor-element elementor-element-499cdb97 elementor-widget elementor-widget-heading\" data-id=\"499cdb97\" data-element_type=\"widget\" data-e-type=\"widget\" data-widget_type=\"heading.default\">\n\t\t\t\t<div class=\"elementor-widget-container\">\n\t\t\t\t\t<h2 class=\"elementor-heading-title elementor-size-default\">Permanent Protetor 7650 PRO EASY ON - selante cer\u00e2mico 9H  <\/h2>\t\t\t\t<\/div>\n\t\t\t\t<\/div>\n\t\t\t\t<div class=\"elementor-element elementor-element-3dbf4a6e elementor-widget elementor-widget-heading\" data-id=\"3dbf4a6e\" data-element_type=\"widget\" data-e-type=\"widget\" data-widget_type=\"heading.default\">\n\t\t\t\t<div class=\"elementor-widget-container\">\n\t\t\t\t\t<h3 class=\"elementor-heading-title elementor-size-default\">Primeiro revestimento cer\u00e2mico ultra-moderno com efeito Easy On<\/h3>\t\t\t\t<\/div>\n\t\t\t\t<\/div>\n\t\t\t\t<div class=\"elementor-element elementor-element-4dec8242 elementor-widget elementor-widget-text-editor\" data-id=\"4dec8242\" data-element_type=\"widget\" data-e-type=\"widget\" data-widget_type=\"text-editor.default\">\n\t\t\t\t<div class=\"elementor-widget-container\">\n\t\t\t\t\t\t\t\t\t<p>Durabilidade at\u00e9 6 anos \u2713 Oferece tamb\u00e9m uma prote\u00e7\u00e3o anticorrosiva de alta qualidade \u2713 F\u00e1cil de utilizar<\/p>\n\t\t\t\t\t\t\t\t<\/div>\n\t\t\t\t<\/div>\n\t\t\t\t<div class=\"elementor-element elementor-element-466b9f9c elementor-widget elementor-widget-button\" data-id=\"466b9f9c\" data-element_type=\"widget\" data-e-type=\"widget\" data-widget_type=\"button.default\">\n\t\t\t\t<div class=\"elementor-widget-container\">\n\t\t\t\t\t\t\t\t\t<div class=\"elementor-button-wrapper\">\n\t\t\t\t\t<a class=\"elementor-button elementor-button-link elementor-size-sm\" href=\"https:\/\/www.versiegelung24.com\/pt-pt\/7650-permanent-protector-pro-easy-on-9h-ceramic-sealer-para-pintura-automovel.html\">\n\t\t\t\t\t\t<span class=\"elementor-button-content-wrapper\">\n\t\t\t\t\t\t\t\t\t<span class=\"elementor-button-text\">Aprende mais<\/span>\n\t\t\t\t\t<\/span>\n\t\t\t\t\t<\/a>\n\t\t\t\t<\/div>\n\t\t\t\t\t\t\t\t<\/div>\n\t\t\t\t<\/div>\n\t\t\t\t\t<\/div>\n\t\t<\/div>\n\t\t\t\t\t<\/div>\n\t\t<\/section>\n\t\t\t\t<section class=\"elementor-section elementor-top-section elementor-element elementor-element-5b8803ed elementor-section-boxed elementor-section-height-default elementor-section-height-default\" data-id=\"5b8803ed\" data-element_type=\"section\" data-e-type=\"section\">\n\t\t\t\t\t\t<div class=\"elementor-container elementor-column-gap-default\">\n\t\t\t\t\t<div class=\"elementor-column elementor-col-100 elementor-top-column elementor-element elementor-element-348d875b\" data-id=\"348d875b\" data-element_type=\"column\" data-e-type=\"column\">\n\t\t\t<div class=\"elementor-widget-wrap elementor-element-populated\">\n\t\t\t\t\t\t<div class=\"elementor-element elementor-element-47ecc913 elementor-widget__width-initial elementor-widget elementor-widget-text-editor\" data-id=\"47ecc913\" data-element_type=\"widget\" data-e-type=\"widget\" data-widget_type=\"text-editor.default\">\n\t\t\t\t<div class=\"elementor-widget-container\">\n\t\t\t\t\t\t\t\t\t<h2>Durabilidade devido \u00e0 prote\u00e7\u00e3o UV<\/h2>\n<p>Os nossos vedantes n\u00e3o s\u00f3 prolongam a vida \u00fatil das superf\u00edcies, como <b>tamb\u00e9m reduzem<\/b> significativamente <b>a quantidade de manuten\u00e7\u00e3o necess\u00e1ria<\/b>. A prote\u00e7\u00e3o UV mant\u00e9m as cores vibrantes e os materiais est\u00e1veis &#8211; ideal para edif\u00edcios que precisam de estar bem conservados a longo prazo, tanto em termos visuais como funcionais. <\/p>\n<h2><strong>A diferen\u00e7a em rela\u00e7\u00e3o aos produtos de prote\u00e7\u00e3o convencionais<\/strong><\/h2>\n<p>Ao contr\u00e1rio dos revestimentos simples, os nossos vedantes oferecem uma prote\u00e7\u00e3o <b>profunda<\/b>. Os componentes que bloqueiam os raios UV penetram <b>na superf\u00edcie<\/b> e formam uma barreira invis\u00edvel que n\u00e3o afecta a apar\u00eancia ou a respirabilidade do material. Isto significa que as superf\u00edcies n\u00e3o s\u00f3 est\u00e3o protegidas, como tamb\u00e9m mant\u00eam o seu aspeto natural.  <\/p>\n<h2>Vantagens adicionais dos nossos vedantes<\/h2>\n<p>Para al\u00e9m da prote\u00e7\u00e3o UV, os nossos vedantes oferecem um <b>efeito repelente de \u00e1gua e sujidade<\/b> que impede a penetra\u00e7\u00e3o de humidade e dificulta a forma\u00e7\u00e3o de <b>bolor<\/b> ou <b>musgo<\/b>. Isto tamb\u00e9m reduz a quantidade de manuten\u00e7\u00e3o necess\u00e1ria para todas as superf\u00edcies tratadas. <\/p>\n\t\t\t\t\t\t\t\t<\/div>\n\t\t\t\t<\/div>\n\t\t\t\t\t<\/div>\n\t\t<\/div>\n\t\t\t\t\t<\/div>\n\t\t<\/section>\n\t\t\t\t<section class=\"elementor-section elementor-top-section elementor-element elementor-element-71cd4006 elementor-section-boxed elementor-section-height-default elementor-section-height-default\" data-id=\"71cd4006\" data-element_type=\"section\" data-e-type=\"section\">\n\t\t\t\t\t\t<div class=\"elementor-container elementor-column-gap-default\">\n\t\t\t\t\t<div class=\"elementor-column elementor-col-100 elementor-top-column elementor-element elementor-element-7cc6e709\" data-id=\"7cc6e709\" data-element_type=\"column\" data-e-type=\"column\" data-settings=\"{&quot;background_background&quot;:&quot;classic&quot;}\">\n\t\t\t<div class=\"elementor-widget-wrap elementor-element-populated\">\n\t\t\t\t\t\t<div class=\"elementor-element elementor-element-4f4ccf46 elementor-widget elementor-widget-spacer\" data-id=\"4f4ccf46\" data-element_type=\"widget\" data-e-type=\"widget\" data-widget_type=\"spacer.default\">\n\t\t\t\t<div class=\"elementor-widget-container\">\n\t\t\t\t\t\t\t<div class=\"elementor-spacer\">\n\t\t\t<div class=\"elementor-spacer-inner\"><\/div>\n\t\t<\/div>\n\t\t\t\t\t\t<\/div>\n\t\t\t\t<\/div>\n\t\t\t\t\t<\/div>\n\t\t<\/div>\n\t\t\t\t\t<\/div>\n\t\t<\/section>\n\t\t\t\t<section class=\"elementor-section elementor-top-section elementor-element elementor-element-650b018 elementor-section-boxed elementor-section-height-default elementor-section-height-default\" data-id=\"650b018\" data-element_type=\"section\" data-e-type=\"section\">\n\t\t\t\t\t\t<div class=\"elementor-container elementor-column-gap-default\">\n\t\t\t\t\t<div class=\"elementor-column elementor-col-100 elementor-top-column elementor-element elementor-element-49a66012\" data-id=\"49a66012\" data-element_type=\"column\" data-e-type=\"column\">\n\t\t\t<div class=\"elementor-widget-wrap elementor-element-populated\">\n\t\t\t\t\t\t<div class=\"elementor-element elementor-element-2f6666a9 elementor-widget elementor-widget-text-editor\" data-id=\"2f6666a9\" data-element_type=\"widget\" data-e-type=\"widget\" data-widget_type=\"text-editor.default\">\n\t\t\t\t<div class=\"elementor-widget-container\">\n\t\t\t\t\t\t\t\t\t<p><span style=\"color: var( --e-global-color-text ); font-family: var( --e-global-typography-secondary-font-family ), Sans-serif; font-size: var( --e-global-typography-secondary-font-size ); font-weight: var( --e-global-typography-secondary-font-weight ); letter-spacing: var(--h2letterspacing); text-transform: var(--h2texttransform); background-color: var(--nv-site-bg); word-spacing: var( --e-global-typography-2975401-word-spacing );\">A equipa de assist\u00eancia Versiegelung24.com est\u00e1 ao teu lado!<\/span><\/p>\n<p>A nossa equipa de especialistas pode n\u00e3o s\u00f3 ajudar-te a <a href=\"https:\/\/www.versiegelung24.com\/oberflaechen\">escolher os produtos certos<\/a>, mas tamb\u00e9m dar-te <a href=\"https:\/\/www.versiegelung24.com\/pt-pt\/guia-para-os-produtos-da-versiegelung24\/\">dicas<\/a> pr\u00e1ticas <a href=\"https:\/\/www.versiegelung24.com\/pt-pt\/guia-para-os-produtos-da-versiegelung24\/\">sobre como utiliz\u00e1-los<\/a>. N\u00e3o hesites em <a href=\"https:\/\/www.versiegelung24.com\/pt-pt\/contato\/\">contactar-nos<\/a> se precisares de ajuda ou tiveres alguma d\u00favida. Aguardamos o teu pedido de informa\u00e7\u00e3o!<\/p>\n\t\t\t\t\t\t\t\t<\/div>\n\t\t\t\t<\/div>\n\t\t\t\t\t<\/div>\n\t\t<\/div>\n\t\t\t\t\t<\/div>\n\t\t<\/section>\n\t\t\t\t<section class=\"elementor-section elementor-top-section elementor-element elementor-element-470d9f16 elementor-section-boxed elementor-section-height-default elementor-section-height-default\" data-id=\"470d9f16\" data-element_type=\"section\" data-e-type=\"section\">\n\t\t\t\t\t\t<div class=\"elementor-container elementor-column-gap-default\">\n\t\t\t\t\t<div class=\"elementor-column elementor-col-100 elementor-top-column elementor-element elementor-element-74a6d7d\" data-id=\"74a6d7d\" data-element_type=\"column\" data-e-type=\"column\">\n\t\t\t<div class=\"elementor-widget-wrap elementor-element-populated\">\n\t\t\t\t\t\t<div class=\"elementor-element elementor-element-2e9e4dd elementor-widget elementor-widget-text-editor\" data-id=\"2e9e4dd\" data-element_type=\"widget\" data-e-type=\"widget\" data-widget_type=\"text-editor.default\">\n\t\t\t\t<div class=\"elementor-widget-container\">\n\t\t\t\t\t\t\t\t\t<h2>Perguntas mais frequentes<\/h2>\n\t\t\t\t\t\t\t\t<\/div>\n\t\t\t\t<\/div>\n\t\t\t\t<div class=\"elementor-element elementor-element-5656e9d1 elementor-widget elementor-widget-eael-adv-accordion\" data-id=\"5656e9d1\" data-element_type=\"widget\" data-e-type=\"widget\" data-widget_type=\"eael-adv-accordion.default\">\n\t\t\t\t<div class=\"elementor-widget-container\">\n\t\t\t\t\t            <div class=\"eael-adv-accordion\" id=\"eael-adv-accordion-5656e9d1\" data-scroll-on-click=\"no\" data-scroll-speed=\"300\" data-accordion-id=\"5656e9d1\" data-accordion-type=\"accordion\" data-toogle-speed=\"300\">\n            <div class=\"eael-accordion-list\">\n\t\t\t\t\t<div id=\"quanto-tempo-dura-a-proteo-uv\" class=\"elementor-tab-title eael-accordion-header\" tabindex=\"0\" data-tab=\"1\" aria-controls=\"elementor-tab-content-1441\"><span class=\"eael-advanced-accordion-icon-closed\"><i aria-hidden=\"true\" class=\"fa-accordion-icon fas fa-plus\"><\/i><\/span><span class=\"eael-advanced-accordion-icon-opened\"><i aria-hidden=\"true\" class=\"fa-accordion-icon fas fa-minus\"><\/i><\/span><span class=\"eael-accordion-tab-title\">Quanto tempo dura a prote\u00e7\u00e3o UV?<\/span><i aria-hidden=\"true\" class=\"fa-toggle fas fa-angle-right\"><\/i><\/div><div id=\"elementor-tab-content-1441\" class=\"eael-accordion-content clearfix\" data-tab=\"1\" aria-labelledby=\"quanto-tempo-dura-a-proteo-uv\"><div class=\"flex flex-grow flex-col max-w-full\">\n<div class=\"min-h-[20px] text-message flex flex-col items-start whitespace-pre-wrap break-words [.text-message+&amp;]:mt-5 juice:w-full juice:items-end overflow-x-auto gap-2\">\n<div class=\"flex w-full flex-col gap-1 juice:empty:hidden juice:first:pt-[3px]\">\n<div class=\"markdown prose w-full break-words dark:prose-invert light\">\n<p>Os nossos selantes oferecem uma prote\u00e7\u00e3o duradoura que pode durar v\u00e1rios anos, dependendo das condi\u00e7\u00f5es climat\u00e9ricas e do acabamento da superf\u00edcie.<\/p>\n<\/div>\n<\/div>\n<\/div>\n<\/div>\n<\/div>\n\t\t\t\t\t<\/div><div class=\"eael-accordion-list\">\n\t\t\t\t\t<div id=\"o-selante-pode-ser-renovado-ao-fim-de-algum-tempo\" class=\"elementor-tab-title eael-accordion-header\" tabindex=\"0\" data-tab=\"2\" aria-controls=\"elementor-tab-content-1442\"><span class=\"eael-advanced-accordion-icon-closed\"><i aria-hidden=\"true\" class=\"fa-accordion-icon fas fa-plus\"><\/i><\/span><span class=\"eael-advanced-accordion-icon-opened\"><i aria-hidden=\"true\" class=\"fa-accordion-icon fas fa-minus\"><\/i><\/span><span class=\"eael-accordion-tab-title\">O selante pode ser renovado ao fim de algum tempo?<\/span><i aria-hidden=\"true\" class=\"fa-toggle fas fa-angle-right\"><\/i><\/div><div id=\"elementor-tab-content-1442\" class=\"eael-accordion-content clearfix\" data-tab=\"2\" aria-labelledby=\"o-selante-pode-ser-renovado-ao-fim-de-algum-tempo\"><p>Sim, os vedantes podem ser facilmente renovados para manter a prote\u00e7\u00e3o UV a longo prazo.<\/p>\n<\/div>\n\t\t\t\t\t<\/div><div class=\"eael-accordion-list\">\n\t\t\t\t\t<div id=\"a-proteo-uv-afecta-o-aspeto-da-superfcie\" class=\"elementor-tab-title eael-accordion-header\" tabindex=\"0\" data-tab=\"3\" aria-controls=\"elementor-tab-content-1443\"><span class=\"eael-advanced-accordion-icon-closed\"><i aria-hidden=\"true\" class=\"fa-accordion-icon fas fa-plus\"><\/i><\/span><span class=\"eael-advanced-accordion-icon-opened\"><i aria-hidden=\"true\" class=\"fa-accordion-icon fas fa-minus\"><\/i><\/span><span class=\"eael-accordion-tab-title\">A prote\u00e7\u00e3o UV afecta o aspeto da superf\u00edcie?<\/span><i aria-hidden=\"true\" class=\"fa-toggle fas fa-angle-right\"><\/i><\/div><div id=\"elementor-tab-content-1443\" class=\"eael-accordion-content clearfix\" data-tab=\"3\" aria-labelledby=\"a-proteo-uv-afecta-o-aspeto-da-superfcie\"><p>N\u00e3o, os nossos vedantes s\u00e3o transparentes e n\u00e3o alteram a cor ou a textura das superf\u00edcies tratadas.<\/p>\n<\/div>\n\t\t\t\t\t<\/div><\/div>\t\t\t\t<\/div>\n\t\t\t\t<\/div>\n\t\t\t\t\t<\/div>\n\t\t<\/div>\n\t\t\t\t\t<\/div>\n\t\t<\/section>\n\t\t\t\t<section class=\"elementor-section elementor-top-section elementor-element elementor-element-1adeb26d elementor-section-boxed elementor-section-height-default elementor-section-height-default\" data-id=\"1adeb26d\" data-element_type=\"section\" data-e-type=\"section\">\n\t\t\t\t\t\t<div class=\"elementor-container elementor-column-gap-default\">\n\t\t\t\t\t<div class=\"elementor-column elementor-col-100 elementor-top-column elementor-element elementor-element-3e79e647\" data-id=\"3e79e647\" data-element_type=\"column\" data-e-type=\"column\">\n\t\t\t<div class=\"elementor-widget-wrap elementor-element-populated\">\n\t\t\t\t\t\t<div class=\"elementor-element elementor-element-2dcffc87 elementor-widget elementor-widget-shortcode\" data-id=\"2dcffc87\" data-element_type=\"widget\" data-e-type=\"widget\" data-widget_type=\"shortcode.default\">\n\t\t\t\t<div class=\"elementor-widget-container\">\n\t\t\t\t\t\t\t<div class=\"elementor-shortcode\"><\/div>\n\t\t\t\t\t\t<\/div>\n\t\t\t\t<\/div>\n\t\t\t\t\t<\/div>\n\t\t<\/div>\n\t\t\t\t\t<\/div>\n\t\t<\/section>\n\t\t\t\t<\/div>\n\t\t","protected":false},"excerpt":{"rendered":"<p>Os nossos vedantes de alta qualidade n\u00e3o s\u00f3 oferecem prote\u00e7\u00e3o contra a sujidade, a \u00e1gua e outras influ\u00eancias ambientais, mas tamb\u00e9m contra a radia\u00e7\u00e3o UV prejudicial. As superf\u00edcies que est\u00e3o permanentemente expostas ao sol &#8211; como telhados, fachadas, superf\u00edcies de vidro ou mesmo cer\u00e2mica &#8211; requerem uma prote\u00e7\u00e3o especial para se manterem intactas e visualmente&hellip;&nbsp;<a href=\"https:\/\/www.versiegelung24.com\/pt-pt\/guia-para-os-produtos-da-versiegelung24\/know-how\/protecao-uv-com-vedantes\/\" rel=\"bookmark\">Read More &raquo;<span class=\"screen-reader-text\">Prote\u00e7\u00e3o UV para selantes: Prote\u00e7\u00e3o eficaz para as tuas superf\u00edcies<\/span><\/a><\/p>\n","protected":false},"author":917,"featured_media":174581,"parent":34643,"menu_order":0,"comment_status":"closed","ping_status":"closed","template":"elementor_header_footer","meta":{"_acf_changed":false,"neve_meta_sidebar":"","neve_meta_container":"","neve_meta_enable_content_width":"","neve_meta_content_width":0,"neve_meta_title_alignment":"","neve_meta_author_avatar":"","neve_post_elements_order":"","neve_meta_disable_header":"","neve_meta_disable_footer":"","neve_meta_disable_title":"","neve_meta_reading_time":"","footnotes":""},"categories":[3600,3499],"seiten_kategorie":[],"class_list":["post-176001","page","type-page","status-publish","has-post-thumbnail","hentry","category-casa-e-jardim","category-artigo-de-aconselhamento-revista"],"acf":[],"yoast_head":"<!-- This site is optimized with the Yoast SEO Premium plugin v22.8 (Yoast SEO v27.5) - https:\/\/yoast.com\/product\/yoast-seo-premium-wordpress\/ -->\n<title>Como \u00e9 que os nossos selantes protegem contra os raios UV<\/title>\n<meta name=\"description\" content=\"Uma prote\u00e7\u00e3o eficaz contra a radia\u00e7\u00e3o UV \u00e9 crucial para evitar a descolora\u00e7\u00e3o, por exemplo. Descobre tudo o que precisas de saber!\" \/>\n<meta name=\"robots\" content=\"index, follow, max-snippet:-1, max-image-preview:large, max-video-preview:-1\" \/>\n<link rel=\"canonical\" href=\"https:\/\/www.versiegelung24.com\/pt-pt\/guia-para-os-produtos-da-versiegelung24\/know-how\/protecao-uv-com-vedantes\/\" \/>\n<meta property=\"og:locale\" content=\"pt_PT\" \/>\n<meta property=\"og:type\" content=\"article\" \/>\n<meta property=\"og:title\" content=\"Prote\u00e7\u00e3o UV para selantes: Prote\u00e7\u00e3o eficaz para as tuas superf\u00edcies\" \/>\n<meta property=\"og:description\" content=\"Uma prote\u00e7\u00e3o eficaz contra a radia\u00e7\u00e3o UV \u00e9 crucial para evitar a descolora\u00e7\u00e3o, por exemplo. Descobre tudo o que precisas de saber!\" \/>\n<meta property=\"og:url\" content=\"https:\/\/www.versiegelung24.com\/pt-pt\/guia-para-os-produtos-da-versiegelung24\/know-how\/protecao-uv-com-vedantes\/\" \/>\n<meta property=\"og:site_name\" content=\"versiegelung24.com\" \/>\n<meta property=\"article:modified_time\" content=\"2025-01-06T13:57:08+00:00\" \/>\n<meta property=\"og:image\" content=\"https:\/\/www.versiegelung24.com\/wp-content\/uploads\/2024\/09\/sunny-sky-background-nature-composition.jpg\" \/>\n\t<meta property=\"og:image:width\" content=\"2000\" \/>\n\t<meta property=\"og:image:height\" content=\"1333\" \/>\n\t<meta property=\"og:image:type\" content=\"image\/jpeg\" \/>\n<meta name=\"twitter:card\" content=\"summary_large_image\" \/>\n<meta name=\"twitter:label1\" content=\"Tempo estimado de leitura\" \/>\n\t<meta name=\"twitter:data1\" content=\"3 minutos\" \/>\n<script type=\"application\/ld+json\" class=\"yoast-schema-graph\">{\"@context\":\"https:\\\/\\\/schema.org\",\"@graph\":[{\"@type\":\"WebPage\",\"@id\":\"https:\\\/\\\/www.versiegelung24.com\\\/pt-pt\\\/guia-para-os-produtos-da-versiegelung24\\\/know-how\\\/protecao-uv-com-vedantes\\\/\",\"url\":\"https:\\\/\\\/www.versiegelung24.com\\\/pt-pt\\\/guia-para-os-produtos-da-versiegelung24\\\/know-how\\\/protecao-uv-com-vedantes\\\/\",\"name\":\"Como \u00e9 que os nossos selantes protegem contra os raios UV\",\"isPartOf\":{\"@id\":\"https:\\\/\\\/www.versiegelung24.com\\\/pt-pt\\\/#website\"},\"primaryImageOfPage\":{\"@id\":\"https:\\\/\\\/www.versiegelung24.com\\\/pt-pt\\\/guia-para-os-produtos-da-versiegelung24\\\/know-how\\\/protecao-uv-com-vedantes\\\/#primaryimage\"},\"image\":{\"@id\":\"https:\\\/\\\/www.versiegelung24.com\\\/pt-pt\\\/guia-para-os-produtos-da-versiegelung24\\\/know-how\\\/protecao-uv-com-vedantes\\\/#primaryimage\"},\"thumbnailUrl\":\"https:\\\/\\\/www.versiegelung24.com\\\/wp-content\\\/uploads\\\/2024\\\/09\\\/sunny-sky-background-nature-composition.jpg\",\"datePublished\":\"2024-10-09T11:46:05+00:00\",\"dateModified\":\"2025-01-06T13:57:08+00:00\",\"description\":\"Uma prote\u00e7\u00e3o eficaz contra a radia\u00e7\u00e3o UV \u00e9 crucial para evitar a descolora\u00e7\u00e3o, por exemplo. Descobre tudo o que precisas de saber!\",\"breadcrumb\":{\"@id\":\"https:\\\/\\\/www.versiegelung24.com\\\/pt-pt\\\/guia-para-os-produtos-da-versiegelung24\\\/know-how\\\/protecao-uv-com-vedantes\\\/#breadcrumb\"},\"inLanguage\":\"pt-PT\",\"potentialAction\":[{\"@type\":\"ReadAction\",\"target\":[\"https:\\\/\\\/www.versiegelung24.com\\\/pt-pt\\\/guia-para-os-produtos-da-versiegelung24\\\/know-how\\\/protecao-uv-com-vedantes\\\/\"]}]},{\"@type\":\"ImageObject\",\"inLanguage\":\"pt-PT\",\"@id\":\"https:\\\/\\\/www.versiegelung24.com\\\/pt-pt\\\/guia-para-os-produtos-da-versiegelung24\\\/know-how\\\/protecao-uv-com-vedantes\\\/#primaryimage\",\"url\":\"https:\\\/\\\/www.versiegelung24.com\\\/wp-content\\\/uploads\\\/2024\\\/09\\\/sunny-sky-background-nature-composition.jpg\",\"contentUrl\":\"https:\\\/\\\/www.versiegelung24.com\\\/wp-content\\\/uploads\\\/2024\\\/09\\\/sunny-sky-background-nature-composition.jpg\",\"width\":2000,\"height\":1333,\"caption\":\"sunny sky background. Nature composition\"},{\"@type\":\"BreadcrumbList\",\"@id\":\"https:\\\/\\\/www.versiegelung24.com\\\/pt-pt\\\/guia-para-os-produtos-da-versiegelung24\\\/know-how\\\/protecao-uv-com-vedantes\\\/#breadcrumb\",\"itemListElement\":[{\"@type\":\"ListItem\",\"position\":1,\"name\":\"P\u00e1gina inicial\",\"item\":\"https:\\\/\\\/www.versiegelung24.com\\\/pt-pt\\\/frente\\\/\"},{\"@type\":\"ListItem\",\"position\":2,\"name\":\"Conselheiro\",\"item\":\"https:\\\/\\\/www.versiegelung24.com\\\/pt-pt\\\/ratgeber\\\/\"},{\"@type\":\"ListItem\",\"position\":3,\"name\":\"Revista\",\"item\":\"https:\\\/\\\/www.versiegelung24.com\\\/pt-pt\\\/ratgeber\\\/magazin\\\/\"},{\"@type\":\"ListItem\",\"position\":4,\"name\":\"Prote\u00e7\u00e3o UV para selantes: Prote\u00e7\u00e3o eficaz para as tuas superf\u00edcies\"}]},{\"@type\":\"WebSite\",\"@id\":\"https:\\\/\\\/www.versiegelung24.com\\\/pt-pt\\\/#website\",\"url\":\"https:\\\/\\\/www.versiegelung24.com\\\/pt-pt\\\/\",\"name\":\"versiegelung24.com\",\"description\":\"Fl\u00fcssigglas-Versiegelung - Made in Germany\",\"publisher\":{\"@id\":\"https:\\\/\\\/www.versiegelung24.com\\\/pt-pt\\\/#organization\"},\"potentialAction\":[{\"@type\":\"SearchAction\",\"target\":{\"@type\":\"EntryPoint\",\"urlTemplate\":\"https:\\\/\\\/www.versiegelung24.com\\\/pt-pt\\\/?s={search_term_string}\"},\"query-input\":{\"@type\":\"PropertyValueSpecification\",\"valueRequired\":true,\"valueName\":\"search_term_string\"}}],\"inLanguage\":\"pt-PT\"},{\"@type\":\"Organization\",\"@id\":\"https:\\\/\\\/www.versiegelung24.com\\\/pt-pt\\\/#organization\",\"name\":\"versiegelung24\",\"url\":\"https:\\\/\\\/www.versiegelung24.com\\\/pt-pt\\\/\",\"logo\":{\"@type\":\"ImageObject\",\"inLanguage\":\"pt-PT\",\"@id\":\"https:\\\/\\\/www.versiegelung24.com\\\/pt-pt\\\/#\\\/schema\\\/logo\\\/image\\\/\",\"url\":\"https:\\\/\\\/www.versiegelung24.com\\\/wp-content\\\/uploads\\\/2020\\\/04\\\/versiegelung24.png\",\"contentUrl\":\"https:\\\/\\\/www.versiegelung24.com\\\/wp-content\\\/uploads\\\/2020\\\/04\\\/versiegelung24.png\",\"width\":470,\"height\":102,\"caption\":\"versiegelung24\"},\"image\":{\"@id\":\"https:\\\/\\\/www.versiegelung24.com\\\/pt-pt\\\/#\\\/schema\\\/logo\\\/image\\\/\"}}]}<\/script>\n<!-- \/ Yoast SEO Premium plugin. -->","yoast_head_json":{"title":"Como \u00e9 que os nossos selantes protegem contra os raios UV","description":"Uma prote\u00e7\u00e3o eficaz contra a radia\u00e7\u00e3o UV \u00e9 crucial para evitar a descolora\u00e7\u00e3o, por exemplo. Descobre tudo o que precisas de saber!","robots":{"index":"index","follow":"follow","max-snippet":"max-snippet:-1","max-image-preview":"max-image-preview:large","max-video-preview":"max-video-preview:-1"},"canonical":"https:\/\/www.versiegelung24.com\/pt-pt\/guia-para-os-produtos-da-versiegelung24\/know-how\/protecao-uv-com-vedantes\/","og_locale":"pt_PT","og_type":"article","og_title":"Prote\u00e7\u00e3o UV para selantes: Prote\u00e7\u00e3o eficaz para as tuas superf\u00edcies","og_description":"Uma prote\u00e7\u00e3o eficaz contra a radia\u00e7\u00e3o UV \u00e9 crucial para evitar a descolora\u00e7\u00e3o, por exemplo. Descobre tudo o que precisas de saber!","og_url":"https:\/\/www.versiegelung24.com\/pt-pt\/guia-para-os-produtos-da-versiegelung24\/know-how\/protecao-uv-com-vedantes\/","og_site_name":"versiegelung24.com","article_modified_time":"2025-01-06T13:57:08+00:00","og_image":[{"width":2000,"height":1333,"url":"https:\/\/www.versiegelung24.com\/wp-content\/uploads\/2024\/09\/sunny-sky-background-nature-composition.jpg","type":"image\/jpeg"}],"twitter_card":"summary_large_image","twitter_misc":{"Tempo estimado de leitura":"3 minutos"},"schema":{"@context":"https:\/\/schema.org","@graph":[{"@type":"WebPage","@id":"https:\/\/www.versiegelung24.com\/pt-pt\/guia-para-os-produtos-da-versiegelung24\/know-how\/protecao-uv-com-vedantes\/","url":"https:\/\/www.versiegelung24.com\/pt-pt\/guia-para-os-produtos-da-versiegelung24\/know-how\/protecao-uv-com-vedantes\/","name":"Como \u00e9 que os nossos selantes protegem contra os raios UV","isPartOf":{"@id":"https:\/\/www.versiegelung24.com\/pt-pt\/#website"},"primaryImageOfPage":{"@id":"https:\/\/www.versiegelung24.com\/pt-pt\/guia-para-os-produtos-da-versiegelung24\/know-how\/protecao-uv-com-vedantes\/#primaryimage"},"image":{"@id":"https:\/\/www.versiegelung24.com\/pt-pt\/guia-para-os-produtos-da-versiegelung24\/know-how\/protecao-uv-com-vedantes\/#primaryimage"},"thumbnailUrl":"https:\/\/www.versiegelung24.com\/wp-content\/uploads\/2024\/09\/sunny-sky-background-nature-composition.jpg","datePublished":"2024-10-09T11:46:05+00:00","dateModified":"2025-01-06T13:57:08+00:00","description":"Uma prote\u00e7\u00e3o eficaz contra a radia\u00e7\u00e3o UV \u00e9 crucial para evitar a descolora\u00e7\u00e3o, por exemplo. Descobre tudo o que precisas de saber!","breadcrumb":{"@id":"https:\/\/www.versiegelung24.com\/pt-pt\/guia-para-os-produtos-da-versiegelung24\/know-how\/protecao-uv-com-vedantes\/#breadcrumb"},"inLanguage":"pt-PT","potentialAction":[{"@type":"ReadAction","target":["https:\/\/www.versiegelung24.com\/pt-pt\/guia-para-os-produtos-da-versiegelung24\/know-how\/protecao-uv-com-vedantes\/"]}]},{"@type":"ImageObject","inLanguage":"pt-PT","@id":"https:\/\/www.versiegelung24.com\/pt-pt\/guia-para-os-produtos-da-versiegelung24\/know-how\/protecao-uv-com-vedantes\/#primaryimage","url":"https:\/\/www.versiegelung24.com\/wp-content\/uploads\/2024\/09\/sunny-sky-background-nature-composition.jpg","contentUrl":"https:\/\/www.versiegelung24.com\/wp-content\/uploads\/2024\/09\/sunny-sky-background-nature-composition.jpg","width":2000,"height":1333,"caption":"sunny sky background. Nature composition"},{"@type":"BreadcrumbList","@id":"https:\/\/www.versiegelung24.com\/pt-pt\/guia-para-os-produtos-da-versiegelung24\/know-how\/protecao-uv-com-vedantes\/#breadcrumb","itemListElement":[{"@type":"ListItem","position":1,"name":"P\u00e1gina inicial","item":"https:\/\/www.versiegelung24.com\/pt-pt\/frente\/"},{"@type":"ListItem","position":2,"name":"Conselheiro","item":"https:\/\/www.versiegelung24.com\/pt-pt\/ratgeber\/"},{"@type":"ListItem","position":3,"name":"Revista","item":"https:\/\/www.versiegelung24.com\/pt-pt\/ratgeber\/magazin\/"},{"@type":"ListItem","position":4,"name":"Prote\u00e7\u00e3o UV para selantes: Prote\u00e7\u00e3o eficaz para as tuas superf\u00edcies"}]},{"@type":"WebSite","@id":"https:\/\/www.versiegelung24.com\/pt-pt\/#website","url":"https:\/\/www.versiegelung24.com\/pt-pt\/","name":"versiegelung24.com","description":"Fl\u00fcssigglas-Versiegelung - Made in Germany","publisher":{"@id":"https:\/\/www.versiegelung24.com\/pt-pt\/#organization"},"potentialAction":[{"@type":"SearchAction","target":{"@type":"EntryPoint","urlTemplate":"https:\/\/www.versiegelung24.com\/pt-pt\/?s={search_term_string}"},"query-input":{"@type":"PropertyValueSpecification","valueRequired":true,"valueName":"search_term_string"}}],"inLanguage":"pt-PT"},{"@type":"Organization","@id":"https:\/\/www.versiegelung24.com\/pt-pt\/#organization","name":"versiegelung24","url":"https:\/\/www.versiegelung24.com\/pt-pt\/","logo":{"@type":"ImageObject","inLanguage":"pt-PT","@id":"https:\/\/www.versiegelung24.com\/pt-pt\/#\/schema\/logo\/image\/","url":"https:\/\/www.versiegelung24.com\/wp-content\/uploads\/2020\/04\/versiegelung24.png","contentUrl":"https:\/\/www.versiegelung24.com\/wp-content\/uploads\/2020\/04\/versiegelung24.png","width":470,"height":102,"caption":"versiegelung24"},"image":{"@id":"https:\/\/www.versiegelung24.com\/pt-pt\/#\/schema\/logo\/image\/"}}]}},"_links":{"self":[{"href":"https:\/\/www.versiegelung24.com\/pt-pt\/wp-json\/wp\/v2\/pages\/176001","targetHints":{"allow":["GET"]}}],"collection":[{"href":"https:\/\/www.versiegelung24.com\/pt-pt\/wp-json\/wp\/v2\/pages"}],"about":[{"href":"https:\/\/www.versiegelung24.com\/pt-pt\/wp-json\/wp\/v2\/types\/page"}],"author":[{"embeddable":true,"href":"https:\/\/www.versiegelung24.com\/pt-pt\/wp-json\/wp\/v2\/users\/917"}],"replies":[{"embeddable":true,"href":"https:\/\/www.versiegelung24.com\/pt-pt\/wp-json\/wp\/v2\/comments?post=176001"}],"version-history":[{"count":2,"href":"https:\/\/www.versiegelung24.com\/pt-pt\/wp-json\/wp\/v2\/pages\/176001\/revisions"}],"predecessor-version":[{"id":179748,"href":"https:\/\/www.versiegelung24.com\/pt-pt\/wp-json\/wp\/v2\/pages\/176001\/revisions\/179748"}],"up":[{"embeddable":true,"href":"https:\/\/www.versiegelung24.com\/pt-pt\/wp-json\/wp\/v2\/pages\/34643"}],"wp:featuredmedia":[{"embeddable":true,"href":"https:\/\/www.versiegelung24.com\/pt-pt\/wp-json\/wp\/v2\/media\/174581"}],"wp:attachment":[{"href":"https:\/\/www.versiegelung24.com\/pt-pt\/wp-json\/wp\/v2\/media?parent=176001"}],"wp:term":[{"taxonomy":"category","embeddable":true,"href":"https:\/\/www.versiegelung24.com\/pt-pt\/wp-json\/wp\/v2\/categories?post=176001"},{"taxonomy":"seiten_kategorie","embeddable":true,"href":"https:\/\/www.versiegelung24.com\/pt-pt\/wp-json\/wp\/v2\/seiten_kategorie?post=176001"}],"curies":[{"name":"wp","href":"https:\/\/api.w.org\/{rel}","templated":true}]}}