{"id":177164,"date":"2024-11-27T14:08:05","date_gmt":"2024-11-27T13:08:05","guid":{"rendered":"https:\/\/www.versiegelung24.com\/guia-para-os-produtos-da-versiegelung24\/know-how\/protecao-e-cuidados-a-ter-com-as-pedras-naturais\/"},"modified":"2025-01-06T14:32:05","modified_gmt":"2025-01-06T13:32:05","slug":"protecao-e-cuidados-a-ter-com-as-pedras-naturais","status":"publish","type":"page","link":"https:\/\/www.versiegelung24.com\/pt-pt\/guia-para-os-produtos-da-versiegelung24\/know-how\/protecao-e-cuidados-a-ter-com-as-pedras-naturais\/","title":{"rendered":"Impregna\u00e7\u00e3o de pedra natural: Prote\u00e7\u00e3o e cuidado da pedra natural no exterior e no interior"},"content":{"rendered":"\t\t<div data-elementor-type=\"wp-page\" data-elementor-id=\"177164\" class=\"elementor elementor-177164 elementor-176239\" data-elementor-post-type=\"page\">\n\t\t\t\t\t\t<section class=\"elementor-section elementor-top-section elementor-element elementor-element-636c7cc elementor-section-height-min-height elementor-section-stretched elementor-section-boxed elementor-section-height-default elementor-section-items-middle\" data-id=\"636c7cc\" data-element_type=\"section\" data-e-type=\"section\" data-settings=\"{&quot;background_background&quot;:&quot;classic&quot;,&quot;stretch_section&quot;:&quot;section-stretched&quot;}\">\n\t\t\t\t\t\t\t<div class=\"elementor-background-overlay\"><\/div>\n\t\t\t\t\t\t\t<div class=\"elementor-container elementor-column-gap-default\">\n\t\t\t\t\t<div class=\"elementor-column elementor-col-50 elementor-top-column elementor-element elementor-element-3ea0a98a\" data-id=\"3ea0a98a\" data-element_type=\"column\" data-e-type=\"column\">\n\t\t\t<div class=\"elementor-widget-wrap elementor-element-populated\">\n\t\t\t\t\t\t\t<\/div>\n\t\t<\/div>\n\t\t\t\t<div class=\"elementor-column elementor-col-50 elementor-top-column elementor-element elementor-element-483a3064 elementor-hidden-mobile\" data-id=\"483a3064\" data-element_type=\"column\" data-e-type=\"column\">\n\t\t\t<div class=\"elementor-widget-wrap\">\n\t\t\t\t\t\t\t<\/div>\n\t\t<\/div>\n\t\t\t\t\t<\/div>\n\t\t<\/section>\n\t\t\t\t<section class=\"elementor-section elementor-top-section elementor-element elementor-element-635c6815 elementor-section-boxed elementor-section-height-default elementor-section-height-default\" data-id=\"635c6815\" data-element_type=\"section\" data-e-type=\"section\">\n\t\t\t\t\t\t<div class=\"elementor-container elementor-column-gap-default\">\n\t\t\t\t\t<div class=\"elementor-column elementor-col-100 elementor-top-column elementor-element elementor-element-7a58c609\" data-id=\"7a58c609\" data-element_type=\"column\" data-e-type=\"column\">\n\t\t\t<div class=\"elementor-widget-wrap elementor-element-populated\">\n\t\t\t\t\t\t<div class=\"elementor-element elementor-element-5e7810d4 elementor-widget elementor-widget-breadcrumbs\" data-id=\"5e7810d4\" data-element_type=\"widget\" data-e-type=\"widget\" data-widget_type=\"breadcrumbs.default\">\n\t\t\t\t<div class=\"elementor-widget-container\">\n\t\t\t\t\t<p id=\"breadcrumbs\"><span><span><a href=\"https:\/\/www.versiegelung24.com\/pt-pt\/frente\/\">P\u00e1gina inicial<\/a><\/span><\/span><\/p>\t\t\t\t<\/div>\n\t\t\t\t<\/div>\n\t\t\t\t\t<\/div>\n\t\t<\/div>\n\t\t\t\t\t<\/div>\n\t\t<\/section>\n\t\t\t\t<section class=\"elementor-section elementor-top-section elementor-element elementor-element-13a01868 elementor-section-boxed elementor-section-height-default elementor-section-height-default\" data-id=\"13a01868\" data-element_type=\"section\" data-e-type=\"section\">\n\t\t\t\t\t\t<div class=\"elementor-container elementor-column-gap-default\">\n\t\t\t\t\t<div class=\"elementor-column elementor-col-100 elementor-top-column elementor-element elementor-element-35bff4fa\" data-id=\"35bff4fa\" data-element_type=\"column\" data-e-type=\"column\">\n\t\t\t<div class=\"elementor-widget-wrap elementor-element-populated\">\n\t\t\t\t\t\t<div class=\"elementor-element elementor-element-7414b72e elementor-widget elementor-widget-text-editor\" data-id=\"7414b72e\" data-element_type=\"widget\" data-e-type=\"widget\" data-widget_type=\"text-editor.default\">\n\t\t\t\t<div class=\"elementor-widget-container\">\n\t\t\t\t\t\t\t\t\t<p>A <a href=\"https:\/\/www.versiegelung24.com\/pt-pt\/vedacao-de-pedra-natural-em-profi-qualidade.html\"><strong>impregna\u00e7\u00e3o<\/strong><\/a> da <strong>pedra natural<\/strong> \u00e9 um passo essencial para garantir a longevidade e a beleza das <strong>superf\u00edcies de pedra natural<\/strong>. Quer seja <strong>m\u00e1rmore<\/strong>, <strong>granito<\/strong> ou <strong>calc\u00e1rio<\/strong> &#8211; cada <strong>tipo de pedra natural<\/strong> tem os seus pr\u00f3prios requisitos e carater\u00edsticas especiais. Neste artigo abrangente, aprender\u00e1 tudo o que precisa de saber sobre a <strong>impregna\u00e7\u00e3o<\/strong> e <strong>a prote\u00e7\u00e3o da<\/strong> <strong>pedra natural<\/strong>.  <\/p>\n\t\t\t\t\t\t\t\t<\/div>\n\t\t\t\t<\/div>\n\t\t\t\t<div class=\"elementor-element elementor-element-2dd0d968 elementor-toc--minimized-on-tablet elementor-widget elementor-widget-table-of-contents\" data-id=\"2dd0d968\" data-element_type=\"widget\" data-e-type=\"widget\" data-settings=\"{&quot;headings_by_tags&quot;:[&quot;h2&quot;,&quot;h3&quot;],&quot;exclude_headings_by_selector&quot;:[],&quot;no_headings_message&quot;:&quot;No headings were found on this page.&quot;,&quot;marker_view&quot;:&quot;numbers&quot;,&quot;minimize_box&quot;:&quot;yes&quot;,&quot;minimized_on&quot;:&quot;tablet&quot;,&quot;hierarchical_view&quot;:&quot;yes&quot;,&quot;min_height&quot;:{&quot;unit&quot;:&quot;px&quot;,&quot;size&quot;:&quot;&quot;,&quot;sizes&quot;:[]},&quot;min_height_tablet&quot;:{&quot;unit&quot;:&quot;px&quot;,&quot;size&quot;:&quot;&quot;,&quot;sizes&quot;:[]},&quot;min_height_mobile&quot;:{&quot;unit&quot;:&quot;px&quot;,&quot;size&quot;:&quot;&quot;,&quot;sizes&quot;:[]}}\" data-widget_type=\"table-of-contents.default\">\n\t\t\t\t<div class=\"elementor-widget-container\">\n\t\t\t\t\t\t\t\t\t<div class=\"elementor-toc__header\">\n\t\t\t\t\t\t<h2 class=\"elementor-toc__header-title\">\n\t\t\t\t\u00cdndice\t\t\t<\/h2>\n\t\t\t\t\t\t\t\t\t\t<div class=\"elementor-toc__toggle-button elementor-toc__toggle-button--expand\" role=\"button\" tabindex=\"0\" aria-controls=\"elementor-toc__2dd0d968\" aria-expanded=\"true\" aria-label=\"Open table of contents\"><i aria-hidden=\"true\" class=\"fas fa-chevron-down\"><\/i><\/div>\n\t\t\t\t<div class=\"elementor-toc__toggle-button elementor-toc__toggle-button--collapse\" role=\"button\" tabindex=\"0\" aria-controls=\"elementor-toc__2dd0d968\" aria-expanded=\"true\" aria-label=\"Close table of contents\"><i aria-hidden=\"true\" class=\"fas fa-chevron-up\"><\/i><\/div>\n\t\t\t\t\t<\/div>\n\t\t\t\t<div id=\"elementor-toc__2dd0d968\" class=\"elementor-toc__body\">\n\t\t\t<div class=\"elementor-toc__spinner-container\">\n\t\t\t\t<i class=\"elementor-toc__spinner eicon-animation-spin eicon-loading\" aria-hidden=\"true\"><\/i>\t\t\t<\/div>\n\t\t<\/div>\n\t\t\t\t\t\t<\/div>\n\t\t\t\t<\/div>\n\t\t\t\t\t<\/div>\n\t\t<\/div>\n\t\t\t\t\t<\/div>\n\t\t<\/section>\n\t\t\t\t<section class=\"elementor-section elementor-top-section elementor-element elementor-element-7493fe10 elementor-section-boxed elementor-section-height-default elementor-section-height-default\" data-id=\"7493fe10\" data-element_type=\"section\" data-e-type=\"section\">\n\t\t\t\t\t\t<div class=\"elementor-container elementor-column-gap-default\">\n\t\t\t\t\t<div class=\"elementor-column elementor-col-100 elementor-top-column elementor-element elementor-element-54eb01b2\" data-id=\"54eb01b2\" data-element_type=\"column\" data-e-type=\"column\">\n\t\t\t<div class=\"elementor-widget-wrap elementor-element-populated\">\n\t\t\t\t\t\t<div class=\"elementor-element elementor-element-526c5bf6 elementor-widget elementor-widget-text-editor\" data-id=\"526c5bf6\" data-element_type=\"widget\" data-e-type=\"widget\" data-widget_type=\"text-editor.default\">\n\t\t\t\t<div class=\"elementor-widget-container\">\n\t\t\t\t\t\t\t\t\t<h2><strong>Porque \u00e9 que a impregna\u00e7\u00e3o da pedra natural \u00e9 importante?<\/strong><\/h2>\n<p>Uma <a href=\"https:\/\/www.versiegelung24.com\/pt-pt\/vedacao-de-pedra-natural-em-profi-qualidade.html\"><strong>impregna\u00e7\u00e3o<\/strong><\/a> protege <strong>a pedra natural<\/strong> da <strong>sujidade<\/strong>, do <strong>\u00f3leo<\/strong>, da <strong>\u00e1gua<\/strong> e de outros l\u00edquidos. <strong>A pedra natural<\/strong> que n\u00e3o est\u00e1 devidamente impregnada absorve mais rapidamente <strong>as manchas<\/strong> e <strong>as impurezas<\/strong>. A <a href=\"https:\/\/www.versiegelung24.com\/pt-pt\/vedacao-de-pedra-natural-em-profi-qualidade.html\"><strong>impregna\u00e7\u00e3o<\/strong><\/a> actua como uma <strong>barreira protetora<\/strong> invis\u00edvel que penetra profundamente nos <strong>poros<\/strong> da pedra e a protege da <strong>humidade<\/strong> e <strong>sujidade<\/strong> penetrantes. <\/p>\n<h2><strong>Como funciona a impregna\u00e7\u00e3o da pedra natural?<\/strong><\/h2>\n<p>Durante a <a href=\"https:\/\/www.versiegelung24.com\/pt-pt\/vedacao-de-pedra-natural-em-profi-qualidade.html\"><strong>impregna\u00e7\u00e3o<\/strong><\/a> \u00e9 um <strong>tratamento protetor<\/strong> no qual \u00e9 utilizado um <strong>agente de impregna\u00e7\u00e3o<\/strong> especial. Este agente penetra profundamente nos <strong>capilares<\/strong> da pedra e reduz a sua <strong>absor\u00e7\u00e3o<\/strong>. Como resultado, a pedra n\u00e3o \u00e9 selada, mas permanece <strong>respir\u00e1vel<\/strong>, o que \u00e9 particularmente importante para evitar a <strong>humidade<\/strong> ascendente e poss\u00edveis <strong>danos<\/strong>.  <\/p>\n<h3><strong>Impregna\u00e7\u00e3o exterior<\/strong><\/h3>\n<p>Nas <strong>\u00e1reas exteriores<\/strong>, <strong>as pedras naturais<\/strong>, como o <strong>arenito<\/strong>, o <strong>calc\u00e1rio<\/strong> e <strong>o granito<\/strong>, est\u00e3o constantemente expostas <strong>aos elementos<\/strong>. <strong>A chuva<\/strong>, a <strong>neve<\/strong>, <strong>o gelo<\/strong> e <strong>a luz solar<\/strong> podem exercer uma grande press\u00e3o sobre o material e danificar a sua <strong>superf\u00edcie<\/strong>. <strong>A impregna\u00e7\u00e3o<\/strong> regular garante que a <strong>pedra natural<\/strong> permanece protegida mesmo em <strong>condi\u00e7\u00f5es climat\u00e9ricas<\/strong> extremas e mant\u00e9m o seu <strong>aspeto<\/strong> original. <\/p>\n\t\t\t\t\t\t\t\t<\/div>\n\t\t\t\t<\/div>\n\t\t\t\t\t<\/div>\n\t\t<\/div>\n\t\t\t\t\t<\/div>\n\t\t<\/section>\n\t\t\t\t<section class=\"elementor-section elementor-top-section elementor-element elementor-element-f43df09 elementor-section-boxed elementor-section-height-default elementor-section-height-default\" data-id=\"f43df09\" data-element_type=\"section\" data-e-type=\"section\">\n\t\t\t\t\t\t<div class=\"elementor-container elementor-column-gap-default\">\n\t\t\t\t\t<div class=\"elementor-column elementor-col-100 elementor-top-column elementor-element elementor-element-e7aaf15\" data-id=\"e7aaf15\" data-element_type=\"column\" data-e-type=\"column\" data-settings=\"{&quot;background_background&quot;:&quot;classic&quot;}\">\n\t\t\t<div class=\"elementor-widget-wrap elementor-element-populated\">\n\t\t\t\t\t\t<div class=\"elementor-element elementor-element-1ce0401 elementor-widget elementor-widget-spacer\" data-id=\"1ce0401\" data-element_type=\"widget\" data-e-type=\"widget\" data-widget_type=\"spacer.default\">\n\t\t\t\t<div class=\"elementor-widget-container\">\n\t\t\t\t\t\t\t<div class=\"elementor-spacer\">\n\t\t\t<div class=\"elementor-spacer-inner\"><\/div>\n\t\t<\/div>\n\t\t\t\t\t\t<\/div>\n\t\t\t\t<\/div>\n\t\t\t\t\t<\/div>\n\t\t<\/div>\n\t\t\t\t\t<\/div>\n\t\t<\/section>\n\t\t\t\t<section class=\"elementor-section elementor-top-section elementor-element elementor-element-6d63450f elementor-section-boxed elementor-section-height-default elementor-section-height-default\" data-id=\"6d63450f\" data-element_type=\"section\" data-e-type=\"section\">\n\t\t\t\t\t\t<div class=\"elementor-container elementor-column-gap-default\">\n\t\t\t\t\t<div class=\"elementor-column elementor-col-100 elementor-top-column elementor-element elementor-element-7293b39a\" data-id=\"7293b39a\" data-element_type=\"column\" data-e-type=\"column\">\n\t\t\t<div class=\"elementor-widget-wrap elementor-element-populated\">\n\t\t\t\t\t\t<div class=\"elementor-element elementor-element-418975cc elementor-widget__width-initial elementor-widget elementor-widget-text-editor\" data-id=\"418975cc\" data-element_type=\"widget\" data-e-type=\"widget\" data-widget_type=\"text-editor.default\">\n\t\t\t\t<div class=\"elementor-widget-container\">\n\t\t\t\t\t\t\t\t\t<h2><strong>Qual \u00e9 o agente de impregna\u00e7\u00e3o correto?<\/strong><\/h2>\n<div class=\"flex max-w-full flex-col flex-grow\">\n<div class=\"min-h-8 text-message flex w-full flex-col items-end gap-2 whitespace-normal break-words [.text-message+&amp;]:mt-5\" dir=\"auto\" data-message-author-role=\"assistant\" data-message-id=\"afc10fb6-effa-4928-ad90-0677e61c2f98\" data-message-model-slug=\"gpt-4o\">\n<div class=\"flex w-full flex-col gap-1 empty:hidden first:pt-[3px]\">\n<div class=\"markdown prose w-full break-words dark:prose-invert light\">\n<p>O nosso <a href=\"https:\/\/www.versiegelung24.com\/pt-pt\/vedacao-de-pedra-natural-em-profi-qualidade.html\"><strong>impregna\u00e7\u00e3o de pedra natural<\/strong><\/a> foi especialmente concebida para satisfazer os requisitos vers\u00e1teis de diferentes <strong>superf\u00edcies de pedra natural<\/strong>. \u00c9 ideal tanto para pedras altamente absorventes, como o <strong>arenito<\/strong>, como para materiais menos absorventes, como o <strong>granito<\/strong> e <strong>o m\u00e1rmore<\/strong>. Gra\u00e7as ao seu <strong>efeito de penetra\u00e7\u00e3o profunda e de longa dura\u00e7\u00e3o<\/strong>, o nosso selador penetra profundamente nos <strong>poros<\/strong> da pedra, proporcionando uma prote\u00e7\u00e3o fi\u00e1vel contra a <strong>sujidade<\/strong>, <strong>a \u00e1gua<\/strong> e <strong>as intemp\u00e9ries<\/strong>, sem alterar o aspeto e o toque naturais da superf\u00edcie. Quer seja para utiliza\u00e7\u00e3o <strong>no interior<\/strong> ou <strong>no exterior<\/strong>, o nosso selante assegura que <strong>a pedra natural<\/strong> mant\u00e9m a sua beleza e durabilidade durante muitos anos.   <\/p>\n<\/div>\n<\/div>\n<\/div>\n<\/div>\n<h2><strong>Conselhos para a limpeza antes da impregna\u00e7\u00e3o<\/strong><\/h2>\n<p>Antes da <a href=\"https:\/\/www.versiegelung24.com\/pt-pt\/vedacao-de-pedra-natural-em-profi-qualidade.html\"><strong>impregna\u00e7\u00e3o<\/strong><\/a> a <strong>superf\u00edcie da pedra natural<\/strong> deve ser cuidadosamente limpa. Devem ser utilizados <strong>produtos de limpeza<\/strong> especiais <strong>para pedra natural<\/strong> que <strong>n\u00e3o<\/strong> contenham <strong>subst\u00e2ncias<\/strong> \u00e1cidas. <strong>A pr\u00e9-limpeza<\/strong> completa remove <strong>a sujidade<\/strong>, o <strong>\u00f3leo<\/strong> e outras <strong>impurezas<\/strong> e assegura que o <strong>agente de impregna\u00e7\u00e3o<\/strong> pode penetrar uniformemente na <strong>superf\u00edcie<\/strong>.  <\/p>\n<h2><strong>A aplica\u00e7\u00e3o correta da impregna\u00e7\u00e3o<\/strong><\/h2>\n<p>Para obter um <strong>efeito de prote\u00e7\u00e3o<\/strong> \u00f3timo, o <a href=\"https:\/\/www.versiegelung24.com\/pt-pt\/vedacao-de-pedra-natural-em-profi-qualidade.html\"><strong>agente de impregna\u00e7\u00e3o<\/strong><\/a> deve ser aplicado uniformemente sobre a <strong>superf\u00edcie<\/strong>. Isto pode ser feito <strong>por pulveriza\u00e7\u00e3o ou rolamento<\/strong>. \u00c9 importante que a <strong>impregna\u00e7\u00e3o<\/strong> seja aplicada uniformemente para que a <strong>pedra<\/strong> fique totalmente protegida. Ap\u00f3s a aplica\u00e7\u00e3o, o <strong>agente de impregna\u00e7\u00e3o<\/strong> deve ser deixado <strong>secar<\/strong> durante algum tempo antes de a <strong>superf\u00edcie<\/strong> poder ser utilizada novamente.   <\/p>\n\t\t\t\t\t\t\t\t<\/div>\n\t\t\t\t<\/div>\n\t\t\t\t\t<\/div>\n\t\t<\/div>\n\t\t\t\t\t<\/div>\n\t\t<\/section>\n\t\t\t\t<section class=\"elementor-section elementor-top-section elementor-element elementor-element-645c084c elementor-section-boxed elementor-section-height-default elementor-section-height-default\" data-id=\"645c084c\" data-element_type=\"section\" data-e-type=\"section\" data-settings=\"{&quot;shape_divider_bottom&quot;:&quot;mountains&quot;,&quot;background_background&quot;:&quot;classic&quot;}\">\n\t\t\t\t\t<div class=\"elementor-shape elementor-shape-bottom\" aria-hidden=\"true\" data-negative=\"false\">\n\t\t\t<svg xmlns=\"http:\/\/www.w3.org\/2000\/svg\" viewBox=\"0 0 1000 100\" preserveAspectRatio=\"none\">\n\t<path class=\"elementor-shape-fill\" opacity=\"0.33\" d=\"M473,67.3c-203.9,88.3-263.1-34-320.3,0C66,119.1,0,59.7,0,59.7V0h1000v59.7 c0,0-62.1,26.1-94.9,29.3c-32.8,3.3-62.8-12.3-75.8-22.1C806,49.6,745.3,8.7,694.9,4.7S492.4,59,473,67.3z\"\/>\n\t<path class=\"elementor-shape-fill\" opacity=\"0.66\" d=\"M734,67.3c-45.5,0-77.2-23.2-129.1-39.1c-28.6-8.7-150.3-10.1-254,39.1 s-91.7-34.4-149.2,0C115.7,118.3,0,39.8,0,39.8V0h1000v36.5c0,0-28.2-18.5-92.1-18.5C810.2,18.1,775.7,67.3,734,67.3z\"\/>\n\t<path class=\"elementor-shape-fill\" d=\"M766.1,28.9c-200-57.5-266,65.5-395.1,19.5C242,1.8,242,5.4,184.8,20.6C128,35.8,132.3,44.9,89.9,52.5C28.6,63.7,0,0,0,0 h1000c0,0-9.9,40.9-83.6,48.1S829.6,47,766.1,28.9z\"\/>\n<\/svg>\t\t<\/div>\n\t\t\t\t\t<div class=\"elementor-container elementor-column-gap-default\">\n\t\t\t\t\t<div class=\"elementor-column elementor-col-50 elementor-top-column elementor-element elementor-element-397b54f7\" data-id=\"397b54f7\" data-element_type=\"column\" data-e-type=\"column\" data-settings=\"{&quot;background_background&quot;:&quot;classic&quot;}\">\n\t\t\t<div class=\"elementor-widget-wrap elementor-element-populated\">\n\t\t\t\t\t\t<div class=\"elementor-element elementor-element-66ed85c5 elementor-widget elementor-widget-spacer\" data-id=\"66ed85c5\" data-element_type=\"widget\" data-e-type=\"widget\" data-widget_type=\"spacer.default\">\n\t\t\t\t<div class=\"elementor-widget-container\">\n\t\t\t\t\t\t\t<div class=\"elementor-spacer\">\n\t\t\t<div class=\"elementor-spacer-inner\"><\/div>\n\t\t<\/div>\n\t\t\t\t\t\t<\/div>\n\t\t\t\t<\/div>\n\t\t\t\t\t<\/div>\n\t\t<\/div>\n\t\t\t\t<div class=\"elementor-column elementor-col-50 elementor-top-column elementor-element elementor-element-791b639b\" data-id=\"791b639b\" data-element_type=\"column\" data-e-type=\"column\" data-settings=\"{&quot;background_background&quot;:&quot;classic&quot;}\">\n\t\t\t<div class=\"elementor-widget-wrap elementor-element-populated\">\n\t\t\t\t\t\t<div class=\"elementor-element elementor-element-5ed3dcb7 elementor-widget elementor-widget-heading\" data-id=\"5ed3dcb7\" data-element_type=\"widget\" data-e-type=\"widget\" data-widget_type=\"heading.default\">\n\t\t\t\t<div class=\"elementor-widget-container\">\n\t\t\t\t\t<h2 class=\"elementor-heading-title elementor-size-default\">Selante para pedra natural com efeito profundo e de longa dura\u00e7\u00e3o - qualidade superior<\/h2>\t\t\t\t<\/div>\n\t\t\t\t<\/div>\n\t\t\t\t<div class=\"elementor-element elementor-element-6e2bb6f6 elementor-widget elementor-widget-heading\" data-id=\"6e2bb6f6\" data-element_type=\"widget\" data-e-type=\"widget\" data-widget_type=\"heading.default\">\n\t\t\t\t<div class=\"elementor-widget-container\">\n\t\t\t\t\t<h3 class=\"elementor-heading-title elementor-size-default\">Selante de pedra natural altamente eficaz para utiliza\u00e7\u00e3o no interior e no exterior<\/h3>\t\t\t\t<\/div>\n\t\t\t\t<\/div>\n\t\t\t\t<div class=\"elementor-element elementor-element-3261d3fc elementor-widget elementor-widget-text-editor\" data-id=\"3261d3fc\" data-element_type=\"widget\" data-e-type=\"widget\" data-widget_type=\"text-editor.default\">\n\t\t\t\t<div class=\"elementor-widget-container\">\n\t\t\t\t\t\t\t\t\t<p>Adequado para todas as superf\u00edcies minerais e absorventes de pedra natural \u2713 Efeito de limpeza f\u00e1cil: a sujidade n\u00e3o adere e pode ser facilmente removida \u2713 Absolutamente invis\u00edvel: aspeto e toque inalterados da superf\u00edcie \u2713 Efeito de profundidade duradouro durante muitos anos \u2713 Efeito de p\u00e9rola Lotos repelente de \u00e1gua<\/p>\n\t\t\t\t\t\t\t\t<\/div>\n\t\t\t\t<\/div>\n\t\t\t\t<div class=\"elementor-element elementor-element-41d53142 elementor-widget elementor-widget-button\" data-id=\"41d53142\" data-element_type=\"widget\" data-e-type=\"widget\" data-widget_type=\"button.default\">\n\t\t\t\t<div class=\"elementor-widget-container\">\n\t\t\t\t\t\t\t\t\t<div class=\"elementor-button-wrapper\">\n\t\t\t\t\t<a class=\"elementor-button elementor-button-link elementor-size-sm\" href=\"https:\/\/www.versiegelung24.com\/pt-pt\/vedacao-de-pedra-natural-em-profi-qualidade.html\">\n\t\t\t\t\t\t<span class=\"elementor-button-content-wrapper\">\n\t\t\t\t\t\t\t\t\t<span class=\"elementor-button-text\">Aprende mais<\/span>\n\t\t\t\t\t<\/span>\n\t\t\t\t\t<\/a>\n\t\t\t\t<\/div>\n\t\t\t\t\t\t\t\t<\/div>\n\t\t\t\t<\/div>\n\t\t\t\t\t<\/div>\n\t\t<\/div>\n\t\t\t\t\t<\/div>\n\t\t<\/section>\n\t\t\t\t<section class=\"elementor-section elementor-top-section elementor-element elementor-element-1a6c021d elementor-section-boxed elementor-section-height-default elementor-section-height-default\" data-id=\"1a6c021d\" data-element_type=\"section\" data-e-type=\"section\">\n\t\t\t\t\t\t<div class=\"elementor-container elementor-column-gap-default\">\n\t\t\t\t\t<div class=\"elementor-column elementor-col-100 elementor-top-column elementor-element elementor-element-1528a0a1\" data-id=\"1528a0a1\" data-element_type=\"column\" data-e-type=\"column\">\n\t\t\t<div class=\"elementor-widget-wrap elementor-element-populated\">\n\t\t\t\t\t\t<div class=\"elementor-element elementor-element-25b168b0 elementor-widget elementor-widget-text-editor\" data-id=\"25b168b0\" data-element_type=\"widget\" data-e-type=\"widget\" data-widget_type=\"text-editor.default\">\n\t\t\t\t<div class=\"elementor-widget-container\">\n\t\t\t\t\t\t\t\t\t<h2><strong>Cuidados e p\u00f3s-tratamento da pedra natural impregnada<\/strong><\/h2>\n<p>Mesmo depois da <a href=\"https:\/\/www.versiegelung24.com\/pt-pt\/vedacao-de-pedra-natural-em-profi-qualidade.html\"><strong>impregna\u00e7\u00e3o<\/strong><\/a><strong>os cuidados<\/strong> regulares s\u00e3o importantes para manter o <strong>efeito<\/strong> protetor. <strong>As superf\u00edcies de pedra natural impregnadas<\/strong> devem ser limpas com <strong>produtos de limpeza<\/strong> suaves e de pH neutro. Dependendo da <strong>intensidade de utiliza\u00e7\u00e3o<\/strong> e das <strong>condi\u00e7\u00f5es ambientais<\/strong>, a <a href=\"https:\/\/www.versiegelung24.com\/pt-pt\/vedacao-de-pedra-natural-em-profi-qualidade.html\"><strong>impregna\u00e7\u00e3o<\/strong><\/a> deve ser renovada de um em um ou de tr\u00eas em tr\u00eas anos. <\/p>\n<h2><strong>Impregna\u00e7\u00e3o de pedra natural no interior e no exterior<\/strong><\/h2>\n<p>Quer seja <strong>no interior<\/strong> ou <strong>no exterior<\/strong>, a <strong>impregna\u00e7\u00e3o<\/strong> da <strong>pedra natural<\/strong> \u00e9 um passo essencial para preservar a <strong>beleza<\/strong> e <strong>a funcionalidade<\/strong> da <strong>pedra<\/strong>. <strong>As superf\u00edcies exteriores<\/strong>, como <strong>p\u00e1tios<\/strong> e <strong>passadi\u00e7os<\/strong>, beneficiam da <strong>impregna\u00e7\u00e3o<\/strong> tanto quanto <strong>as superf\u00edcies interiores<\/strong>, como <strong>bancadas de cozinha<\/strong> e <strong>pavimentos de casa de banho<\/strong>. Uma <strong>impregna\u00e7\u00e3o<\/strong> bem pensada e renovada regularmente torna <strong>a pedra natural<\/strong> menos sens\u00edvel \u00e0 <strong>humidade residual<\/strong> e muito mais f\u00e1cil de manter.<\/p>\n<h3><strong>Impregna\u00e7\u00f5es amigas dos materiais<\/strong><\/h3>\n<p>Ao selecionar o <strong>agente de impregna\u00e7\u00e3o<\/strong> correto, deve tamb\u00e9m prestar aten\u00e7\u00e3o \u00e0 <strong>compatibilidade<\/strong> com a respectiva <strong>pedra natural<\/strong>. Testa antecipadamente num local discreto para evitar <strong>descolora\u00e7\u00e3o<\/strong> ou <strong>reac\u00e7\u00f5es qu\u00edmicas<\/strong> indesejadas. Este crit\u00e9rio \u00e9 particularmente importante para <strong>pedras naturais<\/strong> sens\u00edveis, como o <strong>m\u00e1rmore<\/strong>, de modo a preservar o <strong>aspeto<\/strong> e <strong>a estrutura<\/strong> originais da <strong>pedra<\/strong>.  <\/p>\n<h2><strong>Conclus\u00e3o: Impregnar corretamente a pedra natural<\/strong><\/h2>\n<p><strong>A impregna\u00e7\u00e3o<\/strong> e os <strong>cuidados<\/strong> adequados da sua <strong>pedra natural<\/strong> prolongam a sua <strong>vida \u00fatil<\/strong> e garantem que continua a ter um aspeto novo mesmo ap\u00f3s muitos anos. Quer seja no interior ou no exterior, <strong>m\u00e1rmore<\/strong> ou <strong>granito<\/strong> &#8211; com a <strong>impregna\u00e7\u00e3o<\/strong> correta e uma <strong>limpeza<\/strong> regular, podes desfrutar da tua <strong>pedra natural<\/strong> durante muito tempo. <\/p>\n\t\t\t\t\t\t\t\t<\/div>\n\t\t\t\t<\/div>\n\t\t\t\t\t<\/div>\n\t\t<\/div>\n\t\t\t\t\t<\/div>\n\t\t<\/section>\n\t\t\t\t<section class=\"elementor-section elementor-top-section elementor-element elementor-element-274b4968 elementor-section-boxed elementor-section-height-default elementor-section-height-default\" data-id=\"274b4968\" data-element_type=\"section\" data-e-type=\"section\">\n\t\t\t\t\t\t<div class=\"elementor-container elementor-column-gap-default\">\n\t\t\t\t\t<div class=\"elementor-column elementor-col-100 elementor-top-column elementor-element elementor-element-4e7ad6e5\" data-id=\"4e7ad6e5\" data-element_type=\"column\" data-e-type=\"column\">\n\t\t\t<div class=\"elementor-widget-wrap elementor-element-populated\">\n\t\t\t\t\t\t<div class=\"elementor-element elementor-element-28929ab8 elementor-widget elementor-widget-text-editor\" data-id=\"28929ab8\" data-element_type=\"widget\" data-e-type=\"widget\" data-widget_type=\"text-editor.default\">\n\t\t\t\t<div class=\"elementor-widget-container\">\n\t\t\t\t\t\t\t\t\t<h2>Perguntas frequentes sobre a prote\u00e7\u00e3o da pedra natural<\/h2>\n\t\t\t\t\t\t\t\t<\/div>\n\t\t\t\t<\/div>\n\t\t\t\t<div class=\"elementor-element elementor-element-79f821d7 elementor-widget elementor-widget-eael-adv-accordion\" data-id=\"79f821d7\" data-element_type=\"widget\" data-e-type=\"widget\" data-widget_type=\"eael-adv-accordion.default\">\n\t\t\t\t<div class=\"elementor-widget-container\">\n\t\t\t\t\t            <div class=\"eael-adv-accordion\" id=\"eael-adv-accordion-79f821d7\" data-scroll-on-click=\"no\" data-scroll-speed=\"300\" data-accordion-id=\"79f821d7\" data-accordion-type=\"accordion\" data-toogle-speed=\"300\">\n            <div class=\"eael-accordion-list\">\n\t\t\t\t\t<div id=\"por-que-razo-devo-impregnar-a-minha-pedra-natural\" class=\"elementor-tab-title eael-accordion-header\" tabindex=\"0\" data-tab=\"1\" aria-controls=\"elementor-tab-content-2041\"><span class=\"eael-advanced-accordion-icon-closed\"><i aria-hidden=\"true\" class=\"fa-accordion-icon fas fa-plus\"><\/i><\/span><span class=\"eael-advanced-accordion-icon-opened\"><i aria-hidden=\"true\" class=\"fa-accordion-icon fas fa-minus\"><\/i><\/span><span class=\"eael-accordion-tab-title\">Por que raz\u00e3o devo impregnar a minha pedra natural?<\/span><i aria-hidden=\"true\" class=\"fa-toggle fas fa-angle-right\"><\/i><\/div><div id=\"elementor-tab-content-2041\" class=\"eael-accordion-content clearfix\" data-tab=\"1\" aria-labelledby=\"por-que-razo-devo-impregnar-a-minha-pedra-natural\"><p>A <strong>impregna\u00e7\u00e3o<\/strong> protege <strong>a pedra natural<\/strong> da penetra\u00e7\u00e3o de <strong>l\u00edquidos<\/strong> e <strong>sujidade<\/strong>, o que prolonga consideravelmente a sua <strong>vida \u00fatil<\/strong> e facilita a sua <strong>manuten\u00e7\u00e3o<\/strong>.<\/p>\n<\/div>\n\t\t\t\t\t<\/div><div class=\"eael-accordion-list\">\n\t\t\t\t\t<div id=\"com-que-frequncia-se-deve-renovar-a-impregnao\" class=\"elementor-tab-title eael-accordion-header\" tabindex=\"0\" data-tab=\"2\" aria-controls=\"elementor-tab-content-2042\"><span class=\"eael-advanced-accordion-icon-closed\"><i aria-hidden=\"true\" class=\"fa-accordion-icon fas fa-plus\"><\/i><\/span><span class=\"eael-advanced-accordion-icon-opened\"><i aria-hidden=\"true\" class=\"fa-accordion-icon fas fa-minus\"><\/i><\/span><span class=\"eael-accordion-tab-title\">Com que frequ\u00eancia se deve renovar a impregna\u00e7\u00e3o?<\/span><i aria-hidden=\"true\" class=\"fa-toggle fas fa-angle-right\"><\/i><\/div><div id=\"elementor-tab-content-2042\" class=\"eael-accordion-content clearfix\" data-tab=\"2\" aria-labelledby=\"com-que-frequncia-se-deve-renovar-a-impregnao\"><p>A <strong>impregna\u00e7\u00e3o<\/strong> deve ser renovada de um em um ou de tr\u00eas em tr\u00eas anos, consoante a <strong>utiliza\u00e7\u00e3o<\/strong> e <strong>as condi\u00e7\u00f5es ambientais<\/strong>.<\/p>\n<\/div>\n\t\t\t\t\t<\/div><div class=\"eael-accordion-list\">\n\t\t\t\t\t<div id=\"posso-impregnar-qualquer-pedra-natural\" class=\"elementor-tab-title eael-accordion-header\" tabindex=\"0\" data-tab=\"3\" aria-controls=\"elementor-tab-content-2043\"><span class=\"eael-advanced-accordion-icon-closed\"><i aria-hidden=\"true\" class=\"fa-accordion-icon fas fa-plus\"><\/i><\/span><span class=\"eael-advanced-accordion-icon-opened\"><i aria-hidden=\"true\" class=\"fa-accordion-icon fas fa-minus\"><\/i><\/span><span class=\"eael-accordion-tab-title\">Posso impregnar qualquer pedra natural?<\/span><i aria-hidden=\"true\" class=\"fa-toggle fas fa-angle-right\"><\/i><\/div><div id=\"elementor-tab-content-2043\" class=\"eael-accordion-content clearfix\" data-tab=\"3\" aria-labelledby=\"posso-impregnar-qualquer-pedra-natural\"><p>Basicamente sim, mas h\u00e1 diferen\u00e7as consoante o <strong>tipo de pedra<\/strong> e a sua <strong>capacidade de absor\u00e7\u00e3o<\/strong>. \u00c9 importante utilizar o agente impregnante <a href=\"https:\/\/www.versiegelung24.com\/pt-pt\/vedacao-de-pedra-natural-em-profi-qualidade.html\"><strong>agente de impregna\u00e7\u00e3o<\/strong><\/a> para a respectiva <strong>pedra natural<\/strong>. <\/p>\n<\/div>\n\t\t\t\t\t<\/div><div class=\"eael-accordion-list\">\n\t\t\t\t\t<div id=\"que-produtos-de-limpeza-devo-utilizar-antes-da-impregnao\" class=\"elementor-tab-title eael-accordion-header\" tabindex=\"0\" data-tab=\"4\" aria-controls=\"elementor-tab-content-2044\"><span class=\"eael-advanced-accordion-icon-closed\"><i aria-hidden=\"true\" class=\"fa-accordion-icon fas fa-plus\"><\/i><\/span><span class=\"eael-advanced-accordion-icon-opened\"><i aria-hidden=\"true\" class=\"fa-accordion-icon fas fa-minus\"><\/i><\/span><span class=\"eael-accordion-tab-title\">Que produtos de limpeza devo utilizar antes da impregna\u00e7\u00e3o?<\/span><i aria-hidden=\"true\" class=\"fa-toggle fas fa-angle-right\"><\/i><\/div><div id=\"elementor-tab-content-2044\" class=\"eael-accordion-content clearfix\" data-tab=\"4\" aria-labelledby=\"que-produtos-de-limpeza-devo-utilizar-antes-da-impregnao\"><p>Antes da <strong>impregna\u00e7\u00e3o<\/strong>, devem ser utilizados produtos de <strong>limpeza<\/strong> especiais para <strong>pedra natural<\/strong> que n\u00e3o contenham <strong>subst\u00e2ncias<\/strong> \u00e1cidas. Uma <strong>limpeza<\/strong> minuciosa remove <strong>a sujidade<\/strong> e <strong>as impurezas<\/strong> e prepara a <strong>superf\u00edcie<\/strong> de forma ideal. <\/p>\n<\/div>\n\t\t\t\t\t<\/div><div class=\"eael-accordion-list\">\n\t\t\t\t\t<div id=\"a-pedra-natural-impregnada-pode-ser-danificada-a-longo-prazo\" class=\"elementor-tab-title eael-accordion-header\" tabindex=\"0\" data-tab=\"5\" aria-controls=\"elementor-tab-content-2045\"><span class=\"eael-advanced-accordion-icon-closed\"><i aria-hidden=\"true\" class=\"fa-accordion-icon fas fa-plus\"><\/i><\/span><span class=\"eael-advanced-accordion-icon-opened\"><i aria-hidden=\"true\" class=\"fa-accordion-icon fas fa-minus\"><\/i><\/span><span class=\"eael-accordion-tab-title\">A pedra natural impregnada pode ser danificada a longo prazo?<\/span><i aria-hidden=\"true\" class=\"fa-toggle fas fa-angle-right\"><\/i><\/div><div id=\"elementor-tab-content-2045\" class=\"eael-accordion-content clearfix\" data-tab=\"5\" aria-labelledby=\"a-pedra-natural-impregnada-pode-ser-danificada-a-longo-prazo\"><p><strong>A pedra natural<\/strong> corretamente impregnada est\u00e1 bem protegida e n\u00e3o se danifica se for <strong>cuidada<\/strong> corretamente. No entanto, devem ser efectuados <strong>cuidados<\/strong> regulares e <strong>uma reimpregna\u00e7\u00e3o<\/strong> ocasional para manter a <strong>prote\u00e7\u00e3o<\/strong>. <\/p>\n<\/div>\n\t\t\t\t\t<\/div><\/div>\t\t\t\t<\/div>\n\t\t\t\t<\/div>\n\t\t\t\t\t<\/div>\n\t\t<\/div>\n\t\t\t\t\t<\/div>\n\t\t<\/section>\n\t\t\t\t<section class=\"elementor-section elementor-top-section elementor-element elementor-element-5c121423 elementor-section-boxed elementor-section-height-default elementor-section-height-default\" data-id=\"5c121423\" data-element_type=\"section\" data-e-type=\"section\">\n\t\t\t\t\t\t<div class=\"elementor-container elementor-column-gap-default\">\n\t\t\t\t\t<div class=\"elementor-column elementor-col-100 elementor-top-column elementor-element elementor-element-44a85f7e\" data-id=\"44a85f7e\" data-element_type=\"column\" data-e-type=\"column\">\n\t\t\t<div class=\"elementor-widget-wrap elementor-element-populated\">\n\t\t\t\t\t\t<div class=\"elementor-element elementor-element-37cd915c elementor-widget elementor-widget-shortcode\" data-id=\"37cd915c\" data-element_type=\"widget\" data-e-type=\"widget\" data-widget_type=\"shortcode.default\">\n\t\t\t\t<div class=\"elementor-widget-container\">\n\t\t\t\t\t\t\t<div class=\"elementor-shortcode\"><\/div>\n\t\t\t\t\t\t<\/div>\n\t\t\t\t<\/div>\n\t\t\t\t\t<\/div>\n\t\t<\/div>\n\t\t\t\t\t<\/div>\n\t\t<\/section>\n\t\t\t\t<\/div>\n\t\t","protected":false},"excerpt":{"rendered":"<p>A impregna\u00e7\u00e3o da pedra natural \u00e9 um passo essencial para garantir a longevidade e a beleza das superf\u00edcies de pedra natural. Quer seja m\u00e1rmore, granito ou calc\u00e1rio &#8211; cada tipo de pedra natural tem os seus pr\u00f3prios requisitos e carater\u00edsticas especiais. Neste artigo abrangente, aprender\u00e1 tudo o que precisa de saber sobre a impregna\u00e7\u00e3o e&hellip;&nbsp;<a href=\"https:\/\/www.versiegelung24.com\/pt-pt\/guia-para-os-produtos-da-versiegelung24\/know-how\/protecao-e-cuidados-a-ter-com-as-pedras-naturais\/\" rel=\"bookmark\">Read More &raquo;<span class=\"screen-reader-text\">Impregna\u00e7\u00e3o de pedra natural: Prote\u00e7\u00e3o e cuidado da pedra natural no exterior e no interior<\/span><\/a><\/p>\n","protected":false},"author":917,"featured_media":176258,"parent":34643,"menu_order":0,"comment_status":"closed","ping_status":"closed","template":"elementor_header_footer","meta":{"_acf_changed":false,"neve_meta_sidebar":"","neve_meta_container":"","neve_meta_enable_content_width":"","neve_meta_content_width":0,"neve_meta_title_alignment":"","neve_meta_author_avatar":"","neve_post_elements_order":"","neve_meta_disable_header":"","neve_meta_disable_footer":"","neve_meta_disable_title":"","neve_meta_reading_time":"","footnotes":""},"categories":[3600,3499],"seiten_kategorie":[],"class_list":["post-177164","page","type-page","status-publish","has-post-thumbnail","hentry","category-casa-e-jardim","category-artigo-de-aconselhamento-revista"],"acf":[],"yoast_head":"<!-- This site is optimized with the Yoast SEO Premium plugin v22.8 (Yoast SEO v27.5) - https:\/\/yoast.com\/product\/yoast-seo-premium-wordpress\/ -->\n<title>Impregna\u00e7\u00e3o correta da pedra natural - impregna\u00e7\u00e3o para exteriores<\/title>\n<meta name=\"description\" content=\"Descobre como impregnar corretamente a pedra natural e proporcionar uma prote\u00e7\u00e3o duradoura contra influ\u00eancias externas. Conselhos para a impregna\u00e7\u00e3o em \u00e1reas exteriores.\" \/>\n<meta name=\"robots\" content=\"index, follow, max-snippet:-1, max-image-preview:large, max-video-preview:-1\" \/>\n<link rel=\"canonical\" href=\"https:\/\/www.versiegelung24.com\/pt-pt\/guia-para-os-produtos-da-versiegelung24\/know-how\/protecao-e-cuidados-a-ter-com-as-pedras-naturais\/\" \/>\n<meta property=\"og:locale\" content=\"pt_PT\" \/>\n<meta property=\"og:type\" content=\"article\" \/>\n<meta property=\"og:title\" content=\"Impregna\u00e7\u00e3o de pedra natural: Prote\u00e7\u00e3o e cuidado da pedra natural no exterior e no interior\" \/>\n<meta property=\"og:description\" content=\"Descobre como impregnar corretamente a pedra natural e proporcionar uma prote\u00e7\u00e3o duradoura contra influ\u00eancias externas. Conselhos para a impregna\u00e7\u00e3o em \u00e1reas exteriores.\" \/>\n<meta property=\"og:url\" content=\"https:\/\/www.versiegelung24.com\/pt-pt\/guia-para-os-produtos-da-versiegelung24\/know-how\/protecao-e-cuidados-a-ter-com-as-pedras-naturais\/\" \/>\n<meta property=\"og:site_name\" content=\"versiegelung24.com\" \/>\n<meta property=\"article:modified_time\" content=\"2025-01-06T13:32:05+00:00\" \/>\n<meta property=\"og:image\" content=\"https:\/\/www.versiegelung24.com\/wp-content\/uploads\/2024\/10\/the-texture-of-natural-stone.jpg\" \/>\n\t<meta property=\"og:image:width\" content=\"2000\" \/>\n\t<meta property=\"og:image:height\" content=\"1333\" \/>\n\t<meta property=\"og:image:type\" content=\"image\/jpeg\" \/>\n<meta name=\"twitter:card\" content=\"summary_large_image\" \/>\n<meta name=\"twitter:label1\" content=\"Tempo estimado de leitura\" \/>\n\t<meta name=\"twitter:data1\" content=\"6 minutos\" \/>\n<script type=\"application\/ld+json\" class=\"yoast-schema-graph\">{\"@context\":\"https:\\\/\\\/schema.org\",\"@graph\":[{\"@type\":\"WebPage\",\"@id\":\"https:\\\/\\\/www.versiegelung24.com\\\/pt-pt\\\/guia-para-os-produtos-da-versiegelung24\\\/know-how\\\/protecao-e-cuidados-a-ter-com-as-pedras-naturais\\\/\",\"url\":\"https:\\\/\\\/www.versiegelung24.com\\\/pt-pt\\\/guia-para-os-produtos-da-versiegelung24\\\/know-how\\\/protecao-e-cuidados-a-ter-com-as-pedras-naturais\\\/\",\"name\":\"Impregna\u00e7\u00e3o correta da pedra natural - impregna\u00e7\u00e3o para exteriores\",\"isPartOf\":{\"@id\":\"https:\\\/\\\/www.versiegelung24.com\\\/pt-pt\\\/#website\"},\"primaryImageOfPage\":{\"@id\":\"https:\\\/\\\/www.versiegelung24.com\\\/pt-pt\\\/guia-para-os-produtos-da-versiegelung24\\\/know-how\\\/protecao-e-cuidados-a-ter-com-as-pedras-naturais\\\/#primaryimage\"},\"image\":{\"@id\":\"https:\\\/\\\/www.versiegelung24.com\\\/pt-pt\\\/guia-para-os-produtos-da-versiegelung24\\\/know-how\\\/protecao-e-cuidados-a-ter-com-as-pedras-naturais\\\/#primaryimage\"},\"thumbnailUrl\":\"https:\\\/\\\/www.versiegelung24.com\\\/wp-content\\\/uploads\\\/2024\\\/10\\\/the-texture-of-natural-stone.jpg\",\"datePublished\":\"2024-11-27T13:08:05+00:00\",\"dateModified\":\"2025-01-06T13:32:05+00:00\",\"description\":\"Descobre como impregnar corretamente a pedra natural e proporcionar uma prote\u00e7\u00e3o duradoura contra influ\u00eancias externas. Conselhos para a impregna\u00e7\u00e3o em \u00e1reas exteriores.\",\"breadcrumb\":{\"@id\":\"https:\\\/\\\/www.versiegelung24.com\\\/pt-pt\\\/guia-para-os-produtos-da-versiegelung24\\\/know-how\\\/protecao-e-cuidados-a-ter-com-as-pedras-naturais\\\/#breadcrumb\"},\"inLanguage\":\"pt-PT\",\"potentialAction\":[{\"@type\":\"ReadAction\",\"target\":[\"https:\\\/\\\/www.versiegelung24.com\\\/pt-pt\\\/guia-para-os-produtos-da-versiegelung24\\\/know-how\\\/protecao-e-cuidados-a-ter-com-as-pedras-naturais\\\/\"]}]},{\"@type\":\"ImageObject\",\"inLanguage\":\"pt-PT\",\"@id\":\"https:\\\/\\\/www.versiegelung24.com\\\/pt-pt\\\/guia-para-os-produtos-da-versiegelung24\\\/know-how\\\/protecao-e-cuidados-a-ter-com-as-pedras-naturais\\\/#primaryimage\",\"url\":\"https:\\\/\\\/www.versiegelung24.com\\\/wp-content\\\/uploads\\\/2024\\\/10\\\/the-texture-of-natural-stone.jpg\",\"contentUrl\":\"https:\\\/\\\/www.versiegelung24.com\\\/wp-content\\\/uploads\\\/2024\\\/10\\\/the-texture-of-natural-stone.jpg\",\"width\":2000,\"height\":1333,\"caption\":\"the texture of natural stone\"},{\"@type\":\"BreadcrumbList\",\"@id\":\"https:\\\/\\\/www.versiegelung24.com\\\/pt-pt\\\/guia-para-os-produtos-da-versiegelung24\\\/know-how\\\/protecao-e-cuidados-a-ter-com-as-pedras-naturais\\\/#breadcrumb\",\"itemListElement\":[{\"@type\":\"ListItem\",\"position\":1,\"name\":\"P\u00e1gina inicial\",\"item\":\"https:\\\/\\\/www.versiegelung24.com\\\/pt-pt\\\/frente\\\/\"},{\"@type\":\"ListItem\",\"position\":2,\"name\":\"Conselheiro\",\"item\":\"https:\\\/\\\/www.versiegelung24.com\\\/pt-pt\\\/ratgeber\\\/\"},{\"@type\":\"ListItem\",\"position\":3,\"name\":\"Revista\",\"item\":\"https:\\\/\\\/www.versiegelung24.com\\\/pt-pt\\\/ratgeber\\\/magazin\\\/\"},{\"@type\":\"ListItem\",\"position\":4,\"name\":\"Impregna\u00e7\u00e3o de pedra natural: Prote\u00e7\u00e3o e cuidado da pedra natural no exterior e no interior\"}]},{\"@type\":\"WebSite\",\"@id\":\"https:\\\/\\\/www.versiegelung24.com\\\/pt-pt\\\/#website\",\"url\":\"https:\\\/\\\/www.versiegelung24.com\\\/pt-pt\\\/\",\"name\":\"versiegelung24.com\",\"description\":\"Fl\u00fcssigglas-Versiegelung - Made in Germany\",\"publisher\":{\"@id\":\"https:\\\/\\\/www.versiegelung24.com\\\/pt-pt\\\/#organization\"},\"potentialAction\":[{\"@type\":\"SearchAction\",\"target\":{\"@type\":\"EntryPoint\",\"urlTemplate\":\"https:\\\/\\\/www.versiegelung24.com\\\/pt-pt\\\/?s={search_term_string}\"},\"query-input\":{\"@type\":\"PropertyValueSpecification\",\"valueRequired\":true,\"valueName\":\"search_term_string\"}}],\"inLanguage\":\"pt-PT\"},{\"@type\":\"Organization\",\"@id\":\"https:\\\/\\\/www.versiegelung24.com\\\/pt-pt\\\/#organization\",\"name\":\"versiegelung24\",\"url\":\"https:\\\/\\\/www.versiegelung24.com\\\/pt-pt\\\/\",\"logo\":{\"@type\":\"ImageObject\",\"inLanguage\":\"pt-PT\",\"@id\":\"https:\\\/\\\/www.versiegelung24.com\\\/pt-pt\\\/#\\\/schema\\\/logo\\\/image\\\/\",\"url\":\"https:\\\/\\\/www.versiegelung24.com\\\/wp-content\\\/uploads\\\/2020\\\/04\\\/versiegelung24.png\",\"contentUrl\":\"https:\\\/\\\/www.versiegelung24.com\\\/wp-content\\\/uploads\\\/2020\\\/04\\\/versiegelung24.png\",\"width\":470,\"height\":102,\"caption\":\"versiegelung24\"},\"image\":{\"@id\":\"https:\\\/\\\/www.versiegelung24.com\\\/pt-pt\\\/#\\\/schema\\\/logo\\\/image\\\/\"}}]}<\/script>\n<!-- \/ Yoast SEO Premium plugin. -->","yoast_head_json":{"title":"Impregna\u00e7\u00e3o correta da pedra natural - impregna\u00e7\u00e3o para exteriores","description":"Descobre como impregnar corretamente a pedra natural e proporcionar uma prote\u00e7\u00e3o duradoura contra influ\u00eancias externas. Conselhos para a impregna\u00e7\u00e3o em \u00e1reas exteriores.","robots":{"index":"index","follow":"follow","max-snippet":"max-snippet:-1","max-image-preview":"max-image-preview:large","max-video-preview":"max-video-preview:-1"},"canonical":"https:\/\/www.versiegelung24.com\/pt-pt\/guia-para-os-produtos-da-versiegelung24\/know-how\/protecao-e-cuidados-a-ter-com-as-pedras-naturais\/","og_locale":"pt_PT","og_type":"article","og_title":"Impregna\u00e7\u00e3o de pedra natural: Prote\u00e7\u00e3o e cuidado da pedra natural no exterior e no interior","og_description":"Descobre como impregnar corretamente a pedra natural e proporcionar uma prote\u00e7\u00e3o duradoura contra influ\u00eancias externas. Conselhos para a impregna\u00e7\u00e3o em \u00e1reas exteriores.","og_url":"https:\/\/www.versiegelung24.com\/pt-pt\/guia-para-os-produtos-da-versiegelung24\/know-how\/protecao-e-cuidados-a-ter-com-as-pedras-naturais\/","og_site_name":"versiegelung24.com","article_modified_time":"2025-01-06T13:32:05+00:00","og_image":[{"width":2000,"height":1333,"url":"https:\/\/www.versiegelung24.com\/wp-content\/uploads\/2024\/10\/the-texture-of-natural-stone.jpg","type":"image\/jpeg"}],"twitter_card":"summary_large_image","twitter_misc":{"Tempo estimado de leitura":"6 minutos"},"schema":{"@context":"https:\/\/schema.org","@graph":[{"@type":"WebPage","@id":"https:\/\/www.versiegelung24.com\/pt-pt\/guia-para-os-produtos-da-versiegelung24\/know-how\/protecao-e-cuidados-a-ter-com-as-pedras-naturais\/","url":"https:\/\/www.versiegelung24.com\/pt-pt\/guia-para-os-produtos-da-versiegelung24\/know-how\/protecao-e-cuidados-a-ter-com-as-pedras-naturais\/","name":"Impregna\u00e7\u00e3o correta da pedra natural - impregna\u00e7\u00e3o para exteriores","isPartOf":{"@id":"https:\/\/www.versiegelung24.com\/pt-pt\/#website"},"primaryImageOfPage":{"@id":"https:\/\/www.versiegelung24.com\/pt-pt\/guia-para-os-produtos-da-versiegelung24\/know-how\/protecao-e-cuidados-a-ter-com-as-pedras-naturais\/#primaryimage"},"image":{"@id":"https:\/\/www.versiegelung24.com\/pt-pt\/guia-para-os-produtos-da-versiegelung24\/know-how\/protecao-e-cuidados-a-ter-com-as-pedras-naturais\/#primaryimage"},"thumbnailUrl":"https:\/\/www.versiegelung24.com\/wp-content\/uploads\/2024\/10\/the-texture-of-natural-stone.jpg","datePublished":"2024-11-27T13:08:05+00:00","dateModified":"2025-01-06T13:32:05+00:00","description":"Descobre como impregnar corretamente a pedra natural e proporcionar uma prote\u00e7\u00e3o duradoura contra influ\u00eancias externas. Conselhos para a impregna\u00e7\u00e3o em \u00e1reas exteriores.","breadcrumb":{"@id":"https:\/\/www.versiegelung24.com\/pt-pt\/guia-para-os-produtos-da-versiegelung24\/know-how\/protecao-e-cuidados-a-ter-com-as-pedras-naturais\/#breadcrumb"},"inLanguage":"pt-PT","potentialAction":[{"@type":"ReadAction","target":["https:\/\/www.versiegelung24.com\/pt-pt\/guia-para-os-produtos-da-versiegelung24\/know-how\/protecao-e-cuidados-a-ter-com-as-pedras-naturais\/"]}]},{"@type":"ImageObject","inLanguage":"pt-PT","@id":"https:\/\/www.versiegelung24.com\/pt-pt\/guia-para-os-produtos-da-versiegelung24\/know-how\/protecao-e-cuidados-a-ter-com-as-pedras-naturais\/#primaryimage","url":"https:\/\/www.versiegelung24.com\/wp-content\/uploads\/2024\/10\/the-texture-of-natural-stone.jpg","contentUrl":"https:\/\/www.versiegelung24.com\/wp-content\/uploads\/2024\/10\/the-texture-of-natural-stone.jpg","width":2000,"height":1333,"caption":"the texture of natural stone"},{"@type":"BreadcrumbList","@id":"https:\/\/www.versiegelung24.com\/pt-pt\/guia-para-os-produtos-da-versiegelung24\/know-how\/protecao-e-cuidados-a-ter-com-as-pedras-naturais\/#breadcrumb","itemListElement":[{"@type":"ListItem","position":1,"name":"P\u00e1gina inicial","item":"https:\/\/www.versiegelung24.com\/pt-pt\/frente\/"},{"@type":"ListItem","position":2,"name":"Conselheiro","item":"https:\/\/www.versiegelung24.com\/pt-pt\/ratgeber\/"},{"@type":"ListItem","position":3,"name":"Revista","item":"https:\/\/www.versiegelung24.com\/pt-pt\/ratgeber\/magazin\/"},{"@type":"ListItem","position":4,"name":"Impregna\u00e7\u00e3o de pedra natural: Prote\u00e7\u00e3o e cuidado da pedra natural no exterior e no interior"}]},{"@type":"WebSite","@id":"https:\/\/www.versiegelung24.com\/pt-pt\/#website","url":"https:\/\/www.versiegelung24.com\/pt-pt\/","name":"versiegelung24.com","description":"Fl\u00fcssigglas-Versiegelung - Made in Germany","publisher":{"@id":"https:\/\/www.versiegelung24.com\/pt-pt\/#organization"},"potentialAction":[{"@type":"SearchAction","target":{"@type":"EntryPoint","urlTemplate":"https:\/\/www.versiegelung24.com\/pt-pt\/?s={search_term_string}"},"query-input":{"@type":"PropertyValueSpecification","valueRequired":true,"valueName":"search_term_string"}}],"inLanguage":"pt-PT"},{"@type":"Organization","@id":"https:\/\/www.versiegelung24.com\/pt-pt\/#organization","name":"versiegelung24","url":"https:\/\/www.versiegelung24.com\/pt-pt\/","logo":{"@type":"ImageObject","inLanguage":"pt-PT","@id":"https:\/\/www.versiegelung24.com\/pt-pt\/#\/schema\/logo\/image\/","url":"https:\/\/www.versiegelung24.com\/wp-content\/uploads\/2020\/04\/versiegelung24.png","contentUrl":"https:\/\/www.versiegelung24.com\/wp-content\/uploads\/2020\/04\/versiegelung24.png","width":470,"height":102,"caption":"versiegelung24"},"image":{"@id":"https:\/\/www.versiegelung24.com\/pt-pt\/#\/schema\/logo\/image\/"}}]}},"_links":{"self":[{"href":"https:\/\/www.versiegelung24.com\/pt-pt\/wp-json\/wp\/v2\/pages\/177164","targetHints":{"allow":["GET"]}}],"collection":[{"href":"https:\/\/www.versiegelung24.com\/pt-pt\/wp-json\/wp\/v2\/pages"}],"about":[{"href":"https:\/\/www.versiegelung24.com\/pt-pt\/wp-json\/wp\/v2\/types\/page"}],"author":[{"embeddable":true,"href":"https:\/\/www.versiegelung24.com\/pt-pt\/wp-json\/wp\/v2\/users\/917"}],"replies":[{"embeddable":true,"href":"https:\/\/www.versiegelung24.com\/pt-pt\/wp-json\/wp\/v2\/comments?post=177164"}],"version-history":[{"count":2,"href":"https:\/\/www.versiegelung24.com\/pt-pt\/wp-json\/wp\/v2\/pages\/177164\/revisions"}],"predecessor-version":[{"id":178786,"href":"https:\/\/www.versiegelung24.com\/pt-pt\/wp-json\/wp\/v2\/pages\/177164\/revisions\/178786"}],"up":[{"embeddable":true,"href":"https:\/\/www.versiegelung24.com\/pt-pt\/wp-json\/wp\/v2\/pages\/34643"}],"wp:featuredmedia":[{"embeddable":true,"href":"https:\/\/www.versiegelung24.com\/pt-pt\/wp-json\/wp\/v2\/media\/176258"}],"wp:attachment":[{"href":"https:\/\/www.versiegelung24.com\/pt-pt\/wp-json\/wp\/v2\/media?parent=177164"}],"wp:term":[{"taxonomy":"category","embeddable":true,"href":"https:\/\/www.versiegelung24.com\/pt-pt\/wp-json\/wp\/v2\/categories?post=177164"},{"taxonomy":"seiten_kategorie","embeddable":true,"href":"https:\/\/www.versiegelung24.com\/pt-pt\/wp-json\/wp\/v2\/seiten_kategorie?post=177164"}],"curies":[{"name":"wp","href":"https:\/\/api.w.org\/{rel}","templated":true}]}}