{"id":23113,"date":"2020-04-04T18:53:15","date_gmt":"2021-08-02T19:21:29","guid":{"rendered":"https:\/\/www.versiegelung24.com\/produkt\/vedacao-de-pedra-com-efeito-de-longo-prazo-e-profundidade"},"modified":"2025-01-04T00:22:55","modified_gmt":"2025-01-03T23:22:55","slug":"stone-sealing-with-long-term-and-deep-action","status":"publish","type":"product","link":"https:\/\/www.versiegelung24.com\/pt-pt\/selo-de-pedra-com-efeito-longo-longo-longo-e-profundo.html","title":{"rendered":"Selagem por pedra com efeito a longo prazo e profundo"},"content":{"rendered":"\n<h2 class=\"wp-block-heading\" id=\"h-beschreibung\">Descri\u00e7\u00e3o da<\/h2>\n\n<p>A nossa veda\u00e7\u00e3o em pedra com efeito de longo prazo e profundidade protege eficaz e permanentemente as superf\u00edcies de pedra de v\u00e1rios tipos, desde o tempo, a sujidade e a \u00e1gua, sem comprometer o aspeto e a sensa\u00e7\u00e3o da superf\u00edcie. Nanocoatsa resistente \u00e0 \u00e1gua altamente eficaz para todas as superf\u00edcies de pedra mineral absorventes.<\/p>\n\n<p>Nova vers\u00e3o com melhor efeito contra a gordura e o vinho tinto (antigo artigo n\u00famero 3000-620)<\/p>\n\n<p>De alta qualidade Made in Germany.<\/p>\n\n<hr\/>\n\n<h2 class=\"wp-block-heading\" id=\"video\">V\u00eddeo do produto<\/h2>\n\n<div class=\"wp-block-columns is-layout-flex wp-container-core-columns-is-layout-9d6595d7 wp-block-columns-is-layout-flex\">\n<div class=\"wp-block-column is-layout-flow wp-block-column-is-layout-flow\">\n<figure class=\"wp-block-embed aligncenter is-type-video is-provider-youtube wp-block-embed-youtube wp-embed-aspect-16-9 wp-has-aspect-ratio\"><div class=\"wp-block-embed__wrapper\"> \n<div class=\"nv-iframe-embed\"><iframe title=\"Steinversiegelung aus fl\u00fcssigem Glas\" width=\"1200\" height=\"675\" src=\"https:\/\/www.youtube.com\/embed\/t93bDWV0Jyk?feature=oembed\" frameborder=\"0\" allow=\"accelerometer; autoplay; clipboard-write; encrypted-media; gyroscope; picture-in-picture\" allowfullscreen><\/iframe><\/div>\n <\/div><\/figure>\n<\/div>\n<\/div>\n\n<hr\/>\n\n<h2 class=\"wp-block-heading\" id=\"properties\">Caracter\u00edsticas do produto<\/h2>\n\n<div class=\"wp-block-columns is-layout-flex wp-container-core-columns-is-layout-9d6595d7 wp-block-columns-is-layout-flex\">\n<div class=\"wp-block-column is-layout-flow wp-block-column-is-layout-flow\">\n<p>\u2713 Prote\u00e7\u00e3o permanente eficaz da superf\u00edcie contra a \u00e1gua, a sujidade e a intemp\u00e9ries<\/p>\n\n\n\n<p>\u2713 Agente impregnante de alto desempenho, altamente concentrado e de alto desempenho, baseado em silane \/SI<\/p>\n\n\n\n<p>\u2713 Previne o crescimento de musgos, l\u00edquenes, fungos e outras influ\u00eancias naturais<\/p>\n\n\n\n<p>\u2713 Processamento f\u00e1cil<\/p>\n\n\n\n<p>\u2713 Nenhuma mudan\u00e7a no aspeto e na sensa\u00e7\u00e3o da superf\u00edcie (absolutamente invis\u00edvel)<\/p>\n\n\n\n<p>\u2713 Com superf\u00edcies muito absorventes ou efeito de aprofundamento de cores intensivos<\/p>\n\n\n\n<p>\u2713 Absolutamente resistente \u00e0 geada (gelo e neve n\u00e3o levam a danos)<\/p>\n\n\n\n<p>\u2713 Resist\u00eancia extrema \u00e0 abras\u00e3o devido a compostos de sil\u00edcio de cadeia longa (SiO\u00b2)<\/p>\n\n\n\n<p>\u2713 Efeito de profundidade de longa dura\u00e7\u00e3o devido a elevadas profundidades de penetra\u00e7\u00e3o at\u00e9 20mm (dependendo da absorv\u00eancia)<\/p>\n\n\n\n<p>\u2713 Superf\u00edcie permanece respir\u00e1vel (aberta \u00e0 difus\u00e3o), por isso n\u00e3o h\u00e1 camada de barreira e n\u00e3o h\u00e1 entupimento de \u00e1gua<\/p>\n\n\n\n<p>\u2713 \u00c1gua salgada, geada e \u00e1lcalina resistentes<\/p>\n\n\n\n<p>\u2713 N\u00e3o h\u00e1 forma\u00e7\u00e3o de filmes de silicone pegajoso devido \u00e0 tecnologia SiO2<\/p>\n<\/div>\n\n\n\n<div class=\"wp-block-column is-layout-flow wp-block-column-is-layout-flow\">\n<p>\u2713 Adequado para aplica\u00e7\u00f5es interiores e exteriores<\/p>\n\n\n\n<p>\u2713 Estabilidade UV elevada<\/p>\n\n\n\n<p>\u2713 Efeito f\u00e1cil de limpar: a sujidade n\u00e3o adere e pode ser facilmente removida<\/p>\n\n\n\n<p>Aplicado corretamente, dura muitos anos, uma vez que o selante forma uma liga\u00e7\u00e3o covalente (permanente) com a superf\u00edcie &#8211; prote\u00e7\u00e3o a longo prazo (at\u00e9 mais de 10 anos)<\/p>\n\n\n\n<p>\u2713 Reduz a tend\u00eancia para a lix\u00edvia (para o bet\u00e3o e rocha calc\u00e1ria)<\/p>\n\n\n\n<p>\u2713 Fortemente repelente de \u00e1gua, \u00f3leo e sujidade<\/p>\n\n\n\n<p>\u2713 Temperatura recomendada de aplica\u00e7\u00e3o +5 a +25\u00b0C<\/p>\n\n\n\n<p><br\/>Contribui significativamente para a poupan\u00e7a de energia nos edif\u00edcios, uma vez que as superf\u00edcies secas s\u00e3o termicamente eficientes<\/p>\n\n\n\n<p><\/p>\n\n\n\n<p><br\/><br\/>\u00c2mbito de fornecimento: <strong> 1 x garrafa de litro 1 x cabe\u00e7a de pulveriza\u00e7\u00e3o da bomba<\/strong><br\/><\/p>\n<\/div>\n<\/div>\n\n<div class=\"wp-block-columns is-layout-flex wp-container-core-columns-is-layout-9d6595d7 wp-block-columns-is-layout-flex\">\n<div class=\"wp-block-column is-layout-flow wp-block-column-is-layout-flow\"><\/div>\n<\/div>\n\n<br\/>\n\n<h2 class=\"wp-block-heading\" id=\"application\">Aplica\u00e7\u00e3o<\/h2>\n\n<p><strong>Adequado para todas as superf\u00edcies de pedra absorvente de minerais a c\u00e9u aberto, dentro e fora de casa.<\/strong><\/p>\n\n<div class=\"wp-block-columns is-layout-flex wp-container-core-columns-is-layout-9d6595d7 wp-block-columns-is-layout-flex\">\n<div class=\"wp-block-column is-layout-flow wp-block-column-is-layout-flow\">\n<p>\u2713 Pedra natural (aprox. 10-30m\u00b2 \/ litro)<\/p>\n\n\n\n<p>\u2713 Bloco de bet\u00e3o (aprox. 10-30m\u00b2 \/ litro)<\/p>\n\n\n\n<p>\u2713 Pedra de pavimenta\u00e7\u00e3o (aprox. 10-30m\u00b2 \/ litro)<\/p>\n\n\n\n<p>\u2713 Pavimento em cal\u00e7ada (aprox. 10-30m\u00b2 \/ litro)<\/p>\n\n\n\n<p>\u2713 Tijolo &amp; alvenaria (aprox. 20-30m\u00b2 \/ litro) <\/p>\n\n\n\n<p>\u2713 Telhas de pedra (n\u00e3o vidradas) (aprox. 20-40m\u00b2 \/ litro)<\/p>\n\n\n\n<p>\u2713 Telhas de cobertura (aprox. 15-25m\u00b2 \/ litro) <\/p>\n\n\n\n<p>\u2713 Calc\u00e1rio (aprox. 15-25m\u00b2 \/ litro)<\/p>\n\n\n\n<p>\u2713 Tijolo de areia-lima (aprox. 15m\u00b2 \/ litro)<\/p>\n\n\n\n<p>\u2713 Arenito (aprox. 8-15m\u00b2 \/ litro)<\/p>\n\n\n\n<p>\u2713 Ard\u00f3sia (aprox. 15-30m\u00b2 \/ litro, Aten\u00e7\u00e3o: Ard\u00f3sia fica com cor mais escura (aprofundamento de cores)<\/p>\n<\/div>\n\n\n\n<div class=\"wp-block-column is-layout-flow wp-block-column-is-layout-flow\">\n<ul class=\"wp-block-list\">\n<li>A veda\u00e7\u00e3o em pedra V24 \u00e9 entregue pronta a ser utilizada e \u00e9 aplicada sem dilu\u00edda \u00e0 superf\u00edcie seca pr\u00e9-limpa.<\/li>\n<\/ul>\n\n\n\n<ul class=\"wp-block-list\">\n<li>Todas as superf\u00edcies a serem tratadas devem ser secas e bem limpas, pois esta \u00e9 a \u00fanica forma de garantir uma penetra\u00e7\u00e3o profunda do selo, o que provoca um \u00f3timo efeito a longo prazo e profundo.<\/li>\n<\/ul>\n\n\n\n<ul class=\"wp-block-list\">\n<li>Ap\u00f3s a aplica\u00e7\u00e3o, o <strong>V24 Stone Sealant<\/strong> deve permanecer em contacto com a superf\u00edcie como uma pel\u00edcula l\u00edquida durante v\u00e1rios segundos.<\/li>\n<\/ul>\n\n\n\n<ul class=\"wp-block-list\">\n<li>O revestimento \u00e9 totalmente cruzado e curado ap\u00f3s 24 horas.<\/li>\n<\/ul>\n\n\n\n<p>Uma descri\u00e7\u00e3o detalhada da aplica\u00e7\u00e3o pode ser encontrada na nossa folha de dados<\/p>\n<\/div>\n<\/div>\n\n<div class=\"wp-block-columns is-layout-flex wp-container-core-columns-is-layout-9d6595d7 wp-block-columns-is-layout-flex\">\n<div class=\"wp-block-column is-layout-flow wp-block-column-is-layout-flow\">\n<br\/>\n<\/div>\n<\/div>\n\n<h4 class=\"wp-block-heading\" id=\"faq\">FAQ<\/h4>\n\n<div class=\"wp-block-columns is-layout-flex wp-container-core-columns-is-layout-9d6595d7 wp-block-columns-is-layout-flex\">\n<div class=\"wp-block-column is-layout-flow wp-block-column-is-layout-flow\" style=\"flex-basis:100%\">\n<div class=\"schema-faq wp-block-yoast-faq-block\"><div class=\"schema-faq-section\" id=\"faq-question-1723129133239\"><strong class=\"schema-faq-question\">Porque \u00e9 que a selagem n\u00e3o tem o efeito ideal \/ Porque \u00e9 que n\u00e3o tem efeito?\n\/ Porque \u00e9 que n\u00e3o tem efeito a longo prazo? <\/strong> <p class=\"schema-faq-answer\"><br>1) A efic\u00e1cia do vedante pode ser prejudicada se ocorrer humidade (por exemplo, chuva ou humidade ascendente do pavimento) durante a fase de aplica\u00e7\u00e3o ou de secagem (aprox. 24 horas). 2) A pr\u00e9-limpeza que n\u00e3o esteja completamente isenta de res\u00edduos tamb\u00e9m pode causar problemas.\n<br>\u00c9 essencial que os produtos de limpeza de pedra ou outros produtos de pr\u00e9-limpeza sejam completamente removidos. 3. Quaisquer pr\u00e9-revestimentos podem impedir que o vedante seja absorvido e fixado de forma \u00f3ptima, o que pode levar a um efeito reduzido ou n\u00e3o duradouro. <\/p> <\/div> <div class=\"schema-faq-section\" id=\"faq-question-1723129206298\"><strong class=\"schema-faq-question\">Posso limpar as pedras com uma m\u00e1quina de limpeza a alta press\u00e3o?<\/strong> <p class=\"schema-faq-answer\"><br>R<strong>ecomenda\u00e7\u00e3o:<\/strong> 1. Geralmente, desaconselhamos a utiliza\u00e7\u00e3o de uma m\u00e1quina de lavar a press\u00e3o para a limpeza de lajes de pedra e bet\u00e3o.\n<br>A forte abras\u00e3o danifica as superf\u00edcies e torna-as mais suscept\u00edveis a nova sujidade e ao crescimento de algas. 2. A a\u00e7\u00e3o abrasiva da m\u00e1quina de lavar a press\u00e3o pode remover a camada superior de um vedante, mesmo que a hidrofobicidade nas camadas mais profundas permane\u00e7a intacta. <\/p> <\/div> <div class=\"schema-faq-section\" id=\"faq-question-1723188404369\"><strong class=\"schema-faq-question\">Porque \u00e9 que o meu selante n\u00e3o dura tanto tempo como esperado?<\/strong> <p class=\"schema-faq-answer\">A durabilidade do vedante pode ser influenciada por v\u00e1rios factores.\nEventuais problemas durante a aplica\u00e7\u00e3o, como a exposi\u00e7\u00e3o \u00e0 humidade durante a fase de secagem ou uma pr\u00e9-limpeza inadequada, podem prejudicar o efeito ideal.\nAl\u00e9m disso, a utiliza\u00e7\u00e3o intensiva da superf\u00edcie pode reduzir a vida \u00fatil do vedante.\nNo entanto, \u00e9 poss\u00edvel que o efeito de profundidade ainda esteja presente nas camadas subjacentes.   <\/p> <\/div> <div class=\"schema-faq-section\" id=\"faq-question-1723188391712\"><strong class=\"schema-faq-question\">Por que raz\u00e3o n\u00e3o ocorre o efeito desejado de gota?<\/strong> <p class=\"schema-faq-answer\">A falta de efeito de gota pode dever-se a problemas com a aplica\u00e7\u00e3o do vedante.\nA humidade durante a aplica\u00e7\u00e3o ou uma limpeza pr\u00e9via incompleta podem prejudicar o efeito e impedir que o vedante seja absorvido e endure\u00e7a de forma \u00f3ptima. <\/p> <\/div> <\/div>\n<\/div>\n<\/div>\n","protected":false},"excerpt":{"rendered":"<p>  <strong>Para todas as superf\u00edcies de pedra mineral dentro e fora de casa<\/strong><\/p>\n<p>\u2713 Nano-revestimento repelente \u00e0 \u00e1gua e resistente \u00e0 abras\u00e3o<\/p>\n<p>Efeito f\u00e1cil de limpar: a sujidade n\u00e3o adere e pode ser facilmente removida<\/p>\n<p>\u2713 Absolutamente invis\u00edvel: sem altera\u00e7\u00e3o do aspecto da superf\u00edcie<\/p>\n<p>\u2713 A superf\u00edcie continua a ser respir\u00e1vel<\/p>\n<p>Impede o crescimento de musgos, l\u00edquenes, fungos e a forma\u00e7\u00e3o de uma cobertura verde.<\/p>\n","protected":false},"featured_media":17691,"template":"","meta":{"_acf_changed":false,"neve_meta_sidebar":"","neve_meta_container":"","neve_meta_enable_content_width":"","neve_meta_content_width":0,"neve_meta_title_alignment":"","neve_meta_author_avatar":"","neve_post_elements_order":"","neve_meta_disable_header":"","neve_meta_disable_footer":"","neve_meta_disable_title":"","neve_meta_reading_time":"","_surfaces":[],"_ver_product_tabs":[],"footnotes":""},"product_brand":[],"product_cat":[2385],"product_tag":[],"class_list":{"0":"post-23113","1":"product","2":"type-product","3":"status-publish","4":"has-post-thumbnail","6":"product_cat-selo-de-pedra-e-concreto","7":"pa_gebinde-garrafa-de-1000ml","8":"pa_gebinde-20l-recipiente","9":"pa_gebinde-recipiente-de-5l","11":"first","12":"instock","13":"taxable","14":"shipping-taxable","15":"purchasable","16":"product-type-variable","17":"has-default-attributes"},"acf":[],"yoast_head":"<!-- This site is optimized with the Yoast SEO Premium plugin v22.8 (Yoast SEO v27.5) - https:\/\/yoast.com\/product\/yoast-seo-premium-wordpress\/ -->\n<title>Selagem por pedra com efeito a longo prazo e profundo - versiegelung24.com<\/title>\n<meta name=\"description\" content=\"Selante de pedra com efeito prolongado e profundo - Selar as suas pedras e proteg\u00ea-las da humidade e da sujidade.\" \/>\n<meta name=\"robots\" content=\"index, follow, max-snippet:-1, max-image-preview:large, max-video-preview:-1\" \/>\n<link rel=\"canonical\" href=\"https:\/\/www.versiegelung24.com\/pt-pt\/selo-de-pedra-com-efeito-longo-longo-longo-e-profundo.html\" \/>\n<meta property=\"og:locale\" content=\"pt_PT\" \/>\n<meta property=\"og:type\" content=\"article\" \/>\n<meta property=\"og:title\" content=\"Selagem por pedra com efeito a longo prazo e profundo\" \/>\n<meta property=\"og:description\" content=\"Selante de pedra com efeito prolongado e profundo - Selar as suas pedras e proteg\u00ea-las da humidade e da sujidade.\" \/>\n<meta property=\"og:url\" content=\"https:\/\/www.versiegelung24.com\/pt-pt\/selo-de-pedra-com-efeito-longo-longo-longo-e-profundo.html\" \/>\n<meta property=\"og:site_name\" content=\"versiegelung24.com\" \/>\n<meta property=\"article:modified_time\" content=\"2025-01-03T23:22:55+00:00\" \/>\n<meta property=\"og:image\" content=\"https:\/\/www.versiegelung24.com\/wp-content\/uploads\/2020\/06\/produkt-3000-620-1000-Steinversiegelung-scaled.jpg\" \/>\n\t<meta property=\"og:image:width\" content=\"2560\" \/>\n\t<meta property=\"og:image:height\" content=\"2560\" \/>\n\t<meta property=\"og:image:type\" content=\"image\/jpeg\" \/>\n<meta name=\"twitter:card\" content=\"summary_large_image\" \/>\n<meta name=\"twitter:label1\" content=\"Disponibilidade\" \/>\n\t<meta name=\"twitter:data1\" content=\"Em stock\" \/>\n<script type=\"application\/ld+json\" class=\"yoast-schema-graph\">{\"@context\":\"https:\\\/\\\/schema.org\",\"@graph\":[{\"@type\":[\"WebPage\",\"FAQPage\"],\"@id\":\"https:\\\/\\\/www.versiegelung24.com\\\/pt-pt\\\/selo-de-pedra-com-efeito-longo-longo-longo-e-profundo.html\",\"url\":\"https:\\\/\\\/www.versiegelung24.com\\\/pt-pt\\\/selo-de-pedra-com-efeito-longo-longo-longo-e-profundo.html\",\"name\":\"Selagem por pedra com efeito a longo prazo e profundo - versiegelung24.com\",\"isPartOf\":{\"@id\":\"https:\\\/\\\/www.versiegelung24.com\\\/pt-pt\\\/#website\"},\"primaryImageOfPage\":{\"@id\":\"https:\\\/\\\/www.versiegelung24.com\\\/pt-pt\\\/selo-de-pedra-com-efeito-longo-longo-longo-e-profundo.html#primaryimage\"},\"image\":{\"@id\":\"https:\\\/\\\/www.versiegelung24.com\\\/pt-pt\\\/selo-de-pedra-com-efeito-longo-longo-longo-e-profundo.html#primaryimage\"},\"thumbnailUrl\":\"https:\\\/\\\/www.versiegelung24.com\\\/wp-content\\\/uploads\\\/2020\\\/06\\\/produkt-3000-620-1000-Steinversiegelung-scaled.jpg\",\"datePublished\":\"2021-08-02T19:21:29+00:00\",\"dateModified\":\"2025-01-03T23:22:55+00:00\",\"description\":\"Selante de pedra com efeito prolongado e profundo - Selar as suas pedras e proteg\u00ea-las da humidade e da sujidade.\",\"breadcrumb\":{\"@id\":\"https:\\\/\\\/www.versiegelung24.com\\\/pt-pt\\\/selo-de-pedra-com-efeito-longo-longo-longo-e-profundo.html#breadcrumb\"},\"mainEntity\":[{\"@id\":\"https:\\\/\\\/www.versiegelung24.com\\\/pt-pt\\\/selo-de-pedra-com-efeito-longo-longo-longo-e-profundo.html#faq-question-1723129133239\"},{\"@id\":\"https:\\\/\\\/www.versiegelung24.com\\\/pt-pt\\\/selo-de-pedra-com-efeito-longo-longo-longo-e-profundo.html#faq-question-1723129206298\"},{\"@id\":\"https:\\\/\\\/www.versiegelung24.com\\\/pt-pt\\\/selo-de-pedra-com-efeito-longo-longo-longo-e-profundo.html#faq-question-1723188404369\"},{\"@id\":\"https:\\\/\\\/www.versiegelung24.com\\\/pt-pt\\\/selo-de-pedra-com-efeito-longo-longo-longo-e-profundo.html#faq-question-1723188391712\"}],\"inLanguage\":\"pt-PT\",\"potentialAction\":[{\"@type\":\"ReadAction\",\"target\":[\"https:\\\/\\\/www.versiegelung24.com\\\/pt-pt\\\/selo-de-pedra-com-efeito-longo-longo-longo-e-profundo.html\"]}]},{\"@type\":\"ImageObject\",\"inLanguage\":\"pt-PT\",\"@id\":\"https:\\\/\\\/www.versiegelung24.com\\\/pt-pt\\\/selo-de-pedra-com-efeito-longo-longo-longo-e-profundo.html#primaryimage\",\"url\":\"https:\\\/\\\/www.versiegelung24.com\\\/wp-content\\\/uploads\\\/2020\\\/06\\\/produkt-3000-620-1000-Steinversiegelung-scaled.jpg\",\"contentUrl\":\"https:\\\/\\\/www.versiegelung24.com\\\/wp-content\\\/uploads\\\/2020\\\/06\\\/produkt-3000-620-1000-Steinversiegelung-scaled.jpg\",\"width\":2560,\"height\":2560},{\"@type\":\"BreadcrumbList\",\"@id\":\"https:\\\/\\\/www.versiegelung24.com\\\/pt-pt\\\/selo-de-pedra-com-efeito-longo-longo-longo-e-profundo.html#breadcrumb\",\"itemListElement\":[{\"@type\":\"ListItem\",\"position\":1,\"name\":\"P\u00e1gina inicial\",\"item\":\"https:\\\/\\\/www.versiegelung24.com\\\/pt-pt\\\/frente\\\/\"},{\"@type\":\"ListItem\",\"position\":2,\"name\":\"Loja\",\"item\":\"https:\\\/\\\/www.versiegelung24.com\\\/pt-pt\\\/loja\\\/\"},{\"@type\":\"ListItem\",\"position\":3,\"name\":\"Selagem por pedra com efeito a longo prazo e profundo\"}]},{\"@type\":\"WebSite\",\"@id\":\"https:\\\/\\\/www.versiegelung24.com\\\/pt-pt\\\/#website\",\"url\":\"https:\\\/\\\/www.versiegelung24.com\\\/pt-pt\\\/\",\"name\":\"versiegelung24.com\",\"description\":\"Fl\u00fcssigglas-Versiegelung - Made in Germany\",\"publisher\":{\"@id\":\"https:\\\/\\\/www.versiegelung24.com\\\/pt-pt\\\/#organization\"},\"potentialAction\":[{\"@type\":\"SearchAction\",\"target\":{\"@type\":\"EntryPoint\",\"urlTemplate\":\"https:\\\/\\\/www.versiegelung24.com\\\/pt-pt\\\/?s={search_term_string}\"},\"query-input\":{\"@type\":\"PropertyValueSpecification\",\"valueRequired\":true,\"valueName\":\"search_term_string\"}}],\"inLanguage\":\"pt-PT\"},{\"@type\":\"Organization\",\"@id\":\"https:\\\/\\\/www.versiegelung24.com\\\/pt-pt\\\/#organization\",\"name\":\"versiegelung24\",\"url\":\"https:\\\/\\\/www.versiegelung24.com\\\/pt-pt\\\/\",\"logo\":{\"@type\":\"ImageObject\",\"inLanguage\":\"pt-PT\",\"@id\":\"https:\\\/\\\/www.versiegelung24.com\\\/pt-pt\\\/#\\\/schema\\\/logo\\\/image\\\/\",\"url\":\"https:\\\/\\\/www.versiegelung24.com\\\/wp-content\\\/uploads\\\/2020\\\/04\\\/versiegelung24.png\",\"contentUrl\":\"https:\\\/\\\/www.versiegelung24.com\\\/wp-content\\\/uploads\\\/2020\\\/04\\\/versiegelung24.png\",\"width\":470,\"height\":102,\"caption\":\"versiegelung24\"},\"image\":{\"@id\":\"https:\\\/\\\/www.versiegelung24.com\\\/pt-pt\\\/#\\\/schema\\\/logo\\\/image\\\/\"}},{\"@type\":\"Question\",\"@id\":\"https:\\\/\\\/www.versiegelung24.com\\\/pt-pt\\\/selo-de-pedra-com-efeito-longo-longo-longo-e-profundo.html#faq-question-1723129133239\",\"position\":1,\"url\":\"https:\\\/\\\/www.versiegelung24.com\\\/pt-pt\\\/selo-de-pedra-com-efeito-longo-longo-longo-e-profundo.html#faq-question-1723129133239\",\"name\":\"Wieso zeigt Versiegelung nicht die optimale Wirkung \\\/ Warum ist die Wirkung nicht vorhanden? \\\/ Wieso ist der Effekt der Langzeitwirkung nicht gegeben?\",\"answerCount\":1,\"acceptedAnswer\":{\"@type\":\"Answer\",\"text\":\"1. Die Versiegelung kann in ihrer Wirkung beeintr\u00e4chtigt sein, wenn w\u00e4hrend der Applikation oder Trocknungsphase (etwa 24 Stunden) Feuchtigkeit (z.B. Regen oder aufsteigende Feuchtigkeit aus dem Boden) auftritt.<br\\\/>2. Eine nicht vollst\u00e4ndig r\u00fcckstandsfreie Vorreinigung kann ebenfalls zu Problemen f\u00fchren. Es ist essenziell, dass Steinreiniger oder andere Vorreiniger vollst\u00e4ndig entfernt werden.<br\\\/>3. Eventuelle Vorbeschichtungen k\u00f6nnen das optimale Einziehen und Abbinden der Versiegelung verhindern, was zu einer reduzierten oder nicht langanhaltenden Wirkung f\u00fchren kann.\",\"inLanguage\":\"pt-PT\"},\"inLanguage\":\"pt-PT\"},{\"@type\":\"Question\",\"@id\":\"https:\\\/\\\/www.versiegelung24.com\\\/pt-pt\\\/selo-de-pedra-com-efeito-longo-longo-longo-e-profundo.html#faq-question-1723129206298\",\"position\":2,\"url\":\"https:\\\/\\\/www.versiegelung24.com\\\/pt-pt\\\/selo-de-pedra-com-efeito-longo-longo-longo-e-profundo.html#faq-question-1723129206298\",\"name\":\"Kann ich die Steine mit einem Hochdruckreiniger (K\u00e4rchern) reinigen?\",\"answerCount\":1,\"acceptedAnswer\":{\"@type\":\"Answer\",\"text\":\"<strong>Empfehlung:<\\\/strong><br\\\/>1. Wir raten generell von der Nutzung eines Hochdruckreinigers f\u00fcr die Reinigung von Stein- und Betonplatten ab. Durch die starke Abrasion werden die Oberfl\u00e4chen besch\u00e4digt und anf\u00e4lliger f\u00fcr erneute Verschmutzung und Algenbewuchs.<br\\\/>2. Die fr\u00e4sende Wirkung des Hochdruckreinigers kann die oberste Schicht einer Versiegelung abtragen, selbst wenn die Hydrophobie in den tieferen Schichten erhalten bleibt.\",\"inLanguage\":\"pt-PT\"},\"inLanguage\":\"pt-PT\"},{\"@type\":\"Question\",\"@id\":\"https:\\\/\\\/www.versiegelung24.com\\\/pt-pt\\\/selo-de-pedra-com-efeito-longo-longo-longo-e-profundo.html#faq-question-1723188404369\",\"position\":3,\"url\":\"https:\\\/\\\/www.versiegelung24.com\\\/pt-pt\\\/selo-de-pedra-com-efeito-longo-longo-longo-e-profundo.html#faq-question-1723188404369\",\"name\":\"Warum h\u00e4lt meine Versiegelung nicht so lange wie erwartet?\",\"answerCount\":1,\"acceptedAnswer\":{\"@type\":\"Answer\",\"text\":\"Die Haltbarkeit der Versiegelung kann durch verschiedene Faktoren beeinflusst werden. M\u00f6gliche Probleme w\u00e4hrend der Aufbringung, wie Feuchtigkeitseinwirkung w\u00e4hrend der Trocknungsphase oder eine unzureichende Vorreinigung, k\u00f6nnen die optimale Wirkung beeintr\u00e4chtigen. Zudem kann eine starke Beanspruchung der Oberfl\u00e4che die Lebensdauer der Versiegelung verk\u00fcrzen. Es ist jedoch m\u00f6glich, dass die Tiefenwirkung in den darunter liegenden Schichten weiterhin vorhanden ist.\",\"inLanguage\":\"pt-PT\"},\"inLanguage\":\"pt-PT\"},{\"@type\":\"Question\",\"@id\":\"https:\\\/\\\/www.versiegelung24.com\\\/pt-pt\\\/selo-de-pedra-com-efeito-longo-longo-longo-e-profundo.html#faq-question-1723188391712\",\"position\":4,\"url\":\"https:\\\/\\\/www.versiegelung24.com\\\/pt-pt\\\/selo-de-pedra-com-efeito-longo-longo-longo-e-profundo.html#faq-question-1723188391712\",\"name\":\"Warum tritt der gew\u00fcnschte Abperleffekt nicht ein?\",\"answerCount\":1,\"acceptedAnswer\":{\"@type\":\"Answer\",\"text\":\"Der fehlende Abperleffekt k\u00f6nnte auf Probleme bei der Aufbringung der Versiegelung zur\u00fcckzuf\u00fchren sein. Feuchtigkeit w\u00e4hrend der Applikation oder eine nicht vollst\u00e4ndig entfernte Vorreinigung k\u00f6nnen die Wirkung beeintr\u00e4chtigen und verhindern, dass die Versiegelung optimal einzieht und abbinden kann.\",\"inLanguage\":\"pt-PT\"},\"inLanguage\":\"pt-PT\"}]}<\/script>\n<meta property=\"og:availability\" content=\"instock\" \/>\n<meta property=\"product:availability\" content=\"instock\" \/>\n<meta property=\"product:retailer_item_id\" content=\"3000-7620\" \/>\n<meta property=\"product:condition\" content=\"new\" \/>\n<!-- \/ Yoast SEO Premium plugin. -->","yoast_head_json":{"title":"Selagem por pedra com efeito a longo prazo e profundo - versiegelung24.com","description":"Selante de pedra com efeito prolongado e profundo - Selar as suas pedras e proteg\u00ea-las da humidade e da sujidade.","robots":{"index":"index","follow":"follow","max-snippet":"max-snippet:-1","max-image-preview":"max-image-preview:large","max-video-preview":"max-video-preview:-1"},"canonical":"https:\/\/www.versiegelung24.com\/pt-pt\/selo-de-pedra-com-efeito-longo-longo-longo-e-profundo.html","og_locale":"pt_PT","og_type":"article","og_title":"Selagem por pedra com efeito a longo prazo e profundo","og_description":"Selante de pedra com efeito prolongado e profundo - Selar as suas pedras e proteg\u00ea-las da humidade e da sujidade.","og_url":"https:\/\/www.versiegelung24.com\/pt-pt\/selo-de-pedra-com-efeito-longo-longo-longo-e-profundo.html","og_site_name":"versiegelung24.com","article_modified_time":"2025-01-03T23:22:55+00:00","og_image":[{"width":2560,"height":2560,"url":"https:\/\/www.versiegelung24.com\/wp-content\/uploads\/2020\/06\/produkt-3000-620-1000-Steinversiegelung-scaled.jpg","type":"image\/jpeg"}],"twitter_card":"summary_large_image","twitter_misc":{"Disponibilidade":"Em stock"},"schema":{"@context":"https:\/\/schema.org","@graph":[{"@type":["WebPage","FAQPage"],"@id":"https:\/\/www.versiegelung24.com\/pt-pt\/selo-de-pedra-com-efeito-longo-longo-longo-e-profundo.html","url":"https:\/\/www.versiegelung24.com\/pt-pt\/selo-de-pedra-com-efeito-longo-longo-longo-e-profundo.html","name":"Selagem por pedra com efeito a longo prazo e profundo - versiegelung24.com","isPartOf":{"@id":"https:\/\/www.versiegelung24.com\/pt-pt\/#website"},"primaryImageOfPage":{"@id":"https:\/\/www.versiegelung24.com\/pt-pt\/selo-de-pedra-com-efeito-longo-longo-longo-e-profundo.html#primaryimage"},"image":{"@id":"https:\/\/www.versiegelung24.com\/pt-pt\/selo-de-pedra-com-efeito-longo-longo-longo-e-profundo.html#primaryimage"},"thumbnailUrl":"https:\/\/www.versiegelung24.com\/wp-content\/uploads\/2020\/06\/produkt-3000-620-1000-Steinversiegelung-scaled.jpg","datePublished":"2021-08-02T19:21:29+00:00","dateModified":"2025-01-03T23:22:55+00:00","description":"Selante de pedra com efeito prolongado e profundo - Selar as suas pedras e proteg\u00ea-las da humidade e da sujidade.","breadcrumb":{"@id":"https:\/\/www.versiegelung24.com\/pt-pt\/selo-de-pedra-com-efeito-longo-longo-longo-e-profundo.html#breadcrumb"},"mainEntity":[{"@id":"https:\/\/www.versiegelung24.com\/pt-pt\/selo-de-pedra-com-efeito-longo-longo-longo-e-profundo.html#faq-question-1723129133239"},{"@id":"https:\/\/www.versiegelung24.com\/pt-pt\/selo-de-pedra-com-efeito-longo-longo-longo-e-profundo.html#faq-question-1723129206298"},{"@id":"https:\/\/www.versiegelung24.com\/pt-pt\/selo-de-pedra-com-efeito-longo-longo-longo-e-profundo.html#faq-question-1723188404369"},{"@id":"https:\/\/www.versiegelung24.com\/pt-pt\/selo-de-pedra-com-efeito-longo-longo-longo-e-profundo.html#faq-question-1723188391712"}],"inLanguage":"pt-PT","potentialAction":[{"@type":"ReadAction","target":["https:\/\/www.versiegelung24.com\/pt-pt\/selo-de-pedra-com-efeito-longo-longo-longo-e-profundo.html"]}]},{"@type":"ImageObject","inLanguage":"pt-PT","@id":"https:\/\/www.versiegelung24.com\/pt-pt\/selo-de-pedra-com-efeito-longo-longo-longo-e-profundo.html#primaryimage","url":"https:\/\/www.versiegelung24.com\/wp-content\/uploads\/2020\/06\/produkt-3000-620-1000-Steinversiegelung-scaled.jpg","contentUrl":"https:\/\/www.versiegelung24.com\/wp-content\/uploads\/2020\/06\/produkt-3000-620-1000-Steinversiegelung-scaled.jpg","width":2560,"height":2560},{"@type":"BreadcrumbList","@id":"https:\/\/www.versiegelung24.com\/pt-pt\/selo-de-pedra-com-efeito-longo-longo-longo-e-profundo.html#breadcrumb","itemListElement":[{"@type":"ListItem","position":1,"name":"P\u00e1gina inicial","item":"https:\/\/www.versiegelung24.com\/pt-pt\/frente\/"},{"@type":"ListItem","position":2,"name":"Loja","item":"https:\/\/www.versiegelung24.com\/pt-pt\/loja\/"},{"@type":"ListItem","position":3,"name":"Selagem por pedra com efeito a longo prazo e profundo"}]},{"@type":"WebSite","@id":"https:\/\/www.versiegelung24.com\/pt-pt\/#website","url":"https:\/\/www.versiegelung24.com\/pt-pt\/","name":"versiegelung24.com","description":"Fl\u00fcssigglas-Versiegelung - Made in Germany","publisher":{"@id":"https:\/\/www.versiegelung24.com\/pt-pt\/#organization"},"potentialAction":[{"@type":"SearchAction","target":{"@type":"EntryPoint","urlTemplate":"https:\/\/www.versiegelung24.com\/pt-pt\/?s={search_term_string}"},"query-input":{"@type":"PropertyValueSpecification","valueRequired":true,"valueName":"search_term_string"}}],"inLanguage":"pt-PT"},{"@type":"Organization","@id":"https:\/\/www.versiegelung24.com\/pt-pt\/#organization","name":"versiegelung24","url":"https:\/\/www.versiegelung24.com\/pt-pt\/","logo":{"@type":"ImageObject","inLanguage":"pt-PT","@id":"https:\/\/www.versiegelung24.com\/pt-pt\/#\/schema\/logo\/image\/","url":"https:\/\/www.versiegelung24.com\/wp-content\/uploads\/2020\/04\/versiegelung24.png","contentUrl":"https:\/\/www.versiegelung24.com\/wp-content\/uploads\/2020\/04\/versiegelung24.png","width":470,"height":102,"caption":"versiegelung24"},"image":{"@id":"https:\/\/www.versiegelung24.com\/pt-pt\/#\/schema\/logo\/image\/"}},{"@type":"Question","@id":"https:\/\/www.versiegelung24.com\/pt-pt\/selo-de-pedra-com-efeito-longo-longo-longo-e-profundo.html#faq-question-1723129133239","position":1,"url":"https:\/\/www.versiegelung24.com\/pt-pt\/selo-de-pedra-com-efeito-longo-longo-longo-e-profundo.html#faq-question-1723129133239","name":"Wieso zeigt Versiegelung nicht die optimale Wirkung \/ Warum ist die Wirkung nicht vorhanden? \/ Wieso ist der Effekt der Langzeitwirkung nicht gegeben?","answerCount":1,"acceptedAnswer":{"@type":"Answer","text":"1. Die Versiegelung kann in ihrer Wirkung beeintr\u00e4chtigt sein, wenn w\u00e4hrend der Applikation oder Trocknungsphase (etwa 24 Stunden) Feuchtigkeit (z.B. Regen oder aufsteigende Feuchtigkeit aus dem Boden) auftritt.<br\/>2. Eine nicht vollst\u00e4ndig r\u00fcckstandsfreie Vorreinigung kann ebenfalls zu Problemen f\u00fchren. Es ist essenziell, dass Steinreiniger oder andere Vorreiniger vollst\u00e4ndig entfernt werden.<br\/>3. Eventuelle Vorbeschichtungen k\u00f6nnen das optimale Einziehen und Abbinden der Versiegelung verhindern, was zu einer reduzierten oder nicht langanhaltenden Wirkung f\u00fchren kann.","inLanguage":"pt-PT"},"inLanguage":"pt-PT"},{"@type":"Question","@id":"https:\/\/www.versiegelung24.com\/pt-pt\/selo-de-pedra-com-efeito-longo-longo-longo-e-profundo.html#faq-question-1723129206298","position":2,"url":"https:\/\/www.versiegelung24.com\/pt-pt\/selo-de-pedra-com-efeito-longo-longo-longo-e-profundo.html#faq-question-1723129206298","name":"Kann ich die Steine mit einem Hochdruckreiniger (K\u00e4rchern) reinigen?","answerCount":1,"acceptedAnswer":{"@type":"Answer","text":"<strong>Empfehlung:<\/strong><br\/>1. Wir raten generell von der Nutzung eines Hochdruckreinigers f\u00fcr die Reinigung von Stein- und Betonplatten ab. Durch die starke Abrasion werden die Oberfl\u00e4chen besch\u00e4digt und anf\u00e4lliger f\u00fcr erneute Verschmutzung und Algenbewuchs.<br\/>2. Die fr\u00e4sende Wirkung des Hochdruckreinigers kann die oberste Schicht einer Versiegelung abtragen, selbst wenn die Hydrophobie in den tieferen Schichten erhalten bleibt.","inLanguage":"pt-PT"},"inLanguage":"pt-PT"},{"@type":"Question","@id":"https:\/\/www.versiegelung24.com\/pt-pt\/selo-de-pedra-com-efeito-longo-longo-longo-e-profundo.html#faq-question-1723188404369","position":3,"url":"https:\/\/www.versiegelung24.com\/pt-pt\/selo-de-pedra-com-efeito-longo-longo-longo-e-profundo.html#faq-question-1723188404369","name":"Warum h\u00e4lt meine Versiegelung nicht so lange wie erwartet?","answerCount":1,"acceptedAnswer":{"@type":"Answer","text":"Die Haltbarkeit der Versiegelung kann durch verschiedene Faktoren beeinflusst werden. M\u00f6gliche Probleme w\u00e4hrend der Aufbringung, wie Feuchtigkeitseinwirkung w\u00e4hrend der Trocknungsphase oder eine unzureichende Vorreinigung, k\u00f6nnen die optimale Wirkung beeintr\u00e4chtigen. Zudem kann eine starke Beanspruchung der Oberfl\u00e4che die Lebensdauer der Versiegelung verk\u00fcrzen. Es ist jedoch m\u00f6glich, dass die Tiefenwirkung in den darunter liegenden Schichten weiterhin vorhanden ist.","inLanguage":"pt-PT"},"inLanguage":"pt-PT"},{"@type":"Question","@id":"https:\/\/www.versiegelung24.com\/pt-pt\/selo-de-pedra-com-efeito-longo-longo-longo-e-profundo.html#faq-question-1723188391712","position":4,"url":"https:\/\/www.versiegelung24.com\/pt-pt\/selo-de-pedra-com-efeito-longo-longo-longo-e-profundo.html#faq-question-1723188391712","name":"Warum tritt der gew\u00fcnschte Abperleffekt nicht ein?","answerCount":1,"acceptedAnswer":{"@type":"Answer","text":"Der fehlende Abperleffekt k\u00f6nnte auf Probleme bei der Aufbringung der Versiegelung zur\u00fcckzuf\u00fchren sein. Feuchtigkeit w\u00e4hrend der Applikation oder eine nicht vollst\u00e4ndig entfernte Vorreinigung k\u00f6nnen die Wirkung beeintr\u00e4chtigen und verhindern, dass die Versiegelung optimal einzieht und abbinden kann.","inLanguage":"pt-PT"},"inLanguage":"pt-PT"}]},"og_availability":"instock","product_availability":"instock","product_retailer_item_id":"3000-7620","product_condition":"new"},"_links":{"self":[{"href":"https:\/\/www.versiegelung24.com\/pt-pt\/wp-json\/wp\/v2\/product\/23113","targetHints":{"allow":["GET"]}}],"collection":[{"href":"https:\/\/www.versiegelung24.com\/pt-pt\/wp-json\/wp\/v2\/product"}],"about":[{"href":"https:\/\/www.versiegelung24.com\/pt-pt\/wp-json\/wp\/v2\/types\/product"}],"version-history":[{"count":67,"href":"https:\/\/www.versiegelung24.com\/pt-pt\/wp-json\/wp\/v2\/product\/23113\/revisions"}],"predecessor-version":[{"id":174274,"href":"https:\/\/www.versiegelung24.com\/pt-pt\/wp-json\/wp\/v2\/product\/23113\/revisions\/174274"}],"wp:featuredmedia":[{"embeddable":true,"href":"https:\/\/www.versiegelung24.com\/pt-pt\/wp-json\/wp\/v2\/media\/17691"}],"wp:attachment":[{"href":"https:\/\/www.versiegelung24.com\/pt-pt\/wp-json\/wp\/v2\/media?parent=23113"}],"wp:term":[{"taxonomy":"product_brand","embeddable":true,"href":"https:\/\/www.versiegelung24.com\/pt-pt\/wp-json\/wp\/v2\/product_brand?post=23113"},{"taxonomy":"product_cat","embeddable":true,"href":"https:\/\/www.versiegelung24.com\/pt-pt\/wp-json\/wp\/v2\/product_cat?post=23113"},{"taxonomy":"product_tag","embeddable":true,"href":"https:\/\/www.versiegelung24.com\/pt-pt\/wp-json\/wp\/v2\/product_tag?post=23113"}],"curies":[{"name":"wp","href":"https:\/\/api.w.org\/{rel}","templated":true}]}}