{"id":23476,"date":"2020-04-04T18:53:20","date_gmt":"2021-08-02T19:39:02","guid":{"rendered":"https:\/\/www.versiegelung24.com\/produkt\/vedacao-de-pedra-natural-na-qualidade-profissional"},"modified":"2025-01-04T00:20:21","modified_gmt":"2025-01-03T23:20:21","slug":"selagem-de-pedra-natural-em-qualidade-profissional","status":"publish","type":"product","link":"https:\/\/www.versiegelung24.com\/pt-pt\/vedacao-de-pedra-natural-em-profi-qualidade.html","title":{"rendered":"Selante para pedra natural com efeito profundo e de longa dura\u00e7\u00e3o &#8211; qualidade superior"},"content":{"rendered":"\n<h2 class=\"wp-block-heading\" id=\"h-natursteinversiegelung-premium-qualitat\">Selante para pedras naturais &#8211; Qualidade Premium<\/h2>\n\n<h2 class=\"wp-block-heading\" id=\"h-versiegelung-von-natursteinen\">Veda\u00e7\u00e3o de pedras naturais<\/h2>\n\n<p>A veda\u00e7\u00e3o de pedra natural \u00e9 usada tanto no interior como no exterior. Uma vez que muitos tipos de pedra natural s\u00e3o fortemente influenciados pelo clima e podem, portanto, ajustar-se \u00e0s mudan\u00e7as de cor a longo prazo, \u00e9 aconselh\u00e1vel e sensato torn\u00e1-los resistentes \u00e0s influ\u00eancias clim\u00e1ticas com uma foca. Mas n\u00e3o s\u00f3 a influ\u00eancia na cor da pedra anda de m\u00e3os dadas com o clima, mas tamb\u00e9m a natureza viva desagrad\u00e1vel, como o musgo e o bolor, podem afetar as pedras. Assim, \u00e9 essencial manter as pedras naturais, que muitas vezes s\u00e3o associadas a um grande esfor\u00e7o. Tamb\u00e9m aqui, a veda\u00e7\u00e3o de pedra natural ajuda, uma vez que \u00e9 repelente de \u00e1gua e e musgo j\u00e1 n\u00e3o pode aderir firmemente ou \u00e9 muito f\u00e1cil de remover.<\/p>\n\n<p>A nossa veda\u00e7\u00e3o natural de pedra protege eficaz e permanentemente contra quaisquer influ\u00eancias externas e obt\u00e9m um efeito \u00fanico a longo prazo atrav\u00e9s do seu efeito de profundidade, que protege a pedra, faz com que pare\u00e7a mais bonita por mais tempo e garante uma vida \u00fatil muito mais longa. <\/p>\n\n<h2 class=\"wp-block-heading\" id=\"h-verwendung-von-natursteinen\">Uso de pedras naturais<\/h2>\n\n<p>J\u00e1 h\u00e1 3000 anos, as pedras naturais eram extra\u00eddas e utilizadas para diversos fins. Atualmente, podem ser encontrados tanto no interior como no exterior, dentro das nossas pr\u00f3prias &#8220;quatro paredes&#8221;. <strong>A pedra natural<\/strong> tamb\u00e9m <strong>\u00e9 popular<\/strong> no <strong>jardim<\/strong> e chama sempre a aten\u00e7\u00e3o.<\/p>\n\n<hr\/>\n\n<div class=\"wp-block-columns is-layout-flex wp-container-core-columns-is-layout-9d6595d7 wp-block-columns-is-layout-flex\">\n<div class=\"wp-block-column is-layout-flow wp-block-column-is-layout-flow\">\n<p id=\"video\"><strong>V\u00eddeo do produto: Selante para pedra natural<\/strong><\/p>\n\n\n\n<figure class=\"wp-block-embed is-type-video is-provider-youtube wp-block-embed-youtube wp-embed-aspect-16-9 wp-has-aspect-ratio\"><div class=\"wp-block-embed__wrapper\"> \n<div class=\"nv-iframe-embed\"><iframe title=\"Natursteinplatten versiegeln - Atmungsaktiv mit Fl\u00fcssigglas\" width=\"1200\" height=\"675\" src=\"https:\/\/www.youtube.com\/embed\/CKQXTlS96wU?feature=oembed\" frameborder=\"0\" allow=\"accelerometer; autoplay; clipboard-write; encrypted-media; gyroscope; picture-in-picture\" allowfullscreen><\/iframe><\/div>\n <\/div><\/figure>\n<\/div>\n\n\n\n<div class=\"wp-block-column is-layout-flow wp-block-column-is-layout-flow\">\n<p><strong>V\u00eddeo pr\u00e1tico: Veda\u00e7\u00e3o de escadas de basalto<\/strong><\/p>\n\n\n\n<figure class=\"wp-block-embed is-type-video is-provider-youtube wp-block-embed-youtube wp-embed-aspect-16-9 wp-has-aspect-ratio\"><div class=\"wp-block-embed__wrapper\"> \n<div class=\"nv-iframe-embed\"><iframe title=\"Basalt &amp; Naturstein Versiegelung mit Tiefenwirkung\" width=\"1200\" height=\"675\" src=\"https:\/\/www.youtube.com\/embed\/ZX6wFckjWcY?feature=oembed\" frameborder=\"0\" allow=\"accelerometer; autoplay; clipboard-write; encrypted-media; gyroscope; picture-in-picture\" allowfullscreen><\/iframe><\/div>\n <\/div><\/figure>\n<\/div>\n<\/div>\n\n<hr\/>\n\n<h4 class=\"wp-block-heading\" id=\"properties\">Propriedades do Produto<\/h4>\n\n<div class=\"wp-block-columns is-layout-flex wp-container-core-columns-is-layout-9d6595d7 wp-block-columns-is-layout-flex\">\n<div class=\"wp-block-column is-layout-flow wp-block-column-is-layout-flow\">\n<p><strong>Selante de pedra natural profissional altamente eficaz com efeito de profundidade e efeito de l\u00f3tus repelente de \u00e1gua<\/strong><\/p>\n\n\n\n<p><br\/>N\u00famero do artigo: 3003-7620 Nova vers\u00e3o com efeito melhorado contra a gordura e o vinho tinto (antigo n\u00famero do artigo 3003-620)<\/p>\n\n\n\n<p>Alta qualidade Fabricado na Alemanha<\/p>\n\n\n\n<p><strong>Seguran\u00e7a do produto<\/strong><\/p>\n\n\n\n<p>Informa\u00e7\u00f5es sobre a classifica\u00e7\u00e3o do produto no \u00e2mbito da Portaria sobre Subst\u00e2ncias Perigosas, dados de seguran\u00e7a, bem como dados sobre toxicologia e armazenamento podem ser encontrados na nossa ficha de dados de seguran\u00e7a.<\/p>\n\n\n\n<p>Durante a utiliza\u00e7\u00e3o, preste aten\u00e7\u00e3o ao equipamento de prote\u00e7\u00e3o adequado. Ao encomendar, recomendamos o uso de respiradores adequados e luvas de borracha.<\/p>\n\n\n\n<p>Em caso de contacto com a pele, lave bem os locais com \u00e1gua e sab\u00e3o.<\/p>\n\n\n\n<p><strong>Armazenamento<\/strong><\/p>\n\n\n\n<p><strong>O V24 Natural Stone Sealer<\/strong> n\u00e3o deve entrar em contacto com a humidade. O armazenamento deve ser efectuado a temperaturas entre -10 \u00b0C e +40 \u00b0C.<\/p>\n\n\n\n<p>A veda\u00e7\u00e3o natural de pedra V24 \u00e9 indefinidamente est\u00e1vel no recipiente selado original.<\/p>\n<\/div>\n\n\n\n<div class=\"wp-block-column is-layout-flow wp-block-column-is-layout-flow\">\n<p>\u2713 Prote\u00e7\u00e3o permanente eficaz da superf\u00edcie contra a \u00e1gua, a sujidade e a intemp\u00e9ries<\/p>\n\n\n\n<p>\u2713 impede o crescimento de musgos, l\u00edquenes, fungos e outras influ\u00eancias naturais<\/p>\n\n\n\n<p>\u2713nenhuma mudan\u00e7a no aspeto e na sensa\u00e7\u00e3o da superf\u00edcie (absolutamente invis\u00edvel)<\/p>\n\n\n\n<p>\u2713 resist\u00eancia extrema \u00e0 abras\u00e3o devido a compostos de sil\u00edcio de cadeia longa (SiO\u00b2)<\/p>\n\n\n\n<p>\u2713 Efeito de profundidade de longa dura\u00e7\u00e3o devido a elevadas profundidades de penetra\u00e7\u00e3o at\u00e9 25 mm (dependendo da absorv\u00eancia da pedra)<\/p>\n\n\n\n<p>\u2713 Superf\u00edcie permanece respir\u00e1vel (aberta \u00e0 difus\u00e3o), por isso n\u00e3o h\u00e1 camada de barreira e n\u00e3o h\u00e1 entupimento de \u00e1gua<\/p>\n\n\n\n<p>\u2713 absolutamente resistente ao gelo (gelo e neve n\u00e3o conduzem a danos)<\/p>\n\n\n\n<p>\u2713 UV-est\u00e1vel<\/p>\n\n\n\n<p>\u2713 Efeito f\u00e1cil de limpar: a sujidade n\u00e3o adere e pode ser facilmente removida<\/p>\n\n\n\n<p>Aplicado corretamente, dura muitos anos, uma vez que o selante forma uma liga\u00e7\u00e3o covalente (permanente) com a superf\u00edcie<\/p>\n\n\n\n<p>\u2713 pode ser aplicado em -10 a +70\u00b0C<\/p>\n<\/div>\n<\/div>\n\n<hr\/>\n\n<h4 class=\"wp-block-heading\" id=\"application\">Utiliza\u00e7\u00f5es<\/h4>\n\n<div class=\"wp-block-columns is-layout-flex wp-container-core-columns-is-layout-9d6595d7 wp-block-columns-is-layout-flex\">\n<div class=\"wp-block-column is-layout-flow wp-block-column-is-layout-flow\">\n<ul class=\"wp-block-list\">\n<li>O <strong>V24 Natural Stone Sealer<\/strong> \u00e9 fornecido pronto a usar e \u00e9 aplicado sem dilui\u00e7\u00e3o na superf\u00edcie pr\u00e9-limpa e completamente seca. A dilui\u00e7\u00e3o com \u00e1lcool \u00e9 poss\u00edvel consoante a aplica\u00e7\u00e3o.<\/li>\n<\/ul>\n\n\n\n<ul class=\"wp-block-list\">\n<li>Todas as superf\u00edcies a serem tratadas devem ser secas e bem limpas, pois esta \u00e9 a \u00fanica forma de garantir uma penetra\u00e7\u00e3o profunda do selo, o que provoca um \u00f3timo efeito a longo prazo e profundo.<\/li>\n<\/ul>\n\n\n\n<ul class=\"wp-block-list\">\n<li>Ap\u00f3s a aplica\u00e7\u00e3o, o <strong>V24 Natural Stone Sealer<\/strong> deve permanecer em contacto com a superf\u00edcie como uma pel\u00edcula l\u00edquida durante alguns segundos.<\/li>\n<\/ul>\n\n\n\n<ul class=\"wp-block-list\">\n<li>O revestimento \u00e9 totalmente cruzado e curado ap\u00f3s 24 horas.<\/li>\n<\/ul>\n\n\n\n<p>Uma descri\u00e7\u00e3o detalhada da aplica\u00e7\u00e3o pode ser encontrada na nossa folha de dados<\/p>\n<\/div>\n\n\n\n<div class=\"wp-block-column is-layout-flow wp-block-column-is-layout-flow\">\n<p>Adequado para todas as superf\u00edcies de pedra natural com poros abertos e absorventes de minerais, em interiores e exteriores. Rendimento aprox. 10-30m\u00b2 \/ litro.<\/p>\n\n\n\n<p>\u2713 Granito<\/p>\n\n\n\n<p>\u2713 M\u00e1rmore<\/p>\n\n\n\n<p>\u2713 Ard\u00f3sia<\/p>\n\n\n\n<p>\u2713 Basalto<\/p>\n\n\n\n<p>\u2713 Arenito<\/p>\n\n\n\n<p>\u2713 Quartzite<\/p>\n\n\n\n<p><br\/><br\/><br\/>\u00c2mbito da entrega: 1 x garrafa de litro 1 x cabe\u00e7a de pulveriza\u00e7\u00e3o da bomba 1 x descri\u00e7\u00e3o do produto<\/p>\n<\/div>\n<\/div>\n\n<hr\/>\n\n<h4 class=\"wp-block-heading\" id=\"advisor\">Conselheiro<\/h4>\n\n<h2 class=\"wp-block-heading\" id=\"geeignet-fur-alle-natursteine\">Adequado para todas as pedras naturais<\/h2>\n\n<p>Pode aplicar com seguran\u00e7a a veda\u00e7\u00e3o de pedra natural a todas as pedras naturais. Seja granito, m\u00e1rmore, ard\u00f3sia, basalto, arenito, quartzite, arenito e muito mais &#8211; \u00e9 adequado para todas as esp\u00e9cies.<\/p>\n\n<div class=\"wp-block-columns is-layout-flex wp-container-core-columns-is-layout-9d6595d7 wp-block-columns-is-layout-flex\">\n<div class=\"wp-block-column is-layout-flow wp-block-column-is-layout-flow\">\n<h3 class=\"wp-block-heading\" id=\"h-die-verwendung-im-haus\">Uso na casa<\/h3>\n\n\n\n<p>Muitos tipos diferentes de pedras naturais s\u00e3o usados aqui. Os mais famosos s\u00e3o o m\u00e1rmore branco e o granito. S\u00e3o usados como azulejos para pisos e paredes, como bancadas em cozinhas ou como pias e banheiras.<\/p>\n<\/div>\n\n\n\n<div class=\"wp-block-column is-layout-flow wp-block-column-is-layout-flow\">\n<h3 class=\"wp-block-heading\" id=\"h-die-verwendung-am-haus\">O uso na casa<\/h3>\n\n\n\n<p>As possibilidades de uso na casa s\u00e3o t\u00e3o numerosas como na casa. Aqui as pedras populares podem ser encontradas como pain\u00e9is de fachada ou cl\u00ednquer. Al\u00e9m disso, s\u00e3o feitos parapeitos de janelas ou pilares de apoio para varandas.<\/p>\n<\/div>\n\n\n\n<div class=\"wp-block-column is-layout-flow wp-block-column-is-layout-flow\">\n<h3 class=\"wp-block-heading\" id=\"h-die-verwendung-im-garten\">Uso no jardim<\/h3>\n\n\n\n<p>As pedras naturais tamb\u00e9m s\u00e3o muito populares no jardim e t\u00eam in\u00fameros usos. S\u00e3o usados como revestimentos de pavimentos para terra\u00e7os, como lajes de pavimentos ou como um limite de alta qualidade entre a cama e o passadi\u00e7o. Esculturas, figuras e fontes ornamentais feitas de pedras naturais tamb\u00e9m podem ser encontradas em jardins.<\/p>\n<\/div>\n<\/div>\n\n<div class=\"wp-block-columns is-layout-flex wp-container-core-columns-is-layout-9d6595d7 wp-block-columns-is-layout-flex\">\n<div class=\"wp-block-column is-layout-flow wp-block-column-is-layout-flow\" style=\"flex-basis:33.33%\">\n<h2 class=\"wp-block-heading\" id=\"h-naturstein-versiegelung-im-aussenbereich\">Veda\u00e7\u00e3o de pedra natural na \u00e1rea exterior<\/h2>\n\n\n\n<p>Como j\u00e1 foi referido anteriormente, os problemas em termos de musgo e mudan\u00e7a de cor podem ser vistos aqui. Outro aspeto \u00e9 a resist\u00eancia \u00e0 geada. Aqui existe a possibilidade de a \u00e1gua penetrar na estrutura aberta da pedra, que, quando congelada, pode levar \u00e0 descama\u00e7\u00e3o devido \u00e0 expans\u00e3o da \u00e1gua na pedra.<\/p>\n\n\n\n<h3 class=\"wp-block-heading\" id=\"h-die-richtige-terrassenversiegelung\">A veda\u00e7\u00e3o do terra\u00e7o certo<\/h3>\n\n\n\n<p>O terra\u00e7o \u00e9 geralmente a maior \u00e1rea de pedras naturais na \u00e1rea exterior da casa. Al\u00e9m disso, isto \u00e9 frequentemente usado nos dias quentes para descansar e passar o seu dia l\u00e1. Portanto, h\u00e1 o maior interesse na \u00e1rea exterior para preservar a beleza destes inc\u00f3lumes ao longo de longos anos a d\u00e9cadas.<\/p>\n\n\n\n<h2 class=\"wp-block-heading\" id=\"h-fliesen-aus-naturstein-versiegeln\">Azulejos de veda\u00e7\u00e3o feitos de pedra natural<\/h2>\n\n\n\n<p>Aqui voc\u00ea obt\u00e9m uma prote\u00e7\u00e3o completa para estender ao m\u00e1ximo a durabilidade do seu azulejo de pedra natural. A veda\u00e7\u00e3o torna a \u00e1gua de azulejos e a sujidade repelentes, tamb\u00e9m se torna resistente aos raios UV e \u00e0 geada, mas permanece respir\u00e1vel. Assim, j\u00e1 n\u00e3o fornece uma base para o molde e est\u00e1 protegido contra influ\u00eancias de qualquer tipo.<\/p>\n<\/div>\n\n\n\n<div class=\"wp-block-column is-layout-flow wp-block-column-is-layout-flow\" style=\"flex-basis:66.66%\">\n<figure class=\"wp-block-image size-large\"><img fetchpriority=\"high\" decoding=\"async\" width=\"1300\" height=\"975\" src=\"https:\/\/www.versiegelung24.com\/wp-content\/uploads\/2022\/01\/Content_Naturstein_1-1300x975.jpg\" alt=\"\" class=\"wp-image-45353\" srcset=\"https:\/\/www.versiegelung24.com\/wp-content\/uploads\/2022\/01\/Content_Naturstein_1-1300x975.jpg 1300w, https:\/\/www.versiegelung24.com\/wp-content\/uploads\/2022\/01\/Content_Naturstein_1-scaled-600x450.jpg 600w, https:\/\/www.versiegelung24.com\/wp-content\/uploads\/2022\/01\/Content_Naturstein_1-300x225.jpg 300w, https:\/\/www.versiegelung24.com\/wp-content\/uploads\/2022\/01\/Content_Naturstein_1-768x576.jpg 768w, https:\/\/www.versiegelung24.com\/wp-content\/uploads\/2022\/01\/Content_Naturstein_1-1536x1152.jpg 1536w, https:\/\/www.versiegelung24.com\/wp-content\/uploads\/2022\/01\/Content_Naturstein_1-2048x1536.jpg 2048w\" sizes=\"(max-width: 1300px) 100vw, 1300px\" \/><\/figure>\n<\/div>\n<\/div>\n\n<div class=\"wp-block-columns is-layout-flex wp-container-core-columns-is-layout-9d6595d7 wp-block-columns-is-layout-flex\">\n<div class=\"wp-block-column is-layout-flow wp-block-column-is-layout-flow\">\n<h3 class=\"wp-block-heading\" id=\"h-die-natursteinfliese-auf-der-terrasse\">O azulejo de pedra natural no terra\u00e7o<\/h3>\n\n\n\n<p>O azulejo de pedra natural est\u00e1 desfrutando de uma popularidade crescente e pode ser encontrado em cada vez mais terra\u00e7os. Para torn\u00e1-los resistentes ao calor, ao frio, \u00e0 sujidade, \u00e0 \u00e1gua e \u00e0s influ\u00eancias ambientais, \u00e9 necess\u00e1rio um tratamento especial. Isto vem na forma de um selo de pedra natural, que permite dar ao azulejo as propriedades que acabam de mencionar. Como resultado, prolonga-se muito a vida do seu azulejo e pode apreci\u00e1-la durante muitos anos.<\/p>\n<\/div>\n\n\n\n<div class=\"wp-block-column is-layout-flow wp-block-column-is-layout-flow\">\n<h3 class=\"wp-block-heading\" id=\"h-terrassenplattenversiegelung-im-detail\">Veda\u00e7\u00e3o da laje do terra\u00e7o em detalhe<\/h3>\n\n\n\n<p>Muitas vantagens s\u00e3o conseguidas selando pedra natural de lajes de terra\u00e7o, e.B. sujidade e outros res\u00edduos s\u00e3o f\u00e1ceis de remover. Al\u00e9m disso, as placas est\u00e3o protegidas contra a abras\u00e3o e n\u00e3o h\u00e1 manchas de \u00e1gua ap\u00f3s a chuva. Apesar da veda\u00e7\u00e3o, as pedras naturais permanecem respir\u00e1veis, o que impede a forma\u00e7\u00e3o de moldes na parte inferior.<\/p>\n<\/div>\n<\/div>\n\n<div class=\"wp-block-columns is-layout-flex wp-container-core-columns-is-layout-9d6595d7 wp-block-columns-is-layout-flex\">\n<div class=\"wp-block-column is-layout-flow wp-block-column-is-layout-flow\" style=\"flex-basis:66.66%\">\n<figure class=\"wp-block-image size-large\"><img decoding=\"async\" width=\"1300\" height=\"732\" src=\"https:\/\/www.versiegelung24.com\/wp-content\/uploads\/2022\/01\/image-1300x732.png\" alt=\"\" class=\"wp-image-45431\" srcset=\"https:\/\/www.versiegelung24.com\/wp-content\/uploads\/2022\/01\/image-1300x732.png 1300w, https:\/\/www.versiegelung24.com\/wp-content\/uploads\/2022\/01\/image-600x338.png 600w, https:\/\/www.versiegelung24.com\/wp-content\/uploads\/2022\/01\/image-300x169.png 300w, https:\/\/www.versiegelung24.com\/wp-content\/uploads\/2022\/01\/image-768x432.png 768w, https:\/\/www.versiegelung24.com\/wp-content\/uploads\/2022\/01\/image-1536x864.png 1536w, https:\/\/www.versiegelung24.com\/wp-content\/uploads\/2022\/01\/image.png 1919w\" sizes=\"(max-width: 1300px) 100vw, 1300px\" \/><\/figure>\n<\/div>\n\n\n\n<div class=\"wp-block-column is-layout-flow wp-block-column-is-layout-flow\" style=\"flex-basis:33.33%\">\n<h2 class=\"wp-block-heading\" id=\"h-naturstein-im-innenbereich-versiegeln\">Selagem de pedra natural em interiores<\/h2>\n\n\n\n<p>No caso das pedras naturais no interior, existem principalmente problemas no que diz respeito \u00e0 forma\u00e7\u00e3o de moldes na casa de banho e abras\u00e3o devido \u00e0 utiliza\u00e7\u00e3o nos pisos. Al\u00e9m disso, s\u00e3o necess\u00e1rios agentes de limpeza especiais para n\u00e3o queimar as pedras e danificar assim a superf\u00edcie. Tamb\u00e9m pode neutralizar estes problemas com um selo e melhorar significativamente a vida \u00fatil.<\/p>\n\n\n\n<h4 class=\"wp-block-heading\" id=\"h-natursteinversiegelung-im-bad\">Veda\u00e7\u00e3o de pedra natural na casa de banho<\/h4>\n\n\n\n<p>Em salas h\u00famidas como a casa de banho, existem v\u00e1rios fatores que podem afetar negativamente as pedras naturais. Estes incluem, como o nome sugere, a humidade elevada e o uso de sabonetes e g\u00e9is de banho. Al\u00e9m disso, s\u00e3o utilizados agentes de limpeza que podem atacar a pedra natural e danificar a superf\u00edcie, para que possa mudar tanto em cor como em termos de textura.<\/p>\n<\/div>\n<\/div>\n\n<div class=\"wp-block-columns is-layout-flex wp-container-core-columns-is-layout-9d6595d7 wp-block-columns-is-layout-flex\">\n<div class=\"wp-block-column is-layout-flow wp-block-column-is-layout-flow\">\n<h4 class=\"wp-block-heading\" id=\"h-natursteinversiegelung-in-der-dusche\"> Veda\u00e7\u00e3o de pedra natural no chuveiro<\/h4>\n\n\n\n<p>Hoje em dia h\u00e1 cada vez mais aguaceiros que s\u00e3o projetados ao n\u00edvel do solo e, assim, equipados com azulejos. Mas outros objetos de design, como paredes de parti\u00e7\u00e3o ou at\u00e9 mesmo bandejas de duche feitas de pedra natural tamb\u00e9m s\u00e3o usados. Vedar estes tem a vantagem de se tornarem insens\u00edveis \u00e0 \u00e1gua, \u00e0 sujidade, aos sabonetes e aos agentes de limpeza. Como resultado, s\u00e3o mais f\u00e1ceis de limpar, j\u00e1 n\u00e3o precisam de ser limpos com frequ\u00eancia, mas permanecem respir\u00e1veis para impedir o crescimento do molde.<\/p>\n<\/div>\n\n\n\n<div class=\"wp-block-column is-layout-flow wp-block-column-is-layout-flow\">\n<h4 class=\"wp-block-heading\" id=\"h-naturstein-fliesenversiegelung-im-bad\">Veda\u00e7\u00e3o natural de azulejos de pedra na casa de banho<\/h4>\n\n\n\n<p>Provavelmente sabe, as manchas de \u00e1gua nos azulejos naturais de pedra na casa de banho. Passado algum tempo, estes j\u00e1 n\u00e3o podem ser removidos e o azulejo torna-se mate e perde o seu brilho. Com a veda\u00e7\u00e3o de pedra natural tem um efeito na forma\u00e7\u00e3o de manchas de \u00e1gua, bem como na forma\u00e7\u00e3o de bolor e assim manter a bela vis\u00e3o dos seus azulejos ao longo de anos a d\u00e9cadas.<\/p>\n<\/div>\n<\/div>\n\n<h3 class=\"wp-block-heading\" id=\"h-natursteinversiegelung-im-kuchenbereich\">Veda\u00e7\u00e3o de pedra natural na \u00e1rea da cozinha<\/h3>\n\n<p>As principais \u00e1reas de aplica\u00e7\u00e3o de pedras naturais nas cozinhas s\u00e3o superf\u00edcies de trabalho e pisos. Especialmente as superf\u00edcies de trabalho em que a humidade dos alimentos pode penetrar rapidamente sem veda\u00e7\u00e3o, representa uma possibilidade para as bact\u00e9rias se instalarem na pedra natural &#8211; um perigo para todos na casa. Para proteg\u00ea-las da sujidade, a descolora\u00e7\u00e3o e as bact\u00e9rias \u00e9 poss\u00edvel pela veda\u00e7\u00e3o natural da pedra, uma vez que os poros das pedras s\u00e3o fechados e uma pel\u00edcula protetora sobre ela que \u00e9 facilmente lav\u00e1vel.<\/p>\n\n<p>As placas de m\u00e1rmore e de granito s\u00f3 s\u00e3o resistentes a \u00e1cidos como o \u00e1cido c\u00edtrico, o vinagre e o vinho tinto durante um curto per\u00edodo de tempo. Para obter este efeito de forma mais intensa, recomendamos a aplica\u00e7\u00e3o adicional do nosso selante <a href=\"https:\/\/www.versiegelung24.com\/pt-pt\/vedacao-de-alta-gama-protetor-permanente.html\">Permanent Protetor<\/a>.<\/p>\n\n<h3 class=\"wp-block-heading\" id=\"h-fensterbanke-aus-naturstein\">Peitoris de janela feitos de pedra natural<\/h3>\n\n<p>Especialmente as soleiras de janelas feitas deste material s\u00e3o frequentemente expostas ao tempo. A \u00e1gua e a sujidade assentam nele e certifiquem-se de que mudam de cor, bem como manchas de \u00e1gua. Com veda\u00e7\u00e3o natural de pedra, gra\u00e7as \u00e0s propriedades repelentes de \u00e1gua e sujidade, pode prevenir esta circunst\u00e2ncia e estender os intervalos de limpeza.<\/p>\n\n<h4 class=\"wp-block-heading\" id=\"faq\">FAQ<\/h4>\n\n<div class=\"wp-block-columns is-layout-flex wp-container-core-columns-is-layout-9d6595d7 wp-block-columns-is-layout-flex\">\n<div class=\"wp-block-column is-layout-flow wp-block-column-is-layout-flow\" style=\"flex-basis:100%\">\n<div class=\"schema-faq wp-block-yoast-faq-block\"><div class=\"schema-faq-section\" id=\"faq-question-1723129133239\"><strong class=\"schema-faq-question\">Porque \u00e9 que a selagem n\u00e3o tem o efeito ideal \/ Porque \u00e9 que n\u00e3o tem efeito?\n\/ Porque \u00e9 que n\u00e3o tem efeito a longo prazo? <\/strong> <p class=\"schema-faq-answer\"><br>1) A efic\u00e1cia do vedante pode ser prejudicada se ocorrer humidade (por exemplo, chuva ou humidade ascendente do pavimento) durante a fase de aplica\u00e7\u00e3o ou de secagem (aprox. 24 horas). 2) A pr\u00e9-limpeza que n\u00e3o esteja completamente isenta de res\u00edduos tamb\u00e9m pode causar problemas.\n<br>\u00c9 essencial que os produtos de limpeza de pedra ou outros produtos de pr\u00e9-limpeza sejam completamente removidos. 3. Quaisquer pr\u00e9-revestimentos podem impedir que o vedante seja absorvido e fixado de forma \u00f3ptima, o que pode levar a um efeito reduzido ou n\u00e3o duradouro. <\/p> <\/div> <div class=\"schema-faq-section\" id=\"faq-question-1723129206298\"><strong class=\"schema-faq-question\">Posso limpar as pedras com uma m\u00e1quina de limpeza a alta press\u00e3o?<\/strong> <p class=\"schema-faq-answer\"><br>R<strong>ecomenda\u00e7\u00e3o:<\/strong> 1. Geralmente, desaconselhamos a utiliza\u00e7\u00e3o de uma m\u00e1quina de lavar a press\u00e3o para a limpeza de lajes de pedra e bet\u00e3o.\n<br>A forte abras\u00e3o danifica as superf\u00edcies e torna-as mais suscept\u00edveis a nova sujidade e ao crescimento de algas. 2. A a\u00e7\u00e3o abrasiva da m\u00e1quina de lavar a press\u00e3o pode remover a camada superior de um vedante, mesmo que a hidrofobicidade nas camadas mais profundas permane\u00e7a intacta. <\/p> <\/div> <div class=\"schema-faq-section\" id=\"faq-question-1723188404369\"><strong class=\"schema-faq-question\">Porque \u00e9 que o meu selante n\u00e3o dura tanto tempo como esperado?<\/strong> <p class=\"schema-faq-answer\">A durabilidade do vedante pode ser influenciada por v\u00e1rios factores.\nEventuais problemas durante a aplica\u00e7\u00e3o, como a exposi\u00e7\u00e3o \u00e0 humidade durante a fase de secagem ou uma pr\u00e9-limpeza inadequada, podem prejudicar o efeito ideal.\nAl\u00e9m disso, a utiliza\u00e7\u00e3o intensiva da superf\u00edcie pode reduzir a vida \u00fatil do vedante.\nNo entanto, \u00e9 poss\u00edvel que o efeito de profundidade ainda esteja presente nas camadas subjacentes.   <\/p> <\/div> <div class=\"schema-faq-section\" id=\"faq-question-1723188391712\"><strong class=\"schema-faq-question\">Por que raz\u00e3o n\u00e3o ocorre o efeito desejado de gota?<\/strong> <p class=\"schema-faq-answer\">A falta de efeito de gota pode dever-se a problemas com a aplica\u00e7\u00e3o do vedante.\nA humidade durante a aplica\u00e7\u00e3o ou uma limpeza pr\u00e9via incompleta podem prejudicar o efeito e impedir que o vedante seja absorvido e endure\u00e7a de forma \u00f3ptima. <\/p> <\/div> <\/div>\n<\/div>\n<\/div>\n","protected":false},"excerpt":{"rendered":"<p><strong>Selante de pedra natural altamente eficaz para utiliza\u00e7\u00e3o em interiores e exteriores:<\/strong> <\/p>\n<p>Adequado para todas as superf\u00edcies de pedra natural absorventes de minerais<\/p>\n<p>\u2713 Efeito f\u00e1cil de limpar: a sujidade n\u00e3o adere e pode ser facilmente removida<\/p>\n<p>Absolutamente invis\u00edvel: aspeto e toque da superf\u00edcie inalterados<\/p>\n<p>Efeito de profundidade duradouro durante muitos anos<\/p>\n<p>Efeito p\u00e9rola de l\u00f3tus repelente de \u00e1gua<\/p>\n","protected":false},"featured_media":17975,"template":"","meta":{"_acf_changed":false,"neve_meta_sidebar":"","neve_meta_container":"","neve_meta_enable_content_width":"","neve_meta_content_width":0,"neve_meta_title_alignment":"","neve_meta_author_avatar":"","neve_post_elements_order":"","neve_meta_disable_header":"","neve_meta_disable_footer":"","neve_meta_disable_title":"","neve_meta_reading_time":"","_surfaces":[],"_ver_product_tabs":[],"footnotes":""},"product_brand":[],"product_cat":[2385],"product_tag":[],"class_list":{"0":"post-23476","1":"product","2":"type-product","3":"status-publish","4":"has-post-thumbnail","6":"product_cat-selo-de-pedra-e-concreto","7":"pa_gebinde-garrafa-de-1000ml","8":"pa_gebinde-20l-recipiente","9":"pa_gebinde-recipiente-de-5l","11":"first","12":"instock","13":"taxable","14":"shipping-taxable","15":"purchasable","16":"product-type-variable","17":"has-default-attributes"},"acf":[],"yoast_head":"<!-- This site is optimized with the Yoast SEO Premium plugin v22.8 (Yoast SEO v27.5) - https:\/\/yoast.com\/product\/yoast-seo-premium-wordpress\/ -->\n<title>Selante para pedra natural com efeito profundo e de longa dura\u00e7\u00e3o - qualidade superior - versiegelung24.com<\/title>\n<meta name=\"description\" content=\"Selagem de pedra natural - em qualidade premium - Proteja os seus objectos de pedra natural como os profissionais! Agora em Versiegelung24.com!\" \/>\n<meta name=\"robots\" content=\"index, follow, max-snippet:-1, max-image-preview:large, max-video-preview:-1\" \/>\n<link rel=\"canonical\" href=\"https:\/\/www.versiegelung24.com\/pt-pt\/vedacao-de-pedra-natural-em-profi-qualidade.html\" \/>\n<meta property=\"og:locale\" content=\"pt_PT\" \/>\n<meta property=\"og:type\" content=\"article\" \/>\n<meta property=\"og:title\" content=\"Selante para pedra natural com efeito profundo e de longa dura\u00e7\u00e3o - qualidade superior\" \/>\n<meta property=\"og:description\" content=\"Selagem de pedra natural - em qualidade premium - Proteja os seus objectos de pedra natural como os profissionais! Agora em Versiegelung24.com!\" \/>\n<meta property=\"og:url\" content=\"https:\/\/www.versiegelung24.com\/pt-pt\/vedacao-de-pedra-natural-em-profi-qualidade.html\" \/>\n<meta property=\"og:site_name\" content=\"versiegelung24.com\" \/>\n<meta property=\"article:modified_time\" content=\"2025-01-03T23:20:21+00:00\" \/>\n<meta property=\"og:image\" content=\"https:\/\/www.versiegelung24.com\/wp-content\/uploads\/2020\/06\/produkt-3003-620-1000-Natursteinversiegelung-scaled.jpg\" \/>\n\t<meta property=\"og:image:width\" content=\"2560\" \/>\n\t<meta property=\"og:image:height\" content=\"2560\" \/>\n\t<meta property=\"og:image:type\" content=\"image\/jpeg\" \/>\n<meta name=\"twitter:card\" content=\"summary_large_image\" \/>\n<meta name=\"twitter:label1\" content=\"Disponibilidade\" \/>\n\t<meta name=\"twitter:data1\" content=\"Em stock\" \/>\n<script type=\"application\/ld+json\" class=\"yoast-schema-graph\">{\"@context\":\"https:\\\/\\\/schema.org\",\"@graph\":[{\"@type\":[\"WebPage\",\"FAQPage\"],\"@id\":\"https:\\\/\\\/www.versiegelung24.com\\\/pt-pt\\\/vedacao-de-pedra-natural-em-profi-qualidade.html\",\"url\":\"https:\\\/\\\/www.versiegelung24.com\\\/pt-pt\\\/vedacao-de-pedra-natural-em-profi-qualidade.html\",\"name\":\"Selante para pedra natural com efeito profundo e de longa dura\u00e7\u00e3o - qualidade superior - versiegelung24.com\",\"isPartOf\":{\"@id\":\"https:\\\/\\\/www.versiegelung24.com\\\/pt-pt\\\/#website\"},\"primaryImageOfPage\":{\"@id\":\"https:\\\/\\\/www.versiegelung24.com\\\/pt-pt\\\/vedacao-de-pedra-natural-em-profi-qualidade.html#primaryimage\"},\"image\":{\"@id\":\"https:\\\/\\\/www.versiegelung24.com\\\/pt-pt\\\/vedacao-de-pedra-natural-em-profi-qualidade.html#primaryimage\"},\"thumbnailUrl\":\"https:\\\/\\\/www.versiegelung24.com\\\/wp-content\\\/uploads\\\/2020\\\/06\\\/produkt-3003-620-1000-Natursteinversiegelung-scaled.jpg\",\"datePublished\":\"2021-08-02T19:39:02+00:00\",\"dateModified\":\"2025-01-03T23:20:21+00:00\",\"description\":\"Selagem de pedra natural - em qualidade premium - Proteja os seus objectos de pedra natural como os profissionais! Agora em Versiegelung24.com!\",\"breadcrumb\":{\"@id\":\"https:\\\/\\\/www.versiegelung24.com\\\/pt-pt\\\/vedacao-de-pedra-natural-em-profi-qualidade.html#breadcrumb\"},\"mainEntity\":[{\"@id\":\"https:\\\/\\\/www.versiegelung24.com\\\/pt-pt\\\/vedacao-de-pedra-natural-em-profi-qualidade.html#faq-question-1723129133239\"},{\"@id\":\"https:\\\/\\\/www.versiegelung24.com\\\/pt-pt\\\/vedacao-de-pedra-natural-em-profi-qualidade.html#faq-question-1723129206298\"},{\"@id\":\"https:\\\/\\\/www.versiegelung24.com\\\/pt-pt\\\/vedacao-de-pedra-natural-em-profi-qualidade.html#faq-question-1723188404369\"},{\"@id\":\"https:\\\/\\\/www.versiegelung24.com\\\/pt-pt\\\/vedacao-de-pedra-natural-em-profi-qualidade.html#faq-question-1723188391712\"}],\"inLanguage\":\"pt-PT\",\"potentialAction\":[{\"@type\":\"ReadAction\",\"target\":[\"https:\\\/\\\/www.versiegelung24.com\\\/pt-pt\\\/vedacao-de-pedra-natural-em-profi-qualidade.html\"]}]},{\"@type\":\"ImageObject\",\"inLanguage\":\"pt-PT\",\"@id\":\"https:\\\/\\\/www.versiegelung24.com\\\/pt-pt\\\/vedacao-de-pedra-natural-em-profi-qualidade.html#primaryimage\",\"url\":\"https:\\\/\\\/www.versiegelung24.com\\\/wp-content\\\/uploads\\\/2020\\\/06\\\/produkt-3003-620-1000-Natursteinversiegelung-scaled.jpg\",\"contentUrl\":\"https:\\\/\\\/www.versiegelung24.com\\\/wp-content\\\/uploads\\\/2020\\\/06\\\/produkt-3003-620-1000-Natursteinversiegelung-scaled.jpg\",\"width\":2560,\"height\":2560},{\"@type\":\"BreadcrumbList\",\"@id\":\"https:\\\/\\\/www.versiegelung24.com\\\/pt-pt\\\/vedacao-de-pedra-natural-em-profi-qualidade.html#breadcrumb\",\"itemListElement\":[{\"@type\":\"ListItem\",\"position\":1,\"name\":\"P\u00e1gina inicial\",\"item\":\"https:\\\/\\\/www.versiegelung24.com\\\/pt-pt\\\/frente\\\/\"},{\"@type\":\"ListItem\",\"position\":2,\"name\":\"Loja\",\"item\":\"https:\\\/\\\/www.versiegelung24.com\\\/pt-pt\\\/loja\\\/\"},{\"@type\":\"ListItem\",\"position\":3,\"name\":\"Selante para pedra natural com efeito profundo e de longa dura\u00e7\u00e3o &#8211; qualidade superior\"}]},{\"@type\":\"WebSite\",\"@id\":\"https:\\\/\\\/www.versiegelung24.com\\\/pt-pt\\\/#website\",\"url\":\"https:\\\/\\\/www.versiegelung24.com\\\/pt-pt\\\/\",\"name\":\"versiegelung24.com\",\"description\":\"Fl\u00fcssigglas-Versiegelung - Made in Germany\",\"publisher\":{\"@id\":\"https:\\\/\\\/www.versiegelung24.com\\\/pt-pt\\\/#organization\"},\"potentialAction\":[{\"@type\":\"SearchAction\",\"target\":{\"@type\":\"EntryPoint\",\"urlTemplate\":\"https:\\\/\\\/www.versiegelung24.com\\\/pt-pt\\\/?s={search_term_string}\"},\"query-input\":{\"@type\":\"PropertyValueSpecification\",\"valueRequired\":true,\"valueName\":\"search_term_string\"}}],\"inLanguage\":\"pt-PT\"},{\"@type\":\"Organization\",\"@id\":\"https:\\\/\\\/www.versiegelung24.com\\\/pt-pt\\\/#organization\",\"name\":\"versiegelung24\",\"url\":\"https:\\\/\\\/www.versiegelung24.com\\\/pt-pt\\\/\",\"logo\":{\"@type\":\"ImageObject\",\"inLanguage\":\"pt-PT\",\"@id\":\"https:\\\/\\\/www.versiegelung24.com\\\/pt-pt\\\/#\\\/schema\\\/logo\\\/image\\\/\",\"url\":\"https:\\\/\\\/www.versiegelung24.com\\\/wp-content\\\/uploads\\\/2020\\\/04\\\/versiegelung24.png\",\"contentUrl\":\"https:\\\/\\\/www.versiegelung24.com\\\/wp-content\\\/uploads\\\/2020\\\/04\\\/versiegelung24.png\",\"width\":470,\"height\":102,\"caption\":\"versiegelung24\"},\"image\":{\"@id\":\"https:\\\/\\\/www.versiegelung24.com\\\/pt-pt\\\/#\\\/schema\\\/logo\\\/image\\\/\"}},{\"@type\":\"Question\",\"@id\":\"https:\\\/\\\/www.versiegelung24.com\\\/pt-pt\\\/vedacao-de-pedra-natural-em-profi-qualidade.html#faq-question-1723129133239\",\"position\":1,\"url\":\"https:\\\/\\\/www.versiegelung24.com\\\/pt-pt\\\/vedacao-de-pedra-natural-em-profi-qualidade.html#faq-question-1723129133239\",\"name\":\"Wieso zeigt Versiegelung nicht die optimale Wirkung \\\/ Warum ist die Wirkung nicht vorhanden? \\\/ Wieso ist der Effekt der Langzeitwirkung nicht gegeben?\",\"answerCount\":1,\"acceptedAnswer\":{\"@type\":\"Answer\",\"text\":\"1. Die Versiegelung kann in ihrer Wirkung beeintr\u00e4chtigt sein, wenn w\u00e4hrend der Applikation oder Trocknungsphase (etwa 24 Stunden) Feuchtigkeit (z.B. Regen oder aufsteigende Feuchtigkeit aus dem Boden) auftritt.<br\\\/>2. Eine nicht vollst\u00e4ndig r\u00fcckstandsfreie Vorreinigung kann ebenfalls zu Problemen f\u00fchren. Es ist essenziell, dass Steinreiniger oder andere Vorreiniger vollst\u00e4ndig entfernt werden.<br\\\/>3. Eventuelle Vorbeschichtungen k\u00f6nnen das optimale Einziehen und Abbinden der Versiegelung verhindern, was zu einer reduzierten oder nicht langanhaltenden Wirkung f\u00fchren kann.\",\"inLanguage\":\"pt-PT\"},\"inLanguage\":\"pt-PT\"},{\"@type\":\"Question\",\"@id\":\"https:\\\/\\\/www.versiegelung24.com\\\/pt-pt\\\/vedacao-de-pedra-natural-em-profi-qualidade.html#faq-question-1723129206298\",\"position\":2,\"url\":\"https:\\\/\\\/www.versiegelung24.com\\\/pt-pt\\\/vedacao-de-pedra-natural-em-profi-qualidade.html#faq-question-1723129206298\",\"name\":\"Kann ich die Steine mit einem Hochdruckreiniger (K\u00e4rchern) reinigen?\",\"answerCount\":1,\"acceptedAnswer\":{\"@type\":\"Answer\",\"text\":\"<strong>Empfehlung:<\\\/strong><br\\\/>1. Wir raten generell von der Nutzung eines Hochdruckreinigers f\u00fcr die Reinigung von Stein- und Betonplatten ab. Durch die starke Abrasion werden die Oberfl\u00e4chen besch\u00e4digt und anf\u00e4lliger f\u00fcr erneute Verschmutzung und Algenbewuchs.<br\\\/>2. Die fr\u00e4sende Wirkung des Hochdruckreinigers kann die oberste Schicht einer Versiegelung abtragen, selbst wenn die Hydrophobie in den tieferen Schichten erhalten bleibt.\",\"inLanguage\":\"pt-PT\"},\"inLanguage\":\"pt-PT\"},{\"@type\":\"Question\",\"@id\":\"https:\\\/\\\/www.versiegelung24.com\\\/pt-pt\\\/vedacao-de-pedra-natural-em-profi-qualidade.html#faq-question-1723188404369\",\"position\":3,\"url\":\"https:\\\/\\\/www.versiegelung24.com\\\/pt-pt\\\/vedacao-de-pedra-natural-em-profi-qualidade.html#faq-question-1723188404369\",\"name\":\"Warum h\u00e4lt meine Versiegelung nicht so lange wie erwartet?\",\"answerCount\":1,\"acceptedAnswer\":{\"@type\":\"Answer\",\"text\":\"Die Haltbarkeit der Versiegelung kann durch verschiedene Faktoren beeinflusst werden. M\u00f6gliche Probleme w\u00e4hrend der Aufbringung, wie Feuchtigkeitseinwirkung w\u00e4hrend der Trocknungsphase oder eine unzureichende Vorreinigung, k\u00f6nnen die optimale Wirkung beeintr\u00e4chtigen. Zudem kann eine starke Beanspruchung der Oberfl\u00e4che die Lebensdauer der Versiegelung verk\u00fcrzen. Es ist jedoch m\u00f6glich, dass die Tiefenwirkung in den darunter liegenden Schichten weiterhin vorhanden ist.\",\"inLanguage\":\"pt-PT\"},\"inLanguage\":\"pt-PT\"},{\"@type\":\"Question\",\"@id\":\"https:\\\/\\\/www.versiegelung24.com\\\/pt-pt\\\/vedacao-de-pedra-natural-em-profi-qualidade.html#faq-question-1723188391712\",\"position\":4,\"url\":\"https:\\\/\\\/www.versiegelung24.com\\\/pt-pt\\\/vedacao-de-pedra-natural-em-profi-qualidade.html#faq-question-1723188391712\",\"name\":\"Warum tritt der gew\u00fcnschte Abperleffekt nicht ein?\",\"answerCount\":1,\"acceptedAnswer\":{\"@type\":\"Answer\",\"text\":\"Der fehlende Abperleffekt k\u00f6nnte auf Probleme bei der Aufbringung der Versiegelung zur\u00fcckzuf\u00fchren sein. Feuchtigkeit w\u00e4hrend der Applikation oder eine nicht vollst\u00e4ndig entfernte Vorreinigung k\u00f6nnen die Wirkung beeintr\u00e4chtigen und verhindern, dass die Versiegelung optimal einzieht und abbinden kann.\",\"inLanguage\":\"pt-PT\"},\"inLanguage\":\"pt-PT\"}]}<\/script>\n<meta property=\"og:availability\" content=\"instock\" \/>\n<meta property=\"product:availability\" content=\"instock\" \/>\n<meta property=\"product:retailer_item_id\" content=\"3003-7620\" \/>\n<meta property=\"product:condition\" content=\"new\" \/>\n<!-- \/ Yoast SEO Premium plugin. -->","yoast_head_json":{"title":"Selante para pedra natural com efeito profundo e de longa dura\u00e7\u00e3o - qualidade superior - versiegelung24.com","description":"Selagem de pedra natural - em qualidade premium - Proteja os seus objectos de pedra natural como os profissionais! Agora em Versiegelung24.com!","robots":{"index":"index","follow":"follow","max-snippet":"max-snippet:-1","max-image-preview":"max-image-preview:large","max-video-preview":"max-video-preview:-1"},"canonical":"https:\/\/www.versiegelung24.com\/pt-pt\/vedacao-de-pedra-natural-em-profi-qualidade.html","og_locale":"pt_PT","og_type":"article","og_title":"Selante para pedra natural com efeito profundo e de longa dura\u00e7\u00e3o - qualidade superior","og_description":"Selagem de pedra natural - em qualidade premium - Proteja os seus objectos de pedra natural como os profissionais! Agora em Versiegelung24.com!","og_url":"https:\/\/www.versiegelung24.com\/pt-pt\/vedacao-de-pedra-natural-em-profi-qualidade.html","og_site_name":"versiegelung24.com","article_modified_time":"2025-01-03T23:20:21+00:00","og_image":[{"width":2560,"height":2560,"url":"https:\/\/www.versiegelung24.com\/wp-content\/uploads\/2020\/06\/produkt-3003-620-1000-Natursteinversiegelung-scaled.jpg","type":"image\/jpeg"}],"twitter_card":"summary_large_image","twitter_misc":{"Disponibilidade":"Em stock"},"schema":{"@context":"https:\/\/schema.org","@graph":[{"@type":["WebPage","FAQPage"],"@id":"https:\/\/www.versiegelung24.com\/pt-pt\/vedacao-de-pedra-natural-em-profi-qualidade.html","url":"https:\/\/www.versiegelung24.com\/pt-pt\/vedacao-de-pedra-natural-em-profi-qualidade.html","name":"Selante para pedra natural com efeito profundo e de longa dura\u00e7\u00e3o - qualidade superior - versiegelung24.com","isPartOf":{"@id":"https:\/\/www.versiegelung24.com\/pt-pt\/#website"},"primaryImageOfPage":{"@id":"https:\/\/www.versiegelung24.com\/pt-pt\/vedacao-de-pedra-natural-em-profi-qualidade.html#primaryimage"},"image":{"@id":"https:\/\/www.versiegelung24.com\/pt-pt\/vedacao-de-pedra-natural-em-profi-qualidade.html#primaryimage"},"thumbnailUrl":"https:\/\/www.versiegelung24.com\/wp-content\/uploads\/2020\/06\/produkt-3003-620-1000-Natursteinversiegelung-scaled.jpg","datePublished":"2021-08-02T19:39:02+00:00","dateModified":"2025-01-03T23:20:21+00:00","description":"Selagem de pedra natural - em qualidade premium - Proteja os seus objectos de pedra natural como os profissionais! Agora em Versiegelung24.com!","breadcrumb":{"@id":"https:\/\/www.versiegelung24.com\/pt-pt\/vedacao-de-pedra-natural-em-profi-qualidade.html#breadcrumb"},"mainEntity":[{"@id":"https:\/\/www.versiegelung24.com\/pt-pt\/vedacao-de-pedra-natural-em-profi-qualidade.html#faq-question-1723129133239"},{"@id":"https:\/\/www.versiegelung24.com\/pt-pt\/vedacao-de-pedra-natural-em-profi-qualidade.html#faq-question-1723129206298"},{"@id":"https:\/\/www.versiegelung24.com\/pt-pt\/vedacao-de-pedra-natural-em-profi-qualidade.html#faq-question-1723188404369"},{"@id":"https:\/\/www.versiegelung24.com\/pt-pt\/vedacao-de-pedra-natural-em-profi-qualidade.html#faq-question-1723188391712"}],"inLanguage":"pt-PT","potentialAction":[{"@type":"ReadAction","target":["https:\/\/www.versiegelung24.com\/pt-pt\/vedacao-de-pedra-natural-em-profi-qualidade.html"]}]},{"@type":"ImageObject","inLanguage":"pt-PT","@id":"https:\/\/www.versiegelung24.com\/pt-pt\/vedacao-de-pedra-natural-em-profi-qualidade.html#primaryimage","url":"https:\/\/www.versiegelung24.com\/wp-content\/uploads\/2020\/06\/produkt-3003-620-1000-Natursteinversiegelung-scaled.jpg","contentUrl":"https:\/\/www.versiegelung24.com\/wp-content\/uploads\/2020\/06\/produkt-3003-620-1000-Natursteinversiegelung-scaled.jpg","width":2560,"height":2560},{"@type":"BreadcrumbList","@id":"https:\/\/www.versiegelung24.com\/pt-pt\/vedacao-de-pedra-natural-em-profi-qualidade.html#breadcrumb","itemListElement":[{"@type":"ListItem","position":1,"name":"P\u00e1gina inicial","item":"https:\/\/www.versiegelung24.com\/pt-pt\/frente\/"},{"@type":"ListItem","position":2,"name":"Loja","item":"https:\/\/www.versiegelung24.com\/pt-pt\/loja\/"},{"@type":"ListItem","position":3,"name":"Selante para pedra natural com efeito profundo e de longa dura\u00e7\u00e3o &#8211; qualidade superior"}]},{"@type":"WebSite","@id":"https:\/\/www.versiegelung24.com\/pt-pt\/#website","url":"https:\/\/www.versiegelung24.com\/pt-pt\/","name":"versiegelung24.com","description":"Fl\u00fcssigglas-Versiegelung - Made in Germany","publisher":{"@id":"https:\/\/www.versiegelung24.com\/pt-pt\/#organization"},"potentialAction":[{"@type":"SearchAction","target":{"@type":"EntryPoint","urlTemplate":"https:\/\/www.versiegelung24.com\/pt-pt\/?s={search_term_string}"},"query-input":{"@type":"PropertyValueSpecification","valueRequired":true,"valueName":"search_term_string"}}],"inLanguage":"pt-PT"},{"@type":"Organization","@id":"https:\/\/www.versiegelung24.com\/pt-pt\/#organization","name":"versiegelung24","url":"https:\/\/www.versiegelung24.com\/pt-pt\/","logo":{"@type":"ImageObject","inLanguage":"pt-PT","@id":"https:\/\/www.versiegelung24.com\/pt-pt\/#\/schema\/logo\/image\/","url":"https:\/\/www.versiegelung24.com\/wp-content\/uploads\/2020\/04\/versiegelung24.png","contentUrl":"https:\/\/www.versiegelung24.com\/wp-content\/uploads\/2020\/04\/versiegelung24.png","width":470,"height":102,"caption":"versiegelung24"},"image":{"@id":"https:\/\/www.versiegelung24.com\/pt-pt\/#\/schema\/logo\/image\/"}},{"@type":"Question","@id":"https:\/\/www.versiegelung24.com\/pt-pt\/vedacao-de-pedra-natural-em-profi-qualidade.html#faq-question-1723129133239","position":1,"url":"https:\/\/www.versiegelung24.com\/pt-pt\/vedacao-de-pedra-natural-em-profi-qualidade.html#faq-question-1723129133239","name":"Wieso zeigt Versiegelung nicht die optimale Wirkung \/ Warum ist die Wirkung nicht vorhanden? \/ Wieso ist der Effekt der Langzeitwirkung nicht gegeben?","answerCount":1,"acceptedAnswer":{"@type":"Answer","text":"1. Die Versiegelung kann in ihrer Wirkung beeintr\u00e4chtigt sein, wenn w\u00e4hrend der Applikation oder Trocknungsphase (etwa 24 Stunden) Feuchtigkeit (z.B. Regen oder aufsteigende Feuchtigkeit aus dem Boden) auftritt.<br\/>2. Eine nicht vollst\u00e4ndig r\u00fcckstandsfreie Vorreinigung kann ebenfalls zu Problemen f\u00fchren. Es ist essenziell, dass Steinreiniger oder andere Vorreiniger vollst\u00e4ndig entfernt werden.<br\/>3. Eventuelle Vorbeschichtungen k\u00f6nnen das optimale Einziehen und Abbinden der Versiegelung verhindern, was zu einer reduzierten oder nicht langanhaltenden Wirkung f\u00fchren kann.","inLanguage":"pt-PT"},"inLanguage":"pt-PT"},{"@type":"Question","@id":"https:\/\/www.versiegelung24.com\/pt-pt\/vedacao-de-pedra-natural-em-profi-qualidade.html#faq-question-1723129206298","position":2,"url":"https:\/\/www.versiegelung24.com\/pt-pt\/vedacao-de-pedra-natural-em-profi-qualidade.html#faq-question-1723129206298","name":"Kann ich die Steine mit einem Hochdruckreiniger (K\u00e4rchern) reinigen?","answerCount":1,"acceptedAnswer":{"@type":"Answer","text":"<strong>Empfehlung:<\/strong><br\/>1. Wir raten generell von der Nutzung eines Hochdruckreinigers f\u00fcr die Reinigung von Stein- und Betonplatten ab. Durch die starke Abrasion werden die Oberfl\u00e4chen besch\u00e4digt und anf\u00e4lliger f\u00fcr erneute Verschmutzung und Algenbewuchs.<br\/>2. Die fr\u00e4sende Wirkung des Hochdruckreinigers kann die oberste Schicht einer Versiegelung abtragen, selbst wenn die Hydrophobie in den tieferen Schichten erhalten bleibt.","inLanguage":"pt-PT"},"inLanguage":"pt-PT"},{"@type":"Question","@id":"https:\/\/www.versiegelung24.com\/pt-pt\/vedacao-de-pedra-natural-em-profi-qualidade.html#faq-question-1723188404369","position":3,"url":"https:\/\/www.versiegelung24.com\/pt-pt\/vedacao-de-pedra-natural-em-profi-qualidade.html#faq-question-1723188404369","name":"Warum h\u00e4lt meine Versiegelung nicht so lange wie erwartet?","answerCount":1,"acceptedAnswer":{"@type":"Answer","text":"Die Haltbarkeit der Versiegelung kann durch verschiedene Faktoren beeinflusst werden. M\u00f6gliche Probleme w\u00e4hrend der Aufbringung, wie Feuchtigkeitseinwirkung w\u00e4hrend der Trocknungsphase oder eine unzureichende Vorreinigung, k\u00f6nnen die optimale Wirkung beeintr\u00e4chtigen. Zudem kann eine starke Beanspruchung der Oberfl\u00e4che die Lebensdauer der Versiegelung verk\u00fcrzen. Es ist jedoch m\u00f6glich, dass die Tiefenwirkung in den darunter liegenden Schichten weiterhin vorhanden ist.","inLanguage":"pt-PT"},"inLanguage":"pt-PT"},{"@type":"Question","@id":"https:\/\/www.versiegelung24.com\/pt-pt\/vedacao-de-pedra-natural-em-profi-qualidade.html#faq-question-1723188391712","position":4,"url":"https:\/\/www.versiegelung24.com\/pt-pt\/vedacao-de-pedra-natural-em-profi-qualidade.html#faq-question-1723188391712","name":"Warum tritt der gew\u00fcnschte Abperleffekt nicht ein?","answerCount":1,"acceptedAnswer":{"@type":"Answer","text":"Der fehlende Abperleffekt k\u00f6nnte auf Probleme bei der Aufbringung der Versiegelung zur\u00fcckzuf\u00fchren sein. Feuchtigkeit w\u00e4hrend der Applikation oder eine nicht vollst\u00e4ndig entfernte Vorreinigung k\u00f6nnen die Wirkung beeintr\u00e4chtigen und verhindern, dass die Versiegelung optimal einzieht und abbinden kann.","inLanguage":"pt-PT"},"inLanguage":"pt-PT"}]},"og_availability":"instock","product_availability":"instock","product_retailer_item_id":"3003-7620","product_condition":"new"},"_links":{"self":[{"href":"https:\/\/www.versiegelung24.com\/pt-pt\/wp-json\/wp\/v2\/product\/23476","targetHints":{"allow":["GET"]}}],"collection":[{"href":"https:\/\/www.versiegelung24.com\/pt-pt\/wp-json\/wp\/v2\/product"}],"about":[{"href":"https:\/\/www.versiegelung24.com\/pt-pt\/wp-json\/wp\/v2\/types\/product"}],"version-history":[{"count":48,"href":"https:\/\/www.versiegelung24.com\/pt-pt\/wp-json\/wp\/v2\/product\/23476\/revisions"}],"predecessor-version":[{"id":174184,"href":"https:\/\/www.versiegelung24.com\/pt-pt\/wp-json\/wp\/v2\/product\/23476\/revisions\/174184"}],"wp:featuredmedia":[{"embeddable":true,"href":"https:\/\/www.versiegelung24.com\/pt-pt\/wp-json\/wp\/v2\/media\/17975"}],"wp:attachment":[{"href":"https:\/\/www.versiegelung24.com\/pt-pt\/wp-json\/wp\/v2\/media?parent=23476"}],"wp:term":[{"taxonomy":"product_brand","embeddable":true,"href":"https:\/\/www.versiegelung24.com\/pt-pt\/wp-json\/wp\/v2\/product_brand?post=23476"},{"taxonomy":"product_cat","embeddable":true,"href":"https:\/\/www.versiegelung24.com\/pt-pt\/wp-json\/wp\/v2\/product_cat?post=23476"},{"taxonomy":"product_tag","embeddable":true,"href":"https:\/\/www.versiegelung24.com\/pt-pt\/wp-json\/wp\/v2\/product_tag?post=23476"}],"curies":[{"name":"wp","href":"https:\/\/api.w.org\/{rel}","templated":true}]}}