{"id":161463,"date":"2024-05-20T09:35:06","date_gmt":"2024-05-20T07:35:06","guid":{"rendered":"https:\/\/www.versiegelung24.com\/?page_id=161463"},"modified":"2025-01-06T14:35:50","modified_gmt":"2025-01-06T13:35:50","slug":"praf-de-sahara","status":"publish","type":"page","link":"https:\/\/www.versiegelung24.com\/ro\/sfaturi-despre-produsele-versiegelung24\/a-sti-cum\/praf-de-sahara\/","title":{"rendered":"Praful din Sahara &#8211; Cum s\u0103 v\u0103 proteja\u021bi \u0219i s\u0103 v\u0103 cur\u0103\u021ba\u021bi suprafe\u021bele"},"content":{"rendered":"\t\t<div data-elementor-type=\"wp-page\" data-elementor-id=\"161463\" class=\"elementor elementor-161463 elementor-161444\" data-elementor-post-type=\"page\">\n\t\t\t\t\t\t<section class=\"elementor-section elementor-top-section elementor-element elementor-element-4e25f2b elementor-section-height-min-height elementor-section-stretched elementor-section-boxed elementor-section-height-default elementor-section-items-middle\" data-id=\"4e25f2b\" data-element_type=\"section\" data-e-type=\"section\" data-settings=\"{&quot;background_background&quot;:&quot;classic&quot;,&quot;stretch_section&quot;:&quot;section-stretched&quot;}\">\n\t\t\t\t\t\t\t<div class=\"elementor-background-overlay\"><\/div>\n\t\t\t\t\t\t\t<div class=\"elementor-container elementor-column-gap-default\">\n\t\t\t\t\t<div class=\"elementor-column elementor-col-50 elementor-top-column elementor-element elementor-element-61f42061\" data-id=\"61f42061\" data-element_type=\"column\" data-e-type=\"column\">\n\t\t\t<div class=\"elementor-widget-wrap elementor-element-populated\">\n\t\t\t\t\t\t<div class=\"elementor-element elementor-element-71c2f47b elementor-widget elementor-widget-heading\" data-id=\"71c2f47b\" data-element_type=\"widget\" data-e-type=\"widget\" data-widget_type=\"heading.default\">\n\t\t\t\t<div class=\"elementor-widget-container\">\n\t\t\t\t\t<h1 class=\"elementor-heading-title elementor-size-default\">Praful din Sahara &#8211; Cum s\u0103 v\u0103 proteja\u021bi \u0219i s\u0103 v\u0103 cur\u0103\u021ba\u021bi suprafe\u021bele<\/h1>\t\t\t\t<\/div>\n\t\t\t\t<\/div>\n\t\t\t\t\t<\/div>\n\t\t<\/div>\n\t\t\t\t<div class=\"elementor-column elementor-col-50 elementor-top-column elementor-element elementor-element-718d00a6 elementor-hidden-mobile\" data-id=\"718d00a6\" data-element_type=\"column\" data-e-type=\"column\">\n\t\t\t<div class=\"elementor-widget-wrap\">\n\t\t\t\t\t\t\t<\/div>\n\t\t<\/div>\n\t\t\t\t\t<\/div>\n\t\t<\/section>\n\t\t\t\t<section class=\"elementor-section elementor-top-section elementor-element elementor-element-4798bd09 elementor-section-boxed elementor-section-height-default elementor-section-height-default\" data-id=\"4798bd09\" data-element_type=\"section\" data-e-type=\"section\">\n\t\t\t\t\t\t<div class=\"elementor-container elementor-column-gap-default\">\n\t\t\t\t\t<div class=\"elementor-column elementor-col-100 elementor-top-column elementor-element elementor-element-781d278b\" data-id=\"781d278b\" data-element_type=\"column\" data-e-type=\"column\">\n\t\t\t<div class=\"elementor-widget-wrap elementor-element-populated\">\n\t\t\t\t\t\t<div class=\"elementor-element elementor-element-33280f5d elementor-widget elementor-widget-breadcrumbs\" data-id=\"33280f5d\" data-element_type=\"widget\" data-e-type=\"widget\" data-widget_type=\"breadcrumbs.default\">\n\t\t\t\t<div class=\"elementor-widget-container\">\n\t\t\t\t\t<p id=\"breadcrumbs\"><span><span><a href=\"https:\/\/www.versiegelung24.com\/ro\/fata\/\">Pagina de start<\/a><\/span><\/span><\/p>\t\t\t\t<\/div>\n\t\t\t\t<\/div>\n\t\t\t\t\t<\/div>\n\t\t<\/div>\n\t\t\t\t\t<\/div>\n\t\t<\/section>\n\t\t\t\t<section class=\"elementor-section elementor-top-section elementor-element elementor-element-5a86e0c4 elementor-section-boxed elementor-section-height-default elementor-section-height-default\" data-id=\"5a86e0c4\" data-element_type=\"section\" data-e-type=\"section\">\n\t\t\t\t\t\t<div class=\"elementor-container elementor-column-gap-default\">\n\t\t\t\t\t<div class=\"elementor-column elementor-col-100 elementor-top-column elementor-element elementor-element-335c4866\" data-id=\"335c4866\" data-element_type=\"column\" data-e-type=\"column\">\n\t\t\t<div class=\"elementor-widget-wrap elementor-element-populated\">\n\t\t\t\t\t\t<div class=\"elementor-element elementor-element-45d891f9 elementor-widget elementor-widget-text-editor\" data-id=\"45d891f9\" data-element_type=\"widget\" data-e-type=\"widget\" data-widget_type=\"text-editor.default\">\n\t\t\t\t<div class=\"elementor-widget-container\">\n\t\t\t\t\t\t\t\t\t<p>F\u0103r\u0103 \u00eendoial\u0103 c\u0103 sunte\u021bi familiariza\u021bi cu problema nisipului inestetic din de\u0219ert de pe ma\u0219in\u0103, ferestre, mobilier de gr\u0103din\u0103 \u0219i alte suprafe\u021be din gospod\u0103rie. \u00cen fiecare an, milioane de tone de praf ajung \u00een Europa prin intermediul atmosferei \u0219i plou\u0103 cu ploaie. \u00cen acest articol, ve\u021bi afla cum s\u0103 face\u021bi cur\u0103\u021benia mai u\u0219oar\u0103 \u0219i s\u0103 proteja\u021bi eficient suprafe\u021bele.<\/p>\n\t\t\t\t\t\t\t\t<\/div>\n\t\t\t\t<\/div>\n\t\t\t\t<div class=\"elementor-element elementor-element-2bf849cd elementor-toc--minimized-on-tablet elementor-widget elementor-widget-table-of-contents\" data-id=\"2bf849cd\" data-element_type=\"widget\" data-e-type=\"widget\" data-settings=\"{&quot;headings_by_tags&quot;:[&quot;h2&quot;,&quot;h3&quot;],&quot;exclude_headings_by_selector&quot;:[],&quot;no_headings_message&quot;:&quot;No headings were found on this page.&quot;,&quot;marker_view&quot;:&quot;numbers&quot;,&quot;minimize_box&quot;:&quot;yes&quot;,&quot;minimized_on&quot;:&quot;tablet&quot;,&quot;hierarchical_view&quot;:&quot;yes&quot;,&quot;min_height&quot;:{&quot;unit&quot;:&quot;px&quot;,&quot;size&quot;:&quot;&quot;,&quot;sizes&quot;:[]},&quot;min_height_tablet&quot;:{&quot;unit&quot;:&quot;px&quot;,&quot;size&quot;:&quot;&quot;,&quot;sizes&quot;:[]},&quot;min_height_mobile&quot;:{&quot;unit&quot;:&quot;px&quot;,&quot;size&quot;:&quot;&quot;,&quot;sizes&quot;:[]}}\" data-widget_type=\"table-of-contents.default\">\n\t\t\t\t<div class=\"elementor-widget-container\">\n\t\t\t\t\t\t\t\t\t<div class=\"elementor-toc__header\">\n\t\t\t\t\t\t<h2 class=\"elementor-toc__header-title\">\n\t\t\t\tCuprins\t\t\t<\/h2>\n\t\t\t\t\t\t\t\t\t\t<div class=\"elementor-toc__toggle-button elementor-toc__toggle-button--expand\" role=\"button\" tabindex=\"0\" aria-controls=\"elementor-toc__2bf849cd\" aria-expanded=\"true\" aria-label=\"Open table of contents\"><i aria-hidden=\"true\" class=\"fas fa-chevron-down\"><\/i><\/div>\n\t\t\t\t<div class=\"elementor-toc__toggle-button elementor-toc__toggle-button--collapse\" role=\"button\" tabindex=\"0\" aria-controls=\"elementor-toc__2bf849cd\" aria-expanded=\"true\" aria-label=\"Close table of contents\"><i aria-hidden=\"true\" class=\"fas fa-chevron-up\"><\/i><\/div>\n\t\t\t\t\t<\/div>\n\t\t\t\t<div id=\"elementor-toc__2bf849cd\" class=\"elementor-toc__body\">\n\t\t\t<div class=\"elementor-toc__spinner-container\">\n\t\t\t\t<i class=\"elementor-toc__spinner eicon-animation-spin eicon-loading\" aria-hidden=\"true\"><\/i>\t\t\t<\/div>\n\t\t<\/div>\n\t\t\t\t\t\t<\/div>\n\t\t\t\t<\/div>\n\t\t\t\t\t<\/div>\n\t\t<\/div>\n\t\t\t\t\t<\/div>\n\t\t<\/section>\n\t\t\t\t<section class=\"elementor-section elementor-top-section elementor-element elementor-element-edca487 elementor-section-boxed elementor-section-height-default elementor-section-height-default\" data-id=\"edca487\" data-element_type=\"section\" data-e-type=\"section\">\n\t\t\t\t\t\t<div class=\"elementor-container elementor-column-gap-default\">\n\t\t\t\t\t<div class=\"elementor-column elementor-col-100 elementor-top-column elementor-element elementor-element-4df24813\" data-id=\"4df24813\" data-element_type=\"column\" data-e-type=\"column\">\n\t\t\t<div class=\"elementor-widget-wrap elementor-element-populated\">\n\t\t\t\t\t\t<div class=\"elementor-element elementor-element-2494d76c elementor-widget elementor-widget-text-editor\" data-id=\"2494d76c\" data-element_type=\"widget\" data-e-type=\"widget\" data-widget_type=\"text-editor.default\">\n\t\t\t\t<div class=\"elementor-widget-container\">\n\t\t\t\t\t\t\t\t\t<div class=\"wp-block-column is-layout-flow wp-block-column-is-layout-flow\">\n<h2>Praful saharian &#8211; Ce este \u0219i cum afecteaz\u0103 suprafe\u021bele?<\/h2>\n<h3>Originea \u0219i compozi\u021bia prafului din de\u0219ert<\/h3>\n<p>Praful saharian este format din particule fine care provin \u00een principal din de\u0219ertul Sahara din Africa de Nord. Aceste particule de praf sunt adesea ro\u0219iatice \u0219i con\u021bin componente minerale, cum ar fi hematite sau magneziu. Meteorologii explic\u0103 faptul c\u0103 milioane de tone de praf saharian sunt transportate \u00een Europa Central\u0103 de curen\u021bii de aer \u00een fiecare an.<\/p>\n<p>Propriet\u0103\u021bile magnetice ale prafului din Sahara sunt uimitoare, deoarece \u00eel fac s\u0103 adere la suprafe\u021be. Acest fenomen meteorologic afecteaz\u0103 mediul \u00eenconjur\u0103tor prin influen\u021barea culorii suprafe\u021belor, rezult\u00e2nd uneori o nuan\u021b\u0103 ro\u0219iatic\u0103.<\/p>\n<h3>Acesta este modul \u00een care nisipul ro\u0219iatic din de\u0219ert afecteaz\u0103 suprafe\u021bele \u0219i obiectele.<\/h3>\n<p>Praful saharian este eliberat \u00een atmosfer\u0103 de nisipul de\u0219ertic care se \u00eenv\u00e2rte \u0219i se depune pe diferite suprafe\u021be. Poluarea cu praf fin poate deteriora suprafe\u021bele \u0219i necesit\u0103 metode speciale de cur\u0103\u021bare pentru a le cur\u0103\u021ba. \u00cen special \u00een zonele de coast\u0103, acest praf poate duce la o poluare nedorit\u0103.<\/p>\n<p>Din cauza compozi\u021biei sale chimice, praful saharian poate avea efecte negative asupra anumitor materiale. Prin urmare, este important s\u0103 se utilizeze metode adecvate de \u00eengrijire \u0219i cur\u0103\u021bare pentru a proteja suprafe\u021bele \u0219i a le spori durabilitatea.<\/p>\n<\/div>\n\t\t\t\t\t\t\t\t<\/div>\n\t\t\t\t<\/div>\n\t\t\t\t\t<\/div>\n\t\t<\/div>\n\t\t\t\t\t<\/div>\n\t\t<\/section>\n\t\t\t\t<section class=\"elementor-section elementor-top-section elementor-element elementor-element-dcf9031 elementor-section-boxed elementor-section-height-default elementor-section-height-default\" data-id=\"dcf9031\" data-element_type=\"section\" data-e-type=\"section\">\n\t\t\t\t\t\t<div class=\"elementor-container elementor-column-gap-default\">\n\t\t\t\t\t<div class=\"elementor-column elementor-col-100 elementor-top-column elementor-element elementor-element-f9decb5\" data-id=\"f9decb5\" data-element_type=\"column\" data-e-type=\"column\" data-settings=\"{&quot;background_background&quot;:&quot;classic&quot;}\">\n\t\t\t<div class=\"elementor-widget-wrap elementor-element-populated\">\n\t\t\t\t\t\t<div class=\"elementor-element elementor-element-670d3a8 elementor-widget elementor-widget-spacer\" data-id=\"670d3a8\" data-element_type=\"widget\" data-e-type=\"widget\" data-widget_type=\"spacer.default\">\n\t\t\t\t<div class=\"elementor-widget-container\">\n\t\t\t\t\t\t\t<div class=\"elementor-spacer\">\n\t\t\t<div class=\"elementor-spacer-inner\"><\/div>\n\t\t<\/div>\n\t\t\t\t\t\t<\/div>\n\t\t\t\t<\/div>\n\t\t\t\t\t<\/div>\n\t\t<\/div>\n\t\t\t\t\t<\/div>\n\t\t<\/section>\n\t\t\t\t<section class=\"elementor-section elementor-top-section elementor-element elementor-element-1edfb1de elementor-section-boxed elementor-section-height-default elementor-section-height-default\" data-id=\"1edfb1de\" data-element_type=\"section\" data-e-type=\"section\">\n\t\t\t\t\t\t<div class=\"elementor-container elementor-column-gap-default\">\n\t\t\t\t\t<div class=\"elementor-column elementor-col-100 elementor-top-column elementor-element elementor-element-38c56c46\" data-id=\"38c56c46\" data-element_type=\"column\" data-e-type=\"column\">\n\t\t\t<div class=\"elementor-widget-wrap elementor-element-populated\">\n\t\t\t\t\t\t<div class=\"elementor-element elementor-element-4f964353 elementor-widget__width-initial elementor-widget elementor-widget-text-editor\" data-id=\"4f964353\" data-element_type=\"widget\" data-e-type=\"widget\" data-widget_type=\"text-editor.default\">\n\t\t\t\t<div class=\"elementor-widget-container\">\n\t\t\t\t\t\t\t\t\t<h2>Praf de Sahara &#8211; Cum pute\u021bi p\u0103stra suprafe\u021bele curate pentru mai mult timp?<\/h2>\n<h3>M\u0103suri preventive pentru protec\u021bia suprafe\u021belor<\/h3>\n<p>M\u0103surile preventive sunt esen\u021biale pentru a p\u0103stra suprafe\u021bele curate pentru mai mult timp. Aceasta include cur\u0103\u021barea regulat\u0103 a zonelor afectate \u0219i evitarea acumul\u0103rii de praf de Sahara. Este recomandabil s\u0103 se aplice acoperiri speciale de protec\u021bie pentru a proteja suprafe\u021bele de p\u0103trunderea particulelor de praf.<\/p>\n<p><a href=\"https:\/\/www.versiegelung24.com\/fluessigglas-versiegelung\/\">Nanoetan\u0219an\u021bii<\/a> no\u0219tri pot forma pe suprafa\u021b\u0103 un strat protector care respinge murd\u0103ria, apa \u0219i uleiul, ceea ce poate contribui la reducerea acumul\u0103rii de praf ro\u0219iatic. Cu toate acestea, eficacitatea real\u0103 poate varia \u00een func\u021bie de finisajul suprafe\u021bei \u0219i de condi\u021biile de mediu.  Nano-ignifugarea creeaz\u0103 un strat protector invizibil pe suprafa\u021b\u0103 care respinge murd\u0103ria, apa \u0219i uleiul. Acest lucru \u00eenseamn\u0103 c\u0103 praful ro\u0219iatic nu se mai depune la suprafa\u021b\u0103 \u0219i este pur \u0219i simplu sp\u0103lat la urm\u0103toarea ploaie. Iar dac\u0103 praful r\u0103m\u00e2ne blocat, \u00eel pute\u021bi sp\u0103la pur \u0219i simplu cu pu\u021bin\u0103 ap\u0103.<\/p>\n<h3>Praf de Sahara de la sp\u0103larea ma\u0219inii<\/h3>\n<h3>Instruc\u021biuni: \u00cendep\u0103rta\u021bi praful Sahara de pe ma\u0219in\u0103<\/h3>\n<p><strong>Materiale:<\/strong><\/p>\n<ul>\n<li>Ap\u0103<\/li>\n<li>\u0218ampon auto<\/li>\n<li>Burete moale sau c\u00e2rp\u0103 din microfibre<\/li>\n<li>G\u0103leat\u0103<\/li>\n<li>Furtun de gr\u0103din\u0103 sau cur\u0103\u021b\u0103tor de \u00eenalt\u0103 presiune<\/li>\n<li>P\u00e2nz\u0103 de uscare sau c\u00e2rp\u0103 din microfibre<\/li>\n<\/ul>\n<p><strong>Pa\u0219i:<\/strong><\/p>\n<ol>\n<li>\n<p><strong>Preg\u0103tire<\/strong>: Parca\u021bi ma\u0219ina la umbr\u0103 pentru a \u00eempiedica uscarea rapid\u0103 a agentului de cur\u0103\u021bare \u0219i l\u0103sarea de pete.<\/p>\n<\/li>\n<li>\n<p><strong>Pre-sp\u0103lare:<\/strong> Cl\u0103ti\u021bi bine ma\u0219ina de sus p\u00e2n\u0103 jos cu un furtun de gr\u0103din\u0103 sau, dac\u0103 este folosit cu aten\u021bie, cu un aparat de cur\u0103\u021bare de \u00eenalt\u0103 presiune la presiune sc\u0103zut\u0103 pentru a \u00eendep\u0103rta praful grosier din Sahara \u0219i pentru a preveni deteriorarea suprafe\u021bei.<\/p>\n<\/li>\n<li>\n<p><strong>Se amestec\u0103 agentul de cur\u0103\u021bare:<\/strong> Amesteca\u021bi concentratul Biosativa\u00ae \u00eentr-o g\u0103leat\u0103 cu ap\u0103 conform <a href=\"https:\/\/www.versiegelung24.com\/ro\/biosativa-biologica-pre-curatatoare.html\">instruc\u021biunilor de pe pagina produsului<\/a>. Testa\u021bi concentratul Biosativa\u00ae pe o zon\u0103 pu\u021bin vizibil\u0103 \u00eenainte de aplicarea pe scar\u0103 larg\u0103 pentru a v\u0103 asigura c\u0103 nu sunt cauzate daune suprafe\u021bei.<\/p>\n<\/li>\n<li>\n<p><strong>Sp\u0103lare:<\/strong> \u00cenmuia\u021bi buretele moale sau c\u00e2rpa din microfibre \u00een solu\u021bia de \u0219ampon \u0219i \u00eencepe\u021bi s\u0103 sp\u0103la\u021bi u\u0219or ma\u0219ina. Lucra\u021bi pe sec\u021biuni pentru a v\u0103 asigura c\u0103 praful este \u00eendep\u0103rtat complet. Cl\u0103ti\u021bi regulat buretele pentru a evita zg\u00e2rieturile.<\/p>\n<\/li>\n<li>\n<p><strong>Cl\u0103ti\u021bi<\/strong>: Cl\u0103ti\u021bi din nou bine ma\u0219ina cu ap\u0103 curat\u0103 pentru a \u00eendep\u0103rta toate reziduurile de s\u0103pun. Asigura\u021bi-v\u0103 c\u0103 nu r\u0103m\u00e2n reziduuri de \u0219ampon.<\/p>\n<\/li>\n<li>\n<p><strong>Uscare<\/strong>: Usca\u021bi ma\u0219ina cu o c\u00e2rp\u0103 de uscare curat\u0103 sau cu o c\u00e2rp\u0103 din microfibre pentru a evita petele de ap\u0103. \u00cencepe\u021bi de sus \u0219i cobor\u00e2\u021bi.<\/p>\n<\/li>\n<\/ol>\n<p><strong>Sfat suplimentar<\/strong>: Lua\u021bi \u00een considerare tratarea ma\u0219inii cu un <a href=\"https:\/\/www.versiegelung24.com\/autoversiegelung\/\">produs de etan\u0219are<\/a> dup\u0103 cur\u0103\u021bare pentru a proteja vopseaua de praf \u0219i murd\u0103rie.<\/p>\n\t\t\t\t\t\t\t\t<\/div>\n\t\t\t\t<\/div>\n\t\t\t\t\t<\/div>\n\t\t<\/div>\n\t\t\t\t\t<\/div>\n\t\t<\/section>\n\t\t\t\t<section class=\"elementor-section elementor-top-section elementor-element elementor-element-5c5fab5 elementor-section-boxed elementor-section-height-default elementor-section-height-default\" data-id=\"5c5fab5\" data-element_type=\"section\" data-e-type=\"section\" data-settings=\"{&quot;shape_divider_bottom&quot;:&quot;mountains&quot;,&quot;background_background&quot;:&quot;classic&quot;}\">\n\t\t\t\t\t<div class=\"elementor-shape elementor-shape-bottom\" aria-hidden=\"true\" data-negative=\"false\">\n\t\t\t<svg xmlns=\"http:\/\/www.w3.org\/2000\/svg\" viewBox=\"0 0 1000 100\" preserveAspectRatio=\"none\">\n\t<path class=\"elementor-shape-fill\" opacity=\"0.33\" d=\"M473,67.3c-203.9,88.3-263.1-34-320.3,0C66,119.1,0,59.7,0,59.7V0h1000v59.7 c0,0-62.1,26.1-94.9,29.3c-32.8,3.3-62.8-12.3-75.8-22.1C806,49.6,745.3,8.7,694.9,4.7S492.4,59,473,67.3z\"\/>\n\t<path class=\"elementor-shape-fill\" opacity=\"0.66\" d=\"M734,67.3c-45.5,0-77.2-23.2-129.1-39.1c-28.6-8.7-150.3-10.1-254,39.1 s-91.7-34.4-149.2,0C115.7,118.3,0,39.8,0,39.8V0h1000v36.5c0,0-28.2-18.5-92.1-18.5C810.2,18.1,775.7,67.3,734,67.3z\"\/>\n\t<path class=\"elementor-shape-fill\" d=\"M766.1,28.9c-200-57.5-266,65.5-395.1,19.5C242,1.8,242,5.4,184.8,20.6C128,35.8,132.3,44.9,89.9,52.5C28.6,63.7,0,0,0,0 h1000c0,0-9.9,40.9-83.6,48.1S829.6,47,766.1,28.9z\"\/>\n<\/svg>\t\t<\/div>\n\t\t\t\t\t<div class=\"elementor-container elementor-column-gap-default\">\n\t\t\t\t\t<div class=\"elementor-column elementor-col-50 elementor-top-column elementor-element elementor-element-5936202\" data-id=\"5936202\" data-element_type=\"column\" data-e-type=\"column\" data-settings=\"{&quot;background_background&quot;:&quot;classic&quot;}\">\n\t\t\t<div class=\"elementor-widget-wrap elementor-element-populated\">\n\t\t\t\t\t\t<div class=\"elementor-element elementor-element-f37287e elementor-widget elementor-widget-spacer\" data-id=\"f37287e\" data-element_type=\"widget\" data-e-type=\"widget\" data-widget_type=\"spacer.default\">\n\t\t\t\t<div class=\"elementor-widget-container\">\n\t\t\t\t\t\t\t<div class=\"elementor-spacer\">\n\t\t\t<div class=\"elementor-spacer-inner\"><\/div>\n\t\t<\/div>\n\t\t\t\t\t\t<\/div>\n\t\t\t\t<\/div>\n\t\t\t\t\t<\/div>\n\t\t<\/div>\n\t\t\t\t<div class=\"elementor-column elementor-col-50 elementor-top-column elementor-element elementor-element-452bffd\" data-id=\"452bffd\" data-element_type=\"column\" data-e-type=\"column\" data-settings=\"{&quot;background_background&quot;:&quot;classic&quot;}\">\n\t\t\t<div class=\"elementor-widget-wrap elementor-element-populated\">\n\t\t\t\t\t\t<div class=\"elementor-element elementor-element-b5509c0 elementor-widget elementor-widget-heading\" data-id=\"b5509c0\" data-element_type=\"widget\" data-e-type=\"widget\" data-widget_type=\"heading.default\">\n\t\t\t\t<div class=\"elementor-widget-container\">\n\t\t\t\t\t<h2 class=\"elementor-heading-title elementor-size-default\">BIOSATIVA\u00ae - Cur\u0103\u021bitor organic - Concentrat<\/h2>\t\t\t\t<\/div>\n\t\t\t\t<\/div>\n\t\t\t\t<div class=\"elementor-element elementor-element-d614c84 elementor-widget elementor-widget-heading\" data-id=\"d614c84\" data-element_type=\"widget\" data-e-type=\"widget\" data-widget_type=\"heading.default\">\n\t\t\t\t<div class=\"elementor-widget-container\">\n\t\t\t\t\t<h3 class=\"elementor-heading-title elementor-size-default\">pentru p\u00e2n\u0103 la 100 de litri de solu\u021bie gata de utilizare<\/h3>\t\t\t\t<\/div>\n\t\t\t\t<\/div>\n\t\t\t\t<div class=\"elementor-element elementor-element-e0a1270 elementor-widget elementor-widget-text-editor\" data-id=\"e0a1270\" data-element_type=\"widget\" data-e-type=\"widget\" data-widget_type=\"text-editor.default\">\n\t\t\t\t<div class=\"elementor-widget-container\">\n\t\t\t\t\t\t\t\t\t<p>\u2713 Complet biodegradabil \u2713 Fabricat din materii prime regenerabile \u00een mod natural \u2713 U\u0219or pentru piele, netoxic pentru oameni \u0219i animale \u2713 C\u00e2\u0219tig\u0103tor al premiului interna\u021bional englez de mediu &#8220;The Green Apple Award&#8221; ca cel mai ecologic produs din Europa + Marea Britanie. <\/p>\n\t\t\t\t\t\t\t\t<\/div>\n\t\t\t\t<\/div>\n\t\t\t\t<div class=\"elementor-element elementor-element-c5f84be elementor-widget elementor-widget-button\" data-id=\"c5f84be\" data-element_type=\"widget\" data-e-type=\"widget\" data-widget_type=\"button.default\">\n\t\t\t\t<div class=\"elementor-widget-container\">\n\t\t\t\t\t\t\t\t\t<div class=\"elementor-button-wrapper\">\n\t\t\t\t\t<a class=\"elementor-button elementor-button-link elementor-size-sm\" href=\"https:\/\/www.versiegelung24.com\/ro\/biosativa-biologica-pre-curatatoare.html\">\n\t\t\t\t\t\t<span class=\"elementor-button-content-wrapper\">\n\t\t\t\t\t\t\t\t\t<span class=\"elementor-button-text\">Afla\u021bi mai multe<\/span>\n\t\t\t\t\t<\/span>\n\t\t\t\t\t<\/a>\n\t\t\t\t<\/div>\n\t\t\t\t\t\t\t\t<\/div>\n\t\t\t\t<\/div>\n\t\t\t\t\t<\/div>\n\t\t<\/div>\n\t\t\t\t\t<\/div>\n\t\t<\/section>\n\t\t\t\t<section class=\"elementor-section elementor-top-section elementor-element elementor-element-97d1a67 elementor-section-boxed elementor-section-height-default elementor-section-height-default\" data-id=\"97d1a67\" data-element_type=\"section\" data-e-type=\"section\">\n\t\t\t\t\t\t<div class=\"elementor-container elementor-column-gap-default\">\n\t\t\t\t\t<div class=\"elementor-column elementor-col-100 elementor-top-column elementor-element elementor-element-e4942e0\" data-id=\"e4942e0\" data-element_type=\"column\" data-e-type=\"column\">\n\t\t\t<div class=\"elementor-widget-wrap elementor-element-populated\">\n\t\t\t\t\t\t<div class=\"elementor-element elementor-element-99d605d elementor-widget__width-initial elementor-widget elementor-widget-text-editor\" data-id=\"99d605d\" data-element_type=\"widget\" data-e-type=\"widget\" data-widget_type=\"text-editor.default\">\n\t\t\t\t<div class=\"elementor-widget-container\">\n\t\t\t\t\t\t\t\t\t<h2>Praful saharian &#8211; Care sunt efectele prafului saharian asupra s\u0103n\u0103t\u0103\u021bii?<\/h2>\n<h3>Riscuri pentru s\u0103n\u0103tate \u0219i simptome de expunere<\/h3>\n<p>Expunerea la praful saharian poate prezenta diverse riscuri pentru s\u0103n\u0103tate. Particulele fine de praf pot agrava bolile respiratorii, cum ar fi astmul sau bron\u0219ita. Persoanele cu tractul respirator sensibil pot avea probleme de s\u0103n\u0103tate, cum ar fi tusea sau dificult\u0103\u021bi de respira\u021bie, din cauza contactului cu praful din Sahara.<\/p>\n<p>Este important s\u0103 recunoa\u0219tem simptomele expunerii la praful saharian pentru a c\u0103uta ajutor medical \u00een timp util. Dac\u0103 simptomele persist\u0103, trebuie consultat un medic pentru a ob\u021bine tratamentul adecvat.<\/p>\n<h3>M\u0103suri preventive pentru a reduce la minimum daunele aduse s\u0103n\u0103t\u0103\u021bii<\/h3>\n<p>Ar trebui luate m\u0103suri preventive pentru a minimiza riscurile pentru s\u0103n\u0103tate cauzate de praful saharian. Aceasta include purtarea de m\u0103\u0219ti de protec\u021bie \u00een mediile pr\u0103fuite \u0219i evitarea activit\u0103\u021bilor \u00een aer liber \u00een perioadele de expunere intens\u0103 la praful saharian. O bun\u0103 ventila\u021bie \u00een interior poate contribui, de asemenea, la reducerea concentra\u021biei de particule de praf.<\/p>\n<p>Se recomand\u0103 monitorizarea periodic\u0103 a calit\u0103\u021bii aerului \u00een regiunile expuse la praful din Sahara \u0219i luarea de m\u0103suri de protec\u021bie suplimentare, dac\u0103 este necesar. Efectele negative ale prafului saharian asupra s\u0103n\u0103t\u0103\u021bii pot fi reduse la minimum prin luarea unor m\u0103suri de precau\u021bie con\u0219tiente.<\/p>\n<h3>Metode de tratament pentru afec\u021biunile de s\u0103n\u0103tate cauzate de condi\u021biile de expunere la praf saharian Expunere<\/h3>\n<p>\u00cen cazul \u00een care problemele de s\u0103n\u0103tate sunt cauzate de praful saharian, exist\u0103 diverse metode de tratament pentru ameliorarea simptomelor. Medicamentele pentru probleme respiratorii pot fi folosite pentru a atenua efectele prafului saharian asupra s\u0103n\u0103t\u0103\u021bii. De asemenea, este important s\u0103 be\u021bi suficiente lichide pentru a sus\u021bine c\u0103ile respiratorii \u0219i pentru a atenua eventualele irita\u021bii.<\/p>\n<p>\u00cen cazul \u00een care problemele de s\u0103n\u0103tate persist\u0103 din cauza prafului saharian, este recomandabil s\u0103 solicita\u021bi sfatul medicului \u0219i s\u0103 trata\u021bi simptomele. Un tratament prompt \u0219i adecvat poate contribui la men\u021binerea s\u0103n\u0103t\u0103\u021bii \u0219i la minimizarea efectelor pe termen lung.<\/p>\n\t\t\t\t\t\t\t\t<\/div>\n\t\t\t\t<\/div>\n\t\t\t\t\t<\/div>\n\t\t<\/div>\n\t\t\t\t\t<\/div>\n\t\t<\/section>\n\t\t\t\t<section class=\"elementor-section elementor-top-section elementor-element elementor-element-c993cc0 elementor-section-boxed elementor-section-height-default elementor-section-height-default\" data-id=\"c993cc0\" data-element_type=\"section\" data-e-type=\"section\">\n\t\t\t\t\t\t<div class=\"elementor-container elementor-column-gap-default\">\n\t\t\t\t\t<div class=\"elementor-column elementor-col-100 elementor-top-column elementor-element elementor-element-d52477b\" data-id=\"d52477b\" data-element_type=\"column\" data-e-type=\"column\" data-settings=\"{&quot;background_background&quot;:&quot;classic&quot;}\">\n\t\t\t<div class=\"elementor-widget-wrap elementor-element-populated\">\n\t\t\t\t\t\t<div class=\"elementor-element elementor-element-0b38ee2 elementor-widget elementor-widget-spacer\" data-id=\"0b38ee2\" data-element_type=\"widget\" data-e-type=\"widget\" data-widget_type=\"spacer.default\">\n\t\t\t\t<div class=\"elementor-widget-container\">\n\t\t\t\t\t\t\t<div class=\"elementor-spacer\">\n\t\t\t<div class=\"elementor-spacer-inner\"><\/div>\n\t\t<\/div>\n\t\t\t\t\t\t<\/div>\n\t\t\t\t<\/div>\n\t\t\t\t\t<\/div>\n\t\t<\/div>\n\t\t\t\t\t<\/div>\n\t\t<\/section>\n\t\t\t\t<section class=\"elementor-section elementor-top-section elementor-element elementor-element-ad14bf7 elementor-section-boxed elementor-section-height-default elementor-section-height-default\" data-id=\"ad14bf7\" data-element_type=\"section\" data-e-type=\"section\">\n\t\t\t\t\t\t<div class=\"elementor-container elementor-column-gap-default\">\n\t\t\t\t\t<div class=\"elementor-column elementor-col-100 elementor-top-column elementor-element elementor-element-1d53f4e\" data-id=\"1d53f4e\" data-element_type=\"column\" data-e-type=\"column\">\n\t\t\t<div class=\"elementor-widget-wrap elementor-element-populated\">\n\t\t\t\t\t\t<div class=\"elementor-element elementor-element-2cb3a73 elementor-widget__width-initial elementor-widget elementor-widget-text-editor\" data-id=\"2cb3a73\" data-element_type=\"widget\" data-e-type=\"widget\" data-widget_type=\"text-editor.default\">\n\t\t\t\t<div class=\"elementor-widget-container\">\n\t\t\t\t\t\t\t\t\t<h2>Cum contribuie praful saharian la clim\u0103 \u0219i la ecosistem?<\/h2>\n<p>Granulele fine de nisip joac\u0103 un rol complex \u0219i multistratificat \u00een sistemul climatic global. Iat\u0103 c\u00e2teva dintre cele mai importante moduri \u00een care acestea influen\u021beaz\u0103 clima:<\/p>\n<ol>\n<li>\n<p><strong>Efectul de<\/strong> albedo: praful saharian care plute\u0219te \u00een atmosfer\u0103 sau care se depune pe sol poate modifica albedo-ul, adic\u0103 reflectivitatea P\u0103m\u00e2ntului. Particulele de praf din atmosfer\u0103 pot reflecta lumina solar\u0103 \u0219i, prin urmare, pot contribui la reducerea cantit\u0103\u021bii de energie solar\u0103 care ajunge la suprafa\u021ba P\u0103m\u00e2ntului, ceea ce poate avea un efect de r\u0103cire.<\/p>\n<\/li>\n<li>\n<p><strong>Formarea norilor<\/strong>: Particulele de praf servesc adesea drept nuclee de condensare pentru pic\u0103turile de nor. Acest lucru poate influen\u021ba formarea norilor \u0219i, prin urmare, poate schimba propriet\u0103\u021bile \u0219i comportamentul norilor. Norii joac\u0103 un rol decisiv \u00een reglarea temperaturii P\u0103m\u00e2ntului \u0219i a echilibrului global al apei.<\/p>\n<\/li>\n<li>\n<p><strong>Transportul de nutrien\u021bi<\/strong>: praful saharian este bogat \u00een minerale, cum ar fi fierul \u0219i fosforul. Atunci c\u00e2nd praful sufl\u0103 deasupra m\u0103rii, poate introduce ace\u0219ti nutrien\u021bi \u00een ecosistemele oceanice, ceea ce poate stimula cre\u0219terea fitoplanctonului. Fitoplanctonul este un important absorbant al dioxidului de carbon \u0219i, prin urmare, influen\u021beaz\u0103 ciclul global al carbonului \u0219i clima.<\/p>\n<\/li>\n<li>\n<p>Compozi\u021bia solului <strong>\u0219i vegeta\u021bia<\/strong>: C\u00e2nd praful se depune pe sol, poate afecta compozi\u021bia solului \u0219i poate ad\u0103uga nutrien\u021bi care pot favoriza cre\u0219terea plantelor. Aceasta, la r\u00e2ndul s\u0103u, poate influen\u021ba densitatea vegeta\u021biei \u0219i procesele climatice asociate.<\/p>\n<\/li>\n<li>\n<p><strong>Chimia atmos<\/strong>ferei: Praful saharian poate influen\u021ba, de asemenea, compozi\u021bia chimic\u0103 a atmosferei. De asemenea, praful con\u021bine adesea \u0219i alte particule \u0219i compu\u0219i care pot reac\u021biona cu gazele atmosferice \u0219i, astfel, pot schimba chimia atmosferei.<\/p>\n<\/li>\n<\/ol>\n\t\t\t\t\t\t\t\t<\/div>\n\t\t\t\t<\/div>\n\t\t\t\t\t<\/div>\n\t\t<\/div>\n\t\t\t\t\t<\/div>\n\t\t<\/section>\n\t\t\t\t<section class=\"elementor-section elementor-top-section elementor-element elementor-element-9fd462d elementor-section-boxed elementor-section-height-default elementor-section-height-default\" data-id=\"9fd462d\" data-element_type=\"section\" data-e-type=\"section\">\n\t\t\t\t\t\t<div class=\"elementor-container elementor-column-gap-default\">\n\t\t\t\t\t<div class=\"elementor-column elementor-col-100 elementor-top-column elementor-element elementor-element-9d83c9c\" data-id=\"9d83c9c\" data-element_type=\"column\" data-e-type=\"column\">\n\t\t\t<div class=\"elementor-widget-wrap elementor-element-populated\">\n\t\t\t\t\t\t<div class=\"elementor-element elementor-element-0ef5141 elementor-widget elementor-widget-text-editor\" data-id=\"0ef5141\" data-element_type=\"widget\" data-e-type=\"widget\" data-widget_type=\"text-editor.default\">\n\t\t\t\t<div class=\"elementor-widget-container\">\n\t\t\t\t\t\t\t\t\t<h2>\u00centreb\u0103ri frecvente despre praful saharian<\/h2>\n\t\t\t\t\t\t\t\t<\/div>\n\t\t\t\t<\/div>\n\t\t\t\t<div class=\"elementor-element elementor-element-e7399ee elementor-widget elementor-widget-eael-adv-accordion\" data-id=\"e7399ee\" data-element_type=\"widget\" data-e-type=\"widget\" data-widget_type=\"eael-adv-accordion.default\">\n\t\t\t\t<div class=\"elementor-widget-container\">\n\t\t\t\t\t            <div class=\"eael-adv-accordion\" id=\"eael-adv-accordion-e7399ee\" data-scroll-on-click=\"no\" data-scroll-speed=\"300\" data-accordion-id=\"e7399ee\" data-accordion-type=\"accordion\" data-toogle-speed=\"300\">\n            <div class=\"eael-accordion-list\">\n\t\t\t\t\t<div id=\"ce-este-praful-saharian\" class=\"elementor-tab-title eael-accordion-header\" tabindex=\"0\" data-tab=\"1\" aria-controls=\"elementor-tab-content-2421\"><span class=\"eael-advanced-accordion-icon-closed\"><i aria-hidden=\"true\" class=\"fa-accordion-icon fas fa-plus\"><\/i><\/span><span class=\"eael-advanced-accordion-icon-opened\"><i aria-hidden=\"true\" class=\"fa-accordion-icon fas fa-minus\"><\/i><\/span><span class=\"eael-accordion-tab-title\">Ce este praful saharian?<\/span><i aria-hidden=\"true\" class=\"fa-toggle fas fa-angle-right\"><\/i><\/div><div id=\"elementor-tab-content-2421\" class=\"eael-accordion-content clearfix\" data-tab=\"1\" aria-labelledby=\"ce-este-praful-saharian\"><p>Praful saharian este un praf fin care provine din Sahara, cel mai mare de\u0219ert uscat din lume din Africa de Nord, \u0219i este eliberat \u00een atmosfer\u0103. Acesta este alc\u0103tuit din diverse elemente minerale care sunt recunoscute de noi ca fiind granule fine de praf. Praful saharian se r\u0103sp\u00e2nde\u0219te de obicei \u00een straturile superioare ale aerului \u0219i c\u0103l\u0103tore\u0219te mii de kilometri p\u00e2n\u0103 \u00een Europa.<\/p>\n<\/div>\n\t\t\t\t\t<\/div><div class=\"eael-accordion-list\">\n\t\t\t\t\t<div id=\"este-praful-saharian-duntor\" class=\"elementor-tab-title eael-accordion-header\" tabindex=\"0\" data-tab=\"2\" aria-controls=\"elementor-tab-content-2422\"><span class=\"eael-advanced-accordion-icon-closed\"><i aria-hidden=\"true\" class=\"fa-accordion-icon fas fa-plus\"><\/i><\/span><span class=\"eael-advanced-accordion-icon-opened\"><i aria-hidden=\"true\" class=\"fa-accordion-icon fas fa-minus\"><\/i><\/span><span class=\"eael-accordion-tab-title\">Este praful saharian d\u0103un\u0103tor?<\/span><i aria-hidden=\"true\" class=\"fa-toggle fas fa-angle-right\"><\/i><\/div><div id=\"elementor-tab-content-2422\" class=\"eael-accordion-content clearfix\" data-tab=\"2\" aria-labelledby=\"este-praful-saharian-duntor\"><p>Praful are un efect asupra s\u0103n\u0103t\u0103\u021bii umane, astfel \u00eenc\u00e2t persoanele cu afec\u021biuni respiratorii sunt afectate \u00een mod deosebit de frecvent. Prin urmare, este responsabil\u0103 de dezvoltarea bolilor respiratorii \u0219i de agravarea acestora.<\/p>\n<p>Dar praful din Sahara aduce \u0219i beneficii pozitive. Substan\u021be nutritive precum calciul \u0219i magneziul sunt distribuite prin praf \u0219i servesc drept \u00eengr\u0103\u0219\u0103m\u00e2nt natural.<\/p>\n<\/div>\n\t\t\t\t\t<\/div><div class=\"eael-accordion-list\">\n\t\t\t\t\t<div id=\"cum-ajunge-praful-saharian-n-aer\" class=\"elementor-tab-title eael-accordion-header\" tabindex=\"0\" data-tab=\"3\" aria-controls=\"elementor-tab-content-2423\"><span class=\"eael-advanced-accordion-icon-closed\"><i aria-hidden=\"true\" class=\"fa-accordion-icon fas fa-plus\"><\/i><\/span><span class=\"eael-advanced-accordion-icon-opened\"><i aria-hidden=\"true\" class=\"fa-accordion-icon fas fa-minus\"><\/i><\/span><span class=\"eael-accordion-tab-title\">Cum ajunge praful saharian \u00een aer?<\/span><i aria-hidden=\"true\" class=\"fa-toggle fas fa-angle-right\"><\/i><\/div><div id=\"elementor-tab-content-2423\" class=\"eael-accordion-content clearfix\" data-tab=\"3\" aria-labelledby=\"cum-ajunge-praful-saharian-n-aer\"><p>Praful saharian este purtat \u00een aer de fenomenele meteorologice, cum ar fi v\u00e2rtejurile de praf din de\u0219ert. Cerul este adesea \u00eennorat \u0219i are un aspect galben-ro\u0219iatic.<\/p>\n<\/div>\n\t\t\t\t\t<\/div><div class=\"eael-accordion-list\">\n\t\t\t\t\t<div id=\"ce-efecte-are-praful-saharian-asupra-suprafeelor\" class=\"elementor-tab-title eael-accordion-header\" tabindex=\"0\" data-tab=\"4\" aria-controls=\"elementor-tab-content-2424\"><span class=\"eael-advanced-accordion-icon-closed\"><i aria-hidden=\"true\" class=\"fa-accordion-icon fas fa-plus\"><\/i><\/span><span class=\"eael-advanced-accordion-icon-opened\"><i aria-hidden=\"true\" class=\"fa-accordion-icon fas fa-minus\"><\/i><\/span><span class=\"eael-accordion-tab-title\">Ce efecte are praful saharian asupra suprafe\u021belor?<\/span><i aria-hidden=\"true\" class=\"fa-toggle fas fa-angle-right\"><\/i><\/div><div id=\"elementor-tab-content-2424\" class=\"eael-accordion-content clearfix\" data-tab=\"4\" aria-labelledby=\"ce-efecte-are-praful-saharian-asupra-suprafeelor\"><p>Praful din Sahara poate contamina suprafe\u021bele \u0219i le poate acoperi cu o pelicul\u0103 ro\u0219iatic\u0103 de praf. Datorit\u0103 compozi\u021biei sale minerale \u0219i a propriet\u0103\u021bilor magnetice, praful poate deteriora anumite materiale.<\/p>\n<\/div>\n\t\t\t\t\t<\/div><div class=\"eael-accordion-list\">\n\t\t\t\t\t<div id=\"de-ce-este-magnetic-praful-din-sahara\" class=\"elementor-tab-title eael-accordion-header\" tabindex=\"0\" data-tab=\"5\" aria-controls=\"elementor-tab-content-2425\"><span class=\"eael-advanced-accordion-icon-closed\"><i aria-hidden=\"true\" class=\"fa-accordion-icon fas fa-plus\"><\/i><\/span><span class=\"eael-advanced-accordion-icon-opened\"><i aria-hidden=\"true\" class=\"fa-accordion-icon fas fa-minus\"><\/i><\/span><span class=\"eael-accordion-tab-title\">De ce este magnetic praful din Sahara?<\/span><i aria-hidden=\"true\" class=\"fa-toggle fas fa-angle-right\"><\/i><\/div><div id=\"elementor-tab-content-2425\" class=\"eael-accordion-content clearfix\" data-tab=\"5\" aria-labelledby=\"de-ce-este-magnetic-praful-din-sahara\"><p>Propriet\u0103\u021bile magnetice ale prafului din Sahara pot fi atribuite faptului c\u0103 acesta con\u021bine diverse minerale, cum ar fi magneziul.<\/p>\n<\/div>\n\t\t\t\t\t<\/div><\/div>\t\t\t\t<\/div>\n\t\t\t\t<\/div>\n\t\t\t\t\t<\/div>\n\t\t<\/div>\n\t\t\t\t\t<\/div>\n\t\t<\/section>\n\t\t\t\t<section class=\"elementor-section elementor-top-section elementor-element elementor-element-e337784 elementor-section-boxed elementor-section-height-default elementor-section-height-default\" data-id=\"e337784\" data-element_type=\"section\" data-e-type=\"section\">\n\t\t\t\t\t\t<div class=\"elementor-container elementor-column-gap-default\">\n\t\t\t\t\t<div class=\"elementor-column elementor-col-100 elementor-top-column elementor-element elementor-element-1cd8f78\" data-id=\"1cd8f78\" data-element_type=\"column\" data-e-type=\"column\">\n\t\t\t<div class=\"elementor-widget-wrap elementor-element-populated\">\n\t\t\t\t\t\t<div class=\"elementor-element elementor-element-496e038 elementor-widget elementor-widget-shortcode\" data-id=\"496e038\" data-element_type=\"widget\" data-e-type=\"widget\" data-widget_type=\"shortcode.default\">\n\t\t\t\t<div class=\"elementor-widget-container\">\n\t\t\t\t\t\t\t<div class=\"elementor-shortcode\"><\/div>\n\t\t\t\t\t\t<\/div>\n\t\t\t\t<\/div>\n\t\t\t\t\t<\/div>\n\t\t<\/div>\n\t\t\t\t\t<\/div>\n\t\t<\/section>\n\t\t\t\t<\/div>\n\t\t","protected":false},"excerpt":{"rendered":"<p>\u00cen acest articol, ve\u021bi afla cum s\u0103 face\u021bi cur\u0103\u021benia mai u\u0219oar\u0103 \u0219i s\u0103 proteja\u021bi eficient suprafe\u021bele.<\/p>\n","protected":false},"author":917,"featured_media":161652,"parent":34655,"menu_order":0,"comment_status":"closed","ping_status":"closed","template":"elementor_header_footer","meta":{"_acf_changed":false,"neve_meta_sidebar":"full-width","neve_meta_container":"","neve_meta_enable_content_width":"on","neve_meta_content_width":100,"neve_meta_title_alignment":"","neve_meta_author_avatar":"","neve_post_elements_order":"","neve_meta_disable_header":"","neve_meta_disable_footer":"","neve_meta_disable_title":"","neve_meta_reading_time":"","footnotes":""},"categories":[3602,3510],"seiten_kategorie":[3846],"class_list":["post-161463","page","type-page","status-publish","has-post-thumbnail","hentry","category-casa-si-gradina","category-sfaturi-articol-revista"],"acf":[],"yoast_head":"<!-- This site is optimized with the Yoast SEO Premium plugin v22.8 (Yoast SEO v27.5) - https:\/\/yoast.com\/product\/yoast-seo-premium-wordpress\/ -->\n<title>Praful din Sahara - Cum s\u0103 v\u0103 proteja\u021bi \u0219i s\u0103 v\u0103 cur\u0103\u021ba\u021bi suprafe\u021bele<\/title>\n<meta name=\"description\" content=\"Afla\u021bi cum v\u0103 pute\u021bi proteja suprafe\u021bele de praful saharian \u0219i cum le pute\u021bi cur\u0103\u021ba eficient. Cum s\u0103 te protejezi de fenomenul meteo din Sahara.\" \/>\n<meta name=\"robots\" content=\"index, follow, max-snippet:-1, max-image-preview:large, max-video-preview:-1\" \/>\n<link rel=\"canonical\" href=\"https:\/\/www.versiegelung24.com\/ro\/sfaturi-despre-produsele-versiegelung24\/a-sti-cum\/praf-de-sahara\/\" \/>\n<meta property=\"og:locale\" content=\"ro_RO\" \/>\n<meta property=\"og:type\" content=\"article\" \/>\n<meta property=\"og:title\" content=\"Praful din Sahara - Cum s\u0103 v\u0103 proteja\u021bi \u0219i s\u0103 v\u0103 cur\u0103\u021ba\u021bi suprafe\u021bele\" \/>\n<meta property=\"og:description\" content=\"Afla\u021bi cum v\u0103 pute\u021bi proteja suprafe\u021bele de praful saharian \u0219i cum le pute\u021bi cur\u0103\u021ba eficient. Cum s\u0103 te protejezi de fenomenul meteo din Sahara.\" \/>\n<meta property=\"og:url\" content=\"https:\/\/www.versiegelung24.com\/ro\/sfaturi-despre-produsele-versiegelung24\/a-sti-cum\/praf-de-sahara\/\" \/>\n<meta property=\"og:site_name\" content=\"versiegelung24.com\" \/>\n<meta property=\"article:modified_time\" content=\"2025-01-06T13:35:50+00:00\" \/>\n<meta property=\"og:image\" content=\"https:\/\/www.versiegelung24.com\/wp-content\/uploads\/2024\/05\/detail-of-white-cars-very-dirty-from-rains-of-mud-unwashed-and-neglected-covered-in-dust-.jpg\" \/>\n\t<meta property=\"og:image:width\" content=\"2000\" \/>\n\t<meta property=\"og:image:height\" content=\"1333\" \/>\n\t<meta property=\"og:image:type\" content=\"image\/jpeg\" \/>\n<meta name=\"twitter:card\" content=\"summary_large_image\" \/>\n<meta name=\"twitter:label1\" content=\"Timp estimat pentru citire\" \/>\n\t<meta name=\"twitter:data1\" content=\"9 minute\" \/>\n<script type=\"application\/ld+json\" class=\"yoast-schema-graph\">{\"@context\":\"https:\\\/\\\/schema.org\",\"@graph\":[{\"@type\":\"WebPage\",\"@id\":\"https:\\\/\\\/www.versiegelung24.com\\\/ro\\\/sfaturi-despre-produsele-versiegelung24\\\/a-sti-cum\\\/praf-de-sahara\\\/\",\"url\":\"https:\\\/\\\/www.versiegelung24.com\\\/ro\\\/sfaturi-despre-produsele-versiegelung24\\\/a-sti-cum\\\/praf-de-sahara\\\/\",\"name\":\"Praful din Sahara - Cum s\u0103 v\u0103 proteja\u021bi \u0219i s\u0103 v\u0103 cur\u0103\u021ba\u021bi suprafe\u021bele\",\"isPartOf\":{\"@id\":\"https:\\\/\\\/www.versiegelung24.com\\\/ro\\\/#website\"},\"primaryImageOfPage\":{\"@id\":\"https:\\\/\\\/www.versiegelung24.com\\\/ro\\\/sfaturi-despre-produsele-versiegelung24\\\/a-sti-cum\\\/praf-de-sahara\\\/#primaryimage\"},\"image\":{\"@id\":\"https:\\\/\\\/www.versiegelung24.com\\\/ro\\\/sfaturi-despre-produsele-versiegelung24\\\/a-sti-cum\\\/praf-de-sahara\\\/#primaryimage\"},\"thumbnailUrl\":\"https:\\\/\\\/www.versiegelung24.com\\\/wp-content\\\/uploads\\\/2024\\\/05\\\/detail-of-white-cars-very-dirty-from-rains-of-mud-unwashed-and-neglected-covered-in-dust-.jpg\",\"datePublished\":\"2024-05-20T07:35:06+00:00\",\"dateModified\":\"2025-01-06T13:35:50+00:00\",\"description\":\"Afla\u021bi cum v\u0103 pute\u021bi proteja suprafe\u021bele de praful saharian \u0219i cum le pute\u021bi cur\u0103\u021ba eficient. Cum s\u0103 te protejezi de fenomenul meteo din Sahara.\",\"breadcrumb\":{\"@id\":\"https:\\\/\\\/www.versiegelung24.com\\\/ro\\\/sfaturi-despre-produsele-versiegelung24\\\/a-sti-cum\\\/praf-de-sahara\\\/#breadcrumb\"},\"inLanguage\":\"ro-RO\",\"potentialAction\":[{\"@type\":\"ReadAction\",\"target\":[\"https:\\\/\\\/www.versiegelung24.com\\\/ro\\\/sfaturi-despre-produsele-versiegelung24\\\/a-sti-cum\\\/praf-de-sahara\\\/\"]}]},{\"@type\":\"ImageObject\",\"inLanguage\":\"ro-RO\",\"@id\":\"https:\\\/\\\/www.versiegelung24.com\\\/ro\\\/sfaturi-despre-produsele-versiegelung24\\\/a-sti-cum\\\/praf-de-sahara\\\/#primaryimage\",\"url\":\"https:\\\/\\\/www.versiegelung24.com\\\/wp-content\\\/uploads\\\/2024\\\/05\\\/detail-of-white-cars-very-dirty-from-rains-of-mud-unwashed-and-neglected-covered-in-dust-.jpg\",\"contentUrl\":\"https:\\\/\\\/www.versiegelung24.com\\\/wp-content\\\/uploads\\\/2024\\\/05\\\/detail-of-white-cars-very-dirty-from-rains-of-mud-unwashed-and-neglected-covered-in-dust-.jpg\",\"width\":2000,\"height\":1333,\"caption\":\"Detail of white cars very dirty from rains of mud, unwashed and neglected, covered in dust.\"},{\"@type\":\"BreadcrumbList\",\"@id\":\"https:\\\/\\\/www.versiegelung24.com\\\/ro\\\/sfaturi-despre-produsele-versiegelung24\\\/a-sti-cum\\\/praf-de-sahara\\\/#breadcrumb\",\"itemListElement\":[{\"@type\":\"ListItem\",\"position\":1,\"name\":\"Pagina de start\",\"item\":\"https:\\\/\\\/www.versiegelung24.com\\\/ro\\\/fata\\\/\"},{\"@type\":\"ListItem\",\"position\":2,\"name\":\"Consilier\",\"item\":\"https:\\\/\\\/www.versiegelung24.com\\\/ro\\\/ratgeber\\\/\"},{\"@type\":\"ListItem\",\"position\":3,\"name\":\"revist\u0103\",\"item\":\"https:\\\/\\\/www.versiegelung24.com\\\/ro\\\/ratgeber\\\/magazin\\\/\"},{\"@type\":\"ListItem\",\"position\":4,\"name\":\"Praful din Sahara &#8211; Cum s\u0103 v\u0103 proteja\u021bi \u0219i s\u0103 v\u0103 cur\u0103\u021ba\u021bi suprafe\u021bele\"}]},{\"@type\":\"WebSite\",\"@id\":\"https:\\\/\\\/www.versiegelung24.com\\\/ro\\\/#website\",\"url\":\"https:\\\/\\\/www.versiegelung24.com\\\/ro\\\/\",\"name\":\"versiegelung24.com\",\"description\":\"Fl\u00fcssigglas-Versiegelung - Made in Germany\",\"publisher\":{\"@id\":\"https:\\\/\\\/www.versiegelung24.com\\\/ro\\\/#organization\"},\"potentialAction\":[{\"@type\":\"SearchAction\",\"target\":{\"@type\":\"EntryPoint\",\"urlTemplate\":\"https:\\\/\\\/www.versiegelung24.com\\\/ro\\\/?s={search_term_string}\"},\"query-input\":{\"@type\":\"PropertyValueSpecification\",\"valueRequired\":true,\"valueName\":\"search_term_string\"}}],\"inLanguage\":\"ro-RO\"},{\"@type\":\"Organization\",\"@id\":\"https:\\\/\\\/www.versiegelung24.com\\\/ro\\\/#organization\",\"name\":\"versiegelung24\",\"url\":\"https:\\\/\\\/www.versiegelung24.com\\\/ro\\\/\",\"logo\":{\"@type\":\"ImageObject\",\"inLanguage\":\"ro-RO\",\"@id\":\"https:\\\/\\\/www.versiegelung24.com\\\/ro\\\/#\\\/schema\\\/logo\\\/image\\\/\",\"url\":\"https:\\\/\\\/www.versiegelung24.com\\\/wp-content\\\/uploads\\\/2020\\\/04\\\/versiegelung24.png\",\"contentUrl\":\"https:\\\/\\\/www.versiegelung24.com\\\/wp-content\\\/uploads\\\/2020\\\/04\\\/versiegelung24.png\",\"width\":470,\"height\":102,\"caption\":\"versiegelung24\"},\"image\":{\"@id\":\"https:\\\/\\\/www.versiegelung24.com\\\/ro\\\/#\\\/schema\\\/logo\\\/image\\\/\"}}]}<\/script>\n<!-- \/ Yoast SEO Premium plugin. -->","yoast_head_json":{"title":"Praful din Sahara - Cum s\u0103 v\u0103 proteja\u021bi \u0219i s\u0103 v\u0103 cur\u0103\u021ba\u021bi suprafe\u021bele","description":"Afla\u021bi cum v\u0103 pute\u021bi proteja suprafe\u021bele de praful saharian \u0219i cum le pute\u021bi cur\u0103\u021ba eficient. Cum s\u0103 te protejezi de fenomenul meteo din Sahara.","robots":{"index":"index","follow":"follow","max-snippet":"max-snippet:-1","max-image-preview":"max-image-preview:large","max-video-preview":"max-video-preview:-1"},"canonical":"https:\/\/www.versiegelung24.com\/ro\/sfaturi-despre-produsele-versiegelung24\/a-sti-cum\/praf-de-sahara\/","og_locale":"ro_RO","og_type":"article","og_title":"Praful din Sahara - Cum s\u0103 v\u0103 proteja\u021bi \u0219i s\u0103 v\u0103 cur\u0103\u021ba\u021bi suprafe\u021bele","og_description":"Afla\u021bi cum v\u0103 pute\u021bi proteja suprafe\u021bele de praful saharian \u0219i cum le pute\u021bi cur\u0103\u021ba eficient. Cum s\u0103 te protejezi de fenomenul meteo din Sahara.","og_url":"https:\/\/www.versiegelung24.com\/ro\/sfaturi-despre-produsele-versiegelung24\/a-sti-cum\/praf-de-sahara\/","og_site_name":"versiegelung24.com","article_modified_time":"2025-01-06T13:35:50+00:00","og_image":[{"width":2000,"height":1333,"url":"https:\/\/www.versiegelung24.com\/wp-content\/uploads\/2024\/05\/detail-of-white-cars-very-dirty-from-rains-of-mud-unwashed-and-neglected-covered-in-dust-.jpg","type":"image\/jpeg"}],"twitter_card":"summary_large_image","twitter_misc":{"Timp estimat pentru citire":"9 minute"},"schema":{"@context":"https:\/\/schema.org","@graph":[{"@type":"WebPage","@id":"https:\/\/www.versiegelung24.com\/ro\/sfaturi-despre-produsele-versiegelung24\/a-sti-cum\/praf-de-sahara\/","url":"https:\/\/www.versiegelung24.com\/ro\/sfaturi-despre-produsele-versiegelung24\/a-sti-cum\/praf-de-sahara\/","name":"Praful din Sahara - Cum s\u0103 v\u0103 proteja\u021bi \u0219i s\u0103 v\u0103 cur\u0103\u021ba\u021bi suprafe\u021bele","isPartOf":{"@id":"https:\/\/www.versiegelung24.com\/ro\/#website"},"primaryImageOfPage":{"@id":"https:\/\/www.versiegelung24.com\/ro\/sfaturi-despre-produsele-versiegelung24\/a-sti-cum\/praf-de-sahara\/#primaryimage"},"image":{"@id":"https:\/\/www.versiegelung24.com\/ro\/sfaturi-despre-produsele-versiegelung24\/a-sti-cum\/praf-de-sahara\/#primaryimage"},"thumbnailUrl":"https:\/\/www.versiegelung24.com\/wp-content\/uploads\/2024\/05\/detail-of-white-cars-very-dirty-from-rains-of-mud-unwashed-and-neglected-covered-in-dust-.jpg","datePublished":"2024-05-20T07:35:06+00:00","dateModified":"2025-01-06T13:35:50+00:00","description":"Afla\u021bi cum v\u0103 pute\u021bi proteja suprafe\u021bele de praful saharian \u0219i cum le pute\u021bi cur\u0103\u021ba eficient. Cum s\u0103 te protejezi de fenomenul meteo din Sahara.","breadcrumb":{"@id":"https:\/\/www.versiegelung24.com\/ro\/sfaturi-despre-produsele-versiegelung24\/a-sti-cum\/praf-de-sahara\/#breadcrumb"},"inLanguage":"ro-RO","potentialAction":[{"@type":"ReadAction","target":["https:\/\/www.versiegelung24.com\/ro\/sfaturi-despre-produsele-versiegelung24\/a-sti-cum\/praf-de-sahara\/"]}]},{"@type":"ImageObject","inLanguage":"ro-RO","@id":"https:\/\/www.versiegelung24.com\/ro\/sfaturi-despre-produsele-versiegelung24\/a-sti-cum\/praf-de-sahara\/#primaryimage","url":"https:\/\/www.versiegelung24.com\/wp-content\/uploads\/2024\/05\/detail-of-white-cars-very-dirty-from-rains-of-mud-unwashed-and-neglected-covered-in-dust-.jpg","contentUrl":"https:\/\/www.versiegelung24.com\/wp-content\/uploads\/2024\/05\/detail-of-white-cars-very-dirty-from-rains-of-mud-unwashed-and-neglected-covered-in-dust-.jpg","width":2000,"height":1333,"caption":"Detail of white cars very dirty from rains of mud, unwashed and neglected, covered in dust."},{"@type":"BreadcrumbList","@id":"https:\/\/www.versiegelung24.com\/ro\/sfaturi-despre-produsele-versiegelung24\/a-sti-cum\/praf-de-sahara\/#breadcrumb","itemListElement":[{"@type":"ListItem","position":1,"name":"Pagina de start","item":"https:\/\/www.versiegelung24.com\/ro\/fata\/"},{"@type":"ListItem","position":2,"name":"Consilier","item":"https:\/\/www.versiegelung24.com\/ro\/ratgeber\/"},{"@type":"ListItem","position":3,"name":"revist\u0103","item":"https:\/\/www.versiegelung24.com\/ro\/ratgeber\/magazin\/"},{"@type":"ListItem","position":4,"name":"Praful din Sahara &#8211; Cum s\u0103 v\u0103 proteja\u021bi \u0219i s\u0103 v\u0103 cur\u0103\u021ba\u021bi suprafe\u021bele"}]},{"@type":"WebSite","@id":"https:\/\/www.versiegelung24.com\/ro\/#website","url":"https:\/\/www.versiegelung24.com\/ro\/","name":"versiegelung24.com","description":"Fl\u00fcssigglas-Versiegelung - Made in Germany","publisher":{"@id":"https:\/\/www.versiegelung24.com\/ro\/#organization"},"potentialAction":[{"@type":"SearchAction","target":{"@type":"EntryPoint","urlTemplate":"https:\/\/www.versiegelung24.com\/ro\/?s={search_term_string}"},"query-input":{"@type":"PropertyValueSpecification","valueRequired":true,"valueName":"search_term_string"}}],"inLanguage":"ro-RO"},{"@type":"Organization","@id":"https:\/\/www.versiegelung24.com\/ro\/#organization","name":"versiegelung24","url":"https:\/\/www.versiegelung24.com\/ro\/","logo":{"@type":"ImageObject","inLanguage":"ro-RO","@id":"https:\/\/www.versiegelung24.com\/ro\/#\/schema\/logo\/image\/","url":"https:\/\/www.versiegelung24.com\/wp-content\/uploads\/2020\/04\/versiegelung24.png","contentUrl":"https:\/\/www.versiegelung24.com\/wp-content\/uploads\/2020\/04\/versiegelung24.png","width":470,"height":102,"caption":"versiegelung24"},"image":{"@id":"https:\/\/www.versiegelung24.com\/ro\/#\/schema\/logo\/image\/"}}]}},"_links":{"self":[{"href":"https:\/\/www.versiegelung24.com\/ro\/wp-json\/wp\/v2\/pages\/161463","targetHints":{"allow":["GET"]}}],"collection":[{"href":"https:\/\/www.versiegelung24.com\/ro\/wp-json\/wp\/v2\/pages"}],"about":[{"href":"https:\/\/www.versiegelung24.com\/ro\/wp-json\/wp\/v2\/types\/page"}],"author":[{"embeddable":true,"href":"https:\/\/www.versiegelung24.com\/ro\/wp-json\/wp\/v2\/users\/917"}],"replies":[{"embeddable":true,"href":"https:\/\/www.versiegelung24.com\/ro\/wp-json\/wp\/v2\/comments?post=161463"}],"version-history":[{"count":6,"href":"https:\/\/www.versiegelung24.com\/ro\/wp-json\/wp\/v2\/pages\/161463\/revisions"}],"predecessor-version":[{"id":178905,"href":"https:\/\/www.versiegelung24.com\/ro\/wp-json\/wp\/v2\/pages\/161463\/revisions\/178905"}],"up":[{"embeddable":true,"href":"https:\/\/www.versiegelung24.com\/ro\/wp-json\/wp\/v2\/pages\/34655"}],"wp:featuredmedia":[{"embeddable":true,"href":"https:\/\/www.versiegelung24.com\/ro\/wp-json\/wp\/v2\/media\/161652"}],"wp:attachment":[{"href":"https:\/\/www.versiegelung24.com\/ro\/wp-json\/wp\/v2\/media?parent=161463"}],"wp:term":[{"taxonomy":"category","embeddable":true,"href":"https:\/\/www.versiegelung24.com\/ro\/wp-json\/wp\/v2\/categories?post=161463"},{"taxonomy":"seiten_kategorie","embeddable":true,"href":"https:\/\/www.versiegelung24.com\/ro\/wp-json\/wp\/v2\/seiten_kategorie?post=161463"}],"curies":[{"name":"wp","href":"https:\/\/api.w.org\/{rel}","templated":true}]}}