{"id":171074,"date":"2024-08-07T10:19:21","date_gmt":"2024-08-07T08:19:21","guid":{"rendered":"https:\/\/www.versiegelung24.com\/sfaturi-despre-produsele-versiegelung24\/a-sti-cum\/acoperirea-sau-etansarea-mobilierului-de-gradina\/"},"modified":"2024-09-01T18:15:27","modified_gmt":"2024-09-01T16:15:27","slug":"acoperirea-sau-etansarea-mobilierului-de-gradina","status":"publish","type":"page","link":"https:\/\/www.versiegelung24.com\/ro\/sfaturi-despre-produsele-versiegelung24\/a-sti-cum\/acoperirea-sau-etansarea-mobilierului-de-gradina\/","title":{"rendered":"Acoperi\u021bi sau sigila\u021bi mobilierul de gr\u0103din\u0103?\nProteja\u021bi-v\u0103 corespunz\u0103tor mobilierul de gr\u0103din\u0103!"},"content":{"rendered":"\t\t<div data-elementor-type=\"wp-page\" data-elementor-id=\"171074\" class=\"elementor elementor-171074 elementor-170395\" data-elementor-post-type=\"page\">\n\t\t\t\t\t\t<section class=\"elementor-section elementor-top-section elementor-element elementor-element-1f688b36 elementor-section-height-min-height elementor-section-stretched elementor-section-boxed elementor-section-height-default elementor-section-items-middle\" data-id=\"1f688b36\" data-element_type=\"section\" data-e-type=\"section\" data-settings=\"{&quot;background_background&quot;:&quot;classic&quot;,&quot;stretch_section&quot;:&quot;section-stretched&quot;}\">\n\t\t\t\t\t\t\t<div class=\"elementor-background-overlay\"><\/div>\n\t\t\t\t\t\t\t<div class=\"elementor-container elementor-column-gap-default\">\n\t\t\t\t\t<div class=\"elementor-column elementor-col-50 elementor-top-column elementor-element elementor-element-5e8bb3ea\" data-id=\"5e8bb3ea\" data-element_type=\"column\" data-e-type=\"column\">\n\t\t\t<div class=\"elementor-widget-wrap elementor-element-populated\">\n\t\t\t\t\t\t<div class=\"elementor-element elementor-element-164d071e elementor-widget elementor-widget-heading\" data-id=\"164d071e\" data-element_type=\"widget\" data-e-type=\"widget\" data-widget_type=\"heading.default\">\n\t\t\t\t<div class=\"elementor-widget-container\">\n\t\t\t\t\t<h1 class=\"elementor-heading-title elementor-size-default\">Acoperi\u021bi sau sigila\u021bi mobilierul de gr\u0103din\u0103?\nProteja\u021bi-v\u0103 corespunz\u0103tor mobilierul de gr\u0103din\u0103!<\/h1>\t\t\t\t<\/div>\n\t\t\t\t<\/div>\n\t\t\t\t\t<\/div>\n\t\t<\/div>\n\t\t\t\t<div class=\"elementor-column elementor-col-50 elementor-top-column elementor-element elementor-element-266e0d04 elementor-hidden-mobile\" data-id=\"266e0d04\" data-element_type=\"column\" data-e-type=\"column\">\n\t\t\t<div class=\"elementor-widget-wrap\">\n\t\t\t\t\t\t\t<\/div>\n\t\t<\/div>\n\t\t\t\t\t<\/div>\n\t\t<\/section>\n\t\t\t\t<section class=\"elementor-section elementor-top-section elementor-element elementor-element-48c26f19 elementor-section-boxed elementor-section-height-default elementor-section-height-default\" data-id=\"48c26f19\" data-element_type=\"section\" data-e-type=\"section\">\n\t\t\t\t\t\t<div class=\"elementor-container elementor-column-gap-default\">\n\t\t\t\t\t<div class=\"elementor-column elementor-col-100 elementor-top-column elementor-element elementor-element-335d45af\" data-id=\"335d45af\" data-element_type=\"column\" data-e-type=\"column\">\n\t\t\t<div class=\"elementor-widget-wrap elementor-element-populated\">\n\t\t\t\t\t\t<div class=\"elementor-element elementor-element-7feba967 elementor-widget elementor-widget-breadcrumbs\" data-id=\"7feba967\" data-element_type=\"widget\" data-e-type=\"widget\" data-widget_type=\"breadcrumbs.default\">\n\t\t\t\t<div class=\"elementor-widget-container\">\n\t\t\t\t\t<p id=\"breadcrumbs\"><span><span><a href=\"https:\/\/www.versiegelung24.com\/ro\/fata\/\">Pagina de start<\/a><\/span><\/span><\/p>\t\t\t\t<\/div>\n\t\t\t\t<\/div>\n\t\t\t\t\t<\/div>\n\t\t<\/div>\n\t\t\t\t\t<\/div>\n\t\t<\/section>\n\t\t\t\t<section class=\"elementor-section elementor-top-section elementor-element elementor-element-7f5c6a43 elementor-section-boxed elementor-section-height-default elementor-section-height-default\" data-id=\"7f5c6a43\" data-element_type=\"section\" data-e-type=\"section\">\n\t\t\t\t\t\t<div class=\"elementor-container elementor-column-gap-default\">\n\t\t\t\t\t<div class=\"elementor-column elementor-col-100 elementor-top-column elementor-element elementor-element-744445b4\" data-id=\"744445b4\" data-element_type=\"column\" data-e-type=\"column\">\n\t\t\t<div class=\"elementor-widget-wrap elementor-element-populated\">\n\t\t\t\t\t\t<div class=\"elementor-element elementor-element-7c19e6e elementor-widget elementor-widget-text-editor\" data-id=\"7c19e6e\" data-element_type=\"widget\" data-e-type=\"widget\" data-widget_type=\"text-editor.default\">\n\t\t\t\t<div class=\"elementor-widget-container\">\n\t\t\t\t\t\t\t\t\t<p>\u00centrebarea dac\u0103 mobilierul de gr\u0103din\u0103 ar trebui s\u0103 fie <strong>acoperit sau sigilat<\/strong> este una care \u00eei preocup\u0103 pe mul\u021bi proprietari de gr\u0103dini.<br \/>\nAv\u00e2nd \u00een vedere c\u0103 at\u00e2t de mult\u0103 mobil\u0103 de gr\u0103din\u0103, fie <strong>din lemn, plastic<\/strong> sau <strong>metal, este<\/strong> expus\u0103 la intemperii, protec\u021bia corect\u0103 este esen\u021bial\u0103 pentru <strong>longevitatea<\/strong> acesteia <strong>.<\/strong> \u00cen acest articol, vom explica diferitele op\u021biuni \u0219i materiale pentru a v\u0103 ajuta s\u0103 v\u0103 proteja\u021bi corespunz\u0103tor mobilierul de gr\u0103din\u0103. <\/p>\n\t\t\t\t\t\t\t\t<\/div>\n\t\t\t\t<\/div>\n\t\t\t\t<div class=\"elementor-element elementor-element-30de50c9 elementor-toc--minimized-on-tablet elementor-widget elementor-widget-table-of-contents\" data-id=\"30de50c9\" data-element_type=\"widget\" data-e-type=\"widget\" data-settings=\"{&quot;headings_by_tags&quot;:[&quot;h2&quot;,&quot;h3&quot;],&quot;exclude_headings_by_selector&quot;:[],&quot;marker_view&quot;:&quot;numbers&quot;,&quot;no_headings_message&quot;:&quot;No headings were found on this page.&quot;,&quot;minimize_box&quot;:&quot;yes&quot;,&quot;minimized_on&quot;:&quot;tablet&quot;,&quot;hierarchical_view&quot;:&quot;yes&quot;,&quot;min_height&quot;:{&quot;unit&quot;:&quot;px&quot;,&quot;size&quot;:&quot;&quot;,&quot;sizes&quot;:[]},&quot;min_height_tablet&quot;:{&quot;unit&quot;:&quot;px&quot;,&quot;size&quot;:&quot;&quot;,&quot;sizes&quot;:[]},&quot;min_height_mobile&quot;:{&quot;unit&quot;:&quot;px&quot;,&quot;size&quot;:&quot;&quot;,&quot;sizes&quot;:[]}}\" data-widget_type=\"table-of-contents.default\">\n\t\t\t\t<div class=\"elementor-widget-container\">\n\t\t\t\t\t\t\t\t\t<div class=\"elementor-toc__header\">\n\t\t\t\t\t\t<h2 class=\"elementor-toc__header-title\">\n\t\t\t\tCuprins\t\t\t<\/h2>\n\t\t\t\t\t\t\t\t\t\t<div class=\"elementor-toc__toggle-button elementor-toc__toggle-button--expand\" role=\"button\" tabindex=\"0\" aria-controls=\"elementor-toc__30de50c9\" aria-expanded=\"true\" aria-label=\"Open table of contents\"><i aria-hidden=\"true\" class=\"fas fa-chevron-down\"><\/i><\/div>\n\t\t\t\t<div class=\"elementor-toc__toggle-button elementor-toc__toggle-button--collapse\" role=\"button\" tabindex=\"0\" aria-controls=\"elementor-toc__30de50c9\" aria-expanded=\"true\" aria-label=\"Close table of contents\"><i aria-hidden=\"true\" class=\"fas fa-chevron-up\"><\/i><\/div>\n\t\t\t\t\t<\/div>\n\t\t\t\t<div id=\"elementor-toc__30de50c9\" class=\"elementor-toc__body\">\n\t\t\t<div class=\"elementor-toc__spinner-container\">\n\t\t\t\t<i class=\"elementor-toc__spinner eicon-animation-spin eicon-loading\" aria-hidden=\"true\"><\/i>\t\t\t<\/div>\n\t\t<\/div>\n\t\t\t\t\t\t<\/div>\n\t\t\t\t<\/div>\n\t\t\t\t\t<\/div>\n\t\t<\/div>\n\t\t\t\t\t<\/div>\n\t\t<\/section>\n\t\t\t\t<section class=\"elementor-section elementor-top-section elementor-element elementor-element-71e6119f elementor-section-boxed elementor-section-height-default elementor-section-height-default\" data-id=\"71e6119f\" data-element_type=\"section\" data-e-type=\"section\">\n\t\t\t\t\t\t<div class=\"elementor-container elementor-column-gap-default\">\n\t\t\t\t\t<div class=\"elementor-column elementor-col-100 elementor-top-column elementor-element elementor-element-2f8b4527\" data-id=\"2f8b4527\" data-element_type=\"column\" data-e-type=\"column\">\n\t\t\t<div class=\"elementor-widget-wrap elementor-element-populated\">\n\t\t\t\t\t\t<div class=\"elementor-element elementor-element-6f63d8bb elementor-widget elementor-widget-text-editor\" data-id=\"6f63d8bb\" data-element_type=\"widget\" data-e-type=\"widget\" data-widget_type=\"text-editor.default\">\n\t\t\t\t<div class=\"elementor-widget-container\">\n\t\t\t\t\t\t\t\t\t<h2>De ce este important s\u0103 acoperi\u021bi mobilierul de gr\u0103din\u0103?<\/h2>\n<h3>Influen\u021bele vremii asupra mobilierului de gr\u0103din\u0103<\/h3>\n<p>Mobilierul de gr\u0103din\u0103 este expus <strong>la<\/strong> diverse <strong>condi\u021bii meteorologice<\/strong> pe tot parcursul anului. <strong>Radia\u021biile UV, ploaia, umezeala<\/strong> \u0219i <strong>\u00eenghe\u021bul<\/strong> afecteaz\u0103 materialele \u0219i le determin\u0103 s\u0103 se uzeze \u00een timp.<br \/>\nMobilierul din lemn tinde s\u0103 <strong>devin\u0103 gri<\/strong> \u00een diverse condi\u021bii de mediu \u0219i \u00eentre\u021binere deficitar\u0103 \u0219i poate <strong>putrezi<\/strong> din cauza umidit\u0103\u021bii permanente <strong>.<\/strong> Mobilierul din plastic \u00ee\u0219i pierde culoarea \u0219i devine <strong>fragil,<\/strong> \u00een timp ce mobilierul din metal <strong>rugine\u0219te<\/strong> dac\u0103 intr\u0103 \u00een contact permanent cu umiditatea.<br \/>\nHusele de protec\u021bie ofer\u0103 o protec\u021bie eficient\u0103 \u00eempotriva acestor influen\u021be \u0219i contribuie la prelungirea duratei de via\u021b\u0103 a mobilierului.  <\/p>\n<h3>Riscuri pentru mobilierul de gr\u0103din\u0103 f\u0103r\u0103 protec\u021bie<\/h3>\n<p>Acoperirea necorespunz\u0103toare a mobilierului de gr\u0103din\u0103 \u00eei poate <strong>scurta drastic durata de via\u021b\u0103.<\/strong> Ne\u00een\u021belegerea riscurilor, cum ar fi efectele radia\u021biilor UV, care duc la oboseala materialului, \u0219i expunerea la umiditate ridicat\u0103, care determin\u0103 umflarea materialului, pot provoca <strong>daune ireversibile<\/strong>.<br \/>\nMobilierul care este expus constant v\u00e2ntului \u0219i intemperiilor poate deveni <strong>inestetic<\/strong> \u0219i <strong>inutilizabil<\/strong>.<br \/>\nPrin urmare, este important s\u0103 acoperi\u021bi sau s\u0103 sigila\u021bi corespunz\u0103tor mobilierul de gr\u0103din\u0103 pentru a preveni aceste deterior\u0103ri.  <\/p>\n\t\t\t\t\t\t\t\t<\/div>\n\t\t\t\t<\/div>\n\t\t\t\t\t<\/div>\n\t\t<\/div>\n\t\t\t\t\t<\/div>\n\t\t<\/section>\n\t\t\t\t<section class=\"elementor-section elementor-top-section elementor-element elementor-element-cdf11b3 elementor-section-boxed elementor-section-height-default elementor-section-height-default\" data-id=\"cdf11b3\" data-element_type=\"section\" data-e-type=\"section\">\n\t\t\t\t\t\t<div class=\"elementor-container elementor-column-gap-default\">\n\t\t\t\t\t<div class=\"elementor-column elementor-col-100 elementor-top-column elementor-element elementor-element-49aace54\" data-id=\"49aace54\" data-element_type=\"column\" data-e-type=\"column\" data-settings=\"{&quot;background_background&quot;:&quot;classic&quot;}\">\n\t\t\t<div class=\"elementor-widget-wrap elementor-element-populated\">\n\t\t\t\t\t\t<div class=\"elementor-element elementor-element-332de74d elementor-widget elementor-widget-spacer\" data-id=\"332de74d\" data-element_type=\"widget\" data-e-type=\"widget\" data-widget_type=\"spacer.default\">\n\t\t\t\t<div class=\"elementor-widget-container\">\n\t\t\t\t\t\t\t<div class=\"elementor-spacer\">\n\t\t\t<div class=\"elementor-spacer-inner\"><\/div>\n\t\t<\/div>\n\t\t\t\t\t\t<\/div>\n\t\t\t\t<\/div>\n\t\t\t\t\t<\/div>\n\t\t<\/div>\n\t\t\t\t\t<\/div>\n\t\t<\/section>\n\t\t\t\t<section class=\"elementor-section elementor-top-section elementor-element elementor-element-7af0fa12 elementor-section-boxed elementor-section-height-default elementor-section-height-default\" data-id=\"7af0fa12\" data-element_type=\"section\" data-e-type=\"section\">\n\t\t\t\t\t\t<div class=\"elementor-container elementor-column-gap-default\">\n\t\t\t\t\t<div class=\"elementor-column elementor-col-100 elementor-top-column elementor-element elementor-element-76b8f6e4\" data-id=\"76b8f6e4\" data-element_type=\"column\" data-e-type=\"column\">\n\t\t\t<div class=\"elementor-widget-wrap elementor-element-populated\">\n\t\t\t\t\t\t<div class=\"elementor-element elementor-element-542b6543 elementor-widget__width-initial elementor-widget elementor-widget-text-editor\" data-id=\"542b6543\" data-element_type=\"widget\" data-e-type=\"widget\" data-widget_type=\"text-editor.default\">\n\t\t\t\t<div class=\"elementor-widget-container\">\n\t\t\t\t\t\t\t\t\t<h2>Ce materiale sunt cele mai potrivite pentru husele de protec\u021bie?<\/h2>\n<h3>Husele de protec\u021bie potrivite pentru diferite tipuri de mobilier de gr\u0103din\u0103<\/h3>\n<p>Alegerea materialului potrivit pentru husele de protec\u021bie depinde de <strong>tipul de mobilier de gr\u0103din\u0103<\/strong> care urmeaz\u0103 s\u0103 fie protejat.\nHusele de protec\u021bie <strong>rezistente la rupere<\/strong> \u0219i <strong>hidrofobe<\/strong> sunt ideale pentru mobilierul de gr\u0103din\u0103 din lemn, deoarece protejeaz\u0103 lemnul de umiditate \u0219i de radia\u021biile UV.\nMobilierul din plastic are nevoie, de asemenea, de huse <strong>rezistente la<\/strong> <strong>ap\u0103<\/strong> \u0219i <strong>la UV<\/strong> pentru a-\u0219i p\u0103stra culoarea \u0219i structura.\nMobilierul fabricat din metal, cum ar fi aluminiu sau o\u021bel inoxidabil, are nevoie de huse care protejeaz\u0103 \u00eempotriva <strong>coroziunii<\/strong>.\nMaterialele robuste, cum ar fi \u021bes\u0103tura din poliester acoperit\u0103 cu PVC, ofer\u0103 o protec\u021bie optim\u0103.    <\/p>\n<h3>Materiale respirabile pentru o acoperire optim\u0103<\/h3>\n<p>&nbsp;Materialele respirabile sunt esen\u021biale pentru acoperirea corect\u0103 a mobilierului de gr\u0103din\u0103, deoarece <strong>\u00eempiedic\u0103 acumularea umezelii<\/strong> \u0219i astfel <strong>previn<\/strong> <strong>apari\u021bia mucegaiului<\/strong> \u0219i <strong>a petelor de mucegai.<\/strong> De asemenea, re\u021bine\u021bi c\u0103 nici m\u0103car o acoperire respirabil\u0103 nu ofer\u0103 protec\u021bie 100% \u00eempotriva apari\u021biei mucegaiului.\n\u021aes\u0103turile din poliester cu un strat de PVC sunt impermeabile \u0219i, \u00een acela\u0219i timp, ofer\u0103 o bun\u0103 circula\u021bie a aerului.\nAcest lucru este deosebit de important pentru <strong>tapi\u021berie<\/strong> \u0219i <strong>mobilier din poliratan,<\/strong> care sunt susceptibile la umiditate \u0219i murd\u0103rie.\nHusele de protec\u021bie respirabile sunt benefice \u0219i pentru mobilierul de gr\u0103din\u0103 din lemn, deoarece permit <strong>reglarea umidit\u0103\u021bii<\/strong> \u0219i \u00eempiedic\u0103 \u00eenverzirea lemnului.   <\/p>\t\t\t\t\t\t\t\t<\/div>\n\t\t\t\t<\/div>\n\t\t\t\t\t<\/div>\n\t\t<\/div>\n\t\t\t\t\t<\/div>\n\t\t<\/section>\n\t\t\t\t<section class=\"elementor-section elementor-top-section elementor-element elementor-element-35ff4c24 elementor-section-boxed elementor-section-height-default elementor-section-height-default\" data-id=\"35ff4c24\" data-element_type=\"section\" data-e-type=\"section\">\n\t\t\t\t\t\t<div class=\"elementor-container elementor-column-gap-default\">\n\t\t\t\t\t<div class=\"elementor-column elementor-col-100 elementor-top-column elementor-element elementor-element-7f7cece6\" data-id=\"7f7cece6\" data-element_type=\"column\" data-e-type=\"column\">\n\t\t\t<div class=\"elementor-widget-wrap elementor-element-populated\">\n\t\t\t\t\t\t<div class=\"elementor-element elementor-element-50c76c1e elementor-widget elementor-widget-text-editor\" data-id=\"50c76c1e\" data-element_type=\"widget\" data-e-type=\"widget\" data-widget_type=\"text-editor.default\">\n\t\t\t\t<div class=\"elementor-widget-container\">\n\t\t\t\t\t\t\t\t\t<h2>Acoperire sau etan\u0219are: Care este cea mai bun\u0103 op\u021biune?<\/h2>\n<h3>Avantaje \u0219i dezavantaje ale acoperirii mobilierului de gr\u0103din\u0103<\/h3>\n<p>Acoperirea mobilierului de gr\u0103din\u0103 ofer\u0103 numeroase avantaje, inclusiv <strong>protec\u021bia \u00eempotriva<\/strong> <strong>intemperiilor<\/strong> \u0219i <strong>prevenirea acumul\u0103rii de murd\u0103rie.<\/strong> Acoperirea p\u0103streaz\u0103 mobilierul <strong>curat<\/strong> \u0219i <strong>gata de utilizare \u00een orice moment.<\/strong> Cu toate acestea, dezavantajele pot fi c\u0103 umiditatea poate fi prins\u0103 dac\u0103 nu este aplicat\u0103 corect, duc\u00e2nd la <strong>apari\u021bia mucegaiului<\/strong>.<br \/>\n\u00cen plus, acoperirea \u0219i dezvelirea constant\u0103 a mobilierului poate fi <strong>consumatoare de timp<\/strong> \u0219i <strong>laborioas\u0103<\/strong>.<br \/>\nCu toate acestea, avantajele dep\u0103\u0219esc dezavantajele, mai ales dac\u0103 husele de protec\u021bie sunt <strong>respirabile<\/strong>.  <\/p>\n<h3>Eficacitatea etan\u0219\u0103rilor pentru mobilierul de gr\u0103din\u0103<\/h3>\n<p>Etan\u0219area poate fi, de asemenea, o <strong>metod\u0103 eficient\u0103<\/strong> de protejare a mobilierului de gr\u0103din\u0103.<br \/>\nAcestea ofer\u0103 un strat suplimentar de protec\u021bie \u00eempotriva <strong>umidit\u0103\u021bii<\/strong> \u0219i <strong>a radia\u021biilor UV<\/strong> \u0219i sunt deosebit de benefice pentru mobilierul din lemn.<br \/>\nEtan\u0219area previne p\u0103trunderea apei \u0219i decolorarea cauzat\u0103 de soare.<br \/>\nCu toate acestea, un agent de etan\u0219are trebuie <strong>re\u00eennoit \u00een mod regulat<\/strong> pentru a r\u0103m\u00e2ne eficient.<br \/>\n\u00cen plus, produsele de etan\u0219are <strong>nu<\/strong> ofer\u0103 <strong>protec\u021bie<\/strong> \u00eempotriva <strong>deterior\u0103rilor fizice<\/strong>, cum ar fi zg\u00e2rieturile \u0219i rugina, motiv pentru care poate fi util\u0103 o <strong>combina\u021bie<\/strong> cu <strong>huse de protec\u021bie<\/strong>.<br \/>\nEtan\u0219\u0103rile noastre protejeaz\u0103 mobilierul de gr\u0103din\u0103 de <strong>razele UV, murd\u0103rie \u0219i umiditate<\/strong> \u0219i sunt u\u0219or de cur\u0103\u021bat.      Cu toate acestea, v\u0103 rug\u0103m s\u0103 re\u021bine\u021bi c\u0103 eficien\u021ba etan\u0219antului depinde de diver\u0219i factori.<\/p>\n<h3>Ar trebui s\u0103-mi acop\u0103r sau s\u0103-mi sigilez mobilierul de gr\u0103din\u0103?<\/h3>\n<p>Este recomandabil s\u0103 sigila\u021bi mobilierul de gr\u0103din\u0103 \u0219i s\u0103 \u00eel depozita\u021bi sub un capac de protec\u021bie.<br \/>\nSigilarea asigur\u0103 protejarea materialului.<br \/>\nHusa potrivit\u0103 ajut\u0103 la protejarea mobilierului de influen\u021bele mecanice.  <\/p>\n<p>Trebuie s\u0103 selecta\u021bi etan\u0219antul adecvat \u00een func\u021bie de material.<br \/>\n\u00cen magazinul nostru online pute\u021bi g\u0103si urm\u0103toarele produse de etan\u0219are: <\/p>\n<ol>\n<li>Lemn: <a href=\"https:\/\/www.versiegelung24.com\/ro\/etansarea-lemnului-in-calitate-profesionala.html\">Etan\u0219area lemnului \u00een calitate profesional\u0103<\/a><\/li>\n<li>Metal \u0219i plastic: <a href=\"https:\/\/www.versiegelung24.com\/ro\/etansare-plastic-metal-in-calitate-profesionala.html\">material de etan\u0219are din plastic + metal de calitate profesional\u0103<\/a><\/li>\n<\/ol>\n\t\t\t\t\t\t\t\t<\/div>\n\t\t\t\t<\/div>\n\t\t\t\t\t<\/div>\n\t\t<\/div>\n\t\t\t\t\t<\/div>\n\t\t<\/section>\n\t\t\t\t<section class=\"elementor-section elementor-top-section elementor-element elementor-element-4099258a elementor-section-boxed elementor-section-height-default elementor-section-height-default\" data-id=\"4099258a\" data-element_type=\"section\" data-e-type=\"section\">\n\t\t\t\t\t\t<div class=\"elementor-container elementor-column-gap-default\">\n\t\t\t\t\t<div class=\"elementor-column elementor-col-100 elementor-top-column elementor-element elementor-element-2ca75ca6\" data-id=\"2ca75ca6\" data-element_type=\"column\" data-e-type=\"column\" data-settings=\"{&quot;background_background&quot;:&quot;classic&quot;}\">\n\t\t\t<div class=\"elementor-widget-wrap elementor-element-populated\">\n\t\t\t\t\t\t<div class=\"elementor-element elementor-element-73e3b3ef elementor-widget elementor-widget-spacer\" data-id=\"73e3b3ef\" data-element_type=\"widget\" data-e-type=\"widget\" data-widget_type=\"spacer.default\">\n\t\t\t\t<div class=\"elementor-widget-container\">\n\t\t\t\t\t\t\t<div class=\"elementor-spacer\">\n\t\t\t<div class=\"elementor-spacer-inner\"><\/div>\n\t\t<\/div>\n\t\t\t\t\t\t<\/div>\n\t\t\t\t<\/div>\n\t\t\t\t\t<\/div>\n\t\t<\/div>\n\t\t\t\t\t<\/div>\n\t\t<\/section>\n\t\t\t\t<section class=\"elementor-section elementor-top-section elementor-element elementor-element-4fe10bfa elementor-section-boxed elementor-section-height-default elementor-section-height-default\" data-id=\"4fe10bfa\" data-element_type=\"section\" data-e-type=\"section\">\n\t\t\t\t\t\t<div class=\"elementor-container elementor-column-gap-default\">\n\t\t\t\t\t<div class=\"elementor-column elementor-col-100 elementor-top-column elementor-element elementor-element-1f98bee6\" data-id=\"1f98bee6\" data-element_type=\"column\" data-e-type=\"column\">\n\t\t\t<div class=\"elementor-widget-wrap elementor-element-populated\">\n\t\t\t\t\t\t<div class=\"elementor-element elementor-element-3cfa2068 elementor-widget elementor-widget-text-editor\" data-id=\"3cfa2068\" data-element_type=\"widget\" data-e-type=\"widget\" data-widget_type=\"text-editor.default\">\n\t\t\t\t<div class=\"elementor-widget-container\">\n\t\t\t\t\t\t\t\t\t<h2>De ce trebuie s\u0103 \u021bine\u021bi cont atunci c\u00e2nd depozita\u021bi mobilierul de gr\u0103din\u0103<\/h2>\n<h3>Depozitarea corect\u0103 \u00een timpul lunilor de iarn\u0103<\/h3>\n<p><strong>\u00cen<\/strong> timpul <strong>lunilor de iarn\u0103<\/strong>, este deosebit de important s\u0103 depozita\u021bi corect mobilierul de gr\u0103din\u0103 pentru a evita deteriorarea cauzat\u0103 de <strong>\u00eenghe\u021b<\/strong> \u0219i <strong>fluctua\u021biile<\/strong> mari <strong>de temperatur\u0103<\/strong>.<br \/>\nMobilierul din lemn \u0219i polyrattan ar trebui depozitate <strong>\u00een<\/strong> mod ideal \u00eentr-o <strong>camer\u0103<\/strong> <strong>uscat\u0103<\/strong> \u0219i <strong>bine ventilat\u0103<\/strong>.<br \/>\nMobilierul din metal trebuie, de asemenea, protejat de umezeal\u0103 pentru a preveni <strong>rugina<\/strong>.<br \/>\nMobilierul din plastic poate r\u0103m\u00e2ne afar\u0103, dar trebuie depozitat sub un capac <strong>robust, rezistent la intemperii<\/strong>.<br \/>\n\u00cenainte de depozitare, este recomandabil s\u0103 <strong>cur\u0103\u021ba\u021bi bine<\/strong> mobilierul <strong>\u0219i s\u0103 \u00eel l\u0103sa\u021bi s\u0103 se usuce<\/strong> pentru a preveni deteriorarea.    <\/p>\n\t\t\t\t\t\t\t\t<\/div>\n\t\t\t\t<\/div>\n\t\t\t\t\t<\/div>\n\t\t<\/div>\n\t\t\t\t\t<\/div>\n\t\t<\/section>\n\t\t\t\t<section class=\"elementor-section elementor-top-section elementor-element elementor-element-537d4c7f elementor-section-boxed elementor-section-height-default elementor-section-height-default\" data-id=\"537d4c7f\" data-element_type=\"section\" data-e-type=\"section\">\n\t\t\t\t\t\t<div class=\"elementor-container elementor-column-gap-default\">\n\t\t\t\t\t<div class=\"elementor-column elementor-col-100 elementor-top-column elementor-element elementor-element-3ea360ed\" data-id=\"3ea360ed\" data-element_type=\"column\" data-e-type=\"column\">\n\t\t\t<div class=\"elementor-widget-wrap elementor-element-populated\">\n\t\t\t\t\t\t<div class=\"elementor-element elementor-element-4056ce50 elementor-widget elementor-widget-text-editor\" data-id=\"4056ce50\" data-element_type=\"widget\" data-e-type=\"widget\" data-widget_type=\"text-editor.default\">\n\t\t\t\t<div class=\"elementor-widget-container\">\n\t\t\t\t\t\t\t\t\t<h2>\u00centreb\u0103ri frecvente despre protec\u021bia mobilierului de gr\u0103din\u0103<\/h2>\n\t\t\t\t\t\t\t\t<\/div>\n\t\t\t\t<\/div>\n\t\t\t\t<div class=\"elementor-element elementor-element-30df8ff2 elementor-widget elementor-widget-eael-adv-accordion\" data-id=\"30df8ff2\" data-element_type=\"widget\" data-e-type=\"widget\" data-widget_type=\"eael-adv-accordion.default\">\n\t\t\t\t<div class=\"elementor-widget-container\">\n\t\t\t\t\t            <div class=\"eael-adv-accordion\" id=\"eael-adv-accordion-30df8ff2\" data-scroll-on-click=\"no\" data-scroll-speed=\"300\" data-accordion-id=\"30df8ff2\" data-accordion-type=\"accordion\" data-toogle-speed=\"300\">\n            <div class=\"eael-accordion-list\">\n\t\t\t\t\t<div id=\"cum-pot-s-mi-acopr-corespunztor-mobilierul-de-grdin\" class=\"elementor-tab-title eael-accordion-header\" tabindex=\"0\" data-tab=\"1\" aria-controls=\"elementor-tab-content-8191\"><span class=\"eael-advanced-accordion-icon-closed\"><i aria-hidden=\"true\" class=\"fa-accordion-icon fas fa-plus\"><\/i><\/span><span class=\"eael-advanced-accordion-icon-opened\"><i aria-hidden=\"true\" class=\"fa-accordion-icon fas fa-minus\"><\/i><\/span><span class=\"eael-accordion-tab-title\">Cum pot s\u0103-mi acop\u0103r corespunz\u0103tor mobilierul de gr\u0103din\u0103?<\/span><i aria-hidden=\"true\" class=\"fa-toggle fas fa-angle-right\"><\/i><\/div><div id=\"elementor-tab-content-8191\" class=\"eael-accordion-content clearfix\" data-tab=\"1\" aria-labelledby=\"cum-pot-s-mi-acopr-corespunztor-mobilierul-de-grdin\"><p class=\"p1\">Pentru a v\u0103 acoperi corespunz\u0103tor mobilierul de gr\u0103din\u0103, v\u0103 recomand\u0103m s\u0103 utiliza\u021bi huse de protec\u021bie speciale pentru mobilierul de gr\u0103din\u0103.<br \/>\nAceste huse sunt de obicei hidrofobe \u0219i protejeaz\u0103 \u00eempotriva substan\u021belor nocive din aer, p\u0103str\u00e2nd mobilierul \u00een stare bun\u0103 pentru mai mult timp. <\/p>\n<\/div>\n\t\t\t\t\t<\/div><div class=\"eael-accordion-list\">\n\t\t\t\t\t<div id=\"ar-trebui-s-mi-acopr-i-mobilierul-de-grdin-vara\" class=\"elementor-tab-title eael-accordion-header\" tabindex=\"0\" data-tab=\"2\" aria-controls=\"elementor-tab-content-8192\"><span class=\"eael-advanced-accordion-icon-closed\"><i aria-hidden=\"true\" class=\"fa-accordion-icon fas fa-plus\"><\/i><\/span><span class=\"eael-advanced-accordion-icon-opened\"><i aria-hidden=\"true\" class=\"fa-accordion-icon fas fa-minus\"><\/i><\/span><span class=\"eael-accordion-tab-title\">Ar trebui s\u0103-mi acop\u0103r \u0219i mobilierul de gr\u0103din\u0103 vara?<\/span><i aria-hidden=\"true\" class=\"fa-toggle fas fa-angle-right\"><\/i><\/div><div id=\"elementor-tab-content-8192\" class=\"eael-accordion-content clearfix\" data-tab=\"2\" aria-labelledby=\"ar-trebui-s-mi-acopr-i-mobilierul-de-grdin-vara\"><p class=\"p1\">De asemenea, poate fi util s\u0103 folosi\u021bi huse de protec\u021bie pentru mobilierul de gr\u0103din\u0103 \u00een timpul verii, \u00een special pe vreme rea sau dac\u0103 mobilierul este l\u0103sat afar\u0103 nefolosit pentru o perioad\u0103 lung\u0103 de timp.<br \/>\nAstfel, mobilierul este protejat de umezeal\u0103 puternic\u0103 \u0219i de intemperii. <\/p>\n<\/div>\n\t\t\t\t\t<\/div><div class=\"eael-accordion-list\">\n\t\t\t\t\t<div id=\"care-sunt-avantajele-etanrii-mobilierului-de-grdin\" class=\"elementor-tab-title eael-accordion-header\" tabindex=\"0\" data-tab=\"3\" aria-controls=\"elementor-tab-content-8193\"><span class=\"eael-advanced-accordion-icon-closed\"><i aria-hidden=\"true\" class=\"fa-accordion-icon fas fa-plus\"><\/i><\/span><span class=\"eael-advanced-accordion-icon-opened\"><i aria-hidden=\"true\" class=\"fa-accordion-icon fas fa-minus\"><\/i><\/span><span class=\"eael-accordion-tab-title\">Care sunt avantajele etan\u0219\u0103rii mobilierului de gr\u0103din\u0103?<\/span><i aria-hidden=\"true\" class=\"fa-toggle fas fa-angle-right\"><\/i><\/div><div id=\"elementor-tab-content-8193\" class=\"eael-accordion-content clearfix\" data-tab=\"3\" aria-labelledby=\"care-sunt-avantajele-etanrii-mobilierului-de-grdin\"><p class=\"p1\">Etan\u0219area mobilierului de gr\u0103din\u0103 \u00eei poate prelungi durata de via\u021b\u0103, f\u0103c\u00e2ndu-l mai rezistent la ap\u0103, umiditate ridicat\u0103 \u0219i la poluan\u021bii din aer.<br \/>\nAcest lucru este valabil \u00een special pentru mobilierul de gr\u0103din\u0103 din lemn \u0219i tec. <\/p>\n<\/div>\n\t\t\t\t\t<\/div><div class=\"eael-accordion-list\">\n\t\t\t\t\t<div id=\"este-mobilierul-de-grdin-din-plastic-rezistent-la-intemperii\" class=\"elementor-tab-title eael-accordion-header\" tabindex=\"0\" data-tab=\"4\" aria-controls=\"elementor-tab-content-8194\"><span class=\"eael-advanced-accordion-icon-closed\"><i aria-hidden=\"true\" class=\"fa-accordion-icon fas fa-plus\"><\/i><\/span><span class=\"eael-advanced-accordion-icon-opened\"><i aria-hidden=\"true\" class=\"fa-accordion-icon fas fa-minus\"><\/i><\/span><span class=\"eael-accordion-tab-title\">Este mobilierul de gr\u0103din\u0103 din plastic rezistent la intemperii?<\/span><i aria-hidden=\"true\" class=\"fa-toggle fas fa-angle-right\"><\/i><\/div><div id=\"elementor-tab-content-8194\" class=\"eael-accordion-content clearfix\" data-tab=\"4\" aria-labelledby=\"este-mobilierul-de-grdin-din-plastic-rezistent-la-intemperii\"><p class=\"p1\">Da, mobilierul de gr\u0103din\u0103 din plastic este \u00een general rezistent la intemperii \u0219i la majoritatea condi\u021biilor meteorologice.<br \/>\nCu toate acestea, un material de etan\u0219are \u0219i un capac de protec\u021bie suplimentar \u00eei pot prelungi durata de via\u021b\u0103 \u0219i pot preveni deteriorarea. <\/p>\n<\/div>\n\t\t\t\t\t<\/div><div class=\"eael-accordion-list\">\n\t\t\t\t\t<div id=\"cum-ngrijesc-mobilierul-de-grdin-din-metal\" class=\"elementor-tab-title eael-accordion-header\" tabindex=\"0\" data-tab=\"5\" aria-controls=\"elementor-tab-content-8195\"><span class=\"eael-advanced-accordion-icon-closed\"><i aria-hidden=\"true\" class=\"fa-accordion-icon fas fa-plus\"><\/i><\/span><span class=\"eael-advanced-accordion-icon-opened\"><i aria-hidden=\"true\" class=\"fa-accordion-icon fas fa-minus\"><\/i><\/span><span class=\"eael-accordion-tab-title\">Cum \u00eengrijesc mobilierul de gr\u0103din\u0103 din metal?<\/span><i aria-hidden=\"true\" class=\"fa-toggle fas fa-angle-right\"><\/i><\/div><div id=\"elementor-tab-content-8195\" class=\"eael-accordion-content clearfix\" data-tab=\"5\" aria-labelledby=\"cum-ngrijesc-mobilierul-de-grdin-din-metal\"><p class=\"p1\">Mobilierul de gr\u0103din\u0103 din metal trebuie cur\u0103\u021bat \u00een mod regulat \u0219i acoperit din nou, dac\u0103 este necesar, pentru a preveni ruginirea.<br \/>\nHusele de protec\u021bie pot ajuta, de asemenea, la protejarea mobilierului de intemperii \u0219i de ploile abundente. <\/p>\n<\/div>\n\t\t\t\t\t<\/div><div class=\"eael-accordion-list\">\n\t\t\t\t\t<div id=\"ce-trebuie-s-iau-n-considerare-atunci-cnd-acopr-tapieria\" class=\"elementor-tab-title eael-accordion-header\" tabindex=\"0\" data-tab=\"6\" aria-controls=\"elementor-tab-content-8196\"><span class=\"eael-advanced-accordion-icon-closed\"><i aria-hidden=\"true\" class=\"fa-accordion-icon fas fa-plus\"><\/i><\/span><span class=\"eael-advanced-accordion-icon-opened\"><i aria-hidden=\"true\" class=\"fa-accordion-icon fas fa-minus\"><\/i><\/span><span class=\"eael-accordion-tab-title\">Ce trebuie s\u0103 iau \u00een considerare atunci c\u00e2nd acop\u0103r tapi\u021beria?<\/span><i aria-hidden=\"true\" class=\"fa-toggle fas fa-angle-right\"><\/i><\/div><div id=\"elementor-tab-content-8196\" class=\"eael-accordion-content clearfix\" data-tab=\"6\" aria-labelledby=\"ce-trebuie-s-iau-n-considerare-atunci-cnd-acopr-tapieria\"><p class=\"p1\">Tapi\u021beria trebuie p\u0103strat\u0103 \u00eentotdeauna uscat\u0103 pentru a preveni apari\u021bia mucegaiului.<br \/>\nO hus\u0103 rezistent\u0103 la intemperii poate ajuta la protejarea acestora de umezeal\u0103 \u0219i murd\u0103rie atunci c\u00e2nd nu sunt folosite. <\/p>\n<\/div>\n\t\t\t\t\t<\/div><\/div>\t\t\t\t<\/div>\n\t\t\t\t<\/div>\n\t\t\t\t\t<\/div>\n\t\t<\/div>\n\t\t\t\t\t<\/div>\n\t\t<\/section>\n\t\t\t\t<section class=\"elementor-section elementor-top-section elementor-element elementor-element-6355b863 elementor-section-boxed elementor-section-height-default elementor-section-height-default\" data-id=\"6355b863\" data-element_type=\"section\" data-e-type=\"section\">\n\t\t\t\t\t\t<div class=\"elementor-container elementor-column-gap-default\">\n\t\t\t\t\t<div class=\"elementor-column elementor-col-100 elementor-top-column elementor-element elementor-element-435e198e\" data-id=\"435e198e\" data-element_type=\"column\" data-e-type=\"column\">\n\t\t\t<div class=\"elementor-widget-wrap elementor-element-populated\">\n\t\t\t\t\t\t<div class=\"elementor-element elementor-element-60cb54bb elementor-widget elementor-widget-shortcode\" data-id=\"60cb54bb\" data-element_type=\"widget\" data-e-type=\"widget\" data-widget_type=\"shortcode.default\">\n\t\t\t\t<div class=\"elementor-widget-container\">\n\t\t\t\t\t\t\t<div class=\"elementor-shortcode\"><\/div>\n\t\t\t\t\t\t<\/div>\n\t\t\t\t<\/div>\n\t\t\t\t\t<\/div>\n\t\t<\/div>\n\t\t\t\t\t<\/div>\n\t\t<\/section>\n\t\t\t\t<\/div>\n\t\t","protected":false},"excerpt":{"rendered":"<p>\u00cen acest articol, vom explica diferitele op\u021biuni \u0219i materiale pentru a v\u0103 ajuta s\u0103 v\u0103 proteja\u021bi corespunz\u0103tor mobilierul de gr\u0103din\u0103.<\/p>\n","protected":false},"author":917,"featured_media":170416,"parent":34655,"menu_order":0,"comment_status":"closed","ping_status":"closed","template":"elementor_header_footer","meta":{"_acf_changed":false,"neve_meta_sidebar":"","neve_meta_container":"","neve_meta_enable_content_width":"","neve_meta_content_width":0,"neve_meta_title_alignment":"","neve_meta_author_avatar":"","neve_post_elements_order":"","neve_meta_disable_header":"","neve_meta_disable_footer":"","neve_meta_disable_title":"","neve_meta_reading_time":"","footnotes":""},"categories":[3602,3510],"seiten_kategorie":[],"class_list":["post-171074","page","type-page","status-publish","has-post-thumbnail","hentry","category-casa-si-gradina","category-sfaturi-articol-revista"],"acf":[],"yoast_head":"<!-- This site is optimized with the Yoast SEO Premium plugin v22.8 (Yoast SEO v27.5) - https:\/\/yoast.com\/product\/yoast-seo-premium-wordpress\/ -->\n<title>Acoperi\u021bi sau sigila\u021bi mobilierul de gr\u0103din\u0103? Proteja\u021bi-v\u0103 corespunz\u0103tor mobilierul de gr\u0103din\u0103! - versiegelung24.com<\/title>\n<meta name=\"description\" content=\"Afla\u021bi aici de ce este mai bine s\u0103 sigila\u021bi mobilierul de gr\u0103din\u0103 \u00een loc s\u0103 \u00eel acoperi\u021bi pur \u0219i simplu. Sfaturi privind \u00eengrijirea \u0219i protec\u021bia \u00eempotriva v\u00e2ntului \u0219i a intemperiilor.\" \/>\n<meta name=\"robots\" content=\"index, follow, max-snippet:-1, max-image-preview:large, max-video-preview:-1\" \/>\n<link rel=\"canonical\" href=\"https:\/\/www.versiegelung24.com\/ro\/sfaturi-despre-produsele-versiegelung24\/a-sti-cum\/acoperirea-sau-etansarea-mobilierului-de-gradina\/\" \/>\n<meta property=\"og:locale\" content=\"ro_RO\" \/>\n<meta property=\"og:type\" content=\"article\" \/>\n<meta property=\"og:title\" content=\"Acoperi\u021bi sau sigila\u021bi mobilierul de gr\u0103din\u0103? Proteja\u021bi-v\u0103 corespunz\u0103tor mobilierul de gr\u0103din\u0103!\" \/>\n<meta property=\"og:description\" content=\"Afla\u021bi aici de ce este mai bine s\u0103 sigila\u021bi mobilierul de gr\u0103din\u0103 \u00een loc s\u0103 \u00eel acoperi\u021bi pur \u0219i simplu. Sfaturi privind \u00eengrijirea \u0219i protec\u021bia \u00eempotriva v\u00e2ntului \u0219i a intemperiilor.\" \/>\n<meta property=\"og:url\" content=\"https:\/\/www.versiegelung24.com\/ro\/sfaturi-despre-produsele-versiegelung24\/a-sti-cum\/acoperirea-sau-etansarea-mobilierului-de-gradina\/\" \/>\n<meta property=\"og:site_name\" content=\"versiegelung24.com\" \/>\n<meta property=\"article:modified_time\" content=\"2024-09-01T16:15:27+00:00\" \/>\n<meta property=\"og:image\" content=\"https:\/\/www.versiegelung24.com\/wp-content\/uploads\/2024\/07\/wooden-garden-furniture-in-garden.jpg\" \/>\n\t<meta property=\"og:image:width\" content=\"2000\" \/>\n\t<meta property=\"og:image:height\" content=\"1258\" \/>\n\t<meta property=\"og:image:type\" content=\"image\/jpeg\" \/>\n<meta name=\"twitter:card\" content=\"summary_large_image\" \/>\n<meta name=\"twitter:label1\" content=\"Timp estimat pentru citire\" \/>\n\t<meta name=\"twitter:data1\" content=\"7 minute\" \/>\n<script type=\"application\/ld+json\" class=\"yoast-schema-graph\">{\"@context\":\"https:\\\/\\\/schema.org\",\"@graph\":[{\"@type\":\"WebPage\",\"@id\":\"https:\\\/\\\/www.versiegelung24.com\\\/ro\\\/sfaturi-despre-produsele-versiegelung24\\\/a-sti-cum\\\/acoperirea-sau-etansarea-mobilierului-de-gradina\\\/\",\"url\":\"https:\\\/\\\/www.versiegelung24.com\\\/ro\\\/sfaturi-despre-produsele-versiegelung24\\\/a-sti-cum\\\/acoperirea-sau-etansarea-mobilierului-de-gradina\\\/\",\"name\":\"Acoperi\u021bi sau sigila\u021bi mobilierul de gr\u0103din\u0103? Proteja\u021bi-v\u0103 corespunz\u0103tor mobilierul de gr\u0103din\u0103! - versiegelung24.com\",\"isPartOf\":{\"@id\":\"https:\\\/\\\/www.versiegelung24.com\\\/ro\\\/#website\"},\"primaryImageOfPage\":{\"@id\":\"https:\\\/\\\/www.versiegelung24.com\\\/ro\\\/sfaturi-despre-produsele-versiegelung24\\\/a-sti-cum\\\/acoperirea-sau-etansarea-mobilierului-de-gradina\\\/#primaryimage\"},\"image\":{\"@id\":\"https:\\\/\\\/www.versiegelung24.com\\\/ro\\\/sfaturi-despre-produsele-versiegelung24\\\/a-sti-cum\\\/acoperirea-sau-etansarea-mobilierului-de-gradina\\\/#primaryimage\"},\"thumbnailUrl\":\"https:\\\/\\\/www.versiegelung24.com\\\/wp-content\\\/uploads\\\/2024\\\/07\\\/wooden-garden-furniture-in-garden.jpg\",\"datePublished\":\"2024-08-07T08:19:21+00:00\",\"dateModified\":\"2024-09-01T16:15:27+00:00\",\"description\":\"Afla\u021bi aici de ce este mai bine s\u0103 sigila\u021bi mobilierul de gr\u0103din\u0103 \u00een loc s\u0103 \u00eel acoperi\u021bi pur \u0219i simplu. Sfaturi privind \u00eengrijirea \u0219i protec\u021bia \u00eempotriva v\u00e2ntului \u0219i a intemperiilor.\",\"breadcrumb\":{\"@id\":\"https:\\\/\\\/www.versiegelung24.com\\\/ro\\\/sfaturi-despre-produsele-versiegelung24\\\/a-sti-cum\\\/acoperirea-sau-etansarea-mobilierului-de-gradina\\\/#breadcrumb\"},\"inLanguage\":\"ro-RO\",\"potentialAction\":[{\"@type\":\"ReadAction\",\"target\":[\"https:\\\/\\\/www.versiegelung24.com\\\/ro\\\/sfaturi-despre-produsele-versiegelung24\\\/a-sti-cum\\\/acoperirea-sau-etansarea-mobilierului-de-gradina\\\/\"]}]},{\"@type\":\"ImageObject\",\"inLanguage\":\"ro-RO\",\"@id\":\"https:\\\/\\\/www.versiegelung24.com\\\/ro\\\/sfaturi-despre-produsele-versiegelung24\\\/a-sti-cum\\\/acoperirea-sau-etansarea-mobilierului-de-gradina\\\/#primaryimage\",\"url\":\"https:\\\/\\\/www.versiegelung24.com\\\/wp-content\\\/uploads\\\/2024\\\/07\\\/wooden-garden-furniture-in-garden.jpg\",\"contentUrl\":\"https:\\\/\\\/www.versiegelung24.com\\\/wp-content\\\/uploads\\\/2024\\\/07\\\/wooden-garden-furniture-in-garden.jpg\",\"width\":2000,\"height\":1258,\"caption\":\"wooden garden furniture in garden\"},{\"@type\":\"BreadcrumbList\",\"@id\":\"https:\\\/\\\/www.versiegelung24.com\\\/ro\\\/sfaturi-despre-produsele-versiegelung24\\\/a-sti-cum\\\/acoperirea-sau-etansarea-mobilierului-de-gradina\\\/#breadcrumb\",\"itemListElement\":[{\"@type\":\"ListItem\",\"position\":1,\"name\":\"Pagina de start\",\"item\":\"https:\\\/\\\/www.versiegelung24.com\\\/ro\\\/fata\\\/\"},{\"@type\":\"ListItem\",\"position\":2,\"name\":\"Consilier\",\"item\":\"https:\\\/\\\/www.versiegelung24.com\\\/ro\\\/ratgeber\\\/\"},{\"@type\":\"ListItem\",\"position\":3,\"name\":\"revist\u0103\",\"item\":\"https:\\\/\\\/www.versiegelung24.com\\\/ro\\\/ratgeber\\\/magazin\\\/\"},{\"@type\":\"ListItem\",\"position\":4,\"name\":\"Acoperi\u021bi sau sigila\u021bi mobilierul de gr\u0103din\u0103? Proteja\u021bi-v\u0103 corespunz\u0103tor mobilierul de gr\u0103din\u0103!\"}]},{\"@type\":\"WebSite\",\"@id\":\"https:\\\/\\\/www.versiegelung24.com\\\/ro\\\/#website\",\"url\":\"https:\\\/\\\/www.versiegelung24.com\\\/ro\\\/\",\"name\":\"versiegelung24.com\",\"description\":\"Fl\u00fcssigglas-Versiegelung - Made in Germany\",\"publisher\":{\"@id\":\"https:\\\/\\\/www.versiegelung24.com\\\/ro\\\/#organization\"},\"potentialAction\":[{\"@type\":\"SearchAction\",\"target\":{\"@type\":\"EntryPoint\",\"urlTemplate\":\"https:\\\/\\\/www.versiegelung24.com\\\/ro\\\/?s={search_term_string}\"},\"query-input\":{\"@type\":\"PropertyValueSpecification\",\"valueRequired\":true,\"valueName\":\"search_term_string\"}}],\"inLanguage\":\"ro-RO\"},{\"@type\":\"Organization\",\"@id\":\"https:\\\/\\\/www.versiegelung24.com\\\/ro\\\/#organization\",\"name\":\"versiegelung24\",\"url\":\"https:\\\/\\\/www.versiegelung24.com\\\/ro\\\/\",\"logo\":{\"@type\":\"ImageObject\",\"inLanguage\":\"ro-RO\",\"@id\":\"https:\\\/\\\/www.versiegelung24.com\\\/ro\\\/#\\\/schema\\\/logo\\\/image\\\/\",\"url\":\"https:\\\/\\\/www.versiegelung24.com\\\/wp-content\\\/uploads\\\/2020\\\/04\\\/versiegelung24.png\",\"contentUrl\":\"https:\\\/\\\/www.versiegelung24.com\\\/wp-content\\\/uploads\\\/2020\\\/04\\\/versiegelung24.png\",\"width\":470,\"height\":102,\"caption\":\"versiegelung24\"},\"image\":{\"@id\":\"https:\\\/\\\/www.versiegelung24.com\\\/ro\\\/#\\\/schema\\\/logo\\\/image\\\/\"}}]}<\/script>\n<!-- \/ Yoast SEO Premium plugin. -->","yoast_head_json":{"title":"Acoperi\u021bi sau sigila\u021bi mobilierul de gr\u0103din\u0103? Proteja\u021bi-v\u0103 corespunz\u0103tor mobilierul de gr\u0103din\u0103! - versiegelung24.com","description":"Afla\u021bi aici de ce este mai bine s\u0103 sigila\u021bi mobilierul de gr\u0103din\u0103 \u00een loc s\u0103 \u00eel acoperi\u021bi pur \u0219i simplu. Sfaturi privind \u00eengrijirea \u0219i protec\u021bia \u00eempotriva v\u00e2ntului \u0219i a intemperiilor.","robots":{"index":"index","follow":"follow","max-snippet":"max-snippet:-1","max-image-preview":"max-image-preview:large","max-video-preview":"max-video-preview:-1"},"canonical":"https:\/\/www.versiegelung24.com\/ro\/sfaturi-despre-produsele-versiegelung24\/a-sti-cum\/acoperirea-sau-etansarea-mobilierului-de-gradina\/","og_locale":"ro_RO","og_type":"article","og_title":"Acoperi\u021bi sau sigila\u021bi mobilierul de gr\u0103din\u0103? Proteja\u021bi-v\u0103 corespunz\u0103tor mobilierul de gr\u0103din\u0103!","og_description":"Afla\u021bi aici de ce este mai bine s\u0103 sigila\u021bi mobilierul de gr\u0103din\u0103 \u00een loc s\u0103 \u00eel acoperi\u021bi pur \u0219i simplu. Sfaturi privind \u00eengrijirea \u0219i protec\u021bia \u00eempotriva v\u00e2ntului \u0219i a intemperiilor.","og_url":"https:\/\/www.versiegelung24.com\/ro\/sfaturi-despre-produsele-versiegelung24\/a-sti-cum\/acoperirea-sau-etansarea-mobilierului-de-gradina\/","og_site_name":"versiegelung24.com","article_modified_time":"2024-09-01T16:15:27+00:00","og_image":[{"width":2000,"height":1258,"url":"https:\/\/www.versiegelung24.com\/wp-content\/uploads\/2024\/07\/wooden-garden-furniture-in-garden.jpg","type":"image\/jpeg"}],"twitter_card":"summary_large_image","twitter_misc":{"Timp estimat pentru citire":"7 minute"},"schema":{"@context":"https:\/\/schema.org","@graph":[{"@type":"WebPage","@id":"https:\/\/www.versiegelung24.com\/ro\/sfaturi-despre-produsele-versiegelung24\/a-sti-cum\/acoperirea-sau-etansarea-mobilierului-de-gradina\/","url":"https:\/\/www.versiegelung24.com\/ro\/sfaturi-despre-produsele-versiegelung24\/a-sti-cum\/acoperirea-sau-etansarea-mobilierului-de-gradina\/","name":"Acoperi\u021bi sau sigila\u021bi mobilierul de gr\u0103din\u0103? Proteja\u021bi-v\u0103 corespunz\u0103tor mobilierul de gr\u0103din\u0103! - versiegelung24.com","isPartOf":{"@id":"https:\/\/www.versiegelung24.com\/ro\/#website"},"primaryImageOfPage":{"@id":"https:\/\/www.versiegelung24.com\/ro\/sfaturi-despre-produsele-versiegelung24\/a-sti-cum\/acoperirea-sau-etansarea-mobilierului-de-gradina\/#primaryimage"},"image":{"@id":"https:\/\/www.versiegelung24.com\/ro\/sfaturi-despre-produsele-versiegelung24\/a-sti-cum\/acoperirea-sau-etansarea-mobilierului-de-gradina\/#primaryimage"},"thumbnailUrl":"https:\/\/www.versiegelung24.com\/wp-content\/uploads\/2024\/07\/wooden-garden-furniture-in-garden.jpg","datePublished":"2024-08-07T08:19:21+00:00","dateModified":"2024-09-01T16:15:27+00:00","description":"Afla\u021bi aici de ce este mai bine s\u0103 sigila\u021bi mobilierul de gr\u0103din\u0103 \u00een loc s\u0103 \u00eel acoperi\u021bi pur \u0219i simplu. Sfaturi privind \u00eengrijirea \u0219i protec\u021bia \u00eempotriva v\u00e2ntului \u0219i a intemperiilor.","breadcrumb":{"@id":"https:\/\/www.versiegelung24.com\/ro\/sfaturi-despre-produsele-versiegelung24\/a-sti-cum\/acoperirea-sau-etansarea-mobilierului-de-gradina\/#breadcrumb"},"inLanguage":"ro-RO","potentialAction":[{"@type":"ReadAction","target":["https:\/\/www.versiegelung24.com\/ro\/sfaturi-despre-produsele-versiegelung24\/a-sti-cum\/acoperirea-sau-etansarea-mobilierului-de-gradina\/"]}]},{"@type":"ImageObject","inLanguage":"ro-RO","@id":"https:\/\/www.versiegelung24.com\/ro\/sfaturi-despre-produsele-versiegelung24\/a-sti-cum\/acoperirea-sau-etansarea-mobilierului-de-gradina\/#primaryimage","url":"https:\/\/www.versiegelung24.com\/wp-content\/uploads\/2024\/07\/wooden-garden-furniture-in-garden.jpg","contentUrl":"https:\/\/www.versiegelung24.com\/wp-content\/uploads\/2024\/07\/wooden-garden-furniture-in-garden.jpg","width":2000,"height":1258,"caption":"wooden garden furniture in garden"},{"@type":"BreadcrumbList","@id":"https:\/\/www.versiegelung24.com\/ro\/sfaturi-despre-produsele-versiegelung24\/a-sti-cum\/acoperirea-sau-etansarea-mobilierului-de-gradina\/#breadcrumb","itemListElement":[{"@type":"ListItem","position":1,"name":"Pagina de start","item":"https:\/\/www.versiegelung24.com\/ro\/fata\/"},{"@type":"ListItem","position":2,"name":"Consilier","item":"https:\/\/www.versiegelung24.com\/ro\/ratgeber\/"},{"@type":"ListItem","position":3,"name":"revist\u0103","item":"https:\/\/www.versiegelung24.com\/ro\/ratgeber\/magazin\/"},{"@type":"ListItem","position":4,"name":"Acoperi\u021bi sau sigila\u021bi mobilierul de gr\u0103din\u0103? Proteja\u021bi-v\u0103 corespunz\u0103tor mobilierul de gr\u0103din\u0103!"}]},{"@type":"WebSite","@id":"https:\/\/www.versiegelung24.com\/ro\/#website","url":"https:\/\/www.versiegelung24.com\/ro\/","name":"versiegelung24.com","description":"Fl\u00fcssigglas-Versiegelung - Made in Germany","publisher":{"@id":"https:\/\/www.versiegelung24.com\/ro\/#organization"},"potentialAction":[{"@type":"SearchAction","target":{"@type":"EntryPoint","urlTemplate":"https:\/\/www.versiegelung24.com\/ro\/?s={search_term_string}"},"query-input":{"@type":"PropertyValueSpecification","valueRequired":true,"valueName":"search_term_string"}}],"inLanguage":"ro-RO"},{"@type":"Organization","@id":"https:\/\/www.versiegelung24.com\/ro\/#organization","name":"versiegelung24","url":"https:\/\/www.versiegelung24.com\/ro\/","logo":{"@type":"ImageObject","inLanguage":"ro-RO","@id":"https:\/\/www.versiegelung24.com\/ro\/#\/schema\/logo\/image\/","url":"https:\/\/www.versiegelung24.com\/wp-content\/uploads\/2020\/04\/versiegelung24.png","contentUrl":"https:\/\/www.versiegelung24.com\/wp-content\/uploads\/2020\/04\/versiegelung24.png","width":470,"height":102,"caption":"versiegelung24"},"image":{"@id":"https:\/\/www.versiegelung24.com\/ro\/#\/schema\/logo\/image\/"}}]}},"_links":{"self":[{"href":"https:\/\/www.versiegelung24.com\/ro\/wp-json\/wp\/v2\/pages\/171074","targetHints":{"allow":["GET"]}}],"collection":[{"href":"https:\/\/www.versiegelung24.com\/ro\/wp-json\/wp\/v2\/pages"}],"about":[{"href":"https:\/\/www.versiegelung24.com\/ro\/wp-json\/wp\/v2\/types\/page"}],"author":[{"embeddable":true,"href":"https:\/\/www.versiegelung24.com\/ro\/wp-json\/wp\/v2\/users\/917"}],"replies":[{"embeddable":true,"href":"https:\/\/www.versiegelung24.com\/ro\/wp-json\/wp\/v2\/comments?post=171074"}],"version-history":[{"count":2,"href":"https:\/\/www.versiegelung24.com\/ro\/wp-json\/wp\/v2\/pages\/171074\/revisions"}],"predecessor-version":[{"id":172599,"href":"https:\/\/www.versiegelung24.com\/ro\/wp-json\/wp\/v2\/pages\/171074\/revisions\/172599"}],"up":[{"embeddable":true,"href":"https:\/\/www.versiegelung24.com\/ro\/wp-json\/wp\/v2\/pages\/34655"}],"wp:featuredmedia":[{"embeddable":true,"href":"https:\/\/www.versiegelung24.com\/ro\/wp-json\/wp\/v2\/media\/170416"}],"wp:attachment":[{"href":"https:\/\/www.versiegelung24.com\/ro\/wp-json\/wp\/v2\/media?parent=171074"}],"wp:term":[{"taxonomy":"category","embeddable":true,"href":"https:\/\/www.versiegelung24.com\/ro\/wp-json\/wp\/v2\/categories?post=171074"},{"taxonomy":"seiten_kategorie","embeddable":true,"href":"https:\/\/www.versiegelung24.com\/ro\/wp-json\/wp\/v2\/seiten_kategorie?post=171074"}],"curies":[{"name":"wp","href":"https:\/\/api.w.org\/{rel}","templated":true}]}}