{"id":101905,"date":"2023-02-22T14:43:52","date_gmt":"2023-02-22T13:43:52","guid":{"rendered":"https:\/\/www.versiegelung24.com\/oberflaechen\/lemn-de-cedru\/"},"modified":"2024-01-12T18:24:12","modified_gmt":"2024-01-12T17:24:12","slug":"lemn-de-cedru","status":"publish","type":"ver_surface","link":"https:\/\/www.versiegelung24.com\/ro\/suprafete\/lemn-de-cedru\/","title":{"rendered":"Lemn de cedru"},"content":{"rendered":"<p>Cedrul este un lemn de \u00eenalt\u0103 calitate care este foarte popular datorit\u0103 rezisten\u021bei sale ridicate la intemperii \u0219i a mirosului s\u0103u pl\u0103cut. Este adesea folosit pentru fabricarea de mobilier de gr\u0103din\u0103, terase \u0219i garduri. Cu toate acestea, deoarece lemnul de cedru este expus la influen\u021bele mediului, cum ar fi umiditatea \u0219i radia\u021biile UV, trebuie protejat \u0219i \u00eengrijit pentru a-i prelungi durata de via\u021b\u0103.<\/p>\n<p>O modalitate de a proteja lemnul de cedru este impregnarea sau ungerea acestuia cu ulei. Aceste procese ofer\u0103 protec\u021bie \u00eempotriva umezelii \u0219i a radia\u021biilor UV \u0219i confer\u0103 lemnului o barier\u0103 suplimentar\u0103 \u00eempotriva deterior\u0103rii. De asemenea, este important s\u0103 se \u00eentre\u021bin\u0103 \u0219i s\u0103 se trateze cedrul \u00een mod regulat pentru a-\u0219i p\u0103stra frumuse\u021bea \u0219i rezisten\u021ba la intemperii.<\/p>\n<p>Fie c\u0103 este vorba de \u00eentre\u021binerea terasei de cedru sau de protec\u021bia mobilierului de gr\u0103din\u0103 din cedru, exist\u0103 o gam\u0103 larg\u0103 de produse de protec\u021bie din cedru disponibile pentru a fi cump\u0103rate online la Versiegelung24.com. Echipa noastr\u0103 de service va fi bucuroas\u0103 s\u0103 v\u0103 ajute dac\u0103 ave\u021bi \u00eentreb\u0103ri.<\/p>\n","protected":false},"excerpt":{"rendered":"<p>Cedrul este un lemn de \u00eenalt\u0103 calitate care este foarte popular datorit\u0103 rezisten\u021bei sale ridicate la intemperii \u0219i a mirosului s\u0103u pl\u0103cut. Este adesea folosit pentru fabricarea de mobilier de gr\u0103din\u0103, terase \u0219i garduri. Cu toate acestea, deoarece lemnul de cedru este expus la influen\u021bele mediului, cum ar fi umiditatea \u0219i radia\u021biile UV, trebuie protejat&hellip;&nbsp;<a href=\"https:\/\/www.versiegelung24.com\/ro\/suprafete\/lemn-de-cedru\/\" rel=\"bookmark\">Read More &raquo;<span class=\"screen-reader-text\">Lemn de cedru<\/span><\/a><\/p>\n","protected":false},"featured_media":0,"template":"","meta":{"_acf_changed":false,"neve_meta_sidebar":"","neve_meta_container":"","neve_meta_enable_content_width":"","neve_meta_content_width":0,"neve_meta_title_alignment":"","neve_meta_author_avatar":"","neve_post_elements_order":"","neve_meta_disable_header":"","neve_meta_disable_footer":"","neve_meta_disable_title":"","neve_meta_reading_time":""},"class_list":["post-101905","ver_surface","type-ver_surface","status-publish","hentry"],"acf":[],"yoast_head":"<!-- This site is optimized with the Yoast SEO Premium plugin v22.8 (Yoast SEO v27.5) - https:\/\/yoast.com\/product\/yoast-seo-premium-wordpress\/ -->\n<title>Impregnare de cedru<\/title>\n<meta name=\"description\" content=\"Afla\u021bi cum s\u0103 proteja\u021bi \u0219i s\u0103 \u00eengriji\u021bi cedrul pentru a-i prelungi durata de via\u021b\u0103. La Versiegelung24.com ve\u021bi g\u0103si o gam\u0103 larg\u0103 de produse pentru impregnarea lemnului de cedru \u0219i protec\u021bia lemnului de cedru.\" \/>\n<meta name=\"robots\" content=\"index, follow, max-snippet:-1, max-image-preview:large, max-video-preview:-1\" \/>\n<link rel=\"canonical\" href=\"https:\/\/www.versiegelung24.com\/ro\/suprafete\/lemn-de-cedru\/\" \/>\n<meta property=\"og:locale\" content=\"ro_RO\" \/>\n<meta property=\"og:type\" content=\"article\" \/>\n<meta property=\"og:title\" content=\"Lemn de cedru\" \/>\n<meta property=\"og:description\" content=\"Afla\u021bi cum s\u0103 proteja\u021bi \u0219i s\u0103 \u00eengriji\u021bi cedrul pentru a-i prelungi durata de via\u021b\u0103. La Versiegelung24.com ve\u021bi g\u0103si o gam\u0103 larg\u0103 de produse pentru impregnarea lemnului de cedru \u0219i protec\u021bia lemnului de cedru.\" \/>\n<meta property=\"og:url\" content=\"https:\/\/www.versiegelung24.com\/ro\/suprafete\/lemn-de-cedru\/\" \/>\n<meta property=\"og:site_name\" content=\"versiegelung24.com\" \/>\n<meta property=\"article:modified_time\" content=\"2024-01-12T17:24:12+00:00\" \/>\n<meta name=\"twitter:card\" content=\"summary_large_image\" \/>\n<meta name=\"twitter:label1\" content=\"Timp estimat pentru citire\" \/>\n\t<meta name=\"twitter:data1\" content=\"1 minut\" \/>\n<script type=\"application\/ld+json\" class=\"yoast-schema-graph\">{\"@context\":\"https:\\\/\\\/schema.org\",\"@graph\":[{\"@type\":\"WebPage\",\"@id\":\"https:\\\/\\\/www.versiegelung24.com\\\/ro\\\/suprafete\\\/lemn-de-cedru\\\/\",\"url\":\"https:\\\/\\\/www.versiegelung24.com\\\/ro\\\/suprafete\\\/lemn-de-cedru\\\/\",\"name\":\"Impregnare de cedru\",\"isPartOf\":{\"@id\":\"https:\\\/\\\/www.versiegelung24.com\\\/ro\\\/#website\"},\"datePublished\":\"2023-02-22T13:43:52+00:00\",\"dateModified\":\"2024-01-12T17:24:12+00:00\",\"description\":\"Afla\u021bi cum s\u0103 proteja\u021bi \u0219i s\u0103 \u00eengriji\u021bi cedrul pentru a-i prelungi durata de via\u021b\u0103. La Versiegelung24.com ve\u021bi g\u0103si o gam\u0103 larg\u0103 de produse pentru impregnarea lemnului de cedru \u0219i protec\u021bia lemnului de cedru.\",\"breadcrumb\":{\"@id\":\"https:\\\/\\\/www.versiegelung24.com\\\/ro\\\/suprafete\\\/lemn-de-cedru\\\/#breadcrumb\"},\"inLanguage\":\"ro-RO\",\"potentialAction\":[{\"@type\":\"ReadAction\",\"target\":[\"https:\\\/\\\/www.versiegelung24.com\\\/ro\\\/suprafete\\\/lemn-de-cedru\\\/\"]}]},{\"@type\":\"BreadcrumbList\",\"@id\":\"https:\\\/\\\/www.versiegelung24.com\\\/ro\\\/suprafete\\\/lemn-de-cedru\\\/#breadcrumb\",\"itemListElement\":[{\"@type\":\"ListItem\",\"position\":1,\"name\":\"Pagina de start\",\"item\":\"https:\\\/\\\/www.versiegelung24.com\\\/ro\\\/fata\\\/\"},{\"@type\":\"ListItem\",\"position\":2,\"name\":\"Consilier\",\"item\":\"https:\\\/\\\/www.versiegelung24.com\\\/ro\\\/sfaturi-despre-produsele-versiegelung24\\\/\"},{\"@type\":\"ListItem\",\"position\":3,\"name\":\"suprafete\",\"item\":\"https:\\\/\\\/www.versiegelung24.com\\\/ro\\\/sfaturi-despre-produsele-versiegelung24\\\/cautator-de-produse\\\/\"},{\"@type\":\"ListItem\",\"position\":4,\"name\":\"Lemn de cedru\"}]},{\"@type\":\"WebSite\",\"@id\":\"https:\\\/\\\/www.versiegelung24.com\\\/ro\\\/#website\",\"url\":\"https:\\\/\\\/www.versiegelung24.com\\\/ro\\\/\",\"name\":\"versiegelung24.com\",\"description\":\"Fl\u00fcssigglas-Versiegelung - Made in Germany\",\"publisher\":{\"@id\":\"https:\\\/\\\/www.versiegelung24.com\\\/ro\\\/#organization\"},\"potentialAction\":[{\"@type\":\"SearchAction\",\"target\":{\"@type\":\"EntryPoint\",\"urlTemplate\":\"https:\\\/\\\/www.versiegelung24.com\\\/ro\\\/?s={search_term_string}\"},\"query-input\":{\"@type\":\"PropertyValueSpecification\",\"valueRequired\":true,\"valueName\":\"search_term_string\"}}],\"inLanguage\":\"ro-RO\"},{\"@type\":\"Organization\",\"@id\":\"https:\\\/\\\/www.versiegelung24.com\\\/ro\\\/#organization\",\"name\":\"versiegelung24\",\"url\":\"https:\\\/\\\/www.versiegelung24.com\\\/ro\\\/\",\"logo\":{\"@type\":\"ImageObject\",\"inLanguage\":\"ro-RO\",\"@id\":\"https:\\\/\\\/www.versiegelung24.com\\\/ro\\\/#\\\/schema\\\/logo\\\/image\\\/\",\"url\":\"https:\\\/\\\/www.versiegelung24.com\\\/wp-content\\\/uploads\\\/2020\\\/04\\\/versiegelung24.png\",\"contentUrl\":\"https:\\\/\\\/www.versiegelung24.com\\\/wp-content\\\/uploads\\\/2020\\\/04\\\/versiegelung24.png\",\"width\":470,\"height\":102,\"caption\":\"versiegelung24\"},\"image\":{\"@id\":\"https:\\\/\\\/www.versiegelung24.com\\\/ro\\\/#\\\/schema\\\/logo\\\/image\\\/\"}}]}<\/script>\n<!-- \/ Yoast SEO Premium plugin. -->","yoast_head_json":{"title":"Impregnare de cedru","description":"Afla\u021bi cum s\u0103 proteja\u021bi \u0219i s\u0103 \u00eengriji\u021bi cedrul pentru a-i prelungi durata de via\u021b\u0103. La Versiegelung24.com ve\u021bi g\u0103si o gam\u0103 larg\u0103 de produse pentru impregnarea lemnului de cedru \u0219i protec\u021bia lemnului de cedru.","robots":{"index":"index","follow":"follow","max-snippet":"max-snippet:-1","max-image-preview":"max-image-preview:large","max-video-preview":"max-video-preview:-1"},"canonical":"https:\/\/www.versiegelung24.com\/ro\/suprafete\/lemn-de-cedru\/","og_locale":"ro_RO","og_type":"article","og_title":"Lemn de cedru","og_description":"Afla\u021bi cum s\u0103 proteja\u021bi \u0219i s\u0103 \u00eengriji\u021bi cedrul pentru a-i prelungi durata de via\u021b\u0103. La Versiegelung24.com ve\u021bi g\u0103si o gam\u0103 larg\u0103 de produse pentru impregnarea lemnului de cedru \u0219i protec\u021bia lemnului de cedru.","og_url":"https:\/\/www.versiegelung24.com\/ro\/suprafete\/lemn-de-cedru\/","og_site_name":"versiegelung24.com","article_modified_time":"2024-01-12T17:24:12+00:00","twitter_card":"summary_large_image","twitter_misc":{"Timp estimat pentru citire":"1 minut"},"schema":{"@context":"https:\/\/schema.org","@graph":[{"@type":"WebPage","@id":"https:\/\/www.versiegelung24.com\/ro\/suprafete\/lemn-de-cedru\/","url":"https:\/\/www.versiegelung24.com\/ro\/suprafete\/lemn-de-cedru\/","name":"Impregnare de cedru","isPartOf":{"@id":"https:\/\/www.versiegelung24.com\/ro\/#website"},"datePublished":"2023-02-22T13:43:52+00:00","dateModified":"2024-01-12T17:24:12+00:00","description":"Afla\u021bi cum s\u0103 proteja\u021bi \u0219i s\u0103 \u00eengriji\u021bi cedrul pentru a-i prelungi durata de via\u021b\u0103. La Versiegelung24.com ve\u021bi g\u0103si o gam\u0103 larg\u0103 de produse pentru impregnarea lemnului de cedru \u0219i protec\u021bia lemnului de cedru.","breadcrumb":{"@id":"https:\/\/www.versiegelung24.com\/ro\/suprafete\/lemn-de-cedru\/#breadcrumb"},"inLanguage":"ro-RO","potentialAction":[{"@type":"ReadAction","target":["https:\/\/www.versiegelung24.com\/ro\/suprafete\/lemn-de-cedru\/"]}]},{"@type":"BreadcrumbList","@id":"https:\/\/www.versiegelung24.com\/ro\/suprafete\/lemn-de-cedru\/#breadcrumb","itemListElement":[{"@type":"ListItem","position":1,"name":"Pagina de start","item":"https:\/\/www.versiegelung24.com\/ro\/fata\/"},{"@type":"ListItem","position":2,"name":"Consilier","item":"https:\/\/www.versiegelung24.com\/ro\/sfaturi-despre-produsele-versiegelung24\/"},{"@type":"ListItem","position":3,"name":"suprafete","item":"https:\/\/www.versiegelung24.com\/ro\/sfaturi-despre-produsele-versiegelung24\/cautator-de-produse\/"},{"@type":"ListItem","position":4,"name":"Lemn de cedru"}]},{"@type":"WebSite","@id":"https:\/\/www.versiegelung24.com\/ro\/#website","url":"https:\/\/www.versiegelung24.com\/ro\/","name":"versiegelung24.com","description":"Fl\u00fcssigglas-Versiegelung - Made in Germany","publisher":{"@id":"https:\/\/www.versiegelung24.com\/ro\/#organization"},"potentialAction":[{"@type":"SearchAction","target":{"@type":"EntryPoint","urlTemplate":"https:\/\/www.versiegelung24.com\/ro\/?s={search_term_string}"},"query-input":{"@type":"PropertyValueSpecification","valueRequired":true,"valueName":"search_term_string"}}],"inLanguage":"ro-RO"},{"@type":"Organization","@id":"https:\/\/www.versiegelung24.com\/ro\/#organization","name":"versiegelung24","url":"https:\/\/www.versiegelung24.com\/ro\/","logo":{"@type":"ImageObject","inLanguage":"ro-RO","@id":"https:\/\/www.versiegelung24.com\/ro\/#\/schema\/logo\/image\/","url":"https:\/\/www.versiegelung24.com\/wp-content\/uploads\/2020\/04\/versiegelung24.png","contentUrl":"https:\/\/www.versiegelung24.com\/wp-content\/uploads\/2020\/04\/versiegelung24.png","width":470,"height":102,"caption":"versiegelung24"},"image":{"@id":"https:\/\/www.versiegelung24.com\/ro\/#\/schema\/logo\/image\/"}}]}},"_links":{"self":[{"href":"https:\/\/www.versiegelung24.com\/ro\/wp-json\/wp\/v2\/ver_surface\/101905","targetHints":{"allow":["GET"]}}],"collection":[{"href":"https:\/\/www.versiegelung24.com\/ro\/wp-json\/wp\/v2\/ver_surface"}],"about":[{"href":"https:\/\/www.versiegelung24.com\/ro\/wp-json\/wp\/v2\/types\/ver_surface"}],"wp:attachment":[{"href":"https:\/\/www.versiegelung24.com\/ro\/wp-json\/wp\/v2\/media?parent=101905"}],"curies":[{"name":"wp","href":"https:\/\/api.w.org\/{rel}","templated":true}]}}