{"id":144168,"date":"2024-01-12T18:17:10","date_gmt":"2024-01-12T17:17:10","guid":{"rendered":"https:\/\/www.versiegelung24.com\/oberflaechen\/fatade-din-sticla\/"},"modified":"2024-01-12T18:17:10","modified_gmt":"2024-01-12T17:17:10","slug":"fatade-din-sticla","status":"publish","type":"ver_surface","link":"https:\/\/www.versiegelung24.com\/ro\/suprafe\u021be\/fatade-din-sticla\/","title":{"rendered":"Fa\u021bade din sticl\u0103"},"content":{"rendered":"\n<p>Fa\u021badele din sticl\u0103 sunt o caracteristic\u0103 arhitectural\u0103 impresionant\u0103 a cl\u0103dirilor moderne, dar necesit\u0103 o \u00eengrijire \u0219i o \u00eentre\u021binere special\u0103. Tratarea suprafe\u021belor \u0219i etan\u0219area acestor fa\u021bade este esen\u021bial\u0103 pentru a le men\u021bine frumuse\u021bea \u0219i func\u021bionalitatea \u00een anii urm\u0103tori.  <\/p>\n\n<p>Fa\u021badele din sticl\u0103 sunt expuse \u00een mod constant la o mare varietate de influen\u021be de mediu: de la ploaie, z\u0103pad\u0103 \u0219i grindin\u0103 la raze UV, murd\u0103rie, praf \u0219i murd\u0103rie industrial\u0103. F\u0103r\u0103 un etan\u0219ant sau un strat de acoperire adecvat, aceste influen\u021be pot duce la deterior\u0103ri permanente, decolorare \u0219i chiar la formarea de rugin\u0103 pe elementele de fixare.<\/p>\n\n<p>Tratarea atent\u0103 a suprafe\u021bei fa\u021badelor de sticl\u0103 \u0219i acoperirea fa\u021badelor de sticl\u0103 nu numai c\u0103 protejeaz\u0103 \u00eempotriva influen\u021belor externe, dar faciliteaz\u0103 \u0219i \u00eentre\u021binerea fa\u021badelor de sticl\u0103. Cu un etan\u0219ant adecvat, sunt necesari mai pu\u021bini agen\u021bi de cur\u0103\u021bare, iar durata de via\u021b\u0103 a fa\u021badei este considerabil prelungit\u0103.<\/p>\n\n<p>Pentru cei care sunt \u00een c\u0103utarea unor produse de etan\u0219are fiabile \u0219i de \u00eenalt\u0103 calitate: La Versiegelung24.com ve\u021bi g\u0103si o gam\u0103 larg\u0103 de produse pentru etan\u0219area fa\u021badelor de sticl\u0103. Echipa noastr\u0103 de service va fi bucuroas\u0103 s\u0103 v\u0103 r\u0103spund\u0103 la \u00eentreb\u0103ri \u00een orice moment.<\/p>\n","protected":false},"excerpt":{"rendered":"<p>Fa\u021badele din sticl\u0103 sunt o caracteristic\u0103 arhitectural\u0103 impresionant\u0103 a cl\u0103dirilor moderne, dar necesit\u0103 o \u00eengrijire \u0219i o \u00eentre\u021binere special\u0103. Tratarea suprafe\u021belor \u0219i etan\u0219area acestor fa\u021bade este esen\u021bial\u0103 pentru a le men\u021bine frumuse\u021bea \u0219i func\u021bionalitatea \u00een anii urm\u0103tori. Fa\u021badele din sticl\u0103 sunt expuse \u00een mod constant la o mare varietate de influen\u021be de mediu: de la&hellip;&nbsp;<a href=\"https:\/\/www.versiegelung24.com\/ro\/suprafe\u021be\/fatade-din-sticla\/\" rel=\"bookmark\">Read More &raquo;<span class=\"screen-reader-text\">Fa\u021bade din sticl\u0103<\/span><\/a><\/p>\n","protected":false},"featured_media":0,"template":"","meta":{"_acf_changed":false,"neve_meta_sidebar":"","neve_meta_container":"","neve_meta_enable_content_width":"","neve_meta_content_width":0,"neve_meta_title_alignment":"","neve_meta_author_avatar":"","neve_post_elements_order":"","neve_meta_disable_header":"","neve_meta_disable_footer":"","neve_meta_disable_title":"","neve_meta_reading_time":""},"class_list":["post-144168","ver_surface","type-ver_surface","status-publish","hentry"],"acf":[],"yoast_head":"<!-- This site is optimized with the Yoast SEO Premium plugin v22.8 (Yoast SEO v27.5) - https:\/\/yoast.com\/product\/yoast-seo-premium-wordpress\/ -->\n<title>Etan\u0219area fa\u021badelor de sticl\u0103<\/title>\n<meta name=\"description\" content=\"Proteja\u021bi-v\u0103 fa\u021bada de sticl\u0103 de influen\u021bele mediului \u0219i prelungi\u021bi-i durata de via\u021b\u0103. Produse disponibile acum la Versiegelung24.com!\" \/>\n<meta name=\"robots\" content=\"index, follow, max-snippet:-1, max-image-preview:large, max-video-preview:-1\" \/>\n<link rel=\"canonical\" href=\"https:\/\/www.versiegelung24.com\/ro\/suprafe\u021be\/fatade-din-sticla\/\" \/>\n<meta property=\"og:locale\" content=\"ro_RO\" \/>\n<meta property=\"og:type\" content=\"article\" \/>\n<meta property=\"og:title\" content=\"Fa\u021bade din sticl\u0103\" \/>\n<meta property=\"og:description\" content=\"Proteja\u021bi-v\u0103 fa\u021bada de sticl\u0103 de influen\u021bele mediului \u0219i prelungi\u021bi-i durata de via\u021b\u0103. Produse disponibile acum la Versiegelung24.com!\" \/>\n<meta property=\"og:url\" content=\"https:\/\/www.versiegelung24.com\/ro\/suprafe\u021be\/fatade-din-sticla\/\" \/>\n<meta property=\"og:site_name\" content=\"versiegelung24.com\" \/>\n<meta name=\"twitter:card\" content=\"summary_large_image\" \/>\n<meta name=\"twitter:label1\" content=\"Timp estimat pentru citire\" \/>\n\t<meta name=\"twitter:data1\" content=\"1 minut\" \/>\n<script type=\"application\/ld+json\" class=\"yoast-schema-graph\">{\"@context\":\"https:\\\/\\\/schema.org\",\"@graph\":[{\"@type\":\"WebPage\",\"@id\":\"https:\\\/\\\/www.versiegelung24.com\\\/ro\\\/suprafe\u021be\\\/fatade-din-sticla\\\/\",\"url\":\"https:\\\/\\\/www.versiegelung24.com\\\/ro\\\/suprafe\u021be\\\/fatade-din-sticla\\\/\",\"name\":\"Etan\u0219area fa\u021badelor de sticl\u0103\",\"isPartOf\":{\"@id\":\"https:\\\/\\\/www.versiegelung24.com\\\/ro\\\/#website\"},\"datePublished\":\"2024-01-12T17:17:10+00:00\",\"description\":\"Proteja\u021bi-v\u0103 fa\u021bada de sticl\u0103 de influen\u021bele mediului \u0219i prelungi\u021bi-i durata de via\u021b\u0103. Produse disponibile acum la Versiegelung24.com!\",\"breadcrumb\":{\"@id\":\"https:\\\/\\\/www.versiegelung24.com\\\/ro\\\/suprafe\u021be\\\/fatade-din-sticla\\\/#breadcrumb\"},\"inLanguage\":\"ro-RO\",\"potentialAction\":[{\"@type\":\"ReadAction\",\"target\":[\"https:\\\/\\\/www.versiegelung24.com\\\/ro\\\/suprafe\u021be\\\/fatade-din-sticla\\\/\"]}]},{\"@type\":\"BreadcrumbList\",\"@id\":\"https:\\\/\\\/www.versiegelung24.com\\\/ro\\\/suprafe\u021be\\\/fatade-din-sticla\\\/#breadcrumb\",\"itemListElement\":[{\"@type\":\"ListItem\",\"position\":1,\"name\":\"Pagina de start\",\"item\":\"https:\\\/\\\/www.versiegelung24.com\\\/ro\\\/fata\\\/\"},{\"@type\":\"ListItem\",\"position\":2,\"name\":\"Consilier\",\"item\":\"https:\\\/\\\/www.versiegelung24.com\\\/ro\\\/sfaturi-despre-produsele-versiegelung24\\\/\"},{\"@type\":\"ListItem\",\"position\":3,\"name\":\"suprafete\",\"item\":\"https:\\\/\\\/www.versiegelung24.com\\\/ro\\\/sfaturi-despre-produsele-versiegelung24\\\/cautator-de-produse\\\/\"},{\"@type\":\"ListItem\",\"position\":4,\"name\":\"Fa\u021bade din sticl\u0103\"}]},{\"@type\":\"WebSite\",\"@id\":\"https:\\\/\\\/www.versiegelung24.com\\\/ro\\\/#website\",\"url\":\"https:\\\/\\\/www.versiegelung24.com\\\/ro\\\/\",\"name\":\"versiegelung24.com\",\"description\":\"Fl\u00fcssigglas-Versiegelung - Made in Germany\",\"publisher\":{\"@id\":\"https:\\\/\\\/www.versiegelung24.com\\\/ro\\\/#organization\"},\"potentialAction\":[{\"@type\":\"SearchAction\",\"target\":{\"@type\":\"EntryPoint\",\"urlTemplate\":\"https:\\\/\\\/www.versiegelung24.com\\\/ro\\\/?s={search_term_string}\"},\"query-input\":{\"@type\":\"PropertyValueSpecification\",\"valueRequired\":true,\"valueName\":\"search_term_string\"}}],\"inLanguage\":\"ro-RO\"},{\"@type\":\"Organization\",\"@id\":\"https:\\\/\\\/www.versiegelung24.com\\\/ro\\\/#organization\",\"name\":\"versiegelung24\",\"url\":\"https:\\\/\\\/www.versiegelung24.com\\\/ro\\\/\",\"logo\":{\"@type\":\"ImageObject\",\"inLanguage\":\"ro-RO\",\"@id\":\"https:\\\/\\\/www.versiegelung24.com\\\/ro\\\/#\\\/schema\\\/logo\\\/image\\\/\",\"url\":\"https:\\\/\\\/www.versiegelung24.com\\\/wp-content\\\/uploads\\\/2020\\\/04\\\/versiegelung24.png\",\"contentUrl\":\"https:\\\/\\\/www.versiegelung24.com\\\/wp-content\\\/uploads\\\/2020\\\/04\\\/versiegelung24.png\",\"width\":470,\"height\":102,\"caption\":\"versiegelung24\"},\"image\":{\"@id\":\"https:\\\/\\\/www.versiegelung24.com\\\/ro\\\/#\\\/schema\\\/logo\\\/image\\\/\"}}]}<\/script>\n<!-- \/ Yoast SEO Premium plugin. -->","yoast_head_json":{"title":"Etan\u0219area fa\u021badelor de sticl\u0103","description":"Proteja\u021bi-v\u0103 fa\u021bada de sticl\u0103 de influen\u021bele mediului \u0219i prelungi\u021bi-i durata de via\u021b\u0103. Produse disponibile acum la Versiegelung24.com!","robots":{"index":"index","follow":"follow","max-snippet":"max-snippet:-1","max-image-preview":"max-image-preview:large","max-video-preview":"max-video-preview:-1"},"canonical":"https:\/\/www.versiegelung24.com\/ro\/suprafe\u021be\/fatade-din-sticla\/","og_locale":"ro_RO","og_type":"article","og_title":"Fa\u021bade din sticl\u0103","og_description":"Proteja\u021bi-v\u0103 fa\u021bada de sticl\u0103 de influen\u021bele mediului \u0219i prelungi\u021bi-i durata de via\u021b\u0103. Produse disponibile acum la Versiegelung24.com!","og_url":"https:\/\/www.versiegelung24.com\/ro\/suprafe\u021be\/fatade-din-sticla\/","og_site_name":"versiegelung24.com","twitter_card":"summary_large_image","twitter_misc":{"Timp estimat pentru citire":"1 minut"},"schema":{"@context":"https:\/\/schema.org","@graph":[{"@type":"WebPage","@id":"https:\/\/www.versiegelung24.com\/ro\/suprafe\u021be\/fatade-din-sticla\/","url":"https:\/\/www.versiegelung24.com\/ro\/suprafe\u021be\/fatade-din-sticla\/","name":"Etan\u0219area fa\u021badelor de sticl\u0103","isPartOf":{"@id":"https:\/\/www.versiegelung24.com\/ro\/#website"},"datePublished":"2024-01-12T17:17:10+00:00","description":"Proteja\u021bi-v\u0103 fa\u021bada de sticl\u0103 de influen\u021bele mediului \u0219i prelungi\u021bi-i durata de via\u021b\u0103. Produse disponibile acum la Versiegelung24.com!","breadcrumb":{"@id":"https:\/\/www.versiegelung24.com\/ro\/suprafe\u021be\/fatade-din-sticla\/#breadcrumb"},"inLanguage":"ro-RO","potentialAction":[{"@type":"ReadAction","target":["https:\/\/www.versiegelung24.com\/ro\/suprafe\u021be\/fatade-din-sticla\/"]}]},{"@type":"BreadcrumbList","@id":"https:\/\/www.versiegelung24.com\/ro\/suprafe\u021be\/fatade-din-sticla\/#breadcrumb","itemListElement":[{"@type":"ListItem","position":1,"name":"Pagina de start","item":"https:\/\/www.versiegelung24.com\/ro\/fata\/"},{"@type":"ListItem","position":2,"name":"Consilier","item":"https:\/\/www.versiegelung24.com\/ro\/sfaturi-despre-produsele-versiegelung24\/"},{"@type":"ListItem","position":3,"name":"suprafete","item":"https:\/\/www.versiegelung24.com\/ro\/sfaturi-despre-produsele-versiegelung24\/cautator-de-produse\/"},{"@type":"ListItem","position":4,"name":"Fa\u021bade din sticl\u0103"}]},{"@type":"WebSite","@id":"https:\/\/www.versiegelung24.com\/ro\/#website","url":"https:\/\/www.versiegelung24.com\/ro\/","name":"versiegelung24.com","description":"Fl\u00fcssigglas-Versiegelung - Made in Germany","publisher":{"@id":"https:\/\/www.versiegelung24.com\/ro\/#organization"},"potentialAction":[{"@type":"SearchAction","target":{"@type":"EntryPoint","urlTemplate":"https:\/\/www.versiegelung24.com\/ro\/?s={search_term_string}"},"query-input":{"@type":"PropertyValueSpecification","valueRequired":true,"valueName":"search_term_string"}}],"inLanguage":"ro-RO"},{"@type":"Organization","@id":"https:\/\/www.versiegelung24.com\/ro\/#organization","name":"versiegelung24","url":"https:\/\/www.versiegelung24.com\/ro\/","logo":{"@type":"ImageObject","inLanguage":"ro-RO","@id":"https:\/\/www.versiegelung24.com\/ro\/#\/schema\/logo\/image\/","url":"https:\/\/www.versiegelung24.com\/wp-content\/uploads\/2020\/04\/versiegelung24.png","contentUrl":"https:\/\/www.versiegelung24.com\/wp-content\/uploads\/2020\/04\/versiegelung24.png","width":470,"height":102,"caption":"versiegelung24"},"image":{"@id":"https:\/\/www.versiegelung24.com\/ro\/#\/schema\/logo\/image\/"}}]}},"_links":{"self":[{"href":"https:\/\/www.versiegelung24.com\/ro\/wp-json\/wp\/v2\/ver_surface\/144168","targetHints":{"allow":["GET"]}}],"collection":[{"href":"https:\/\/www.versiegelung24.com\/ro\/wp-json\/wp\/v2\/ver_surface"}],"about":[{"href":"https:\/\/www.versiegelung24.com\/ro\/wp-json\/wp\/v2\/types\/ver_surface"}],"wp:attachment":[{"href":"https:\/\/www.versiegelung24.com\/ro\/wp-json\/wp\/v2\/media?parent=144168"}],"curies":[{"name":"wp","href":"https:\/\/api.w.org\/{rel}","templated":true}]}}