{"id":23091,"date":"2020-04-04T18:53:21","date_gmt":"2021-08-02T19:19:29","guid":{"rendered":"https:\/\/www.versiegelung24.com\/produkt\/zulove-tesnenie-v-profesionalnej-kvalite"},"modified":"2025-01-03T23:51:37","modified_gmt":"2025-01-03T22:51:37","slug":"tesnenie-zuly-v-profesionalnej-kvalite","status":"publish","type":"product","link":"https:\/\/www.versiegelung24.com\/sk\/tesnenie-zuly-v-profesionalnej-kvalite.html","title":{"rendered":"\u017dulov\u00e9 tesnenie s dlhodob\u00fdm a hlbok\u00fdm \u00fa\u010dinkom &#8211; pr\u00e9miov\u00e1 kvalita"},"content":{"rendered":"\n<h2 class=\"wp-block-heading\" id=\"granitversiegelung-premium-qualitat\">\u017dulov\u00e9 tesnenie &#8211; prvotriedna kvalita<\/h2>\n\n<h2 class=\"wp-block-heading\" id=\"pflege-und-reinigung-von-granit\">\u00dadr\u017eba a \u010distenie \u017euly<\/h2>\n\n<p>Aj ke\u010f sa \u017eulov\u00fd st\u00f4l \u010di podlaha \u010di drez z tohto kame\u0148a prirodzene pova\u017euj\u00fa za robustn\u00e9, aj tento pr\u00edrodn\u00fd kame\u0148 potrebuje pravideln\u00fa \u00fadr\u017ebu \u2013 ve\u010f by mal vyzera\u0165 trvalo kr\u00e1sne a leskne. Drah\u00e1 a u\u0161\u013eachtil\u00e1 \u017eula, ktor\u00e1 sa z dlhodob\u00e9ho h\u013eadiska opotreb\u00fava, a t\u00fdm sa st\u00e1va matnou a nevzh\u013eadnou, si \u010dasto vy\u017eaduje nov\u00fd strih a tesnenie. Pravideln\u00e9 utieranie \u0161peci\u00e1lnymi \u010distiacimi prostriedkami zachov\u00e1 a trvalo zlep\u0161\u00ed prirodzen\u00fa kr\u00e1su \u017euly. Na \u00fadr\u017ebu je mo\u017en\u00e9 podlahu potrie\u0165 \u010dpavkom a potom podlahov\u00fdm voskom. Vonku m\u00f4\u017eu siln\u00e9 z\u00e1sady (napr. Pr\u00e1\u0161ok a z\u00e1lo\u017eky do um\u00fdva\u010dky riadu) robi\u0165 z\u00e1zraky s \u013eahk\u00fdm zne\u010disten\u00edm od prachu a machu. Vlhk\u00e1 so\u013e m\u00f4\u017ee pom\u00f4c\u0165 s \u010derstv\u00fdmi \u0161kvrnami. Ove\u013ea \u0165a\u017e\u0161ie je odstr\u00e1ni\u0165 mastn\u00e9 \u0161kvrny voskom alebo olejom. V tomto pr\u00edpade sa osved\u010dili pr\u00e1\u0161ky alebo \u0161peci\u00e1lne pasty absorbuj\u00face vlhkos\u0165. Mali by kona\u0165 pod\u013ea pokynov v\u00fdrobcu, utrie\u0165 ich a opakova\u0165 nieko\u013ekokr\u00e1t. Tu je mo\u017en\u00e9 pou\u017ei\u0165 n\u00e1\u0161 koncentr\u00e1t \u010distiaceho prostriedku <a href=\"https:\/\/www.versiegelung24.com\/biosativa-bio-putzmittel.html\">BIOSATIVA\u00ae<\/a> . To je vhodn\u00e9, preto\u017ee je \u00faplne biologicky odb\u00farate\u013en\u00e9. Nedoch\u00e1dza k strate \u010distiacej sily.<\/p>\n\n<div class=\"wp-block-columns is-layout-flex wp-container-core-columns-is-layout-9d6595d7 wp-block-columns-is-layout-flex\">\n<div class=\"wp-block-column is-layout-flow wp-block-column-is-layout-flow\">\n<h2 class=\"wp-block-heading\" id=\"definition-und-zusammensetzung\">Defin\u00edcia a zlo\u017eenie<\/h2>\n\n\n\n<p>\u017duly s\u00fa vyvreliny, ktor\u00e9 sa tvoria z roztavenej horniny. Mohutn\u00e1 a pomerne hrubo kry\u0161talick\u00e1 magmatick\u00e1 hornina je bohat\u00e1 na \u017eivce, kreme\u0148 a tmav\u00e9 miner\u00e1ly, ako je s\u013euda. \u017dula vznik\u00e1 tuhnut\u00edm magmy (taveniny horn\u00edn) v zemskej k\u00f4re, v\u00e4\u010d\u0161inou v h\u013abkach viac ako dva kilometre pod zemsk\u00fdm povrchom. Z tohto d\u00f4vodu je \u017eula jednou z hlbok\u00fdch horn\u00edn. Po\u017eadovan\u00fd obsah kreme\u0148a v \u013eahk\u00fdch miner\u00e1loch pre \u017eulu mus\u00ed by\u0165 najmenej 20 percent a\u017e maxim\u00e1lne 60 percent. Vo v\u00e4\u010d\u0161ine pr\u00edpadov s\u00fa \u017euly horniny svetlej farby. Okrem bielych, \u010dervenkast\u00fdch alebo \u017eltkast\u00fdch farieb existuj\u00fa aj viacfarebn\u00e9 varianty &#8211; \u017eula v\u0161ak nikdy nie je \u00faplne \u010dierna. To je presne to, kde sa \u017eula l\u00ed\u0161i od gabra alebo bazaltov, najm\u00e4 preto, \u017ee neobsahuj\u00fa \u017eiadny kreme\u0148. Tento aspekt by sa mal vzia\u0165 do \u00favahy pri obchode s pr\u00edrodn\u00fdm kame\u0148om, preto\u017ee tieto kamene nemaj\u00fa ni\u010d spolo\u010dn\u00e9 so \u017eulou a \u010dasto s\u00fa menej pevn\u00e9.<\/p>\n<\/div>\n\n\n\n<div class=\"wp-block-column is-layout-flow wp-block-column-is-layout-flow\">\n<h2 class=\"wp-block-heading\" id=\"eigenschaften-und-klassifizierung\">Vlastnosti a klasifik\u00e1cia<\/h2>\n\n\n\n<p>Jednu z ve\u013ek\u00fdch v\u00fdhod \u017euly je mo\u017en\u00e9 vidie\u0165 v jej robustnosti. Nie nadarmo sa ust\u00e1lili v\u00fdrazy ako \u201etvrd\u00fd ako \u017eula\u201c alebo \u201eskus na \u017eule\u201c, odkazuj\u00face na odolnos\u0165 skaly. \u017duly m\u00f4\u017eu vyzera\u0165 ve\u013emi odli\u0161ne aj pri rovnakom chemickom zlo\u017een\u00ed. Farba miner\u00e1lov a ich ve\u013ekos\u0165 zrna s\u00fa zodpovedn\u00e9 hlavne za mno\u017estvo r\u00f4znych variantov. \u017dula je spravidla stredne hrub\u00e1 a\u017e hrubozrnn\u00e1. M\u00e1 relat\u00edvne jednotn\u00fd vzh\u013ead, ktor\u00fd je v\u00fdsledkom homog\u00e9nnej distrib\u00facie miner\u00e1lov s v\u00e4\u010d\u0161inou bezsmernou text\u00farou. Jeho \u0161trukt\u00fara sa vyzna\u010duje priamym spojen\u00edm z\u0155n, pri\u010dom ve\u013ekos\u0165 kry\u0161t\u00e1lov sa obvykle pohybuje od jedn\u00e9ho do nieko\u013ek\u00fdch centimetrov. Okrem granitov rovnakej ve\u013ekosti, v ktor\u00fdch s\u00fa takmer v\u0161etky kry\u0161t\u00e1ly rovnakej ve\u013ekosti, nie je neobvykl\u00e9, \u017ee sa vyskytuj\u00fa granity nepravideln\u00e9ho zrna alebo porf\u00fdru. V tomto pr\u00edpade s\u00fa jednotliv\u00e9 kry\u0161t\u00e1ly &#8211; v\u00e4\u010d\u0161inou takzvan\u00e9 \u017eivce &#8211; nieko\u013ekokr\u00e1t v\u00e4\u010d\u0161ie ako ostatn\u00e9 miner\u00e1ly.<\/p>\n<\/div>\n<\/div>\n\n<p>Na\u0161e \u017eulov\u00e9 tesnenie dosahuje v\u010faka svojmu h\u013abkov\u00e9mu \u00fa\u010dinku jedine\u010dn\u00fd dlhodob\u00fd \u00fa\u010dinok, v\u010faka ktor\u00e9mu kame\u0148 vyzer\u00e1 dlhodobo dobre a \u00fa\u010dinne a trvalo chr\u00e1ni pred v\u0161etk\u00fdmi vonkaj\u0161\u00edmi vplyvmi. V\u010faka lotosov\u00e9mu efektu sa voda v bud\u00facnosti jednoducho zroluje z povrchu.<\/p>\n\n<hr\/>\n\n<h2 class=\"wp-block-heading\" id=\"video\">Video k produktu: Tesnenie \u017eulov\u00fdch dosiek v interi\u00e9ri aj exteri\u00e9ri<\/h2>\n\n<figure class=\"wp-block-embed aligncenter is-type-video is-provider-youtube wp-block-embed-youtube wp-embed-aspect-16-9 wp-has-aspect-ratio\"><div class=\"wp-block-embed__wrapper\"> \n<div class=\"nv-iframe-embed\"><iframe title=\"Granitversiegelung Innenbereich &amp; Au\u00dfenbereich\" width=\"1200\" height=\"675\" src=\"https:\/\/www.youtube.com\/embed\/UOoe5R-2wXw?feature=oembed\" frameborder=\"0\" allow=\"accelerometer; autoplay; clipboard-write; encrypted-media; gyroscope; picture-in-picture\" allowfullscreen><\/iframe><\/div>\n <\/div><\/figure>\n\n<h4 class=\"wp-block-heading\" id=\"properties\">Vlastnosti produktu<\/h4>\n\n<div class=\"wp-block-columns is-layout-flex wp-container-core-columns-is-layout-9d6595d7 wp-block-columns-is-layout-flex\">\n<div class=\"wp-block-column is-layout-flow wp-block-column-is-layout-flow\">\n<p><strong>Vysoko \u00fa\u010dinn\u00fd profesion\u00e1lny \u017eulov\u00fd tmel s h\u013abkov\u00fdm efektom a vodoodpudiv\u00fdm lotosov\u00fdm efektom<\/strong><\/p>\n\n\n\n<p><br\/>\u010c\u00edslo polo\u017eky: 3005-7620 Nov\u00e1 verzia so zlep\u0161en\u00fdm \u00fa\u010dinkom proti tukom a \u010derven\u00e9mu v\u00ednu (predt\u00fdm \u010d\u00edslo polo\u017eky 3005-620)<\/p>\n\n\n\n<p>Vysok\u00e1 kvalita Made in Germany<\/p>\n\n\n\n<p><strong>bezpe\u010dnos\u0165 produktu<\/strong><\/p>\n\n\n\n<p>Inform\u00e1cie o klasifik\u00e1cii produktu v r\u00e1mci Nariadenia o nebezpe\u010dn\u00fdch l\u00e1tkach, bezpe\u010dnostn\u00e9 \u00fadaje a \u00fadaje o toxikol\u00f3gii a skladovan\u00ed n\u00e1jdete v na\u0161ej karte bezpe\u010dnostn\u00fdch \u00fadajov.<\/p>\n\n\n\n<p><strong>skladovanie<\/strong><\/p>\n\n\n\n<p><strong>V24 \u017eulov\u00e9 tesnenie<\/strong> nesmie pr\u00eds\u0165 do styku s vlhkos\u0165ou. Skladovanie by malo prebieha\u0165 pri teplot\u00e1ch od -10 \u00b0 C do +40 \u00b0 C.<\/p>\n\n\n\n<p><strong>V24 \u017eulov\u00e9 tesnenie<\/strong> m\u00e1 neobmedzen\u00fa trvanlivos\u0165 v p\u00f4vodnom uzavretom obale.<\/p>\n\n\n\n<p><\/p>\n\n\n\n<p><strong>Rozsah doru\u010denia:<\/strong><\/p>\n\n\n\n<p><br\/>1 x litrov\u00e1 f\u013ea\u0161a 1 x rozpra\u0161ovacia hlavica<br\/><\/p>\n<\/div>\n\n\n\n<div class=\"wp-block-column is-layout-flow wp-block-column-is-layout-flow\">\n<p>\u2713 \u00da\u010dinn\u00e1 trval\u00e1 ochrana povrchu pred vodou, ne\u010distotami a poveternostn\u00fdmi vplyvmi<\/p>\n\n\n\n<p>\u2713 zabra\u0148uje rastu machov, li\u0161ajn\u00edkov, h\u00fab a \u010fal\u0161\u00edch pr\u00edrodn\u00fdch vplyvov<\/p>\n\n\n\n<p>\u2713 \u017eiadna zmena vzh\u013eadu a dojmu povrchu (absol\u00fatne nevidite\u013en\u00fd)<\/p>\n\n\n\n<p>\u2713 extr\u00e9mna odolnos\u0165 proti oderu v\u010faka zl\u00fa\u010denin\u00e1m krem\u00edka s dlh\u00fdm re\u0165azcom (SiO\u00b2)<\/p>\n\n\n\n<p>\u2713 Dlhodob\u00fd h\u013abkov\u00fd efekt v\u010faka vysokej h\u013abke prieniku a\u017e 25 mm (v z\u00e1vislosti od nasiakavosti kame\u0148a)<\/p>\n\n\n\n<p>\u2713 Povrch zost\u00e1va priedu\u0161n\u00fd (otvoren\u00fd dif\u00fazii), tak\u017ee neexistuje \u017eiadna bari\u00e9rov\u00e1 vrstva ani zamokrenie<\/p>\n\n\n\n<p>\u2713 absol\u00fatne mrazuvzdorn\u00fd (\u013ead a sneh nesp\u00f4sobuj\u00fa \u017eiadne \u0161kody)<\/p>\n\n\n\n<p>\u2713 UV stabiln\u00fd<\/p>\n\n\n\n<p>\u2713 Efekt \u013eahko \u010distite\u013en\u00e9ho: \u0161pina nepri\u013ene a d\u00e1 sa \u013eahko odstr\u00e1ni\u0165<\/p>\n\n\n\n<p>\u2713 Spr\u00e1vne aplikovan\u00fd tmel je trvanliv\u00fd mnoho rokov, preto\u017ee vytv\u00e1ra kovalentn\u00fa (trval\u00fa) v\u00e4zbu s povrchom<\/p>\n\n\n\n<p>\u2713 Odpor\u00fa\u010dan\u00e1 aplika\u010dn\u00e1 teplota +5 a\u017e +25\u00b0C<\/p>\n<\/div>\n<\/div>\n\n<hr\/>\n\n<h4 class=\"wp-block-heading\" id=\"application\">Aplik\u00e1cia<\/h4>\n\n<div class=\"wp-block-columns is-layout-flex wp-container-core-columns-is-layout-9d6595d7 wp-block-columns-is-layout-flex\">\n<div class=\"wp-block-column is-layout-flow wp-block-column-is-layout-flow\">\n<ul class=\"wp-block-list\">\n<li><strong>V24 \u017eulov\u00e9 tesnenie<\/strong> dod\u00e1va sa pripraven\u00fd na pou\u017eitie a nan\u00e1\u0161a sa nezrieden\u00fd na vopred vy\u010disten\u00fd a vysu\u0161en\u00fd povrch.<\/li>\n<\/ul>\n\n\n\n<ul class=\"wp-block-list\">\n<li>V\u0161etky povrchy, ktor\u00e9 sa maj\u00fa o\u0161etri\u0165, musia by\u0165 such\u00e9 a dobre vy\u010disten\u00e9, preto\u017ee len tak je mo\u017en\u00e9 zaisti\u0165 hlbok\u00fa penetr\u00e1ciu tmelu, ktor\u00e1 m\u00e1 optim\u00e1lny dlhodob\u00fd a hlbok\u00fd \u00fa\u010dinok.<\/li>\n<\/ul>\n\n\n\n<ul class=\"wp-block-list\">\n<li>Po aplik\u00e1cii sa<strong> Tesnenie z pr\u00edrodn\u00e9ho kame\u0148a V24<\/strong> zosta\u0165 v kontakte s povrchom ako film kvapaliny nieko\u013eko sek\u00fand.<\/li>\n<\/ul>\n\n\n\n<ul class=\"wp-block-list\">\n<li>Povlak je \u00faplne zosie\u0165ovan\u00fd a vytvrden\u00fd po 24 hodin\u00e1ch.<\/li>\n<\/ul>\n\n\n\n<p><\/p>\n<\/div>\n\n\n\n<div class=\"wp-block-column is-layout-flow wp-block-column-is-layout-flow\">\n<p>Podrobn\u00fd popis aplik\u00e1cie n\u00e1jdete v na\u0161om \u00fadajovom liste<\/p>\n\n\n\n<p>Vhodn\u00fd na v\u0161etky miner\u00e1lne, nasiakav\u00e9 povrchy \u017euly s otvoren\u00fdmi p\u00f3rmi v interi\u00e9ri aj exteri\u00e9ri. Spotreba cca 40-70m\u00b2 \/ liter.<\/p>\n\n\n\n<p>\u2713 \u017dulov\u00e9 dla\u017edice<\/p>\n\n\n\n<p>\u2713 \u017dulov\u00e9 parapety<\/p>\n\n\n\n<p>\u2713 \u017dulov\u00e9 dosky<\/p>\n\n\n\n<p>\u2713 \u017dulov\u00fd drez<\/p>\n\n\n\n<p>\u2713 \u017dulov\u00e9 stoly<\/p>\n<\/div>\n<\/div>\n\n<hr\/>\n\n<div class=\"wp-block-columns is-layout-flex wp-container-core-columns-is-layout-9d6595d7 wp-block-columns-is-layout-flex\">\n<div class=\"wp-block-column is-layout-flow wp-block-column-is-layout-flow\" style=\"flex-basis:33.33%\">\n<h2 class=\"wp-block-heading\" id=\"advisor\">Farebn\u00fd st\u00f4l pre \u017eulu<\/h2>\n\n\n\n<p>Obsah miner\u00e1lov (%) farbivo<\/p>\n\n\n\n<ul class=\"wp-block-list\">\n<li>Kalifeld- alebo Orthoklasspat 40-60 v\u00e4\u010d\u0161inou siln\u00e9 \u010derven\u00e9 \/ \u010dervenkast\u00e9 \/ ru\u017eov\u00e9, len zriedka zelen\u00e9 \/ modrast\u00e9<\/li>\n\n\n\n<li>\u017divec plagioklasov\u00fd 0-30 v\u00e4\u010d\u0161inou biely a\u017e bielosiv\u00fd, len zriedka sfarben\u00fd<\/li>\n\n\n\n<li>Kreme\u0148 20-40 v\u00e4\u010d\u0161inou bezfarebn\u00fd \/ prieh\u013eadn\u00fd, len zriedka ru\u017eov\u00fd \/ modrosiv\u00fd \/ siv\u00fd<\/li>\n\n\n\n<li>S\u013euda (biotit) 0-15 d\u00e1va mnoh\u00fdm granitom tmav\u00fd kontrast<\/li>\n<\/ul>\n\n\n\n<p>V\u0161etky druhy \u017euly maj\u00fa jednu vec spolo\u010dn\u00fa: s\u00fa tvrd\u0161ie v porovnan\u00ed s in\u00fdmi be\u017en\u00fdmi druhmi pr\u00edrodn\u00e9ho kame\u0148a. Vzh\u013eadom na vysok\u00fd obsah kreme\u0148a s\u00fa v\u0161etky druhy \u017euly ide\u00e1lne vhodn\u00e9 pre kuchynsk\u00e9 dosky, interi\u00e9rov\u00e9 podlahy a in\u00e9 le\u0161ten\u00e9 povrchy, ktor\u00e9 musia odol\u00e1va\u0165 siln\u00e9mu opotrebovaniu. Pod\u013ea toho je \u017eula v\u0161estrann\u00fdm stavebn\u00fdm materi\u00e1lom, ktor\u00fd v\u00fdrazne vylep\u0161uje budovu alebo vonkaj\u0161iu oblas\u0165.<\/p>\n<\/div>\n\n\n\n<div class=\"wp-block-column is-layout-flow wp-block-column-is-layout-flow\" style=\"flex-basis:66.66%\">\n<br\/>\n\n\n\n<figure class=\"wp-block-image size-large\"><img fetchpriority=\"high\" decoding=\"async\" width=\"1300\" height=\"866\" src=\"https:\/\/www.versiegelung24.com\/wp-content\/uploads\/2022\/01\/Content_Granit_1-1300x866.jpg\" alt=\"\" class=\"wp-image-45535\" srcset=\"https:\/\/www.versiegelung24.com\/wp-content\/uploads\/2022\/01\/Content_Granit_1-1300x866.jpg 1300w, https:\/\/www.versiegelung24.com\/wp-content\/uploads\/2022\/01\/Content_Granit_1-scaled-600x400.jpg 600w, https:\/\/www.versiegelung24.com\/wp-content\/uploads\/2022\/01\/Content_Granit_1-300x200.jpg 300w, https:\/\/www.versiegelung24.com\/wp-content\/uploads\/2022\/01\/Content_Granit_1-768x512.jpg 768w, https:\/\/www.versiegelung24.com\/wp-content\/uploads\/2022\/01\/Content_Granit_1-1536x1024.jpg 1536w, https:\/\/www.versiegelung24.com\/wp-content\/uploads\/2022\/01\/Content_Granit_1-2048x1365.jpg 2048w, https:\/\/www.versiegelung24.com\/wp-content\/uploads\/2022\/01\/Content_Granit_1-930x620.jpg 930w\" sizes=\"(max-width: 1300px) 100vw, 1300px\" \/><\/figure>\n<\/div>\n<\/div>\n\n<h2 class=\"wp-block-heading\" id=\"granitversiegelung-nutzen-und-vorgehensweise\">\u017dulov\u00e9 tesnenie &#8211; pou\u017eitie a postup<\/h2>\n\n<p>Chr\u00e1ni\u0165 \u017eulu pred matnos\u0165ou, ako aj pred opotrebovan\u00edm a pred\u00eds\u0165 trval\u00e9mu zne\u010disteniu je jedna<strong> \u017dulov\u00fd tmel<\/strong> alebo.<strong> impregn\u00e1cia<\/strong> Odpor\u00fa\u010dame medzi vlastn\u00e9 \u0161tyri steny. \u017dulov\u00e9 tesnenie zvn\u00fatra by sa malo vykona\u0165 a\u017e po d\u00f4kladnom d\u00f4kladnom vy\u010disten\u00ed \u0161peci\u00e1lnymi \u010distiacimi prostriedkami na such\u00fa podlahu. V z\u00e1vislosti od odrody m\u00f4\u017ee proces su\u0161enia trva\u0165 a\u017e osem t\u00fd\u017ed\u0148ov, najm\u00e4 preto, \u017ee \u017eulov\u00e1 podlaha m\u00f4\u017ee absorbova\u0165 a uklada\u0165 ve\u013ea vlhkosti. Pr\u00ed\u010dina spo\u010d\u00edva v jedinej slabej str\u00e1nke pr\u00edrodn\u00e9ho kame\u0148a: v otvoren\u00fdch p\u00f3roch.<\/p>\n\n<p>Tie\u017e jeden<strong> Vonkaj\u0161ie tesnenie \u017euly<\/strong> Vzh\u013eadom na zr\u00e1\u017eky je v\u0161ak vhodn\u00e1 aj \u0161pina a mach. Pred utesnen\u00edm \u017euly by ste mali odstr\u00e1ni\u0165 v\u0161etky ne\u010distoty, preto\u017ee pod ochrannou vrstvou by sa mohli zachova\u0165 ne\u010distoty a mach. Je v\u0161ak potrebn\u00e9 vzia\u0165 do \u00favahy citlivos\u0165 pr\u00edrodn\u00e9ho kame\u0148a na kyseliny, a preto nie s\u00fa v\u0161etky \u010distiace prostriedky rovnako vhodn\u00e9. Utesnen\u00e1 vlhkos\u0165 by bola ide\u00e1lnou \u017eivnou p\u00f4dou pre bakt\u00e9rie a z\u00e1rodky. Tento efekt je mo\u017en\u00e9 vyl\u00fa\u010di\u0165 najm\u00e4 vo vonkaj\u0161ej oblasti, ako aj na stolov\u00fdch a kuchynsk\u00fdch pracovn\u00fdch dosk\u00e1ch. Vo vonkaj\u0161om priestore pon\u00faka krycia f\u00f3lia po vy\u010disten\u00ed dostato\u010dn\u00fa ochranu. Akon\u00e1hle je \u017eulov\u00e1 podlaha d\u00f4kladne vy\u010disten\u00e1 a \u00faplne such\u00e1, m\u00f4\u017eete nanies\u0165 tmel. Inform\u00e1cie o v\u00fdrobcovi poskytuj\u00fa inform\u00e1cie o spracovan\u00ed a mno\u017estve. Tesniaci tmel by sa mal pou\u017e\u00edva\u0165 spravidla striedmo a rovnomerne ho nan\u00e1\u0161a\u0165 \u0161tetcom. V z\u00e1vislosti od po\u010dasia a produktu m\u00f4\u017ee potom granitov\u00fd tmel schn\u00fa\u0165 4 a\u017e 24 hod\u00edn. Ak sa nepou\u017e\u00edvaj\u00fa trval\u00e9 tmely, tento postup by sa mal opakova\u0165 ka\u017ed\u00e9 dva a\u017e tri roky.<\/p>\n<div class=\"wp-block-image\">\n<figure class=\"aligncenter size-large is-resized\"><img decoding=\"async\" width=\"1300\" height=\"173\" src=\"https:\/\/www.versiegelung24.com\/wp-content\/uploads\/2022\/02\/Content_Granit_Versiegelung-1300x173.jpg\" alt=\"\" class=\"wp-image-80341\" style=\"width:1500px;height:200px\" srcset=\"https:\/\/www.versiegelung24.com\/wp-content\/uploads\/2022\/02\/Content_Granit_Versiegelung-1300x173.jpg 1300w, https:\/\/www.versiegelung24.com\/wp-content\/uploads\/2022\/02\/Content_Granit_Versiegelung-300x40.jpg 300w, https:\/\/www.versiegelung24.com\/wp-content\/uploads\/2022\/02\/Content_Granit_Versiegelung-768x102.jpg 768w, https:\/\/www.versiegelung24.com\/wp-content\/uploads\/2022\/02\/Content_Granit_Versiegelung-600x80.jpg 600w, https:\/\/www.versiegelung24.com\/wp-content\/uploads\/2022\/02\/Content_Granit_Versiegelung.jpg 1500w\" sizes=\"(max-width: 1300px) 100vw, 1300px\" \/><\/figure>\n<\/div>\n<p><strong>\u017dula v dome a z\u00e1hrade<\/strong><\/p>\n\n<p>\u017dulu je mo\u017en\u00e9 pou\u017ei\u0165 ako v dome, tak aj na z\u00e1hrade. Tu je nieko\u013eko podrobn\u00fdch inform\u00e1ci\u00ed o \u017eul\u00e1ch.<\/p>\n\n<div class=\"wp-block-columns is-layout-flex wp-container-core-columns-is-layout-9d6595d7 wp-block-columns-is-layout-flex\">\n<div class=\"wp-block-column is-layout-flow wp-block-column-is-layout-flow\">\n<h2 class=\"wp-block-heading\" id=\"granit-waschbecken-asthetisch-und-elegant\">\u017dulov\u00e9 drezy &#8211; estetick\u00e9 a elegantn\u00e9<\/h2>\n\n\n\n<p>Elegantn\u00e9, pr\u00edrodn\u00e9, \u0161t\u00fdlov\u00e9, nad\u010dasov\u00e9 &#8211; \u017eulov\u00e9 um\u00fdvadlo dod\u00e1 k\u00fape\u013eni nie\u010do. Um\u00fdvadl\u00e1 s\u00fa vyr\u00e1ban\u00e9 jednotlivo z bloku \u017euly a povrch je v procese dokon\u010dovania le\u0161ten\u00fd do vysok\u00e9ho lesku. Um\u00fdvadl\u00e1 s\u00fa \u010dasto k dispoz\u00edcii v r\u00f4znych farb\u00e1ch kame\u0148a, aby bolo mo\u017en\u00e9 um\u00fdvadlo ve\u013emi harmonicky integrova\u0165 do interi\u00e9ru. V z\u00e1vislosti od farby m\u00f4\u017ee rozmanit\u00fd povrch dlho skr\u00fdva\u0165 vodn\u00e9 \u0161kvrny. V ka\u017edom pr\u00edpade voda nem\u00f4\u017ee po\u0161kodi\u0165 vysokokvalitn\u00fa \u017eulu v\u010faka svojej \u0161peci\u00e1lnej \u0161trukt\u00fare povrchu. Hlbok\u00e9 um\u00fdvadl\u00e1 aj plytk\u00e9 \u017e\u013eaby s\u00fa k dispoz\u00edcii pre stredomorsk\u00fa atmosf\u00e9ru.<\/p>\n<\/div>\n\n\n\n<div class=\"wp-block-column is-layout-flow wp-block-column-is-layout-flow\">\n<h2 class=\"wp-block-heading\" id=\"granittisch-und-granitplatten-unempfindlich-und-stabil\">\u017dulov\u00fd st\u00f4l a \u017eulov\u00e9 dosky &#8211; necitliv\u00e9 a stabiln\u00e9<\/h2>\n\n\n\n<p>\u017dulov\u00fd st\u00f4l sa vyzna\u010duje trvanlivos\u0165ou a nad\u010dasovou aurou. So \u017eulov\u00fdm stolom si ka\u017ed\u00fd m\u00f4\u017ee prinies\u0165 do svojho domova dom\u00e1ci n\u00e1bytok v\u00fdraznej robustnosti a estetiky. M\u00f4\u017eete si vybra\u0165 z r\u00f4znych farebn\u00fdch odtie\u0148ov od svetl\u00fdch po tmav\u00e9, najm\u00e4 preto, \u017ee \u017eiadne dva \u017eulov\u00e9 stoly nie s\u00fa rovnak\u00e9. V\u010faka svojej klasickej elegancii a pevnosti je \u017eulov\u00fd st\u00f4l v s\u00falade s takmer ka\u017ed\u00fdm \u0161t\u00fdlom b\u00fdvania. Povrch je volite\u013ene le\u0161ten\u00fd, honovan\u00fd alebo br\u00fasen\u00fd, \u010do dod\u00e1va kame\u0148u vlastn\u00fd v\u00fdraz. Vzh\u013eadom na n\u00edzke n\u00e1roky na \u00fadr\u017ebu a vysok\u00fa odolnos\u0165 vo\u010di poveternostn\u00fdm vplyvom je \u017eulov\u00fd st\u00f4l vhodn\u00fd aj ako z\u00e1hradn\u00fd doplnok a pova\u017euje sa za relat\u00edvne nekomplikovan\u00fd a nen\u00e1ro\u010dn\u00fd. Dosky v kuchyni s\u00fa tie\u017e st\u00e1le ob\u013e\u00fabenej\u0161ie. Na povrchu \u017eulovej dosky nezost\u00e1va ni\u010d a ani po mnoh\u00fdch rokoch pou\u017e\u00edvania nie je mo\u017en\u00e9 vidie\u0165 prelia\u010diny ani rezy.<\/p>\n<\/div>\n<\/div>\n\n<h2 class=\"wp-block-heading\" id=\"granit-fensterbank-schlichte-eleganz-und-haltbarkeit\">\u017dulov\u00fd parapet &#8211; jednoduch\u00e1 elegancia a trvanlivos\u0165<\/h2>\n\n<p>\u017dulov\u00e9 parapety s\u00fa tie\u017e s\u00fa\u010das\u0165ou reperto\u00e1ru, rovnako ako m\u00e1rnosti a \u017eulov\u00e9 dosky. Poskytuj\u00fa atrakt\u00edvne dizajnov\u00e9 akcenty a s\u00fa pova\u017eovan\u00e9 za obzvl\u00e1\u0161\u0165 odoln\u00e9 vo\u010di n\u00e1razom. \u017dulov\u00fd okenn\u00fd parapet je tie\u017e dobr\u00fdm prezenta\u010dn\u00fdm povrchom pre rastliny a objekty a d\u00e1 sa dobre zladi\u0165 s farbou steny alebo fas\u00e1dou. \u017dulov\u00fd okenn\u00fd parapet je navy\u0161e odoln\u00fd vo\u010di poveternostn\u00fdm vplyvom, mrazuvzdorn\u00fd, \u013eahko sa star\u00e1, m\u00e1 n\u00edzky hluk, ke\u010f pr\u0161\u00ed, a nie je deformovan\u00fd, ke\u010f je vystaven\u00fd slne\u010dn\u00e9mu \u017eiareniu. Okenn\u00fd parapet je k dispoz\u00edcii aj v r\u00f4znych rozmeroch a je rovnako vhodn\u00fd do interi\u00e9ru aj exteri\u00e9ru.<\/p>\n\n<h2 class=\"wp-block-heading\" id=\"granitfliesen-fur-ein-stilvolles-ambiente\">\u017dulov\u00e9 dla\u017edice pre \u0161t\u00fdlov\u00e9 prostredie<\/h2>\n\n<p>\u017dulov\u00e9 dla\u017edice harmonicky zapadaj\u00fa do atmosf\u00e9ry. Ich dlhovekos\u0165 sa za tie roky r\u00fdchlo vr\u00e1ti. \u017dulov\u00e9 dla\u017edice s\u00fa koniec koncov v\u00e4\u010d\u0161inou mrazuvzdorn\u00e9 a vhodn\u00e9 do exteri\u00e9ru i interi\u00e9ru. V\u010faka vodotesn\u00e9mu povrchu a hrejiv\u00e9mu pocitu s\u00fa \u017eulov\u00e9 dla\u017edice ide\u00e1lne aj do predsien\u00ed, kuch\u00fd\u0148 a k\u00fape\u013en\u00ed. Farebn\u00e9 spektrum je obrovsk\u00e9 a pohybuje sa od tmavo\u010dervenej po modr\u00fa a bielosiv\u00fa. \u017dulov\u00e9 dla\u017edice dodaj\u00fa ka\u017edej miestnosti ten spr\u00e1vny vzh\u013ead a u\u0161\u013eachtil\u00fd lesk.<\/p>\n\n<h4 class=\"wp-block-heading\" id=\"faq\">\u010cASTO KLADEN\u00c9 OT\u00c1ZKY<\/h4>\n\n<div class=\"wp-block-columns is-layout-flex wp-container-core-columns-is-layout-9d6595d7 wp-block-columns-is-layout-flex\">\n<div class=\"wp-block-column is-layout-flow wp-block-column-is-layout-flow\" style=\"flex-basis:100%\">\n<div class=\"schema-faq wp-block-yoast-faq-block\"><div class=\"schema-faq-section\" id=\"faq-question-1723129133239\"><strong class=\"schema-faq-question\">Pre\u010do nem\u00e1 tesnenie optim\u00e1lny \u00fa\u010dinok \/ Pre\u010do nem\u00e1 \u017eiadny \u00fa\u010dinok?\n\/ Pre\u010do nem\u00e1 dlhodob\u00fd \u00fa\u010dinok? <\/strong> <p class=\"schema-faq-answer\"><br>1. \u00da\u010dinnos\u0165 tmelu sa m\u00f4\u017ee zn\u00ed\u017ei\u0165, ak sa po\u010das f\u00e1zy nan\u00e1\u0161ania alebo schnutia (pribli\u017ene 24 hod\u00edn) vyskytne vlhkos\u0165 (napr. d\u00e1\u017e\u010f alebo st\u00fapaj\u00faca vlhkos\u0165 z podlahy). 2. Probl\u00e9my m\u00f4\u017ee sp\u00f4sobi\u0165 aj pred\u010distenie, ktor\u00e9 nie je \u00faplne bez zvy\u0161kov.\n<br>Je nevyhnutn\u00e9, aby boli \u010distiace prostriedky na kame\u0148 alebo in\u00e9 pred\u010distiace prostriedky \u00faplne odstr\u00e1nen\u00e9. 3. Ak\u00e9ko\u013evek pred\u010distenie m\u00f4\u017ee zabr\u00e1ni\u0165 optim\u00e1lnemu vstreb\u00e1vaniu a usadzovaniu tmelu, \u010do m\u00f4\u017ee vies\u0165 k zn\u00ed\u017een\u00e9mu alebo dlhotrvaj\u00facemu \u00fa\u010dinku. <\/p> <\/div> <div class=\"schema-faq-section\" id=\"faq-question-1723129206298\"><strong class=\"schema-faq-question\">M\u00f4\u017eem kamene \u010disti\u0165 vysokotlakov\u00fdm \u010disti\u010dom?<\/strong> <p class=\"schema-faq-answer\"><br>O<strong>dpor\u00fa\u010danie:<\/strong> 1. Vo v\u0161eobecnosti neodpor\u00fa\u010dame pou\u017e\u00edva\u0165 tlakov\u00fa um\u00fdva\u010dku na \u010distenie kamenn\u00fdch a bet\u00f3nov\u00fdch dosiek.\n<br>Siln\u00fd abraz\u00edvny \u00fa\u010dinok po\u0161kodzuje povrchy a zvy\u0161uje ich n\u00e1chylnos\u0165 na op\u00e4tovn\u00e9 zne\u010distenie a rast rias. 2. Abraz\u00edvny \u00fa\u010dinok tlakovej um\u00fdva\u010dky m\u00f4\u017ee odstr\u00e1ni\u0165 vrchn\u00fa vrstvu tmelu, aj ke\u010f hydrof\u00f3bnos\u0165 v hlb\u0161\u00edch vrstv\u00e1ch zost\u00e1va neporu\u0161en\u00e1. <\/p> <\/div> <div class=\"schema-faq-section\" id=\"faq-question-1723188404369\"><strong class=\"schema-faq-question\">Pre\u010do m\u00f4j tmel nevydr\u017e\u00ed tak dlho, ako som o\u010dak\u00e1val?<\/strong> <p class=\"schema-faq-answer\">Trvanlivos\u0165 tmelu m\u00f4\u017ee by\u0165 ovplyvnen\u00e1 r\u00f4znymi faktormi.\nPr\u00edpadn\u00e9 probl\u00e9my po\u010das aplik\u00e1cie, ako napr\u00edklad vystavenie vlhkosti po\u010das f\u00e1zy schnutia alebo nedostato\u010dn\u00e9 predbe\u017en\u00e9 \u010distenie, m\u00f4\u017eu zhor\u0161i\u0165 optim\u00e1lny \u00fa\u010dinok.\nOkrem toho m\u00f4\u017ee intenz\u00edvne pou\u017e\u00edvanie povrchu skr\u00e1ti\u0165 \u017eivotnos\u0165 tmelu.\nJe v\u0161ak mo\u017en\u00e9, \u017ee h\u013abkov\u00fd \u00fa\u010dinok je st\u00e1le pr\u00edtomn\u00fd v podkladov\u00fdch vrstv\u00e1ch.   <\/p> <\/div> <div class=\"schema-faq-section\" id=\"faq-question-1723188391712\"><strong class=\"schema-faq-question\">Pre\u010do sa nedostav\u00ed po\u017eadovan\u00fd efekt perli\u010diek?<\/strong> <p class=\"schema-faq-answer\">Nedostato\u010dn\u00fd efekt perli\u010diek m\u00f4\u017ee by\u0165 sp\u00f4soben\u00fd probl\u00e9mami s aplik\u00e1ciou tmelu.\nVlhkos\u0165 po\u010das aplik\u00e1cie alebo ne\u00faplne odstr\u00e1nen\u00e9 predbe\u017en\u00e9 \u010distenie m\u00f4\u017eu zhor\u0161i\u0165 \u00fa\u010dinok a zabr\u00e1ni\u0165 optim\u00e1lnemu vstreb\u00e1vaniu a tuhnutiu tmelu. <\/p> <\/div> <\/div>\n<\/div>\n<\/div>\n","protected":false},"excerpt":{"rendered":"<p><strong>Vysoko \u00fa\u010dinn\u00e9 \u017eulov\u00e9 tesnenie pre vn\u00fatorn\u00e9 a vonkaj\u0161ie pou\u017eitie:<\/strong><\/p>\n<p>\u2713 Vhodn\u00e9 pre v\u0161etky miner\u00e1lne nasiakav\u00e9 \u017eulov\u00e9 povrchy<\/p>\n<p>\u2713 Efekt \u013eahko \u010distite\u013en\u00e9ho: \u0161pina nepri\u013ene a d\u00e1 sa \u013eahko odstr\u00e1ni\u0165<\/p>\n<p>\u2713 Absol\u00fatne nevidite\u013en\u00fd: nezmenen\u00fd vzh\u013ead a dojem z povrchu<\/p>\n<p>\u2713 Povrch zost\u00e1va priedu\u0161n\u00fd<\/p>\n<p>\u2713 Dlhotrvaj\u00faci h\u013abkov\u00fd efekt po mnoho rokov<\/p>\n<p>\u2713 Vodoodpudiv\u00fd efekt lotosov\u00fdch per\u00e1l<\/p>\n","protected":false},"featured_media":18008,"template":"","meta":{"_acf_changed":false,"neve_meta_sidebar":"","neve_meta_container":"","neve_meta_enable_content_width":"","neve_meta_content_width":0,"neve_meta_title_alignment":"","neve_meta_author_avatar":"","neve_post_elements_order":"","neve_meta_disable_header":"","neve_meta_disable_footer":"","neve_meta_disable_title":"","neve_meta_reading_time":"","_surfaces":[],"_ver_product_tabs":[],"footnotes":""},"product_brand":[],"product_cat":[2410],"product_tag":[],"class_list":{"0":"post-23091","1":"product","2":"type-product","3":"status-publish","4":"has-post-thumbnail","6":"product_cat-tesnenie-kamena-a-betonu","7":"pa_gebinde-1000-ml-flasa","8":"pa_gebinde-20l-kanister-sk","9":"pa_gebinde-5l-kanister-sk","11":"first","12":"instock","13":"taxable","14":"shipping-taxable","15":"purchasable","16":"product-type-variable","17":"has-default-attributes"},"acf":[],"yoast_head":"<!-- This site is optimized with the Yoast SEO Premium plugin v22.8 (Yoast SEO v27.5) - https:\/\/yoast.com\/product\/yoast-seo-premium-wordpress\/ -->\n<title>\u017dulov\u00e9 tesnenie s dlhodob\u00fdm a hlbok\u00fdm \u00fa\u010dinkom - pr\u00e9miov\u00e1 kvalita - versiegelung24.com<\/title>\n<meta name=\"description\" content=\"\u017dulov\u00e9 tesnenie - v pr\u00e9miovej kvalite - Chr\u00e1\u0148te svoje predmety zo \u017eulov\u00e9ho kame\u0148a ako profesion\u00e1li! Teraz na Versiegelung24.com!\" \/>\n<meta name=\"robots\" content=\"index, follow, max-snippet:-1, max-image-preview:large, max-video-preview:-1\" \/>\n<link rel=\"canonical\" href=\"https:\/\/www.versiegelung24.com\/sk\/tesnenie-zuly-v-profesionalnej-kvalite.html\" \/>\n<meta property=\"og:locale\" content=\"sk_SK\" \/>\n<meta property=\"og:type\" content=\"article\" \/>\n<meta property=\"og:title\" content=\"\u017dulov\u00e9 tesnenie s dlhodob\u00fdm a hlbok\u00fdm \u00fa\u010dinkom - pr\u00e9miov\u00e1 kvalita\" \/>\n<meta property=\"og:description\" content=\"\u017dulov\u00e9 tesnenie - v pr\u00e9miovej kvalite - Chr\u00e1\u0148te svoje predmety zo \u017eulov\u00e9ho kame\u0148a ako profesion\u00e1li! Teraz na Versiegelung24.com!\" \/>\n<meta property=\"og:url\" content=\"https:\/\/www.versiegelung24.com\/sk\/tesnenie-zuly-v-profesionalnej-kvalite.html\" \/>\n<meta property=\"og:site_name\" content=\"versiegelung24.com\" \/>\n<meta property=\"article:modified_time\" content=\"2025-01-03T22:51:37+00:00\" \/>\n<meta property=\"og:image\" content=\"https:\/\/www.versiegelung24.com\/wp-content\/uploads\/2020\/06\/produkt-3005-620-1000-Granitversiegelung-scaled.jpg\" \/>\n\t<meta property=\"og:image:width\" content=\"2560\" \/>\n\t<meta property=\"og:image:height\" content=\"2560\" \/>\n\t<meta property=\"og:image:type\" content=\"image\/jpeg\" \/>\n<meta name=\"twitter:card\" content=\"summary_large_image\" \/>\n<meta name=\"twitter:label1\" content=\"Dostupnos\u0165\" \/>\n\t<meta name=\"twitter:data1\" content=\"Na sklade\" \/>\n<script type=\"application\/ld+json\" class=\"yoast-schema-graph\">{\"@context\":\"https:\\\/\\\/schema.org\",\"@graph\":[{\"@type\":[\"WebPage\",\"FAQPage\"],\"@id\":\"https:\\\/\\\/www.versiegelung24.com\\\/sk\\\/tesnenie-zuly-v-profesionalnej-kvalite.html\",\"url\":\"https:\\\/\\\/www.versiegelung24.com\\\/sk\\\/tesnenie-zuly-v-profesionalnej-kvalite.html\",\"name\":\"\u017dulov\u00e9 tesnenie s dlhodob\u00fdm a hlbok\u00fdm \u00fa\u010dinkom - pr\u00e9miov\u00e1 kvalita - versiegelung24.com\",\"isPartOf\":{\"@id\":\"https:\\\/\\\/www.versiegelung24.com\\\/sk\\\/#website\"},\"primaryImageOfPage\":{\"@id\":\"https:\\\/\\\/www.versiegelung24.com\\\/sk\\\/tesnenie-zuly-v-profesionalnej-kvalite.html#primaryimage\"},\"image\":{\"@id\":\"https:\\\/\\\/www.versiegelung24.com\\\/sk\\\/tesnenie-zuly-v-profesionalnej-kvalite.html#primaryimage\"},\"thumbnailUrl\":\"https:\\\/\\\/www.versiegelung24.com\\\/wp-content\\\/uploads\\\/2020\\\/06\\\/produkt-3005-620-1000-Granitversiegelung-scaled.jpg\",\"datePublished\":\"2021-08-02T19:19:29+00:00\",\"dateModified\":\"2025-01-03T22:51:37+00:00\",\"description\":\"\u017dulov\u00e9 tesnenie - v pr\u00e9miovej kvalite - Chr\u00e1\u0148te svoje predmety zo \u017eulov\u00e9ho kame\u0148a ako profesion\u00e1li! Teraz na Versiegelung24.com!\",\"breadcrumb\":{\"@id\":\"https:\\\/\\\/www.versiegelung24.com\\\/sk\\\/tesnenie-zuly-v-profesionalnej-kvalite.html#breadcrumb\"},\"mainEntity\":[{\"@id\":\"https:\\\/\\\/www.versiegelung24.com\\\/sk\\\/tesnenie-zuly-v-profesionalnej-kvalite.html#faq-question-1723129133239\"},{\"@id\":\"https:\\\/\\\/www.versiegelung24.com\\\/sk\\\/tesnenie-zuly-v-profesionalnej-kvalite.html#faq-question-1723129206298\"},{\"@id\":\"https:\\\/\\\/www.versiegelung24.com\\\/sk\\\/tesnenie-zuly-v-profesionalnej-kvalite.html#faq-question-1723188404369\"},{\"@id\":\"https:\\\/\\\/www.versiegelung24.com\\\/sk\\\/tesnenie-zuly-v-profesionalnej-kvalite.html#faq-question-1723188391712\"}],\"inLanguage\":\"sk-SK\",\"potentialAction\":[{\"@type\":\"ReadAction\",\"target\":[\"https:\\\/\\\/www.versiegelung24.com\\\/sk\\\/tesnenie-zuly-v-profesionalnej-kvalite.html\"]}]},{\"@type\":\"ImageObject\",\"inLanguage\":\"sk-SK\",\"@id\":\"https:\\\/\\\/www.versiegelung24.com\\\/sk\\\/tesnenie-zuly-v-profesionalnej-kvalite.html#primaryimage\",\"url\":\"https:\\\/\\\/www.versiegelung24.com\\\/wp-content\\\/uploads\\\/2020\\\/06\\\/produkt-3005-620-1000-Granitversiegelung-scaled.jpg\",\"contentUrl\":\"https:\\\/\\\/www.versiegelung24.com\\\/wp-content\\\/uploads\\\/2020\\\/06\\\/produkt-3005-620-1000-Granitversiegelung-scaled.jpg\",\"width\":2560,\"height\":2560},{\"@type\":\"BreadcrumbList\",\"@id\":\"https:\\\/\\\/www.versiegelung24.com\\\/sk\\\/tesnenie-zuly-v-profesionalnej-kvalite.html#breadcrumb\",\"itemListElement\":[{\"@type\":\"ListItem\",\"position\":1,\"name\":\"\u00davodn\u00e1 str\u00e1nka\",\"item\":\"https:\\\/\\\/www.versiegelung24.com\\\/sk\\\/predna-strana\\\/\"},{\"@type\":\"ListItem\",\"position\":2,\"name\":\"Obchod\",\"item\":\"https:\\\/\\\/www.versiegelung24.com\\\/sk\\\/obchod\\\/\"},{\"@type\":\"ListItem\",\"position\":3,\"name\":\"\u017dulov\u00e9 tesnenie s dlhodob\u00fdm a hlbok\u00fdm \u00fa\u010dinkom &#8211; pr\u00e9miov\u00e1 kvalita\"}]},{\"@type\":\"WebSite\",\"@id\":\"https:\\\/\\\/www.versiegelung24.com\\\/sk\\\/#website\",\"url\":\"https:\\\/\\\/www.versiegelung24.com\\\/sk\\\/\",\"name\":\"versiegelung24.com\",\"description\":\"Fl\u00fcssigglas-Versiegelung - Made in Germany\",\"publisher\":{\"@id\":\"https:\\\/\\\/www.versiegelung24.com\\\/sk\\\/#organization\"},\"potentialAction\":[{\"@type\":\"SearchAction\",\"target\":{\"@type\":\"EntryPoint\",\"urlTemplate\":\"https:\\\/\\\/www.versiegelung24.com\\\/sk\\\/?s={search_term_string}\"},\"query-input\":{\"@type\":\"PropertyValueSpecification\",\"valueRequired\":true,\"valueName\":\"search_term_string\"}}],\"inLanguage\":\"sk-SK\"},{\"@type\":\"Organization\",\"@id\":\"https:\\\/\\\/www.versiegelung24.com\\\/sk\\\/#organization\",\"name\":\"versiegelung24\",\"url\":\"https:\\\/\\\/www.versiegelung24.com\\\/sk\\\/\",\"logo\":{\"@type\":\"ImageObject\",\"inLanguage\":\"sk-SK\",\"@id\":\"https:\\\/\\\/www.versiegelung24.com\\\/sk\\\/#\\\/schema\\\/logo\\\/image\\\/\",\"url\":\"https:\\\/\\\/www.versiegelung24.com\\\/wp-content\\\/uploads\\\/2020\\\/04\\\/versiegelung24.png\",\"contentUrl\":\"https:\\\/\\\/www.versiegelung24.com\\\/wp-content\\\/uploads\\\/2020\\\/04\\\/versiegelung24.png\",\"width\":470,\"height\":102,\"caption\":\"versiegelung24\"},\"image\":{\"@id\":\"https:\\\/\\\/www.versiegelung24.com\\\/sk\\\/#\\\/schema\\\/logo\\\/image\\\/\"}},{\"@type\":\"Question\",\"@id\":\"https:\\\/\\\/www.versiegelung24.com\\\/sk\\\/tesnenie-zuly-v-profesionalnej-kvalite.html#faq-question-1723129133239\",\"position\":1,\"url\":\"https:\\\/\\\/www.versiegelung24.com\\\/sk\\\/tesnenie-zuly-v-profesionalnej-kvalite.html#faq-question-1723129133239\",\"name\":\"Wieso zeigt Versiegelung nicht die optimale Wirkung \\\/ Warum ist die Wirkung nicht vorhanden? \\\/ Wieso ist der Effekt der Langzeitwirkung nicht gegeben?\",\"answerCount\":1,\"acceptedAnswer\":{\"@type\":\"Answer\",\"text\":\"1. Die Versiegelung kann in ihrer Wirkung beeintr\u00e4chtigt sein, wenn w\u00e4hrend der Applikation oder Trocknungsphase (etwa 24 Stunden) Feuchtigkeit (z.B. Regen oder aufsteigende Feuchtigkeit aus dem Boden) auftritt.<br\\\/>2. Eine nicht vollst\u00e4ndig r\u00fcckstandsfreie Vorreinigung kann ebenfalls zu Problemen f\u00fchren. Es ist essenziell, dass Steinreiniger oder andere Vorreiniger vollst\u00e4ndig entfernt werden.<br\\\/>3. Eventuelle Vorbeschichtungen k\u00f6nnen das optimale Einziehen und Abbinden der Versiegelung verhindern, was zu einer reduzierten oder nicht langanhaltenden Wirkung f\u00fchren kann.\",\"inLanguage\":\"sk-SK\"},\"inLanguage\":\"sk-SK\"},{\"@type\":\"Question\",\"@id\":\"https:\\\/\\\/www.versiegelung24.com\\\/sk\\\/tesnenie-zuly-v-profesionalnej-kvalite.html#faq-question-1723129206298\",\"position\":2,\"url\":\"https:\\\/\\\/www.versiegelung24.com\\\/sk\\\/tesnenie-zuly-v-profesionalnej-kvalite.html#faq-question-1723129206298\",\"name\":\"Kann ich die Steine mit einem Hochdruckreiniger (K\u00e4rchern) reinigen?\",\"answerCount\":1,\"acceptedAnswer\":{\"@type\":\"Answer\",\"text\":\"<strong>Empfehlung:<\\\/strong><br\\\/>1. Wir raten generell von der Nutzung eines Hochdruckreinigers f\u00fcr die Reinigung von Stein- und Betonplatten ab. Durch die starke Abrasion werden die Oberfl\u00e4chen besch\u00e4digt und anf\u00e4lliger f\u00fcr erneute Verschmutzung und Algenbewuchs.<br\\\/>2. Die fr\u00e4sende Wirkung des Hochdruckreinigers kann die oberste Schicht einer Versiegelung abtragen, selbst wenn die Hydrophobie in den tieferen Schichten erhalten bleibt.\",\"inLanguage\":\"sk-SK\"},\"inLanguage\":\"sk-SK\"},{\"@type\":\"Question\",\"@id\":\"https:\\\/\\\/www.versiegelung24.com\\\/sk\\\/tesnenie-zuly-v-profesionalnej-kvalite.html#faq-question-1723188404369\",\"position\":3,\"url\":\"https:\\\/\\\/www.versiegelung24.com\\\/sk\\\/tesnenie-zuly-v-profesionalnej-kvalite.html#faq-question-1723188404369\",\"name\":\"Warum h\u00e4lt meine Versiegelung nicht so lange wie erwartet?\",\"answerCount\":1,\"acceptedAnswer\":{\"@type\":\"Answer\",\"text\":\"Die Haltbarkeit der Versiegelung kann durch verschiedene Faktoren beeinflusst werden. M\u00f6gliche Probleme w\u00e4hrend der Aufbringung, wie Feuchtigkeitseinwirkung w\u00e4hrend der Trocknungsphase oder eine unzureichende Vorreinigung, k\u00f6nnen die optimale Wirkung beeintr\u00e4chtigen. Zudem kann eine starke Beanspruchung der Oberfl\u00e4che die Lebensdauer der Versiegelung verk\u00fcrzen. Es ist jedoch m\u00f6glich, dass die Tiefenwirkung in den darunter liegenden Schichten weiterhin vorhanden ist.\",\"inLanguage\":\"sk-SK\"},\"inLanguage\":\"sk-SK\"},{\"@type\":\"Question\",\"@id\":\"https:\\\/\\\/www.versiegelung24.com\\\/sk\\\/tesnenie-zuly-v-profesionalnej-kvalite.html#faq-question-1723188391712\",\"position\":4,\"url\":\"https:\\\/\\\/www.versiegelung24.com\\\/sk\\\/tesnenie-zuly-v-profesionalnej-kvalite.html#faq-question-1723188391712\",\"name\":\"Warum tritt der gew\u00fcnschte Abperleffekt nicht ein?\",\"answerCount\":1,\"acceptedAnswer\":{\"@type\":\"Answer\",\"text\":\"Der fehlende Abperleffekt k\u00f6nnte auf Probleme bei der Aufbringung der Versiegelung zur\u00fcckzuf\u00fchren sein. Feuchtigkeit w\u00e4hrend der Applikation oder eine nicht vollst\u00e4ndig entfernte Vorreinigung k\u00f6nnen die Wirkung beeintr\u00e4chtigen und verhindern, dass die Versiegelung optimal einzieht und abbinden kann.\",\"inLanguage\":\"sk-SK\"},\"inLanguage\":\"sk-SK\"}]}<\/script>\n<meta property=\"og:availability\" content=\"instock\" \/>\n<meta property=\"product:availability\" content=\"instock\" \/>\n<meta property=\"product:retailer_item_id\" content=\"3005-7620\" \/>\n<meta property=\"product:condition\" content=\"new\" \/>\n<!-- \/ Yoast SEO Premium plugin. -->","yoast_head_json":{"title":"\u017dulov\u00e9 tesnenie s dlhodob\u00fdm a hlbok\u00fdm \u00fa\u010dinkom - pr\u00e9miov\u00e1 kvalita - versiegelung24.com","description":"\u017dulov\u00e9 tesnenie - v pr\u00e9miovej kvalite - Chr\u00e1\u0148te svoje predmety zo \u017eulov\u00e9ho kame\u0148a ako profesion\u00e1li! Teraz na Versiegelung24.com!","robots":{"index":"index","follow":"follow","max-snippet":"max-snippet:-1","max-image-preview":"max-image-preview:large","max-video-preview":"max-video-preview:-1"},"canonical":"https:\/\/www.versiegelung24.com\/sk\/tesnenie-zuly-v-profesionalnej-kvalite.html","og_locale":"sk_SK","og_type":"article","og_title":"\u017dulov\u00e9 tesnenie s dlhodob\u00fdm a hlbok\u00fdm \u00fa\u010dinkom - pr\u00e9miov\u00e1 kvalita","og_description":"\u017dulov\u00e9 tesnenie - v pr\u00e9miovej kvalite - Chr\u00e1\u0148te svoje predmety zo \u017eulov\u00e9ho kame\u0148a ako profesion\u00e1li! Teraz na Versiegelung24.com!","og_url":"https:\/\/www.versiegelung24.com\/sk\/tesnenie-zuly-v-profesionalnej-kvalite.html","og_site_name":"versiegelung24.com","article_modified_time":"2025-01-03T22:51:37+00:00","og_image":[{"width":2560,"height":2560,"url":"https:\/\/www.versiegelung24.com\/wp-content\/uploads\/2020\/06\/produkt-3005-620-1000-Granitversiegelung-scaled.jpg","type":"image\/jpeg"}],"twitter_card":"summary_large_image","twitter_misc":{"Dostupnos\u0165":"Na sklade"},"schema":{"@context":"https:\/\/schema.org","@graph":[{"@type":["WebPage","FAQPage"],"@id":"https:\/\/www.versiegelung24.com\/sk\/tesnenie-zuly-v-profesionalnej-kvalite.html","url":"https:\/\/www.versiegelung24.com\/sk\/tesnenie-zuly-v-profesionalnej-kvalite.html","name":"\u017dulov\u00e9 tesnenie s dlhodob\u00fdm a hlbok\u00fdm \u00fa\u010dinkom - pr\u00e9miov\u00e1 kvalita - versiegelung24.com","isPartOf":{"@id":"https:\/\/www.versiegelung24.com\/sk\/#website"},"primaryImageOfPage":{"@id":"https:\/\/www.versiegelung24.com\/sk\/tesnenie-zuly-v-profesionalnej-kvalite.html#primaryimage"},"image":{"@id":"https:\/\/www.versiegelung24.com\/sk\/tesnenie-zuly-v-profesionalnej-kvalite.html#primaryimage"},"thumbnailUrl":"https:\/\/www.versiegelung24.com\/wp-content\/uploads\/2020\/06\/produkt-3005-620-1000-Granitversiegelung-scaled.jpg","datePublished":"2021-08-02T19:19:29+00:00","dateModified":"2025-01-03T22:51:37+00:00","description":"\u017dulov\u00e9 tesnenie - v pr\u00e9miovej kvalite - Chr\u00e1\u0148te svoje predmety zo \u017eulov\u00e9ho kame\u0148a ako profesion\u00e1li! Teraz na Versiegelung24.com!","breadcrumb":{"@id":"https:\/\/www.versiegelung24.com\/sk\/tesnenie-zuly-v-profesionalnej-kvalite.html#breadcrumb"},"mainEntity":[{"@id":"https:\/\/www.versiegelung24.com\/sk\/tesnenie-zuly-v-profesionalnej-kvalite.html#faq-question-1723129133239"},{"@id":"https:\/\/www.versiegelung24.com\/sk\/tesnenie-zuly-v-profesionalnej-kvalite.html#faq-question-1723129206298"},{"@id":"https:\/\/www.versiegelung24.com\/sk\/tesnenie-zuly-v-profesionalnej-kvalite.html#faq-question-1723188404369"},{"@id":"https:\/\/www.versiegelung24.com\/sk\/tesnenie-zuly-v-profesionalnej-kvalite.html#faq-question-1723188391712"}],"inLanguage":"sk-SK","potentialAction":[{"@type":"ReadAction","target":["https:\/\/www.versiegelung24.com\/sk\/tesnenie-zuly-v-profesionalnej-kvalite.html"]}]},{"@type":"ImageObject","inLanguage":"sk-SK","@id":"https:\/\/www.versiegelung24.com\/sk\/tesnenie-zuly-v-profesionalnej-kvalite.html#primaryimage","url":"https:\/\/www.versiegelung24.com\/wp-content\/uploads\/2020\/06\/produkt-3005-620-1000-Granitversiegelung-scaled.jpg","contentUrl":"https:\/\/www.versiegelung24.com\/wp-content\/uploads\/2020\/06\/produkt-3005-620-1000-Granitversiegelung-scaled.jpg","width":2560,"height":2560},{"@type":"BreadcrumbList","@id":"https:\/\/www.versiegelung24.com\/sk\/tesnenie-zuly-v-profesionalnej-kvalite.html#breadcrumb","itemListElement":[{"@type":"ListItem","position":1,"name":"\u00davodn\u00e1 str\u00e1nka","item":"https:\/\/www.versiegelung24.com\/sk\/predna-strana\/"},{"@type":"ListItem","position":2,"name":"Obchod","item":"https:\/\/www.versiegelung24.com\/sk\/obchod\/"},{"@type":"ListItem","position":3,"name":"\u017dulov\u00e9 tesnenie s dlhodob\u00fdm a hlbok\u00fdm \u00fa\u010dinkom &#8211; pr\u00e9miov\u00e1 kvalita"}]},{"@type":"WebSite","@id":"https:\/\/www.versiegelung24.com\/sk\/#website","url":"https:\/\/www.versiegelung24.com\/sk\/","name":"versiegelung24.com","description":"Fl\u00fcssigglas-Versiegelung - Made in Germany","publisher":{"@id":"https:\/\/www.versiegelung24.com\/sk\/#organization"},"potentialAction":[{"@type":"SearchAction","target":{"@type":"EntryPoint","urlTemplate":"https:\/\/www.versiegelung24.com\/sk\/?s={search_term_string}"},"query-input":{"@type":"PropertyValueSpecification","valueRequired":true,"valueName":"search_term_string"}}],"inLanguage":"sk-SK"},{"@type":"Organization","@id":"https:\/\/www.versiegelung24.com\/sk\/#organization","name":"versiegelung24","url":"https:\/\/www.versiegelung24.com\/sk\/","logo":{"@type":"ImageObject","inLanguage":"sk-SK","@id":"https:\/\/www.versiegelung24.com\/sk\/#\/schema\/logo\/image\/","url":"https:\/\/www.versiegelung24.com\/wp-content\/uploads\/2020\/04\/versiegelung24.png","contentUrl":"https:\/\/www.versiegelung24.com\/wp-content\/uploads\/2020\/04\/versiegelung24.png","width":470,"height":102,"caption":"versiegelung24"},"image":{"@id":"https:\/\/www.versiegelung24.com\/sk\/#\/schema\/logo\/image\/"}},{"@type":"Question","@id":"https:\/\/www.versiegelung24.com\/sk\/tesnenie-zuly-v-profesionalnej-kvalite.html#faq-question-1723129133239","position":1,"url":"https:\/\/www.versiegelung24.com\/sk\/tesnenie-zuly-v-profesionalnej-kvalite.html#faq-question-1723129133239","name":"Wieso zeigt Versiegelung nicht die optimale Wirkung \/ Warum ist die Wirkung nicht vorhanden? \/ Wieso ist der Effekt der Langzeitwirkung nicht gegeben?","answerCount":1,"acceptedAnswer":{"@type":"Answer","text":"1. Die Versiegelung kann in ihrer Wirkung beeintr\u00e4chtigt sein, wenn w\u00e4hrend der Applikation oder Trocknungsphase (etwa 24 Stunden) Feuchtigkeit (z.B. Regen oder aufsteigende Feuchtigkeit aus dem Boden) auftritt.<br\/>2. Eine nicht vollst\u00e4ndig r\u00fcckstandsfreie Vorreinigung kann ebenfalls zu Problemen f\u00fchren. Es ist essenziell, dass Steinreiniger oder andere Vorreiniger vollst\u00e4ndig entfernt werden.<br\/>3. Eventuelle Vorbeschichtungen k\u00f6nnen das optimale Einziehen und Abbinden der Versiegelung verhindern, was zu einer reduzierten oder nicht langanhaltenden Wirkung f\u00fchren kann.","inLanguage":"sk-SK"},"inLanguage":"sk-SK"},{"@type":"Question","@id":"https:\/\/www.versiegelung24.com\/sk\/tesnenie-zuly-v-profesionalnej-kvalite.html#faq-question-1723129206298","position":2,"url":"https:\/\/www.versiegelung24.com\/sk\/tesnenie-zuly-v-profesionalnej-kvalite.html#faq-question-1723129206298","name":"Kann ich die Steine mit einem Hochdruckreiniger (K\u00e4rchern) reinigen?","answerCount":1,"acceptedAnswer":{"@type":"Answer","text":"<strong>Empfehlung:<\/strong><br\/>1. Wir raten generell von der Nutzung eines Hochdruckreinigers f\u00fcr die Reinigung von Stein- und Betonplatten ab. Durch die starke Abrasion werden die Oberfl\u00e4chen besch\u00e4digt und anf\u00e4lliger f\u00fcr erneute Verschmutzung und Algenbewuchs.<br\/>2. Die fr\u00e4sende Wirkung des Hochdruckreinigers kann die oberste Schicht einer Versiegelung abtragen, selbst wenn die Hydrophobie in den tieferen Schichten erhalten bleibt.","inLanguage":"sk-SK"},"inLanguage":"sk-SK"},{"@type":"Question","@id":"https:\/\/www.versiegelung24.com\/sk\/tesnenie-zuly-v-profesionalnej-kvalite.html#faq-question-1723188404369","position":3,"url":"https:\/\/www.versiegelung24.com\/sk\/tesnenie-zuly-v-profesionalnej-kvalite.html#faq-question-1723188404369","name":"Warum h\u00e4lt meine Versiegelung nicht so lange wie erwartet?","answerCount":1,"acceptedAnswer":{"@type":"Answer","text":"Die Haltbarkeit der Versiegelung kann durch verschiedene Faktoren beeinflusst werden. M\u00f6gliche Probleme w\u00e4hrend der Aufbringung, wie Feuchtigkeitseinwirkung w\u00e4hrend der Trocknungsphase oder eine unzureichende Vorreinigung, k\u00f6nnen die optimale Wirkung beeintr\u00e4chtigen. Zudem kann eine starke Beanspruchung der Oberfl\u00e4che die Lebensdauer der Versiegelung verk\u00fcrzen. Es ist jedoch m\u00f6glich, dass die Tiefenwirkung in den darunter liegenden Schichten weiterhin vorhanden ist.","inLanguage":"sk-SK"},"inLanguage":"sk-SK"},{"@type":"Question","@id":"https:\/\/www.versiegelung24.com\/sk\/tesnenie-zuly-v-profesionalnej-kvalite.html#faq-question-1723188391712","position":4,"url":"https:\/\/www.versiegelung24.com\/sk\/tesnenie-zuly-v-profesionalnej-kvalite.html#faq-question-1723188391712","name":"Warum tritt der gew\u00fcnschte Abperleffekt nicht ein?","answerCount":1,"acceptedAnswer":{"@type":"Answer","text":"Der fehlende Abperleffekt k\u00f6nnte auf Probleme bei der Aufbringung der Versiegelung zur\u00fcckzuf\u00fchren sein. Feuchtigkeit w\u00e4hrend der Applikation oder eine nicht vollst\u00e4ndig entfernte Vorreinigung k\u00f6nnen die Wirkung beeintr\u00e4chtigen und verhindern, dass die Versiegelung optimal einzieht und abbinden kann.","inLanguage":"sk-SK"},"inLanguage":"sk-SK"}]},"og_availability":"instock","product_availability":"instock","product_retailer_item_id":"3005-7620","product_condition":"new"},"_links":{"self":[{"href":"https:\/\/www.versiegelung24.com\/sk\/wp-json\/wp\/v2\/product\/23091","targetHints":{"allow":["GET"]}}],"collection":[{"href":"https:\/\/www.versiegelung24.com\/sk\/wp-json\/wp\/v2\/product"}],"about":[{"href":"https:\/\/www.versiegelung24.com\/sk\/wp-json\/wp\/v2\/types\/product"}],"version-history":[{"count":42,"href":"https:\/\/www.versiegelung24.com\/sk\/wp-json\/wp\/v2\/product\/23091\/revisions"}],"predecessor-version":[{"id":173979,"href":"https:\/\/www.versiegelung24.com\/sk\/wp-json\/wp\/v2\/product\/23091\/revisions\/173979"}],"wp:featuredmedia":[{"embeddable":true,"href":"https:\/\/www.versiegelung24.com\/sk\/wp-json\/wp\/v2\/media\/18008"}],"wp:attachment":[{"href":"https:\/\/www.versiegelung24.com\/sk\/wp-json\/wp\/v2\/media?parent=23091"}],"wp:term":[{"taxonomy":"product_brand","embeddable":true,"href":"https:\/\/www.versiegelung24.com\/sk\/wp-json\/wp\/v2\/product_brand?post=23091"},{"taxonomy":"product_cat","embeddable":true,"href":"https:\/\/www.versiegelung24.com\/sk\/wp-json\/wp\/v2\/product_cat?post=23091"},{"taxonomy":"product_tag","embeddable":true,"href":"https:\/\/www.versiegelung24.com\/sk\/wp-json\/wp\/v2\/product_tag?post=23091"}],"curies":[{"name":"wp","href":"https:\/\/api.w.org\/{rel}","templated":true}]}}