{"id":23780,"date":"2020-04-04T18:53:46","date_gmt":"2021-08-02T20:05:03","guid":{"rendered":"https:\/\/www.versiegelung24.com\/produkt\/utierka-z-mikrovlakna-30-x-30-cm-na-predcistenie-alebo-lestenie"},"modified":"2025-01-04T00:03:55","modified_gmt":"2025-01-03T23:03:55","slug":"handricka-z-mikrovlakna-30x30cm-na-predcistenie-alebo-lestenie","status":"publish","type":"product","link":"https:\/\/www.versiegelung24.com\/sk\/utierka-z-mikrovlakna-30-x-30-cm-na-predcistenie-alebo-lestenie.html","title":{"rendered":"Utierka z mikrovl\u00e1kna 30x30cm na pred\u010distenie alebo le\u0161tenie"},"content":{"rendered":"\n<p>Utierka z mikrovl\u00e1kna na pred\u010distenie alebo kone\u010dn\u00e9 le\u0161tenie.<\/p>\n\n<p>Pre vysok\u00fa savos\u0165 odpor\u00fa\u010dame utierku z <a href=\"https:\/\/www.versiegelung24.com\/applikationstuch-20x20cm.html\">mikrovl\u00e1kna aj na nan\u00e1\u0161anie na\u0161ich tekut\u00fdch tmelov na sklo<\/a><\/p>\n\n<p>Na ka\u017ed\u00fd krok aplik\u00e1cie na\u0161ich povrchov\u00fdch tmelov a impregn\u00e1ci\u00ed odpor\u00fa\u010dame pou\u017ei\u0165 samostatn\u00fa utierku z mikrovl\u00e1kna.<\/p>\n\n<p>Materi\u00e1l je opakovane pou\u017eite\u013en\u00fd, a preto je ve\u013emi \u0161etrn\u00fd k \u017eivotn\u00e9mu prostrediu. \u013dahko sa perie v pr\u00e1\u010dke bez pracieho prostriedku.<\/p>\n\n<hr\/>\n\n<h4 class=\"wp-block-heading\" id=\"properties\">Vlastnosti produktu<\/h4>\n\n<div class=\"wp-block-columns is-layout-flex wp-container-core-columns-is-layout-9d6595d7 wp-block-columns-is-layout-flex\">\n<div class=\"wp-block-column is-layout-flow wp-block-column-is-layout-flow\">\n<p><br\/><br\/>Zlo\u017eenie: 80% polyester, 20% polyamid Ve\u013ekos\u0165: 30x30cm Farba: modr\u00e1 alebo biela (vyberte si pros\u00edm)<\/p>\n<\/div>\n\n\n\n<div class=\"wp-block-column is-layout-flow wp-block-column-is-layout-flow\">\n<p>Vysok\u00e1 kvalita so suchou hmotnos\u0165ou 280 g\/m2.<\/p>\n<\/div>\n<\/div>\n\n<hr\/>\n\n<h4 class=\"wp-block-heading\" id=\"application\">Aplik\u00e1cia<\/h4>\n\n<p>D\u00e1 sa pou\u017e\u00edva\u0165 univerz\u00e1lne v interi\u00e9ri aj exteri\u00e9ri. Ide\u00e1lna ve\u013ekos\u0165 na \u010distenie skla, keramiky, lod\u00ed, automobilov a obytn\u00fdch vozidiel.<\/p>\n\n<p>\u010cistenie bez \u017emolkov, bez po\u0161kriabania a r\u00fdchloschn\u00face. Ne\u010distoty a prachov\u00e9 \u010dastice s\u00fa absorbovan\u00e9 prakticky bez zvy\u0161kov.<\/p>\n\n<hr\/>\n\n<h4 class=\"wp-block-heading\" id=\"advisor\">Poradca<\/h4>\n\n<p><strong>Mnoh\u00ed na\u0161i z\u00e1kazn\u00edci uprednost\u0148uj\u00fa na\u0161e biele utierky z mikrovl\u00e1kna<\/strong> &#8211; ak po \u010disten\u00ed zostan\u00fa na utierke ne\u010distoty, povrch e\u0161te nebol \u00faplne a optim\u00e1lne vy\u010disten\u00fd. Dobr\u00fd tesniaci \u00fa\u010dinok sa dosiahne len vtedy, ak sa na povrchu nenach\u00e1dzaj\u00fa \u017eiadne \u010fal\u0161ie ne\u010distoty.<\/p>\n","protected":false},"excerpt":{"rendered":"<p><strong>Utierka z mikrovl\u00e1kna na pred\u010distenie alebo kone\u010dn\u00e9 le\u0161tenie:<\/strong><\/p>\n<p>\u2713 Opakovane pou\u017eite\u013en\u00e9<\/p>\n<p>\u2713 \u0160etrn\u00e9 k \u017eivotn\u00e9mu prostrediu<\/p>\n<p>\u2713 Extr\u00e9mne absorp\u010dn\u00e9<\/p>\n<p>\u2713 R\u00fdchloschn\u00face<\/p>\n<p>\u2713 Bez ch\u013apkov<\/p>\n<p>\u2713 Bez \u0161krabancov<\/p>\n<p>\u2713 80% polyester \/ 20% polyamid  <\/p>\n<p>\u2713 Such\u00e1 hmotnos\u0165 280 g\/m2<\/p>\n","protected":false},"featured_media":16609,"template":"","meta":{"_acf_changed":false,"neve_meta_sidebar":"","neve_meta_container":"","neve_meta_enable_content_width":"","neve_meta_content_width":0,"neve_meta_title_alignment":"","neve_meta_author_avatar":"","neve_post_elements_order":"","neve_meta_disable_header":"","neve_meta_disable_footer":"","neve_meta_disable_title":"","neve_meta_reading_time":"","_surfaces":[],"_ver_product_tabs":[],"footnotes":""},"product_brand":[],"product_cat":[3089,2269,2381,2405,2412,2425,2427,2490,2711,2221],"product_tag":[],"class_list":{"0":"post-23780","1":"product","2":"type-product","3":"status-publish","4":"has-post-thumbnail","6":"product_cat-zariadeni","7":"product_cat-tesnenie-na-sklo-a-keramiku","8":"product_cat-dezinfekcne-prostriedky","9":"product_cat-kovove-a-plastove-tesnenie","10":"product_cat-cistiace-prostriedky","11":"product_cat-povrchove-dezinfekcne-prostriedky","12":"product_cat-dezinfekcne-koncentraty","13":"product_cat-univerzalne-tesnenie","14":"product_cat-pripravok-na-dezinfekciu-ruk","15":"product_cat-tesnenie-auta","16":"pa_farbe-modra-sk","17":"pa_farbe-biely","19":"first","20":"instock","21":"taxable","22":"shipping-taxable","23":"purchasable","24":"product-type-variable","25":"has-default-attributes"},"acf":[],"yoast_head":"<!-- This site is optimized with the Yoast SEO Premium plugin v22.8 (Yoast SEO v27.5) - https:\/\/yoast.com\/product\/yoast-seo-premium-wordpress\/ -->\n<title>Utierka z mikrovl\u00e1kna 30x30cm na pred\u010distenie alebo le\u0161tenie - versiegelung24.com<\/title>\n<meta name=\"robots\" content=\"index, follow, max-snippet:-1, max-image-preview:large, max-video-preview:-1\" \/>\n<link rel=\"canonical\" href=\"https:\/\/www.versiegelung24.com\/sk\/utierka-z-mikrovlakna-30-x-30-cm-na-predcistenie-alebo-lestenie.html\" \/>\n<meta property=\"og:locale\" content=\"sk_SK\" \/>\n<meta property=\"og:type\" content=\"article\" \/>\n<meta property=\"og:title\" content=\"Utierka z mikrovl\u00e1kna 30x30cm na pred\u010distenie alebo le\u0161tenie\" \/>\n<meta property=\"og:description\" content=\"Utierka z mikrovl\u00e1kna na pred\u010distenie alebo kone\u010dn\u00e9 le\u0161tenie: \u2713 Opakovane pou\u017eite\u013en\u00e9 \u2713 \u0160etrn\u00e9 k \u017eivotn\u00e9mu prostrediu \u2713 Extr\u00e9mne absorp\u010dn\u00e9 \u2713 R\u00fdchloschn\u00face \u2713 Bez ch\u013apkov \u2713 Bez \u0161krabancov \u2713 80% polyester \/ 20% polyamid  \u2713 Such\u00e1 hmotnos\u0165 280 g\/m2\" \/>\n<meta property=\"og:url\" content=\"https:\/\/www.versiegelung24.com\/sk\/utierka-z-mikrovlakna-30-x-30-cm-na-predcistenie-alebo-lestenie.html\" \/>\n<meta property=\"og:site_name\" content=\"versiegelung24.com\" \/>\n<meta property=\"article:modified_time\" content=\"2025-01-03T23:03:55+00:00\" \/>\n<meta property=\"og:image\" content=\"https:\/\/www.versiegelung24.com\/wp-content\/uploads\/2020\/06\/mikrofasertuch-weiss_2.png\" \/>\n\t<meta property=\"og:image:width\" content=\"650\" \/>\n\t<meta property=\"og:image:height\" content=\"650\" \/>\n\t<meta property=\"og:image:type\" content=\"image\/png\" \/>\n<meta name=\"twitter:card\" content=\"summary_large_image\" \/>\n<meta name=\"twitter:label1\" content=\"Dostupnos\u0165\" \/>\n\t<meta name=\"twitter:data1\" content=\"Na sklade\" \/>\n<script type=\"application\/ld+json\" class=\"yoast-schema-graph\">{\"@context\":\"https:\\\/\\\/schema.org\",\"@graph\":[{\"@type\":\"WebPage\",\"@id\":\"https:\\\/\\\/www.versiegelung24.com\\\/sk\\\/utierka-z-mikrovlakna-30-x-30-cm-na-predcistenie-alebo-lestenie.html\",\"url\":\"https:\\\/\\\/www.versiegelung24.com\\\/sk\\\/utierka-z-mikrovlakna-30-x-30-cm-na-predcistenie-alebo-lestenie.html\",\"name\":\"Utierka z mikrovl\u00e1kna 30x30cm na pred\u010distenie alebo le\u0161tenie - versiegelung24.com\",\"isPartOf\":{\"@id\":\"https:\\\/\\\/www.versiegelung24.com\\\/sk\\\/#website\"},\"primaryImageOfPage\":{\"@id\":\"https:\\\/\\\/www.versiegelung24.com\\\/sk\\\/utierka-z-mikrovlakna-30-x-30-cm-na-predcistenie-alebo-lestenie.html#primaryimage\"},\"image\":{\"@id\":\"https:\\\/\\\/www.versiegelung24.com\\\/sk\\\/utierka-z-mikrovlakna-30-x-30-cm-na-predcistenie-alebo-lestenie.html#primaryimage\"},\"thumbnailUrl\":\"https:\\\/\\\/www.versiegelung24.com\\\/wp-content\\\/uploads\\\/2020\\\/06\\\/mikrofasertuch-weiss_2.png\",\"datePublished\":\"2021-08-02T20:05:03+00:00\",\"dateModified\":\"2025-01-03T23:03:55+00:00\",\"breadcrumb\":{\"@id\":\"https:\\\/\\\/www.versiegelung24.com\\\/sk\\\/utierka-z-mikrovlakna-30-x-30-cm-na-predcistenie-alebo-lestenie.html#breadcrumb\"},\"inLanguage\":\"sk-SK\",\"potentialAction\":[{\"@type\":\"ReadAction\",\"target\":[\"https:\\\/\\\/www.versiegelung24.com\\\/sk\\\/utierka-z-mikrovlakna-30-x-30-cm-na-predcistenie-alebo-lestenie.html\"]}]},{\"@type\":\"ImageObject\",\"inLanguage\":\"sk-SK\",\"@id\":\"https:\\\/\\\/www.versiegelung24.com\\\/sk\\\/utierka-z-mikrovlakna-30-x-30-cm-na-predcistenie-alebo-lestenie.html#primaryimage\",\"url\":\"https:\\\/\\\/www.versiegelung24.com\\\/wp-content\\\/uploads\\\/2020\\\/06\\\/mikrofasertuch-weiss_2.png\",\"contentUrl\":\"https:\\\/\\\/www.versiegelung24.com\\\/wp-content\\\/uploads\\\/2020\\\/06\\\/mikrofasertuch-weiss_2.png\",\"width\":650,\"height\":650},{\"@type\":\"BreadcrumbList\",\"@id\":\"https:\\\/\\\/www.versiegelung24.com\\\/sk\\\/utierka-z-mikrovlakna-30-x-30-cm-na-predcistenie-alebo-lestenie.html#breadcrumb\",\"itemListElement\":[{\"@type\":\"ListItem\",\"position\":1,\"name\":\"\u00davodn\u00e1 str\u00e1nka\",\"item\":\"https:\\\/\\\/www.versiegelung24.com\\\/sk\\\/predna-strana\\\/\"},{\"@type\":\"ListItem\",\"position\":2,\"name\":\"Obchod\",\"item\":\"https:\\\/\\\/www.versiegelung24.com\\\/sk\\\/obchod\\\/\"},{\"@type\":\"ListItem\",\"position\":3,\"name\":\"Utierka z mikrovl\u00e1kna 30x30cm na pred\u010distenie alebo le\u0161tenie\"}]},{\"@type\":\"WebSite\",\"@id\":\"https:\\\/\\\/www.versiegelung24.com\\\/sk\\\/#website\",\"url\":\"https:\\\/\\\/www.versiegelung24.com\\\/sk\\\/\",\"name\":\"versiegelung24.com\",\"description\":\"Fl\u00fcssigglas-Versiegelung - Made in Germany\",\"publisher\":{\"@id\":\"https:\\\/\\\/www.versiegelung24.com\\\/sk\\\/#organization\"},\"potentialAction\":[{\"@type\":\"SearchAction\",\"target\":{\"@type\":\"EntryPoint\",\"urlTemplate\":\"https:\\\/\\\/www.versiegelung24.com\\\/sk\\\/?s={search_term_string}\"},\"query-input\":{\"@type\":\"PropertyValueSpecification\",\"valueRequired\":true,\"valueName\":\"search_term_string\"}}],\"inLanguage\":\"sk-SK\"},{\"@type\":\"Organization\",\"@id\":\"https:\\\/\\\/www.versiegelung24.com\\\/sk\\\/#organization\",\"name\":\"versiegelung24\",\"url\":\"https:\\\/\\\/www.versiegelung24.com\\\/sk\\\/\",\"logo\":{\"@type\":\"ImageObject\",\"inLanguage\":\"sk-SK\",\"@id\":\"https:\\\/\\\/www.versiegelung24.com\\\/sk\\\/#\\\/schema\\\/logo\\\/image\\\/\",\"url\":\"https:\\\/\\\/www.versiegelung24.com\\\/wp-content\\\/uploads\\\/2020\\\/04\\\/versiegelung24.png\",\"contentUrl\":\"https:\\\/\\\/www.versiegelung24.com\\\/wp-content\\\/uploads\\\/2020\\\/04\\\/versiegelung24.png\",\"width\":470,\"height\":102,\"caption\":\"versiegelung24\"},\"image\":{\"@id\":\"https:\\\/\\\/www.versiegelung24.com\\\/sk\\\/#\\\/schema\\\/logo\\\/image\\\/\"}}]}<\/script>\n<meta property=\"og:availability\" content=\"instock\" \/>\n<meta property=\"product:availability\" content=\"instock\" \/>\n<meta property=\"product:retailer_item_id\" content=\"9002-1\" \/>\n<meta property=\"product:condition\" content=\"new\" \/>\n<!-- \/ Yoast SEO Premium plugin. -->","yoast_head_json":{"title":"Utierka z mikrovl\u00e1kna 30x30cm na pred\u010distenie alebo le\u0161tenie - versiegelung24.com","robots":{"index":"index","follow":"follow","max-snippet":"max-snippet:-1","max-image-preview":"max-image-preview:large","max-video-preview":"max-video-preview:-1"},"canonical":"https:\/\/www.versiegelung24.com\/sk\/utierka-z-mikrovlakna-30-x-30-cm-na-predcistenie-alebo-lestenie.html","og_locale":"sk_SK","og_type":"article","og_title":"Utierka z mikrovl\u00e1kna 30x30cm na pred\u010distenie alebo le\u0161tenie","og_description":"Utierka z mikrovl\u00e1kna na pred\u010distenie alebo kone\u010dn\u00e9 le\u0161tenie: \u2713 Opakovane pou\u017eite\u013en\u00e9 \u2713 \u0160etrn\u00e9 k \u017eivotn\u00e9mu prostrediu \u2713 Extr\u00e9mne absorp\u010dn\u00e9 \u2713 R\u00fdchloschn\u00face \u2713 Bez ch\u013apkov \u2713 Bez \u0161krabancov \u2713 80% polyester \/ 20% polyamid  \u2713 Such\u00e1 hmotnos\u0165 280 g\/m2","og_url":"https:\/\/www.versiegelung24.com\/sk\/utierka-z-mikrovlakna-30-x-30-cm-na-predcistenie-alebo-lestenie.html","og_site_name":"versiegelung24.com","article_modified_time":"2025-01-03T23:03:55+00:00","og_image":[{"width":650,"height":650,"url":"https:\/\/www.versiegelung24.com\/wp-content\/uploads\/2020\/06\/mikrofasertuch-weiss_2.png","type":"image\/png"}],"twitter_card":"summary_large_image","twitter_misc":{"Dostupnos\u0165":"Na sklade"},"schema":{"@context":"https:\/\/schema.org","@graph":[{"@type":"WebPage","@id":"https:\/\/www.versiegelung24.com\/sk\/utierka-z-mikrovlakna-30-x-30-cm-na-predcistenie-alebo-lestenie.html","url":"https:\/\/www.versiegelung24.com\/sk\/utierka-z-mikrovlakna-30-x-30-cm-na-predcistenie-alebo-lestenie.html","name":"Utierka z mikrovl\u00e1kna 30x30cm na pred\u010distenie alebo le\u0161tenie - versiegelung24.com","isPartOf":{"@id":"https:\/\/www.versiegelung24.com\/sk\/#website"},"primaryImageOfPage":{"@id":"https:\/\/www.versiegelung24.com\/sk\/utierka-z-mikrovlakna-30-x-30-cm-na-predcistenie-alebo-lestenie.html#primaryimage"},"image":{"@id":"https:\/\/www.versiegelung24.com\/sk\/utierka-z-mikrovlakna-30-x-30-cm-na-predcistenie-alebo-lestenie.html#primaryimage"},"thumbnailUrl":"https:\/\/www.versiegelung24.com\/wp-content\/uploads\/2020\/06\/mikrofasertuch-weiss_2.png","datePublished":"2021-08-02T20:05:03+00:00","dateModified":"2025-01-03T23:03:55+00:00","breadcrumb":{"@id":"https:\/\/www.versiegelung24.com\/sk\/utierka-z-mikrovlakna-30-x-30-cm-na-predcistenie-alebo-lestenie.html#breadcrumb"},"inLanguage":"sk-SK","potentialAction":[{"@type":"ReadAction","target":["https:\/\/www.versiegelung24.com\/sk\/utierka-z-mikrovlakna-30-x-30-cm-na-predcistenie-alebo-lestenie.html"]}]},{"@type":"ImageObject","inLanguage":"sk-SK","@id":"https:\/\/www.versiegelung24.com\/sk\/utierka-z-mikrovlakna-30-x-30-cm-na-predcistenie-alebo-lestenie.html#primaryimage","url":"https:\/\/www.versiegelung24.com\/wp-content\/uploads\/2020\/06\/mikrofasertuch-weiss_2.png","contentUrl":"https:\/\/www.versiegelung24.com\/wp-content\/uploads\/2020\/06\/mikrofasertuch-weiss_2.png","width":650,"height":650},{"@type":"BreadcrumbList","@id":"https:\/\/www.versiegelung24.com\/sk\/utierka-z-mikrovlakna-30-x-30-cm-na-predcistenie-alebo-lestenie.html#breadcrumb","itemListElement":[{"@type":"ListItem","position":1,"name":"\u00davodn\u00e1 str\u00e1nka","item":"https:\/\/www.versiegelung24.com\/sk\/predna-strana\/"},{"@type":"ListItem","position":2,"name":"Obchod","item":"https:\/\/www.versiegelung24.com\/sk\/obchod\/"},{"@type":"ListItem","position":3,"name":"Utierka z mikrovl\u00e1kna 30x30cm na pred\u010distenie alebo le\u0161tenie"}]},{"@type":"WebSite","@id":"https:\/\/www.versiegelung24.com\/sk\/#website","url":"https:\/\/www.versiegelung24.com\/sk\/","name":"versiegelung24.com","description":"Fl\u00fcssigglas-Versiegelung - Made in Germany","publisher":{"@id":"https:\/\/www.versiegelung24.com\/sk\/#organization"},"potentialAction":[{"@type":"SearchAction","target":{"@type":"EntryPoint","urlTemplate":"https:\/\/www.versiegelung24.com\/sk\/?s={search_term_string}"},"query-input":{"@type":"PropertyValueSpecification","valueRequired":true,"valueName":"search_term_string"}}],"inLanguage":"sk-SK"},{"@type":"Organization","@id":"https:\/\/www.versiegelung24.com\/sk\/#organization","name":"versiegelung24","url":"https:\/\/www.versiegelung24.com\/sk\/","logo":{"@type":"ImageObject","inLanguage":"sk-SK","@id":"https:\/\/www.versiegelung24.com\/sk\/#\/schema\/logo\/image\/","url":"https:\/\/www.versiegelung24.com\/wp-content\/uploads\/2020\/04\/versiegelung24.png","contentUrl":"https:\/\/www.versiegelung24.com\/wp-content\/uploads\/2020\/04\/versiegelung24.png","width":470,"height":102,"caption":"versiegelung24"},"image":{"@id":"https:\/\/www.versiegelung24.com\/sk\/#\/schema\/logo\/image\/"}}]},"og_availability":"instock","product_availability":"instock","product_retailer_item_id":"9002-1","product_condition":"new"},"_links":{"self":[{"href":"https:\/\/www.versiegelung24.com\/sk\/wp-json\/wp\/v2\/product\/23780","targetHints":{"allow":["GET"]}}],"collection":[{"href":"https:\/\/www.versiegelung24.com\/sk\/wp-json\/wp\/v2\/product"}],"about":[{"href":"https:\/\/www.versiegelung24.com\/sk\/wp-json\/wp\/v2\/types\/product"}],"version-history":[{"count":22,"href":"https:\/\/www.versiegelung24.com\/sk\/wp-json\/wp\/v2\/product\/23780\/revisions"}],"predecessor-version":[{"id":177796,"href":"https:\/\/www.versiegelung24.com\/sk\/wp-json\/wp\/v2\/product\/23780\/revisions\/177796"}],"wp:featuredmedia":[{"embeddable":true,"href":"https:\/\/www.versiegelung24.com\/sk\/wp-json\/wp\/v2\/media\/16609"}],"wp:attachment":[{"href":"https:\/\/www.versiegelung24.com\/sk\/wp-json\/wp\/v2\/media?parent=23780"}],"wp:term":[{"taxonomy":"product_brand","embeddable":true,"href":"https:\/\/www.versiegelung24.com\/sk\/wp-json\/wp\/v2\/product_brand?post=23780"},{"taxonomy":"product_cat","embeddable":true,"href":"https:\/\/www.versiegelung24.com\/sk\/wp-json\/wp\/v2\/product_cat?post=23780"},{"taxonomy":"product_tag","embeddable":true,"href":"https:\/\/www.versiegelung24.com\/sk\/wp-json\/wp\/v2\/product_tag?post=23780"}],"curies":[{"name":"wp","href":"https:\/\/api.w.org\/{rel}","templated":true}]}}