{"id":102729,"date":"2023-02-22T14:52:58","date_gmt":"2023-02-22T13:52:58","guid":{"rendered":"https:\/\/www.versiegelung24.com\/oberflaechen\/ombrelle-tekstile\/"},"modified":"2024-01-12T18:32:12","modified_gmt":"2024-01-12T17:32:12","slug":"ombrelle-tekstile","status":"publish","type":"ver_surface","link":"https:\/\/www.versiegelung24.com\/sq\/siperfaqet\/ombrelle-tekstile\/","title":{"rendered":"ombrell\u00eb (tekstile)"},"content":{"rendered":"<p>\u00c7adrat e tekstilit jan\u00eb aksesor\u00eb t\u00eb njohur gjat\u00eb ver\u00ebs dhe mund t\u00eb p\u00ebrdoren n\u00eb shum\u00eb zona, si n\u00eb plazh, n\u00eb kopsht ose n\u00eb ballkon. Megjithat\u00eb, cadra jan\u00eb t\u00eb ekspozuar ndaj ndikimeve mjedisore si rrezatimi UV, shiu, era dhe papast\u00ebrtia. P\u00ebr t\u00eb zgjatur jet\u00ebgjat\u00ebsin\u00eb e mbules\u00ebs s\u00eb diellit dhe p\u00ebr ta mbrojtur at\u00eb nga moti, \u00ebsht\u00eb e nevojshme t\u00eb impregnohet shamia (tekstili).<\/p>\n<p>Agjenti impregnues p\u00ebr cadra dielli e b\u00ebn materialin t\u00eb pap\u00ebrshkuesh\u00ebm nga uji dhe e mbron at\u00eb nga papast\u00ebrtit\u00eb. Hidroizolimi i ombrell\u00ebs \u00ebsht\u00eb i leht\u00eb p\u00ebr t&#8217;u b\u00ebr\u00eb thjesht duke aplikuar agjentin hidroizolues n\u00eb sip\u00ebrfaqen e ombrell\u00ebs dhe duke e l\u00ebn\u00eb t\u00eb thahet.<\/p>\n<p>Kostoja e nj\u00eb impregnimi me ombrell\u00eb (tekstili) varet nga madh\u00ebsia e ombrell\u00ebs dhe lloji i impregnimit. Megjithat\u00eb, impregnimi \u00ebsht\u00eb i vlefsh\u00ebm n\u00eb \u00e7do rast, pasi zgjat jet\u00ebn e ombrell\u00ebs dhe e mbron at\u00eb nga efektet e motit. Nj\u00eb impregnim kund\u00ebr diellit (tekstili) \u00ebsht\u00eb ve\u00e7an\u00ebrisht i nevojsh\u00ebm p\u00ebr p\u00ebrdorim t\u00eb jasht\u00ebm p\u00ebr ta b\u00ebr\u00eb mbules\u00ebn kund\u00ebr shiut.<\/p>\n<p>N\u00eb Versiegelung24.com ka shum\u00eb produkte p\u00ebr impregnim me ombrell\u00eb (tekstile) p\u00ebr t\u00eb bler\u00eb online. Ekipi yn\u00eb i sh\u00ebrbimit do t\u00eb jet\u00eb i lumtur t&#8217;ju p\u00ebrgjigjet \u00e7do pyetjeje q\u00eb mund t\u00eb keni.<\/p>\n","protected":false},"excerpt":{"rendered":"<p>\u00c7adrat e tekstilit jan\u00eb aksesor\u00eb t\u00eb njohur gjat\u00eb ver\u00ebs dhe mund t\u00eb p\u00ebrdoren n\u00eb shum\u00eb zona, si n\u00eb plazh, n\u00eb kopsht ose n\u00eb ballkon. Megjithat\u00eb, cadra jan\u00eb t\u00eb ekspozuar ndaj ndikimeve mjedisore si rrezatimi UV, shiu, era dhe papast\u00ebrtia. P\u00ebr t\u00eb zgjatur jet\u00ebgjat\u00ebsin\u00eb e mbules\u00ebs s\u00eb diellit dhe p\u00ebr ta mbrojtur at\u00eb nga moti, \u00ebsht\u00eb&hellip;&nbsp;<a href=\"https:\/\/www.versiegelung24.com\/sq\/siperfaqet\/ombrelle-tekstile\/\" rel=\"bookmark\">Read More &raquo;<span class=\"screen-reader-text\">ombrell\u00eb (tekstile)<\/span><\/a><\/p>\n","protected":false},"featured_media":0,"template":"","meta":{"_acf_changed":false,"neve_meta_sidebar":"","neve_meta_container":"","neve_meta_enable_content_width":"","neve_meta_content_width":0,"neve_meta_title_alignment":"","neve_meta_author_avatar":"","neve_post_elements_order":"","neve_meta_disable_header":"","neve_meta_disable_footer":"","neve_meta_disable_title":"","neve_meta_reading_time":""},"class_list":["post-102729","ver_surface","type-ver_surface","status-publish","hentry"],"acf":[],"yoast_head":"<!-- This site is optimized with the Yoast SEO Premium plugin v22.8 (Yoast SEO v27.5) - https:\/\/yoast.com\/product\/yoast-seo-premium-wordpress\/ -->\n<title>Impregnim ombrell\u00eb (tekstili).<\/title>\n<meta name=\"description\" content=\"Nj\u00eb impregnim p\u00ebr \u00e7adra dielli (tekstile) mbron nga rrezatimi UV, shiu dhe papast\u00ebrtit\u00eb. Porosit online tani n\u00eb Versiegelung24.com!\" \/>\n<meta name=\"robots\" content=\"index, follow, max-snippet:-1, max-image-preview:large, max-video-preview:-1\" \/>\n<link rel=\"canonical\" href=\"https:\/\/www.versiegelung24.com\/sq\/siperfaqet\/ombrelle-tekstile\/\" \/>\n<meta property=\"og:locale\" content=\"sq_AL\" \/>\n<meta property=\"og:type\" content=\"article\" \/>\n<meta property=\"og:title\" content=\"ombrell\u00eb (tekstile)\" \/>\n<meta property=\"og:description\" content=\"Nj\u00eb impregnim p\u00ebr \u00e7adra dielli (tekstile) mbron nga rrezatimi UV, shiu dhe papast\u00ebrtit\u00eb. Porosit online tani n\u00eb Versiegelung24.com!\" \/>\n<meta property=\"og:url\" content=\"https:\/\/www.versiegelung24.com\/sq\/siperfaqet\/ombrelle-tekstile\/\" \/>\n<meta property=\"og:site_name\" content=\"versiegelung24.com\" \/>\n<meta property=\"article:modified_time\" content=\"2024-01-12T17:32:12+00:00\" \/>\n<meta name=\"twitter:card\" content=\"summary_large_image\" \/>\n<meta name=\"twitter:label1\" content=\"Est. reading time\" \/>\n\t<meta name=\"twitter:data1\" content=\"1 minute\" \/>\n<script type=\"application\/ld+json\" class=\"yoast-schema-graph\">{\"@context\":\"https:\\\/\\\/schema.org\",\"@graph\":[{\"@type\":\"WebPage\",\"@id\":\"https:\\\/\\\/www.versiegelung24.com\\\/sq\\\/siperfaqet\\\/ombrelle-tekstile\\\/\",\"url\":\"https:\\\/\\\/www.versiegelung24.com\\\/sq\\\/siperfaqet\\\/ombrelle-tekstile\\\/\",\"name\":\"Impregnim ombrell\u00eb (tekstili).\",\"isPartOf\":{\"@id\":\"https:\\\/\\\/www.versiegelung24.com\\\/sq\\\/#website\"},\"datePublished\":\"2023-02-22T13:52:58+00:00\",\"dateModified\":\"2024-01-12T17:32:12+00:00\",\"description\":\"Nj\u00eb impregnim p\u00ebr \u00e7adra dielli (tekstile) mbron nga rrezatimi UV, shiu dhe papast\u00ebrtit\u00eb. Porosit online tani n\u00eb Versiegelung24.com!\",\"breadcrumb\":{\"@id\":\"https:\\\/\\\/www.versiegelung24.com\\\/sq\\\/siperfaqet\\\/ombrelle-tekstile\\\/#breadcrumb\"},\"inLanguage\":\"sq-AL\",\"potentialAction\":[{\"@type\":\"ReadAction\",\"target\":[\"https:\\\/\\\/www.versiegelung24.com\\\/sq\\\/siperfaqet\\\/ombrelle-tekstile\\\/\"]}]},{\"@type\":\"BreadcrumbList\",\"@id\":\"https:\\\/\\\/www.versiegelung24.com\\\/sq\\\/siperfaqet\\\/ombrelle-tekstile\\\/#breadcrumb\",\"itemListElement\":[{\"@type\":\"ListItem\",\"position\":1,\"name\":\"Faqja kryesore\",\"item\":\"https:\\\/\\\/www.versiegelung24.com\\\/sq\\\/perpara\\\/\"},{\"@type\":\"ListItem\",\"position\":2,\"name\":\"k\u00ebshilltar\",\"item\":\"https:\\\/\\\/www.versiegelung24.com\\\/sq\\\/keshilla-per-produktet-e-versiegelung24\\\/\"},{\"@type\":\"ListItem\",\"position\":3,\"name\":\"sip\u00ebrfaqet\",\"item\":\"https:\\\/\\\/www.versiegelung24.com\\\/sq\\\/gjetesi-i-produktit\\\/\"},{\"@type\":\"ListItem\",\"position\":4,\"name\":\"ombrell\u00eb (tekstile)\"}]},{\"@type\":\"WebSite\",\"@id\":\"https:\\\/\\\/www.versiegelung24.com\\\/sq\\\/#website\",\"url\":\"https:\\\/\\\/www.versiegelung24.com\\\/sq\\\/\",\"name\":\"versiegelung24.com\",\"description\":\"Fl\u00fcssigglas-Versiegelung - Made in Germany\",\"publisher\":{\"@id\":\"https:\\\/\\\/www.versiegelung24.com\\\/sq\\\/#organization\"},\"potentialAction\":[{\"@type\":\"SearchAction\",\"target\":{\"@type\":\"EntryPoint\",\"urlTemplate\":\"https:\\\/\\\/www.versiegelung24.com\\\/sq\\\/?s={search_term_string}\"},\"query-input\":{\"@type\":\"PropertyValueSpecification\",\"valueRequired\":true,\"valueName\":\"search_term_string\"}}],\"inLanguage\":\"sq-AL\"},{\"@type\":\"Organization\",\"@id\":\"https:\\\/\\\/www.versiegelung24.com\\\/sq\\\/#organization\",\"name\":\"versiegelung24\",\"url\":\"https:\\\/\\\/www.versiegelung24.com\\\/sq\\\/\",\"logo\":{\"@type\":\"ImageObject\",\"inLanguage\":\"sq-AL\",\"@id\":\"https:\\\/\\\/www.versiegelung24.com\\\/sq\\\/#\\\/schema\\\/logo\\\/image\\\/\",\"url\":\"https:\\\/\\\/www.versiegelung24.com\\\/wp-content\\\/uploads\\\/2020\\\/04\\\/versiegelung24.png\",\"contentUrl\":\"https:\\\/\\\/www.versiegelung24.com\\\/wp-content\\\/uploads\\\/2020\\\/04\\\/versiegelung24.png\",\"width\":470,\"height\":102,\"caption\":\"versiegelung24\"},\"image\":{\"@id\":\"https:\\\/\\\/www.versiegelung24.com\\\/sq\\\/#\\\/schema\\\/logo\\\/image\\\/\"}}]}<\/script>\n<!-- \/ Yoast SEO Premium plugin. -->","yoast_head_json":{"title":"Impregnim ombrell\u00eb (tekstili).","description":"Nj\u00eb impregnim p\u00ebr \u00e7adra dielli (tekstile) mbron nga rrezatimi UV, shiu dhe papast\u00ebrtit\u00eb. Porosit online tani n\u00eb Versiegelung24.com!","robots":{"index":"index","follow":"follow","max-snippet":"max-snippet:-1","max-image-preview":"max-image-preview:large","max-video-preview":"max-video-preview:-1"},"canonical":"https:\/\/www.versiegelung24.com\/sq\/siperfaqet\/ombrelle-tekstile\/","og_locale":"sq_AL","og_type":"article","og_title":"ombrell\u00eb (tekstile)","og_description":"Nj\u00eb impregnim p\u00ebr \u00e7adra dielli (tekstile) mbron nga rrezatimi UV, shiu dhe papast\u00ebrtit\u00eb. Porosit online tani n\u00eb Versiegelung24.com!","og_url":"https:\/\/www.versiegelung24.com\/sq\/siperfaqet\/ombrelle-tekstile\/","og_site_name":"versiegelung24.com","article_modified_time":"2024-01-12T17:32:12+00:00","twitter_card":"summary_large_image","twitter_misc":{"Est. reading time":"1 minute"},"schema":{"@context":"https:\/\/schema.org","@graph":[{"@type":"WebPage","@id":"https:\/\/www.versiegelung24.com\/sq\/siperfaqet\/ombrelle-tekstile\/","url":"https:\/\/www.versiegelung24.com\/sq\/siperfaqet\/ombrelle-tekstile\/","name":"Impregnim ombrell\u00eb (tekstili).","isPartOf":{"@id":"https:\/\/www.versiegelung24.com\/sq\/#website"},"datePublished":"2023-02-22T13:52:58+00:00","dateModified":"2024-01-12T17:32:12+00:00","description":"Nj\u00eb impregnim p\u00ebr \u00e7adra dielli (tekstile) mbron nga rrezatimi UV, shiu dhe papast\u00ebrtit\u00eb. Porosit online tani n\u00eb Versiegelung24.com!","breadcrumb":{"@id":"https:\/\/www.versiegelung24.com\/sq\/siperfaqet\/ombrelle-tekstile\/#breadcrumb"},"inLanguage":"sq-AL","potentialAction":[{"@type":"ReadAction","target":["https:\/\/www.versiegelung24.com\/sq\/siperfaqet\/ombrelle-tekstile\/"]}]},{"@type":"BreadcrumbList","@id":"https:\/\/www.versiegelung24.com\/sq\/siperfaqet\/ombrelle-tekstile\/#breadcrumb","itemListElement":[{"@type":"ListItem","position":1,"name":"Faqja kryesore","item":"https:\/\/www.versiegelung24.com\/sq\/perpara\/"},{"@type":"ListItem","position":2,"name":"k\u00ebshilltar","item":"https:\/\/www.versiegelung24.com\/sq\/keshilla-per-produktet-e-versiegelung24\/"},{"@type":"ListItem","position":3,"name":"sip\u00ebrfaqet","item":"https:\/\/www.versiegelung24.com\/sq\/gjetesi-i-produktit\/"},{"@type":"ListItem","position":4,"name":"ombrell\u00eb (tekstile)"}]},{"@type":"WebSite","@id":"https:\/\/www.versiegelung24.com\/sq\/#website","url":"https:\/\/www.versiegelung24.com\/sq\/","name":"versiegelung24.com","description":"Fl\u00fcssigglas-Versiegelung - Made in Germany","publisher":{"@id":"https:\/\/www.versiegelung24.com\/sq\/#organization"},"potentialAction":[{"@type":"SearchAction","target":{"@type":"EntryPoint","urlTemplate":"https:\/\/www.versiegelung24.com\/sq\/?s={search_term_string}"},"query-input":{"@type":"PropertyValueSpecification","valueRequired":true,"valueName":"search_term_string"}}],"inLanguage":"sq-AL"},{"@type":"Organization","@id":"https:\/\/www.versiegelung24.com\/sq\/#organization","name":"versiegelung24","url":"https:\/\/www.versiegelung24.com\/sq\/","logo":{"@type":"ImageObject","inLanguage":"sq-AL","@id":"https:\/\/www.versiegelung24.com\/sq\/#\/schema\/logo\/image\/","url":"https:\/\/www.versiegelung24.com\/wp-content\/uploads\/2020\/04\/versiegelung24.png","contentUrl":"https:\/\/www.versiegelung24.com\/wp-content\/uploads\/2020\/04\/versiegelung24.png","width":470,"height":102,"caption":"versiegelung24"},"image":{"@id":"https:\/\/www.versiegelung24.com\/sq\/#\/schema\/logo\/image\/"}}]}},"_links":{"self":[{"href":"https:\/\/www.versiegelung24.com\/sq\/wp-json\/wp\/v2\/ver_surface\/102729","targetHints":{"allow":["GET"]}}],"collection":[{"href":"https:\/\/www.versiegelung24.com\/sq\/wp-json\/wp\/v2\/ver_surface"}],"about":[{"href":"https:\/\/www.versiegelung24.com\/sq\/wp-json\/wp\/v2\/types\/ver_surface"}],"wp:attachment":[{"href":"https:\/\/www.versiegelung24.com\/sq\/wp-json\/wp\/v2\/media?parent=102729"}],"curies":[{"name":"wp","href":"https:\/\/api.w.org\/{rel}","templated":true}]}}