{"id":23051,"date":"2020-04-04T18:53:20","date_gmt":"2021-08-02T19:14:49","guid":{"rendered":"https:\/\/www.versiegelung24.com\/produkt\/profesyonel-kalitede-kaldirim-tasi-sizdirmazligi"},"modified":"2025-01-03T23:51:09","modified_gmt":"2025-01-03T22:51:09","slug":"kaldirim-tasi-muhurleme-in-profesyonel-kalitede","status":"publish","type":"product","link":"https:\/\/www.versiegelung24.com\/tr\/kaldirim-tasi-sizdirmazlik-in-profesyonel-kalite.html","title":{"rendered":"Uzun s\u00fcreli ve derin etkili kald\u0131r\u0131m ta\u015f\u0131 s\u0131zd\u0131rmazl\u0131\u011f\u0131 &#8211; \u00fcst\u00fcn kalite"},"content":{"rendered":"\n<h1 class=\"wp-block-heading\" id=\"h-pflasterstein-versiegelung-premium-qualitat\">Parke Ta\u015f\u0131 M\u00fch\u00fcrleyen &#8211; \u00dcst\u00fcn Kalite<\/h1>\n\n<p>\u00dcst\u00fcn kaliteli kald\u0131r\u0131m ta\u015f\u0131 contam\u0131z, kald\u0131r\u0131m ta\u015f\u0131 y\u00fczeylerini hava, su, kir ve havan\u0131n etkilerinden etkili ve kal\u0131c\u0131 olarak korur. Y\u00fczey nefes alabilir ve optik olarak de\u011fi\u015fmeden kal\u0131r.<\/p>\n\n<div class=\"wp-block-columns is-layout-flex wp-container-core-columns-is-layout-9d6595d7 wp-block-columns-is-layout-flex\">\n<div class=\"wp-block-column is-layout-flow wp-block-column-is-layout-flow\">\n<figure class=\"wp-block-embed is-type-video is-provider-youtube wp-block-embed-youtube wp-embed-aspect-16-9 wp-has-aspect-ratio\"><div class=\"wp-block-embed__wrapper\"> \n<div class=\"nv-iframe-embed\"><iframe title=\"Pflastersteine reinigen, versiegeln &amp; impr\u00e4gnieren mit Fl\u00fcssigglas\" width=\"1200\" height=\"675\" src=\"https:\/\/www.youtube.com\/embed\/6OS0YQQ8KFM?feature=oembed\" frameborder=\"0\" allow=\"accelerometer; autoplay; clipboard-write; encrypted-media; gyroscope; picture-in-picture; web-share\" referrerpolicy=\"strict-origin-when-cross-origin\" allowfullscreen><\/iframe><\/div>\n <\/div><\/figure>\n<\/div>\n\n\n\n<div class=\"wp-block-column is-layout-flow wp-block-column-is-layout-flow\">\n<h2 class=\"wp-block-heading\" id=\"h-der-richtige-schutz-fur-ihre-pflastersteine\">Kald\u0131r\u0131m ta\u015flar\u0131n\u0131z i\u00e7in do\u011fru koruma:<\/h2>\n\n\n\n<p>Arnavut kald\u0131r\u0131mlar\u0131 dayanacak \u015fekilde yap\u0131lm\u0131\u015ft\u0131r. Via Appia antica gibi yol yap\u0131m kurallar\u0131na g\u00f6re in\u015fa edilmi\u015f bir yol, 2300 y\u0131l sonra bug\u00fcn hala bir da\u011f bisikleti ile bisiklete binilebilir. Kendi bah\u00e7enizde ve \u00f6zel m\u00fclkte, parke ta\u015f\u0131 emprenyesi y\u00fczeyi \u00e7ekici ve taze tutar. \u00c7\u00fcnk\u00fc beton ve granitten yap\u0131lm\u0131\u015f bir kald\u0131r\u0131m neredeyse s\u00fcresiz olarak dayan\u0131kl\u0131d\u0131r, ancak \u00fczerinde kir, yosun, yosun, k\u00fcf veya \u00e7evresel hasara ba\u011fl\u0131 de\u011fi\u015fiklikler g\u00f6r\u00fcnebilir. Bu nedenle, kaplamal\u0131 y\u00fczeyin kal\u0131c\u0131 olarak keyfini \u00e7\u0131karman\u0131n do\u011fru yolu bizim s\u0131zd\u0131rmazl\u0131\u011f\u0131m\u0131zd\u0131r. Bir kald\u0131r\u0131m ta\u015f\u0131 emprenyesi, ta\u015f veya beton i\u00e7in koruyucu bir kaplama gibidir: S\u0131zd\u0131rmazl\u0131k, zararl\u0131 d\u0131\u015f etkileri \u00f6nler, ancak yine de ta\u015f\u0131n nefes almas\u0131na izin verir. Bu da beton parke ta\u015flar\u0131 ve granit parke ta\u015flar\u0131n\u0131n en do\u011fal \u015fekilde korunmas\u0131 anlam\u0131na gelir.<\/p>\n<\/div>\n<\/div>\n\n<div class=\"wp-block-columns is-layout-flex wp-container-core-columns-is-layout-9d6595d7 wp-block-columns-is-layout-flex\">\n<div class=\"wp-block-column is-layout-flow wp-block-column-is-layout-flow\">\n<h2 class=\"wp-block-heading\" id=\"h-was-sind-pflastersteine-und-wo-werden-sie-verwendet\">Kald\u0131r\u0131m ta\u015flar\u0131 nedir ve nerelerde kullan\u0131l\u0131r?<\/h2>\n\n\n\n<p>Al\u00e7\u0131 ad\u0131, Latince plastrum kelimesinden gelir. Antik Romal\u0131lar, meydanlar\u0131n\u0131 ve imparatorlu\u011fun ticaret merkezlerini birbirine ba\u011flayan uzun imparatorluk yollar\u0131n\u0131 do\u011fal ta\u015flardan in\u015fa ettiler. Ama Romal\u0131lardan binlerce y\u0131l \u00f6nce, Mezopotamya \u0130mparatorlu\u011fu&#8217;nda M\u00d6 4000. M.\u00d6., kentsel kald\u0131r\u0131mlar serildi. Asfaltlama sa\u011flam, dayan\u0131kl\u0131, esnektir ve g\u00fczel bir y\u00fczeye sahiptir. 20. y\u00fczy\u0131lda asfaltla de\u011fi\u015ftirilmeden \u00f6nce, yollar ve patikalar i\u00e7in tercih edilen malzemeydi. Bug\u00fcn bile, asfaltlama \u015fehrin belediye yollar\u0131n\u0131n d\u00f6rtte birini olu\u015fturuyor. Ancak her \u015feyden \u00f6nce, \u00f6zel m\u00fclkiyete kald\u0131r\u0131m ta\u015flar\u0131 d\u00f6\u015fenir. Parke, patikalar ve meydanlar in\u015fa etmek i\u00e7in en g\u00fczel ve dayan\u0131kl\u0131 alternatiftir. Ve iki avantaj\u0131 daha var: Suyun derzlerinden s\u0131zmas\u0131n\u0131 sa\u011flar; ve baz\u0131 b\u00f6lgelerde h\u0131zl\u0131 bir \u015fekilde tamir edilebilir. Kald\u0131r\u0131m ta\u015f\u0131 emprenyesi olarak da adland\u0131r\u0131lan bir kald\u0131r\u0131m ta\u015f\u0131 contas\u0131, malzemenin dayan\u0131kl\u0131l\u0131\u011f\u0131na \u00f6nemli \u00f6l\u00e7\u00fcde katk\u0131da bulunur.<\/p>\n<\/div>\n\n\n\n<div class=\"wp-block-column is-layout-flow wp-block-column-is-layout-flow\">\n<figure class=\"wp-block-image size-large\"><img fetchpriority=\"high\" decoding=\"async\" width=\"1300\" height=\"731\" src=\"https:\/\/www.versiegelung24.com\/wp-content\/uploads\/2022\/01\/Content_Pflasterstein_1-1300x731.jpg\" alt=\"\" class=\"wp-image-45282\" srcset=\"https:\/\/www.versiegelung24.com\/wp-content\/uploads\/2022\/01\/Content_Pflasterstein_1-1300x731.jpg 1300w, https:\/\/www.versiegelung24.com\/wp-content\/uploads\/2022\/01\/Content_Pflasterstein_1-scaled-600x338.jpg 600w, https:\/\/www.versiegelung24.com\/wp-content\/uploads\/2022\/01\/Content_Pflasterstein_1-300x169.jpg 300w, https:\/\/www.versiegelung24.com\/wp-content\/uploads\/2022\/01\/Content_Pflasterstein_1-768x432.jpg 768w, https:\/\/www.versiegelung24.com\/wp-content\/uploads\/2022\/01\/Content_Pflasterstein_1-1536x864.jpg 1536w, https:\/\/www.versiegelung24.com\/wp-content\/uploads\/2022\/01\/Content_Pflasterstein_1-2048x1152.jpg 2048w\" sizes=\"(max-width: 1300px) 100vw, 1300px\" \/><\/figure>\n<\/div>\n<\/div>\n\n<div class=\"wp-block-columns is-layout-flex wp-container-core-columns-is-layout-9d6595d7 wp-block-columns-is-layout-flex\">\n<div class=\"wp-block-column is-layout-flow wp-block-column-is-layout-flow\">\n<h2 class=\"wp-block-heading\" id=\"h-woraus-werden-pflastersteine-gemacht\">Kald\u0131r\u0131m ta\u015flar\u0131 nelerden yap\u0131lm\u0131\u015ft\u0131r?<\/h2>\n\n\n\n<p>Parke ta\u015f\u0131, bir kompozit i\u00e7ine yerle\u015ftirildi\u011finde y\u00fczey d\u00f6\u015femesi i\u00e7in uygun olan her \u015feydir. Bu tu\u011fla veya do\u011fal ta\u015f olabilir. Ah\u015fap ve y\u00fcksek f\u0131r\u0131n c\u00fcrufu ile kald\u0131r\u0131m bile var. G\u00fcn\u00fcm\u00fczde en yayg\u0131n ve kullan\u0131m\u0131 en kolay olan\u0131 beton ve granit parke ta\u015flar\u0131d\u0131r. Granitin son derece sert ve a\u015f\u0131nmaya dayan\u0131kl\u0131 oldu\u011fu bilinmektedir. Ayn\u0131 zamanda son derece estetik bir y\u00fczeye sahiptir. Bah\u00e7ede veya evin etraf\u0131ndaki yollarda bulunan granit parke ta\u015flar\u0131, duyusal ve teknik olarak son derece \u00e7ekici y\u00fczeyler yarat\u0131r. Y\u00fcksek kaliteli kald\u0131r\u0131m ta\u015f\u0131 s\u0131zd\u0131rmazl\u0131\u011f\u0131m\u0131z, bu de\u011ferli kald\u0131r\u0131m i\u00e7in onlarca y\u0131ld\u0131r koruma sa\u011flar. Beton parke ta\u015flar\u0131 herhangi bir \u015fekilde yap\u0131labilir. End\u00fcstriyel \u00fcretim sayesinde y\u00fcksek y\u00fck kapasitesi ile ekonomik serme imkan\u0131 sunar. S\u0131zd\u0131rmaz maddemizi kullanmak, malzeme olarak beton i\u00e7in de mant\u0131kl\u0131d\u0131r.<\/p>\n<\/div>\n\n\n\n<div class=\"wp-block-column is-layout-flow wp-block-column-is-layout-flow\">\n<h2 class=\"wp-block-heading\" id=\"h-wie-funktioniert-unsere-pflasterstein-versiegelung\">Kald\u0131r\u0131m ta\u015f\u0131 s\u0131zd\u0131rmazl\u0131\u011f\u0131m\u0131z nas\u0131l \u00e7al\u0131\u015f\u0131r?<\/h2>\n\n\n\n<p>M\u00fclk\u00fcnde daha \u00f6nce m\u00fch\u00fcrlenmemi\u015f eski bir asfalt alan olan herkes, kald\u0131r\u0131m ta\u015flar\u0131n\u0131n <a href=\"https:\/\/www.versiegelung24.com\/tr\/biosativa-biyolojik-oen-temizleyici.html\">temizlenmesiyle<\/a> ilgili bir \u015fark\u0131 s\u00f6yleyebilecek. Ovma i\u015fi son derece s\u0131k\u0131c\u0131 ve \u00f6zellikle tekrarlayan su\u00e7lular i\u00e7in bir \u015fey. \u00c7\u00fcnk\u00fc tek gereken nemli bir k\u0131\u015f ve nemli bir bahar ve yosun, yosun ve benzerleri geri d\u00f6nd\u00fc. Flora daha sonra g\u00f6zenekli beton y\u00fczeye yay\u0131l\u0131r. Kald\u0131r\u0131m ta\u015f\u0131 s\u0131zd\u0131rmazl\u0131\u011f\u0131m\u0131z bir \u00e7are sa\u011flar. Ta\u015f\u0131n yap\u0131s\u0131na ba\u011fl\u0131 olarak 25 mm derinli\u011fe kadar n\u00fcfuz eder. Bir kez uyguland\u0131\u011f\u0131nda, kapat\u0131c\u0131 ta\u015f\u0131 10 ila 20 y\u0131l veya daha uzun s\u00fcre koruyabilir. Renksizdir, beton ve granit parke ta\u015flar\u0131n\u0131n g\u00f6r\u00fcn\u00fcm\u00fcn\u00fc veya k\u0131vam\u0131n\u0131 de\u011fi\u015ftirmez. \u0130deal olarak parke ta\u015f\u0131 emprenyesi p\u00fcsk\u00fcrt\u00fclerek uygulan\u0131r. Kald\u0131r\u0131m ta\u015f\u0131 nefes alabilir; Ayn\u0131 zamanda, kald\u0131r\u0131m ta\u015f\u0131 s\u0131zd\u0131rmazl\u0131\u011f\u0131, ta\u015f y\u00fczeyinde olu\u015fan su miktar\u0131n\u0131 azalt\u0131r &#8211; bu, ye\u015fil tortu ve benzerlerinin riskini \u00f6nemli \u00f6l\u00e7\u00fcde azalt\u0131r.<\/p>\n<\/div>\n<\/div>\n\n<hr\/>\n\n<div class=\"wp-block-columns is-layout-flex wp-container-core-columns-is-layout-9d6595d7 wp-block-columns-is-layout-flex\">\n<div class=\"wp-block-column is-layout-flow wp-block-column-is-layout-flow\">\n<p id=\"video\"><strong>\u00dcr\u00fcn videosu: Kald\u0131r\u0131m ta\u015flar\u0131n\u0131n nefes alabilecek \u015fekilde yal\u0131t\u0131lmas\u0131 ve uzun s\u00fcre korunmas\u0131<\/strong> <\/p>\n\n\n\n<figure class=\"wp-block-embed is-type-video is-provider-youtube wp-block-embed-youtube wp-embed-aspect-16-9 wp-has-aspect-ratio\"><div class=\"wp-block-embed__wrapper\"> \n<div class=\"nv-iframe-embed\"><iframe title=\"Atmungsaktive Pflasterstein Versiegelung\" width=\"1200\" height=\"675\" src=\"https:\/\/www.youtube.com\/embed\/YVpkPOE4Bmk?feature=oembed\" frameborder=\"0\" allow=\"accelerometer; autoplay; clipboard-write; encrypted-media; gyroscope; picture-in-picture\" allowfullscreen><\/iframe><\/div>\n <\/div><\/figure>\n<\/div>\n\n\n\n<div class=\"wp-block-column is-layout-flow wp-block-column-is-layout-flow\">\n<p><strong>Uygulama videosu: Kendin yap &#8211; Teras levhalar\u0131n\u0131n s\u0131zd\u0131rmazl\u0131\u011f\u0131:<\/strong><\/p>\n\n\n\n<figure class=\"wp-block-embed is-type-video is-provider-youtube wp-block-embed-youtube wp-embed-aspect-16-9 wp-has-aspect-ratio\"><div class=\"wp-block-embed__wrapper\"> \n<div class=\"nv-iframe-embed\"><iframe title=\"Terrassenplatten \/ Betonsteine versiegeln - www.versiegelung24.com\" width=\"1200\" height=\"675\" src=\"https:\/\/www.youtube.com\/embed\/ZRA66FvnVbo?feature=oembed\" frameborder=\"0\" allow=\"accelerometer; autoplay; clipboard-write; encrypted-media; gyroscope; picture-in-picture\" allowfullscreen><\/iframe><\/div>\n <\/div><\/figure>\n\n\n\n<p><\/p>\n<\/div>\n<\/div>\n\n<h4 class=\"wp-block-heading\" id=\"properties\">\u00dcr\u00fcn \u00f6zellikleri<\/h4>\n\n<div class=\"wp-block-columns is-layout-flex wp-container-core-columns-is-layout-9d6595d7 wp-block-columns-is-layout-flex\">\n<div class=\"wp-block-column is-layout-flow wp-block-column-is-layout-flow\">\n<p><strong>\u0130\u00e7te ve d\u0131\u015fta uzun s\u00fcreli ve derin etkili, son derece etkili, su itici parke ta\u015f\u0131 yal\u0131t\u0131m\u0131<\/strong><\/p>\n\n\n\n<p><br\/>\u00dcr\u00fcn numaras\u0131: 3006-7620 Ya\u011f ve k\u0131rm\u0131z\u0131 \u015faraba kar\u015f\u0131 geli\u015ftirilmi\u015f etkiye sahip yeni versiyon (eski \u00fcr\u00fcn numaras\u0131 3006-620)<\/p>\n\n\n\n<p>Almanya&#8217;da yap\u0131lan y\u00fcksek kalite.<\/p>\n\n\n\n<p><strong>\u00fcr\u00fcn G\u00fcvenli\u011fi<\/strong><\/p>\n\n\n\n<p>\u00dcr\u00fcn\u00fcn Tehlikeli Maddeler Y\u00f6netmeli\u011fi \u00e7er\u00e7evesinde s\u0131n\u0131fland\u0131r\u0131lmas\u0131na ili\u015fkin bilgiler, g\u00fcvenlik verileri ile toksikoloji ve depolamaya ili\u015fkin veriler g\u00fcvenlik bilgi f\u00f6y\u00fcm\u00fczde yer almaktad\u0131r.<\/p>\n\n\n\n<p><strong>depolamak<\/strong><\/p>\n\n\n\n<p><strong>V24 Parke Masti\u011fi<\/strong> nem ile temas ettirilmemelidir. Depolama -10 \u00b0C ile +40 \u00b0C aras\u0131ndaki s\u0131cakl\u0131klarda yap\u0131lmal\u0131d\u0131r.<\/p>\n\n\n\n<p>V24 parke ta\u015f\u0131 s\u0131zd\u0131rmazl\u0131\u011f\u0131, orijinal olarak kapal\u0131 kapta s\u00fcresiz olarak saklanabilir.<\/p>\n<\/div>\n\n\n\n<div class=\"wp-block-column is-layout-flow wp-block-column-is-layout-flow\">\n<p>\u2713 Suya, kire ve hava ko\u015fullar\u0131na kar\u015f\u0131 etkili kal\u0131c\u0131 y\u00fczey korumas\u0131<\/p>\n\n\n\n<p>\u2713 yosun, liken, mantar ve di\u011fer do\u011fal etkilerin b\u00fcy\u00fcmesini engeller<\/p>\n\n\n\n<p>\u2713 y\u00fczeyin g\u00f6r\u00fcn\u00fcm\u00fcnde ve hissinde de\u011fi\u015fiklik yok (kesinlikle g\u00f6r\u00fcnmez)<\/p>\n\n\n\n<p>\u2713 uzun zincirli silikon bile\u015fikleri (SiO\u00b2) sayesinde a\u015f\u0131r\u0131 a\u015f\u0131nma direnci<\/p>\n\n\n\n<p>\u2713 25 mm&#8217;ye varan y\u00fcksek penetrasyon derinlikleri sayesinde uzun s\u00fcreli derinlik etkisi (ta\u015f\u0131n emicili\u011fine ba\u011fl\u0131 olarak)<\/p>\n\n\n\n<p>\u2713 Y\u00fczey nefes alabilir (dif\u00fczyona a\u00e7\u0131k) kal\u0131r, bu nedenle bariyer tabakas\u0131 ve su birikmesi olmaz<\/p>\n\n\n\n<p>\u2713 kesinlikle donmaya kar\u015f\u0131 dayan\u0131kl\u0131 (buz ve kar herhangi bir hasara neden olmaz)<\/p>\n\n\n\n<p>\u2713 UV kararl\u0131<\/p>\n\n\n\n<p>\u2713 Kolay temizlenebilir etki: kir yap\u0131\u015fmaz ve kolayca \u00e7\u0131kar\u0131labilir<\/p>\n\n\n\n<p>\u2713 Do\u011fru uyguland\u0131\u011f\u0131nda, dolgu macunu y\u00fczeyle kovalent (kal\u0131c\u0131) bir ba\u011f olu\u015fturdu\u011fundan uzun y\u0131llar dayan\u0131kl\u0131d\u0131r<\/p>\n\n\n\n<p>\u2713 -10 ile + 70 \u00b0C aras\u0131nda uygulanabilir<\/p>\n<\/div>\n<\/div>\n\n<hr\/>\n\n<h4 class=\"wp-block-heading\" id=\"application\"> uygulama<\/h4>\n\n<div class=\"wp-block-columns is-layout-flex wp-container-core-columns-is-layout-9d6595d7 wp-block-columns-is-layout-flex\">\n<div class=\"wp-block-column is-layout-flow wp-block-column-is-layout-flow\">\n<ul class=\"wp-block-list\">\n<li><strong>V24 Parke Ta\u015f\u0131 S\u0131zd\u0131rmazl\u0131k<\/strong> kullan\u0131ma haz\u0131r olarak teslim edilir ve \u00f6nceden temizlenmi\u015f ve kurutulmu\u015f y\u00fczeye seyreltilmeden uygulan\u0131r.<\/li>\n<\/ul>\n\n\n\n<ul class=\"wp-block-list\">\n<li>Mastik su ile temas etmemelidir ve hi\u00e7bir ko\u015fulda ya\u011fmurlu havalarda veya nemli y\u00fczeylerde uygulanmamal\u0131d\u0131r.<\/li>\n<\/ul>\n\n\n\n<ul class=\"wp-block-list\">\n<li>Uygulama p\u00fcsk\u00fcrtme veya rulo ile yap\u0131lmal\u0131d\u0131r. Optimum y\u00f6ntem, tedavi edilecek alan\u0131n boyutuna, konumuna, yap\u0131s\u0131na ve emicili\u011fine ba\u011fl\u0131d\u0131r.<\/li>\n<\/ul>\n<\/div>\n\n\n\n<div class=\"wp-block-column is-layout-flow wp-block-column-is-layout-flow\">\n<ul class=\"wp-block-list\">\n<li>Uygulamadan sonra <strong>V24 Parke Masti\u011fi<\/strong> birka\u00e7 saniye boyunca s\u0131v\u0131 bir film olarak y\u00fczeyle temas halinde kalmal\u0131d\u0131r.<\/li>\n<\/ul>\n\n\n\n<ul class=\"wp-block-list\">\n<li>Kaplama tamamen \u00e7apraz ba\u011flan\u0131r ve 24 saat sonra k\u00fcrlenir.<\/li>\n<\/ul>\n\n\n\n<p>Ayr\u0131nt\u0131l\u0131 bir uygulama a\u00e7\u0131klamas\u0131 veri sayfam\u0131zda bulunabilir<\/p>\n\n\n\n<p>Hem i\u00e7 hem de d\u0131\u015f mekanlarda ta\u015f y\u00fczeylerin d\u00f6\u015fenmesi i\u00e7in uygundur.<\/p>\n\n\n\n<p>Kapsama yakla\u015f\u0131k 10-30m\u00b2 \/ litre.<\/p>\n<\/div>\n<\/div>\n\n<hr\/>\n\n<h4 class=\"wp-block-heading\" id=\"advisor\">Dan\u0131\u015fman<\/h4>\n\n<h3 class=\"wp-block-heading\" id=\"h-ein-paar-wichtige-daten-fur-unsere-pflasterstein-versiegelung\">Kald\u0131r\u0131m ta\u015f\u0131 s\u0131zd\u0131rmazl\u0131\u011f\u0131m\u0131z i\u00e7in birka\u00e7 \u00f6nemli tarih<\/h3>\n\n<p>Kald\u0131r\u0131m ta\u015flar\u0131 ya\u015fam i\u00e7in bir \u015feydir. Ve kald\u0131r\u0131m ta\u015flar\u0131n\u0131n emprenye edilmesi uzun y\u0131llar s\u00fcrecek. \u0130\u015fte \u00fcr\u00fcn\u00fcm\u00fcz i\u00e7in y\u00fcksek kalitesini ve dayan\u0131kl\u0131l\u0131\u011f\u0131n\u0131 kan\u0131tlayan baz\u0131 \u00f6nemli veriler. P\u00fcr\u00fczs\u00fcz veya p\u00fcr\u00fczl\u00fc y\u00fczey, i\u00e7eride veya d\u0131\u015far\u0131da &#8211; kald\u0131r\u0131m ta\u015f\u0131 dolgu macunumuz \u00e7e\u015fitli \u015fekillerde kullan\u0131labilir &#8211; &#8211; 10 ila + 70 santigrat derece aras\u0131ndaki uygulama s\u0131cakl\u0131klar\u0131nda. Parke ta\u015f\u0131 dolgu macununun verimlili\u011fi, malzemenin emicili\u011fine ba\u011fl\u0131d\u0131r. G\u00f6zenekli beton, p\u00fcr\u00fczs\u00fczce parlat\u0131lm\u0131\u015f granitten daha fazla s\u0131zd\u0131rmazl\u0131k sa\u011flar. Kald\u0131r\u0131m ta\u015f\u0131 emprenyesi t\u00fcketimi, kald\u0131r\u0131m ta\u015f\u0131 s\u0131zd\u0131rmazl\u0131\u011f\u0131n\u0131n litresi ba\u015f\u0131na 10 ila 50 metrekare aras\u0131nda de\u011fi\u015fmektedir. Hem beton parke ta\u015flar\u0131 hem de granit parke ta\u015flar\u0131 dolguyu emdi\u011finden (dolay\u0131s\u0131yla parke ta\u015f\u0131 emprenyesi terimi), \u00fcr\u00fcn\u00fcm\u00fcz\u00fcn k\u00fcrlenme s\u00fcresi nispeten k\u0131sad\u0131r: 20 santigrat derece d\u0131\u015f s\u0131cakl\u0131kta 3 ila 6 saat. 1-2 saat sonra asfalt \u00fczerinde tekrar y\u00fcr\u00fcnebilir. Ve kald\u0131r\u0131m ta\u015flar\u0131 emprenye edildikten sonra hala dolgu macunu kal\u0131yorsa, bu kal\u0131nt\u0131n\u0131n at\u0131lmas\u0131 gerekmez: dolgu macunumuz teneke kutularda s\u00fcresiz olarak saklanabilir.<\/p>\n\n<h3 class=\"wp-block-heading\" id=\"h-und-noch-ein-paar-extras-unserer-pflasterstein-versiegelung\">Ve kald\u0131r\u0131m ta\u015f\u0131 s\u0131zd\u0131rmazl\u0131\u011f\u0131m\u0131z\u0131n birka\u00e7 ekstras\u0131<\/h3>\n\n<p>Beton parke ta\u015flar\u0131 ve granitten yap\u0131lm\u0131\u015f parke ta\u015flar\u0131 da dona ve g\u00fc\u00e7l\u00fc, s\u00fcrekli g\u00fcne\u015f \u0131\u015f\u0131\u011f\u0131na kar\u015f\u0131 korunur &#8211; \u00e7\u00fcnk\u00fc parke ta\u015f\u0131 yal\u0131t\u0131m\u0131m\u0131z g\u00fc\u00e7l\u00fc eksi derecelere ve UV \u0131\u015f\u0131\u011f\u0131na dayan\u0131kl\u0131d\u0131r. Betona veya granite derinlemesine n\u00fcfuz eder ve hatta s\u0131van\u0131n zarar g\u00f6rmeden <a href=\"https:\/\/www.versiegelung24.com\/tr\/biosativa-biyolojik-oen-temizleyici.html\">buharla temizlenmesini<\/a> sa\u011flar. Parke ta\u015f\u0131 contam\u0131z\u0131n, parke yap\u0131m\u0131nda \u00f6nemli bir rol oynamayan, ancak emprenyenin etkinli\u011fini bir kez daha netle\u015ftiren bir di\u011fer yan \u00fcr\u00fcn\u00fc: Conta uygulanm\u0131\u015f y\u00fczeyler, grafiti boyalar\u0131ndan \u00e7ok daha kolay temizlenebilir, \u00e7\u00fcnk\u00fc renkler malzemeye bile n\u00fcfuz edemiyor. Kald\u0131r\u0131m ta\u015f\u0131 s\u0131zd\u0131rmazl\u0131\u011f\u0131m\u0131zla, minimum t\u00fcketimle onlarca y\u0131l boyunca maksimum koruma sa\u011flan\u0131r. S\u00fcrd\u00fcr\u00fclebilirlik budur!<\/p>\n\n<h4 class=\"wp-block-heading\" id=\"faq\">SSS<\/h4>\n\n<div class=\"wp-block-columns is-layout-flex wp-container-core-columns-is-layout-9d6595d7 wp-block-columns-is-layout-flex\">\n<div class=\"wp-block-column is-layout-flow wp-block-column-is-layout-flow\" style=\"flex-basis:100%\">\n<div class=\"schema-faq wp-block-yoast-faq-block\"><div class=\"schema-faq-section\" id=\"faq-question-1723129133239\"><strong class=\"schema-faq-question\">S\u0131zd\u0131rmazl\u0131k neden optimum etkiye sahip de\u011fil \/ Neden etkisi yok?\n\/ Neden uzun vadeli bir etkisi yok? <\/strong> <p class=\"schema-faq-answer\"><br>1. Uygulama veya kuruma a\u015famas\u0131nda (yakla\u015f\u0131k 24 saat) nem (\u00f6rn. ya\u011fmur veya zeminden y\u00fckselen nem) olu\u015fursa dolgu macununun etkinli\u011fi azalabilir. 2. Tamamen kal\u0131nt\u0131 b\u0131rakmayan \u00f6n temizlik de sorunlara yol a\u00e7abilir.\n<br>Ta\u015f temizleyicilerin veya di\u011fer \u00f6n temizleyicilerin tamamen \u00e7\u0131kar\u0131lmas\u0131 \u00f6nemlidir. 3. Herhangi bir \u00f6n kaplama, dolgu macununun en iyi \u015fekilde emilmesini ve sertle\u015fmesini engelleyebilir, bu da etkinin azalmas\u0131na veya uzun s\u00fcreli olmamas\u0131na neden olabilir. <\/p> <\/div> <div class=\"schema-faq-section\" id=\"faq-question-1723129206298\"><strong class=\"schema-faq-question\">Ta\u015flar\u0131 y\u00fcksek bas\u0131n\u00e7l\u0131 bir temizleyici ile temizleyebilir miyim?<\/strong> <p class=\"schema-faq-answer\"><br>\u00d6neri: <strong> 1. Genellikle ta\u015f ve beton plakalar\u0131n temizli\u011finde bas\u0131n\u00e7l\u0131 y\u0131kama makinesi kullan\u0131lmamas\u0131n\u0131 tavsiye ederiz.\n<br>A\u011f\u0131r a\u015f\u0131nd\u0131rma y\u00fczeylere zarar verir ve onlar\u0131 yeniden kirlenmeye ve yosun olu\u015fumuna kar\u015f\u0131 daha hassas hale getirir. 2. Bas\u0131n\u00e7l\u0131 y\u0131kay\u0131c\u0131n\u0131n a\u015f\u0131nd\u0131r\u0131c\u0131 etkisi, daha derin katmanlardaki hidrofobiklik bozulmadan kalsa bile, dolgu macununun \u00fcst katman\u0131n\u0131 kald\u0131rabilir.<\/strong> <\/p> <\/div> <div class=\"schema-faq-section\" id=\"faq-question-1723188404369\"><strong class=\"schema-faq-question\">Dolgu macunum neden beklendi\u011fi kadar uzun s\u00fcre dayanm\u0131yor?<\/strong> <p class=\"schema-faq-answer\">Dolgu macununun dayan\u0131kl\u0131l\u0131\u011f\u0131 \u00e7e\u015fitli fakt\u00f6rlerden etkilenebilir.\nKurutma a\u015famas\u0131nda neme maruz kalma veya yetersiz \u00f6n temizlik gibi uygulama s\u0131ras\u0131ndaki olas\u0131 sorunlar optimum etkiyi bozabilir.\nBuna ek olarak, y\u00fczeyin yo\u011fun kullan\u0131m\u0131 dolgu macununun hizmet \u00f6mr\u00fcn\u00fc k\u0131saltabilir.\nBununla birlikte, derinlik etkisinin alttaki katmanlarda hala mevcut olmas\u0131 m\u00fcmk\u00fcnd\u00fcr.   <\/p> <\/div> <div class=\"schema-faq-section\" id=\"faq-question-1723188391712\"><strong class=\"schema-faq-question\">\u0130stenen boncuklanma etkisi neden olu\u015fmuyor?<\/strong> <p class=\"schema-faq-answer\">Boncuklanma etkisinin olmamas\u0131, dolgu macununun uygulanmas\u0131yla ilgili sorunlardan kaynaklan\u0131yor olabilir.\nUygulama s\u0131ras\u0131ndaki nem veya tam olarak giderilmemi\u015f \u00f6n temizlik, etkiyi bozabilir ve dolgu macununun en iyi \u015fekilde emilmesini ve priz almas\u0131n\u0131 engelleyebilir. <\/p> <\/div> <\/div>\n<\/div>\n<\/div>\n","protected":false},"excerpt":{"rendered":"<p><strong>\u0130\u00e7 ve d\u0131\u015f mekan kald\u0131r\u0131m ta\u015flar\u0131 i\u00e7in son derece etkili profesyonel s\u0131zd\u0131rmazl\u0131k<\/strong> :<\/p>\n<p>\u2713 Suya, kire ve hava ko\u015fullar\u0131na kar\u015f\u0131 kal\u0131c\u0131 y\u00fczey korumas\u0131<\/p>\n<p>\u2713 G\u00f6r\u00fcnmez: y\u00fczeyin de\u011fi\u015fmeyen g\u00f6r\u00fcn\u00fcm\u00fc ve hissi<\/p>\n<p>\u2713 Uzun y\u0131llar boyunca kal\u0131c\u0131 derinlik etkisi<\/p>\n<p>\u2713 Y\u00fczey nefes alabilir kal\u0131r<\/p>\n<p>\u2713 Su itici nil\u00fcfer inci etkisi<\/p>\n<p>\u2713 Kesinlikle dona dayan\u0131kl\u0131<\/p>\n","protected":false},"featured_media":18055,"template":"","meta":{"_acf_changed":false,"neve_meta_sidebar":"","neve_meta_container":"","neve_meta_enable_content_width":"","neve_meta_content_width":0,"neve_meta_title_alignment":"","neve_meta_author_avatar":"","neve_post_elements_order":"","neve_meta_disable_header":"","neve_meta_disable_footer":"","neve_meta_disable_title":"","neve_meta_reading_time":"","_surfaces":[],"_ver_product_tabs":[],"footnotes":""},"product_brand":[],"product_cat":[2437],"product_tag":[],"class_list":{"0":"post-23051","1":"product","2":"type-product","3":"status-publish","4":"has-post-thumbnail","6":"product_cat-tas-ve-beton-sizdirmazlik","7":"pa_gebinde-1000ml-sise","8":"pa_gebinde-20l-teneke-kutu","9":"pa_gebinde-5l-teneke-kutu","11":"first","12":"instock","13":"taxable","14":"shipping-taxable","15":"purchasable","16":"product-type-variable","17":"has-default-attributes"},"acf":[],"yoast_head":"<!-- This site is optimized with the Yoast SEO Premium plugin v22.8 (Yoast SEO v27.5) - https:\/\/yoast.com\/product\/yoast-seo-premium-wordpress\/ -->\n<title>Uzun s\u00fcreli ve derin etkili kald\u0131r\u0131m ta\u015f\u0131 s\u0131zd\u0131rmazl\u0131\u011f\u0131 - \u00fcst\u00fcn kalite - versiegelung24.com<\/title>\n<meta name=\"description\" content=\"Kald\u0131r\u0131m ta\u015f\u0131 s\u0131zd\u0131rmazl\u0131\u011f\u0131 - birinci s\u0131n\u0131f kalitede - kald\u0131r\u0131m ta\u015flar\u0131n\u0131z\u0131 hava ko\u015fullar\u0131ndan ve di\u011fer d\u0131\u015f etkilerden koruyun.\" \/>\n<meta name=\"robots\" content=\"index, follow, max-snippet:-1, max-image-preview:large, max-video-preview:-1\" \/>\n<link rel=\"canonical\" href=\"https:\/\/www.versiegelung24.com\/tr\/kaldirim-tasi-sizdirmazlik-in-profesyonel-kalite.html\" \/>\n<meta property=\"og:locale\" content=\"tr_TR\" \/>\n<meta property=\"og:type\" content=\"article\" \/>\n<meta property=\"og:title\" content=\"Uzun s\u00fcreli ve derin etkili kald\u0131r\u0131m ta\u015f\u0131 s\u0131zd\u0131rmazl\u0131\u011f\u0131 - \u00fcst\u00fcn kalite\" \/>\n<meta property=\"og:description\" content=\"Kald\u0131r\u0131m ta\u015f\u0131 s\u0131zd\u0131rmazl\u0131\u011f\u0131 - birinci s\u0131n\u0131f kalitede - kald\u0131r\u0131m ta\u015flar\u0131n\u0131z\u0131 hava ko\u015fullar\u0131ndan ve di\u011fer d\u0131\u015f etkilerden koruyun.\" \/>\n<meta property=\"og:url\" content=\"https:\/\/www.versiegelung24.com\/tr\/kaldirim-tasi-sizdirmazlik-in-profesyonel-kalite.html\" \/>\n<meta property=\"og:site_name\" content=\"versiegelung24.com\" \/>\n<meta property=\"article:modified_time\" content=\"2025-01-03T22:51:09+00:00\" \/>\n<meta property=\"og:image\" content=\"https:\/\/www.versiegelung24.com\/wp-content\/uploads\/2020\/06\/produkt-3006-620-1000-Pflastersteinversiegelung-scaled.jpg\" \/>\n\t<meta property=\"og:image:width\" content=\"2560\" \/>\n\t<meta property=\"og:image:height\" content=\"2560\" \/>\n\t<meta property=\"og:image:type\" content=\"image\/jpeg\" \/>\n<meta name=\"twitter:card\" content=\"summary_large_image\" \/>\n<meta name=\"twitter:label1\" content=\"Durumu\" \/>\n\t<meta name=\"twitter:data1\" content=\"Stokta var\" \/>\n<script type=\"application\/ld+json\" class=\"yoast-schema-graph\">{\"@context\":\"https:\\\/\\\/schema.org\",\"@graph\":[{\"@type\":[\"WebPage\",\"FAQPage\"],\"@id\":\"https:\\\/\\\/www.versiegelung24.com\\\/tr\\\/kaldirim-tasi-sizdirmazlik-in-profesyonel-kalite.html\",\"url\":\"https:\\\/\\\/www.versiegelung24.com\\\/tr\\\/kaldirim-tasi-sizdirmazlik-in-profesyonel-kalite.html\",\"name\":\"Uzun s\u00fcreli ve derin etkili kald\u0131r\u0131m ta\u015f\u0131 s\u0131zd\u0131rmazl\u0131\u011f\u0131 - \u00fcst\u00fcn kalite - versiegelung24.com\",\"isPartOf\":{\"@id\":\"https:\\\/\\\/www.versiegelung24.com\\\/tr\\\/#website\"},\"primaryImageOfPage\":{\"@id\":\"https:\\\/\\\/www.versiegelung24.com\\\/tr\\\/kaldirim-tasi-sizdirmazlik-in-profesyonel-kalite.html#primaryimage\"},\"image\":{\"@id\":\"https:\\\/\\\/www.versiegelung24.com\\\/tr\\\/kaldirim-tasi-sizdirmazlik-in-profesyonel-kalite.html#primaryimage\"},\"thumbnailUrl\":\"https:\\\/\\\/www.versiegelung24.com\\\/wp-content\\\/uploads\\\/2020\\\/06\\\/produkt-3006-620-1000-Pflastersteinversiegelung-scaled.jpg\",\"datePublished\":\"2021-08-02T19:14:49+00:00\",\"dateModified\":\"2025-01-03T22:51:09+00:00\",\"description\":\"Kald\u0131r\u0131m ta\u015f\u0131 s\u0131zd\u0131rmazl\u0131\u011f\u0131 - birinci s\u0131n\u0131f kalitede - kald\u0131r\u0131m ta\u015flar\u0131n\u0131z\u0131 hava ko\u015fullar\u0131ndan ve di\u011fer d\u0131\u015f etkilerden koruyun.\",\"breadcrumb\":{\"@id\":\"https:\\\/\\\/www.versiegelung24.com\\\/tr\\\/kaldirim-tasi-sizdirmazlik-in-profesyonel-kalite.html#breadcrumb\"},\"mainEntity\":[{\"@id\":\"https:\\\/\\\/www.versiegelung24.com\\\/tr\\\/kaldirim-tasi-sizdirmazlik-in-profesyonel-kalite.html#faq-question-1723129133239\"},{\"@id\":\"https:\\\/\\\/www.versiegelung24.com\\\/tr\\\/kaldirim-tasi-sizdirmazlik-in-profesyonel-kalite.html#faq-question-1723129206298\"},{\"@id\":\"https:\\\/\\\/www.versiegelung24.com\\\/tr\\\/kaldirim-tasi-sizdirmazlik-in-profesyonel-kalite.html#faq-question-1723188404369\"},{\"@id\":\"https:\\\/\\\/www.versiegelung24.com\\\/tr\\\/kaldirim-tasi-sizdirmazlik-in-profesyonel-kalite.html#faq-question-1723188391712\"}],\"inLanguage\":\"tr\",\"potentialAction\":[{\"@type\":\"ReadAction\",\"target\":[\"https:\\\/\\\/www.versiegelung24.com\\\/tr\\\/kaldirim-tasi-sizdirmazlik-in-profesyonel-kalite.html\"]}]},{\"@type\":\"ImageObject\",\"inLanguage\":\"tr\",\"@id\":\"https:\\\/\\\/www.versiegelung24.com\\\/tr\\\/kaldirim-tasi-sizdirmazlik-in-profesyonel-kalite.html#primaryimage\",\"url\":\"https:\\\/\\\/www.versiegelung24.com\\\/wp-content\\\/uploads\\\/2020\\\/06\\\/produkt-3006-620-1000-Pflastersteinversiegelung-scaled.jpg\",\"contentUrl\":\"https:\\\/\\\/www.versiegelung24.com\\\/wp-content\\\/uploads\\\/2020\\\/06\\\/produkt-3006-620-1000-Pflastersteinversiegelung-scaled.jpg\",\"width\":2560,\"height\":2560},{\"@type\":\"BreadcrumbList\",\"@id\":\"https:\\\/\\\/www.versiegelung24.com\\\/tr\\\/kaldirim-tasi-sizdirmazlik-in-profesyonel-kalite.html#breadcrumb\",\"itemListElement\":[{\"@type\":\"ListItem\",\"position\":1,\"name\":\"Anasayfa\",\"item\":\"https:\\\/\\\/www.versiegelung24.com\\\/tr\\\/on\\\/\"},{\"@type\":\"ListItem\",\"position\":2,\"name\":\"Ma\u011faza\",\"item\":\"https:\\\/\\\/www.versiegelung24.com\\\/tr\\\/magaza\\\/\"},{\"@type\":\"ListItem\",\"position\":3,\"name\":\"Uzun s\u00fcreli ve derin etkili kald\u0131r\u0131m ta\u015f\u0131 s\u0131zd\u0131rmazl\u0131\u011f\u0131 &#8211; \u00fcst\u00fcn kalite\"}]},{\"@type\":\"WebSite\",\"@id\":\"https:\\\/\\\/www.versiegelung24.com\\\/tr\\\/#website\",\"url\":\"https:\\\/\\\/www.versiegelung24.com\\\/tr\\\/\",\"name\":\"versiegelung24.com\",\"description\":\"Fl\u00fcssigglas-Versiegelung - Made in Germany\",\"publisher\":{\"@id\":\"https:\\\/\\\/www.versiegelung24.com\\\/tr\\\/#organization\"},\"potentialAction\":[{\"@type\":\"SearchAction\",\"target\":{\"@type\":\"EntryPoint\",\"urlTemplate\":\"https:\\\/\\\/www.versiegelung24.com\\\/tr\\\/?s={search_term_string}\"},\"query-input\":{\"@type\":\"PropertyValueSpecification\",\"valueRequired\":true,\"valueName\":\"search_term_string\"}}],\"inLanguage\":\"tr\"},{\"@type\":\"Organization\",\"@id\":\"https:\\\/\\\/www.versiegelung24.com\\\/tr\\\/#organization\",\"name\":\"versiegelung24\",\"url\":\"https:\\\/\\\/www.versiegelung24.com\\\/tr\\\/\",\"logo\":{\"@type\":\"ImageObject\",\"inLanguage\":\"tr\",\"@id\":\"https:\\\/\\\/www.versiegelung24.com\\\/tr\\\/#\\\/schema\\\/logo\\\/image\\\/\",\"url\":\"https:\\\/\\\/www.versiegelung24.com\\\/wp-content\\\/uploads\\\/2020\\\/04\\\/versiegelung24.png\",\"contentUrl\":\"https:\\\/\\\/www.versiegelung24.com\\\/wp-content\\\/uploads\\\/2020\\\/04\\\/versiegelung24.png\",\"width\":470,\"height\":102,\"caption\":\"versiegelung24\"},\"image\":{\"@id\":\"https:\\\/\\\/www.versiegelung24.com\\\/tr\\\/#\\\/schema\\\/logo\\\/image\\\/\"}},{\"@type\":\"Question\",\"@id\":\"https:\\\/\\\/www.versiegelung24.com\\\/tr\\\/kaldirim-tasi-sizdirmazlik-in-profesyonel-kalite.html#faq-question-1723129133239\",\"position\":1,\"url\":\"https:\\\/\\\/www.versiegelung24.com\\\/tr\\\/kaldirim-tasi-sizdirmazlik-in-profesyonel-kalite.html#faq-question-1723129133239\",\"name\":\"Wieso zeigt Versiegelung nicht die optimale Wirkung \\\/ Warum ist die Wirkung nicht vorhanden? \\\/ Wieso ist der Effekt der Langzeitwirkung nicht gegeben?\",\"answerCount\":1,\"acceptedAnswer\":{\"@type\":\"Answer\",\"text\":\"1. Die Versiegelung kann in ihrer Wirkung beeintr\u00e4chtigt sein, wenn w\u00e4hrend der Applikation oder Trocknungsphase (etwa 24 Stunden) Feuchtigkeit (z.B. Regen oder aufsteigende Feuchtigkeit aus dem Boden) auftritt.<br\\\/>2. Eine nicht vollst\u00e4ndig r\u00fcckstandsfreie Vorreinigung kann ebenfalls zu Problemen f\u00fchren. Es ist essenziell, dass Steinreiniger oder andere Vorreiniger vollst\u00e4ndig entfernt werden.<br\\\/>3. Eventuelle Vorbeschichtungen k\u00f6nnen das optimale Einziehen und Abbinden der Versiegelung verhindern, was zu einer reduzierten oder nicht langanhaltenden Wirkung f\u00fchren kann.\",\"inLanguage\":\"tr\"},\"inLanguage\":\"tr\"},{\"@type\":\"Question\",\"@id\":\"https:\\\/\\\/www.versiegelung24.com\\\/tr\\\/kaldirim-tasi-sizdirmazlik-in-profesyonel-kalite.html#faq-question-1723129206298\",\"position\":2,\"url\":\"https:\\\/\\\/www.versiegelung24.com\\\/tr\\\/kaldirim-tasi-sizdirmazlik-in-profesyonel-kalite.html#faq-question-1723129206298\",\"name\":\"Kann ich die Steine mit einem Hochdruckreiniger (K\u00e4rchern) reinigen?\",\"answerCount\":1,\"acceptedAnswer\":{\"@type\":\"Answer\",\"text\":\"<strong>Empfehlung:<\\\/strong><br\\\/>1. Wir raten generell von der Nutzung eines Hochdruckreinigers f\u00fcr die Reinigung von Stein- und Betonplatten ab. Durch die starke Abrasion werden die Oberfl\u00e4chen besch\u00e4digt und anf\u00e4lliger f\u00fcr erneute Verschmutzung und Algenbewuchs.<br\\\/>2. Die fr\u00e4sende Wirkung des Hochdruckreinigers kann die oberste Schicht einer Versiegelung abtragen, selbst wenn die Hydrophobie in den tieferen Schichten erhalten bleibt.\",\"inLanguage\":\"tr\"},\"inLanguage\":\"tr\"},{\"@type\":\"Question\",\"@id\":\"https:\\\/\\\/www.versiegelung24.com\\\/tr\\\/kaldirim-tasi-sizdirmazlik-in-profesyonel-kalite.html#faq-question-1723188404369\",\"position\":3,\"url\":\"https:\\\/\\\/www.versiegelung24.com\\\/tr\\\/kaldirim-tasi-sizdirmazlik-in-profesyonel-kalite.html#faq-question-1723188404369\",\"name\":\"Warum h\u00e4lt meine Versiegelung nicht so lange wie erwartet?\",\"answerCount\":1,\"acceptedAnswer\":{\"@type\":\"Answer\",\"text\":\"Die Haltbarkeit der Versiegelung kann durch verschiedene Faktoren beeinflusst werden. M\u00f6gliche Probleme w\u00e4hrend der Aufbringung, wie Feuchtigkeitseinwirkung w\u00e4hrend der Trocknungsphase oder eine unzureichende Vorreinigung, k\u00f6nnen die optimale Wirkung beeintr\u00e4chtigen. Zudem kann eine starke Beanspruchung der Oberfl\u00e4che die Lebensdauer der Versiegelung verk\u00fcrzen. Es ist jedoch m\u00f6glich, dass die Tiefenwirkung in den darunter liegenden Schichten weiterhin vorhanden ist.\",\"inLanguage\":\"tr\"},\"inLanguage\":\"tr\"},{\"@type\":\"Question\",\"@id\":\"https:\\\/\\\/www.versiegelung24.com\\\/tr\\\/kaldirim-tasi-sizdirmazlik-in-profesyonel-kalite.html#faq-question-1723188391712\",\"position\":4,\"url\":\"https:\\\/\\\/www.versiegelung24.com\\\/tr\\\/kaldirim-tasi-sizdirmazlik-in-profesyonel-kalite.html#faq-question-1723188391712\",\"name\":\"Warum tritt der gew\u00fcnschte Abperleffekt nicht ein?\",\"answerCount\":1,\"acceptedAnswer\":{\"@type\":\"Answer\",\"text\":\"Der fehlende Abperleffekt k\u00f6nnte auf Probleme bei der Aufbringung der Versiegelung zur\u00fcckzuf\u00fchren sein. Feuchtigkeit w\u00e4hrend der Applikation oder eine nicht vollst\u00e4ndig entfernte Vorreinigung k\u00f6nnen die Wirkung beeintr\u00e4chtigen und verhindern, dass die Versiegelung optimal einzieht und abbinden kann.\",\"inLanguage\":\"tr\"},\"inLanguage\":\"tr\"}]}<\/script>\n<meta property=\"og:availability\" content=\"instock\" \/>\n<meta property=\"product:availability\" content=\"instock\" \/>\n<meta property=\"product:retailer_item_id\" content=\"3006-7620\" \/>\n<meta property=\"product:condition\" content=\"new\" \/>\n<!-- \/ Yoast SEO Premium plugin. -->","yoast_head_json":{"title":"Uzun s\u00fcreli ve derin etkili kald\u0131r\u0131m ta\u015f\u0131 s\u0131zd\u0131rmazl\u0131\u011f\u0131 - \u00fcst\u00fcn kalite - versiegelung24.com","description":"Kald\u0131r\u0131m ta\u015f\u0131 s\u0131zd\u0131rmazl\u0131\u011f\u0131 - birinci s\u0131n\u0131f kalitede - kald\u0131r\u0131m ta\u015flar\u0131n\u0131z\u0131 hava ko\u015fullar\u0131ndan ve di\u011fer d\u0131\u015f etkilerden koruyun.","robots":{"index":"index","follow":"follow","max-snippet":"max-snippet:-1","max-image-preview":"max-image-preview:large","max-video-preview":"max-video-preview:-1"},"canonical":"https:\/\/www.versiegelung24.com\/tr\/kaldirim-tasi-sizdirmazlik-in-profesyonel-kalite.html","og_locale":"tr_TR","og_type":"article","og_title":"Uzun s\u00fcreli ve derin etkili kald\u0131r\u0131m ta\u015f\u0131 s\u0131zd\u0131rmazl\u0131\u011f\u0131 - \u00fcst\u00fcn kalite","og_description":"Kald\u0131r\u0131m ta\u015f\u0131 s\u0131zd\u0131rmazl\u0131\u011f\u0131 - birinci s\u0131n\u0131f kalitede - kald\u0131r\u0131m ta\u015flar\u0131n\u0131z\u0131 hava ko\u015fullar\u0131ndan ve di\u011fer d\u0131\u015f etkilerden koruyun.","og_url":"https:\/\/www.versiegelung24.com\/tr\/kaldirim-tasi-sizdirmazlik-in-profesyonel-kalite.html","og_site_name":"versiegelung24.com","article_modified_time":"2025-01-03T22:51:09+00:00","og_image":[{"width":2560,"height":2560,"url":"https:\/\/www.versiegelung24.com\/wp-content\/uploads\/2020\/06\/produkt-3006-620-1000-Pflastersteinversiegelung-scaled.jpg","type":"image\/jpeg"}],"twitter_card":"summary_large_image","twitter_misc":{"Durumu":"Stokta var"},"schema":{"@context":"https:\/\/schema.org","@graph":[{"@type":["WebPage","FAQPage"],"@id":"https:\/\/www.versiegelung24.com\/tr\/kaldirim-tasi-sizdirmazlik-in-profesyonel-kalite.html","url":"https:\/\/www.versiegelung24.com\/tr\/kaldirim-tasi-sizdirmazlik-in-profesyonel-kalite.html","name":"Uzun s\u00fcreli ve derin etkili kald\u0131r\u0131m ta\u015f\u0131 s\u0131zd\u0131rmazl\u0131\u011f\u0131 - \u00fcst\u00fcn kalite - versiegelung24.com","isPartOf":{"@id":"https:\/\/www.versiegelung24.com\/tr\/#website"},"primaryImageOfPage":{"@id":"https:\/\/www.versiegelung24.com\/tr\/kaldirim-tasi-sizdirmazlik-in-profesyonel-kalite.html#primaryimage"},"image":{"@id":"https:\/\/www.versiegelung24.com\/tr\/kaldirim-tasi-sizdirmazlik-in-profesyonel-kalite.html#primaryimage"},"thumbnailUrl":"https:\/\/www.versiegelung24.com\/wp-content\/uploads\/2020\/06\/produkt-3006-620-1000-Pflastersteinversiegelung-scaled.jpg","datePublished":"2021-08-02T19:14:49+00:00","dateModified":"2025-01-03T22:51:09+00:00","description":"Kald\u0131r\u0131m ta\u015f\u0131 s\u0131zd\u0131rmazl\u0131\u011f\u0131 - birinci s\u0131n\u0131f kalitede - kald\u0131r\u0131m ta\u015flar\u0131n\u0131z\u0131 hava ko\u015fullar\u0131ndan ve di\u011fer d\u0131\u015f etkilerden koruyun.","breadcrumb":{"@id":"https:\/\/www.versiegelung24.com\/tr\/kaldirim-tasi-sizdirmazlik-in-profesyonel-kalite.html#breadcrumb"},"mainEntity":[{"@id":"https:\/\/www.versiegelung24.com\/tr\/kaldirim-tasi-sizdirmazlik-in-profesyonel-kalite.html#faq-question-1723129133239"},{"@id":"https:\/\/www.versiegelung24.com\/tr\/kaldirim-tasi-sizdirmazlik-in-profesyonel-kalite.html#faq-question-1723129206298"},{"@id":"https:\/\/www.versiegelung24.com\/tr\/kaldirim-tasi-sizdirmazlik-in-profesyonel-kalite.html#faq-question-1723188404369"},{"@id":"https:\/\/www.versiegelung24.com\/tr\/kaldirim-tasi-sizdirmazlik-in-profesyonel-kalite.html#faq-question-1723188391712"}],"inLanguage":"tr","potentialAction":[{"@type":"ReadAction","target":["https:\/\/www.versiegelung24.com\/tr\/kaldirim-tasi-sizdirmazlik-in-profesyonel-kalite.html"]}]},{"@type":"ImageObject","inLanguage":"tr","@id":"https:\/\/www.versiegelung24.com\/tr\/kaldirim-tasi-sizdirmazlik-in-profesyonel-kalite.html#primaryimage","url":"https:\/\/www.versiegelung24.com\/wp-content\/uploads\/2020\/06\/produkt-3006-620-1000-Pflastersteinversiegelung-scaled.jpg","contentUrl":"https:\/\/www.versiegelung24.com\/wp-content\/uploads\/2020\/06\/produkt-3006-620-1000-Pflastersteinversiegelung-scaled.jpg","width":2560,"height":2560},{"@type":"BreadcrumbList","@id":"https:\/\/www.versiegelung24.com\/tr\/kaldirim-tasi-sizdirmazlik-in-profesyonel-kalite.html#breadcrumb","itemListElement":[{"@type":"ListItem","position":1,"name":"Anasayfa","item":"https:\/\/www.versiegelung24.com\/tr\/on\/"},{"@type":"ListItem","position":2,"name":"Ma\u011faza","item":"https:\/\/www.versiegelung24.com\/tr\/magaza\/"},{"@type":"ListItem","position":3,"name":"Uzun s\u00fcreli ve derin etkili kald\u0131r\u0131m ta\u015f\u0131 s\u0131zd\u0131rmazl\u0131\u011f\u0131 &#8211; \u00fcst\u00fcn kalite"}]},{"@type":"WebSite","@id":"https:\/\/www.versiegelung24.com\/tr\/#website","url":"https:\/\/www.versiegelung24.com\/tr\/","name":"versiegelung24.com","description":"Fl\u00fcssigglas-Versiegelung - Made in Germany","publisher":{"@id":"https:\/\/www.versiegelung24.com\/tr\/#organization"},"potentialAction":[{"@type":"SearchAction","target":{"@type":"EntryPoint","urlTemplate":"https:\/\/www.versiegelung24.com\/tr\/?s={search_term_string}"},"query-input":{"@type":"PropertyValueSpecification","valueRequired":true,"valueName":"search_term_string"}}],"inLanguage":"tr"},{"@type":"Organization","@id":"https:\/\/www.versiegelung24.com\/tr\/#organization","name":"versiegelung24","url":"https:\/\/www.versiegelung24.com\/tr\/","logo":{"@type":"ImageObject","inLanguage":"tr","@id":"https:\/\/www.versiegelung24.com\/tr\/#\/schema\/logo\/image\/","url":"https:\/\/www.versiegelung24.com\/wp-content\/uploads\/2020\/04\/versiegelung24.png","contentUrl":"https:\/\/www.versiegelung24.com\/wp-content\/uploads\/2020\/04\/versiegelung24.png","width":470,"height":102,"caption":"versiegelung24"},"image":{"@id":"https:\/\/www.versiegelung24.com\/tr\/#\/schema\/logo\/image\/"}},{"@type":"Question","@id":"https:\/\/www.versiegelung24.com\/tr\/kaldirim-tasi-sizdirmazlik-in-profesyonel-kalite.html#faq-question-1723129133239","position":1,"url":"https:\/\/www.versiegelung24.com\/tr\/kaldirim-tasi-sizdirmazlik-in-profesyonel-kalite.html#faq-question-1723129133239","name":"Wieso zeigt Versiegelung nicht die optimale Wirkung \/ Warum ist die Wirkung nicht vorhanden? \/ Wieso ist der Effekt der Langzeitwirkung nicht gegeben?","answerCount":1,"acceptedAnswer":{"@type":"Answer","text":"1. Die Versiegelung kann in ihrer Wirkung beeintr\u00e4chtigt sein, wenn w\u00e4hrend der Applikation oder Trocknungsphase (etwa 24 Stunden) Feuchtigkeit (z.B. Regen oder aufsteigende Feuchtigkeit aus dem Boden) auftritt.<br\/>2. Eine nicht vollst\u00e4ndig r\u00fcckstandsfreie Vorreinigung kann ebenfalls zu Problemen f\u00fchren. Es ist essenziell, dass Steinreiniger oder andere Vorreiniger vollst\u00e4ndig entfernt werden.<br\/>3. Eventuelle Vorbeschichtungen k\u00f6nnen das optimale Einziehen und Abbinden der Versiegelung verhindern, was zu einer reduzierten oder nicht langanhaltenden Wirkung f\u00fchren kann.","inLanguage":"tr"},"inLanguage":"tr"},{"@type":"Question","@id":"https:\/\/www.versiegelung24.com\/tr\/kaldirim-tasi-sizdirmazlik-in-profesyonel-kalite.html#faq-question-1723129206298","position":2,"url":"https:\/\/www.versiegelung24.com\/tr\/kaldirim-tasi-sizdirmazlik-in-profesyonel-kalite.html#faq-question-1723129206298","name":"Kann ich die Steine mit einem Hochdruckreiniger (K\u00e4rchern) reinigen?","answerCount":1,"acceptedAnswer":{"@type":"Answer","text":"<strong>Empfehlung:<\/strong><br\/>1. Wir raten generell von der Nutzung eines Hochdruckreinigers f\u00fcr die Reinigung von Stein- und Betonplatten ab. Durch die starke Abrasion werden die Oberfl\u00e4chen besch\u00e4digt und anf\u00e4lliger f\u00fcr erneute Verschmutzung und Algenbewuchs.<br\/>2. Die fr\u00e4sende Wirkung des Hochdruckreinigers kann die oberste Schicht einer Versiegelung abtragen, selbst wenn die Hydrophobie in den tieferen Schichten erhalten bleibt.","inLanguage":"tr"},"inLanguage":"tr"},{"@type":"Question","@id":"https:\/\/www.versiegelung24.com\/tr\/kaldirim-tasi-sizdirmazlik-in-profesyonel-kalite.html#faq-question-1723188404369","position":3,"url":"https:\/\/www.versiegelung24.com\/tr\/kaldirim-tasi-sizdirmazlik-in-profesyonel-kalite.html#faq-question-1723188404369","name":"Warum h\u00e4lt meine Versiegelung nicht so lange wie erwartet?","answerCount":1,"acceptedAnswer":{"@type":"Answer","text":"Die Haltbarkeit der Versiegelung kann durch verschiedene Faktoren beeinflusst werden. M\u00f6gliche Probleme w\u00e4hrend der Aufbringung, wie Feuchtigkeitseinwirkung w\u00e4hrend der Trocknungsphase oder eine unzureichende Vorreinigung, k\u00f6nnen die optimale Wirkung beeintr\u00e4chtigen. Zudem kann eine starke Beanspruchung der Oberfl\u00e4che die Lebensdauer der Versiegelung verk\u00fcrzen. Es ist jedoch m\u00f6glich, dass die Tiefenwirkung in den darunter liegenden Schichten weiterhin vorhanden ist.","inLanguage":"tr"},"inLanguage":"tr"},{"@type":"Question","@id":"https:\/\/www.versiegelung24.com\/tr\/kaldirim-tasi-sizdirmazlik-in-profesyonel-kalite.html#faq-question-1723188391712","position":4,"url":"https:\/\/www.versiegelung24.com\/tr\/kaldirim-tasi-sizdirmazlik-in-profesyonel-kalite.html#faq-question-1723188391712","name":"Warum tritt der gew\u00fcnschte Abperleffekt nicht ein?","answerCount":1,"acceptedAnswer":{"@type":"Answer","text":"Der fehlende Abperleffekt k\u00f6nnte auf Probleme bei der Aufbringung der Versiegelung zur\u00fcckzuf\u00fchren sein. Feuchtigkeit w\u00e4hrend der Applikation oder eine nicht vollst\u00e4ndig entfernte Vorreinigung k\u00f6nnen die Wirkung beeintr\u00e4chtigen und verhindern, dass die Versiegelung optimal einzieht und abbinden kann.","inLanguage":"tr"},"inLanguage":"tr"}]},"og_availability":"instock","product_availability":"instock","product_retailer_item_id":"3006-7620","product_condition":"new"},"_links":{"self":[{"href":"https:\/\/www.versiegelung24.com\/tr\/wp-json\/wp\/v2\/product\/23051","targetHints":{"allow":["GET"]}}],"collection":[{"href":"https:\/\/www.versiegelung24.com\/tr\/wp-json\/wp\/v2\/product"}],"about":[{"href":"https:\/\/www.versiegelung24.com\/tr\/wp-json\/wp\/v2\/types\/product"}],"version-history":[{"count":43,"href":"https:\/\/www.versiegelung24.com\/tr\/wp-json\/wp\/v2\/product\/23051\/revisions"}],"predecessor-version":[{"id":174121,"href":"https:\/\/www.versiegelung24.com\/tr\/wp-json\/wp\/v2\/product\/23051\/revisions\/174121"}],"wp:featuredmedia":[{"embeddable":true,"href":"https:\/\/www.versiegelung24.com\/tr\/wp-json\/wp\/v2\/media\/18055"}],"wp:attachment":[{"href":"https:\/\/www.versiegelung24.com\/tr\/wp-json\/wp\/v2\/media?parent=23051"}],"wp:term":[{"taxonomy":"product_brand","embeddable":true,"href":"https:\/\/www.versiegelung24.com\/tr\/wp-json\/wp\/v2\/product_brand?post=23051"},{"taxonomy":"product_cat","embeddable":true,"href":"https:\/\/www.versiegelung24.com\/tr\/wp-json\/wp\/v2\/product_cat?post=23051"},{"taxonomy":"product_tag","embeddable":true,"href":"https:\/\/www.versiegelung24.com\/tr\/wp-json\/wp\/v2\/product_tag?post=23051"}],"curies":[{"name":"wp","href":"https:\/\/api.w.org\/{rel}","templated":true}]}}