{"id":23088,"date":"2020-04-04T18:53:21","date_gmt":"2021-08-02T19:19:24","guid":{"rendered":"https:\/\/www.versiegelung24.com\/produkt\/profesyonel-kalitede-granit-sizdirmazlik"},"modified":"2025-01-03T23:51:08","modified_gmt":"2025-01-03T22:51:08","slug":"granit-sizdirmazlik-in-profesyonel-kalite","status":"publish","type":"product","link":"https:\/\/www.versiegelung24.com\/tr\/granit-sizdirmazlik-in-profesyonel-kalite.html","title":{"rendered":"Uzun s\u00fcreli ve derin etkili granit s\u0131zd\u0131rmazl\u0131k &#8211; \u00fcst\u00fcn kalite"},"content":{"rendered":"\n<h2 class=\"wp-block-heading\" id=\"granitversiegelung-premium-qualitat\">Granit s\u0131zd\u0131rmazl\u0131k &#8211; \u00fcst\u00fcn kalite<\/h2>\n\n<h2 class=\"wp-block-heading\" id=\"pflege-und-reinigung-von-granit\">Granit bak\u0131m\u0131 ve temizli\u011fi<\/h2>\n\n<p>Bu ta\u015ftan yap\u0131lm\u0131\u015f bir granit masa veya zemin veya lavabo do\u011fal olarak sa\u011flam olarak kabul edilse bile, bu do\u011fal ta\u015f da d\u00fczenli bak\u0131m gerektirir &#8211; sonu\u00e7ta kal\u0131c\u0131 olarak g\u00fczel ve parlak g\u00f6r\u00fcnmelidir. Uzun vadede y\u0131pranan ve dolay\u0131s\u0131yla matla\u015fan ve \u00e7irkinle\u015fen pahal\u0131 ve asil granit, \u00e7o\u011fu zaman yeni bir kesim ve s\u0131zd\u0131rmazl\u0131k gerektirir. \u00d6zel temizlik maddeleriyle d\u00fczenli olarak silmek, granitin do\u011fal g\u00fczelli\u011fini koruyacak ve kal\u0131c\u0131 olarak iyile\u015ftirecektir. Bak\u0131m i\u00e7in zemin amonyak ve ard\u0131ndan zemin cilas\u0131 ile ovulabilir. D\u0131\u015far\u0131da, g\u00fc\u00e7l\u00fc alkaliler (\u00f6rne\u011fin, bula\u015f\u0131k makinesi i\u00e7in toz ve t\u0131rnaklar), toz ve yosundan kaynaklanan hafif kirliliklerde harikalar yaratabilir. Nemli tuz taze lekelere yard\u0131mc\u0131 olabilir. Ya\u011fl\u0131 lekeleri balmumu veya ya\u011f ile \u00e7\u0131karmak \u00e7ok daha zordur. Bu durumda, nem emici tozlar veya \u00f6zel macunlar\u0131n etkili oldu\u011fu kan\u0131tlanm\u0131\u015ft\u0131r. Bunlar \u00fcreticinin talimatlar\u0131na g\u00f6re hareket etmeli, onlar\u0131 silmeli ve birka\u00e7 kez tekrarlamal\u0131d\u0131r. Temizlik maddesi konsantremiz <a href=\"https:\/\/www.versiegelung24.com\/biosativa-bio-putzmittel.html\">BIOSATIVA\u00ae<\/a> burada kullan\u0131labilir. Bu uygundur \u00e7\u00fcnk\u00fc tamamen biyolojik olarak par\u00e7alanabilir. Temizleme g\u00fcc\u00fcnde kay\u0131p olmaz.<\/p>\n\n<div class=\"wp-block-columns is-layout-flex wp-container-core-columns-is-layout-9d6595d7 wp-block-columns-is-layout-flex\">\n<div class=\"wp-block-column is-layout-flow wp-block-column-is-layout-flow\">\n<h2 class=\"wp-block-heading\" id=\"definition-und-zusammensetzung\">Tan\u0131m ve kompozisyon<\/h2>\n\n\n\n<p>Granitler, erimi\u015f kayalardan olu\u015fan magmatik kayalard\u0131r. Masif ve nispeten kaba kristalli magmatik kaya, feldispatlar, kuvars ve mika gibi koyu renkli mineraller a\u00e7\u0131s\u0131ndan zengindir. Granit, magman\u0131n (kaya eriyi\u011fi) yerkabu\u011funda, \u00e7o\u011funlukla yer y\u00fczeyinin iki kilometreden daha alt\u0131ndaki derinliklerde kat\u0131la\u015fmas\u0131yla olu\u015fur. Bu nedenle granit derin kaya\u00e7lardan biridir. Granit i\u00e7in gerekli hafif minerallerin kuvars i\u00e7eri\u011fi en az y\u00fczde 20 ila en fazla y\u00fczde 60 olmal\u0131d\u0131r. \u00c7o\u011fu durumda, granitler a\u00e7\u0131k renkli kayalard\u0131r. Beyaz, k\u0131rm\u0131z\u0131ms\u0131 veya sar\u0131ms\u0131 renklere ek olarak, \u00e7ok renkli varyantlar da vard\u0131r &#8211; ancak granit asla tamamen siyah de\u011fildir. Granitin, \u00f6zellikle kuvars i\u00e7ermedi\u011finden, gabro veya bazaltlardan tam olarak ayr\u0131ld\u0131\u011f\u0131 yer buras\u0131d\u0131r. Do\u011fal ta\u015f ticaretinde bu husus dikkate al\u0131nmal\u0131d\u0131r, \u00e7\u00fcnk\u00fc bu ta\u015flar\u0131n granitle hi\u00e7bir ilgisi yoktur ve genellikle daha az sa\u011flamd\u0131r.<\/p>\n<\/div>\n\n\n\n<div class=\"wp-block-column is-layout-flow wp-block-column-is-layout-flow\">\n<h2 class=\"wp-block-heading\" id=\"eigenschaften-und-klassifizierung\">\u00d6zellikler ve s\u0131n\u0131fland\u0131rma<\/h2>\n\n\n\n<p>Granitin en b\u00fcy\u00fck avantajlar\u0131ndan biri sa\u011flaml\u0131\u011f\u0131nda g\u00f6r\u00fclebilir. Kayan\u0131n dayan\u0131kl\u0131l\u0131\u011f\u0131na at\u0131fta bulunan &#8220;granit kadar sert&#8221; veya &#8220;granitte \u0131s\u0131rmak&#8221; gibi ifadelerin yerle\u015fmesi bo\u015funa de\u011fildir. Granitler, ayn\u0131 kimyasal bile\u015fimde bile \u00e7ok farkl\u0131 g\u00f6r\u00fcnebilir. Minerallerin rengi ve tane boyutu, \u00e7ok say\u0131da farkl\u0131 varyanttan esas olarak sorumludur. Granit genellikle orta ila kaba tanelidir. \u00c7o\u011funlukla y\u00f6ns\u00fcz doku ile homojen mineral da\u011f\u0131l\u0131m\u0131ndan kaynaklanan nispeten d\u00fczg\u00fcn bir g\u00f6r\u00fcn\u00fcme sahiptir. Yap\u0131s\u0131, kristal boyutu genellikle bir ila birka\u00e7 santimetre aras\u0131nda dalgalanan, do\u011frudan bir tane birle\u015fimi ile karakterize edilir. Hemen hemen t\u00fcm kristallerin ayn\u0131 boyutta oldu\u011fu ayn\u0131 boyuttaki granitlere ek olarak, d\u00fczensiz taneli granitlerin veya porfirin olu\u015fmas\u0131 nadir de\u011fildir. Bu durumda, bireysel kristaller &#8211; \u00e7o\u011funlukla feldispatlar olarak adland\u0131r\u0131l\u0131rlar &#8211; di\u011fer minerallerden birka\u00e7 kat daha b\u00fcy\u00fckt\u00fcr.<\/p>\n<\/div>\n<\/div>\n\n<p>Granit s\u0131zd\u0131rmazl\u0131\u011f\u0131m\u0131z, ta\u015f\u0131n uzun vadede iyi g\u00f6r\u00fcnmesini sa\u011flayan ve t\u00fcm d\u0131\u015f etkenlere kar\u015f\u0131 etkili ve kal\u0131c\u0131 olarak koruyan derinlik etkisi nedeniyle benzersiz bir uzun vadeli etki sa\u011flar. Lotus etkisi nedeniyle, su gelecekte y\u00fczeyden yuvarlanacakt\u0131r.<\/p>\n\n<hr\/>\n\n<h2 class=\"wp-block-heading\" id=\"video\">\u00dcr\u00fcn videosu: \u0130\u00e7 ve d\u0131\u015f mekanlarda granit plakalar\u0131n s\u0131zd\u0131rmazl\u0131\u011f\u0131<\/h2>\n\n<figure class=\"wp-block-embed aligncenter is-type-video is-provider-youtube wp-block-embed-youtube wp-embed-aspect-16-9 wp-has-aspect-ratio\"><div class=\"wp-block-embed__wrapper\"> \n<div class=\"nv-iframe-embed\"><iframe title=\"Granitversiegelung Innenbereich &amp; Au\u00dfenbereich\" width=\"1200\" height=\"675\" src=\"https:\/\/www.youtube.com\/embed\/UOoe5R-2wXw?feature=oembed\" frameborder=\"0\" allow=\"accelerometer; autoplay; clipboard-write; encrypted-media; gyroscope; picture-in-picture\" allowfullscreen><\/iframe><\/div>\n <\/div><\/figure>\n\n<h4 class=\"wp-block-heading\" id=\"properties\">\u00dcr\u00fcn \u00f6zellikleri<\/h4>\n\n<div class=\"wp-block-columns is-layout-flex wp-container-core-columns-is-layout-9d6595d7 wp-block-columns-is-layout-flex\">\n<div class=\"wp-block-column is-layout-flow wp-block-column-is-layout-flow\">\n<p><strong>Derinlik etkisi ve su itici lotus etkisi ile son derece etkili profesyonel granit mastik<\/strong><\/p>\n\n\n\n<p><br\/>\u00dcr\u00fcn numaras\u0131: 3005-7620 Ya\u011f ve k\u0131rm\u0131z\u0131 \u015faraba kar\u015f\u0131 geli\u015ftirilmi\u015f etkiye sahip yeni versiyon (eski \u00fcr\u00fcn numaras\u0131 3005-620)<\/p>\n\n\n\n<p>Almanya&#8217;da yap\u0131lan y\u00fcksek kalite<\/p>\n\n\n\n<p><strong>\u00fcr\u00fcn G\u00fcvenli\u011fi<\/strong><\/p>\n\n\n\n<p>\u00dcr\u00fcn\u00fcn Tehlikeli Maddeler Y\u00f6netmeli\u011fi \u00e7er\u00e7evesinde s\u0131n\u0131fland\u0131r\u0131lmas\u0131na ili\u015fkin bilgiler, g\u00fcvenlik verileri ile toksikoloji ve depolamaya ili\u015fkin veriler g\u00fcvenlik bilgi f\u00f6y\u00fcm\u00fczde yer almaktad\u0131r.<\/p>\n\n\n\n<p><strong>depolamak<\/strong><\/p>\n\n\n\n<p><strong>V24 granit s\u0131zd\u0131rmazl\u0131k<\/strong> nem ile temas ettirilmemelidir. Depolama -10 \u00b0C ile +40 \u00b0C aras\u0131ndaki s\u0131cakl\u0131klarda yap\u0131lmal\u0131d\u0131r.<\/p>\n\n\n\n<p><strong>V24 granit s\u0131zd\u0131rmazl\u0131k<\/strong> orijinal kapal\u0131 ambalaj\u0131nda s\u0131n\u0131rs\u0131z raf \u00f6mr\u00fcne sahiptir.<\/p>\n\n\n\n<p><\/p>\n\n\n\n<p><strong>Teslimat kapsam\u0131:<\/strong><\/p>\n\n\n\n<p><br\/>1 x litrelik \u015fi\u015fe 1 x pompal\u0131 p\u00fcsk\u00fcrtme ba\u015fl\u0131\u011f\u0131<br\/><\/p>\n<\/div>\n\n\n\n<div class=\"wp-block-column is-layout-flow wp-block-column-is-layout-flow\">\n<p>\u2713 Suya, kire ve hava ko\u015fullar\u0131na kar\u015f\u0131 etkili kal\u0131c\u0131 y\u00fczey korumas\u0131<\/p>\n\n\n\n<p>\u2713 yosun, liken, mantar ve di\u011fer do\u011fal etkilerin b\u00fcy\u00fcmesini engeller<\/p>\n\n\n\n<p>\u2713 y\u00fczeyin g\u00f6r\u00fcn\u00fcm\u00fcnde ve hissinde de\u011fi\u015fiklik yok (kesinlikle g\u00f6r\u00fcnmez)<\/p>\n\n\n\n<p>\u2713 uzun zincirli silikon bile\u015fikleri (SiO\u00b2) sayesinde a\u015f\u0131r\u0131 a\u015f\u0131nma direnci<\/p>\n\n\n\n<p>\u2713 25 mm&#8217;ye varan y\u00fcksek penetrasyon derinlikleri sayesinde uzun s\u00fcreli derinlik etkisi (ta\u015f\u0131n emicili\u011fine ba\u011fl\u0131 olarak)<\/p>\n\n\n\n<p>\u2713 Y\u00fczey nefes alabilir (dif\u00fczyona a\u00e7\u0131k) kal\u0131r, bu nedenle bariyer tabakas\u0131 ve su birikmesi olmaz<\/p>\n\n\n\n<p>\u2713 kesinlikle donmaya kar\u015f\u0131 dayan\u0131kl\u0131 (buz ve kar herhangi bir hasara neden olmaz)<\/p>\n\n\n\n<p>\u2713 UV kararl\u0131<\/p>\n\n\n\n<p>\u2713 Kolay temizlenebilir etki: kir yap\u0131\u015fmaz ve kolayca \u00e7\u0131kar\u0131labilir<\/p>\n\n\n\n<p>\u2713 Do\u011fru uyguland\u0131\u011f\u0131nda, dolgu macunu y\u00fczeyle kovalent (kal\u0131c\u0131) bir ba\u011f olu\u015fturdu\u011fundan uzun y\u0131llar dayan\u0131kl\u0131d\u0131r<\/p>\n\n\n\n<p>\u2713 \u00d6nerilen uygulama s\u0131cakl\u0131\u011f\u0131 +5 ila +25\u00b0C<\/p>\n<\/div>\n<\/div>\n\n<hr\/>\n\n<h4 class=\"wp-block-heading\" id=\"application\">Uygulama<\/h4>\n\n<div class=\"wp-block-columns is-layout-flex wp-container-core-columns-is-layout-9d6595d7 wp-block-columns-is-layout-flex\">\n<div class=\"wp-block-column is-layout-flow wp-block-column-is-layout-flow\">\n<ul class=\"wp-block-list\">\n<li><strong>V24 granit s\u0131zd\u0131rmazl\u0131k<\/strong> kullan\u0131ma haz\u0131r olarak teslim edilir ve \u00f6nceden temizlenmi\u015f ve kurutulmu\u015f y\u00fczeye seyreltilmeden uygulan\u0131r.<\/li>\n<\/ul>\n\n\n\n<ul class=\"wp-block-list\">\n<li>Uygulanacak t\u00fcm y\u00fczeyler kuru ve iyi temizlenmelidir, \u00e7\u00fcnk\u00fc bu, optimum uzun vadeli ve derin etkiye sahip olan dolgu macununun derinlemesine n\u00fcfuz etmesini sa\u011flaman\u0131n tek yoludur.<\/li>\n<\/ul>\n\n\n\n<ul class=\"wp-block-list\">\n<li>Uygulamadan sonra,<strong> V24 do\u011fal ta\u015f s\u0131zd\u0131rmazl\u0131k<\/strong> birka\u00e7 saniye boyunca s\u0131v\u0131 bir film halinde y\u00fczeyle temas halinde kal\u0131r.<\/li>\n<\/ul>\n\n\n\n<ul class=\"wp-block-list\">\n<li>Kaplama tamamen \u00e7apraz ba\u011flan\u0131r ve 24 saat sonra k\u00fcrlenir.<\/li>\n<\/ul>\n\n\n\n<p><\/p>\n<\/div>\n\n\n\n<div class=\"wp-block-column is-layout-flow wp-block-column-is-layout-flow\">\n<p>Ayr\u0131nt\u0131l\u0131 bir uygulama a\u00e7\u0131klamas\u0131 veri sayfam\u0131zda bulunabilir<\/p>\n\n\n\n<p>\u0130\u00e7 ve d\u0131\u015f mekanlarda t\u00fcm mineral, emici, a\u00e7\u0131k g\u00f6zenekli granit y\u00fczeyler i\u00e7in uygundur. Kapsama yakla\u015f\u0131k 40-70m\u00b2 \/ litre.<\/p>\n\n\n\n<p>\u2713 Granit karolar<\/p>\n\n\n\n<p>\u2713 Granit pencere pervazlar\u0131<\/p>\n\n\n\n<p>\u2713 Granit levhalar<\/p>\n\n\n\n<p>\u2713 Granit lavabo<\/p>\n\n\n\n<p>\u2713 Granit masalar<\/p>\n<\/div>\n<\/div>\n\n<hr\/>\n\n<div class=\"wp-block-columns is-layout-flex wp-container-core-columns-is-layout-9d6595d7 wp-block-columns-is-layout-flex\">\n<div class=\"wp-block-column is-layout-flow wp-block-column-is-layout-flow\" style=\"flex-basis:33.33%\">\n<h2 class=\"wp-block-heading\" id=\"advisor\">Granit i\u00e7in renk tablosu<\/h2>\n\n\n\n<p>Mineral i\u00e7eri\u011fi (%) renklendirme<\/p>\n\n\n\n<ul class=\"wp-block-list\">\n<li>Kalifeld- veya Orthoklasspat 40-60 \u00e7o\u011funlukla g\u00fc\u00e7l\u00fc k\u0131rm\u0131z\u0131 \/ k\u0131rm\u0131z\u0131ms\u0131 \/ pembe, sadece nadiren ye\u015fil \/ mavimsi<\/li>\n\n\n\n<li>Plajiyoklaz feldispat 0-30 \u00e7o\u011funlukla beyaz ila beyaz-gri, sadece nadiren renkli<\/li>\n\n\n\n<li>Quartz 20-40 \u00e7o\u011funlukla renksiz \/ \u015feffaf, nadiren pembe \/ mavi-gri \/ gri<\/li>\n\n\n\n<li>Mika (biyotit) 0-15, \u00e7ok say\u0131da granite koyu bir kontrast verir<\/li>\n<\/ul>\n\n\n\n<p>T\u00fcm granit t\u00fcrlerinin ortak bir yan\u0131 vard\u0131r: di\u011fer yayg\u0131n do\u011fal ta\u015f t\u00fcrlerine k\u0131yasla daha serttirler. Y\u00fcksek kuvars i\u00e7eri\u011fi g\u00f6z \u00f6n\u00fcne al\u0131nd\u0131\u011f\u0131nda, t\u00fcm granit t\u00fcrleri, mutfak tezgahlar\u0131, i\u00e7 mekan zeminleri ve a\u011f\u0131r a\u015f\u0131nma ve y\u0131pranmaya dayanmas\u0131 gereken di\u011fer cilal\u0131 y\u00fczeyler i\u00e7in idealdir. Buna g\u00f6re granit, binay\u0131 veya d\u0131\u015f alan\u0131 son derece zenginle\u015ftiren \u00e7ok y\u00f6nl\u00fc bir yap\u0131 malzemesidir.<\/p>\n<\/div>\n\n\n\n<div class=\"wp-block-column is-layout-flow wp-block-column-is-layout-flow\" style=\"flex-basis:66.66%\">\n<br\/>\n\n\n\n<figure class=\"wp-block-image size-large\"><img fetchpriority=\"high\" decoding=\"async\" width=\"1300\" height=\"866\" src=\"https:\/\/www.versiegelung24.com\/wp-content\/uploads\/2022\/01\/Content_Granit_1-1300x866.jpg\" alt=\"\" class=\"wp-image-45535\" srcset=\"https:\/\/www.versiegelung24.com\/wp-content\/uploads\/2022\/01\/Content_Granit_1-1300x866.jpg 1300w, https:\/\/www.versiegelung24.com\/wp-content\/uploads\/2022\/01\/Content_Granit_1-scaled-600x400.jpg 600w, https:\/\/www.versiegelung24.com\/wp-content\/uploads\/2022\/01\/Content_Granit_1-300x200.jpg 300w, https:\/\/www.versiegelung24.com\/wp-content\/uploads\/2022\/01\/Content_Granit_1-768x512.jpg 768w, https:\/\/www.versiegelung24.com\/wp-content\/uploads\/2022\/01\/Content_Granit_1-1536x1024.jpg 1536w, https:\/\/www.versiegelung24.com\/wp-content\/uploads\/2022\/01\/Content_Granit_1-2048x1365.jpg 2048w, https:\/\/www.versiegelung24.com\/wp-content\/uploads\/2022\/01\/Content_Granit_1-930x620.jpg 930w\" sizes=\"(max-width: 1300px) 100vw, 1300px\" \/><\/figure>\n<\/div>\n<\/div>\n\n<h2 class=\"wp-block-heading\" id=\"granitversiegelung-nutzen-und-vorgehensweise\">Granit s\u0131zd\u0131rmazl\u0131k &#8211; kullan\u0131m ve prosed\u00fcr<\/h2>\n\n<p>Graniti donuklu\u011fun yan\u0131 s\u0131ra a\u015f\u0131nma ve y\u0131pranmadan korumak ve kal\u0131c\u0131 kirlilikten ka\u00e7\u0131nmak bunlardan biridir.<strong> Granit m\u00fch\u00fcrleyen<\/strong> veya.<strong> emprenye<\/strong> Kendi d\u00f6rt duvar\u0131n\u0131z i\u00e7inde tavsiye edilir. \u0130\u00e7 k\u0131s\u0131mdaki granit conta, yaln\u0131zca kuru bir zeminde \u00f6zel temizlik maddeleri kullan\u0131larak kapsaml\u0131 bir temizlikten sonra yap\u0131lmal\u0131d\u0131r. \u00c7e\u015fitlili\u011fe ba\u011fl\u0131 olarak, \u00f6zellikle bir granit zemin \u00e7ok fazla nemi emip depolayabildi\u011finden, kurutma i\u015flemi sekiz hafta kadar s\u00fcrebilir. Nedeni, do\u011fal ta\u015f\u0131n tek zay\u0131f noktas\u0131nda yatmaktad\u0131r: a\u00e7\u0131k g\u00f6zenekleri.<\/p>\n\n<p>Ayr\u0131ca bir<strong> D\u0131\u015f\u0131nda granit s\u0131zd\u0131rmazl\u0131k<\/strong> Ancak ya\u011f\u0131\u015f nedeniyle kir ve yosun da tavsiye edilir. Koruyucu tabakan\u0131n alt\u0131nda kir ve yosun korunabilece\u011finden, granit s\u0131zd\u0131rmazl\u0131\u011f\u0131ndan \u00f6nce t\u00fcm kirler \u00e7\u0131kar\u0131lmal\u0131d\u0131r. Bununla birlikte, do\u011fal ta\u015f\u0131n asit hassasiyeti dikkate al\u0131nmal\u0131d\u0131r, bu nedenle t\u00fcm temizlik maddeleri e\u015fit derecede uygun de\u011fildir. Kapal\u0131 nem, bakteri ve mikroplar i\u00e7in ideal bir \u00fcreme alan\u0131 olacakt\u0131r. Bu etki \u00f6zellikle d\u0131\u015f mekanlarda oldu\u011fu kadar masa ve mutfak tezgahlar\u0131nda da g\u00f6z ard\u0131 edilebilir. D\u0131\u015f alanda, bir kapak filmi temizlikten sonra yeterli koruma sa\u011flar. Granit zemin iyice temizlendikten ve tamamen kuruduktan sonra dolgu macunu uygulanabilir. \u00dcreticinin bilgileri, i\u015fleme ve miktar hakk\u0131nda bilgi sa\u011flar. Kural olarak, dolgu macunu idareli kullan\u0131lmal\u0131 ve bir f\u0131r\u00e7a ile e\u015fit olarak da\u011f\u0131t\u0131labilir. Hava durumuna ve \u00fcr\u00fcne ba\u011fl\u0131 olarak, granit dolgu macununun kurumas\u0131 4 ila 24 saat aras\u0131nda s\u00fcrebilir. Kal\u0131c\u0131 mastikler kullan\u0131lm\u0131yorsa bu i\u015flem 2-3 y\u0131lda bir tekrarlanmal\u0131d\u0131r.<\/p>\n<div class=\"wp-block-image\">\n<figure class=\"aligncenter size-large is-resized\"><img decoding=\"async\" width=\"1300\" height=\"173\" src=\"https:\/\/www.versiegelung24.com\/wp-content\/uploads\/2022\/02\/Content_Granit_Versiegelung-1300x173.jpg\" alt=\"\" class=\"wp-image-80341\" style=\"width:1500px;height:200px\" srcset=\"https:\/\/www.versiegelung24.com\/wp-content\/uploads\/2022\/02\/Content_Granit_Versiegelung-1300x173.jpg 1300w, https:\/\/www.versiegelung24.com\/wp-content\/uploads\/2022\/02\/Content_Granit_Versiegelung-300x40.jpg 300w, https:\/\/www.versiegelung24.com\/wp-content\/uploads\/2022\/02\/Content_Granit_Versiegelung-768x102.jpg 768w, https:\/\/www.versiegelung24.com\/wp-content\/uploads\/2022\/02\/Content_Granit_Versiegelung-600x80.jpg 600w, https:\/\/www.versiegelung24.com\/wp-content\/uploads\/2022\/02\/Content_Granit_Versiegelung.jpg 1500w\" sizes=\"(max-width: 1300px) 100vw, 1300px\" \/><\/figure>\n<\/div>\n<p><strong>Evde ve bah\u00e7ede granit<\/strong><\/p>\n\n<p>Granit hem evde hem de bah\u00e7ede kullan\u0131labilir. \u0130\u015fte granitler hakk\u0131nda baz\u0131 detayl\u0131 bilgiler.<\/p>\n\n<div class=\"wp-block-columns is-layout-flex wp-container-core-columns-is-layout-9d6595d7 wp-block-columns-is-layout-flex\">\n<div class=\"wp-block-column is-layout-flow wp-block-column-is-layout-flow\">\n<h2 class=\"wp-block-heading\" id=\"granit-waschbecken-asthetisch-und-elegant\">Granit lavabolar &#8211; estetik ve zarif<\/h2>\n\n\n\n<p>Zarif, do\u011fal, \u015f\u0131k, zamans\u0131z &#8211; granit lavabo banyoya kesin bir \u015fey katar. Lavabolar, bir granit blo\u011fundan ayr\u0131 ayr\u0131 \u00fcretilir ve y\u00fczey, bir bitirme i\u015fleminde y\u00fcksek parlakl\u0131\u011fa kadar parlat\u0131l\u0131r. Lavabolar\u0131n \u00e7o\u011fu zaman farkl\u0131 ta\u015f renkleri mevcuttur, b\u00f6ylece lavabo i\u00e7 tasar\u0131ma \u00e7ok uyumlu bir \u015fekilde entegre edilebilir. Renge ba\u011fl\u0131 olarak, de\u011fi\u015fen y\u00fczey su lekelerini uzun s\u00fcre gizleyebilir. Her hal\u00fckarda su, \u00f6zel y\u00fczey yap\u0131s\u0131 nedeniyle kaliteli granite zarar veremez. Akdeniz havas\u0131 i\u00e7in hem derin lavabolar hem de s\u0131\u011f tekneler mevcuttur.<\/p>\n<\/div>\n\n\n\n<div class=\"wp-block-column is-layout-flow wp-block-column-is-layout-flow\">\n<h2 class=\"wp-block-heading\" id=\"granittisch-und-granitplatten-unempfindlich-und-stabil\">Granit masa ve granit levhalar &#8211; duyars\u0131z ve kararl\u0131<\/h2>\n\n\n\n<p>Bir granit masa, dayan\u0131kl\u0131l\u0131k ve zamans\u0131z aura ile karakterizedir. Bir granit masa ile herkes, belirgin sa\u011flaml\u0131k ve esteti\u011fe sahip ev mobilyalar\u0131n\u0131 kendi evine getirebilir. \u00d6zellikle iki granit masa ayn\u0131 olmad\u0131\u011f\u0131 i\u00e7in a\u00e7\u0131ktan koyuya farkl\u0131 renk n\u00fcanslar\u0131 aras\u0131ndan se\u00e7im yapabilirsiniz. Klasik zarafeti ve sa\u011flaml\u0131\u011f\u0131 g\u00f6z \u00f6n\u00fcne al\u0131nd\u0131\u011f\u0131nda, granit masa hemen hemen her ya\u015fam tarz\u0131na uyum sa\u011flar. Y\u00fczey iste\u011fe ba\u011fl\u0131 olarak cilal\u0131, honlanm\u0131\u015f veya f\u0131r\u00e7alanm\u0131\u015f olup, ta\u015fa kendi ifadesini verir. D\u00fc\u015f\u00fck bak\u0131m gereksinimleri ve hava ko\u015fullar\u0131na kar\u015f\u0131 y\u00fcksek direnci nedeniyle, granit masa bir bah\u00e7e aksesuar\u0131 olarak da uygundur ve nispeten basit ve iddias\u0131z olarak kabul edilir. Mutfaktaki tezgahlar da giderek daha pop\u00fcler hale geliyor. Granit levhan\u0131n y\u00fczeyinde hi\u00e7bir \u015fey kalmaz ve uzun y\u0131llar kullan\u0131mdan sonra bile ne ezikler ne de kesikler g\u00f6r\u00fcl\u00fcr.<\/p>\n<\/div>\n<\/div>\n\n<h2 class=\"wp-block-heading\" id=\"granit-fensterbank-schlichte-eleganz-und-haltbarkeit\">Granit pencere pervaz\u0131 &#8211; sade zarafet ve dayan\u0131kl\u0131l\u0131k<\/h2>\n\n<p>B\u00e2t\u0131la ve granit \u00fcstler gibi granit pencere pervazlar\u0131 da repertuar\u0131n bir par\u00e7as\u0131d\u0131r. Bunlar \u00e7ekici tasar\u0131m vurgular\u0131 sa\u011flar ve \u00f6zellikle darbeye dayan\u0131kl\u0131 olarak kabul edilir. Granit pencere pervaz\u0131 ayr\u0131ca bitkiler ve nesneler i\u00e7in iyi bir sunum y\u00fczeyi sa\u011flar ve duvar rengi veya cephe ile iyi bir \u015fekilde koordine edilebilir. Ayr\u0131ca, bir granit pencere pervaz\u0131 hava ko\u015fullar\u0131na dayan\u0131kl\u0131, dona kar\u015f\u0131 dayan\u0131kl\u0131, bak\u0131m\u0131 kolay, ya\u011fmur ya\u011fd\u0131\u011f\u0131nda d\u00fc\u015f\u00fck g\u00fcr\u00fclt\u00fcl\u00fc ve g\u00fcne\u015f \u0131\u015f\u0131\u011f\u0131na maruz kald\u0131\u011f\u0131nda herhangi bir deformasyona u\u011framaz. Pencere pervaz\u0131n\u0131n da \u00e7e\u015fitli boyutlar\u0131 mevcuttur ve hem i\u00e7 hem de d\u0131\u015f mekan i\u00e7in e\u015fit derecede uygundur.<\/p>\n\n<h2 class=\"wp-block-heading\" id=\"granitfliesen-fur-ein-stilvolles-ambiente\">\u015e\u0131k bir ambiyans i\u00e7in granit karolar<\/h2>\n\n<p>Granit karolar ortama uyumlu bir \u015fekilde uyum sa\u011flar. Uzun \u00f6m\u00fcrleri, y\u0131llar i\u00e7inde h\u0131zla kendini amorti eder. Sonu\u00e7ta, granit karolar \u00e7o\u011funlukla dona kar\u015f\u0131 dayan\u0131kl\u0131d\u0131r ve d\u0131\u015f ve i\u00e7 mekan i\u00e7in uygundur. Su ge\u00e7irmez y\u00fczeyi ve s\u0131cak hissi nedeniyle, granit karolar koridorlar, mutfaklar ve banyolar i\u00e7in de idealdir. Renk tayf\u0131 \u00e7ok b\u00fcy\u00fckt\u00fcr ve koyu k\u0131rm\u0131z\u0131dan maviye ve beyaz-griye kadar de\u011fi\u015fir. Granit karolar her odaya do\u011fru g\u00f6r\u00fcn\u00fcm\u00fc ve asil bir parlakl\u0131k verir.<\/p>\n\n<h4 class=\"wp-block-heading\" id=\"faq\">SSS<\/h4>\n\n<div class=\"wp-block-columns is-layout-flex wp-container-core-columns-is-layout-9d6595d7 wp-block-columns-is-layout-flex\">\n<div class=\"wp-block-column is-layout-flow wp-block-column-is-layout-flow\" style=\"flex-basis:100%\">\n<div class=\"schema-faq wp-block-yoast-faq-block\"><div class=\"schema-faq-section\" id=\"faq-question-1723129133239\"><strong class=\"schema-faq-question\">S\u0131zd\u0131rmazl\u0131k neden optimum etkiye sahip de\u011fil \/ Neden etkisi yok?\n\/ Neden uzun vadeli bir etkisi yok? <\/strong> <p class=\"schema-faq-answer\"><br>1. Uygulama veya kuruma a\u015famas\u0131nda (yakla\u015f\u0131k 24 saat) nem (\u00f6rn. ya\u011fmur veya zeminden y\u00fckselen nem) olu\u015fursa dolgu macununun etkinli\u011fi azalabilir. 2. Tamamen kal\u0131nt\u0131 b\u0131rakmayan \u00f6n temizlik de sorunlara yol a\u00e7abilir.\n<br>Ta\u015f temizleyicilerin veya di\u011fer \u00f6n temizleyicilerin tamamen \u00e7\u0131kar\u0131lmas\u0131 \u00f6nemlidir. 3. Herhangi bir \u00f6n kaplama, dolgu macununun en iyi \u015fekilde emilmesini ve sertle\u015fmesini engelleyebilir, bu da etkinin azalmas\u0131na veya uzun s\u00fcreli olmamas\u0131na neden olabilir. <\/p> <\/div> <div class=\"schema-faq-section\" id=\"faq-question-1723129206298\"><strong class=\"schema-faq-question\">Ta\u015flar\u0131 y\u00fcksek bas\u0131n\u00e7l\u0131 bir temizleyici ile temizleyebilir miyim?<\/strong> <p class=\"schema-faq-answer\"><br>\u00d6neri: <strong> 1. Genellikle ta\u015f ve beton plakalar\u0131n temizli\u011finde bas\u0131n\u00e7l\u0131 y\u0131kama makinesi kullan\u0131lmamas\u0131n\u0131 tavsiye ederiz.\n<br>A\u011f\u0131r a\u015f\u0131nd\u0131rma y\u00fczeylere zarar verir ve onlar\u0131 yeniden kirlenmeye ve yosun olu\u015fumuna kar\u015f\u0131 daha hassas hale getirir. 2. Bas\u0131n\u00e7l\u0131 y\u0131kay\u0131c\u0131n\u0131n a\u015f\u0131nd\u0131r\u0131c\u0131 etkisi, daha derin katmanlardaki hidrofobiklik bozulmadan kalsa bile, dolgu macununun \u00fcst katman\u0131n\u0131 kald\u0131rabilir.<\/strong> <\/p> <\/div> <div class=\"schema-faq-section\" id=\"faq-question-1723188404369\"><strong class=\"schema-faq-question\">Dolgu macunum neden beklendi\u011fi kadar uzun s\u00fcre dayanm\u0131yor?<\/strong> <p class=\"schema-faq-answer\">Dolgu macununun dayan\u0131kl\u0131l\u0131\u011f\u0131 \u00e7e\u015fitli fakt\u00f6rlerden etkilenebilir.\nKurutma a\u015famas\u0131nda neme maruz kalma veya yetersiz \u00f6n temizlik gibi uygulama s\u0131ras\u0131ndaki olas\u0131 sorunlar optimum etkiyi bozabilir.\nBuna ek olarak, y\u00fczeyin yo\u011fun kullan\u0131m\u0131 dolgu macununun hizmet \u00f6mr\u00fcn\u00fc k\u0131saltabilir.\nBununla birlikte, derinlik etkisinin alttaki katmanlarda hala mevcut olmas\u0131 m\u00fcmk\u00fcnd\u00fcr.   <\/p> <\/div> <div class=\"schema-faq-section\" id=\"faq-question-1723188391712\"><strong class=\"schema-faq-question\">\u0130stenen boncuklanma etkisi neden olu\u015fmuyor?<\/strong> <p class=\"schema-faq-answer\">Boncuklanma etkisinin olmamas\u0131, dolgu macununun uygulanmas\u0131yla ilgili sorunlardan kaynaklan\u0131yor olabilir.\nUygulama s\u0131ras\u0131ndaki nem veya tam olarak giderilmemi\u015f \u00f6n temizlik, etkiyi bozabilir ve dolgu macununun en iyi \u015fekilde emilmesini ve priz almas\u0131n\u0131 engelleyebilir. <\/p> <\/div> <\/div>\n<\/div>\n<\/div>\n","protected":false},"excerpt":{"rendered":"<p><strong>\u0130\u00e7 ve d\u0131\u015f mekan kullan\u0131m\u0131 i\u00e7in son derece etkili granit s\u0131zd\u0131rmazl\u0131k:<\/strong><\/p>\n<p>\u2713 T\u00fcm mineral emici granit y\u00fczeyler i\u00e7in uygundur<\/p>\n<p>\u2713 Kolay temizlenebilir etki: kir yap\u0131\u015fmaz ve kolayca \u00e7\u0131kar\u0131labilir<\/p>\n<p>\u2713 Kesinlikle g\u00f6r\u00fcnmez: y\u00fczeyin de\u011fi\u015fmeyen g\u00f6r\u00fcn\u00fcm\u00fc ve hissi<\/p>\n<p>\u2713 Y\u00fczey nefes alabilir kal\u0131r<\/p>\n<p>\u2713 Uzun y\u0131llar boyunca kal\u0131c\u0131 derinlik etkisi<\/p>\n<p>\u2713 Su itici nil\u00fcfer inci etkisi<\/p>\n","protected":false},"featured_media":18012,"template":"","meta":{"_acf_changed":false,"neve_meta_sidebar":"","neve_meta_container":"","neve_meta_enable_content_width":"","neve_meta_content_width":0,"neve_meta_title_alignment":"","neve_meta_author_avatar":"","neve_post_elements_order":"","neve_meta_disable_header":"","neve_meta_disable_footer":"","neve_meta_disable_title":"","neve_meta_reading_time":"","_surfaces":[],"_ver_product_tabs":[],"footnotes":""},"product_brand":[],"product_cat":[2437],"product_tag":[],"class_list":{"0":"post-23088","1":"product","2":"type-product","3":"status-publish","4":"has-post-thumbnail","6":"product_cat-tas-ve-beton-sizdirmazlik","7":"pa_gebinde-1000ml-sise","8":"pa_gebinde-20l-teneke-kutu","9":"pa_gebinde-5l-teneke-kutu","11":"first","12":"instock","13":"taxable","14":"shipping-taxable","15":"purchasable","16":"product-type-variable","17":"has-default-attributes"},"acf":[],"yoast_head":"<!-- This site is optimized with the Yoast SEO Premium plugin v22.8 (Yoast SEO v27.5) - https:\/\/yoast.com\/product\/yoast-seo-premium-wordpress\/ -->\n<title>Uzun s\u00fcreli ve derin etkili granit s\u0131zd\u0131rmazl\u0131k - \u00fcst\u00fcn kalite - versiegelung24.com<\/title>\n<meta name=\"description\" content=\"Granit s\u0131zd\u0131rmazl\u0131k - \u00fcst\u00fcn kalitede - Granit ta\u015ftan yap\u0131lm\u0131\u015f nesnelerinizi profesyoneller gibi koruyun! \u015eimdi Versiegelung24.com&#039;da!\" \/>\n<meta name=\"robots\" content=\"index, follow, max-snippet:-1, max-image-preview:large, max-video-preview:-1\" \/>\n<link rel=\"canonical\" href=\"https:\/\/www.versiegelung24.com\/tr\/granit-sizdirmazlik-in-profesyonel-kalite.html\" \/>\n<meta property=\"og:locale\" content=\"tr_TR\" \/>\n<meta property=\"og:type\" content=\"article\" \/>\n<meta property=\"og:title\" content=\"Uzun s\u00fcreli ve derin etkili granit s\u0131zd\u0131rmazl\u0131k - \u00fcst\u00fcn kalite\" \/>\n<meta property=\"og:description\" content=\"Granit s\u0131zd\u0131rmazl\u0131k - \u00fcst\u00fcn kalitede - Granit ta\u015ftan yap\u0131lm\u0131\u015f nesnelerinizi profesyoneller gibi koruyun! \u015eimdi Versiegelung24.com&#039;da!\" \/>\n<meta property=\"og:url\" content=\"https:\/\/www.versiegelung24.com\/tr\/granit-sizdirmazlik-in-profesyonel-kalite.html\" \/>\n<meta property=\"og:site_name\" content=\"versiegelung24.com\" \/>\n<meta property=\"article:modified_time\" content=\"2025-01-03T22:51:08+00:00\" \/>\n<meta property=\"og:image\" content=\"https:\/\/www.versiegelung24.com\/wp-content\/uploads\/2020\/06\/produkt-3005-620-1000-Granitversiegelung-scaled.jpg\" \/>\n\t<meta property=\"og:image:width\" content=\"2560\" \/>\n\t<meta property=\"og:image:height\" content=\"2560\" \/>\n\t<meta property=\"og:image:type\" content=\"image\/jpeg\" \/>\n<meta name=\"twitter:card\" content=\"summary_large_image\" \/>\n<meta name=\"twitter:label1\" content=\"Durumu\" \/>\n\t<meta name=\"twitter:data1\" content=\"Stokta var\" \/>\n<script type=\"application\/ld+json\" class=\"yoast-schema-graph\">{\"@context\":\"https:\\\/\\\/schema.org\",\"@graph\":[{\"@type\":[\"WebPage\",\"FAQPage\"],\"@id\":\"https:\\\/\\\/www.versiegelung24.com\\\/tr\\\/granit-sizdirmazlik-in-profesyonel-kalite.html\",\"url\":\"https:\\\/\\\/www.versiegelung24.com\\\/tr\\\/granit-sizdirmazlik-in-profesyonel-kalite.html\",\"name\":\"Uzun s\u00fcreli ve derin etkili granit s\u0131zd\u0131rmazl\u0131k - \u00fcst\u00fcn kalite - versiegelung24.com\",\"isPartOf\":{\"@id\":\"https:\\\/\\\/www.versiegelung24.com\\\/tr\\\/#website\"},\"primaryImageOfPage\":{\"@id\":\"https:\\\/\\\/www.versiegelung24.com\\\/tr\\\/granit-sizdirmazlik-in-profesyonel-kalite.html#primaryimage\"},\"image\":{\"@id\":\"https:\\\/\\\/www.versiegelung24.com\\\/tr\\\/granit-sizdirmazlik-in-profesyonel-kalite.html#primaryimage\"},\"thumbnailUrl\":\"https:\\\/\\\/www.versiegelung24.com\\\/wp-content\\\/uploads\\\/2020\\\/06\\\/produkt-3005-620-1000-Granitversiegelung-scaled.jpg\",\"datePublished\":\"2021-08-02T19:19:24+00:00\",\"dateModified\":\"2025-01-03T22:51:08+00:00\",\"description\":\"Granit s\u0131zd\u0131rmazl\u0131k - \u00fcst\u00fcn kalitede - Granit ta\u015ftan yap\u0131lm\u0131\u015f nesnelerinizi profesyoneller gibi koruyun! \u015eimdi Versiegelung24.com'da!\",\"breadcrumb\":{\"@id\":\"https:\\\/\\\/www.versiegelung24.com\\\/tr\\\/granit-sizdirmazlik-in-profesyonel-kalite.html#breadcrumb\"},\"mainEntity\":[{\"@id\":\"https:\\\/\\\/www.versiegelung24.com\\\/tr\\\/granit-sizdirmazlik-in-profesyonel-kalite.html#faq-question-1723129133239\"},{\"@id\":\"https:\\\/\\\/www.versiegelung24.com\\\/tr\\\/granit-sizdirmazlik-in-profesyonel-kalite.html#faq-question-1723129206298\"},{\"@id\":\"https:\\\/\\\/www.versiegelung24.com\\\/tr\\\/granit-sizdirmazlik-in-profesyonel-kalite.html#faq-question-1723188404369\"},{\"@id\":\"https:\\\/\\\/www.versiegelung24.com\\\/tr\\\/granit-sizdirmazlik-in-profesyonel-kalite.html#faq-question-1723188391712\"}],\"inLanguage\":\"tr\",\"potentialAction\":[{\"@type\":\"ReadAction\",\"target\":[\"https:\\\/\\\/www.versiegelung24.com\\\/tr\\\/granit-sizdirmazlik-in-profesyonel-kalite.html\"]}]},{\"@type\":\"ImageObject\",\"inLanguage\":\"tr\",\"@id\":\"https:\\\/\\\/www.versiegelung24.com\\\/tr\\\/granit-sizdirmazlik-in-profesyonel-kalite.html#primaryimage\",\"url\":\"https:\\\/\\\/www.versiegelung24.com\\\/wp-content\\\/uploads\\\/2020\\\/06\\\/produkt-3005-620-1000-Granitversiegelung-scaled.jpg\",\"contentUrl\":\"https:\\\/\\\/www.versiegelung24.com\\\/wp-content\\\/uploads\\\/2020\\\/06\\\/produkt-3005-620-1000-Granitversiegelung-scaled.jpg\",\"width\":2560,\"height\":2560},{\"@type\":\"BreadcrumbList\",\"@id\":\"https:\\\/\\\/www.versiegelung24.com\\\/tr\\\/granit-sizdirmazlik-in-profesyonel-kalite.html#breadcrumb\",\"itemListElement\":[{\"@type\":\"ListItem\",\"position\":1,\"name\":\"Anasayfa\",\"item\":\"https:\\\/\\\/www.versiegelung24.com\\\/tr\\\/on\\\/\"},{\"@type\":\"ListItem\",\"position\":2,\"name\":\"Ma\u011faza\",\"item\":\"https:\\\/\\\/www.versiegelung24.com\\\/tr\\\/magaza\\\/\"},{\"@type\":\"ListItem\",\"position\":3,\"name\":\"Uzun s\u00fcreli ve derin etkili granit s\u0131zd\u0131rmazl\u0131k &#8211; \u00fcst\u00fcn kalite\"}]},{\"@type\":\"WebSite\",\"@id\":\"https:\\\/\\\/www.versiegelung24.com\\\/tr\\\/#website\",\"url\":\"https:\\\/\\\/www.versiegelung24.com\\\/tr\\\/\",\"name\":\"versiegelung24.com\",\"description\":\"Fl\u00fcssigglas-Versiegelung - Made in Germany\",\"publisher\":{\"@id\":\"https:\\\/\\\/www.versiegelung24.com\\\/tr\\\/#organization\"},\"potentialAction\":[{\"@type\":\"SearchAction\",\"target\":{\"@type\":\"EntryPoint\",\"urlTemplate\":\"https:\\\/\\\/www.versiegelung24.com\\\/tr\\\/?s={search_term_string}\"},\"query-input\":{\"@type\":\"PropertyValueSpecification\",\"valueRequired\":true,\"valueName\":\"search_term_string\"}}],\"inLanguage\":\"tr\"},{\"@type\":\"Organization\",\"@id\":\"https:\\\/\\\/www.versiegelung24.com\\\/tr\\\/#organization\",\"name\":\"versiegelung24\",\"url\":\"https:\\\/\\\/www.versiegelung24.com\\\/tr\\\/\",\"logo\":{\"@type\":\"ImageObject\",\"inLanguage\":\"tr\",\"@id\":\"https:\\\/\\\/www.versiegelung24.com\\\/tr\\\/#\\\/schema\\\/logo\\\/image\\\/\",\"url\":\"https:\\\/\\\/www.versiegelung24.com\\\/wp-content\\\/uploads\\\/2020\\\/04\\\/versiegelung24.png\",\"contentUrl\":\"https:\\\/\\\/www.versiegelung24.com\\\/wp-content\\\/uploads\\\/2020\\\/04\\\/versiegelung24.png\",\"width\":470,\"height\":102,\"caption\":\"versiegelung24\"},\"image\":{\"@id\":\"https:\\\/\\\/www.versiegelung24.com\\\/tr\\\/#\\\/schema\\\/logo\\\/image\\\/\"}},{\"@type\":\"Question\",\"@id\":\"https:\\\/\\\/www.versiegelung24.com\\\/tr\\\/granit-sizdirmazlik-in-profesyonel-kalite.html#faq-question-1723129133239\",\"position\":1,\"url\":\"https:\\\/\\\/www.versiegelung24.com\\\/tr\\\/granit-sizdirmazlik-in-profesyonel-kalite.html#faq-question-1723129133239\",\"name\":\"Wieso zeigt Versiegelung nicht die optimale Wirkung \\\/ Warum ist die Wirkung nicht vorhanden? \\\/ Wieso ist der Effekt der Langzeitwirkung nicht gegeben?\",\"answerCount\":1,\"acceptedAnswer\":{\"@type\":\"Answer\",\"text\":\"1. Die Versiegelung kann in ihrer Wirkung beeintr\u00e4chtigt sein, wenn w\u00e4hrend der Applikation oder Trocknungsphase (etwa 24 Stunden) Feuchtigkeit (z.B. Regen oder aufsteigende Feuchtigkeit aus dem Boden) auftritt.<br\\\/>2. Eine nicht vollst\u00e4ndig r\u00fcckstandsfreie Vorreinigung kann ebenfalls zu Problemen f\u00fchren. Es ist essenziell, dass Steinreiniger oder andere Vorreiniger vollst\u00e4ndig entfernt werden.<br\\\/>3. Eventuelle Vorbeschichtungen k\u00f6nnen das optimale Einziehen und Abbinden der Versiegelung verhindern, was zu einer reduzierten oder nicht langanhaltenden Wirkung f\u00fchren kann.\",\"inLanguage\":\"tr\"},\"inLanguage\":\"tr\"},{\"@type\":\"Question\",\"@id\":\"https:\\\/\\\/www.versiegelung24.com\\\/tr\\\/granit-sizdirmazlik-in-profesyonel-kalite.html#faq-question-1723129206298\",\"position\":2,\"url\":\"https:\\\/\\\/www.versiegelung24.com\\\/tr\\\/granit-sizdirmazlik-in-profesyonel-kalite.html#faq-question-1723129206298\",\"name\":\"Kann ich die Steine mit einem Hochdruckreiniger (K\u00e4rchern) reinigen?\",\"answerCount\":1,\"acceptedAnswer\":{\"@type\":\"Answer\",\"text\":\"<strong>Empfehlung:<\\\/strong><br\\\/>1. Wir raten generell von der Nutzung eines Hochdruckreinigers f\u00fcr die Reinigung von Stein- und Betonplatten ab. Durch die starke Abrasion werden die Oberfl\u00e4chen besch\u00e4digt und anf\u00e4lliger f\u00fcr erneute Verschmutzung und Algenbewuchs.<br\\\/>2. Die fr\u00e4sende Wirkung des Hochdruckreinigers kann die oberste Schicht einer Versiegelung abtragen, selbst wenn die Hydrophobie in den tieferen Schichten erhalten bleibt.\",\"inLanguage\":\"tr\"},\"inLanguage\":\"tr\"},{\"@type\":\"Question\",\"@id\":\"https:\\\/\\\/www.versiegelung24.com\\\/tr\\\/granit-sizdirmazlik-in-profesyonel-kalite.html#faq-question-1723188404369\",\"position\":3,\"url\":\"https:\\\/\\\/www.versiegelung24.com\\\/tr\\\/granit-sizdirmazlik-in-profesyonel-kalite.html#faq-question-1723188404369\",\"name\":\"Warum h\u00e4lt meine Versiegelung nicht so lange wie erwartet?\",\"answerCount\":1,\"acceptedAnswer\":{\"@type\":\"Answer\",\"text\":\"Die Haltbarkeit der Versiegelung kann durch verschiedene Faktoren beeinflusst werden. M\u00f6gliche Probleme w\u00e4hrend der Aufbringung, wie Feuchtigkeitseinwirkung w\u00e4hrend der Trocknungsphase oder eine unzureichende Vorreinigung, k\u00f6nnen die optimale Wirkung beeintr\u00e4chtigen. Zudem kann eine starke Beanspruchung der Oberfl\u00e4che die Lebensdauer der Versiegelung verk\u00fcrzen. Es ist jedoch m\u00f6glich, dass die Tiefenwirkung in den darunter liegenden Schichten weiterhin vorhanden ist.\",\"inLanguage\":\"tr\"},\"inLanguage\":\"tr\"},{\"@type\":\"Question\",\"@id\":\"https:\\\/\\\/www.versiegelung24.com\\\/tr\\\/granit-sizdirmazlik-in-profesyonel-kalite.html#faq-question-1723188391712\",\"position\":4,\"url\":\"https:\\\/\\\/www.versiegelung24.com\\\/tr\\\/granit-sizdirmazlik-in-profesyonel-kalite.html#faq-question-1723188391712\",\"name\":\"Warum tritt der gew\u00fcnschte Abperleffekt nicht ein?\",\"answerCount\":1,\"acceptedAnswer\":{\"@type\":\"Answer\",\"text\":\"Der fehlende Abperleffekt k\u00f6nnte auf Probleme bei der Aufbringung der Versiegelung zur\u00fcckzuf\u00fchren sein. Feuchtigkeit w\u00e4hrend der Applikation oder eine nicht vollst\u00e4ndig entfernte Vorreinigung k\u00f6nnen die Wirkung beeintr\u00e4chtigen und verhindern, dass die Versiegelung optimal einzieht und abbinden kann.\",\"inLanguage\":\"tr\"},\"inLanguage\":\"tr\"}]}<\/script>\n<meta property=\"og:availability\" content=\"instock\" \/>\n<meta property=\"product:availability\" content=\"instock\" \/>\n<meta property=\"product:retailer_item_id\" content=\"3005-7620\" \/>\n<meta property=\"product:condition\" content=\"new\" \/>\n<!-- \/ Yoast SEO Premium plugin. -->","yoast_head_json":{"title":"Uzun s\u00fcreli ve derin etkili granit s\u0131zd\u0131rmazl\u0131k - \u00fcst\u00fcn kalite - versiegelung24.com","description":"Granit s\u0131zd\u0131rmazl\u0131k - \u00fcst\u00fcn kalitede - Granit ta\u015ftan yap\u0131lm\u0131\u015f nesnelerinizi profesyoneller gibi koruyun! \u015eimdi Versiegelung24.com'da!","robots":{"index":"index","follow":"follow","max-snippet":"max-snippet:-1","max-image-preview":"max-image-preview:large","max-video-preview":"max-video-preview:-1"},"canonical":"https:\/\/www.versiegelung24.com\/tr\/granit-sizdirmazlik-in-profesyonel-kalite.html","og_locale":"tr_TR","og_type":"article","og_title":"Uzun s\u00fcreli ve derin etkili granit s\u0131zd\u0131rmazl\u0131k - \u00fcst\u00fcn kalite","og_description":"Granit s\u0131zd\u0131rmazl\u0131k - \u00fcst\u00fcn kalitede - Granit ta\u015ftan yap\u0131lm\u0131\u015f nesnelerinizi profesyoneller gibi koruyun! \u015eimdi Versiegelung24.com'da!","og_url":"https:\/\/www.versiegelung24.com\/tr\/granit-sizdirmazlik-in-profesyonel-kalite.html","og_site_name":"versiegelung24.com","article_modified_time":"2025-01-03T22:51:08+00:00","og_image":[{"width":2560,"height":2560,"url":"https:\/\/www.versiegelung24.com\/wp-content\/uploads\/2020\/06\/produkt-3005-620-1000-Granitversiegelung-scaled.jpg","type":"image\/jpeg"}],"twitter_card":"summary_large_image","twitter_misc":{"Durumu":"Stokta var"},"schema":{"@context":"https:\/\/schema.org","@graph":[{"@type":["WebPage","FAQPage"],"@id":"https:\/\/www.versiegelung24.com\/tr\/granit-sizdirmazlik-in-profesyonel-kalite.html","url":"https:\/\/www.versiegelung24.com\/tr\/granit-sizdirmazlik-in-profesyonel-kalite.html","name":"Uzun s\u00fcreli ve derin etkili granit s\u0131zd\u0131rmazl\u0131k - \u00fcst\u00fcn kalite - versiegelung24.com","isPartOf":{"@id":"https:\/\/www.versiegelung24.com\/tr\/#website"},"primaryImageOfPage":{"@id":"https:\/\/www.versiegelung24.com\/tr\/granit-sizdirmazlik-in-profesyonel-kalite.html#primaryimage"},"image":{"@id":"https:\/\/www.versiegelung24.com\/tr\/granit-sizdirmazlik-in-profesyonel-kalite.html#primaryimage"},"thumbnailUrl":"https:\/\/www.versiegelung24.com\/wp-content\/uploads\/2020\/06\/produkt-3005-620-1000-Granitversiegelung-scaled.jpg","datePublished":"2021-08-02T19:19:24+00:00","dateModified":"2025-01-03T22:51:08+00:00","description":"Granit s\u0131zd\u0131rmazl\u0131k - \u00fcst\u00fcn kalitede - Granit ta\u015ftan yap\u0131lm\u0131\u015f nesnelerinizi profesyoneller gibi koruyun! \u015eimdi Versiegelung24.com'da!","breadcrumb":{"@id":"https:\/\/www.versiegelung24.com\/tr\/granit-sizdirmazlik-in-profesyonel-kalite.html#breadcrumb"},"mainEntity":[{"@id":"https:\/\/www.versiegelung24.com\/tr\/granit-sizdirmazlik-in-profesyonel-kalite.html#faq-question-1723129133239"},{"@id":"https:\/\/www.versiegelung24.com\/tr\/granit-sizdirmazlik-in-profesyonel-kalite.html#faq-question-1723129206298"},{"@id":"https:\/\/www.versiegelung24.com\/tr\/granit-sizdirmazlik-in-profesyonel-kalite.html#faq-question-1723188404369"},{"@id":"https:\/\/www.versiegelung24.com\/tr\/granit-sizdirmazlik-in-profesyonel-kalite.html#faq-question-1723188391712"}],"inLanguage":"tr","potentialAction":[{"@type":"ReadAction","target":["https:\/\/www.versiegelung24.com\/tr\/granit-sizdirmazlik-in-profesyonel-kalite.html"]}]},{"@type":"ImageObject","inLanguage":"tr","@id":"https:\/\/www.versiegelung24.com\/tr\/granit-sizdirmazlik-in-profesyonel-kalite.html#primaryimage","url":"https:\/\/www.versiegelung24.com\/wp-content\/uploads\/2020\/06\/produkt-3005-620-1000-Granitversiegelung-scaled.jpg","contentUrl":"https:\/\/www.versiegelung24.com\/wp-content\/uploads\/2020\/06\/produkt-3005-620-1000-Granitversiegelung-scaled.jpg","width":2560,"height":2560},{"@type":"BreadcrumbList","@id":"https:\/\/www.versiegelung24.com\/tr\/granit-sizdirmazlik-in-profesyonel-kalite.html#breadcrumb","itemListElement":[{"@type":"ListItem","position":1,"name":"Anasayfa","item":"https:\/\/www.versiegelung24.com\/tr\/on\/"},{"@type":"ListItem","position":2,"name":"Ma\u011faza","item":"https:\/\/www.versiegelung24.com\/tr\/magaza\/"},{"@type":"ListItem","position":3,"name":"Uzun s\u00fcreli ve derin etkili granit s\u0131zd\u0131rmazl\u0131k &#8211; \u00fcst\u00fcn kalite"}]},{"@type":"WebSite","@id":"https:\/\/www.versiegelung24.com\/tr\/#website","url":"https:\/\/www.versiegelung24.com\/tr\/","name":"versiegelung24.com","description":"Fl\u00fcssigglas-Versiegelung - Made in Germany","publisher":{"@id":"https:\/\/www.versiegelung24.com\/tr\/#organization"},"potentialAction":[{"@type":"SearchAction","target":{"@type":"EntryPoint","urlTemplate":"https:\/\/www.versiegelung24.com\/tr\/?s={search_term_string}"},"query-input":{"@type":"PropertyValueSpecification","valueRequired":true,"valueName":"search_term_string"}}],"inLanguage":"tr"},{"@type":"Organization","@id":"https:\/\/www.versiegelung24.com\/tr\/#organization","name":"versiegelung24","url":"https:\/\/www.versiegelung24.com\/tr\/","logo":{"@type":"ImageObject","inLanguage":"tr","@id":"https:\/\/www.versiegelung24.com\/tr\/#\/schema\/logo\/image\/","url":"https:\/\/www.versiegelung24.com\/wp-content\/uploads\/2020\/04\/versiegelung24.png","contentUrl":"https:\/\/www.versiegelung24.com\/wp-content\/uploads\/2020\/04\/versiegelung24.png","width":470,"height":102,"caption":"versiegelung24"},"image":{"@id":"https:\/\/www.versiegelung24.com\/tr\/#\/schema\/logo\/image\/"}},{"@type":"Question","@id":"https:\/\/www.versiegelung24.com\/tr\/granit-sizdirmazlik-in-profesyonel-kalite.html#faq-question-1723129133239","position":1,"url":"https:\/\/www.versiegelung24.com\/tr\/granit-sizdirmazlik-in-profesyonel-kalite.html#faq-question-1723129133239","name":"Wieso zeigt Versiegelung nicht die optimale Wirkung \/ Warum ist die Wirkung nicht vorhanden? \/ Wieso ist der Effekt der Langzeitwirkung nicht gegeben?","answerCount":1,"acceptedAnswer":{"@type":"Answer","text":"1. Die Versiegelung kann in ihrer Wirkung beeintr\u00e4chtigt sein, wenn w\u00e4hrend der Applikation oder Trocknungsphase (etwa 24 Stunden) Feuchtigkeit (z.B. Regen oder aufsteigende Feuchtigkeit aus dem Boden) auftritt.<br\/>2. Eine nicht vollst\u00e4ndig r\u00fcckstandsfreie Vorreinigung kann ebenfalls zu Problemen f\u00fchren. Es ist essenziell, dass Steinreiniger oder andere Vorreiniger vollst\u00e4ndig entfernt werden.<br\/>3. Eventuelle Vorbeschichtungen k\u00f6nnen das optimale Einziehen und Abbinden der Versiegelung verhindern, was zu einer reduzierten oder nicht langanhaltenden Wirkung f\u00fchren kann.","inLanguage":"tr"},"inLanguage":"tr"},{"@type":"Question","@id":"https:\/\/www.versiegelung24.com\/tr\/granit-sizdirmazlik-in-profesyonel-kalite.html#faq-question-1723129206298","position":2,"url":"https:\/\/www.versiegelung24.com\/tr\/granit-sizdirmazlik-in-profesyonel-kalite.html#faq-question-1723129206298","name":"Kann ich die Steine mit einem Hochdruckreiniger (K\u00e4rchern) reinigen?","answerCount":1,"acceptedAnswer":{"@type":"Answer","text":"<strong>Empfehlung:<\/strong><br\/>1. Wir raten generell von der Nutzung eines Hochdruckreinigers f\u00fcr die Reinigung von Stein- und Betonplatten ab. Durch die starke Abrasion werden die Oberfl\u00e4chen besch\u00e4digt und anf\u00e4lliger f\u00fcr erneute Verschmutzung und Algenbewuchs.<br\/>2. Die fr\u00e4sende Wirkung des Hochdruckreinigers kann die oberste Schicht einer Versiegelung abtragen, selbst wenn die Hydrophobie in den tieferen Schichten erhalten bleibt.","inLanguage":"tr"},"inLanguage":"tr"},{"@type":"Question","@id":"https:\/\/www.versiegelung24.com\/tr\/granit-sizdirmazlik-in-profesyonel-kalite.html#faq-question-1723188404369","position":3,"url":"https:\/\/www.versiegelung24.com\/tr\/granit-sizdirmazlik-in-profesyonel-kalite.html#faq-question-1723188404369","name":"Warum h\u00e4lt meine Versiegelung nicht so lange wie erwartet?","answerCount":1,"acceptedAnswer":{"@type":"Answer","text":"Die Haltbarkeit der Versiegelung kann durch verschiedene Faktoren beeinflusst werden. M\u00f6gliche Probleme w\u00e4hrend der Aufbringung, wie Feuchtigkeitseinwirkung w\u00e4hrend der Trocknungsphase oder eine unzureichende Vorreinigung, k\u00f6nnen die optimale Wirkung beeintr\u00e4chtigen. Zudem kann eine starke Beanspruchung der Oberfl\u00e4che die Lebensdauer der Versiegelung verk\u00fcrzen. Es ist jedoch m\u00f6glich, dass die Tiefenwirkung in den darunter liegenden Schichten weiterhin vorhanden ist.","inLanguage":"tr"},"inLanguage":"tr"},{"@type":"Question","@id":"https:\/\/www.versiegelung24.com\/tr\/granit-sizdirmazlik-in-profesyonel-kalite.html#faq-question-1723188391712","position":4,"url":"https:\/\/www.versiegelung24.com\/tr\/granit-sizdirmazlik-in-profesyonel-kalite.html#faq-question-1723188391712","name":"Warum tritt der gew\u00fcnschte Abperleffekt nicht ein?","answerCount":1,"acceptedAnswer":{"@type":"Answer","text":"Der fehlende Abperleffekt k\u00f6nnte auf Probleme bei der Aufbringung der Versiegelung zur\u00fcckzuf\u00fchren sein. Feuchtigkeit w\u00e4hrend der Applikation oder eine nicht vollst\u00e4ndig entfernte Vorreinigung k\u00f6nnen die Wirkung beeintr\u00e4chtigen und verhindern, dass die Versiegelung optimal einzieht und abbinden kann.","inLanguage":"tr"},"inLanguage":"tr"}]},"og_availability":"instock","product_availability":"instock","product_retailer_item_id":"3005-7620","product_condition":"new"},"_links":{"self":[{"href":"https:\/\/www.versiegelung24.com\/tr\/wp-json\/wp\/v2\/product\/23088","targetHints":{"allow":["GET"]}}],"collection":[{"href":"https:\/\/www.versiegelung24.com\/tr\/wp-json\/wp\/v2\/product"}],"about":[{"href":"https:\/\/www.versiegelung24.com\/tr\/wp-json\/wp\/v2\/types\/product"}],"version-history":[{"count":44,"href":"https:\/\/www.versiegelung24.com\/tr\/wp-json\/wp\/v2\/product\/23088\/revisions"}],"predecessor-version":[{"id":174017,"href":"https:\/\/www.versiegelung24.com\/tr\/wp-json\/wp\/v2\/product\/23088\/revisions\/174017"}],"wp:featuredmedia":[{"embeddable":true,"href":"https:\/\/www.versiegelung24.com\/tr\/wp-json\/wp\/v2\/media\/18012"}],"wp:attachment":[{"href":"https:\/\/www.versiegelung24.com\/tr\/wp-json\/wp\/v2\/media?parent=23088"}],"wp:term":[{"taxonomy":"product_brand","embeddable":true,"href":"https:\/\/www.versiegelung24.com\/tr\/wp-json\/wp\/v2\/product_brand?post=23088"},{"taxonomy":"product_cat","embeddable":true,"href":"https:\/\/www.versiegelung24.com\/tr\/wp-json\/wp\/v2\/product_cat?post=23088"},{"taxonomy":"product_tag","embeddable":true,"href":"https:\/\/www.versiegelung24.com\/tr\/wp-json\/wp\/v2\/product_tag?post=23088"}],"curies":[{"name":"wp","href":"https:\/\/api.w.org\/{rel}","templated":true}]}}