{"id":23143,"date":"2020-04-04T18:53:15","date_gmt":"2021-08-02T19:23:32","guid":{"rendered":"https:\/\/www.versiegelung24.com\/produkt\/uzun-sureli-ve-derin-etkili-tas-sizdirmazligi"},"modified":"2025-01-04T00:23:30","modified_gmt":"2025-01-03T23:23:30","slug":"uzun-vadeli-ve-derin-etkili-tas-sizdirmazligi","status":"publish","type":"product","link":"https:\/\/www.versiegelung24.com\/tr\/uzun-vadeli-ve-derin-etkili-tas-sizdirmazligi.html","title":{"rendered":"Uzun s\u00fcreli ve derin etkili ta\u015f s\u0131zd\u0131rmazl\u0131\u011f\u0131"},"content":{"rendered":"\n<h2 class=\"wp-block-heading\" id=\"h-beschreibung\">A\u00e7\u0131klama<\/h2>\n\n<p>Uzun s\u00fcreli ve derin etkiye sahip ta\u015f s\u0131zd\u0131rmazl\u0131\u011f\u0131m\u0131z, \u00e7e\u015fitli tiplerdeki ta\u015f y\u00fczeyleri, y\u00fczeyin g\u00f6r\u00fcn\u00fcm\u00fcn\u00fc ve hissini bozmadan hava, kir ve sudan etkili ve kal\u0131c\u0131 olarak korur. T\u00fcm emici mineral ta\u015f y\u00fczeyler i\u00e7in son derece etkili, su itici, a\u015f\u0131nmaya dayan\u0131kl\u0131 nano kaplama.<\/p>\n\n<p>Ya\u011f ve k\u0131rm\u0131z\u0131 \u015faraba kar\u015f\u0131 geli\u015ftirilmi\u015f etkilili\u011fe sahip yeni versiyon (\u00f6nceden \u00fcr\u00fcn numaras\u0131 3000-620)<\/p>\n\n<p>Almanya&#8217;da yap\u0131lan y\u00fcksek kalite.<\/p>\n\n<hr\/>\n\n<h2 class=\"wp-block-heading\" id=\"video\">\u00fcr\u00fcn videosu<\/h2>\n\n<div class=\"wp-block-columns is-layout-flex wp-container-core-columns-is-layout-9d6595d7 wp-block-columns-is-layout-flex\">\n<div class=\"wp-block-column is-layout-flow wp-block-column-is-layout-flow\">\n<figure class=\"wp-block-embed aligncenter is-type-video is-provider-youtube wp-block-embed-youtube wp-embed-aspect-16-9 wp-has-aspect-ratio\"><div class=\"wp-block-embed__wrapper\"> \n<div class=\"nv-iframe-embed\"><iframe title=\"Steinversiegelung aus fl\u00fcssigem Glas\" width=\"1200\" height=\"675\" src=\"https:\/\/www.youtube.com\/embed\/t93bDWV0Jyk?feature=oembed\" frameborder=\"0\" allow=\"accelerometer; autoplay; clipboard-write; encrypted-media; gyroscope; picture-in-picture\" allowfullscreen><\/iframe><\/div>\n <\/div><\/figure>\n<\/div>\n<\/div>\n\n<hr\/>\n\n<h2 class=\"wp-block-heading\" id=\"properties\">\u00dcr\u00fcn \u00f6zellikleri<\/h2>\n\n<div class=\"wp-block-columns is-layout-flex wp-container-core-columns-is-layout-9d6595d7 wp-block-columns-is-layout-flex\">\n<div class=\"wp-block-column is-layout-flow wp-block-column-is-layout-flow\">\n<p>\u2713 Suya, kire ve hava ko\u015fullar\u0131na kar\u015f\u0131 etkili kal\u0131c\u0131 y\u00fczey korumas\u0131<\/p>\n\n\n\n<p>\u2713 Kullan\u0131ma haz\u0131r, y\u00fcksek konsantrasyonlu, y\u00fcksek performansl\u0131 silan\/SI bazl\u0131 emprenye maddesi<\/p>\n\n\n\n<p>\u2713 Yosun, liken, mantar ve di\u011fer do\u011fal etkilerin b\u00fcy\u00fcmesini engeller.<\/p>\n\n\n\n<p>\u2713 Basit i\u015fleme<\/p>\n\n\n\n<p>\u2713 Y\u00fczeyin g\u00f6r\u00fcn\u00fcm\u00fcnde ve hissinde de\u011fi\u015fiklik yok (kesinlikle g\u00f6r\u00fcnmez)<\/p>\n\n\n\n<p>\u2713 \u00c7ok emici y\u00fczeylerde veya yo\u011fun uygulamada hafif renk derinle\u015ftirme etkisi<\/p>\n\n\n\n<p>\u2713 Donmaya kar\u015f\u0131 kesinlikle dayan\u0131kl\u0131d\u0131r (buz ve kar zarar vermez)<\/p>\n\n\n\n<p>\u2713 Uzun zincirli silikon bile\u015fikleri (SiO\u00b2) sayesinde a\u015f\u0131r\u0131 a\u015f\u0131nma direnci<\/p>\n\n\n\n<p>\u2713 20 mm&#8217;ye varan y\u00fcksek penetrasyon derinlikleri sayesinde uzun s\u00fcreli derinlik etkisi (emicili\u011fe ba\u011fl\u0131 olarak)<\/p>\n\n\n\n<p>\u2713 Y\u00fczey nefes alabilir (dif\u00fczyona a\u00e7\u0131k) kal\u0131r, bu nedenle bariyer tabakas\u0131 ve su birikmesi olmaz<\/p>\n\n\n\n<p>\u2713 Tuzlu suya, donmaya ve alkaliye dayan\u0131kl\u0131<\/p>\n\n\n\n<p>\u2713 SiO2 teknolojisi sayesinde yap\u0131\u015fkan silikon film olu\u015fumu yok<\/p>\n<\/div>\n\n\n\n<div class=\"wp-block-column is-layout-flow wp-block-column-is-layout-flow\">\n<p>\u2713 \u0130\u00e7 ve d\u0131\u015f mekan uygulamalar\u0131 i\u00e7in uygundur<\/p>\n\n\n\n<p>\u2713 Y\u00fcksek UV stabilitesi<\/p>\n\n\n\n<p>\u2713 Kolay temizlenebilir etki: kir yap\u0131\u015fmaz ve kolayca \u00e7\u0131kar\u0131labilir<\/p>\n\n\n\n<p>\u2713 Do\u011fru uyguland\u0131\u011f\u0131nda, dolgu macunu y\u00fczeyle kovalent (kal\u0131c\u0131) bir ba\u011f olu\u015fturdu\u011fundan uzun y\u0131llar dayan\u0131kl\u0131d\u0131r &#8211; uzun s\u00fcreli koruma (10+ y\u0131la kadar)<\/p>\n\n\n\n<p>\u2713 \u00c7i\u00e7eklenme e\u011filimini azalt\u0131r (beton ve kalkerli kayalarda)<\/p>\n\n\n\n<p>\u2713 Y\u00fcksek su, ya\u011f ve kir itici<\/p>\n\n\n\n<p>\u2713 \u00d6nerilen uygulama s\u0131cakl\u0131\u011f\u0131 +5 ila +25\u00b0C<\/p>\n\n\n\n<p><br\/>Kuru y\u00fczeyler termal olarak verimli oldu\u011fu i\u00e7in binalarda enerji tasarrufuna \u00f6nemli \u00f6l\u00e7\u00fcde katk\u0131da bulunur<\/p>\n\n\n\n<p><\/p>\n\n\n\n<p><br\/><br\/>T<strong>eslimat kapsam\u0131:<\/strong> 1 x litrelik \u015fi\u015fe 1 x pompal\u0131 p\u00fcsk\u00fcrtme ba\u015fl\u0131\u011f\u0131<br\/><\/p>\n<\/div>\n<\/div>\n\n<div class=\"wp-block-columns is-layout-flex wp-container-core-columns-is-layout-9d6595d7 wp-block-columns-is-layout-flex\">\n<div class=\"wp-block-column is-layout-flow wp-block-column-is-layout-flow\"><\/div>\n<\/div>\n\n<br\/>\n\n<h2 class=\"wp-block-heading\" id=\"application\">Uygulama<\/h2>\n\n<p><strong>\u0130\u00e7 ve d\u0131\u015f mekanlarda t\u00fcm mineral, emici, a\u00e7\u0131k g\u00f6zenekli ta\u015f y\u00fczeyler i\u00e7in uygundur.<\/strong><\/p>\n\n<div class=\"wp-block-columns is-layout-flex wp-container-core-columns-is-layout-9d6595d7 wp-block-columns-is-layout-flex\">\n<div class=\"wp-block-column is-layout-flow wp-block-column-is-layout-flow\">\n<p>\u2713 do\u011fal ta\u015f (yakla\u015f\u0131k 10-30m\u00b2 \/ litre)<\/p>\n\n\n\n<p>\u2713 Beton blok (yakla\u015f\u0131k 10-30m\u00b2 \/ litre)<\/p>\n\n\n\n<p>\u2713 kald\u0131r\u0131m ta\u015f\u0131 (yakla\u015f\u0131k 10-30m\u00b2 \/ litre)<\/p>\n\n\n\n<p>\u2713 Arnavut kald\u0131r\u0131m\u0131 (yakla\u015f\u0131k 10-30m\u00b2 \/ litre)<\/p>\n\n\n\n<p>\u2713 Tu\u011fla ve duvar (yakla\u015f\u0131k 20-30m\u00b2 \/ litre) <\/p>\n\n\n\n<p>\u2713 Ta\u015f karolar (s\u0131rs\u0131z) (yakla\u015f\u0131k 20-40m\u00b2 \/ litre)<\/p>\n\n\n\n<p>\u2713 Kiremit (yakla\u015f\u0131k 15-25m\u00b2 \/ litre) <\/p>\n\n\n\n<p>\u2713 Kire\u00e7ta\u015f\u0131 (yakla\u015f\u0131k 15-25m\u00b2 \/ litre)<\/p>\n\n\n\n<p>\u2713 Kire\u00e7 kumta\u015f\u0131 (yakla\u015f\u0131k 15m\u00b2 \/ litre)<\/p>\n\n\n\n<p>\u2713 kumta\u015f\u0131 (yakla\u015f\u0131k 8-15m\u00b2 \/ litre)<\/p>\n\n\n\n<p>\u2713 arduvaz (yakl. 15-30m\u00b2 \/ litre, dikkat: arduvaz rengi koyula\u015f\u0131r (renk koyula\u015fmas\u0131)<\/p>\n<\/div>\n\n\n\n<div class=\"wp-block-column is-layout-flow wp-block-column-is-layout-flow\">\n<ul class=\"wp-block-list\">\n<li>V24 ta\u015f mastik kullan\u0131ma haz\u0131r olarak teslim edilir ve \u00f6nceden temizlenmi\u015f ve kurutulmu\u015f y\u00fczeye seyreltilmeden uygulan\u0131r.<\/li>\n<\/ul>\n\n\n\n<ul class=\"wp-block-list\">\n<li>Uygulanacak t\u00fcm y\u00fczeyler kuru ve iyi temizlenmelidir, \u00e7\u00fcnk\u00fc bu, optimum uzun vadeli ve derin etkiye sahip olan dolgu macununun derinlemesine n\u00fcfuz etmesini sa\u011flaman\u0131n tek yoludur.<\/li>\n<\/ul>\n\n\n\n<ul class=\"wp-block-list\">\n<li>Uygulamadan sonra,<strong> V24 ta\u015f s\u0131zd\u0131rmazl\u0131k<\/strong> birka\u00e7 saniye boyunca s\u0131v\u0131 bir film halinde y\u00fczeyle temas halinde kal\u0131r.<\/li>\n<\/ul>\n\n\n\n<ul class=\"wp-block-list\">\n<li>Kaplama tamamen \u00e7apraz ba\u011flan\u0131r ve 24 saat sonra k\u00fcrlenir.<\/li>\n<\/ul>\n\n\n\n<p>Ayr\u0131nt\u0131l\u0131 bir uygulama a\u00e7\u0131klamas\u0131 veri sayfam\u0131zda bulunabilir<\/p>\n<\/div>\n<\/div>\n\n<div class=\"wp-block-columns is-layout-flex wp-container-core-columns-is-layout-9d6595d7 wp-block-columns-is-layout-flex\">\n<div class=\"wp-block-column is-layout-flow wp-block-column-is-layout-flow\">\n<br\/>\n<\/div>\n<\/div>\n\n<h4 class=\"wp-block-heading\" id=\"faq\">SSS<\/h4>\n\n<div class=\"wp-block-columns is-layout-flex wp-container-core-columns-is-layout-9d6595d7 wp-block-columns-is-layout-flex\">\n<div class=\"wp-block-column is-layout-flow wp-block-column-is-layout-flow\" style=\"flex-basis:100%\">\n<div class=\"schema-faq wp-block-yoast-faq-block\"><div class=\"schema-faq-section\" id=\"faq-question-1723129133239\"><strong class=\"schema-faq-question\">S\u0131zd\u0131rmazl\u0131k neden optimum etkiye sahip de\u011fil \/ Neden etkisi yok?\n\/ Neden uzun vadeli bir etkisi yok? <\/strong> <p class=\"schema-faq-answer\"><br>1. Uygulama veya kuruma a\u015famas\u0131nda (yakla\u015f\u0131k 24 saat) nem (\u00f6rn. ya\u011fmur veya zeminden y\u00fckselen nem) olu\u015fursa dolgu macununun etkinli\u011fi azalabilir. 2. Tamamen kal\u0131nt\u0131 b\u0131rakmayan \u00f6n temizlik de sorunlara yol a\u00e7abilir.\n<br>Ta\u015f temizleyicilerin veya di\u011fer \u00f6n temizleyicilerin tamamen \u00e7\u0131kar\u0131lmas\u0131 \u00f6nemlidir. 3. Herhangi bir \u00f6n kaplama, dolgu macununun en iyi \u015fekilde emilmesini ve sertle\u015fmesini engelleyebilir, bu da etkinin azalmas\u0131na veya uzun s\u00fcreli olmamas\u0131na neden olabilir. <\/p> <\/div> <div class=\"schema-faq-section\" id=\"faq-question-1723129206298\"><strong class=\"schema-faq-question\">Ta\u015flar\u0131 y\u00fcksek bas\u0131n\u00e7l\u0131 bir temizleyici ile temizleyebilir miyim?<\/strong> <p class=\"schema-faq-answer\"><br>\u00d6neri: <strong> 1. Genellikle ta\u015f ve beton plakalar\u0131n temizli\u011finde bas\u0131n\u00e7l\u0131 y\u0131kama makinesi kullan\u0131lmamas\u0131n\u0131 tavsiye ederiz.\n<br>A\u011f\u0131r a\u015f\u0131nd\u0131rma y\u00fczeylere zarar verir ve onlar\u0131 yeniden kirlenmeye ve yosun olu\u015fumuna kar\u015f\u0131 daha hassas hale getirir. 2. Bas\u0131n\u00e7l\u0131 y\u0131kay\u0131c\u0131n\u0131n a\u015f\u0131nd\u0131r\u0131c\u0131 etkisi, daha derin katmanlardaki hidrofobiklik bozulmadan kalsa bile, dolgu macununun \u00fcst katman\u0131n\u0131 kald\u0131rabilir.<\/strong> <\/p> <\/div> <div class=\"schema-faq-section\" id=\"faq-question-1723188404369\"><strong class=\"schema-faq-question\">Dolgu macunum neden beklendi\u011fi kadar uzun s\u00fcre dayanm\u0131yor?<\/strong> <p class=\"schema-faq-answer\">Dolgu macununun dayan\u0131kl\u0131l\u0131\u011f\u0131 \u00e7e\u015fitli fakt\u00f6rlerden etkilenebilir.\nKurutma a\u015famas\u0131nda neme maruz kalma veya yetersiz \u00f6n temizlik gibi uygulama s\u0131ras\u0131ndaki olas\u0131 sorunlar optimum etkiyi bozabilir.\nBuna ek olarak, y\u00fczeyin yo\u011fun kullan\u0131m\u0131 dolgu macununun hizmet \u00f6mr\u00fcn\u00fc k\u0131saltabilir.\nBununla birlikte, derinlik etkisinin alttaki katmanlarda hala mevcut olmas\u0131 m\u00fcmk\u00fcnd\u00fcr.   <\/p> <\/div> <div class=\"schema-faq-section\" id=\"faq-question-1723188391712\"><strong class=\"schema-faq-question\">\u0130stenen boncuklanma etkisi neden olu\u015fmuyor?<\/strong> <p class=\"schema-faq-answer\">Boncuklanma etkisinin olmamas\u0131, dolgu macununun uygulanmas\u0131yla ilgili sorunlardan kaynaklan\u0131yor olabilir.\nUygulama s\u0131ras\u0131ndaki nem veya tam olarak giderilmemi\u015f \u00f6n temizlik, etkiyi bozabilir ve dolgu macununun en iyi \u015fekilde emilmesini ve priz almas\u0131n\u0131 engelleyebilir. <\/p> <\/div> <\/div>\n<\/div>\n<\/div>\n","protected":false},"excerpt":{"rendered":"<p>  <strong>\u0130\u00e7 ve d\u0131\u015f mekanlarda t\u00fcm mineral ta\u015f y\u00fczeyler i\u00e7in<\/strong><\/p>\n<p>\u2713 Su itici ve a\u015f\u0131nmaya dayan\u0131kl\u0131 nano kaplama<\/p>\n<p>\u2713 Kolay temizlenebilir etki: kir yap\u0131\u015fmaz ve kolayca \u00e7\u0131kar\u0131labilir<\/p>\n<p>\u2713 Kesinlikle g\u00f6r\u00fcnmez: Y\u00fczeyin g\u00f6r\u00fcn\u00fcm\u00fcnde ve hissinde de\u011fi\u015fiklik olmaz<\/p>\n<p>\u2713 Y\u00fczey nefes alabilir kal\u0131r<\/p>\n<p>\u2713 Yosun, liken, mantar olu\u015fumunu ve ye\u015fil b\u00fcy\u00fcme olu\u015fumunu engeller.<\/p>\n","protected":false},"featured_media":17705,"template":"","meta":{"_acf_changed":false,"neve_meta_sidebar":"","neve_meta_container":"","neve_meta_enable_content_width":"","neve_meta_content_width":0,"neve_meta_title_alignment":"","neve_meta_author_avatar":"","neve_post_elements_order":"","neve_meta_disable_header":"","neve_meta_disable_footer":"","neve_meta_disable_title":"","neve_meta_reading_time":"","_surfaces":[],"_ver_product_tabs":[],"footnotes":""},"product_brand":[],"product_cat":[2437],"product_tag":[],"class_list":{"0":"post-23143","1":"product","2":"type-product","3":"status-publish","4":"has-post-thumbnail","6":"product_cat-tas-ve-beton-sizdirmazlik","7":"pa_gebinde-1000ml-sise","8":"pa_gebinde-20l-teneke-kutu","9":"pa_gebinde-5l-teneke-kutu","11":"first","12":"instock","13":"taxable","14":"shipping-taxable","15":"purchasable","16":"product-type-variable","17":"has-default-attributes"},"acf":[],"yoast_head":"<!-- This site is optimized with the Yoast SEO Premium plugin v22.8 (Yoast SEO v27.5) - https:\/\/yoast.com\/product\/yoast-seo-premium-wordpress\/ -->\n<title>Uzun s\u00fcreli ve derin etkili ta\u015f s\u0131zd\u0131rmazl\u0131\u011f\u0131 - versiegelung24.com<\/title>\n<meta name=\"description\" content=\"Uzun s\u00fcreli ve derin etkili ta\u015f s\u0131zd\u0131rmazl\u0131\u011f\u0131 - Ta\u015flar\u0131n\u0131z\u0131 m\u00fch\u00fcrleyin ve nem ve kirden koruyun\" \/>\n<meta name=\"robots\" content=\"index, follow, max-snippet:-1, max-image-preview:large, max-video-preview:-1\" \/>\n<link rel=\"canonical\" href=\"https:\/\/www.versiegelung24.com\/tr\/uzun-vadeli-ve-derin-etkili-tas-sizdirmazligi.html\" \/>\n<meta property=\"og:locale\" content=\"tr_TR\" \/>\n<meta property=\"og:type\" content=\"article\" \/>\n<meta property=\"og:title\" content=\"Uzun s\u00fcreli ve derin etkili ta\u015f s\u0131zd\u0131rmazl\u0131\u011f\u0131\" \/>\n<meta property=\"og:description\" content=\"Uzun s\u00fcreli ve derin etkili ta\u015f s\u0131zd\u0131rmazl\u0131\u011f\u0131 - Ta\u015flar\u0131n\u0131z\u0131 m\u00fch\u00fcrleyin ve nem ve kirden koruyun\" \/>\n<meta property=\"og:url\" content=\"https:\/\/www.versiegelung24.com\/tr\/uzun-vadeli-ve-derin-etkili-tas-sizdirmazligi.html\" \/>\n<meta property=\"og:site_name\" content=\"versiegelung24.com\" \/>\n<meta property=\"article:modified_time\" content=\"2025-01-03T23:23:30+00:00\" \/>\n<meta property=\"og:image\" content=\"https:\/\/www.versiegelung24.com\/wp-content\/uploads\/2020\/06\/produkt-3000-620-1000-Steinversiegelung-scaled.jpg\" \/>\n\t<meta property=\"og:image:width\" content=\"2560\" \/>\n\t<meta property=\"og:image:height\" content=\"2560\" \/>\n\t<meta property=\"og:image:type\" content=\"image\/jpeg\" \/>\n<meta name=\"twitter:card\" content=\"summary_large_image\" \/>\n<meta name=\"twitter:label1\" content=\"Durumu\" \/>\n\t<meta name=\"twitter:data1\" content=\"Stokta var\" \/>\n<script type=\"application\/ld+json\" class=\"yoast-schema-graph\">{\"@context\":\"https:\\\/\\\/schema.org\",\"@graph\":[{\"@type\":[\"WebPage\",\"FAQPage\"],\"@id\":\"https:\\\/\\\/www.versiegelung24.com\\\/tr\\\/uzun-vadeli-ve-derin-etkili-tas-sizdirmazligi.html\",\"url\":\"https:\\\/\\\/www.versiegelung24.com\\\/tr\\\/uzun-vadeli-ve-derin-etkili-tas-sizdirmazligi.html\",\"name\":\"Uzun s\u00fcreli ve derin etkili ta\u015f s\u0131zd\u0131rmazl\u0131\u011f\u0131 - versiegelung24.com\",\"isPartOf\":{\"@id\":\"https:\\\/\\\/www.versiegelung24.com\\\/tr\\\/#website\"},\"primaryImageOfPage\":{\"@id\":\"https:\\\/\\\/www.versiegelung24.com\\\/tr\\\/uzun-vadeli-ve-derin-etkili-tas-sizdirmazligi.html#primaryimage\"},\"image\":{\"@id\":\"https:\\\/\\\/www.versiegelung24.com\\\/tr\\\/uzun-vadeli-ve-derin-etkili-tas-sizdirmazligi.html#primaryimage\"},\"thumbnailUrl\":\"https:\\\/\\\/www.versiegelung24.com\\\/wp-content\\\/uploads\\\/2020\\\/06\\\/produkt-3000-620-1000-Steinversiegelung-scaled.jpg\",\"datePublished\":\"2021-08-02T19:23:32+00:00\",\"dateModified\":\"2025-01-03T23:23:30+00:00\",\"description\":\"Uzun s\u00fcreli ve derin etkili ta\u015f s\u0131zd\u0131rmazl\u0131\u011f\u0131 - Ta\u015flar\u0131n\u0131z\u0131 m\u00fch\u00fcrleyin ve nem ve kirden koruyun\",\"breadcrumb\":{\"@id\":\"https:\\\/\\\/www.versiegelung24.com\\\/tr\\\/uzun-vadeli-ve-derin-etkili-tas-sizdirmazligi.html#breadcrumb\"},\"mainEntity\":[{\"@id\":\"https:\\\/\\\/www.versiegelung24.com\\\/tr\\\/uzun-vadeli-ve-derin-etkili-tas-sizdirmazligi.html#faq-question-1723129133239\"},{\"@id\":\"https:\\\/\\\/www.versiegelung24.com\\\/tr\\\/uzun-vadeli-ve-derin-etkili-tas-sizdirmazligi.html#faq-question-1723129206298\"},{\"@id\":\"https:\\\/\\\/www.versiegelung24.com\\\/tr\\\/uzun-vadeli-ve-derin-etkili-tas-sizdirmazligi.html#faq-question-1723188404369\"},{\"@id\":\"https:\\\/\\\/www.versiegelung24.com\\\/tr\\\/uzun-vadeli-ve-derin-etkili-tas-sizdirmazligi.html#faq-question-1723188391712\"}],\"inLanguage\":\"tr\",\"potentialAction\":[{\"@type\":\"ReadAction\",\"target\":[\"https:\\\/\\\/www.versiegelung24.com\\\/tr\\\/uzun-vadeli-ve-derin-etkili-tas-sizdirmazligi.html\"]}]},{\"@type\":\"ImageObject\",\"inLanguage\":\"tr\",\"@id\":\"https:\\\/\\\/www.versiegelung24.com\\\/tr\\\/uzun-vadeli-ve-derin-etkili-tas-sizdirmazligi.html#primaryimage\",\"url\":\"https:\\\/\\\/www.versiegelung24.com\\\/wp-content\\\/uploads\\\/2020\\\/06\\\/produkt-3000-620-1000-Steinversiegelung-scaled.jpg\",\"contentUrl\":\"https:\\\/\\\/www.versiegelung24.com\\\/wp-content\\\/uploads\\\/2020\\\/06\\\/produkt-3000-620-1000-Steinversiegelung-scaled.jpg\",\"width\":2560,\"height\":2560},{\"@type\":\"BreadcrumbList\",\"@id\":\"https:\\\/\\\/www.versiegelung24.com\\\/tr\\\/uzun-vadeli-ve-derin-etkili-tas-sizdirmazligi.html#breadcrumb\",\"itemListElement\":[{\"@type\":\"ListItem\",\"position\":1,\"name\":\"Anasayfa\",\"item\":\"https:\\\/\\\/www.versiegelung24.com\\\/tr\\\/on\\\/\"},{\"@type\":\"ListItem\",\"position\":2,\"name\":\"Ma\u011faza\",\"item\":\"https:\\\/\\\/www.versiegelung24.com\\\/tr\\\/magaza\\\/\"},{\"@type\":\"ListItem\",\"position\":3,\"name\":\"Uzun s\u00fcreli ve derin etkili ta\u015f s\u0131zd\u0131rmazl\u0131\u011f\u0131\"}]},{\"@type\":\"WebSite\",\"@id\":\"https:\\\/\\\/www.versiegelung24.com\\\/tr\\\/#website\",\"url\":\"https:\\\/\\\/www.versiegelung24.com\\\/tr\\\/\",\"name\":\"versiegelung24.com\",\"description\":\"Fl\u00fcssigglas-Versiegelung - Made in Germany\",\"publisher\":{\"@id\":\"https:\\\/\\\/www.versiegelung24.com\\\/tr\\\/#organization\"},\"potentialAction\":[{\"@type\":\"SearchAction\",\"target\":{\"@type\":\"EntryPoint\",\"urlTemplate\":\"https:\\\/\\\/www.versiegelung24.com\\\/tr\\\/?s={search_term_string}\"},\"query-input\":{\"@type\":\"PropertyValueSpecification\",\"valueRequired\":true,\"valueName\":\"search_term_string\"}}],\"inLanguage\":\"tr\"},{\"@type\":\"Organization\",\"@id\":\"https:\\\/\\\/www.versiegelung24.com\\\/tr\\\/#organization\",\"name\":\"versiegelung24\",\"url\":\"https:\\\/\\\/www.versiegelung24.com\\\/tr\\\/\",\"logo\":{\"@type\":\"ImageObject\",\"inLanguage\":\"tr\",\"@id\":\"https:\\\/\\\/www.versiegelung24.com\\\/tr\\\/#\\\/schema\\\/logo\\\/image\\\/\",\"url\":\"https:\\\/\\\/www.versiegelung24.com\\\/wp-content\\\/uploads\\\/2020\\\/04\\\/versiegelung24.png\",\"contentUrl\":\"https:\\\/\\\/www.versiegelung24.com\\\/wp-content\\\/uploads\\\/2020\\\/04\\\/versiegelung24.png\",\"width\":470,\"height\":102,\"caption\":\"versiegelung24\"},\"image\":{\"@id\":\"https:\\\/\\\/www.versiegelung24.com\\\/tr\\\/#\\\/schema\\\/logo\\\/image\\\/\"}},{\"@type\":\"Question\",\"@id\":\"https:\\\/\\\/www.versiegelung24.com\\\/tr\\\/uzun-vadeli-ve-derin-etkili-tas-sizdirmazligi.html#faq-question-1723129133239\",\"position\":1,\"url\":\"https:\\\/\\\/www.versiegelung24.com\\\/tr\\\/uzun-vadeli-ve-derin-etkili-tas-sizdirmazligi.html#faq-question-1723129133239\",\"name\":\"Wieso zeigt Versiegelung nicht die optimale Wirkung \\\/ Warum ist die Wirkung nicht vorhanden? \\\/ Wieso ist der Effekt der Langzeitwirkung nicht gegeben?\",\"answerCount\":1,\"acceptedAnswer\":{\"@type\":\"Answer\",\"text\":\"1. Die Versiegelung kann in ihrer Wirkung beeintr\u00e4chtigt sein, wenn w\u00e4hrend der Applikation oder Trocknungsphase (etwa 24 Stunden) Feuchtigkeit (z.B. Regen oder aufsteigende Feuchtigkeit aus dem Boden) auftritt.<br\\\/>2. Eine nicht vollst\u00e4ndig r\u00fcckstandsfreie Vorreinigung kann ebenfalls zu Problemen f\u00fchren. Es ist essenziell, dass Steinreiniger oder andere Vorreiniger vollst\u00e4ndig entfernt werden.<br\\\/>3. Eventuelle Vorbeschichtungen k\u00f6nnen das optimale Einziehen und Abbinden der Versiegelung verhindern, was zu einer reduzierten oder nicht langanhaltenden Wirkung f\u00fchren kann.\",\"inLanguage\":\"tr\"},\"inLanguage\":\"tr\"},{\"@type\":\"Question\",\"@id\":\"https:\\\/\\\/www.versiegelung24.com\\\/tr\\\/uzun-vadeli-ve-derin-etkili-tas-sizdirmazligi.html#faq-question-1723129206298\",\"position\":2,\"url\":\"https:\\\/\\\/www.versiegelung24.com\\\/tr\\\/uzun-vadeli-ve-derin-etkili-tas-sizdirmazligi.html#faq-question-1723129206298\",\"name\":\"Kann ich die Steine mit einem Hochdruckreiniger (K\u00e4rchern) reinigen?\",\"answerCount\":1,\"acceptedAnswer\":{\"@type\":\"Answer\",\"text\":\"<strong>Empfehlung:<\\\/strong><br\\\/>1. Wir raten generell von der Nutzung eines Hochdruckreinigers f\u00fcr die Reinigung von Stein- und Betonplatten ab. Durch die starke Abrasion werden die Oberfl\u00e4chen besch\u00e4digt und anf\u00e4lliger f\u00fcr erneute Verschmutzung und Algenbewuchs.<br\\\/>2. Die fr\u00e4sende Wirkung des Hochdruckreinigers kann die oberste Schicht einer Versiegelung abtragen, selbst wenn die Hydrophobie in den tieferen Schichten erhalten bleibt.\",\"inLanguage\":\"tr\"},\"inLanguage\":\"tr\"},{\"@type\":\"Question\",\"@id\":\"https:\\\/\\\/www.versiegelung24.com\\\/tr\\\/uzun-vadeli-ve-derin-etkili-tas-sizdirmazligi.html#faq-question-1723188404369\",\"position\":3,\"url\":\"https:\\\/\\\/www.versiegelung24.com\\\/tr\\\/uzun-vadeli-ve-derin-etkili-tas-sizdirmazligi.html#faq-question-1723188404369\",\"name\":\"Warum h\u00e4lt meine Versiegelung nicht so lange wie erwartet?\",\"answerCount\":1,\"acceptedAnswer\":{\"@type\":\"Answer\",\"text\":\"Die Haltbarkeit der Versiegelung kann durch verschiedene Faktoren beeinflusst werden. M\u00f6gliche Probleme w\u00e4hrend der Aufbringung, wie Feuchtigkeitseinwirkung w\u00e4hrend der Trocknungsphase oder eine unzureichende Vorreinigung, k\u00f6nnen die optimale Wirkung beeintr\u00e4chtigen. Zudem kann eine starke Beanspruchung der Oberfl\u00e4che die Lebensdauer der Versiegelung verk\u00fcrzen. Es ist jedoch m\u00f6glich, dass die Tiefenwirkung in den darunter liegenden Schichten weiterhin vorhanden ist.\",\"inLanguage\":\"tr\"},\"inLanguage\":\"tr\"},{\"@type\":\"Question\",\"@id\":\"https:\\\/\\\/www.versiegelung24.com\\\/tr\\\/uzun-vadeli-ve-derin-etkili-tas-sizdirmazligi.html#faq-question-1723188391712\",\"position\":4,\"url\":\"https:\\\/\\\/www.versiegelung24.com\\\/tr\\\/uzun-vadeli-ve-derin-etkili-tas-sizdirmazligi.html#faq-question-1723188391712\",\"name\":\"Warum tritt der gew\u00fcnschte Abperleffekt nicht ein?\",\"answerCount\":1,\"acceptedAnswer\":{\"@type\":\"Answer\",\"text\":\"Der fehlende Abperleffekt k\u00f6nnte auf Probleme bei der Aufbringung der Versiegelung zur\u00fcckzuf\u00fchren sein. Feuchtigkeit w\u00e4hrend der Applikation oder eine nicht vollst\u00e4ndig entfernte Vorreinigung k\u00f6nnen die Wirkung beeintr\u00e4chtigen und verhindern, dass die Versiegelung optimal einzieht und abbinden kann.\",\"inLanguage\":\"tr\"},\"inLanguage\":\"tr\"}]}<\/script>\n<meta property=\"og:availability\" content=\"instock\" \/>\n<meta property=\"product:availability\" content=\"instock\" \/>\n<meta property=\"product:retailer_item_id\" content=\"3000-7620\" \/>\n<meta property=\"product:condition\" content=\"new\" \/>\n<!-- \/ Yoast SEO Premium plugin. -->","yoast_head_json":{"title":"Uzun s\u00fcreli ve derin etkili ta\u015f s\u0131zd\u0131rmazl\u0131\u011f\u0131 - versiegelung24.com","description":"Uzun s\u00fcreli ve derin etkili ta\u015f s\u0131zd\u0131rmazl\u0131\u011f\u0131 - Ta\u015flar\u0131n\u0131z\u0131 m\u00fch\u00fcrleyin ve nem ve kirden koruyun","robots":{"index":"index","follow":"follow","max-snippet":"max-snippet:-1","max-image-preview":"max-image-preview:large","max-video-preview":"max-video-preview:-1"},"canonical":"https:\/\/www.versiegelung24.com\/tr\/uzun-vadeli-ve-derin-etkili-tas-sizdirmazligi.html","og_locale":"tr_TR","og_type":"article","og_title":"Uzun s\u00fcreli ve derin etkili ta\u015f s\u0131zd\u0131rmazl\u0131\u011f\u0131","og_description":"Uzun s\u00fcreli ve derin etkili ta\u015f s\u0131zd\u0131rmazl\u0131\u011f\u0131 - Ta\u015flar\u0131n\u0131z\u0131 m\u00fch\u00fcrleyin ve nem ve kirden koruyun","og_url":"https:\/\/www.versiegelung24.com\/tr\/uzun-vadeli-ve-derin-etkili-tas-sizdirmazligi.html","og_site_name":"versiegelung24.com","article_modified_time":"2025-01-03T23:23:30+00:00","og_image":[{"width":2560,"height":2560,"url":"https:\/\/www.versiegelung24.com\/wp-content\/uploads\/2020\/06\/produkt-3000-620-1000-Steinversiegelung-scaled.jpg","type":"image\/jpeg"}],"twitter_card":"summary_large_image","twitter_misc":{"Durumu":"Stokta var"},"schema":{"@context":"https:\/\/schema.org","@graph":[{"@type":["WebPage","FAQPage"],"@id":"https:\/\/www.versiegelung24.com\/tr\/uzun-vadeli-ve-derin-etkili-tas-sizdirmazligi.html","url":"https:\/\/www.versiegelung24.com\/tr\/uzun-vadeli-ve-derin-etkili-tas-sizdirmazligi.html","name":"Uzun s\u00fcreli ve derin etkili ta\u015f s\u0131zd\u0131rmazl\u0131\u011f\u0131 - versiegelung24.com","isPartOf":{"@id":"https:\/\/www.versiegelung24.com\/tr\/#website"},"primaryImageOfPage":{"@id":"https:\/\/www.versiegelung24.com\/tr\/uzun-vadeli-ve-derin-etkili-tas-sizdirmazligi.html#primaryimage"},"image":{"@id":"https:\/\/www.versiegelung24.com\/tr\/uzun-vadeli-ve-derin-etkili-tas-sizdirmazligi.html#primaryimage"},"thumbnailUrl":"https:\/\/www.versiegelung24.com\/wp-content\/uploads\/2020\/06\/produkt-3000-620-1000-Steinversiegelung-scaled.jpg","datePublished":"2021-08-02T19:23:32+00:00","dateModified":"2025-01-03T23:23:30+00:00","description":"Uzun s\u00fcreli ve derin etkili ta\u015f s\u0131zd\u0131rmazl\u0131\u011f\u0131 - Ta\u015flar\u0131n\u0131z\u0131 m\u00fch\u00fcrleyin ve nem ve kirden koruyun","breadcrumb":{"@id":"https:\/\/www.versiegelung24.com\/tr\/uzun-vadeli-ve-derin-etkili-tas-sizdirmazligi.html#breadcrumb"},"mainEntity":[{"@id":"https:\/\/www.versiegelung24.com\/tr\/uzun-vadeli-ve-derin-etkili-tas-sizdirmazligi.html#faq-question-1723129133239"},{"@id":"https:\/\/www.versiegelung24.com\/tr\/uzun-vadeli-ve-derin-etkili-tas-sizdirmazligi.html#faq-question-1723129206298"},{"@id":"https:\/\/www.versiegelung24.com\/tr\/uzun-vadeli-ve-derin-etkili-tas-sizdirmazligi.html#faq-question-1723188404369"},{"@id":"https:\/\/www.versiegelung24.com\/tr\/uzun-vadeli-ve-derin-etkili-tas-sizdirmazligi.html#faq-question-1723188391712"}],"inLanguage":"tr","potentialAction":[{"@type":"ReadAction","target":["https:\/\/www.versiegelung24.com\/tr\/uzun-vadeli-ve-derin-etkili-tas-sizdirmazligi.html"]}]},{"@type":"ImageObject","inLanguage":"tr","@id":"https:\/\/www.versiegelung24.com\/tr\/uzun-vadeli-ve-derin-etkili-tas-sizdirmazligi.html#primaryimage","url":"https:\/\/www.versiegelung24.com\/wp-content\/uploads\/2020\/06\/produkt-3000-620-1000-Steinversiegelung-scaled.jpg","contentUrl":"https:\/\/www.versiegelung24.com\/wp-content\/uploads\/2020\/06\/produkt-3000-620-1000-Steinversiegelung-scaled.jpg","width":2560,"height":2560},{"@type":"BreadcrumbList","@id":"https:\/\/www.versiegelung24.com\/tr\/uzun-vadeli-ve-derin-etkili-tas-sizdirmazligi.html#breadcrumb","itemListElement":[{"@type":"ListItem","position":1,"name":"Anasayfa","item":"https:\/\/www.versiegelung24.com\/tr\/on\/"},{"@type":"ListItem","position":2,"name":"Ma\u011faza","item":"https:\/\/www.versiegelung24.com\/tr\/magaza\/"},{"@type":"ListItem","position":3,"name":"Uzun s\u00fcreli ve derin etkili ta\u015f s\u0131zd\u0131rmazl\u0131\u011f\u0131"}]},{"@type":"WebSite","@id":"https:\/\/www.versiegelung24.com\/tr\/#website","url":"https:\/\/www.versiegelung24.com\/tr\/","name":"versiegelung24.com","description":"Fl\u00fcssigglas-Versiegelung - Made in Germany","publisher":{"@id":"https:\/\/www.versiegelung24.com\/tr\/#organization"},"potentialAction":[{"@type":"SearchAction","target":{"@type":"EntryPoint","urlTemplate":"https:\/\/www.versiegelung24.com\/tr\/?s={search_term_string}"},"query-input":{"@type":"PropertyValueSpecification","valueRequired":true,"valueName":"search_term_string"}}],"inLanguage":"tr"},{"@type":"Organization","@id":"https:\/\/www.versiegelung24.com\/tr\/#organization","name":"versiegelung24","url":"https:\/\/www.versiegelung24.com\/tr\/","logo":{"@type":"ImageObject","inLanguage":"tr","@id":"https:\/\/www.versiegelung24.com\/tr\/#\/schema\/logo\/image\/","url":"https:\/\/www.versiegelung24.com\/wp-content\/uploads\/2020\/04\/versiegelung24.png","contentUrl":"https:\/\/www.versiegelung24.com\/wp-content\/uploads\/2020\/04\/versiegelung24.png","width":470,"height":102,"caption":"versiegelung24"},"image":{"@id":"https:\/\/www.versiegelung24.com\/tr\/#\/schema\/logo\/image\/"}},{"@type":"Question","@id":"https:\/\/www.versiegelung24.com\/tr\/uzun-vadeli-ve-derin-etkili-tas-sizdirmazligi.html#faq-question-1723129133239","position":1,"url":"https:\/\/www.versiegelung24.com\/tr\/uzun-vadeli-ve-derin-etkili-tas-sizdirmazligi.html#faq-question-1723129133239","name":"Wieso zeigt Versiegelung nicht die optimale Wirkung \/ Warum ist die Wirkung nicht vorhanden? \/ Wieso ist der Effekt der Langzeitwirkung nicht gegeben?","answerCount":1,"acceptedAnswer":{"@type":"Answer","text":"1. Die Versiegelung kann in ihrer Wirkung beeintr\u00e4chtigt sein, wenn w\u00e4hrend der Applikation oder Trocknungsphase (etwa 24 Stunden) Feuchtigkeit (z.B. Regen oder aufsteigende Feuchtigkeit aus dem Boden) auftritt.<br\/>2. Eine nicht vollst\u00e4ndig r\u00fcckstandsfreie Vorreinigung kann ebenfalls zu Problemen f\u00fchren. Es ist essenziell, dass Steinreiniger oder andere Vorreiniger vollst\u00e4ndig entfernt werden.<br\/>3. Eventuelle Vorbeschichtungen k\u00f6nnen das optimale Einziehen und Abbinden der Versiegelung verhindern, was zu einer reduzierten oder nicht langanhaltenden Wirkung f\u00fchren kann.","inLanguage":"tr"},"inLanguage":"tr"},{"@type":"Question","@id":"https:\/\/www.versiegelung24.com\/tr\/uzun-vadeli-ve-derin-etkili-tas-sizdirmazligi.html#faq-question-1723129206298","position":2,"url":"https:\/\/www.versiegelung24.com\/tr\/uzun-vadeli-ve-derin-etkili-tas-sizdirmazligi.html#faq-question-1723129206298","name":"Kann ich die Steine mit einem Hochdruckreiniger (K\u00e4rchern) reinigen?","answerCount":1,"acceptedAnswer":{"@type":"Answer","text":"<strong>Empfehlung:<\/strong><br\/>1. Wir raten generell von der Nutzung eines Hochdruckreinigers f\u00fcr die Reinigung von Stein- und Betonplatten ab. Durch die starke Abrasion werden die Oberfl\u00e4chen besch\u00e4digt und anf\u00e4lliger f\u00fcr erneute Verschmutzung und Algenbewuchs.<br\/>2. Die fr\u00e4sende Wirkung des Hochdruckreinigers kann die oberste Schicht einer Versiegelung abtragen, selbst wenn die Hydrophobie in den tieferen Schichten erhalten bleibt.","inLanguage":"tr"},"inLanguage":"tr"},{"@type":"Question","@id":"https:\/\/www.versiegelung24.com\/tr\/uzun-vadeli-ve-derin-etkili-tas-sizdirmazligi.html#faq-question-1723188404369","position":3,"url":"https:\/\/www.versiegelung24.com\/tr\/uzun-vadeli-ve-derin-etkili-tas-sizdirmazligi.html#faq-question-1723188404369","name":"Warum h\u00e4lt meine Versiegelung nicht so lange wie erwartet?","answerCount":1,"acceptedAnswer":{"@type":"Answer","text":"Die Haltbarkeit der Versiegelung kann durch verschiedene Faktoren beeinflusst werden. M\u00f6gliche Probleme w\u00e4hrend der Aufbringung, wie Feuchtigkeitseinwirkung w\u00e4hrend der Trocknungsphase oder eine unzureichende Vorreinigung, k\u00f6nnen die optimale Wirkung beeintr\u00e4chtigen. Zudem kann eine starke Beanspruchung der Oberfl\u00e4che die Lebensdauer der Versiegelung verk\u00fcrzen. Es ist jedoch m\u00f6glich, dass die Tiefenwirkung in den darunter liegenden Schichten weiterhin vorhanden ist.","inLanguage":"tr"},"inLanguage":"tr"},{"@type":"Question","@id":"https:\/\/www.versiegelung24.com\/tr\/uzun-vadeli-ve-derin-etkili-tas-sizdirmazligi.html#faq-question-1723188391712","position":4,"url":"https:\/\/www.versiegelung24.com\/tr\/uzun-vadeli-ve-derin-etkili-tas-sizdirmazligi.html#faq-question-1723188391712","name":"Warum tritt der gew\u00fcnschte Abperleffekt nicht ein?","answerCount":1,"acceptedAnswer":{"@type":"Answer","text":"Der fehlende Abperleffekt k\u00f6nnte auf Probleme bei der Aufbringung der Versiegelung zur\u00fcckzuf\u00fchren sein. Feuchtigkeit w\u00e4hrend der Applikation oder eine nicht vollst\u00e4ndig entfernte Vorreinigung k\u00f6nnen die Wirkung beeintr\u00e4chtigen und verhindern, dass die Versiegelung optimal einzieht und abbinden kann.","inLanguage":"tr"},"inLanguage":"tr"}]},"og_availability":"instock","product_availability":"instock","product_retailer_item_id":"3000-7620","product_condition":"new"},"_links":{"self":[{"href":"https:\/\/www.versiegelung24.com\/tr\/wp-json\/wp\/v2\/product\/23143","targetHints":{"allow":["GET"]}}],"collection":[{"href":"https:\/\/www.versiegelung24.com\/tr\/wp-json\/wp\/v2\/product"}],"about":[{"href":"https:\/\/www.versiegelung24.com\/tr\/wp-json\/wp\/v2\/types\/product"}],"version-history":[{"count":62,"href":"https:\/\/www.versiegelung24.com\/tr\/wp-json\/wp\/v2\/product\/23143\/revisions"}],"predecessor-version":[{"id":174260,"href":"https:\/\/www.versiegelung24.com\/tr\/wp-json\/wp\/v2\/product\/23143\/revisions\/174260"}],"wp:featuredmedia":[{"embeddable":true,"href":"https:\/\/www.versiegelung24.com\/tr\/wp-json\/wp\/v2\/media\/17705"}],"wp:attachment":[{"href":"https:\/\/www.versiegelung24.com\/tr\/wp-json\/wp\/v2\/media?parent=23143"}],"wp:term":[{"taxonomy":"product_brand","embeddable":true,"href":"https:\/\/www.versiegelung24.com\/tr\/wp-json\/wp\/v2\/product_brand?post=23143"},{"taxonomy":"product_cat","embeddable":true,"href":"https:\/\/www.versiegelung24.com\/tr\/wp-json\/wp\/v2\/product_cat?post=23143"},{"taxonomy":"product_tag","embeddable":true,"href":"https:\/\/www.versiegelung24.com\/tr\/wp-json\/wp\/v2\/product_tag?post=23143"}],"curies":[{"name":"wp","href":"https:\/\/api.w.org\/{rel}","templated":true}]}}