{"id":101367,"date":"2023-02-22T14:41:17","date_gmt":"2023-02-22T13:41:17","guid":{"rendered":"https:\/\/www.versiegelung24.com\/oberflaechen\/kul\/"},"modified":"2024-01-12T18:21:26","modified_gmt":"2024-01-12T17:21:26","slug":"kul","status":"publish","type":"ver_surface","link":"https:\/\/www.versiegelung24.com\/tr\/yuzeyler\/kul\/","title":{"rendered":"K\u00fcl"},"content":{"rendered":"<p>Di\u015fbudak bir\u00e7ok uygulama alan\u0131 olan bir a\u011fa\u00e7t\u0131r. \u00d6zellikle mobilya end\u00fcstrisinde ve zemin kaplamas\u0131, paravanlar ve \u00e7itler gibi d\u0131\u015f mekan uygulamalar\u0131nda s\u0131kl\u0131kla kullan\u0131l\u0131r. Ancak k\u00fcl, \u00f6zellikleri nedeniyle neme de maruz kal\u0131r ve bu da \u00f6mr\u00fcn\u00fc k\u0131saltabilir. K\u00fcl\u00fc nemden ve di\u011fer \u00e7evresel etkilerden korumak i\u00e7in koruyucu bir emprenye tavsiye edilir.<\/p>\n<p>Emprenye, ah\u015fab\u0131 nem, k\u00fcf ve mantar sald\u0131r\u0131s\u0131n\u0131n yan\u0131 s\u0131ra UV radyasyonu ve di\u011fer \u00e7evresel etkilerden korur. Bu nedenle odun k\u00fcl\u00fc emprenyesi ah\u015fab\u0131n \u00f6mr\u00fcn\u00fc uzatabilir ve onu hava ko\u015fullar\u0131na kar\u015f\u0131 koruyabilir. K\u00fcl veranda ah\u015fab\u0131, bah\u00e7e mobilyalar\u0131, mahremiyet perdeleri ve \u00e7itlerin nemden korunmas\u0131 i\u00e7in emprenye edilmesi \u00f6nerilir.<\/p>\n<p>Versiegelung24.com&#8217;da ah\u015fab\u0131 nemden ve di\u011fer \u00e7evresel etkilerden korumak i\u00e7in k\u00fcl emprenye etmeye y\u00f6nelik bir\u00e7ok \u00fcr\u00fcn bulunmaktad\u0131r. Servis ekibimiz her t\u00fcrl\u00fc sorunuzu yan\u0131tlamaktan mutluluk duyacakt\u0131r.<\/p>\n","protected":false},"excerpt":{"rendered":"<p>Di\u015fbudak bir\u00e7ok uygulama alan\u0131 olan bir a\u011fa\u00e7t\u0131r. \u00d6zellikle mobilya end\u00fcstrisinde ve zemin kaplamas\u0131, paravanlar ve \u00e7itler gibi d\u0131\u015f mekan uygulamalar\u0131nda s\u0131kl\u0131kla kullan\u0131l\u0131r. Ancak k\u00fcl, \u00f6zellikleri nedeniyle neme de maruz kal\u0131r ve bu da \u00f6mr\u00fcn\u00fc k\u0131saltabilir. K\u00fcl\u00fc nemden ve di\u011fer \u00e7evresel etkilerden korumak i\u00e7in koruyucu bir emprenye tavsiye edilir. Emprenye, ah\u015fab\u0131 nem, k\u00fcf ve mantar sald\u0131r\u0131s\u0131n\u0131n&hellip;&nbsp;<a href=\"https:\/\/www.versiegelung24.com\/tr\/yuzeyler\/kul\/\" rel=\"bookmark\">Read More &raquo;<span class=\"screen-reader-text\">K\u00fcl<\/span><\/a><\/p>\n","protected":false},"featured_media":0,"template":"","meta":{"_acf_changed":false,"neve_meta_sidebar":"","neve_meta_container":"","neve_meta_enable_content_width":"","neve_meta_content_width":0,"neve_meta_title_alignment":"","neve_meta_author_avatar":"","neve_post_elements_order":"","neve_meta_disable_header":"","neve_meta_disable_footer":"","neve_meta_disable_title":"","neve_meta_reading_time":""},"class_list":["post-101367","ver_surface","type-ver_surface","status-publish","hentry"],"acf":[],"yoast_head":"<!-- This site is optimized with the Yoast SEO Premium plugin v22.8 (Yoast SEO v27.5) - https:\/\/yoast.com\/product\/yoast-seo-premium-wordpress\/ -->\n<title>K\u00fcl emdirme<\/title>\n<meta name=\"description\" content=\"Versiegelung24.com&#039;un k\u00fcl koruyucu emprenyesi ile veranda ah\u015faplar\u0131, bah\u00e7e mobilyalar\u0131, mahremiyet perdeleri ve \u00e7itler nemden ve di\u011fer \u00e7evresel etkilerden korunabilir.\" \/>\n<meta name=\"robots\" content=\"index, follow, max-snippet:-1, max-image-preview:large, max-video-preview:-1\" \/>\n<link rel=\"canonical\" href=\"https:\/\/www.versiegelung24.com\/tr\/yuzeyler\/kul\/\" \/>\n<meta property=\"og:locale\" content=\"tr_TR\" \/>\n<meta property=\"og:type\" content=\"article\" \/>\n<meta property=\"og:title\" content=\"K\u00fcl\" \/>\n<meta property=\"og:description\" content=\"Versiegelung24.com&#039;un k\u00fcl koruyucu emprenyesi ile veranda ah\u015faplar\u0131, bah\u00e7e mobilyalar\u0131, mahremiyet perdeleri ve \u00e7itler nemden ve di\u011fer \u00e7evresel etkilerden korunabilir.\" \/>\n<meta property=\"og:url\" content=\"https:\/\/www.versiegelung24.com\/tr\/yuzeyler\/kul\/\" \/>\n<meta property=\"og:site_name\" content=\"versiegelung24.com\" \/>\n<meta property=\"article:modified_time\" content=\"2024-01-12T17:21:26+00:00\" \/>\n<meta name=\"twitter:card\" content=\"summary_large_image\" \/>\n<meta name=\"twitter:label1\" content=\"Tahmini okuma s\u00fcresi\" \/>\n\t<meta name=\"twitter:data1\" content=\"1 dakika\" \/>\n<script type=\"application\/ld+json\" class=\"yoast-schema-graph\">{\"@context\":\"https:\\\/\\\/schema.org\",\"@graph\":[{\"@type\":\"WebPage\",\"@id\":\"https:\\\/\\\/www.versiegelung24.com\\\/tr\\\/yuzeyler\\\/kul\\\/\",\"url\":\"https:\\\/\\\/www.versiegelung24.com\\\/tr\\\/yuzeyler\\\/kul\\\/\",\"name\":\"K\u00fcl emdirme\",\"isPartOf\":{\"@id\":\"https:\\\/\\\/www.versiegelung24.com\\\/tr\\\/#website\"},\"datePublished\":\"2023-02-22T13:41:17+00:00\",\"dateModified\":\"2024-01-12T17:21:26+00:00\",\"description\":\"Versiegelung24.com'un k\u00fcl koruyucu emprenyesi ile veranda ah\u015faplar\u0131, bah\u00e7e mobilyalar\u0131, mahremiyet perdeleri ve \u00e7itler nemden ve di\u011fer \u00e7evresel etkilerden korunabilir.\",\"breadcrumb\":{\"@id\":\"https:\\\/\\\/www.versiegelung24.com\\\/tr\\\/yuzeyler\\\/kul\\\/#breadcrumb\"},\"inLanguage\":\"tr\",\"potentialAction\":[{\"@type\":\"ReadAction\",\"target\":[\"https:\\\/\\\/www.versiegelung24.com\\\/tr\\\/yuzeyler\\\/kul\\\/\"]}]},{\"@type\":\"BreadcrumbList\",\"@id\":\"https:\\\/\\\/www.versiegelung24.com\\\/tr\\\/yuzeyler\\\/kul\\\/#breadcrumb\",\"itemListElement\":[{\"@type\":\"ListItem\",\"position\":1,\"name\":\"Anasayfa\",\"item\":\"https:\\\/\\\/www.versiegelung24.com\\\/tr\\\/on\\\/\"},{\"@type\":\"ListItem\",\"position\":2,\"name\":\"Dan\u0131\u015fman\",\"item\":\"https:\\\/\\\/www.versiegelung24.com\\\/tr\\\/versiegelung24-urunleri-hakkinda-tavsiyeler\\\/\"},{\"@type\":\"ListItem\",\"position\":3,\"name\":\"y\u00fczeyler\",\"item\":\"https:\\\/\\\/www.versiegelung24.com\\\/tr\\\/versiegelung24-urunleri-hakkinda-tavsiyeler\\\/urun-bulucu\\\/\"},{\"@type\":\"ListItem\",\"position\":4,\"name\":\"K\u00fcl\"}]},{\"@type\":\"WebSite\",\"@id\":\"https:\\\/\\\/www.versiegelung24.com\\\/tr\\\/#website\",\"url\":\"https:\\\/\\\/www.versiegelung24.com\\\/tr\\\/\",\"name\":\"versiegelung24.com\",\"description\":\"Fl\u00fcssigglas-Versiegelung - Made in Germany\",\"publisher\":{\"@id\":\"https:\\\/\\\/www.versiegelung24.com\\\/tr\\\/#organization\"},\"potentialAction\":[{\"@type\":\"SearchAction\",\"target\":{\"@type\":\"EntryPoint\",\"urlTemplate\":\"https:\\\/\\\/www.versiegelung24.com\\\/tr\\\/?s={search_term_string}\"},\"query-input\":{\"@type\":\"PropertyValueSpecification\",\"valueRequired\":true,\"valueName\":\"search_term_string\"}}],\"inLanguage\":\"tr\"},{\"@type\":\"Organization\",\"@id\":\"https:\\\/\\\/www.versiegelung24.com\\\/tr\\\/#organization\",\"name\":\"versiegelung24\",\"url\":\"https:\\\/\\\/www.versiegelung24.com\\\/tr\\\/\",\"logo\":{\"@type\":\"ImageObject\",\"inLanguage\":\"tr\",\"@id\":\"https:\\\/\\\/www.versiegelung24.com\\\/tr\\\/#\\\/schema\\\/logo\\\/image\\\/\",\"url\":\"https:\\\/\\\/www.versiegelung24.com\\\/wp-content\\\/uploads\\\/2020\\\/04\\\/versiegelung24.png\",\"contentUrl\":\"https:\\\/\\\/www.versiegelung24.com\\\/wp-content\\\/uploads\\\/2020\\\/04\\\/versiegelung24.png\",\"width\":470,\"height\":102,\"caption\":\"versiegelung24\"},\"image\":{\"@id\":\"https:\\\/\\\/www.versiegelung24.com\\\/tr\\\/#\\\/schema\\\/logo\\\/image\\\/\"}}]}<\/script>\n<!-- \/ Yoast SEO Premium plugin. -->","yoast_head_json":{"title":"K\u00fcl emdirme","description":"Versiegelung24.com'un k\u00fcl koruyucu emprenyesi ile veranda ah\u015faplar\u0131, bah\u00e7e mobilyalar\u0131, mahremiyet perdeleri ve \u00e7itler nemden ve di\u011fer \u00e7evresel etkilerden korunabilir.","robots":{"index":"index","follow":"follow","max-snippet":"max-snippet:-1","max-image-preview":"max-image-preview:large","max-video-preview":"max-video-preview:-1"},"canonical":"https:\/\/www.versiegelung24.com\/tr\/yuzeyler\/kul\/","og_locale":"tr_TR","og_type":"article","og_title":"K\u00fcl","og_description":"Versiegelung24.com'un k\u00fcl koruyucu emprenyesi ile veranda ah\u015faplar\u0131, bah\u00e7e mobilyalar\u0131, mahremiyet perdeleri ve \u00e7itler nemden ve di\u011fer \u00e7evresel etkilerden korunabilir.","og_url":"https:\/\/www.versiegelung24.com\/tr\/yuzeyler\/kul\/","og_site_name":"versiegelung24.com","article_modified_time":"2024-01-12T17:21:26+00:00","twitter_card":"summary_large_image","twitter_misc":{"Tahmini okuma s\u00fcresi":"1 dakika"},"schema":{"@context":"https:\/\/schema.org","@graph":[{"@type":"WebPage","@id":"https:\/\/www.versiegelung24.com\/tr\/yuzeyler\/kul\/","url":"https:\/\/www.versiegelung24.com\/tr\/yuzeyler\/kul\/","name":"K\u00fcl emdirme","isPartOf":{"@id":"https:\/\/www.versiegelung24.com\/tr\/#website"},"datePublished":"2023-02-22T13:41:17+00:00","dateModified":"2024-01-12T17:21:26+00:00","description":"Versiegelung24.com'un k\u00fcl koruyucu emprenyesi ile veranda ah\u015faplar\u0131, bah\u00e7e mobilyalar\u0131, mahremiyet perdeleri ve \u00e7itler nemden ve di\u011fer \u00e7evresel etkilerden korunabilir.","breadcrumb":{"@id":"https:\/\/www.versiegelung24.com\/tr\/yuzeyler\/kul\/#breadcrumb"},"inLanguage":"tr","potentialAction":[{"@type":"ReadAction","target":["https:\/\/www.versiegelung24.com\/tr\/yuzeyler\/kul\/"]}]},{"@type":"BreadcrumbList","@id":"https:\/\/www.versiegelung24.com\/tr\/yuzeyler\/kul\/#breadcrumb","itemListElement":[{"@type":"ListItem","position":1,"name":"Anasayfa","item":"https:\/\/www.versiegelung24.com\/tr\/on\/"},{"@type":"ListItem","position":2,"name":"Dan\u0131\u015fman","item":"https:\/\/www.versiegelung24.com\/tr\/versiegelung24-urunleri-hakkinda-tavsiyeler\/"},{"@type":"ListItem","position":3,"name":"y\u00fczeyler","item":"https:\/\/www.versiegelung24.com\/tr\/versiegelung24-urunleri-hakkinda-tavsiyeler\/urun-bulucu\/"},{"@type":"ListItem","position":4,"name":"K\u00fcl"}]},{"@type":"WebSite","@id":"https:\/\/www.versiegelung24.com\/tr\/#website","url":"https:\/\/www.versiegelung24.com\/tr\/","name":"versiegelung24.com","description":"Fl\u00fcssigglas-Versiegelung - Made in Germany","publisher":{"@id":"https:\/\/www.versiegelung24.com\/tr\/#organization"},"potentialAction":[{"@type":"SearchAction","target":{"@type":"EntryPoint","urlTemplate":"https:\/\/www.versiegelung24.com\/tr\/?s={search_term_string}"},"query-input":{"@type":"PropertyValueSpecification","valueRequired":true,"valueName":"search_term_string"}}],"inLanguage":"tr"},{"@type":"Organization","@id":"https:\/\/www.versiegelung24.com\/tr\/#organization","name":"versiegelung24","url":"https:\/\/www.versiegelung24.com\/tr\/","logo":{"@type":"ImageObject","inLanguage":"tr","@id":"https:\/\/www.versiegelung24.com\/tr\/#\/schema\/logo\/image\/","url":"https:\/\/www.versiegelung24.com\/wp-content\/uploads\/2020\/04\/versiegelung24.png","contentUrl":"https:\/\/www.versiegelung24.com\/wp-content\/uploads\/2020\/04\/versiegelung24.png","width":470,"height":102,"caption":"versiegelung24"},"image":{"@id":"https:\/\/www.versiegelung24.com\/tr\/#\/schema\/logo\/image\/"}}]}},"_links":{"self":[{"href":"https:\/\/www.versiegelung24.com\/tr\/wp-json\/wp\/v2\/ver_surface\/101367","targetHints":{"allow":["GET"]}}],"collection":[{"href":"https:\/\/www.versiegelung24.com\/tr\/wp-json\/wp\/v2\/ver_surface"}],"about":[{"href":"https:\/\/www.versiegelung24.com\/tr\/wp-json\/wp\/v2\/types\/ver_surface"}],"wp:attachment":[{"href":"https:\/\/www.versiegelung24.com\/tr\/wp-json\/wp\/v2\/media?parent=101367"}],"curies":[{"name":"wp","href":"https:\/\/api.w.org\/{rel}","templated":true}]}}